{"id":1267,"date":"2025-09-19T09:42:53","date_gmt":"2025-09-19T07:42:53","guid":{"rendered":"https:\/\/dev.datagrandest.fr\/site\/evenement\/reunion-du-gt-standardise-tes-donnees-damenagement-cyclable\/"},"modified":"2026-03-30T09:45:37","modified_gmt":"2026-03-30T07:45:37","slug":"reunion-du-gt-standardise-tes-donnees-damenagement-cyclable","status":"publish","type":"evenement","link":"https:\/\/www.datagrandest.fr\/site\/evenement\/reunion-du-gt-standardise-tes-donnees-damenagement-cyclable\/","title":{"rendered":"R\u00e9union du GT Standardise tes donn\u00e9es d&rsquo;am\u00e9nagement cyclable"},"template":"","meta":{"_acf_changed":false,"_relevanssi_hide_post":"","_relevanssi_hide_content":"","_relevanssi_pin_for_all":"","_relevanssi_pin_keywords":"","_relevanssi_unpin_keywords":"","_relevanssi_related_keywords":"","_relevanssi_related_include_ids":"","_relevanssi_related_exclude_ids":"","_relevanssi_related_no_append":"","_relevanssi_related_not_related":"","_relevanssi_related_posts":"","_relevanssi_noindex_reason":""},"periode":[213],"source":[],"thematique_globale":[],"type_evenement":[230],"class_list":["post-1267","evenement","type-evenement","status-publish","hentry","periode-213","type_evenement-groupe-de-travail"],"acf":{"eve_description_courte":"","eve_description_longue":"<p data-end=\"331\" data-start=\"245\"><span style=\"font-size: 16px;\">\ud83d\uddd3 <strong data-end=\"278\" data-start=\"248\">Mercredi 24 septembre 2025<\/strong><br data-end=\"281\" data-start=\"278\" \/>\ud83d\udd58 09h00 \u2013 11h00<br data-end=\"300\" data-start=\"297\" \/>\ud83d\udccd En visioconf\u00e9rence (Teams)<\/span><\/p>\r\n<p data-end=\"502\" data-start=\"333\"><span style=\"font-size: 16px;\">Le groupe de travail \u00ab Standardise tes donn\u00e9es d'am\u00e9nagement cyclable \u00bb se r\u00e9unira pour \u00e9changer sur l\u2019avanc\u00e9e des travaux et partager diff\u00e9rents retours d\u2019exp\u00e9rience.<\/span><\/p>\r\n<p data-end=\"525\" data-start=\"504\"><span style=\"font-size: 16px;\"><strong data-end=\"523\" data-start=\"504\">Ordre du jour :<\/strong><\/span><\/p>\r\n\r\n<ol>\r\n \t<li data-end=\"549\" data-start=\"529\"><span style=\"font-size: 16px;\">Actualit\u00e9s (5 min)<\/span><\/li>\r\n \t<li data-end=\"623\" data-start=\"553\"><span style=\"font-size: 16px;\">Exploitation du questionnaire \/ discussion \u2013 <em data-end=\"612\" data-start=\"598\">Eric Tschudy<\/em> (30 min)<\/span><\/li>\r\n \t<li data-end=\"693\" data-start=\"627\"><span style=\"font-size: 16px;\">Portail des mobilit\u00e9s de la R\u00e9gion \u2013 <em data-end=\"682\" data-start=\"664\">Cl\u00e9ment Bouch\u00e8re<\/em> (10 min)<\/span><\/li>\r\n \t<li data-end=\"781\" data-start=\"697\"><span style=\"font-size: 16px;\">Espace collaboratif DataGrandEst (DGE Community) \u2013 <em data-end=\"771\" data-start=\"748\">Jean-Pierre Rodriguez<\/em> (5 min)<\/span><\/li>\r\n \t<li data-end=\"859\" data-start=\"785\"><span style=\"font-size: 16px;\">Tableau de bord des mobilit\u00e9s \u2013 DRIEAT IDF, <em data-end=\"848\" data-start=\"829\">Etienne Chermette<\/em> (10 min)<\/span><\/li>\r\n \t<li data-end=\"918\" data-start=\"863\"><span style=\"font-size: 16px;\">Suivi des d\u00e9marches en cours : tour de table (20 min)<\/span><\/li>\r\n \t<li data-end=\"958\" data-start=\"922\"><span style=\"font-size: 16px;\">T\u00e9moignage (sous r\u00e9serve) (20 min)<\/span><\/li>\r\n \t<li data-end=\"988\" data-start=\"962\"><span style=\"font-size: 16px;\">Suites \u00e0 donner (15 min)<\/span><\/li>\r\n<\/ol>\r\n<strong><span style=\"font-size: 16px;\">Fichiers joints :<\/span><\/strong>\r\n<ul>\r\n \t<li><a href=\"\/site\/wp-content\/uploads\/2025\/11\/1_rge_animationdge_20250924_support_gt_ac.pdf\"><span style=\"font-size: 16px;\">Support de pr\u00e9sentation<\/span><\/a><\/li>\r\n<\/ul>\r\n&nbsp;\r\n\r\n<span style=\"font-size: 16px;\">Int\u00e9ress\u00e9 ? Un question? Contactez nous sur <a href=\"mailto:contact@datagrandest.fr\">contact@datagrandest.fr<\/a>.<\/span>","eve_lieu":"Visio-conf\u00e9rence","eve_date":"20250924","eve_date_fin":"20250924","eve_heure_de_debut":"09:00:00","eve_heure_de_fin":"09:00:00","eve_pour_aller_plus_loin":"","eve_animation":true,"glo_image":5396,"glo_intro":"","glo_car_surcharge_titre":"","glo_car_surcharge_lien":""},"yoast_head":"<!-- This site is optimized with the Yoast SEO plugin v27.4 - https:\/\/yoast.com\/product\/yoast-seo-wordpress\/ -->\n<title>R\u00e9union du GT Standardise tes donn\u00e9es d&#039;am\u00e9nagement cyclable - DataGrandEst<\/title>\n<meta name=\"robots\" content=\"index, follow, max-snippet:-1, max-image-preview:large, max-video-preview:-1\" \/>\n<link rel=\"canonical\" href=\"https:\/\/www.datagrandest.fr\/site\/evenement\/reunion-du-gt-standardise-tes-donnees-damenagement-cyclable\/\" \/>\n<meta property=\"og:locale\" content=\"fr_FR\" \/>\n<meta property=\"og:type\" content=\"article\" \/>\n<meta property=\"og:title\" content=\"R\u00e9union du GT Standardise tes donn\u00e9es d&#039;am\u00e9nagement cyclable - DataGrandEst\" \/>\n<meta property=\"og:url\" content=\"https:\/\/www.datagrandest.fr\/site\/evenement\/reunion-du-gt-standardise-tes-donnees-damenagement-cyclable\/\" \/>\n<meta property=\"og:site_name\" content=\"DataGrandEst\" \/>\n<meta property=\"article:modified_time\" content=\"2026-03-30T07:45:37+00:00\" \/>\n<meta name=\"twitter:card\" content=\"summary_large_image\" \/>\n<meta name=\"twitter:label1\" content=\"Dur\u00e9e de lecture estim\u00e9e\" \/>\n\t<meta name=\"twitter:data1\" content=\"1 minute\" \/>\n<script type=\"application\/ld+json\" class=\"yoast-schema-graph\">{\"@context\":\"https:\\\/\\\/schema.org\",\"@graph\":[{\"@type\":\"WebPage\",\"@id\":\"https:\\\/\\\/www.datagrandest.fr\\\/site\\\/evenement\\\/reunion-du-gt-standardise-tes-donnees-damenagement-cyclable\\\/\",\"url\":\"https:\\\/\\\/www.datagrandest.fr\\\/site\\\/evenement\\\/reunion-du-gt-standardise-tes-donnees-damenagement-cyclable\\\/\",\"name\":\"R\u00e9union du GT Standardise tes donn\u00e9es d'am\u00e9nagement cyclable - DataGrandEst\",\"isPartOf\":{\"@id\":\"https:\\\/\\\/www.datagrandest.fr\\\/site\\\/#website\"},\"datePublished\":\"2025-09-19T07:42:53+00:00\",\"dateModified\":\"2026-03-30T07:45:37+00:00\",\"breadcrumb\":{\"@id\":\"https:\\\/\\\/www.datagrandest.fr\\\/site\\\/evenement\\\/reunion-du-gt-standardise-tes-donnees-damenagement-cyclable\\\/#breadcrumb\"},\"inLanguage\":\"fr-FR\",\"potentialAction\":[{\"@type\":\"ReadAction\",\"target\":[\"https:\\\/\\\/www.datagrandest.fr\\\/site\\\/evenement\\\/reunion-du-gt-standardise-tes-donnees-damenagement-cyclable\\\/\"]}]},{\"@type\":\"BreadcrumbList\",\"@id\":\"https:\\\/\\\/www.datagrandest.fr\\\/site\\\/evenement\\\/reunion-du-gt-standardise-tes-donnees-damenagement-cyclable\\\/#breadcrumb\",\"itemListElement\":[{\"@type\":\"ListItem\",\"position\":1,\"name\":\"Accueil\",\"item\":\"https:\\\/\\\/www.datagrandest.fr\\\/site\\\/\"},{\"@type\":\"ListItem\",\"position\":2,\"name\":\"\u00c9v\u00e9nements\",\"item\":\"https:\\\/\\\/www.datagrandest.fr\\\/site\\\/evenement\\\/\"},{\"@type\":\"ListItem\",\"position\":3,\"name\":\"R\u00e9union du GT Standardise tes donn\u00e9es d&rsquo;am\u00e9nagement cyclable\"}]},{\"@type\":\"WebSite\",\"@id\":\"https:\\\/\\\/www.datagrandest.fr\\\/site\\\/#website\",\"url\":\"https:\\\/\\\/www.datagrandest.fr\\\/site\\\/\",\"name\":\"DataGrandEst\",\"description\":\"\",\"potentialAction\":[{\"@type\":\"SearchAction\",\"target\":{\"@type\":\"EntryPoint\",\"urlTemplate\":\"https:\\\/\\\/www.datagrandest.fr\\\/site\\\/?s={search_term_string}\"},\"query-input\":{\"@type\":\"PropertyValueSpecification\",\"valueRequired\":true,\"valueName\":\"search_term_string\"}}],\"inLanguage\":\"fr-FR\"}]}<\/script>\n<!-- \/ Yoast SEO plugin. -->","yoast_head_json":{"title":"R\u00e9union du GT Standardise tes donn\u00e9es d'am\u00e9nagement cyclable - DataGrandEst","robots":{"index":"index","follow":"follow","max-snippet":"max-snippet:-1","max-image-preview":"max-image-preview:large","max-video-preview":"max-video-preview:-1"},"canonical":"https:\/\/www.datagrandest.fr\/site\/evenement\/reunion-du-gt-standardise-tes-donnees-damenagement-cyclable\/","og_locale":"fr_FR","og_type":"article","og_title":"R\u00e9union du GT Standardise tes donn\u00e9es d'am\u00e9nagement cyclable - DataGrandEst","og_url":"https:\/\/www.datagrandest.fr\/site\/evenement\/reunion-du-gt-standardise-tes-donnees-damenagement-cyclable\/","og_site_name":"DataGrandEst","article_modified_time":"2026-03-30T07:45:37+00:00","twitter_card":"summary_large_image","twitter_misc":{"Dur\u00e9e de lecture estim\u00e9e":"1 minute"},"schema":{"@context":"https:\/\/schema.org","@graph":[{"@type":"WebPage","@id":"https:\/\/www.datagrandest.fr\/site\/evenement\/reunion-du-gt-standardise-tes-donnees-damenagement-cyclable\/","url":"https:\/\/www.datagrandest.fr\/site\/evenement\/reunion-du-gt-standardise-tes-donnees-damenagement-cyclable\/","name":"R\u00e9union du GT Standardise tes donn\u00e9es d'am\u00e9nagement cyclable - DataGrandEst","isPartOf":{"@id":"https:\/\/www.datagrandest.fr\/site\/#website"},"datePublished":"2025-09-19T07:42:53+00:00","dateModified":"2026-03-30T07:45:37+00:00","breadcrumb":{"@id":"https:\/\/www.datagrandest.fr\/site\/evenement\/reunion-du-gt-standardise-tes-donnees-damenagement-cyclable\/#breadcrumb"},"inLanguage":"fr-FR","potentialAction":[{"@type":"ReadAction","target":["https:\/\/www.datagrandest.fr\/site\/evenement\/reunion-du-gt-standardise-tes-donnees-damenagement-cyclable\/"]}]},{"@type":"BreadcrumbList","@id":"https:\/\/www.datagrandest.fr\/site\/evenement\/reunion-du-gt-standardise-tes-donnees-damenagement-cyclable\/#breadcrumb","itemListElement":[{"@type":"ListItem","position":1,"name":"Accueil","item":"https:\/\/www.datagrandest.fr\/site\/"},{"@type":"ListItem","position":2,"name":"\u00c9v\u00e9nements","item":"https:\/\/www.datagrandest.fr\/site\/evenement\/"},{"@type":"ListItem","position":3,"name":"R\u00e9union du GT Standardise tes donn\u00e9es d&rsquo;am\u00e9nagement cyclable"}]},{"@type":"WebSite","@id":"https:\/\/www.datagrandest.fr\/site\/#website","url":"https:\/\/www.datagrandest.fr\/site\/","name":"DataGrandEst","description":"","potentialAction":[{"@type":"SearchAction","target":{"@type":"EntryPoint","urlTemplate":"https:\/\/www.datagrandest.fr\/site\/?s={search_term_string}"},"query-input":{"@type":"PropertyValueSpecification","valueRequired":true,"valueName":"search_term_string"}}],"inLanguage":"fr-FR"}]}},"_links":{"self":[{"href":"https:\/\/www.datagrandest.fr\/site\/wp-json\/wp\/v2\/evenement\/1267","targetHints":{"allow":["GET"]}}],"collection":[{"href":"https:\/\/www.datagrandest.fr\/site\/wp-json\/wp\/v2\/evenement"}],"about":[{"href":"https:\/\/www.datagrandest.fr\/site\/wp-json\/wp\/v2\/types\/evenement"}],"version-history":[{"count":3,"href":"https:\/\/www.datagrandest.fr\/site\/wp-json\/wp\/v2\/evenement\/1267\/revisions"}],"predecessor-version":[{"id":5399,"href":"https:\/\/www.datagrandest.fr\/site\/wp-json\/wp\/v2\/evenement\/1267\/revisions\/5399"}],"wp:attachment":[{"href":"https:\/\/www.datagrandest.fr\/site\/wp-json\/wp\/v2\/media?parent=1267"}],"wp:term":[{"taxonomy":"periode","embeddable":true,"href":"https:\/\/www.datagrandest.fr\/site\/wp-json\/wp\/v2\/periode?post=1267"},{"taxonomy":"source","embeddable":true,"href":"https:\/\/www.datagrandest.fr\/site\/wp-json\/wp\/v2\/source?post=1267"},{"taxonomy":"thematique_globale","embeddable":true,"href":"https:\/\/www.datagrandest.fr\/site\/wp-json\/wp\/v2\/thematique_globale?post=1267"},{"taxonomy":"type_evenement","embeddable":true,"href":"https:\/\/www.datagrandest.fr\/site\/wp-json\/wp\/v2\/type_evenement?post=1267"}],"curies":[{"name":"wp","href":"https:\/\/api.w.org\/{rel}","templated":true}]}}