{"id":1295,"date":"2025-01-15T02:58:16","date_gmt":"2025-01-15T01:58:16","guid":{"rendered":"https:\/\/dev.datagrandest.fr\/site\/evenement\/webinaire-pcrs-ou-en-sommes-nous-en-grand-est-avant-les-echeances-de-2026-03-07-2025\/"},"modified":"2026-03-23T17:26:35","modified_gmt":"2026-03-23T16:26:35","slug":"webinaire-pcrs-ou-en-sommes-nous-en-grand-est-avant-les-echeances-de-2026-03-07-2025","status":"publish","type":"evenement","link":"https:\/\/www.datagrandest.fr\/site\/evenement\/webinaire-pcrs-ou-en-sommes-nous-en-grand-est-avant-les-echeances-de-2026-03-07-2025\/","title":{"rendered":"Webinaire &#8211; PCRS, o\u00f9 en sommes-nous en Grand Est avant les \u00e9ch\u00e9ances de 2026 ? (03\/07\/2025)"},"template":"","meta":{"_acf_changed":false,"_relevanssi_hide_post":"","_relevanssi_hide_content":"","_relevanssi_pin_for_all":"","_relevanssi_pin_keywords":"","_relevanssi_unpin_keywords":"","_relevanssi_related_keywords":"","_relevanssi_related_include_ids":"","_relevanssi_related_exclude_ids":"","_relevanssi_related_no_append":"","_relevanssi_related_not_related":"","_relevanssi_related_posts":"","_relevanssi_noindex_reason":""},"periode":[213],"source":[],"thematique_globale":[46],"type_evenement":[145],"class_list":["post-1295","evenement","type-evenement","status-publish","hentry","periode-213","thematique_globale-pcrs","type_evenement-webinaire"],"acf":{"eve_description_courte":"","eve_description_longue":"<section><section id=\"block-system-main\"><article id=\"node-4824\">Le\u00a0Plan Corps de Rue Simplifi\u00e9 (PCRS)\u00a0est une cartographie de r\u00e9f\u00e9rence qui repr\u00e9sente de mani\u00e8re simplifi\u00e9e les \u00e9l\u00e9ments structurants de l\u2019espace public : b\u00e2timents, voiries, \u00e9quipements\u2026 Il joue un r\u00f4le central dans la localisation pr\u00e9cise des r\u00e9seaux et s\u2019inscrit dans le cadre r\u00e9glementaire de la\u00a0r\u00e9forme anti-endommagement.Depuis 2018,DataGrandEst\u00a0anime un groupe de travail d\u00e9di\u00e9 \u00e0 ce sujet. Ce collectif, actif et r\u00e9gulier, a permis d\u2019engager une dynamique r\u00e9gionale, illustr\u00e9e notamment par une journ\u00e9e th\u00e9matique organis\u00e9e en 2019. Toutefois, malgr\u00e9 l\u2019arr\u00eat\u00e9 du 26 octobre 2018 qui impose une couverture PCRS sur tout le territoire national d\u2019ici 2026, plusieurs zones du Grand Est restent encore aujourd\u2019hui sans projet identifi\u00e9.Ce webinaire avait pour objectif de :\r\n<ul>\r\n \t<li>Faire un point d'\u00e9tape sur l\u2019avancement de la feuille de route r\u00e9gionale,<\/li>\r\n \t<li>Illustrer des cas d\u2019usage concrets \u00e0 partir d\u2019orthophotos PCRS en tr\u00e8s haute r\u00e9solution,<\/li>\r\n \t<li>et \u00e9changer autour des perspectives de la plateforme nationale, dont la gestion \u00e9volue progressivement vers l\u2019IGN.<\/li>\r\n<\/ul>\r\n<em>A noter\u00a0: les pr\u00e9sentations ci-dessous sont \u00e9galement diffus\u00e9es sur la cha\u00eene\u00a0<a href=\"https:\/\/www.youtube.com\/@datagrandest2653\">Youtube DataGrandEst.<\/a><\/em>\r\n\r\n&nbsp;\r\n<h3>Regarder le webinaire complet<\/h3>\r\n<div>\r\n<div>\r\n<div>\r\n\r\n<iframe title=\"YouTube video player\" src=\"https:\/\/www.youtube.com\/embed\/Fr1QfYJ_y-U?si=N8eaZ9Azir2W6soV\" width=\"380\" height=\"236\" frameborder=\"0\" allowfullscreen=\"allowfullscreen\" data-mce-fragment=\"1\"><\/iframe>\r\n<div>\r\n\r\n<a class=\"btn btn-orange\" href=\"https:\/\/www.datagrandest.fr\/public\/webinar\/webinar_20250703\/DGE_Webinaire_20250703_PCRS-video_complete.mp4\" target=\"_blank\" rel=\"noopener\">T\u00e9l\u00e9charger la vid\u00e9o<\/a>\r\n\r\n<\/div>\r\n<\/div>\r\n<\/div>\r\n<\/div>\r\n&nbsp;\r\n<h3>Ou choisir une vid\u00e9o selon l'intervention<\/h3>\r\n<strong>Bilan r\u00e9gional 2024-2025 et perspectives \u00e0 venir<\/strong>\r\n<strong>Jean Pierre RODRIGUEZ - R\u00e9gion Grand Est \/ DataGrandEst<\/strong>\r\n<div>\r\n<div>\r\n<div>\r\n\r\n<iframe title=\"YouTube video player\" src=\"https:\/\/www.youtube.com\/embed\/YnNag8Rybew?si=pSxUADUgK2YT0cEN\" width=\"380\" height=\"236\" frameborder=\"0\" allowfullscreen=\"allowfullscreen\" data-mce-fragment=\"1\"><\/iframe>\r\n<div>\r\n\r\n<a class=\"btn btn-orange\" href=\"https:\/\/www.datagrandest.fr\/public\/webinar\/webinar_20250703\/DGE_Webinaire_20250703_PCRS-DGE.mp4\" target=\"_blank\" rel=\"noopener\">T\u00e9l\u00e9charger la vid\u00e9o<\/a>\u00a0<a class=\"btn btn-green\" href=\"https:\/\/www.datagrandest.fr\/public\/webinar\/webinar_20250703\/01_DGE_Webinaire_20250703_Bilan_2024_2025_GT_PCRS.pdf\" target=\"_blank\" rel=\"noopener\">T\u00e9l\u00e9charger la pr\u00e9sentation PDF<\/a>\r\n\r\n<\/div>\r\n<\/div>\r\n<\/div>\r\n<\/div>\r\n<strong>De la production \u00e0 la diffusion du PCRS : l'offre de l'IGN\u00a0<\/strong>\r\n<strong>Erwan BARON &amp; Guillaume Valtat - IGN<\/strong>\r\n<div>\r\n<div>\r\n<div>\r\n\r\n<iframe title=\"YouTube video player\" src=\"https:\/\/www.youtube.com\/embed\/CXelX0ianB0?si=nCsvFHiWhebHVsDT\" width=\"380\" height=\"236\" frameborder=\"0\" allowfullscreen=\"allowfullscreen\" data-mce-fragment=\"1\"><\/iframe>\r\n<div>\r\n\r\n<a class=\"btn btn-orange\" href=\"https:\/\/www.datagrandest.fr\/public\/webinar\/webinar_20250703\/DGE_Webinaire_20250703_PCRS-IGN.mp4\" target=\"_blank\" rel=\"noopener\">T\u00e9l\u00e9charger la vid\u00e9o<\/a>\u00a0<a class=\"btn btn-green\" href=\"https:\/\/www.datagrandest.fr\/public\/webinar\/webinar_20250703\/03_DGE_Webinaire_20250703_IGN.pdf\" target=\"_blank\" rel=\"noopener\">T\u00e9l\u00e9charger la pr\u00e9sentation PDF<\/a>\r\n\r\n<\/div>\r\n<\/div>\r\n<\/div>\r\n<\/div>\r\n<strong>IA et photographie a\u00e9rienne HR \u00a0: usages d\u00e9riv\u00e9es du PCRS<\/strong>\r\n<strong>Sofiane MADANI - BIRDIA (Ex-BPartners IA)<\/strong>\r\n<div>\r\n<div>\r\n<div>\r\n\r\n<iframe title=\"YouTube video player\" src=\"https:\/\/www.youtube.com\/embed\/9RiVGHLVO7w?si=18JQq9q435Z_wno8\" width=\"380\" height=\"236\" frameborder=\"0\" allowfullscreen=\"allowfullscreen\" data-mce-fragment=\"1\"><\/iframe>\r\n<div>\r\n\r\n<a class=\"btn btn-orange\" href=\"https:\/\/www.datagrandest.fr\/public\/webinar\/webinar_20250703\/DGE_Webinaire_20250703_PCRS-BirdIA.mp4\" target=\"_blank\" rel=\"noopener\">T\u00e9l\u00e9charger la vid\u00e9o<\/a>\u00a0<a class=\"btn btn-green\" href=\"https:\/\/www.datagrandest.fr\/public\/webinar\/webinar_20250703\/04_DGE_Webinaire_BIRDIA_Usages_de%CC%81rive%CC%81s_du_PCRS%20_V1.pdf\" target=\"_blank\" rel=\"noopener\">T\u00e9l\u00e9charger la pr\u00e9sentation PDF<\/a>\r\n\r\n<\/div>\r\n<\/div>\r\n<\/div>\r\n<\/div>\r\n&nbsp;\r\n<h3>FAQ<\/h3>\r\n<div>\r\n<div id=\"headingTwo\" role=\"tab\">\r\n\r\n<strong>O\u00f9 est disponible le PCRS de Colmar ?<\/strong>\r\n\r\n<\/div>\r\n<div id=\"collapse-0\" role=\"tabpanel\" aria-labelledby=\"headingTwo\" aria-expanded=\"true\">\r\n<div>\r\n\r\nPour information, le PCRS de Colmar est de type vectoriel. Il faudrait contacter, l'\u00e9quipe SIG de Colmar pour faire des extractions sur demande au mail :\u00a0<a href=\"mailto:sigtopo@agglo-colmar.fr\">sigtopo@agglo-colmar.fr<\/a>\r\n\r\n<\/div>\r\n<\/div>\r\n<\/div>\r\n<div>\r\n<div id=\"headingTwo\" role=\"tab\">\r\n\r\n<strong>Est-il correct de dire que, m\u00eame sans \u00eatre financ\u00e9 par le FEDER, un PCRS devrait \u00eatre diffus\u00e9 en Open Data ?<\/strong>\r\n\r\n<\/div>\r\n<div id=\"collapse-1\" role=\"tabpanel\" aria-labelledby=\"headingTwo\" aria-expanded=\"true\">\r\n<div>\r\n\r\nNormalement, les donn\u00e9es PCRS devraient \u00eatre publi\u00e9es en open-data. En me basant sur le document r\u00e9ponse \u00e0 la saisine de l\u2019AGD qui conclue que :\r\n<ul>\r\n \t<li>Le PCRS est un document administratif communicable \u00e0 tous qui doit \u00eatre publi\u00e9 en ligne. Cette publication ne peut pas \u00eatre diff\u00e9r\u00e9e.<\/li>\r\n \t<li>Les donn\u00e9es du PCRS peuvent \u00eatre r\u00e9utilis\u00e9es gratuitement dans les conditions pr\u00e9vues par le CRPA et selon les termes des seules licences Etalab V2.0 ou OBDL<\/li>\r\n<\/ul>\r\n<strong>L'ortho de Hanau - La Petite Pierre est apparemment dispo dans le catalogue mais il ne s'affiche pas. Est-ce que pour moi ?<\/strong>\r\n\r\n<\/div>\r\n<\/div>\r\n<\/div>\r\n<div>\r\n<div id=\"collapse-2\" role=\"tabpanel\" aria-labelledby=\"headingTwo\" aria-expanded=\"true\">\r\n<div>\r\n\r\nLe probl\u00e8me d\u2019affichage \u00e9tait li\u00e9 \u00e0 une mauvaise reprojection du syst\u00e8me de coordonn\u00e9es. Le probl\u00e8me a \u00e9t\u00e9 r\u00e9solu.\r\n\r\n<\/div>\r\n<\/div>\r\n<\/div>\r\n<div>\r\n<div id=\"headingTwo\" role=\"tab\">\r\n\r\n<strong>La loi a-t-elle fix\u00e9 quelle collectivit\u00e9 a la comp\u00e9tence pour \u00e9laborer le PCRS ? Est-ce une comp\u00e9tence syst\u00e9matiquement intercommunale ?<\/strong>\r\n\r\n<\/div>\r\n<div>\r\n\r\nNon, la loi n'a pas d\u00e9fini ce qu'est une APLC <a href=\"https:\/\/docs.pcrs.beta.gouv.fr\/contexte\/acteurs\" target=\"_blank\" rel=\"noopener\">(Lien)<\/a>. De fait, il existe une certaine diversit\u00e9 comme le montre la carte de <a href=\"https:\/\/pcrs.beta.gouv.fr\/suivi-pcrs\" target=\"_blank\" rel=\"noopener\">suivi des projets<\/a>\r\n\r\n<\/div>\r\n<\/div>\r\n<div id=\"headingTwo\" role=\"tab\">\r\n\r\n<strong>Les dossiers en cours comme les Vosges ou les 3 intercos du 54 pourront ils b\u00e9n\u00e9ficier du fonds FEDER ?<\/strong>\r\n\r\n<\/div>\r\n<div id=\"collapse-4\" role=\"tabpanel\" aria-labelledby=\"headingTwo\" aria-expanded=\"true\">\r\n<div>Oui, un dossier FEDER peut \u00eatre initi\u00e9 m\u00eame apr\u00e8s d\u2019avoir commenc\u00e9 un projet PCRS<\/div>\r\n<\/div>\r\n<div id=\"headingTwo\" role=\"tab\">\r\n\r\n<strong>Quelle fr\u00e9quence de mise \u00e0 jour des PCRS (notamment raster) ? Est-ce r\u00e9glement\u00e9 ?<\/strong>\r\n\r\n<\/div>\r\n<div id=\"collapse-6\" role=\"tabpanel\" aria-labelledby=\"headingTwo\" aria-expanded=\"true\">\r\n<div>La r\u00e9glementation dit que le PCRS doit \u00eatre mis \u00e0 jour, mais sans en pr\u00e9ciser la fr\u00e9quence.<\/div>\r\n<\/div>\r\n<div id=\"headingTwo\" role=\"tab\">\r\n\r\n<strong>En quoi un mod\u00e8le \u00e9conomique peut-il \u00eatre consid\u00e9r\u00e9 comme une raison valable pour ne pas se conformer aux dispositions l\u00e9gales \/ r\u00e9glementaires ?<\/strong>\r\n\r\n<\/div>\r\n<div id=\"collapse-7\" role=\"tabpanel\" aria-labelledby=\"headingTwo\" aria-expanded=\"true\">\r\n<div>Selon une r\u00e9ponse de Fran\u00e7ois Lacombe en date du 25 janvier 2023, les inqui\u00e9tudes relatives \u00e0 la s\u00e9curisation des cadres de financement peuvent \u00eatre consid\u00e9r\u00e9es comme l\u00e9gitimes. Cependant, il souligne que la libre disponibilit\u00e9 des productions ne saurait \u00eatre per\u00e7ue comme une faiblesse, ni justifier un d\u00e9sengagement des diff\u00e9rents responsables dans la production d\u2019un fond de plan. Autrement dit, un mod\u00e8le \u00e9conomique \u2014 aussi contraint soit-il \u2014 ne peut constituer une raison valable pour se soustraire aux obligations l\u00e9gales ou r\u00e9glementaires. La conformit\u00e9 doit primer, ind\u00e9pendamment des choix \u00e9conomiques ou des modalit\u00e9s de financement retenues.<\/div>\r\n<\/div>\r\n<div id=\"headingTwo\" role=\"tab\">\r\n\r\n<strong>O\u00f9 trouver le mod\u00e8le de d\u00e9tection OpenSource des invasives ?<\/strong>\r\n\r\n<\/div>\r\n<div id=\"collapse-8\" role=\"tabpanel\" aria-labelledby=\"headingTwo\" aria-expanded=\"true\">\r\n<div>Il est sur l'extension Deepness, trouvable sur Qgis<\/div>\r\n<\/div>\r\n<div id=\"headingTwo\" role=\"tab\">\r\n\r\n<strong>Peut-on imaginer fournir une telle solution pour que des artisans type couvreur puissent r\u00e9aliser des devis simplifi\u00e9s sur une toiture par exemple sans monter sur le toit ? (Analyse du type de toiture \/ m2 \/ D\u00e9t\u00e9rioration \/ en lien avec les b\u00e2timents de France) ?<\/strong>\r\n\r\n<\/div>\r\n<div id=\"collapse-9\" role=\"tabpanel\" aria-labelledby=\"headingTwo\" aria-expanded=\"true\">\r\n<div>Oui.<\/div>\r\n<\/div>\r\n<div id=\"headingTwo\" role=\"tab\">\r\n\r\n<strong>Pour les applications que vous avez pr\u00e9sent\u00e9es, utilisez-vous le LiDARHD en compl\u00e9ment ?<\/strong>\r\n\r\n<\/div>\r\n<div id=\"collapse-10\" role=\"tabpanel\" aria-labelledby=\"headingTwo\" aria-expanded=\"true\">\r\n<div>Oui, nous avons commenc\u00e9 \u00e0 enrichir nos d\u00e9tections des donn\u00e9es lidar HD pour r\u00e9cup\u00e9rer les pentes de toitures, les hauteurs des arbres, etc.<\/div>\r\n<\/div>\r\n<div>\r\n\r\n<strong>Pouvez-vous faire \u00e9galement une identification du photovolta\u00efque sur toit ou au sol ?<\/strong>\r\n<div id=\"collapse-11\" role=\"tabpanel\" aria-labelledby=\"headingTwo\" aria-expanded=\"true\">\r\n<div>\r\n\r\nOui, il existe un mod\u00e8le de d\u00e9tection des panneaux photovolta\u00efques sur toit et au sol. Vous pouvez faire un test sur\u00a0<a href=\"http:\/\/www.birdia.fr\/\">www.birdia.fr<\/a>\u00a0en demandant une d\u00e9mo sur notre site\u00a0<a href=\"http:\/\/www.birdia.fr\/\">www.birdia.fr<\/a>\u00a0sur un morceau de votre territoire.\r\n\r\n<\/div>\r\n<\/div>\r\n<\/div>\r\n<\/article><\/section><\/section>","eve_lieu":"Webinaire LiveStorm","eve_date":"20250703","eve_date_fin":"20250703","eve_heure_de_debut":"11:00:00","eve_heure_de_fin":"12:00:00","eve_pour_aller_plus_loin":"","eve_animation":true,"glo_image":2472,"glo_intro":"","glo_car_surcharge_titre":"","glo_car_surcharge_lien":""},"yoast_head":"<!-- This site is optimized with the Yoast SEO plugin v27.4 - https:\/\/yoast.com\/product\/yoast-seo-wordpress\/ -->\n<title>Webinaire - PCRS, o\u00f9 en sommes-nous en Grand Est avant les \u00e9ch\u00e9ances de 2026 ? (03\/07\/2025) - DataGrandEst<\/title>\n<meta name=\"robots\" content=\"index, follow, max-snippet:-1, max-image-preview:large, max-video-preview:-1\" \/>\n<link rel=\"canonical\" href=\"https:\/\/www.datagrandest.fr\/site\/evenement\/webinaire-pcrs-ou-en-sommes-nous-en-grand-est-avant-les-echeances-de-2026-03-07-2025\/\" \/>\n<meta property=\"og:locale\" content=\"fr_FR\" \/>\n<meta property=\"og:type\" content=\"article\" \/>\n<meta property=\"og:title\" content=\"Webinaire - PCRS, o\u00f9 en sommes-nous en Grand Est avant les \u00e9ch\u00e9ances de 2026 ? (03\/07\/2025) - DataGrandEst\" \/>\n<meta property=\"og:url\" content=\"https:\/\/www.datagrandest.fr\/site\/evenement\/webinaire-pcrs-ou-en-sommes-nous-en-grand-est-avant-les-echeances-de-2026-03-07-2025\/\" \/>\n<meta property=\"og:site_name\" content=\"DataGrandEst\" \/>\n<meta property=\"article:modified_time\" content=\"2026-03-23T16:26:35+00:00\" \/>\n<meta name=\"twitter:card\" content=\"summary_large_image\" \/>\n<meta name=\"twitter:label1\" content=\"Dur\u00e9e de lecture estim\u00e9e\" \/>\n\t<meta name=\"twitter:data1\" content=\"4 minutes\" \/>\n<script type=\"application\/ld+json\" class=\"yoast-schema-graph\">{\"@context\":\"https:\\\/\\\/schema.org\",\"@graph\":[{\"@type\":\"WebPage\",\"@id\":\"https:\\\/\\\/www.datagrandest.fr\\\/site\\\/evenement\\\/webinaire-pcrs-ou-en-sommes-nous-en-grand-est-avant-les-echeances-de-2026-03-07-2025\\\/\",\"url\":\"https:\\\/\\\/www.datagrandest.fr\\\/site\\\/evenement\\\/webinaire-pcrs-ou-en-sommes-nous-en-grand-est-avant-les-echeances-de-2026-03-07-2025\\\/\",\"name\":\"Webinaire - PCRS, o\u00f9 en sommes-nous en Grand Est avant les \u00e9ch\u00e9ances de 2026 ? (03\\\/07\\\/2025) - DataGrandEst\",\"isPartOf\":{\"@id\":\"https:\\\/\\\/www.datagrandest.fr\\\/site\\\/#website\"},\"datePublished\":\"2025-01-15T01:58:16+00:00\",\"dateModified\":\"2026-03-23T16:26:35+00:00\",\"breadcrumb\":{\"@id\":\"https:\\\/\\\/www.datagrandest.fr\\\/site\\\/evenement\\\/webinaire-pcrs-ou-en-sommes-nous-en-grand-est-avant-les-echeances-de-2026-03-07-2025\\\/#breadcrumb\"},\"inLanguage\":\"fr-FR\",\"potentialAction\":[{\"@type\":\"ReadAction\",\"target\":[\"https:\\\/\\\/www.datagrandest.fr\\\/site\\\/evenement\\\/webinaire-pcrs-ou-en-sommes-nous-en-grand-est-avant-les-echeances-de-2026-03-07-2025\\\/\"]}]},{\"@type\":\"BreadcrumbList\",\"@id\":\"https:\\\/\\\/www.datagrandest.fr\\\/site\\\/evenement\\\/webinaire-pcrs-ou-en-sommes-nous-en-grand-est-avant-les-echeances-de-2026-03-07-2025\\\/#breadcrumb\",\"itemListElement\":[{\"@type\":\"ListItem\",\"position\":1,\"name\":\"Accueil\",\"item\":\"https:\\\/\\\/www.datagrandest.fr\\\/site\\\/\"},{\"@type\":\"ListItem\",\"position\":2,\"name\":\"\u00c9v\u00e9nements\",\"item\":\"https:\\\/\\\/www.datagrandest.fr\\\/site\\\/evenement\\\/\"},{\"@type\":\"ListItem\",\"position\":3,\"name\":\"Webinaire &#8211; PCRS, o\u00f9 en sommes-nous en Grand Est avant les \u00e9ch\u00e9ances de 2026 ? (03\\\/07\\\/2025)\"}]},{\"@type\":\"WebSite\",\"@id\":\"https:\\\/\\\/www.datagrandest.fr\\\/site\\\/#website\",\"url\":\"https:\\\/\\\/www.datagrandest.fr\\\/site\\\/\",\"name\":\"DataGrandEst\",\"description\":\"\",\"potentialAction\":[{\"@type\":\"SearchAction\",\"target\":{\"@type\":\"EntryPoint\",\"urlTemplate\":\"https:\\\/\\\/www.datagrandest.fr\\\/site\\\/?s={search_term_string}\"},\"query-input\":{\"@type\":\"PropertyValueSpecification\",\"valueRequired\":true,\"valueName\":\"search_term_string\"}}],\"inLanguage\":\"fr-FR\"}]}<\/script>\n<!-- \/ Yoast SEO plugin. -->","yoast_head_json":{"title":"Webinaire - PCRS, o\u00f9 en sommes-nous en Grand Est avant les \u00e9ch\u00e9ances de 2026 ? (03\/07\/2025) - DataGrandEst","robots":{"index":"index","follow":"follow","max-snippet":"max-snippet:-1","max-image-preview":"max-image-preview:large","max-video-preview":"max-video-preview:-1"},"canonical":"https:\/\/www.datagrandest.fr\/site\/evenement\/webinaire-pcrs-ou-en-sommes-nous-en-grand-est-avant-les-echeances-de-2026-03-07-2025\/","og_locale":"fr_FR","og_type":"article","og_title":"Webinaire - PCRS, o\u00f9 en sommes-nous en Grand Est avant les \u00e9ch\u00e9ances de 2026 ? (03\/07\/2025) - DataGrandEst","og_url":"https:\/\/www.datagrandest.fr\/site\/evenement\/webinaire-pcrs-ou-en-sommes-nous-en-grand-est-avant-les-echeances-de-2026-03-07-2025\/","og_site_name":"DataGrandEst","article_modified_time":"2026-03-23T16:26:35+00:00","twitter_card":"summary_large_image","twitter_misc":{"Dur\u00e9e de lecture estim\u00e9e":"4 minutes"},"schema":{"@context":"https:\/\/schema.org","@graph":[{"@type":"WebPage","@id":"https:\/\/www.datagrandest.fr\/site\/evenement\/webinaire-pcrs-ou-en-sommes-nous-en-grand-est-avant-les-echeances-de-2026-03-07-2025\/","url":"https:\/\/www.datagrandest.fr\/site\/evenement\/webinaire-pcrs-ou-en-sommes-nous-en-grand-est-avant-les-echeances-de-2026-03-07-2025\/","name":"Webinaire - PCRS, o\u00f9 en sommes-nous en Grand Est avant les \u00e9ch\u00e9ances de 2026 ? (03\/07\/2025) - DataGrandEst","isPartOf":{"@id":"https:\/\/www.datagrandest.fr\/site\/#website"},"datePublished":"2025-01-15T01:58:16+00:00","dateModified":"2026-03-23T16:26:35+00:00","breadcrumb":{"@id":"https:\/\/www.datagrandest.fr\/site\/evenement\/webinaire-pcrs-ou-en-sommes-nous-en-grand-est-avant-les-echeances-de-2026-03-07-2025\/#breadcrumb"},"inLanguage":"fr-FR","potentialAction":[{"@type":"ReadAction","target":["https:\/\/www.datagrandest.fr\/site\/evenement\/webinaire-pcrs-ou-en-sommes-nous-en-grand-est-avant-les-echeances-de-2026-03-07-2025\/"]}]},{"@type":"BreadcrumbList","@id":"https:\/\/www.datagrandest.fr\/site\/evenement\/webinaire-pcrs-ou-en-sommes-nous-en-grand-est-avant-les-echeances-de-2026-03-07-2025\/#breadcrumb","itemListElement":[{"@type":"ListItem","position":1,"name":"Accueil","item":"https:\/\/www.datagrandest.fr\/site\/"},{"@type":"ListItem","position":2,"name":"\u00c9v\u00e9nements","item":"https:\/\/www.datagrandest.fr\/site\/evenement\/"},{"@type":"ListItem","position":3,"name":"Webinaire &#8211; PCRS, o\u00f9 en sommes-nous en Grand Est avant les \u00e9ch\u00e9ances de 2026 ? (03\/07\/2025)"}]},{"@type":"WebSite","@id":"https:\/\/www.datagrandest.fr\/site\/#website","url":"https:\/\/www.datagrandest.fr\/site\/","name":"DataGrandEst","description":"","potentialAction":[{"@type":"SearchAction","target":{"@type":"EntryPoint","urlTemplate":"https:\/\/www.datagrandest.fr\/site\/?s={search_term_string}"},"query-input":{"@type":"PropertyValueSpecification","valueRequired":true,"valueName":"search_term_string"}}],"inLanguage":"fr-FR"}]}},"_links":{"self":[{"href":"https:\/\/www.datagrandest.fr\/site\/wp-json\/wp\/v2\/evenement\/1295","targetHints":{"allow":["GET"]}}],"collection":[{"href":"https:\/\/www.datagrandest.fr\/site\/wp-json\/wp\/v2\/evenement"}],"about":[{"href":"https:\/\/www.datagrandest.fr\/site\/wp-json\/wp\/v2\/types\/evenement"}],"version-history":[{"count":8,"href":"https:\/\/www.datagrandest.fr\/site\/wp-json\/wp\/v2\/evenement\/1295\/revisions"}],"predecessor-version":[{"id":5188,"href":"https:\/\/www.datagrandest.fr\/site\/wp-json\/wp\/v2\/evenement\/1295\/revisions\/5188"}],"wp:attachment":[{"href":"https:\/\/www.datagrandest.fr\/site\/wp-json\/wp\/v2\/media?parent=1295"}],"wp:term":[{"taxonomy":"periode","embeddable":true,"href":"https:\/\/www.datagrandest.fr\/site\/wp-json\/wp\/v2\/periode?post=1295"},{"taxonomy":"source","embeddable":true,"href":"https:\/\/www.datagrandest.fr\/site\/wp-json\/wp\/v2\/source?post=1295"},{"taxonomy":"thematique_globale","embeddable":true,"href":"https:\/\/www.datagrandest.fr\/site\/wp-json\/wp\/v2\/thematique_globale?post=1295"},{"taxonomy":"type_evenement","embeddable":true,"href":"https:\/\/www.datagrandest.fr\/site\/wp-json\/wp\/v2\/type_evenement?post=1295"}],"curies":[{"name":"wp","href":"https:\/\/api.w.org\/{rel}","templated":true}]}}