{"id":1307,"date":"2025-01-09T10:19:58","date_gmt":"2025-01-09T09:19:58","guid":{"rendered":"https:\/\/dev.datagrandest.fr\/site\/evenement\/webinaire-service-dappui-juridique-datagrandest-et-point-dactualite-sur-les-textes-europeens\/"},"modified":"2026-04-16T14:09:45","modified_gmt":"2026-04-16T12:09:45","slug":"webinaire-service-dappui-juridique-datagrandest-et-point-dactualite-sur-les-textes-europeens","status":"publish","type":"evenement","link":"https:\/\/www.datagrandest.fr\/site\/evenement\/webinaire-service-dappui-juridique-datagrandest-et-point-dactualite-sur-les-textes-europeens\/","title":{"rendered":"Service d&rsquo;appui juridique DataGrandEst et point d&rsquo;actualit\u00e9 sur les textes europ\u00e9ens"},"template":"","meta":{"_acf_changed":false,"_relevanssi_hide_post":"","_relevanssi_hide_content":"","_relevanssi_pin_for_all":"","_relevanssi_pin_keywords":"","_relevanssi_unpin_keywords":"","_relevanssi_related_keywords":"","_relevanssi_related_include_ids":"","_relevanssi_related_exclude_ids":"","_relevanssi_related_no_append":"","_relevanssi_related_not_related":"","_relevanssi_related_posts":"","_relevanssi_noindex_reason":""},"periode":[213],"source":[],"thematique_globale":[124],"type_evenement":[145],"class_list":["post-1307","evenement","type-evenement","status-publish","hentry","periode-213","thematique_globale-juridique","type_evenement-webinaire"],"acf":{"eve_description_courte":"Le jeudi adonnez-vous \u00e0 la donn\u00e9e !","eve_description_longue":"<h2 class=\"rtecenter\">Service d'appui juridique DataGrandEst\r\net point d'actualit\u00e9 sur les textes europ\u00e9ens<\/h2>\r\n<span style=\"font-size: 16px;\">Afin d\u2019accompagner au mieux les acteurs du territoire du Grand Est dans l\u2019appropriation et l\u2019application op\u00e9rationnelle de la r\u00e9glementation des donn\u00e9es, l\u2019Etat, la R\u00e9gion et les membres actifs du groupe projet DataGrandEst ont mis en place, au cours des derniers mois, <strong>un nouveau service d\u2019appui juridique<\/strong> selon un large spectre de solutions : <strong>de l\u2019acculturation \u00e0 la sollicitation d\u2019experts en passant par un centre de ressources<\/strong>.\r\nLe Webinaire aura pour objectif de vous pr\u00e9senter ce service d\u2019appui juridique (SAJ) qui constitue le premier service d\u2019appui constitu\u00e9 sur ce mod\u00e8le, qui aura vocation \u00e0 \u00e9voluer et s\u2019enrichir au fil du temps.\r\nCe rendez-vous sera \u00e9galement l\u2019occasion de <strong>partager nos connaissances sur la r\u00e9glementation europ\u00e9enne tr\u00e8s riche <\/strong>pour mesurer l\u2019impact sur nos \u00e9cosyst\u00e8mes en mati\u00e8re de production, de partage, d\u2019ouverture et de r\u00e9utilisation des donn\u00e9es.<\/span>\r\n<h3>Date<\/h3>\r\n<span style=\"font-size: 16px;\">Jeudi 06 mars 2025<\/span>\r\n\r\n<span style=\"font-size: 16px;\">De 11h00 \u00e0 12h00<\/span>\r\n<h3>Lieu de l'\u00e9v\u00e8nement<\/h3>\r\n<span style=\"font-size: 16px;\">Cet \u00e9v\u00e9nement se pr\u00e9sentera sous forme de webinaire via la solution Livestorm<\/span>\r\n<h3>Au programme<\/h3>\r\n<ul>\r\n \t<li><span style=\"font-size: 16px;\">Pr\u00e9sentation g\u00e9n\u00e9rale des principaux \u00e9l\u00e9ments constituant l\u2019offre de service juridique \u2013 <em>Ma\u00eetres Sch\u00e9h\u00e9razade Abboub - \u00a0Khadija Khazouz (Cabinet Al\u00e9rion)<\/em><\/span><\/li>\r\n \t<li><span style=\"font-size: 16px;\">Pr\u00e9sentation d\u00e9taill\u00e9e du fonctionnement du service d\u2019appui juridique \u00e0 travers des cas d\u2019usage \u2013 <em>Ma\u00eetres Sch\u00e9h\u00e9razade Abboub - \u00a0Khadija Khazouz (Cabinet Al\u00e9rion)<\/em><\/span><\/li>\r\n \t<li><span style=\"font-size: 16px;\">Actualit\u00e9 juridique europ\u00e9enne (Data governance act \/ Data act \/ IA act) \u2013 <em>Ma\u00eetres Sch\u00e9h\u00e9razade Abboub (Cabinet Al\u00e9rion)<\/em><\/span><\/li>\r\n<\/ul>","eve_lieu":"Webinaire LiveStorm","eve_date":"20250306","eve_date_fin":"20250306","eve_heure_de_debut":"11:00:00","eve_heure_de_fin":"12:00:00","eve_pour_aller_plus_loin":"Afin d\u2019accompagner au mieux les acteurs du territoire du Grand Est dans l\u2019appropriation et l\u2019application op\u00e9rationnelle de la r\u00e9glementation des donn\u00e9es, l\u2019Etat, la R\u00e9gion et les membres actifs du groupe projet DataGrandEst ont mis en place, au cours des derniers mois,\u00a0<b>un nouveau service d\u2019appui juridique\u00a0<\/b>\u00a0selon un large spectre de solutions :\u00a0<b>de l\u2019acculturation \u00e0 la sollicitation d\u2019experts en passant par un centre de ressources.<\/b>\r\n\r\nLe Webinaire a eu pour objectif de vous pr\u00e9senter ce service d\u2019appui juridique (SAJ) qui constitue le premier service d\u2019appui constitu\u00e9 sur ce mod\u00e8le, qui aura vocation \u00e0 \u00e9voluer et s\u2019enrichir au fil du temps.\r\n\r\nCe rendez-vous a permis aux participants de\u00a0<b>partager leur connaissances sur la r\u00e9glementation europ\u00e9enne tr\u00e8s riche\u00a0<\/b>pour mesurer l\u2019impact sur nos \u00e9cosyst\u00e8mes en mati\u00e8re de production et d\u2019ouverture et de r\u00e9utilisation des donn\u00e9es.\r\n\r\n<u>A noter\u00a0<\/u>: les pr\u00e9sentations ci-dessous sont \u00e9galement diffus\u00e9es sur la cha\u00eene\u00a0<strong>YouTube DataGrandEst.<\/strong>\r\n\r\n&nbsp;\r\n<h3>Regarder le webinaire complet<\/h3>\r\n<div class=\"row\">\r\n<div class=\"col-sm-6 col-md-6\">\r\n<div class=\"thumbnail\">\r\n<div class=\"caption\">\r\n<p class=\"rtecenter\"><a href=\"https:\/\/www.youtube.com\/watch?v=PsXklvPChIA\" target=\"_blank\" rel=\"noopener\">T\u00e9l\u00e9charger la vid\u00e9o<\/a><\/p>\r\n\r\n<\/div>\r\n<\/div>\r\n<\/div>\r\n<\/div>\r\n&nbsp;\r\n<h3>Ou choisir une vid\u00e9o selon l'intervention<\/h3>\r\n<h4><strong>Service d'appui juridique DataGrandEst<\/strong>\r\n<em>Sch\u00e9h\u00e9razade ABBOUB et Khadija KHAZOUZ (Cabinet Al\u00e9rion Avocats)<\/em><\/h4>\r\n<div class=\"row\">\r\n<div class=\"col-sm-6 col-md-6\">\r\n<div class=\"thumbnail\">\r\n<div class=\"caption\">\r\n<p class=\"rtecenter\"><a href=\"https:\/\/www.youtube.com\/watch?v=PsXklvPChIA\" target=\"_blank\" rel=\"noopener\">T\u00e9l\u00e9charger la vid\u00e9o<\/a><\/p>\r\n\r\n<\/div>\r\n<\/div>\r\n<\/div>\r\n<\/div>\r\n<h4><strong>L'actualit\u00e9 juridique europ\u00e9enne (Data governance act\/ Data act\/ IA act)<\/strong>\r\n<em>Sch\u00e9h\u00e9razade ABBOUB et Khadija KHAZOUZ (Cabinet Al\u00e9rion Avocats)<\/em><\/h4>\r\n<div class=\"row\">\r\n<div class=\"col-sm-6 col-md-6\">\r\n<div class=\"thumbnail\">\r\n<div class=\"caption\">\r\n<p class=\"rtecenter\"><a href=\"https:\/\/www.youtube.com\/watch?v=eYFUwXn_f_o\" target=\"_blank\" rel=\"noopener\">T\u00e9l\u00e9charger la vid\u00e9o<\/a><\/p>\r\n\r\n<\/div>\r\n<\/div>\r\n<\/div>\r\n<\/div>\r\n<h3 class=\"style-editeur\">FAQ<\/h3>\r\n<div>\r\n<div id=\"headingTwo\" role=\"tab\">\r\n<h4>\u00a0Pouvez-vous expliquer la diff\u00e9rence entre la notion de donn\u00e9es personnelles et de secret statistique ?<\/h4>\r\n<div class=\"panel panel-primary\">\r\n<div id=\"collapse-0\" class=\"panel-collapse collapse in\" role=\"tabpanel\" aria-labelledby=\"headingTwo\" aria-expanded=\"true\">\r\n<div class=\"panel-body\">\r\n\r\nDepuis la loi SREN, les donn\u00e9es rel\u00e8vent des donn\u00e9es sensibles et font l'objet d'une protection renforc\u00e9e. La premi\u00e8re d\u00e9marce a avoir lorsque l'on traite de donn\u00e9es \u00e0 caract\u00e8res personnelles ou qui pourraient relever du secret statistique est de se rapporcher du DPO de sa structure, C'est lui qui est en charge de la protection des donn\u00e9es personnelles. Si la question est complexe et qu'il ne peut pas apporter une r\u00e9ponse, il est alors possible de saisir le service d'appui juridique. La notion de \"secret\" (statistique ou des affaires par exemple) apporte un niveau de sensibilit\u00e9 suppl\u00e9mentaire, mais dans les 2 cas (donn\u00e9es personnes et secret) les pouvoirs publics sont tenus \u00e0 v\u00e9rifier la possibilit\u00e9 de partager ces donn\u00e9es avec le demandeur. N'h\u00e9sitez \u00e0 consulter les ressources documentaires pour plus de d\u00e9tails : cf. https:\/\/www.datagrandest.fr\/site\/ressources-juridiques\/\r\n\r\n<\/div>\r\n<\/div>\r\n<\/div>\r\n<\/div>\r\n<\/div>\r\n<div>\r\n<div id=\"headingTwo\" role=\"tab\">\r\n<h4>\u00a0Sur qui s'appuie ce service ? Est-il limit\u00e9 aux agents de la R\u00e9gion Grand Est ?<\/h4>\r\n<div class=\"panel panel-primary\">\r\n<div id=\"collapse-1\" class=\"panel-collapse collapse in\" role=\"tabpanel\" aria-labelledby=\"headingTwo\" aria-expanded=\"true\">\r\n<div class=\"panel-body\">\r\n\r\nLe service est propos\u00e9 \u00e0 l'ensemble des organismes publics qui adh\u00e8rent \u00e0 la d\u00e9marche DataGrandest et non uniquement \u00e0 la R\u00e9gion. Il est op\u00e9r\u00e9 via une prestation confi\u00e9e au cabinet d'avocats Al\u00e9rion et repose sur un march\u00e9 public dont la R\u00e9gion Grand Est est commanditaire dans le cadre de la d\u00e9marche DataGrandEst.\r\n\r\n<\/div>\r\n<\/div>\r\n<\/div>\r\n<\/div>\r\n<\/div>\r\n<div class=\"panel panel-primary\">\r\n<div id=\"headingTwo\" class=\"panel-heading\" role=\"tab\">\r\n<h4 class=\"panel-title\"><span class=\"glyphicon glyphicon-chevron-down\">\u00a0<\/span>Dans le cas de la petite structure agricole \u00e9voqu\u00e9 au cas d'usage n\u00b0 3 du webinaire (via la Chambre R\u00e9gionale d'Agriculture), le questionnement li\u00e9 aux donn\u00e9es personnelles est-il li\u00e9 au secret statistique (risque avec des donn\u00e9es sur des faibles nombre) ?<\/h4>\r\nLe cas d'usage n\u00b03 pr\u00e9sent\u00e9 lors du webinaire (s\u00e9quence 1), s'appuie sur une question o\u00f9 le demandeur s'inqui\u00e9te du fait qu'en recoupant des donn\u00e9es cartographiques on puisse assez facilement acc\u00e9der \u00e0 des informations \u00e0 caract\u00e8re personnel d'une exploitation agricole. Le secret statistique n'entre pas ici directement en compte dans la quesiton initialement pos\u00e9e. Il faut souligner que dans le RGPD, la notion de donn\u00e9es \u00e0 caract\u00e8re personnel est tr\u00e8s large et inclue les donn\u00e9es qui permettent de fa\u00e7on directe ou indirecte d'identifier et caract\u00e9riser une personne.\r\n\r\n<\/div>\r\n<\/div>\r\n<div class=\"panel panel-primary\">\r\n<div id=\"headingTwo\" class=\"panel-heading\" role=\"tab\">\r\n<h4 class=\"panel-title\"><span class=\"glyphicon glyphicon-chevron-down\">\u00a0<\/span>Avez-vous d\u00e9j\u00e0 eu des questions relatives au traitement des donn\u00e9es \u00e0 caract\u00e8re personnel dans le cadre de missions d'int\u00e9r\u00eat public ?<\/h4>\r\nA ce stade, le service est en cours de lancement. Seul un ou deux cas ont \u00e9t\u00e9 identifi\u00e9s et trait\u00e9s. Il n'y a pas eu de question directe sur le traitement de donn\u00e9es \u00e0 caract\u00e8re personnel dans le cadre d'une mission d'int\u00e9r\u00eat public, cependant le service propos\u00e9 est notamment l\u00e0 pour apporter un appui sur ce sujet si n\u00e9cessaire.\r\n\r\n<\/div>\r\n<\/div>\r\n<div class=\"panel panel-primary\">\r\n<div id=\"headingTwo\" class=\"panel-heading\" role=\"tab\">\r\n<h4 class=\"panel-title\"><span class=\"glyphicon glyphicon-chevron-down\">\u00a0<\/span>Pour une saisine interne \u00e0 la R\u00e9gion, y-a-t-il une proc\u00e9dure sp\u00e9cifique ? Une centralisation des demandes est-elle pr\u00e9vue ou est-ce que la saisine peut \u00eatre individuelle ?<\/h4>\r\nCe service concerne uniquement les questions juridiques relatives \u00e0 la donn\u00e9e. La d\u00e9marche \u00e0 la R\u00e9gion Grand Est est similaire \u00e0 celle que doivent adopter la majorit\u00e9 des structures : consulter les ressources sur le site DataGrandEst puis prendre contact avec le DPO. A la R\u00e9gion, la DIMAP peut intervenir et prendre le relais pour soliciter le cabinet d'avocats Al\u00e9rion via le formulaire en ligne. Ce formulaire est r\u00e9serv\u00e9 aux r\u00e9f\u00e9rent technique DataGrandEst de la structure concern\u00e9e. Dans tous les cas, il est aussi possible de s'adresser \u00e0 l'\u00e9quipe dataGrandest via\u00a0<a href=\"mailto:contact@datagrandest.fr\">contact@datagrandest.fr<\/a>\u00a0s'il y a des quesitons. Elle fera le relais vers les bons interlocuteurs et pourra apporter un compl\u00e9ment d'information sur la proc\u00e9dure \u00e0 suivre.\r\n\r\n<\/div>\r\n<\/div>\r\n<div class=\"panel panel-primary\">\r\n<div id=\"headingTwo\" class=\"panel-heading\" role=\"tab\">\r\n<h4 class=\"panel-title\"><span class=\"glyphicon glyphicon-chevron-down\">\u00a0<\/span>Dans quelle partie du Data act se trouvent ces dispositions?<\/h4>\r\nPouvez-vous pr\u00e9ciser les dispositions auxquelles vous faites r\u00e9f\u00e9rence pour faciliter la r\u00e9ponse \u00e0 votre question ?\r\n\r\n<\/div>\r\n<\/div>\r\n<div class=\"panel panel-primary\">\r\n<div id=\"headingTwo\" class=\"panel-heading\" role=\"tab\">\r\n<h4 class=\"panel-title\"><span class=\"glyphicon glyphicon-chevron-down\">\u00a0<\/span>Concernant le risque de l'IA, est-ce que cela peut impliquer aux agents fonctionnaires de recevoir des pr\u00e9conisations des administrations centrales de pouvoir utiliser ou pas certains SIA ?<\/h4>\r\nA ce stade, l'IA act s'impose \u00e0 la France sans qu'il y ait \u00e0 ce stade de v\u00e9ritable loi pour r\u00e9guler l'IA. Il y a aujourd'hui un \"gap\" qu'il va falloir combler notamment gr\u00e2ce \u00e0 des d\u00e9marches d'acculturation, de sensibilisation, des guides et kits de bonnes pratiques autour de l'IA. Aujourd'hui, une offre se d\u00e9veloppe dans ce sens avec par exemple un Mooc du CNFPT sur le sujet.\r\n\r\n<\/div>\r\n<\/div>\r\n<div class=\"panel panel-primary\">\r\n<div id=\"headingTwo\" class=\"panel-heading\" role=\"tab\">\r\n<h4 class=\"panel-title\"><span class=\"glyphicon glyphicon-chevron-down\">\u00a0<\/span>Dans quelle partie du DATA acte (num\u00e9ros d'articles, chapitre du r\u00e8glement) se trouvent les dispositions pr\u00e9voyant la possibilit\u00e9 pour les collectivit\u00e9 de demander \u00e0 des entreprises priv\u00e9es des donn\u00e9es dont elle a besoin et qu'elle ne d\u00e9tient pas?<\/h4>\r\nCes informations seront transmises \u00e0 l'issue du webinaire.\r\n\r\n<\/div>\r\n<\/div>\r\n<div class=\"panel panel-primary\">\r\n<div id=\"headingTwo\" class=\"panel-heading\" role=\"tab\">\r\n<h4 class=\"panel-title\"><span class=\"glyphicon glyphicon-chevron-down\">\u00a0<\/span>Pour un march\u00e9 de prestations informatiques de d\u00e9veloppement d'une application, est-ce qu'il ne faudrait pas ajouter des clauses indiquant que les prestataires sollicit\u00e9s qui recourt \u00e0 l'IA doivent respecter les droits d'auteur ?<\/h4>\r\n<div class=\"panel panel-primary\">\r\n<div id=\"collapse-8\" class=\"panel-collapse collapse in\" role=\"tabpanel\" aria-labelledby=\"headingTwo\" aria-expanded=\"true\">\r\n<div class=\"panel-body\">\r\n\r\nL'identification des sources et des droits d'auteurs est une vrai question lors que l'on a recours \u00e0 l'IA. L'IA g\u00e9n\u00e9rative pause clairement des quesitons autour des droits d'auteurs. Sans jurisprudence, il est difficile aujourd'hui de r\u00e9pondre facilement \u00e0 ces questions. On rest sur un nouveau sujet et il est encore n\u00e9cessaire de construire notre l\u00e9gislation de l'IA en y int\u00e9grant nos valeurs.\r\n\r\n<\/div>\r\n<\/div>\r\n<\/div>\r\n<\/div>\r\n<\/div>\r\n<div class=\"panel panel-primary\">\r\n<div id=\"headingTwo\" class=\"panel-heading\" role=\"tab\">\r\n<h4 class=\"panel-title\"><span class=\"glyphicon glyphicon-chevron-down\">\u00a0<\/span>Exemple concret : Sur le recours \u00e0 de l'IA et des LLM int\u00e9gr\u00e9 de plus en plus aux \u00e9diteurs de codes sources permettant d'aider \u00e0 la r\u00e9daction de code source tel que Copilot ou autres Est-ce qu'il n'y a pas un risque de r\u00e9cup\u00e9rer du code source \u00e9crit par d'autres auteurs qui ont des licences de r\u00e9utilisations diff\u00e9rentes (MIT, BSD, Apache, GPL, ...) ?<\/h4>\r\nOui, il peut il y avoir un risque et c'est un \u00e9l\u00e9ment important d\u00e9cri\u00e9 par les d\u00e9tracteur de l'IA g\u00e9n\u00e9rative notamment autour du droit d'auteur. Des \u00e9volutions sont en cours pour mieux identifier les sources d'informations utilis\u00e9es par les IA, mais \u00e0 ce stade, en France, on manque de recul, notamment sur le volet juridique pour r\u00e9pondre \u00e0 ces quesitons.\r\n\r\n<\/div>\r\n<\/div>\r\n<div class=\"panel panel-primary\">\r\n<div id=\"headingTwo\" class=\"panel-heading\" role=\"tab\">\r\n<h4 class=\"panel-title\"><span class=\"glyphicon glyphicon-chevron-down\">\u00a0<\/span>Comment se fait-il il que le chatbot n'est pas consid\u00e9r\u00e9 comme \u00e0 risque alors qu'il y a des risques identifi\u00e9s (suicide, chatbot devenu fasciste, enfermement id\u00e9ologique, ..) ?<\/h4>\r\nCe choix est le r\u00e9sultat d'un concensus au niveau europ\u00e9en bas\u00e9 sur l'avis d'experts. Une des difficult\u00e9 de jugement repose sur le caract\u00e8re \u00e9volutif des IA. Elles peuvent \u00e0 un moment \u00eatre jug\u00e9e sans risque, mais \u00e9voluer dans une direction impr\u00e9vue. L'exemple du chatbot montre que l'on doit surveiller l'IA tout au long de son existence pour identifier des changements dans le risque qu'elle peut pr\u00e9senter. Ici aussi, la jurisprudence apportera sans doute des \u00e9clarage et clarifications dans les prochains mois et ann\u00e9es.\r\n\r\n<\/div>\r\n<\/div>\r\n<div class=\"panel panel-primary\">\r\n<div id=\"headingTwo\" class=\"panel-heading\" role=\"tab\">\r\n<h4 class=\"panel-title\"><span class=\"glyphicon glyphicon-chevron-down\">\u00a0<\/span> Est-ce qu'il n'y a pas un risque de ne plus arriver \u00e0 connaitre la source d'origine des donn\u00e9es trait\u00e9es par l'IA ? Est-ce qu'il ne faudrait pas arriver \u00e0 un certificat appliqu\u00e9 sur les donn\u00e9es produites et mises \u00e0 disposition m\u00eame en open data ?<\/h4>\r\nL'identification des sources et l'appauvrissement des contenus g\u00e9n\u00e9r\u00e9s sont des r\u00e9elles pr\u00e9occupations actuellement. Il y a beaucoup de lobbing au niveau des entreprises sur ce sujet et les r\u00e9ponses \u00e9thiques et techniques ne sont pas toujours simples, notamment dans un contexte concurrentiel fort au niveau international. Les acteurs publics ont une obligation renforc\u00e9e de transparence, notamment si elles utilisent de l'IA pour des raisons de transparence, mais il n'est pas toujours simple de le transposer au niveau des entreprises pour des questions notamment de mod\u00e8le \u00e9conomique.\r\n\r\n<\/div>\r\n<\/div>\r\n<div class=\"panel panel-primary\">\r\n<div id=\"headingTwo\" class=\"panel-heading\" role=\"tab\">\r\n<h4 class=\"panel-title\">Pourquoi les autorit\u00e9s publiques ne sont pas consid\u00e9r\u00e9s par d\u00e9faut comme altruiste ? Pourquoi faut-il qu'elles se d\u00e9clarent ?<\/h4>\r\nEn tant que structure publique, il peut para\u00eetre \u00e9vident que le principe de l'altruisme soit l'appanage des administrations. Cependant, des avis divergents existent au niveau europ\u00e9en. Une valeur qui semble importante aujourd'hui c'est qu'un organisme altruiste ne peut proposer que des services \u00e0 but non lucratif, or cela peut poser des difficult\u00e9s \u00e9conomiques en mati\u00e8re de d\u00e9veloppement de nouveaux services bas\u00e9s notamment sur des donn\u00e9es open data. Cela pourrait limiter le d\u00e9veloppement de certains projets.\r\n\r\n<\/div>\r\n<\/div>","eve_animation":true,"glo_image":2472,"glo_intro":"","glo_car_surcharge_titre":"","glo_car_surcharge_lien":""},"yoast_head":"<!-- This site is optimized with the Yoast SEO plugin v27.4 - https:\/\/yoast.com\/product\/yoast-seo-wordpress\/ -->\n<title>Service d&#039;appui juridique DataGrandEst et point d&#039;actualit\u00e9 sur les textes europ\u00e9ens - DataGrandEst<\/title>\n<meta name=\"robots\" content=\"index, follow, max-snippet:-1, max-image-preview:large, max-video-preview:-1\" \/>\n<link rel=\"canonical\" href=\"https:\/\/www.datagrandest.fr\/site\/evenement\/webinaire-service-dappui-juridique-datagrandest-et-point-dactualite-sur-les-textes-europeens\/\" \/>\n<meta property=\"og:locale\" content=\"fr_FR\" \/>\n<meta property=\"og:type\" content=\"article\" \/>\n<meta property=\"og:title\" content=\"Service d&#039;appui juridique DataGrandEst et point d&#039;actualit\u00e9 sur les textes europ\u00e9ens - DataGrandEst\" \/>\n<meta property=\"og:url\" content=\"https:\/\/www.datagrandest.fr\/site\/evenement\/webinaire-service-dappui-juridique-datagrandest-et-point-dactualite-sur-les-textes-europeens\/\" \/>\n<meta property=\"og:site_name\" content=\"DataGrandEst\" \/>\n<meta property=\"article:modified_time\" content=\"2026-04-16T12:09:45+00:00\" \/>\n<meta name=\"twitter:card\" content=\"summary_large_image\" \/>\n<meta name=\"twitter:label1\" content=\"Dur\u00e9e de lecture estim\u00e9e\" \/>\n\t<meta name=\"twitter:data1\" content=\"9 minutes\" \/>\n<script type=\"application\/ld+json\" class=\"yoast-schema-graph\">{\"@context\":\"https:\\\/\\\/schema.org\",\"@graph\":[{\"@type\":\"WebPage\",\"@id\":\"https:\\\/\\\/www.datagrandest.fr\\\/site\\\/evenement\\\/webinaire-service-dappui-juridique-datagrandest-et-point-dactualite-sur-les-textes-europeens\\\/\",\"url\":\"https:\\\/\\\/www.datagrandest.fr\\\/site\\\/evenement\\\/webinaire-service-dappui-juridique-datagrandest-et-point-dactualite-sur-les-textes-europeens\\\/\",\"name\":\"Service d'appui juridique DataGrandEst et point d'actualit\u00e9 sur les textes europ\u00e9ens - DataGrandEst\",\"isPartOf\":{\"@id\":\"https:\\\/\\\/www.datagrandest.fr\\\/site\\\/#website\"},\"datePublished\":\"2025-01-09T09:19:58+00:00\",\"dateModified\":\"2026-04-16T12:09:45+00:00\",\"breadcrumb\":{\"@id\":\"https:\\\/\\\/www.datagrandest.fr\\\/site\\\/evenement\\\/webinaire-service-dappui-juridique-datagrandest-et-point-dactualite-sur-les-textes-europeens\\\/#breadcrumb\"},\"inLanguage\":\"fr-FR\",\"potentialAction\":[{\"@type\":\"ReadAction\",\"target\":[\"https:\\\/\\\/www.datagrandest.fr\\\/site\\\/evenement\\\/webinaire-service-dappui-juridique-datagrandest-et-point-dactualite-sur-les-textes-europeens\\\/\"]}]},{\"@type\":\"BreadcrumbList\",\"@id\":\"https:\\\/\\\/www.datagrandest.fr\\\/site\\\/evenement\\\/webinaire-service-dappui-juridique-datagrandest-et-point-dactualite-sur-les-textes-europeens\\\/#breadcrumb\",\"itemListElement\":[{\"@type\":\"ListItem\",\"position\":1,\"name\":\"Accueil\",\"item\":\"https:\\\/\\\/www.datagrandest.fr\\\/site\\\/\"},{\"@type\":\"ListItem\",\"position\":2,\"name\":\"\u00c9v\u00e9nements\",\"item\":\"https:\\\/\\\/www.datagrandest.fr\\\/site\\\/evenement\\\/\"},{\"@type\":\"ListItem\",\"position\":3,\"name\":\"Service d&rsquo;appui juridique DataGrandEst et point d&rsquo;actualit\u00e9 sur les textes europ\u00e9ens\"}]},{\"@type\":\"WebSite\",\"@id\":\"https:\\\/\\\/www.datagrandest.fr\\\/site\\\/#website\",\"url\":\"https:\\\/\\\/www.datagrandest.fr\\\/site\\\/\",\"name\":\"DataGrandEst\",\"description\":\"\",\"potentialAction\":[{\"@type\":\"SearchAction\",\"target\":{\"@type\":\"EntryPoint\",\"urlTemplate\":\"https:\\\/\\\/www.datagrandest.fr\\\/site\\\/?s={search_term_string}\"},\"query-input\":{\"@type\":\"PropertyValueSpecification\",\"valueRequired\":true,\"valueName\":\"search_term_string\"}}],\"inLanguage\":\"fr-FR\"}]}<\/script>\n<!-- \/ Yoast SEO plugin. -->","yoast_head_json":{"title":"Service d'appui juridique DataGrandEst et point d'actualit\u00e9 sur les textes europ\u00e9ens - DataGrandEst","robots":{"index":"index","follow":"follow","max-snippet":"max-snippet:-1","max-image-preview":"max-image-preview:large","max-video-preview":"max-video-preview:-1"},"canonical":"https:\/\/www.datagrandest.fr\/site\/evenement\/webinaire-service-dappui-juridique-datagrandest-et-point-dactualite-sur-les-textes-europeens\/","og_locale":"fr_FR","og_type":"article","og_title":"Service d'appui juridique DataGrandEst et point d'actualit\u00e9 sur les textes europ\u00e9ens - DataGrandEst","og_url":"https:\/\/www.datagrandest.fr\/site\/evenement\/webinaire-service-dappui-juridique-datagrandest-et-point-dactualite-sur-les-textes-europeens\/","og_site_name":"DataGrandEst","article_modified_time":"2026-04-16T12:09:45+00:00","twitter_card":"summary_large_image","twitter_misc":{"Dur\u00e9e de lecture estim\u00e9e":"9 minutes"},"schema":{"@context":"https:\/\/schema.org","@graph":[{"@type":"WebPage","@id":"https:\/\/www.datagrandest.fr\/site\/evenement\/webinaire-service-dappui-juridique-datagrandest-et-point-dactualite-sur-les-textes-europeens\/","url":"https:\/\/www.datagrandest.fr\/site\/evenement\/webinaire-service-dappui-juridique-datagrandest-et-point-dactualite-sur-les-textes-europeens\/","name":"Service d'appui juridique DataGrandEst et point d'actualit\u00e9 sur les textes europ\u00e9ens - DataGrandEst","isPartOf":{"@id":"https:\/\/www.datagrandest.fr\/site\/#website"},"datePublished":"2025-01-09T09:19:58+00:00","dateModified":"2026-04-16T12:09:45+00:00","breadcrumb":{"@id":"https:\/\/www.datagrandest.fr\/site\/evenement\/webinaire-service-dappui-juridique-datagrandest-et-point-dactualite-sur-les-textes-europeens\/#breadcrumb"},"inLanguage":"fr-FR","potentialAction":[{"@type":"ReadAction","target":["https:\/\/www.datagrandest.fr\/site\/evenement\/webinaire-service-dappui-juridique-datagrandest-et-point-dactualite-sur-les-textes-europeens\/"]}]},{"@type":"BreadcrumbList","@id":"https:\/\/www.datagrandest.fr\/site\/evenement\/webinaire-service-dappui-juridique-datagrandest-et-point-dactualite-sur-les-textes-europeens\/#breadcrumb","itemListElement":[{"@type":"ListItem","position":1,"name":"Accueil","item":"https:\/\/www.datagrandest.fr\/site\/"},{"@type":"ListItem","position":2,"name":"\u00c9v\u00e9nements","item":"https:\/\/www.datagrandest.fr\/site\/evenement\/"},{"@type":"ListItem","position":3,"name":"Service d&rsquo;appui juridique DataGrandEst et point d&rsquo;actualit\u00e9 sur les textes europ\u00e9ens"}]},{"@type":"WebSite","@id":"https:\/\/www.datagrandest.fr\/site\/#website","url":"https:\/\/www.datagrandest.fr\/site\/","name":"DataGrandEst","description":"","potentialAction":[{"@type":"SearchAction","target":{"@type":"EntryPoint","urlTemplate":"https:\/\/www.datagrandest.fr\/site\/?s={search_term_string}"},"query-input":{"@type":"PropertyValueSpecification","valueRequired":true,"valueName":"search_term_string"}}],"inLanguage":"fr-FR"}]}},"_links":{"self":[{"href":"https:\/\/www.datagrandest.fr\/site\/wp-json\/wp\/v2\/evenement\/1307","targetHints":{"allow":["GET"]}}],"collection":[{"href":"https:\/\/www.datagrandest.fr\/site\/wp-json\/wp\/v2\/evenement"}],"about":[{"href":"https:\/\/www.datagrandest.fr\/site\/wp-json\/wp\/v2\/types\/evenement"}],"version-history":[{"count":8,"href":"https:\/\/www.datagrandest.fr\/site\/wp-json\/wp\/v2\/evenement\/1307\/revisions"}],"predecessor-version":[{"id":5600,"href":"https:\/\/www.datagrandest.fr\/site\/wp-json\/wp\/v2\/evenement\/1307\/revisions\/5600"}],"wp:attachment":[{"href":"https:\/\/www.datagrandest.fr\/site\/wp-json\/wp\/v2\/media?parent=1307"}],"wp:term":[{"taxonomy":"periode","embeddable":true,"href":"https:\/\/www.datagrandest.fr\/site\/wp-json\/wp\/v2\/periode?post=1307"},{"taxonomy":"source","embeddable":true,"href":"https:\/\/www.datagrandest.fr\/site\/wp-json\/wp\/v2\/source?post=1307"},{"taxonomy":"thematique_globale","embeddable":true,"href":"https:\/\/www.datagrandest.fr\/site\/wp-json\/wp\/v2\/thematique_globale?post=1307"},{"taxonomy":"type_evenement","embeddable":true,"href":"https:\/\/www.datagrandest.fr\/site\/wp-json\/wp\/v2\/type_evenement?post=1307"}],"curies":[{"name":"wp","href":"https:\/\/api.w.org\/{rel}","templated":true}]}}