{"id":1309,"date":"2025-01-09T10:13:25","date_gmt":"2025-01-09T09:13:25","guid":{"rendered":"https:\/\/dev.datagrandest.fr\/site\/evenement\/webinaire-tendances-et-chiffres-cles-en-region-grand-est-tour-dhorizon-propose-par-linsee\/"},"modified":"2026-04-16T12:17:15","modified_gmt":"2026-04-16T10:17:15","slug":"webinaire-tendances-et-chiffres-cles-en-region-grand-est-tour-dhorizon-propose-par-linsee","status":"publish","type":"evenement","link":"https:\/\/www.datagrandest.fr\/site\/evenement\/webinaire-tendances-et-chiffres-cles-en-region-grand-est-tour-dhorizon-propose-par-linsee\/","title":{"rendered":"Tendances et chiffres cl\u00e9s en r\u00e9gion Grand Est : tour d&rsquo;horizon propos\u00e9 par l&rsquo;INSEE"},"template":"","meta":{"_acf_changed":false,"_relevanssi_hide_post":"","_relevanssi_hide_content":"","_relevanssi_pin_for_all":"","_relevanssi_pin_keywords":"","_relevanssi_unpin_keywords":"","_relevanssi_related_keywords":"","_relevanssi_related_include_ids":"","_relevanssi_related_exclude_ids":"","_relevanssi_related_no_append":"","_relevanssi_related_not_related":"","_relevanssi_related_posts":"","_relevanssi_noindex_reason":""},"periode":[213],"source":[],"thematique_globale":[64],"type_evenement":[145],"class_list":["post-1309","evenement","type-evenement","status-publish","hentry","periode-213","thematique_globale-insee","type_evenement-webinaire"],"acf":{"eve_description_courte":"Le jeudi adonnez-vous \u00e0 la donn\u00e9e !","eve_description_longue":"<h2 class=\"rtecenter\">Tendances et chiffres cl\u00e9s en r\u00e9gion Grand Est :\r\ntour d'horizon propos\u00e9 par l'INSEE<\/h2>\r\n<p style=\"margin-top: 10px; margin-bottom: 10px;\"><span style=\"font-size: 12pt;\"><span style=\"line-height: 150%;\"><span style=\"color: #202020;\">L'INSEE est un acteur incontournable pour comprendre l'\u00e9volution de nos territoires. Aussi, nous vous proposons <b>le 6 f\u00e9vrier, un webinaire sp\u00e9cial de 1h30<\/b>, coorganis\u00e9 avec les \u00ab\u00a0Caf\u00e9s de la data\u00a0\u00bb de la R\u00e9gion Grand Est et consacr\u00e9 aux <b>derni\u00e8res \u00e9tudes et actualit\u00e9s de l'INSEE<\/b>.<\/span><\/span><\/span><\/p>\r\n<p style=\"margin-top: 10px; margin-bottom: 10px;\"><span style=\"font-size: 12pt;\"><span style=\"line-height: 150%;\"><span style=\"color: #202020;\">L'\u00e9volution d\u00e9mographique, l\u2019analyse des s\u00e9gr\u00e9gations territoriales mesur\u00e9es \u00e0 partir du revenu ainsi que les analyses \u00e9conomiques sectorielles sont autant de cl\u00e9s pour saisir les dynamiques actuelles et futures du Grand Est. Ces informations permettent d'identifier et anticiper les d\u00e9fis de notre soci\u00e9t\u00e9.<\/span><\/span><\/span><\/p>\r\n<p style=\"margin-top: 10px; margin-bottom: 10px;\"><span style=\"font-size: 12.0pt;\"><span style=\"color: #202020;\"><span style=\"font-size: 12.0pt;\"><span style=\"color: #202020;\">Ce rendez-vous au cours duquel nous explorerons ensemble les sp\u00e9cificit\u00e9s, forces et faiblesses de la r\u00e9gion, sera aussi l'occasion de vous pr\u00e9senter les nouvelles modalit\u00e9s d\u2019acc\u00e8s aux donn\u00e9es de l'INSEE, ouvrant la voie \u00e0 des analyses encore plus pr\u00e9cises et innovantes.\r\nNe manquez pas cette opportunit\u00e9 de vous immerger dans les derni\u00e8res \u00e9volutions de l'INSEE et de renforcer votre compr\u00e9hension des enjeux territoriaux du Grand Est.<\/span><\/span><\/span><\/span><\/p>\r\n\r\n<h3>Date<\/h3>\r\n<span style=\"font-size: 16px;\">Jeudi 06 f\u00e9vrier 2025<\/span>\r\n\r\n<span style=\"font-size: 16px;\">De 10h30 \u00e0 12h00<\/span>\r\n<h3>Lieu de l'\u00e9v\u00e8nement<\/h3>\r\n<span style=\"font-size: 16px;\">Cet \u00e9v\u00e9nement se pr\u00e9sentera sous forme d'un webinaire via Livestorm<\/span>\r\n<h3>Au programme<\/h3>\r\n<ul>\r\n \t<li><span style=\"font-size: 12pt;\"><span style=\"color: #202020;\"><span style=\"line-height: 150%;\"><span style=\"tab-stops: list 36.0pt;\">Les derni\u00e8res \u00e9volutions en mati\u00e8re de d\u00e9mographie <span style=\"font-weight: normal;\">- <\/span><em>M\u00e9lody Richard (INSEE)<\/em><\/span><\/span><\/span><\/span><\/li>\r\n \t<li><span style=\"font-size: 12pt;\"><span style=\"line-height: 150%;\"><span style=\"tab-stops: list 36.0pt;\"><span style=\"color: #202020;\">La s\u00e9gr\u00e9gation territoriale mesur\u00e9e \u00e0 partir du revenu\u00a0: rural et urbain se diff\u00e9rencient de plus en plus - <em>Vincent Monchatre (INSEE)<\/em><\/span><\/span><\/span><\/span><\/li>\r\n \t<li><span style=\"font-size: 12pt;\"><span style=\"line-height: 150%;\"><span style=\"tab-stops: list 36.0pt;\"><span style=\"color: #202020;\">Les m\u00e9nages agricoles du Grand Est\u00a0: des revenus \u00e9lev\u00e9s qui masquent les in\u00e9galit\u00e9s <span style=\"font-weight: normal;\">-<\/span> <em>Thomas Ducharne (INSEE)<\/em><\/span><\/span><\/span><\/span><\/li>\r\n \t<li><span style=\"font-size: 12pt;\"><span style=\"line-height: 150%;\"><span style=\"tab-stops: list 36.0pt;\"><span style=\"color: #202020;\">Analyse sectorielle\u00a0: sp\u00e9cificit\u00e9s, forces et faiblesses des territoires - <em>Hugo Mayca (INSEE)<\/em><\/span><\/span><\/span><\/span><\/li>\r\n \t<li><span style=\"font-size: 12.0pt;\"><span style=\"color: #202020;\">Les nouvelles modalit\u00e9s d\u2019acc\u00e8s aux donn\u00e9es<\/span><span style=\"line-height: 150%;\"><span style=\"tab-stops: list 36.0pt;\"><span style=\"color: #202020;\"> - <em>Hugo Mayca (INSEE)<\/em><\/span><\/span><\/span><\/span><\/li>\r\n<\/ul>","eve_lieu":"Webinaire LiveStorm","eve_date":"20250206","eve_date_fin":"20250206","eve_heure_de_debut":"10:30:00","eve_heure_de_fin":"12:00:00","eve_pour_aller_plus_loin":"L'INSEE est un acteur incontournable pour comprendre l'\u00e9volution de nos territoires. Aussi , le 6 f\u00e9vrier, \u00e0 travers\u00a0<b>un webinaire sp\u00e9cial de 1h30<\/b>\u00a0coorganis\u00e9 avec les \u00ab\u00a0Caf\u00e9s de la data\u00a0\u00bb de la R\u00e9gion Grand Est nous avons d\u00e9couverts les\u00a0<b>derni\u00e8res \u00e9tudes et actualit\u00e9s de l'INSEE<\/b>.\r\n\r\nL'\u00e9volution d\u00e9mographique, l\u2019analyse des s\u00e9gr\u00e9gations territoriales mesur\u00e9es \u00e0 partir du revenu ainsi que les analyses \u00e9conomiques sectorielles sont autant de cl\u00e9s pour saisir les dynamiques actuelles et futures du Grand Est. Ces informations permettent d'identifier et anticiper les d\u00e9fis de notre soci\u00e9t\u00e9.\r\n\r\nCe rendez-vous a permis aux participants d'explorer les sp\u00e9cificit\u00e9s, forces et faiblesses de la r\u00e9gion, et de d\u00e9couvrir les nouvelles modalit\u00e9s d\u2019acc\u00e8s aux donn\u00e9es de l'INSEE, ouvrant la voie \u00e0 des analyses encore plus pr\u00e9cises et innovantes.\r\n\r\n<u>A noter\u00a0<\/u>: les pr\u00e9sentations ci-dessous sont \u00e9galement diffus\u00e9es sur la cha\u00eene\u00a0<strong>YouTube DataGrandEst.<\/strong>\r\n<h3>Regarder le webinaire complet<\/h3>\r\n<a href=\"https:\/\/www.youtube.com\/watch?v=3KdXlQQTObQ&amp;list=PLlVi3J_ys0ltKVR2NbOvs2Izrp8S8me7D&amp;index=1\">T\u00e9l\u00e9charger la vid\u00e9o<\/a>\r\n<h3>Ou choisir une vid\u00e9o selon l'intervention<\/h3>\r\n<h4><strong>Les derni\u00e8res \u00e9volutions en mati\u00e8re de d\u00e9mographie<\/strong>\r\n<em>M\u00e9lody Richard (INSEE)<\/em><\/h4>\r\n<em>Lien vers l'\u00e9tude :\u00a0La population du Grand Est stagne entre 2016 et 2022<\/em>\r\n\r\n<a href=\"https:\/\/www.youtube.com\/watch?v=2KQBzD9_Zcc\">T\u00e9l\u00e9charger le vid\u00e9o\u00a0<\/a>\r\n<div class=\"panel panel-primary\">\r\n<div id=\"headingTwo\" class=\"panel-heading\" role=\"tab\">\r\n<h4 class=\"panel-title\">Est ce que vous disposez d\u2019\u00e9tudes d\u2019autres territoires ruraux qui ont connu cet effet de baisse d\u00e9mographique avant le Grand Est ? Quel serait leur constat aujourd\u2019hui ?<\/h4>\r\n<\/div>\r\n<div id=\"collapse-1\" class=\"panel-collapse collapse in\" role=\"tabpanel\" aria-labelledby=\"headingTwo\" aria-expanded=\"true\">\r\n<div class=\"panel-body\">\r\n\r\nDe mani\u00e8re similaire au Grand Est, plusieurs r\u00e9gions connaissent une baisse d\u00e9mographique d\u2019une partie de leurs territoires, comme Bourgogne-Franche-Comt\u00e9 (<a href=\"https:\/\/www.insee.fr\/fr\/statistiques\/8242802\">https:\/\/www.insee.fr\/fr\/statistiques\/8242802<\/a>) ou les Hauts-de-France (<a href=\"https:\/\/www.insee.fr\/fr\/statistiques\/8312050\">https:\/\/www.insee.fr\/fr\/statistiques\/8312050<\/a>)\r\n\r\n<\/div>\r\n<\/div>\r\n<\/div>\r\n<div class=\"panel panel-primary\">\r\n<div id=\"headingTwo\" class=\"panel-heading\" role=\"tab\">\r\n<h4 class=\"panel-title\">Quel est le dernier recensemment de population disponible ?<\/h4>\r\n<\/div>\r\n<div id=\"collapse-2\" class=\"panel-collapse collapse in\" role=\"tabpanel\" aria-labelledby=\"headingTwo\" aria-expanded=\"true\">\r\n<div class=\"panel-body\">\r\n\r\nle recensement 2021 est disponible sur Insee.fr\u00a0:\u00a0<a href=\"https:\/\/catalogue-donnees.insee.fr\/fr\/catalogue\/recherche\">https:\/\/catalogue-donnees.insee.fr\/fr\/catalogue\/recherche<\/a>\r\n\r\n<\/div>\r\n<\/div>\r\n<\/div>\r\n<div class=\"panel panel-primary\">\r\n<div id=\"headingTwo\" class=\"panel-heading\" role=\"tab\">\r\n<h4 class=\"panel-title\"><span class=\"glyphicon glyphicon-chevron-down\">\u00a0<\/span>Au niveau de la mobilit\u00e9 r\u00e9sidentielle, est-ce qu'il existe un site de cartographie dynamique permettant d'observer l'\u00e9volution p\u00e9riodique ?<\/h4>\r\n<\/div>\r\n<div id=\"collapse-3\" class=\"panel-collapse collapse in\" role=\"tabpanel\" aria-labelledby=\"headingTwo\" aria-expanded=\"true\">\r\n<div class=\"panel-body\">\r\n\r\nOn peut observer les migrations r\u00e9sidentielles pour une ann\u00e9e gr\u00e2ce \u00e0 l\u2019outil Statistiques Locales mais il n\u2019y a pas de donn\u00e9es en \u00e9volution.\u00a0<a href=\"https:\/\/statistiques-locales.insee.fr\/#view=map1&amp;c=indicator\">https:\/\/statistiques-locales.insee.fr\/#view=map1&amp;c=indicator<\/a>\r\n\r\n<\/div>\r\n<\/div>\r\n<\/div>\r\n<div class=\"panel panel-primary\">\r\n<div id=\"headingTwo\" class=\"panel-heading\" role=\"tab\">\r\n<h4 class=\"panel-title\"><span class=\"glyphicon glyphicon-chevron-down\">\u00a0<\/span>Pourquoi les EPCI ruraux de la Seine et Marne semblent perdre des habitants alors qu'autour de Troyes il y a un gain ? Est-ce vraiment l'attraction de Paris ?<\/h4>\r\n<\/div>\r\n<div id=\"collapse-4\" class=\"panel-collapse collapse in\" role=\"tabpanel\" aria-labelledby=\"headingTwo\" aria-expanded=\"true\">\r\n<div class=\"panel-body\">\r\n\r\nD\u2019une mani\u00e8re g\u00e9n\u00e9rale, les territoires ruraux ont tendance \u00e0 perdre de la population. Les plus jeunes (\u00e9tudiants et jeunes actifs) partent vers des territoires plus attractifs qui pr\u00e9sentent davantage de formations ou d\u2019offres d\u2019emploi. C\u2019est pourquoi les EPCI ayant des grandes villes comme Troyes continuent de gagner des habitants. Les EPCI ruraux ont une population de plus en plus vieillissante. On observe souvent un d\u00e9ficit naturel car davantage de d\u00e9c\u00e8s que de naissances sont enregistr\u00e9s. En effet, les personnes en \u00e2ge de faire des enfants sont celles qui partent le plus fr\u00e9quemment, ce qui ne joue pas non plus en faveur du solde migratoire (plus de d\u00e9parts que d\u2019entr\u00e9es). Avec les deux composantes \u00e0 l\u2019\u00e9volution d\u00e9mographique en baisse (soldes naturel et migratoire), ces territoires ruraux perdent des habitants. Pour les territoires autour de Troyes qui continuent d\u2019attirer, effectivement la proximit\u00e9 de cette zone avec la r\u00e9gion \u00cele-de-France entra\u00eene davantage d\u2019entr\u00e9es depuis cette r\u00e9gion que de d\u00e9parts. Le solde migratoire de l\u2019\u00cele-de-France est n\u00e9gatif\u00a0: les d\u00e9parts concernent surtout des jeunes actifs ayant d\u00e9j\u00e0 achev\u00e9 une premi\u00e8re exp\u00e9rience professionnelle \u00e0 Paris. \u00c9tant donn\u00e9 le co\u00fbt de la vie et des logements sur ce territoire, lorsqu\u2019on avance en \u00e2ge, les habitants se rapprochent d\u2019autres territoires qui restent attractifs en termes d\u2019opportunit\u00e9s et qui sont plus abordables. Pour davantage d\u2019informations concernant les migrations r\u00e9sidentielles du Grand Est\u00a0:\u00a0<a href=\"https:\/\/www.insee.fr\/fr\/statistiques\/8215714#onglet-2\">https:\/\/www.insee.fr\/fr\/statistiques\/8215714#onglet-2<\/a>\r\n\r\n<\/div>\r\n<\/div>\r\n<\/div>\r\n<div class=\"panel panel-primary\">\r\n<div id=\"headingTwo\" class=\"panel-heading\" role=\"tab\">\r\n<h4 class=\"panel-title\"><span class=\"glyphicon glyphicon-chevron-down\">\u00a0<\/span>Comment \u00e9voluent d\u00e9mographiquement les m\u00e9tropoles du Grand Est ?<\/h4>\r\n<\/div>\r\n<div id=\"collapse-5\" class=\"panel-collapse collapse in\" role=\"tabpanel\" aria-labelledby=\"headingTwo\" aria-expanded=\"true\">\r\n<div class=\"panel-body\">\r\n\r\nEntre 2016 et 2022, la population baisse dans trois communes du Grand Est sur cinq. Pour les plus grandes villes, le nombre d\u2019habitants continue de progresser \u00e0 Strasbourg et \u00e0 Metz (de 0,7\u00a0% et 0,5\u00a0% par an), tandis qu\u2019il diminue \u00e0 Reims et \u00e0 Mulhouse (de 0,4\u00a0% et 0,6\u00a0% par an). Ces diminutions s\u2019expliquent par un d\u00e9ficit migratoire important. La population de Mulhouse conna\u00eet la plus forte diminution relative de France malgr\u00e9 un solde naturel favorable. La population de Nancy est stable. Pour davantage d\u2019informations sur les 15 communes les plus peupl\u00e9es du Grand Est :\u00a0<a href=\"https:\/\/www.insee.fr\/fr\/statistiques\/8311258#onglet-2\">https:\/\/www.insee.fr\/fr\/statistiques\/8311258#onglet-2<\/a>\r\n\r\n<\/div>\r\n<\/div>\r\n<\/div>\r\n<div class=\"panel panel-primary\">\r\n<div id=\"headingTwo\" class=\"panel-heading\" role=\"tab\">\r\n<h4 class=\"panel-title\"><span class=\"glyphicon glyphicon-chevron-down\">\u00a0<\/span>Sur la r\u00e9gion de Troyes, est-ce que vous avez identifiez au travers des chiffres un gain notable post covid ?<\/h4>\r\n<\/div>\r\n<div id=\"collapse-6\" class=\"panel-collapse collapse in\" role=\"tabpanel\" aria-labelledby=\"headingTwo\" aria-expanded=\"true\">\r\n<div class=\"panel-body\">\r\n\r\nComme expliqu\u00e9 pr\u00e9c\u00e9demment, nous n\u2019avons pas assez de recul pour commenter une situation post Covid\r\n\r\n<\/div>\r\n<\/div>\r\n<\/div>\r\n<div class=\"panel panel-primary\">\r\n<div id=\"headingTwo\" class=\"panel-heading\" role=\"tab\">\r\n<h4 class=\"panel-title\">Peut on avoir le lien de la carte par communes ?<\/h4>\r\n<\/div>\r\n<div id=\"collapse-7\" class=\"panel-collapse collapse in\" role=\"tabpanel\" aria-labelledby=\"headingTwo\" aria-expanded=\"true\">\r\n<div class=\"panel-body\">\r\n\r\nVous la trouverez dans la derni\u00e8re \u00e9tude sortie sur les populations de r\u00e9f\u00e9rence du Grand Est\u00a0:\u00a0<a href=\"https:\/\/www.insee.fr\/fr\/statistiques\/8311258#onglet-2\">https:\/\/www.insee.fr\/fr\/statistiques\/8311258#onglet-2<\/a>\r\n\r\n<\/div>\r\n<\/div>\r\n<\/div>\r\n<div class=\"panel panel-primary\">\r\n<div id=\"headingTwo\" class=\"panel-heading\" role=\"tab\">\r\n<h4 class=\"panel-title\"><span class=\"glyphicon glyphicon-chevron-down\">\u00a0<\/span>Est-ce que la baisse de la construction de logements neufs peut avoir un impact durable sur l'\u00e9volution de la d\u00e9mographie ?<\/h4>\r\n<\/div>\r\n<div id=\"collapse-8\" class=\"panel-collapse collapse in\" role=\"tabpanel\" aria-labelledby=\"headingTwo\" aria-expanded=\"true\">\r\n<div class=\"panel-body\">\r\n\r\nIl est difficile de r\u00e9pondre \u00e0 cette question pour un cas g\u00e9n\u00e9ral. Le lien entre \u00e9volution de la population et nombre de logements diff\u00e8re d\u2019un territoire \u00e0 l\u2019autre. Une offre insuffisante de logements peut effectivement limiter l\u2019installation de nouveaux habitants. Mais la r\u00e9ponse \u00e0 cette question peut d\u00e9pendre d\u2019autres facteurs qui influencent la demande de logements comme\u00a0: le parc de logements d\u00e9j\u00e0 disponible, le parc de logement \u00e0 restaurer ou la parc de logements vacants \u00e0 mobiliser.\r\n\r\n<\/div>\r\n<\/div>\r\n<\/div>\r\n<div class=\"panel panel-primary\">\r\n<div id=\"headingTwo\" class=\"panel-heading\" role=\"tab\">\r\n<h4 class=\"panel-title\"><span class=\"glyphicon glyphicon-chevron-down\">\u00a0<\/span>Si les donn\u00e9es proviennent de 2022, soit fin Covid, la migration vers les zones rurales ne semble pas v\u00e9rifi\u00e9e, est ce le cas ?<\/h4>\r\n<\/div>\r\n<div id=\"collapse-9\" class=\"panel-collapse collapse in\" role=\"tabpanel\" aria-labelledby=\"headingTwo\" aria-expanded=\"true\">\r\n<div class=\"panel-body\">\r\n\r\nLes populations de r\u00e9f\u00e9rence 2022 sont calcul\u00e9es \u00e0 partir des enqu\u00eates annuelles de recensement des cinq derni\u00e8res ann\u00e9es (de 2020 \u00e0 2024), 2022 \u00e9tant l\u2019ann\u00e9e m\u00e9diane. Toutefois, l\u2019\u00e9volution de la situation sanitaire a conduit \u00e0 reporter en 2022 l\u2019enqu\u00eate annuelle de recensement pr\u00e9vue en 2021. Il y a donc un intervalle de six ans pour le calcul des populations annuelles au lieu de cinq habituellement. Les comparaisons de chiffres de population sont pertinentes lorsqu\u2019elles sont bas\u00e9es sur une p\u00e9riode de six ans (2016-2022). \u00c9tant donn\u00e9 cette m\u00e9thode de calcul, nous n\u2019avons \u00e0 ce jour pas assez de recul pour commenter une situation post Covid. Avec d\u2019autres donn\u00e9es, voici la derni\u00e8re publication sur l\u2019attractivit\u00e9 r\u00e9sidentielle des espaces ruraux\u00a0:\u00a0<a href=\"https:\/\/www.insee.fr\/fr\/statistiques\/7651842\">https:\/\/www.insee.fr\/fr\/statistiques\/7651842<\/a>\r\n\r\n<\/div>\r\n<\/div>\r\n<\/div>\r\n<div class=\"panel panel-primary\">\r\n<div id=\"headingTwo\" class=\"panel-heading\" role=\"tab\">\r\n<h4 class=\"panel-title\"><span class=\"glyphicon glyphicon-chevron-down\">\u00a0<\/span>Des donn\u00e9es par tranches d'ages sont elles disponibles, notamment sur les jeunes scolaris\u00e9s ? Des projections sont elles pr\u00e9vues?<\/h4>\r\n<\/div>\r\n<div id=\"collapse-10\" class=\"panel-collapse collapse in\" role=\"tabpanel\" aria-labelledby=\"headingTwo\" aria-expanded=\"true\">\r\n<div class=\"panel-body\">\r\n\r\nVous pouvez trouver les donn\u00e9es de population par tranche d\u2019\u00e2ge, y compris pour les jeunes scolaris\u00e9s, gr\u00e2ce aux \u00ab\u00a0Dossiers complets\u00a0\u00bb sur insee.fr, pour le Grand Est\u00a0:\u00a0<a href=\"https:\/\/www.insee.fr\/fr\/statistiques\/2011101?geo=REG-44\">https:\/\/www.insee.fr\/fr\/statistiques\/2011101?geo=REG-44<\/a>\u00a0Pour des donn\u00e9es sur la situation des jeunes du Grand Est\u00a0:\u00a0<a href=\"https:\/\/www.insee.fr\/fr\/statistiques\/4627180\">https:\/\/www.insee.fr\/fr\/statistiques\/4627180<\/a>\u00a0Pour des informations plus localis\u00e9es concernant les jeunes Mosellans\u00a0:\u00a0<a href=\"https:\/\/www.insee.fr\/fr\/statistiques\/6544944\">https:\/\/www.insee.fr\/fr\/statistiques\/6544944<\/a>\u00a0De nouvelles projections ne sont pas pr\u00e9vues, pour consulter les derni\u00e8res disponibles\u00a0:\u00a0<a href=\"https:\/\/www.insee.fr\/fr\/statistiques\/6666516\">https:\/\/www.insee.fr\/fr\/statistiques\/6666516<\/a>\r\n\r\n<\/div>\r\n<\/div>\r\n<\/div>\r\n<div class=\"panel panel-primary\">\r\n<div id=\"headingTwo\" class=\"panel-heading\" role=\"tab\">\r\n<h4 class=\"panel-title\"><span class=\"glyphicon glyphicon-chevron-down\">\u00a0<\/span>Les donn\u00e9es se basent sur quelle population (municipale ou autre) ? et est ce que le RP 2022 est disponible en open data ?<\/h4>\r\n<\/div>\r\n<div id=\"collapse-11\" class=\"panel-collapse collapse in\" role=\"tabpanel\" aria-labelledby=\"headingTwo\" aria-expanded=\"true\">\r\n<div class=\"panel-body\">\r\n\r\nLa partie d\u00e9mographie utilise le recensement de la population 2021 et les populations de r\u00e9f\u00e9rence 2022 qui se basent sur la population municipale des communes. Le RP 2022 n\u2019est pas accessible en open data, le mill\u00e9sime le plus r\u00e9cent est 2021 (voir question 4)\r\n\r\n<\/div>\r\n<\/div>\r\n<\/div>\r\n<h4><strong>La s\u00e9gr\u00e9gation territoriale mesur\u00e9e \u00e0 partir du revenu : rural et urbain se diff\u00e9rencient de plus en plus<\/strong>\r\n<em>Vincent Monchatre (INSEE)<\/em><\/h4>\r\n<em>Lien vers l'\u00e9tude : S\u00e9gr\u00e9gation mesur\u00e9e \u00e0 partir du revenu : rural et urbain se diff\u00e9rencient de plus en plus dans le Grand Est<\/em>\r\n\r\n<a href=\"https:\/\/www.youtube.com\/watch?v=Kh6jET55eZ4\">T\u00e9l\u00e9charger la vid\u00e9o<\/a>\r\n<div class=\"panel panel-primary\">\r\n<div id=\"headingTwo\" class=\"panel-heading\" role=\"tab\">\r\n<h4 class=\"panel-title\"><span class=\"glyphicon glyphicon-chevron-down\">\u00a0<\/span>Pouvez vous r\u00e9expliquer la phrase sur \"le niveau de vie prend en compte la composition des m\u00e9nages\" ?<\/h4>\r\n<\/div>\r\n<div id=\"collapse-12\" class=\"panel-collapse collapse in\" role=\"tabpanel\" aria-labelledby=\"headingTwo\" aria-expanded=\"true\">\r\n<div class=\"panel-body\">\r\n\r\nLe niveau de vie correspond au revenu par unit\u00e9 de consommation. On divise le revenu par le nombre d\u2019unit\u00e9s de consommation (UC) calcul\u00e9 de la fa\u00e7on suivante : 1 UC pour le premier adulte du m\u00e9nage, 0,5 UC pour les autres personnes de 14 ans ou plus, 0,3 UC pour les enfants de moins de 14 ans. Cette \u00e9chelle d\u2019\u00e9quivalence (dite de l\u2019OCDE) tient compte des \u00e9conomies d\u2019\u00e9chelle au sein du m\u00e9nage. En effet, les besoins d'un m\u00e9nage ne s'accroissent pas en stricte proportion de sa taille. Lorsque plusieurs personnes vivent ensemble, il n'est pas n\u00e9cessaire de multiplier tous les biens de consommation (en particulier, les biens de consommation durables) par le nombre de personnes pour garder le m\u00eame niveau de vie.\r\n\r\n<\/div>\r\n<\/div>\r\n<\/div>\r\n<div class=\"panel panel-primary\">\r\n<div id=\"headingTwo\" class=\"panel-heading\" role=\"tab\">\r\n<h4 class=\"panel-title\"><span class=\"glyphicon glyphicon-chevron-down\">\u00a0<\/span>Au niveau de la mobilit\u00e9 r\u00e9sidentielle, est-ce que vous avez une cartographie dynamique pour observer l'\u00e9volution sur ces deux p\u00e9riodes ?<\/h4>\r\n<\/div>\r\n<div id=\"collapse-13\" class=\"panel-collapse collapse in\" role=\"tabpanel\" aria-labelledby=\"headingTwo\" aria-expanded=\"true\">\r\n<div class=\"panel-body\">\r\n\r\nLe lien \u00e9ventuel avec la mobilit\u00e9 r\u00e9sidentielle n\u2019a pas \u00e9t\u00e9 \u00e9tudi\u00e9 dans ces travaux.\r\n\r\n<\/div>\r\n<\/div>\r\n<\/div>\r\n<div class=\"panel panel-primary\">\r\n<div id=\"headingTwo\" class=\"panel-heading\" role=\"tab\">\r\n<h4 class=\"panel-title\"><span class=\"glyphicon glyphicon-chevron-down\">\u00a0<\/span>A votre avis pourquoi cette s\u00e9gr\u00e9gation reprend ?<\/h4>\r\n<\/div>\r\n<div id=\"collapse-14\" class=\"panel-collapse collapse in\" role=\"tabpanel\" aria-labelledby=\"headingTwo\" aria-expanded=\"true\">\r\n<div class=\"panel-body\">\r\n\r\nL\u2019Insee ne dispose pas d\u2019informations sur les d\u00e9terminants de l\u2019installation des m\u00e9nages. Sans savoir pourquoi la population a emm\u00e9nag\u00e9\/d\u00e9m\u00e9nag\u00e9 l\u00e0 o\u00f9 elle vit actuellement, on ne peux pas dire pour quelle raison la s\u00e9gr\u00e9gation \u00e9volue.\r\n\r\n<\/div>\r\n<\/div>\r\n<\/div>\r\n<div class=\"panel panel-primary\">\r\n<div id=\"headingTwo\" class=\"panel-heading\" role=\"tab\">\r\n<h4 class=\"panel-title\"><span class=\"glyphicon glyphicon-chevron-down\">\u00a0<\/span>Est-ce que les caract\u00e9ristiques de la s\u00e9gr\u00e9gation (r\u00e9partition des groupes sociaux) sont les m^mes pour les 3 types de territoires : zones frontali\u00e8res, Alsace et grandes villes ?<\/h4>\r\n<\/div>\r\n<div id=\"collapse-15\" class=\"panel-collapse collapse in\" role=\"tabpanel\" aria-labelledby=\"headingTwo\" aria-expanded=\"true\">\r\n<div class=\"panel-body\">\r\n\r\nLes zones frontali\u00e8res pr\u00e9sentent une part de personnes \u00ab\u00a0ais\u00e9es\u00a0\u00bb plus importantes que la moyenne. Dans les villes, la part des personnes \u00ab\u00a0modestes\u00a0\u00bb est importante.\r\n\r\n<\/div>\r\n<\/div>\r\n<\/div>\r\n<div class=\"panel panel-primary\">\r\n<div id=\"headingTwo\" class=\"panel-heading\" role=\"tab\">\r\n<h4 class=\"panel-title\"><span class=\"glyphicon glyphicon-chevron-down\">\u00a0<\/span>Assez compr\u00e9hensible que la s\u00e9gr\u00e9gation soit importante dans les grandes villes, mais comment expliquer un fort taux pour le territoire de St-Dizier ?<\/h4>\r\n<\/div>\r\n<div id=\"collapse-16\" class=\"panel-collapse collapse in\" role=\"tabpanel\" aria-labelledby=\"headingTwo\" aria-expanded=\"true\">\r\n<div class=\"panel-body\">\r\n\r\nLa carte ne montre pas une mesure de la s\u00e9gr\u00e9gation au sein des diff\u00e9rents espaces, mais indique \u00e0 quel point chaque territoire diff\u00e8re de la moyenne r\u00e9gionale en termes de profil de population.\r\n\r\n<\/div>\r\n<\/div>\r\n<\/div>\r\n<div class=\"panel panel-primary\">\r\n<div id=\"headingTwo\" class=\"panel-heading\" role=\"tab\">\r\n<h4 class=\"panel-title\"><span class=\"glyphicon glyphicon-chevron-down\">\u00a0<\/span>Comment diff\u00e9renciez vous les territoires urbains et ruraux selon les classes INSEE?<\/h4>\r\n<\/div>\r\n<div id=\"collapse-17\" class=\"panel-collapse collapse in\" role=\"tabpanel\" aria-labelledby=\"headingTwo\" aria-expanded=\"true\">\r\n<div class=\"panel-body\">\r\n\r\nLa grille communale de densit\u00e9 s\u2019appuie sur la distribution de la population \u00e0 l\u2019int\u00e9rieur de la commune en d\u00e9coupant le territoire en carreaux de 1 kilom\u00e8tre de c\u00f4t\u00e9 et rep\u00e8re ainsi des zones agglom\u00e9r\u00e9es. L\u2019importance de ces zones agglom\u00e9r\u00e9es au sein des communes permet de les caract\u00e9riser (et non la densit\u00e9 communale habituelle). Cette classification reprend les travaux d\u2019Eurostat. On distingue ainsi quatre cat\u00e9gories de communes : les communes dens\u00e9ment peupl\u00e9es, les communes de densit\u00e9 interm\u00e9diaire, les communes peu denses et les communes tr\u00e8s peu denses. Les communes dens\u00e9ment peupl\u00e9es et les communes de densit\u00e9 interm\u00e9diaire constituent l'espace urbain ; les communes peu denses et les communes tr\u00e8s peu denses constituent l'espace rural.\r\n\r\n<\/div>\r\n<\/div>\r\n<\/div>\r\n<div class=\"panel panel-primary\">\r\n<div id=\"headingTwo\" class=\"panel-heading\" role=\"tab\">\r\n<h4 class=\"panel-title\"><span class=\"glyphicon glyphicon-chevron-down\">\u00a0<\/span>Quelles peuvent \u00eatre les utilisations concr\u00e8tes des r\u00e9sultats de cette analyse ? Quelles politiques publiques peut-elle \u00e9clairer ? Avez-vous des exemples ?<\/h4>\r\n<\/div>\r\n<div id=\"collapse-18\" class=\"panel-collapse collapse in\" role=\"tabpanel\" aria-labelledby=\"headingTwo\" aria-expanded=\"true\">\r\n<div class=\"panel-body\">\r\n\r\nLes \u00e9tudes portant sur les agglom\u00e9rations (question 40) peuvent mettre en lumi\u00e8re les quartiers les moins mixtes et les populations les plus s\u00e9gr\u00e9gu\u00e9es. Cela peut aider les acteurs publics qui souhaitent mettre en \u0153uvre des dispositifs visant \u00e0 am\u00e9liorer la mixit\u00e9 sociale.\r\n\r\n<\/div>\r\n<\/div>\r\n<\/div>\r\n<div class=\"panel panel-primary\">\r\n<div id=\"headingTwo\" class=\"panel-heading\" role=\"tab\">\r\n<h4 class=\"panel-title\"><span class=\"glyphicon glyphicon-chevron-down\">\u00a0<\/span>Pouvez-vous pr\u00e9ciser les crit\u00e8res pour d\u00e9terminer les cat\u00e9gories \"Ais\u00e9s\" et \"modestes\" ?<\/h4>\r\n<\/div>\r\n<div id=\"collapse-19\" class=\"panel-collapse collapse in\" role=\"tabpanel\" aria-labelledby=\"headingTwo\" aria-expanded=\"true\">\r\n<div class=\"panel-body\">\r\n\r\nLes personnes \u00ab\u00a0ais\u00e9es\u00a0\u00bb sont les 20\u00a0% de population r\u00e9gionale ayant le niveau de vie le plus \u00e9lev\u00e9. Les \u00ab\u00a0modestes\u00a0\u00bb sont les 20\u00a0% ayant le niveau de vie le plus bas.\r\n\r\n<\/div>\r\n<\/div>\r\n<\/div>\r\n<div class=\"panel panel-primary\">\r\n<div id=\"headingTwo\" class=\"panel-heading\" role=\"tab\">\r\n<h4 class=\"panel-title\"><span class=\"glyphicon glyphicon-chevron-down\">\u00a0<\/span>Quelle conclusion pourrait on d\u00e9duire de cette \u00e9tude statistique ? Quelle est la finalit\u00e9 de cette analyse bas\u00e9e sur les revenus et les profils de population ?<\/h4>\r\n<\/div>\r\n<div id=\"collapse-20\" class=\"panel-collapse collapse in\" role=\"tabpanel\" aria-labelledby=\"headingTwo\" aria-expanded=\"true\">\r\n<div class=\"panel-body\">\r\n\r\nLe principal message de cette \u00e9tude est que la s\u00e9gr\u00e9gation augmente dans le Grand Est, notamment \u00e0 cause de la diff\u00e9rence croissante entre les profils de population des espaces urbains et ceux des territoires ruraux. Cette \u00e9tude vise notamment \u00e0 \u00e9clairer le d\u00e9bat public.\r\n\r\n<\/div>\r\n<\/div>\r\n<\/div>\r\n<div class=\"panel panel-primary\">\r\n<div id=\"headingTwo\" class=\"panel-heading\" role=\"tab\">\r\n<h4 class=\"panel-title\"><span class=\"glyphicon glyphicon-chevron-down\">\u00a0<\/span>Pourquoi le choix de 4 km pour les carreaux pour le carroyage ? Est ce qu'un carroyage plus petit permettrait d'observer plus de ph\u00e9nom\u00e8ne de s\u00e9gr\u00e9gation ?<\/h4>\r\n<\/div>\r\n<div id=\"collapse-21\" class=\"panel-collapse collapse in\" role=\"tabpanel\" aria-labelledby=\"headingTwo\" aria-expanded=\"true\">\r\n<div class=\"panel-body\">\r\n\r\nUn carroyage plus petit permet d\u2019\u00e9tudier des ph\u00e9nom\u00e8nes plus fins (g\u00e9ographiquement), mais les carreaux qui ne sont pas assez peupl\u00e9s doivent \u00eatre retir\u00e9s pour respecter le secret statistique. Une maille de 4 km permet une analyse fine en n\u2019invisibilisant qu\u2019une part tr\u00e8s faible de la population (moins de 1%).\r\n\r\n<\/div>\r\n<\/div>\r\n<\/div>\r\n<div class=\"panel panel-primary\">\r\n<div id=\"headingTwo\" class=\"panel-heading\" role=\"tab\">\r\n<h4 class=\"panel-title\"><span class=\"glyphicon glyphicon-chevron-down\">\u00a0<\/span>Avez-vous test\u00e9 les effets du maillage sur le r\u00e9sultat ?<\/h4>\r\n<\/div>\r\n<div id=\"collapse-22\" class=\"panel-collapse collapse in\" role=\"tabpanel\" aria-labelledby=\"headingTwo\" aria-expanded=\"true\">\r\n<div class=\"panel-body\">\r\n\r\nUne maille carroy\u00e9e est pr\u00e9f\u00e9rable ici, pour des raisons de neutralit\u00e9 et d\u2019homog\u00e9n\u00e9it\u00e9. Diff\u00e9rentes tailles de carreaux ont \u00e9t\u00e9 test\u00e9es (de 2 \u00e0 20 km de cot\u00e9), les \u00e9volutions et sp\u00e9cificit\u00e9s restent les m\u00eames dans tous les cas.\r\n\r\n<\/div>\r\n<\/div>\r\n<\/div>\r\n<div class=\"panel panel-primary\">\r\n<div id=\"headingTwo\" class=\"panel-heading\" role=\"tab\">\r\n<h4 class=\"panel-title\"><span class=\"glyphicon glyphicon-chevron-down\">\u00a0<\/span>Y a-t-il des outils permettant de lier \"niveau de vie\" et \"revenu fiscal de r\u00e9f\u00e9rence par part\" ?<\/h4>\r\n<\/div>\r\n<div id=\"collapse-23\" class=\"panel-collapse collapse in\" role=\"tabpanel\" aria-labelledby=\"headingTwo\" aria-expanded=\"true\">\r\n<div class=\"panel-body\">\r\n\r\nLes \u00ab\u00a0unit\u00e9s de consommation\u00a0\u00bb utilis\u00e9es pour le niveau de vie et les parts des imp\u00f4ts ont des similarit\u00e9s mais sont calcul\u00e9es diff\u00e9remment. Il n\u2019est donc pas possible de passer de l\u2019un a l\u2019autre pour une population.\r\n<h4><strong>Les m\u00e9nages agricoles du Grand Est : des revenus \u00e9lev\u00e9s qui masquent les in\u00e9galit\u00e9s<\/strong>\r\n<em>Thomas Ducharne (INSEE)<\/em><\/h4>\r\n<em>Lien vers l'\u00e9tude :\u00a0\u00a0M\u00e9nages agricoles du Grand Est : des revenus plut\u00f4t \u00e9lev\u00e9s qui masquent de fortes in\u00e9galit\u00e9s<\/em>\r\n\r\n<a href=\"https:\/\/www.youtube.com\/watch?v=ifHtqtRwv3E\">T\u00e9l\u00e9charger la vid\u00e9o<\/a>\r\n<div class=\"panel panel-primary\">\r\n<div id=\"headingTwo\" class=\"panel-heading\" role=\"tab\">\r\n<h4 class=\"panel-title\"><span class=\"glyphicon glyphicon-chevron-down\">\u00a0<\/span>Dans les calculs portant sur les revenus, est-ce qu'il y a une distinction entre les m\u00e9nages agricoles dont l'homme et la femme travaille tous les deux ou pas sur l'exploitation agricole ?<\/h4>\r\n<\/div>\r\n<div id=\"collapse-24\" class=\"panel-collapse collapse in\" role=\"tabpanel\" aria-labelledby=\"headingTwo\" aria-expanded=\"true\">\r\n<div class=\"panel-body\">\r\n\r\nSi les sources fiscales que nous avons exploit\u00e9es nous ont permis de d\u00e9terminer si tel ou tel m\u00e9nage percevait des revenus salariaux, elles ne nous ont en revanche pas donn\u00e9 la possibilit\u00e9 de savoir si, chez les m\u00e9nages constitu\u00e9s d\u2019un couple, les deux conjoints travaillaient ou non sur l\u2019exploitation. De ce fait, nous n\u2019avons pas pu directement mesurer l\u2019influence du travail du conjoint en dehors de l\u2019exploitation sur le niveau de vie du m\u00e9nage. En revanche, gr\u00e2ce aux donn\u00e9es du recensement, nous avons estim\u00e9 que 58\u00a0% des conjoints d\u2019agriculteurs du Grand Est exer\u00e7aient un emploi en dehors de l\u2019exploitation en 2019. Plus pr\u00e9cis\u00e9ment, cette proportion concernait 63\u00a0% des conjoint(e)s de c\u00e9r\u00e9aliers, 59\u00a0% des conjoint(e)s d\u2019agriculteurs en polyculture-\u00e9levage et 57\u00a0% des conjoint(e)s d\u2019\u00e9leveurs bovins ou de viticulteurs.\r\n\r\n<\/div>\r\n<\/div>\r\n<\/div>\r\n<div class=\"panel panel-primary\">\r\n<div id=\"headingTwo\" class=\"panel-heading\" role=\"tab\">\r\n<h4 class=\"panel-title\"><span class=\"glyphicon glyphicon-chevron-down\">\u00a0<\/span>Est-ce que les revenus compl\u00e9mentaires provenant d'installation d'EnR (eoliennes, photovoltaiques, m\u00e9thanisation) sont pris en compte ?<\/h4>\r\n<\/div>\r\n<div id=\"collapse-25\" class=\"panel-collapse collapse in\" role=\"tabpanel\" aria-labelledby=\"headingTwo\" aria-expanded=\"true\">\r\n<div class=\"panel-body\">\r\n\r\nLes revenus issus des \u00e9nergies renouvelables sont bien int\u00e9gr\u00e9s aux revenus des m\u00e9nages agricoles que nous avons \u00e9tudi\u00e9s \u00e0 partir du moment o\u00f9 ceux-ci ont effectivement \u00e9t\u00e9 d\u00e9clar\u00e9s. Si l\u2019exploitant est assujetti \u00e0 l\u2019imp\u00f4t sur le revenu (majorit\u00e9 des cas), ces revenus doivent \u00eatre d\u00e9clar\u00e9s au sein de la cat\u00e9gorie fiscales des b\u00e9n\u00e9fices agricoles (<a href=\"https:\/\/bofip.impots.gouv.fr\/bofip\/1761-PGP.html\/identifiant%3DBOI-BA-CHAMP-10-10-10-20220406\">https:\/\/bofip.impots.gouv.fr\/bofip\/1761-PGP.html\/identifiant%3DBOI-BA-CHAMP-10-10-10-20220406<\/a>\u00a0). L\u2019\u00e9tude ci-dessous apporte un certain nombre d\u2019informations relatives \u00e0 la consommation et \u00e0 la production d\u2019\u00e9nergies au sein des exploitations agricoles\u00a0:\u00a0<a href=\"https:\/\/www.insee.fr\/fr\/statistiques\/7728851?sommaire=7728903\">https:\/\/www.insee.fr\/fr\/statistiques\/7728851?sommaire=7728903<\/a>\r\n\r\n<\/div>\r\n<\/div>\r\n<\/div>\r\n<div class=\"panel panel-primary\">\r\n<div id=\"headingTwo\" class=\"panel-heading\" role=\"tab\">\r\n<h4 class=\"panel-title\"><span class=\"glyphicon glyphicon-chevron-down\">\u00a0<\/span>Ne faut-il pas aussi s'int\u00e9resser \u00e0 l'endettement des m\u00e9nage agricole ?<\/h4>\r\n<\/div>\r\n<div id=\"collapse-26\" class=\"panel-collapse collapse in\" role=\"tabpanel\" aria-labelledby=\"headingTwo\" aria-expanded=\"true\">\r\n<div class=\"panel-body\">\r\n\r\nEn effet, l\u2019endettement est souvent une question capitale pour la viabilit\u00e9 des exploitations agricoles. Toutefois, notre \u00e9tude ne porte que sur les revenus des m\u00e9nages agricoles, c\u2019est \u00e0 dire sur des flux, et non pas sur leur patrimoine (dont font partie les dettes \u00e9ventuelles), soit sur un stock. Du reste, m\u00eame si nous l\u2019aurions voulu, nous n\u2019aurions pas pu tenir compte de l\u2019endettement dans la mesure o\u00f9 les sources fiscales que nous avons utilis\u00e9es dans le cadre de cette \u00e9tude ne contenaient aucune information \u00e0 ce sujet.\r\n\r\n<\/div>\r\n<\/div>\r\n<\/div>\r\n<div class=\"panel panel-primary\">\r\n<div id=\"headingTwo\" class=\"panel-heading\" role=\"tab\">\r\n<h4 class=\"panel-title\"><span class=\"glyphicon glyphicon-chevron-down\">\u00a0<\/span>Est ce qu'il y a une prise en compte des revenus en fonction du volume horaire des travailleurs\/exploitants ?<\/h4>\r\n<\/div>\r\n<div id=\"collapse-27\" class=\"panel-collapse collapse in\" role=\"tabpanel\" aria-labelledby=\"headingTwo\" aria-expanded=\"true\">\r\n<div class=\"panel-body\">\r\n\r\nMalheureusement non, cette information n\u2019est pas disponible dans les sources fiscales que nous avons exploit\u00e9es. Si vous souhaitez disposer d\u2019informations sur le volume horaire des exploitants suivant la fili\u00e8re, vous pouvez toutefois consulter l\u2019\u00e9tude ci-dessous\u00a0:\u00a0<a href=\"https:\/\/www.insee.fr\/fr\/statistiques\/1374691?sommaire=1374698\">https:\/\/www.insee.fr\/fr\/statistiques\/1374691?sommaire=1374698<\/a>\r\n\r\n<\/div>\r\n<\/div>\r\n<\/div>\r\n<div class=\"panel panel-primary\">\r\n<div id=\"headingTwo\" class=\"panel-heading\" role=\"tab\">\r\n<h4 class=\"panel-title\"><span class=\"glyphicon glyphicon-chevron-down\">\u00a0<\/span>Est-ce que l'on conna\u00eet la part des doubles actifs par fili\u00e8re au niveau des m\u00e9nages agricoles ?<\/h4>\r\n<\/div>\r\n<div id=\"collapse-28\" class=\"panel-collapse collapse in\" role=\"tabpanel\" aria-labelledby=\"headingTwo\" aria-expanded=\"true\">\r\n<div class=\"panel-body\">\r\n\r\nLa base non-salari\u00e9s (BNS) permet de conna\u00eetre la part des non-salari\u00e9s de l\u2019agriculture qui, pour toute ou partie d\u2019une ann\u00e9e donn\u00e9e, ont cumul\u00e9 leur activit\u00e9 non-salari\u00e9e avec un emploi salari\u00e9. Ainsi, dans le Grand Est en 2019, cette situation a concern\u00e9 32\u00a0% des c\u00e9r\u00e9aliers, 21\u00a0% des viticulteurs et 14\u00a0% des \u00e9leveurs bovins.\r\n<h4><strong>Analyse sectorielle : sp\u00e9cificit\u00e9s, forces et faiblesses des territoires<\/strong>\r\n<em>Hugo Mayca (INSEE)<\/em><\/h4>\r\n<em>Etude \u00e0 para\u00eetre prochainement<\/em>\r\n\r\n<a href=\"https:\/\/www.youtube.com\/watch?v=qYF26vlWNnc\">T\u00e9l\u00e9charger la vid\u00e9o<\/a>\r\n<div class=\"panel panel-primary\">\r\n<div id=\"headingTwo\" class=\"panel-heading\" role=\"tab\">\r\n<h4 class=\"panel-title\"><span class=\"glyphicon glyphicon-chevron-down\">\u00a0<\/span>Comment est mesur\u00e9e la r\u00e9partition des secteurs en termes d'emploi ?<\/h4>\r\n<\/div>\r\n<div id=\"collapse-29\" class=\"panel-collapse collapse in\" role=\"tabpanel\" aria-labelledby=\"headingTwo\" aria-expanded=\"true\">\r\n<div class=\"panel-body\">\r\n\r\nLa r\u00e9partition de l\u2019emploi entre secteurs d\u2019activit\u00e9 est mesur\u00e9e en \u00e9quivalent temps plein (ETP).\r\n\r\n<\/div>\r\n<\/div>\r\n<\/div>\r\n<div class=\"panel panel-primary\">\r\n<div id=\"headingTwo\" class=\"panel-heading\" role=\"tab\">\r\n<h4 class=\"panel-title\"><span class=\"glyphicon glyphicon-chevron-down\">\u00a0<\/span>Dans l\u2019emploi total, est-ce que vous int\u00e9grez l\u2019emploi salari\u00e9 et non salari\u00e9 ?<\/h4>\r\n<\/div>\r\n<div id=\"collapse-30\" class=\"panel-collapse collapse in\" role=\"tabpanel\" aria-labelledby=\"headingTwo\" aria-expanded=\"true\">\r\n<div class=\"panel-body\">\r\n\r\nIci, on ne traite que de l\u2019emploi salari\u00e9.\r\n\r\n<\/div>\r\n<\/div>\r\n<\/div>\r\n<div class=\"panel panel-primary\">\r\n<div id=\"headingTwo\" class=\"panel-heading\" role=\"tab\">\r\n<h4 class=\"panel-title\"><span class=\"glyphicon glyphicon-chevron-down\">\u00a0<\/span>Comptabilisez-vous les effectifs militaires dans les administrations publiques ?<\/h4>\r\n<\/div>\r\n<div id=\"collapse-31\" class=\"panel-collapse collapse in\" role=\"tabpanel\" aria-labelledby=\"headingTwo\" aria-expanded=\"true\">\r\n<div class=\"panel-body\">\r\n\r\nLes effectifs du secteur de la D\u00e9fense ne sont pas pris en compte.\r\n\r\n<\/div>\r\n<\/div>\r\n<\/div>\r\n<div class=\"panel panel-primary\">\r\n<div id=\"headingTwo\" class=\"panel-heading\" role=\"tab\">\r\n<h4 class=\"panel-title\"><span class=\"glyphicon glyphicon-chevron-down\">\u00a0<\/span>Pourquoi ne pas exclure l'Ill de France pour avoir une image plus pertinent pour les m\u00eame type de r\u00e9gion..?<\/h4>\r\n<\/div>\r\n<div id=\"collapse-32\" class=\"panel-collapse collapse in\" role=\"tabpanel\" aria-labelledby=\"headingTwo\" aria-expanded=\"true\">\r\n<div class=\"panel-body\">\r\n\r\nCela pourrait biaiser le message de l\u2019\u00e9tude. En enlevant l\u2019\u00cele-de-France, on pourrait penser que le Grand Est est sp\u00e9cialis\u00e9 dans la t\u00e9l\u00e9communication (avec la pr\u00e9sence d\u2019Arte) alors que cela ne repr\u00e9sente qu\u2019une toute petite part de ce secteur en France, qui est majoritairement regroup\u00e9 en \u00cele-de-France (Paris).\r\n\r\n<\/div>\r\n<\/div>\r\n<\/div>\r\n<div class=\"panel panel-primary\">\r\n<div id=\"headingTwo\" class=\"panel-heading\" role=\"tab\">\r\n<h4 class=\"panel-title\"><span class=\"glyphicon glyphicon-chevron-down\">\u00a0<\/span>Pour moi, ce n'est pas une transition difficile, c'est un h\u00e9ritage industriel qui perdure en Grand Est. Est-ce qu'on sait s'il y a une corr\u00e9lation avec avec la production de richesse \u00e0 l'\u00e9chelle r\u00e9gionale ?<\/h4>\r\n<\/div>\r\n<div id=\"collapse-33\" class=\"panel-collapse collapse in\" role=\"tabpanel\" aria-labelledby=\"headingTwo\" aria-expanded=\"true\">\r\n<div class=\"panel-body\">\r\n\r\nIl est possible que cela soit un h\u00e9ritage industriel. La production de richesse n\u2019a pas \u00e9t\u00e9 prise en compte dans cette \u00e9tude.\r\n\r\n<\/div>\r\n<\/div>\r\n<\/div>\r\n<div class=\"panel panel-primary\">\r\n<div id=\"headingTwo\" class=\"panel-heading\" role=\"tab\">\r\n<h4 class=\"panel-title\"><span class=\"glyphicon glyphicon-chevron-down\">\u00a0<\/span>Concernant les analyses sur le secteurs industriels, y\u2019a-t-il un lien avec le dynamisme outre-rhin (mesur\u00e9 \/ mesurable ) ?<\/h4>\r\n<\/div>\r\n<div id=\"collapse-34\" class=\"panel-collapse collapse in\" role=\"tabpanel\" aria-labelledby=\"headingTwo\" aria-expanded=\"true\">\r\n<div class=\"panel-body\">\r\n\r\nIl n\u2019y a pas eu d\u2019analyse sur cette relation. Toutefois, les territoires les plus industrialis\u00e9s de la r\u00e9gion se trouvent davantage vers l\u2019ouest loin de fronti\u00e8res avec l\u2019Allemagne.\r\n\r\n<\/div>\r\n<\/div>\r\n<\/div>\r\n<div class=\"panel panel-primary\">\r\n<div id=\"headingTwo\" class=\"panel-heading\" role=\"tab\">\r\n<h4 class=\"panel-title\"><span class=\"glyphicon glyphicon-chevron-down\">\u00a0<\/span>Sur les territoires concentr\u00e9s, est-ce qu'il s'agit d'entreprises ou des administrations\/h\u00f4pitaux\/facs,etc. ?<\/h4>\r\n<\/div>\r\n<div id=\"collapse-35\" class=\"panel-collapse collapse in\" role=\"tabpanel\" aria-labelledby=\"headingTwo\" aria-expanded=\"true\">\r\n<div class=\"panel-body\">\r\n\r\nIl s\u2019agit d\u2019un peu des deux. Les territoires concentr\u00e9s sont souvent les pr\u00e9fectures, concentrant les services publics de la r\u00e9gion. Pour Strasbourg et Metz, il s\u2019agit \u00e9galement d\u2019une concentration d\u2019entreprises car ce sont des p\u00f4les dynamiques.\r\n\r\n<\/div>\r\n<\/div>\r\n<\/div>\r\n<div class=\"panel panel-primary\">\r\n<div id=\"headingTwo\" class=\"panel-heading\" role=\"tab\">\r\n<h4 class=\"panel-title\"><span class=\"glyphicon glyphicon-chevron-down\">\u00a0<\/span>Etonnant sur Sedan que la concentration soit \u00e0 ce point, sera t il possible d'avoir les donn\u00e9es ?<\/h4>\r\n<\/div>\r\n<div id=\"collapse-36\" class=\"panel-collapse collapse in\" role=\"tabpanel\" aria-labelledby=\"headingTwo\" aria-expanded=\"true\">\r\n<div class=\"panel-body\">\r\n\r\nA Sedan, la concentration est faible, il y a davantage de petites entreprises que de grandes. Les donn\u00e9es devraient para\u00eetre en m\u00eame temps que l\u2019\u00e9tude (d\u00e9but avril).\r\n<h4><strong>Les nouvelles modalit\u00e9s d\u2019acc\u00e8s aux donn\u00e9es<\/strong>\r\n<em>Hugo Mayca (INSEE)<\/em><\/h4>\r\n<a href=\"https:\/\/www.youtube.com\/watch?v=dyVhvcAwylo\">T\u00e9l\u00e9charger la vid\u00e9o<\/a>\r\n<div class=\"panel panel-primary\">\r\n<div id=\"headingTwo\" class=\"panel-heading\" role=\"tab\">\r\n<h4 class=\"panel-title\"><span class=\"glyphicon glyphicon-chevron-down\">\u00a0<\/span>Dans le catalogue Melodi, les donn\u00e9es \"Beta\" ont-elles la m\u00eame fiabilit\u00e9 que les autres donn\u00e9es ? Quel est la signification de cette mention ?<\/h4>\r\n<\/div>\r\n<div id=\"collapse-37\" class=\"panel-collapse collapse in\" role=\"tabpanel\" aria-labelledby=\"headingTwo\" aria-expanded=\"true\">\r\n<div class=\"panel-body\">\r\n\r\nOui, elles ont la m\u00eame fiabilit\u00e9. Le terme Beta est ici utilis\u00e9 afin de prendre en compte les commentaires des utilisateurs.\r\n\r\n<\/div>\r\n<\/div>\r\n<\/div>\r\n<div class=\"panel panel-primary\">\r\n<div id=\"headingTwo\" class=\"panel-heading\" role=\"tab\">\r\n<h4 class=\"panel-title\"><span class=\"glyphicon glyphicon-chevron-down\">\u00a0<\/span>Quel est l'avantage\/d\u00e9savantage du format parquet ?<\/h4>\r\n<\/div>\r\n<div id=\"collapse-38\" class=\"panel-collapse collapse in\" role=\"tabpanel\" aria-labelledby=\"headingTwo\" aria-expanded=\"true\">\r\n<div class=\"panel-body\">\r\n\r\nLe format parquet est tr\u00e8s performant dans le traitement de tables de donn\u00e9es volumineuses (plusieurs Go). Contrairement au csv, il a l\u2019avantage d\u2019int\u00e9grer le typage des variables et \u00e9vite les probl\u00e8mes de tables de caract\u00e8res erron\u00e9es. Son utilisation n\u00e9cessite toutefois l\u2019utilisation d\u2019outils de requ\u00eatage tels qu\u2019un SGBD (ex. dBeaver), DuckDB, ou encore des langages de programmation (Python\/R principalement). Voir le courrier des statistiques\u00a0<a href=\"https:\/\/www.insee.fr\/fr\/information\/7635827?sommaire=7635842\">https:\/\/www.insee.fr\/fr\/information\/7635827?sommaire=7635842<\/a> d\u00e9di\u00e9 aux formats de donn\u00e9es. Nous vous invitons \u00e0 consulter la pr\u00e9sentation d'Eric Mauvi\u00e8re \u00e0 partir de la page suivante : <a href=\"https:\/\/www.datagrandest.fr\/site\/evenement\/webinaire-diffusion-de-bases-statistiques-nouvelles-interfaces-et-nouveaux-formats\/\">https:\/\/www.datagrandest.fr\/site\/evenement\/webinaire-diffusion-de-bases-statistiques-nouvelles-interfaces-et-nouveaux-formats\/<\/a>\r\n\r\n<\/div>\r\n<\/div>\r\n<\/div>\r\n<div class=\"panel panel-primary\">\r\n<div id=\"headingTwo\" class=\"panel-heading\" role=\"tab\">\r\n<h4 class=\"panel-title\"><span class=\"glyphicon glyphicon-chevron-down\">\u00a0<\/span>Je m'int\u00e9resse en particulier aux donn\u00e9es g\u00e9omatiques, raster ou vectorielles, \u00e0 travers des requ\u00eates WMS, WFS, etc. Quelle est leur fiabilit\u00e9 en g\u00e9n\u00e9ral ?<\/h4>\r\n<\/div>\r\n<div id=\"collapse-39\" class=\"panel-collapse collapse in\" role=\"tabpanel\" aria-labelledby=\"headingTwo\" aria-expanded=\"true\">\r\n<div class=\"panel-body\">\r\n\r\nS\u2019il s\u2019agit des donn\u00e9es carreaux reprises sur le Geoportail de l\u2019IGN, voir la documentation associ\u00e9e Recensement de la population en 2021 | Insee\r\n\r\n<\/div>\r\n<\/div>\r\n<\/div>\r\n<div class=\"panel panel-primary\">\r\n<div id=\"headingTwo\" class=\"panel-heading\" role=\"tab\">\r\n<h4 class=\"panel-title\"><span class=\"glyphicon glyphicon-chevron-down\">\u00a0<\/span>Il y a un vrai besoin des collectivit\u00e9s territoriales de maille plus fines que la communes. Comment faire \u00e9voluer les donn\u00e9es de l'INSEE ?<\/h4>\r\n<\/div>\r\n<div id=\"collapse-40\" class=\"panel-collapse collapse in\" role=\"tabpanel\" aria-labelledby=\"headingTwo\" aria-expanded=\"true\">\r\n<div class=\"panel-body\">\r\n\r\nLes donn\u00e9es de population sont disponibles \u00e0 l\u2019IRIS, pour le RP 2021\u00a0:\u00a0<a href=\"https:\/\/www.insee.fr\/fr\/statistiques\/8268806#consulter\">https:\/\/www.insee.fr\/fr\/statistiques\/8268806#consulter<\/a>\u00a0Vous pouvez trouver une repr\u00e9sentation cartographique infra communale de plusieurs indicateurs de source Filosofi 2019 (carreau de 200m et 1km) et Recensement de la population 2021 (carreau de 1km) gr\u00e2ce \u00e0 l\u2019outil interactif de l\u2019Insee\u00a0:\u00a0<a href=\"https:\/\/www.insee.fr\/fr\/outil-interactif\/7737357\/map.html\">https:\/\/www.insee.fr\/fr\/outil-interactif\/7737357\/map.html<\/a>\r\n\r\n<\/div>\r\n<\/div>\r\n<\/div>\r\n<div class=\"panel panel-primary\">\r\n<div id=\"headingTwo\" class=\"panel-heading\" role=\"tab\">\r\n<h4 class=\"panel-title\"><span class=\"glyphicon glyphicon-chevron-down\">\u00a0<\/span>L'Insee ne diffuse plus de donn\u00e9es des fr\u00e9quentations des h\u00e9bergements touristiques \u00e0 l'\u00e9chelle EPCI, y-a-t-il un moyen pour les obtenir ?<\/h4>\r\n<\/div>\r\n<div id=\"collapse-41\" class=\"panel-collapse collapse in\" role=\"tabpanel\" aria-labelledby=\"headingTwo\" aria-expanded=\"true\">\r\n<div class=\"panel-body\">\r\n\r\nDes informations sur le tourisme sont notamment disponibles sur :\u00a0<a href=\"https:\/\/www.art-grandest.fr\/services-et-accompagnement\/orienter-vos-decisions\/les-publications-de-l-observatoire\">https:\/\/www.art-grandest.fr\/services-et-accompagnement\/orienter-vos-decisions\/les-publicat...<\/a>\r\n\r\n<\/div>\r\n<\/div>\r\n<\/div>\r\n<div class=\"panel panel-primary\">\r\n<div id=\"headingTwo\" class=\"panel-heading\" role=\"tab\">\r\n<h4 class=\"panel-title\"><span class=\"glyphicon glyphicon-chevron-down\">\u00a0<\/span>Comment acc\u00e9der aux donn\u00e9es de l'INSEE via des API ? Quelles sont les API disponibles ?<\/h4>\r\n<\/div>\r\n<div id=\"collapse-42\" class=\"panel-collapse collapse in\" role=\"tabpanel\" aria-labelledby=\"headingTwo\" aria-expanded=\"true\">\r\n<div class=\"panel-body\">\r\n\r\n\u00c0 ce jour, sont disponibles : - l\u2019API Sirene pour les donn\u00e9es Sirene ; - l\u2019API Melodi pour r\u00e9cup\u00e9rer les tables du catalogue des donn\u00e9es de l\u2019Insee ; - l\u2019API BDM pour les indices et s\u00e9ries chronologiques ; - l\u2019API donn\u00e9es locales pour les \u00ab chiffres d\u00e9taill\u00e9s \u00bb localis\u00e9s \u00e0 la commune sous forme de cubes pr\u00e9d\u00e9finis ; - l\u2019API M\u00e9tadonn\u00e9es pour les informations sur les concepts, nomenclatures, indicateurs et op\u00e9rations statistiques de l\u2019Insee. Voir le catalogue actualis\u00e9 en ligne\u00a0:\u00a0<a href=\"https:\/\/portail-api.insee.fr\/catalog\">https:\/\/portail-api.insee.fr\/catalog<\/a>\u00a0Pour la documentation, cliquer sur l\u2019API concern\u00e9. Des biblioth\u00e8ques ou packages R pour faciliter la connexion aux API sont \u00e9galement regroup\u00e9s sur Github. Exemples\u00a0: -\u00a0<a href=\"https:\/\/github.com\/InseeFrLab\/pynsee\">https:\/\/github.com\/InseeFrLab\/pynsee<\/a>\u00a0pour une utilisation avec Python\u00a0; -\u00a0<a href=\"https:\/\/github.com\/InseeFrLab\/inseeLocalData\">https:\/\/github.com\/InseeFrLab\/inseeLocalData<\/a>\u00a0pour r\u00e9cup\u00e9rer des donn\u00e9es locales avec R\u00a0; -\u00a0<a href=\"https:\/\/github.com\/InseeFrLab\/DoReMIFaSol\">https:\/\/github.com\/InseeFrLab\/DoReMIFaSol<\/a>\u00a0pour r\u00e9cup\u00e9rer des donn\u00e9es Insee plus larges avec R\r\n\r\n<\/div>\r\n<\/div>\r\n<\/div>\r\n<div class=\"panel panel-primary\">\r\n<div id=\"headingTwo\" class=\"panel-heading\" role=\"tab\">\r\n<h4 class=\"panel-title\"><span class=\"glyphicon glyphicon-chevron-down\">\u00a0<\/span>Quels sont les formats de mise \u00e0 disposition des donn\u00e9es Insee\u00a0?<\/h4>\r\n<\/div>\r\n<div id=\"collapse-43\" class=\"panel-collapse collapse in\" role=\"tabpanel\" aria-labelledby=\"headingTwo\" aria-expanded=\"true\">\r\n<div class=\"panel-body\">\r\n\r\nLes tables de donn\u00e9es Insee mises \u00e0 disposition par l\u2019Insee sont propos\u00e9es dans diff\u00e9rents formats en fonction de leur volum\u00e9trie\u00a0: - Les tables les plus l\u00e9g\u00e8res sont propos\u00e9es au format xlsx. Elles peuvent contenir un dictionnaire de variables ainsi que des informations compl\u00e9mentaires telles que des d\u00e9finitions. - Au-del\u00e0 d\u2019une certaine taille, les donn\u00e9es sont propos\u00e9es au format csv (zipp\u00e9), parfois dBase (dbf). Les fichiers propos\u00e9s dans le cadre de l\u2019offre Melodi ne sont propos\u00e9s qu\u2019en csv actuellement, mais la possibilit\u00e9 d\u2019ajouter le format parquet est \u00e0 l\u2019\u00e9tude. - Le format parquet est utilis\u00e9 pour les fichiers les plus volumineux. Ceux-ci sont ne sont pas h\u00e9berg\u00e9s sur le site de l\u2019Insee, mais sur la plateforme data.gouv.fr comme par exemple le fichier Sirene.\r\n<h4>FAQ<\/h4>\r\nQuestions et r\u00e9ponses du webinaire : t\u00e9l\u00e9chargez le fichier complet\r\n\r\n<\/div>\r\n<\/div>\r\n<\/div>\r\n<\/div>\r\n<\/div>\r\n<\/div>\r\n<\/div>\r\n<\/div>\r\n<\/div>\r\n<\/div>\r\n<\/div>\r\n<\/div>","eve_animation":true,"glo_image":2472,"glo_intro":"","glo_car_surcharge_titre":"","glo_car_surcharge_lien":""},"yoast_head":"<!-- This site is optimized with the Yoast SEO plugin v27.4 - https:\/\/yoast.com\/product\/yoast-seo-wordpress\/ -->\n<title>Tendances et chiffres cl\u00e9s en r\u00e9gion Grand Est : tour d&#039;horizon propos\u00e9 par l&#039;INSEE - DataGrandEst<\/title>\n<meta name=\"robots\" content=\"index, follow, max-snippet:-1, max-image-preview:large, max-video-preview:-1\" \/>\n<link rel=\"canonical\" href=\"https:\/\/www.datagrandest.fr\/site\/evenement\/webinaire-tendances-et-chiffres-cles-en-region-grand-est-tour-dhorizon-propose-par-linsee\/\" \/>\n<meta property=\"og:locale\" content=\"fr_FR\" \/>\n<meta property=\"og:type\" content=\"article\" \/>\n<meta property=\"og:title\" content=\"Tendances et chiffres cl\u00e9s en r\u00e9gion Grand Est : tour d&#039;horizon propos\u00e9 par l&#039;INSEE - DataGrandEst\" \/>\n<meta property=\"og:url\" content=\"https:\/\/www.datagrandest.fr\/site\/evenement\/webinaire-tendances-et-chiffres-cles-en-region-grand-est-tour-dhorizon-propose-par-linsee\/\" \/>\n<meta property=\"og:site_name\" content=\"DataGrandEst\" \/>\n<meta property=\"article:modified_time\" content=\"2026-04-16T10:17:15+00:00\" \/>\n<meta name=\"twitter:card\" content=\"summary_large_image\" \/>\n<meta name=\"twitter:label1\" content=\"Dur\u00e9e de lecture estim\u00e9e\" \/>\n\t<meta name=\"twitter:data1\" content=\"19 minutes\" \/>\n<script type=\"application\/ld+json\" class=\"yoast-schema-graph\">{\"@context\":\"https:\\\/\\\/schema.org\",\"@graph\":[{\"@type\":\"WebPage\",\"@id\":\"https:\\\/\\\/www.datagrandest.fr\\\/site\\\/evenement\\\/webinaire-tendances-et-chiffres-cles-en-region-grand-est-tour-dhorizon-propose-par-linsee\\\/\",\"url\":\"https:\\\/\\\/www.datagrandest.fr\\\/site\\\/evenement\\\/webinaire-tendances-et-chiffres-cles-en-region-grand-est-tour-dhorizon-propose-par-linsee\\\/\",\"name\":\"Tendances et chiffres cl\u00e9s en r\u00e9gion Grand Est : tour d'horizon propos\u00e9 par l'INSEE - DataGrandEst\",\"isPartOf\":{\"@id\":\"https:\\\/\\\/www.datagrandest.fr\\\/site\\\/#website\"},\"datePublished\":\"2025-01-09T09:13:25+00:00\",\"dateModified\":\"2026-04-16T10:17:15+00:00\",\"breadcrumb\":{\"@id\":\"https:\\\/\\\/www.datagrandest.fr\\\/site\\\/evenement\\\/webinaire-tendances-et-chiffres-cles-en-region-grand-est-tour-dhorizon-propose-par-linsee\\\/#breadcrumb\"},\"inLanguage\":\"fr-FR\",\"potentialAction\":[{\"@type\":\"ReadAction\",\"target\":[\"https:\\\/\\\/www.datagrandest.fr\\\/site\\\/evenement\\\/webinaire-tendances-et-chiffres-cles-en-region-grand-est-tour-dhorizon-propose-par-linsee\\\/\"]}]},{\"@type\":\"BreadcrumbList\",\"@id\":\"https:\\\/\\\/www.datagrandest.fr\\\/site\\\/evenement\\\/webinaire-tendances-et-chiffres-cles-en-region-grand-est-tour-dhorizon-propose-par-linsee\\\/#breadcrumb\",\"itemListElement\":[{\"@type\":\"ListItem\",\"position\":1,\"name\":\"Accueil\",\"item\":\"https:\\\/\\\/www.datagrandest.fr\\\/site\\\/\"},{\"@type\":\"ListItem\",\"position\":2,\"name\":\"\u00c9v\u00e9nements\",\"item\":\"https:\\\/\\\/www.datagrandest.fr\\\/site\\\/evenement\\\/\"},{\"@type\":\"ListItem\",\"position\":3,\"name\":\"Tendances et chiffres cl\u00e9s en r\u00e9gion Grand Est : tour d&rsquo;horizon propos\u00e9 par l&rsquo;INSEE\"}]},{\"@type\":\"WebSite\",\"@id\":\"https:\\\/\\\/www.datagrandest.fr\\\/site\\\/#website\",\"url\":\"https:\\\/\\\/www.datagrandest.fr\\\/site\\\/\",\"name\":\"DataGrandEst\",\"description\":\"\",\"potentialAction\":[{\"@type\":\"SearchAction\",\"target\":{\"@type\":\"EntryPoint\",\"urlTemplate\":\"https:\\\/\\\/www.datagrandest.fr\\\/site\\\/?s={search_term_string}\"},\"query-input\":{\"@type\":\"PropertyValueSpecification\",\"valueRequired\":true,\"valueName\":\"search_term_string\"}}],\"inLanguage\":\"fr-FR\"}]}<\/script>\n<!-- \/ Yoast SEO plugin. -->","yoast_head_json":{"title":"Tendances et chiffres cl\u00e9s en r\u00e9gion Grand Est : tour d'horizon propos\u00e9 par l'INSEE - DataGrandEst","robots":{"index":"index","follow":"follow","max-snippet":"max-snippet:-1","max-image-preview":"max-image-preview:large","max-video-preview":"max-video-preview:-1"},"canonical":"https:\/\/www.datagrandest.fr\/site\/evenement\/webinaire-tendances-et-chiffres-cles-en-region-grand-est-tour-dhorizon-propose-par-linsee\/","og_locale":"fr_FR","og_type":"article","og_title":"Tendances et chiffres cl\u00e9s en r\u00e9gion Grand Est : tour d'horizon propos\u00e9 par l'INSEE - DataGrandEst","og_url":"https:\/\/www.datagrandest.fr\/site\/evenement\/webinaire-tendances-et-chiffres-cles-en-region-grand-est-tour-dhorizon-propose-par-linsee\/","og_site_name":"DataGrandEst","article_modified_time":"2026-04-16T10:17:15+00:00","twitter_card":"summary_large_image","twitter_misc":{"Dur\u00e9e de lecture estim\u00e9e":"19 minutes"},"schema":{"@context":"https:\/\/schema.org","@graph":[{"@type":"WebPage","@id":"https:\/\/www.datagrandest.fr\/site\/evenement\/webinaire-tendances-et-chiffres-cles-en-region-grand-est-tour-dhorizon-propose-par-linsee\/","url":"https:\/\/www.datagrandest.fr\/site\/evenement\/webinaire-tendances-et-chiffres-cles-en-region-grand-est-tour-dhorizon-propose-par-linsee\/","name":"Tendances et chiffres cl\u00e9s en r\u00e9gion Grand Est : tour d'horizon propos\u00e9 par l'INSEE - DataGrandEst","isPartOf":{"@id":"https:\/\/www.datagrandest.fr\/site\/#website"},"datePublished":"2025-01-09T09:13:25+00:00","dateModified":"2026-04-16T10:17:15+00:00","breadcrumb":{"@id":"https:\/\/www.datagrandest.fr\/site\/evenement\/webinaire-tendances-et-chiffres-cles-en-region-grand-est-tour-dhorizon-propose-par-linsee\/#breadcrumb"},"inLanguage":"fr-FR","potentialAction":[{"@type":"ReadAction","target":["https:\/\/www.datagrandest.fr\/site\/evenement\/webinaire-tendances-et-chiffres-cles-en-region-grand-est-tour-dhorizon-propose-par-linsee\/"]}]},{"@type":"BreadcrumbList","@id":"https:\/\/www.datagrandest.fr\/site\/evenement\/webinaire-tendances-et-chiffres-cles-en-region-grand-est-tour-dhorizon-propose-par-linsee\/#breadcrumb","itemListElement":[{"@type":"ListItem","position":1,"name":"Accueil","item":"https:\/\/www.datagrandest.fr\/site\/"},{"@type":"ListItem","position":2,"name":"\u00c9v\u00e9nements","item":"https:\/\/www.datagrandest.fr\/site\/evenement\/"},{"@type":"ListItem","position":3,"name":"Tendances et chiffres cl\u00e9s en r\u00e9gion Grand Est : tour d&rsquo;horizon propos\u00e9 par l&rsquo;INSEE"}]},{"@type":"WebSite","@id":"https:\/\/www.datagrandest.fr\/site\/#website","url":"https:\/\/www.datagrandest.fr\/site\/","name":"DataGrandEst","description":"","potentialAction":[{"@type":"SearchAction","target":{"@type":"EntryPoint","urlTemplate":"https:\/\/www.datagrandest.fr\/site\/?s={search_term_string}"},"query-input":{"@type":"PropertyValueSpecification","valueRequired":true,"valueName":"search_term_string"}}],"inLanguage":"fr-FR"}]}},"_links":{"self":[{"href":"https:\/\/www.datagrandest.fr\/site\/wp-json\/wp\/v2\/evenement\/1309","targetHints":{"allow":["GET"]}}],"collection":[{"href":"https:\/\/www.datagrandest.fr\/site\/wp-json\/wp\/v2\/evenement"}],"about":[{"href":"https:\/\/www.datagrandest.fr\/site\/wp-json\/wp\/v2\/types\/evenement"}],"version-history":[{"count":10,"href":"https:\/\/www.datagrandest.fr\/site\/wp-json\/wp\/v2\/evenement\/1309\/revisions"}],"predecessor-version":[{"id":5590,"href":"https:\/\/www.datagrandest.fr\/site\/wp-json\/wp\/v2\/evenement\/1309\/revisions\/5590"}],"wp:attachment":[{"href":"https:\/\/www.datagrandest.fr\/site\/wp-json\/wp\/v2\/media?parent=1309"}],"wp:term":[{"taxonomy":"periode","embeddable":true,"href":"https:\/\/www.datagrandest.fr\/site\/wp-json\/wp\/v2\/periode?post=1309"},{"taxonomy":"source","embeddable":true,"href":"https:\/\/www.datagrandest.fr\/site\/wp-json\/wp\/v2\/source?post=1309"},{"taxonomy":"thematique_globale","embeddable":true,"href":"https:\/\/www.datagrandest.fr\/site\/wp-json\/wp\/v2\/thematique_globale?post=1309"},{"taxonomy":"type_evenement","embeddable":true,"href":"https:\/\/www.datagrandest.fr\/site\/wp-json\/wp\/v2\/type_evenement?post=1309"}],"curies":[{"name":"wp","href":"https:\/\/api.w.org\/{rel}","templated":true}]}}