{"id":1313,"date":"2024-10-02T03:51:57","date_gmt":"2024-10-02T01:51:57","guid":{"rendered":"https:\/\/dev.datagrandest.fr\/site\/evenement\/journee-departementale-de-la-donnee-dans-laube\/"},"modified":"2026-03-30T09:59:51","modified_gmt":"2026-03-30T07:59:51","slug":"journee-departementale-de-la-donnee-dans-laube","status":"publish","type":"evenement","link":"https:\/\/www.datagrandest.fr\/site\/evenement\/journee-departementale-de-la-donnee-dans-laube\/","title":{"rendered":"Journ\u00e9e d\u00e9partementale de la donn\u00e9e dans l&rsquo;Aube"},"template":"","meta":{"_acf_changed":false,"_relevanssi_hide_post":"","_relevanssi_hide_content":"","_relevanssi_pin_for_all":"","_relevanssi_pin_keywords":"","_relevanssi_unpin_keywords":"","_relevanssi_related_keywords":"","_relevanssi_related_include_ids":"","_relevanssi_related_exclude_ids":"","_relevanssi_related_no_append":"","_relevanssi_related_not_related":"","_relevanssi_related_posts":"","_relevanssi_noindex_reason":""},"periode":[212],"source":[],"thematique_globale":[218],"type_evenement":[147],"class_list":["post-1313","evenement","type-evenement","status-publish","hentry","periode-212","thematique_globale-aube","type_evenement-animation-territoriale"],"acf":{"eve_description_courte":"Des donn\u00e9es pour la connaissance du territoire et l\u2019aide \u00e0 la d\u00e9cision","eve_description_longue":"<h1 class=\"rtecenter\">Journ\u00e9e d\u00e9partementale de la donn\u00e9e dans l'Aube<\/h1>\r\n<p class=\"rtecenter\"><span style=\"font-size: 16px;\">Des donn\u00e9es pour la connaissance du territoire et l\u2019aide \u00e0 la d\u00e9cision<\/span><\/p>\r\n<p class=\"rtecenter\"><strong>____________________<\/strong><\/p>\r\n\r\n<h4 class=\"rtecenter\">Mardi 4 f\u00e9vrier 2024\u00a0 |\u00a0 De 09h30 \u00e0 16h30\u00a0 |\u00a0 UTT de Troyes<\/h4>\r\n&nbsp;\r\n\r\n<span style=\"font-size: 16px;\">Sant\u00e9, am\u00e9nagement, mobilit\u00e9s, transition \u00e9cologique, tourisme\u2026 Les donn\u00e9es sont d\u00e9sormais essentielles \u00e0 la bonne conduite des politiques publiques. Toutefois connaissez-vous les donn\u00e9es disponibles sur le territoire de l\u2019Aube et savez-vous les mobiliser ? \u00c0 travers diff\u00e9rents retours d\u2019exp\u00e9riences, tables-rondes, d\u00e9monstrations, ateliers pratiques, discussions\u2026 venez d\u00e9couvrir tout le potentiel des donn\u00e9es d\u00e9j\u00e0 disponibles et participer \u00e0 la communaut\u00e9 des acteurs \u00ab data \u00bb pour enrichir votre palette d\u2019outils, vos savoir-faire au service de votre territoire.\r\nQue vous soyez \u00e9lu, chef de service, technicien, charg\u00e9 de mission, data scientist, g\u00e9omaticien ou simple utilisateur\u2026 cette journ\u00e9e est pour vous !<\/span>\r\n\r\n<span style=\"font-size: 16px;\"><em>Une journ\u00e9e co-organis\u00e9e par DataGrandEst, la Direction d\u00e9partementale des territoires de l'Aube, le Conseil D\u00e9partemental de l'Aube, Troyes Champagne M\u00e9tropole et l'Universit\u00e9 de Technologie de Troyes.<\/em><\/span>\r\n<div class=\"panel panel-warning\">\r\n<div class=\"panel-heading\">\r\n<h4><span style=\"font-size: 20px;\">Programme \u00a0<\/span><\/h4>\r\n<\/div>\r\n<\/div>\r\n<span style=\"font-size: 16px;\"><strong>08h45<\/strong>\u00a0 |\u00a0\u00a0<strong>Accueil des participants<\/strong><\/span>\r\n\r\n<span style=\"font-size: 16px;\"><strong>09h30<\/strong>\u00a0 |\u00a0\u00a0<strong>Mots de bienvenue par l\u2019UTT, l\u2019\u00c9tat, le D\u00e9partement et Troyes Champagne M\u00e9tropole <\/strong><\/span>\r\n\r\n<span style=\"font-size: 16px;\"><strong>09h50<\/strong>\u00a0 |\u00a0\u00a0<strong>Panorama des donn\u00e9es ouvertes et utiles pour les territoires<\/strong><\/span>\r\n<ul>\r\n \t<li><span style=\"font-size: 16px;\"><em>Comment mobiliser facilement des donn\u00e9es ?<\/em>\r\nJulie KUBIAK et Chlo\u00e9 CLERBOIS, Direction d\u00e9partementale des territoires de l'Aube\u00a0<\/span><\/li>\r\n<\/ul>\r\n<ul>\r\n \t<li><span style=\"font-size: 16px;\"><em>Entre Open data et closed data, comment trouver le juste milieu ?<\/em>\r\nGuillaume RYCKELYNCK, DataGrandEst et Val\u00e9rie THEVENIN, Troyes Champagne M\u00e9tropole (TCM)<\/span><\/li>\r\n \t<li><span style=\"font-size: 16px;\"><em>Les apports d\u2019OpenStreetMap pour aider les territoires \u00e0 disposer et am\u00e9liorer des donn\u00e9es sur diverses th\u00e9matiques<\/em>\r\nSt\u00e9phane BRANQUART, Pr\u00e9sident de Territorio et membre fondateur des Pro d'OSM<\/span><\/li>\r\n<\/ul>\r\n<span style=\"font-size: 16px;\"><strong>10h50<\/strong>\u00a0 |\u00a0 <b>Pause - d\u00e9monstrations<\/b><\/span>\r\n\r\n<span style=\"font-size: 16px;\"><strong>11h10<\/strong>\u00a0 |\u00a0 <b>De la connaissance \u00e0 l\u2019action : aller plus loin gr\u00e2ce aux donn\u00e9es<\/b><\/span>\r\n<ul>\r\n \t<li><span style=\"font-size: 16px;\"><em>De la donn\u00e9e \u00e0 l\u2019action : comment faire ? L\u2019exemple de la surveillance<\/em>\r\nHichem SNOUSSI - Universit\u00e9 de Technologie de Troyes<\/span><\/li>\r\n \t<li><span style=\"font-size: 16px;\"><em>De la connaissance \u00e0 l\u2019action : l\u2019exemple du sch\u00e9ma d\u00e9partemental de couverture des risques (SDACR)<\/em>\r\nColonel Maxime KOCH - SDIS de l'Aube<\/span><\/li>\r\n \t<li><span style=\"font-size: 16px;\"><em>Construire ses donn\u00e9es et ses indicateurs : l\u2019exemple du tourisme<\/em>\r\nChristelle TAILLARDAT - Agence d\u00e9partementale du tourisme de l'Aube<\/span><\/li>\r\n<\/ul>\r\n<span style=\"font-size: 16px;\"><strong>12h10<\/strong>\u00a0 |\u00a0\u00a0<strong>Table-ronde : Quelle strat\u00e9gie en mati\u00e8re de donn\u00e9es au service des politiques publiques dans le d\u00e9partement ? <\/strong><\/span>\r\n<ul>\r\n \t<li><span style=\"font-size: 16px;\">Christelle TAILLARDAT - Directrice de l'Agence d\u00e9partementale du tourisme de l'Aube<\/span><\/li>\r\n \t<li><span style=\"font-size: 16px;\">Marc THONON - Directeur g\u00e9n\u00e9ral d'Ok\u00e9nite Animation et pr\u00e9sident de l\u2019association g\u00e9ologie de l\u2019Aube<\/span><\/li>\r\n \t<li><span style=\"font-size: 16px;\">Emmanuelle PERROT - Directrice G\u00e9n\u00e9rale Adjointe, p\u00f4le \u00c9quilibre du territoire - Habitat - Politique de la ville - Dispositifs contractuels \u00e0 Troyes Champagne M\u00e9tropole<\/span><\/li>\r\n \t<li><span style=\"font-size: 16px;\">Olivier DUQUESNOY - Maire de Saint-Pouange<\/span><\/li>\r\n \t<li><span style=\"font-size: 16px;\">Jean-Fran\u00e7ois HOU,\u00a0Directeur D\u00e9partemental des Territoires<\/span><\/li>\r\n<\/ul>\r\n<strong><span style=\"font-size: 16px;\">13h00\u00a0|\u00a0 D\u00e9jeuner - d\u00e9monstration<\/span><\/strong>\r\n\r\n<span style=\"font-size: 16px;\">D\u00e9monstrations de\u00a0:<\/span>\r\n<ul>\r\n \t<li><span style=\"font-size: 16px;\">IGN<\/span><\/li>\r\n \t<li><span style=\"font-size: 16px;\">Slow Maps<\/span><\/li>\r\n \t<li><span style=\"font-size: 16px;\">Urban Radar<\/span><\/li>\r\n \t<li><span style=\"font-size: 16px;\">Watershed monitoring<\/span><\/li>\r\n<\/ul>\r\n<span style=\"font-size: 16px;\"><strong>14h30\u00a0<\/strong> |\u00a0 <strong>Ateliers en parall\u00e8le\u00a0<\/strong><\/span>\r\n\r\n<span style=\"font-size: 16px;\">Chaque participant pourra assister \u00e0 4 ateliers de 20 minutes chacun.<\/span>\r\n<ul>\r\n \t<li><span style=\"font-size: 16px;\"><em>De la recherche \u00e0 l\u2019action : comment la recherche peut vous aider ?<\/em>\r\nAnim\u00e9 par Hichem SNOUSSI - Universit\u00e9 de Technologie de Troyes<\/span><\/li>\r\n \t<li><span style=\"font-size: 16px;\"><em>DataGrandEst : votre partenaire data : des donn\u00e9es et bien plus encore<\/em>\r\nAnim\u00e9 par l'\u00e9quipe DataGrandEst<\/span><\/li>\r\n \t<li><span style=\"font-size: 16px;\"><em>Quels tableaux de bord pour construire un projet de territoire ?<\/em>\r\nAnim\u00e9 par Emmanuelle PERROT, DGA p\u00f4le Equilibre du territoire - Habitat - Politique de la ville - Dispositifs contractuels et Edouard LEDIT, Animateur du projet de territoire - Troyes Champagne M\u00e9tropole (TCM)<\/span><\/li>\r\n \t<li><span style=\"font-size: 16px;\"><em>Occupation du sol \u00e0 grande \u00e9chelle : une ressource unique pour vos analyses ZAN<\/em>\r\nAnim\u00e9 par l'\u00e9quipe DataGrandEst<\/span><\/li>\r\n \t<li><span style=\"font-size: 16px;\"><em>Mobilit\u00e9s : pourquoi et comment construire une application ? <\/em>\r\nAnim\u00e9 par Sandra BICHET (Direction mobilit\u00e9) et Lisa DUQUESNOY (Mission Planification Mobilit\u00e9s) - Troyes Champagne M\u00e9tropole (TCM)<\/span><\/li>\r\n \t<li><span style=\"font-size: 16px;\"><em>Utilisation du portail national cartographique pour la saisie des zones d\u2019acc\u00e9l\u00e9ration des \u00e9nergies renouvelables<\/em>\r\nAnim\u00e9\u00a0par Julie KUBIAK, DDT de l'Aube<\/span><\/li>\r\n<\/ul>\r\n<span style=\"font-size: 16px;\"><strong>16h00<\/strong>\u00a0 |\u00a0 <strong>Retours sur les ateliers et conclusion<\/strong><\/span>\r\n\r\n<span style=\"font-size: 16px;\"><strong>16h30<\/strong>\u00a0 |\u00a0 <strong>Fin de la journ\u00e9e<\/strong><\/span>\r\n\r\n&nbsp;\r\n<div class=\"panel panel-warning\">\r\n<div class=\"panel-heading\">\r\n<h4><span style=\"font-size: 20px;\">Se rendre \u00e0 l'\u00e9v\u00e9nement \u00a0<\/span><\/h4>\r\n<\/div>\r\n<\/div>\r\n<span style=\"font-size: 16px;\"><b>Universit\u00e9 de Technologie de Troyes (UTT)<\/b>\r\n12 Rue Marie Curie\r\n10300 Troyes<\/span>\r\n\r\n<span style=\"font-size: 16px;\">-&gt;\u00a0<a href=\"https:\/\/www.utt.fr\/medias\/fichier\/plan-utt_1529501036289-pdf\">Plan de l'UTT<\/a><\/span>\r\n<ul>\r\n \t<li><span style=\"font-size: 16px;\">A pieds : 40 minutes de la gare\u00a0<\/span><\/li>\r\n \t<li><span style=\"font-size: 16px;\">En\u00a0voiture : Parking\u00a0gratuit autour de l'universit\u00e9\r\nUtiliser parking \"Visiteurs\"\u00a0<\/span><\/li>\r\n \t<li><span style=\"font-size: 16px;\">En bus : A partir du centre ville\u00a0prendre la ligne 6 (Direction : Chartreux - Arr\u00eat : Technop\u00f4le)\r\nBus toutes les 15 minutes\r\nCompter 30 minutes pour se rendre\r\n<a href=\"https:\/\/tcat.fr\/\">Horaires de bus\u00a0<\/a><\/span><\/li>\r\n \t<li><span style=\"font-size: 16px;\">\u00a0V\u00e9lib : 15 minutes de la gare\r\nBornes disponibles autour de l'universit\u00e9\u00a0<\/span><\/li>\r\n<\/ul>\r\n<p class=\"rtecenter\"><\/p>","eve_lieu":"UTT de Troyes","eve_date":"20250204","eve_date_fin":"20250204","eve_heure_de_debut":"09:30:00","eve_heure_de_fin":"16:30:00","eve_pour_aller_plus_loin":"<strong>Article paru le 10 f\u00e9vrier dans l'Est Eclair.<\/strong>\r\n\r\n<img class=\"alignnone size-full wp-image-2867\" src=\"https:\/\/www.datagrandest.fr\/site\/wp-content\/uploads\/2024\/10\/telechargement.png\" alt=\"\" width=\"547\" height=\"771\" \/>\r\n\r\n<strong>Article paru dans le journal Petites Affiches Matot Braine (10 au 16\/02\/2025)<\/strong>\r\n\r\n<img class=\"alignnone size-full wp-image-2868\" src=\"https:\/\/www.datagrandest.fr\/site\/wp-content\/uploads\/2024\/10\/telechargement.jpeg\" alt=\"\" width=\"1703\" height=\"966\" \/>","eve_animation":true,"glo_image":3688,"glo_intro":"","glo_car_surcharge_titre":"","glo_car_surcharge_lien":""},"yoast_head":"<!-- This site is optimized with the Yoast SEO plugin v27.4 - https:\/\/yoast.com\/product\/yoast-seo-wordpress\/ -->\n<title>Journ\u00e9e d\u00e9partementale de la donn\u00e9e dans l&#039;Aube - DataGrandEst<\/title>\n<meta name=\"robots\" content=\"index, follow, max-snippet:-1, max-image-preview:large, max-video-preview:-1\" \/>\n<link rel=\"canonical\" href=\"https:\/\/www.datagrandest.fr\/site\/evenement\/journee-departementale-de-la-donnee-dans-laube\/\" \/>\n<meta property=\"og:locale\" content=\"fr_FR\" \/>\n<meta property=\"og:type\" content=\"article\" \/>\n<meta property=\"og:title\" content=\"Journ\u00e9e d\u00e9partementale de la donn\u00e9e dans l&#039;Aube - DataGrandEst\" \/>\n<meta property=\"og:url\" content=\"https:\/\/www.datagrandest.fr\/site\/evenement\/journee-departementale-de-la-donnee-dans-laube\/\" \/>\n<meta property=\"og:site_name\" content=\"DataGrandEst\" \/>\n<meta property=\"article:modified_time\" content=\"2026-03-30T07:59:51+00:00\" \/>\n<meta name=\"twitter:card\" content=\"summary_large_image\" \/>\n<meta name=\"twitter:label1\" content=\"Dur\u00e9e de lecture estim\u00e9e\" \/>\n\t<meta name=\"twitter:data1\" content=\"5 minutes\" \/>\n<script type=\"application\/ld+json\" class=\"yoast-schema-graph\">{\"@context\":\"https:\\\/\\\/schema.org\",\"@graph\":[{\"@type\":\"WebPage\",\"@id\":\"https:\\\/\\\/www.datagrandest.fr\\\/site\\\/evenement\\\/journee-departementale-de-la-donnee-dans-laube\\\/\",\"url\":\"https:\\\/\\\/www.datagrandest.fr\\\/site\\\/evenement\\\/journee-departementale-de-la-donnee-dans-laube\\\/\",\"name\":\"Journ\u00e9e d\u00e9partementale de la donn\u00e9e dans l'Aube - DataGrandEst\",\"isPartOf\":{\"@id\":\"https:\\\/\\\/www.datagrandest.fr\\\/site\\\/#website\"},\"datePublished\":\"2024-10-02T01:51:57+00:00\",\"dateModified\":\"2026-03-30T07:59:51+00:00\",\"breadcrumb\":{\"@id\":\"https:\\\/\\\/www.datagrandest.fr\\\/site\\\/evenement\\\/journee-departementale-de-la-donnee-dans-laube\\\/#breadcrumb\"},\"inLanguage\":\"fr-FR\",\"potentialAction\":[{\"@type\":\"ReadAction\",\"target\":[\"https:\\\/\\\/www.datagrandest.fr\\\/site\\\/evenement\\\/journee-departementale-de-la-donnee-dans-laube\\\/\"]}]},{\"@type\":\"BreadcrumbList\",\"@id\":\"https:\\\/\\\/www.datagrandest.fr\\\/site\\\/evenement\\\/journee-departementale-de-la-donnee-dans-laube\\\/#breadcrumb\",\"itemListElement\":[{\"@type\":\"ListItem\",\"position\":1,\"name\":\"Accueil\",\"item\":\"https:\\\/\\\/www.datagrandest.fr\\\/site\\\/\"},{\"@type\":\"ListItem\",\"position\":2,\"name\":\"\u00c9v\u00e9nements\",\"item\":\"https:\\\/\\\/www.datagrandest.fr\\\/site\\\/evenement\\\/\"},{\"@type\":\"ListItem\",\"position\":3,\"name\":\"Journ\u00e9e d\u00e9partementale de la donn\u00e9e dans l&rsquo;Aube\"}]},{\"@type\":\"WebSite\",\"@id\":\"https:\\\/\\\/www.datagrandest.fr\\\/site\\\/#website\",\"url\":\"https:\\\/\\\/www.datagrandest.fr\\\/site\\\/\",\"name\":\"DataGrandEst\",\"description\":\"\",\"potentialAction\":[{\"@type\":\"SearchAction\",\"target\":{\"@type\":\"EntryPoint\",\"urlTemplate\":\"https:\\\/\\\/www.datagrandest.fr\\\/site\\\/?s={search_term_string}\"},\"query-input\":{\"@type\":\"PropertyValueSpecification\",\"valueRequired\":true,\"valueName\":\"search_term_string\"}}],\"inLanguage\":\"fr-FR\"}]}<\/script>\n<!-- \/ Yoast SEO plugin. -->","yoast_head_json":{"title":"Journ\u00e9e d\u00e9partementale de la donn\u00e9e dans l'Aube - DataGrandEst","robots":{"index":"index","follow":"follow","max-snippet":"max-snippet:-1","max-image-preview":"max-image-preview:large","max-video-preview":"max-video-preview:-1"},"canonical":"https:\/\/www.datagrandest.fr\/site\/evenement\/journee-departementale-de-la-donnee-dans-laube\/","og_locale":"fr_FR","og_type":"article","og_title":"Journ\u00e9e d\u00e9partementale de la donn\u00e9e dans l'Aube - DataGrandEst","og_url":"https:\/\/www.datagrandest.fr\/site\/evenement\/journee-departementale-de-la-donnee-dans-laube\/","og_site_name":"DataGrandEst","article_modified_time":"2026-03-30T07:59:51+00:00","twitter_card":"summary_large_image","twitter_misc":{"Dur\u00e9e de lecture estim\u00e9e":"5 minutes"},"schema":{"@context":"https:\/\/schema.org","@graph":[{"@type":"WebPage","@id":"https:\/\/www.datagrandest.fr\/site\/evenement\/journee-departementale-de-la-donnee-dans-laube\/","url":"https:\/\/www.datagrandest.fr\/site\/evenement\/journee-departementale-de-la-donnee-dans-laube\/","name":"Journ\u00e9e d\u00e9partementale de la donn\u00e9e dans l'Aube - DataGrandEst","isPartOf":{"@id":"https:\/\/www.datagrandest.fr\/site\/#website"},"datePublished":"2024-10-02T01:51:57+00:00","dateModified":"2026-03-30T07:59:51+00:00","breadcrumb":{"@id":"https:\/\/www.datagrandest.fr\/site\/evenement\/journee-departementale-de-la-donnee-dans-laube\/#breadcrumb"},"inLanguage":"fr-FR","potentialAction":[{"@type":"ReadAction","target":["https:\/\/www.datagrandest.fr\/site\/evenement\/journee-departementale-de-la-donnee-dans-laube\/"]}]},{"@type":"BreadcrumbList","@id":"https:\/\/www.datagrandest.fr\/site\/evenement\/journee-departementale-de-la-donnee-dans-laube\/#breadcrumb","itemListElement":[{"@type":"ListItem","position":1,"name":"Accueil","item":"https:\/\/www.datagrandest.fr\/site\/"},{"@type":"ListItem","position":2,"name":"\u00c9v\u00e9nements","item":"https:\/\/www.datagrandest.fr\/site\/evenement\/"},{"@type":"ListItem","position":3,"name":"Journ\u00e9e d\u00e9partementale de la donn\u00e9e dans l&rsquo;Aube"}]},{"@type":"WebSite","@id":"https:\/\/www.datagrandest.fr\/site\/#website","url":"https:\/\/www.datagrandest.fr\/site\/","name":"DataGrandEst","description":"","potentialAction":[{"@type":"SearchAction","target":{"@type":"EntryPoint","urlTemplate":"https:\/\/www.datagrandest.fr\/site\/?s={search_term_string}"},"query-input":{"@type":"PropertyValueSpecification","valueRequired":true,"valueName":"search_term_string"}}],"inLanguage":"fr-FR"}]}},"_links":{"self":[{"href":"https:\/\/www.datagrandest.fr\/site\/wp-json\/wp\/v2\/evenement\/1313","targetHints":{"allow":["GET"]}}],"collection":[{"href":"https:\/\/www.datagrandest.fr\/site\/wp-json\/wp\/v2\/evenement"}],"about":[{"href":"https:\/\/www.datagrandest.fr\/site\/wp-json\/wp\/v2\/types\/evenement"}],"version-history":[{"count":7,"href":"https:\/\/www.datagrandest.fr\/site\/wp-json\/wp\/v2\/evenement\/1313\/revisions"}],"predecessor-version":[{"id":5187,"href":"https:\/\/www.datagrandest.fr\/site\/wp-json\/wp\/v2\/evenement\/1313\/revisions\/5187"}],"wp:attachment":[{"href":"https:\/\/www.datagrandest.fr\/site\/wp-json\/wp\/v2\/media?parent=1313"}],"wp:term":[{"taxonomy":"periode","embeddable":true,"href":"https:\/\/www.datagrandest.fr\/site\/wp-json\/wp\/v2\/periode?post=1313"},{"taxonomy":"source","embeddable":true,"href":"https:\/\/www.datagrandest.fr\/site\/wp-json\/wp\/v2\/source?post=1313"},{"taxonomy":"thematique_globale","embeddable":true,"href":"https:\/\/www.datagrandest.fr\/site\/wp-json\/wp\/v2\/thematique_globale?post=1313"},{"taxonomy":"type_evenement","embeddable":true,"href":"https:\/\/www.datagrandest.fr\/site\/wp-json\/wp\/v2\/type_evenement?post=1313"}],"curies":[{"name":"wp","href":"https:\/\/api.w.org\/{rel}","templated":true}]}}