{"id":1334,"date":"2024-04-25T12:44:28","date_gmt":"2024-04-25T10:44:28","guid":{"rendered":"https:\/\/dev.datagrandest.fr\/site\/evenement\/groupe-de-travail-occupation-du-sol-grand-est-prairie-presentation-des-travaux-exploratoire-lancement-de-la-phase-de-production\/"},"modified":"2026-03-30T10:06:22","modified_gmt":"2026-03-30T08:06:22","slug":"groupe-de-travail-occupation-du-sol-grand-est-prairie-presentation-des-travaux-exploratoire-lancement-de-la-phase-de-production","status":"publish","type":"evenement","link":"https:\/\/www.datagrandest.fr\/site\/evenement\/groupe-de-travail-occupation-du-sol-grand-est-prairie-presentation-des-travaux-exploratoire-lancement-de-la-phase-de-production\/","title":{"rendered":"GROUPE DE TRAVAIL &#8211; Occupation du sol Grand Est (Prairie) &#8211; Pr\u00e9sentation des travaux exploratoire \u2013 Lancement de la phase de production"},"template":"","meta":{"_acf_changed":false,"_relevanssi_hide_post":"","_relevanssi_hide_content":"","_relevanssi_pin_for_all":"","_relevanssi_pin_keywords":"","_relevanssi_unpin_keywords":"","_relevanssi_related_keywords":"","_relevanssi_related_include_ids":"","_relevanssi_related_exclude_ids":"","_relevanssi_related_no_append":"","_relevanssi_related_not_related":"","_relevanssi_related_posts":"","_relevanssi_noindex_reason":""},"periode":[212],"source":[],"thematique_globale":[],"type_evenement":[230],"class_list":["post-1334","evenement","type-evenement","status-publish","hentry","periode-212","type_evenement-groupe-de-travail"],"acf":{"eve_description_courte":"","eve_description_longue":"<h1 class=\"rtecenter\">GROUPE DE TRAVAIL<\/h1>\r\n<h3 class=\"style-editeur rtecenter\">Occupation du sol Grand Est - Prairie\r\nPr\u00e9sentation des travaux exploratoire \u2013 Lancement de la phase de production<\/h3>\r\n<h3>Date<\/h3>\r\nJeudi 23 mai 2024\r\n\r\nDe 10h30 \u00e0 12h00\r\n\r\n&nbsp;\r\n<h3>Lieu de l'\u00e9v\u00e9nement<\/h3>\r\nCet \u00e9v\u00e9nement se pr\u00e9sentera sous forme de webinaire et sera diffus\u00e9 via\u00a0l'application Teams\r\n<h3>Programme<\/h3>\r\n1) R\u00e9sultats des travaux de la phase exploratoire - Prairies du Grand Est par A2S - 45'\r\n<ul>\r\n \t<li>retour sur la cartographie des retournements par apprentissage supervis\u00e9 \u00e0 partir d'images bi-dates - 10'<\/li>\r\n \t<li>production de s\u00e9ries temporelles d'indicateurs (indices spectraux) - 10'<\/li>\r\n \t<li>retour d'exp\u00e9riences sur l'exploitation de ces donn\u00e9es : G. Gama (CENL) - 15'<\/li>\r\n<\/ul>\r\n&nbsp;\r\n\r\n2) Mise en production : tour de table et identification de porteurs de projets - 30'\r\n<h3>Rendez-vous manqu\u00e9<\/h3>\r\nConsultez la page \"<a href=\"https:\/\/www.datagrandest.fr\/site\/projet\/suivre-loccupation-du-sol-regional\/\">Occupation du sol \u00e0 Grand Echelle en r\u00e9gion Grand Est<\/a>\" de notre site pour d\u00e9couvrir toutes les vid\u00e9os, guides et pr\u00e9sentations des formations et animations donn\u00e9es sur ce sujet !","eve_lieu":"","eve_date":"20240523","eve_date_fin":"20240523","eve_heure_de_debut":"10:30:00","eve_heure_de_fin":"12:00:00","eve_pour_aller_plus_loin":"","eve_animation":false,"glo_image":5396,"glo_intro":"","glo_car_surcharge_titre":"","glo_car_surcharge_lien":""},"yoast_head":"<!-- This site is optimized with the Yoast SEO plugin v27.4 - https:\/\/yoast.com\/product\/yoast-seo-wordpress\/ -->\n<title>GROUPE DE TRAVAIL - Occupation du sol Grand Est (Prairie) - Pr\u00e9sentation des travaux exploratoire \u2013 Lancement de la phase de production - DataGrandEst<\/title>\n<meta name=\"robots\" content=\"index, follow, max-snippet:-1, max-image-preview:large, max-video-preview:-1\" \/>\n<link rel=\"canonical\" href=\"https:\/\/www.datagrandest.fr\/site\/evenement\/groupe-de-travail-occupation-du-sol-grand-est-prairie-presentation-des-travaux-exploratoire-lancement-de-la-phase-de-production\/\" \/>\n<meta property=\"og:locale\" content=\"fr_FR\" \/>\n<meta property=\"og:type\" content=\"article\" \/>\n<meta property=\"og:title\" content=\"GROUPE DE TRAVAIL - Occupation du sol Grand Est (Prairie) - Pr\u00e9sentation des travaux exploratoire \u2013 Lancement de la phase de production - DataGrandEst\" \/>\n<meta property=\"og:url\" content=\"https:\/\/www.datagrandest.fr\/site\/evenement\/groupe-de-travail-occupation-du-sol-grand-est-prairie-presentation-des-travaux-exploratoire-lancement-de-la-phase-de-production\/\" \/>\n<meta property=\"og:site_name\" content=\"DataGrandEst\" \/>\n<meta property=\"article:modified_time\" content=\"2026-03-30T08:06:22+00:00\" \/>\n<meta name=\"twitter:card\" content=\"summary_large_image\" \/>\n<meta name=\"twitter:label1\" content=\"Dur\u00e9e de lecture estim\u00e9e\" \/>\n\t<meta name=\"twitter:data1\" content=\"1 minute\" \/>\n<script type=\"application\/ld+json\" class=\"yoast-schema-graph\">{\"@context\":\"https:\\\/\\\/schema.org\",\"@graph\":[{\"@type\":\"WebPage\",\"@id\":\"https:\\\/\\\/www.datagrandest.fr\\\/site\\\/evenement\\\/groupe-de-travail-occupation-du-sol-grand-est-prairie-presentation-des-travaux-exploratoire-lancement-de-la-phase-de-production\\\/\",\"url\":\"https:\\\/\\\/www.datagrandest.fr\\\/site\\\/evenement\\\/groupe-de-travail-occupation-du-sol-grand-est-prairie-presentation-des-travaux-exploratoire-lancement-de-la-phase-de-production\\\/\",\"name\":\"GROUPE DE TRAVAIL - Occupation du sol Grand Est (Prairie) - Pr\u00e9sentation des travaux exploratoire \u2013 Lancement de la phase de production - DataGrandEst\",\"isPartOf\":{\"@id\":\"https:\\\/\\\/www.datagrandest.fr\\\/site\\\/#website\"},\"datePublished\":\"2024-04-25T10:44:28+00:00\",\"dateModified\":\"2026-03-30T08:06:22+00:00\",\"breadcrumb\":{\"@id\":\"https:\\\/\\\/www.datagrandest.fr\\\/site\\\/evenement\\\/groupe-de-travail-occupation-du-sol-grand-est-prairie-presentation-des-travaux-exploratoire-lancement-de-la-phase-de-production\\\/#breadcrumb\"},\"inLanguage\":\"fr-FR\",\"potentialAction\":[{\"@type\":\"ReadAction\",\"target\":[\"https:\\\/\\\/www.datagrandest.fr\\\/site\\\/evenement\\\/groupe-de-travail-occupation-du-sol-grand-est-prairie-presentation-des-travaux-exploratoire-lancement-de-la-phase-de-production\\\/\"]}]},{\"@type\":\"BreadcrumbList\",\"@id\":\"https:\\\/\\\/www.datagrandest.fr\\\/site\\\/evenement\\\/groupe-de-travail-occupation-du-sol-grand-est-prairie-presentation-des-travaux-exploratoire-lancement-de-la-phase-de-production\\\/#breadcrumb\",\"itemListElement\":[{\"@type\":\"ListItem\",\"position\":1,\"name\":\"Accueil\",\"item\":\"https:\\\/\\\/www.datagrandest.fr\\\/site\\\/\"},{\"@type\":\"ListItem\",\"position\":2,\"name\":\"\u00c9v\u00e9nements\",\"item\":\"https:\\\/\\\/www.datagrandest.fr\\\/site\\\/evenement\\\/\"},{\"@type\":\"ListItem\",\"position\":3,\"name\":\"GROUPE DE TRAVAIL &#8211; Occupation du sol Grand Est (Prairie) &#8211; Pr\u00e9sentation des travaux exploratoire \u2013 Lancement de la phase de production\"}]},{\"@type\":\"WebSite\",\"@id\":\"https:\\\/\\\/www.datagrandest.fr\\\/site\\\/#website\",\"url\":\"https:\\\/\\\/www.datagrandest.fr\\\/site\\\/\",\"name\":\"DataGrandEst\",\"description\":\"\",\"potentialAction\":[{\"@type\":\"SearchAction\",\"target\":{\"@type\":\"EntryPoint\",\"urlTemplate\":\"https:\\\/\\\/www.datagrandest.fr\\\/site\\\/?s={search_term_string}\"},\"query-input\":{\"@type\":\"PropertyValueSpecification\",\"valueRequired\":true,\"valueName\":\"search_term_string\"}}],\"inLanguage\":\"fr-FR\"}]}<\/script>\n<!-- \/ Yoast SEO plugin. -->","yoast_head_json":{"title":"GROUPE DE TRAVAIL - Occupation du sol Grand Est (Prairie) - Pr\u00e9sentation des travaux exploratoire \u2013 Lancement de la phase de production - DataGrandEst","robots":{"index":"index","follow":"follow","max-snippet":"max-snippet:-1","max-image-preview":"max-image-preview:large","max-video-preview":"max-video-preview:-1"},"canonical":"https:\/\/www.datagrandest.fr\/site\/evenement\/groupe-de-travail-occupation-du-sol-grand-est-prairie-presentation-des-travaux-exploratoire-lancement-de-la-phase-de-production\/","og_locale":"fr_FR","og_type":"article","og_title":"GROUPE DE TRAVAIL - Occupation du sol Grand Est (Prairie) - Pr\u00e9sentation des travaux exploratoire \u2013 Lancement de la phase de production - DataGrandEst","og_url":"https:\/\/www.datagrandest.fr\/site\/evenement\/groupe-de-travail-occupation-du-sol-grand-est-prairie-presentation-des-travaux-exploratoire-lancement-de-la-phase-de-production\/","og_site_name":"DataGrandEst","article_modified_time":"2026-03-30T08:06:22+00:00","twitter_card":"summary_large_image","twitter_misc":{"Dur\u00e9e de lecture estim\u00e9e":"1 minute"},"schema":{"@context":"https:\/\/schema.org","@graph":[{"@type":"WebPage","@id":"https:\/\/www.datagrandest.fr\/site\/evenement\/groupe-de-travail-occupation-du-sol-grand-est-prairie-presentation-des-travaux-exploratoire-lancement-de-la-phase-de-production\/","url":"https:\/\/www.datagrandest.fr\/site\/evenement\/groupe-de-travail-occupation-du-sol-grand-est-prairie-presentation-des-travaux-exploratoire-lancement-de-la-phase-de-production\/","name":"GROUPE DE TRAVAIL - Occupation du sol Grand Est (Prairie) - Pr\u00e9sentation des travaux exploratoire \u2013 Lancement de la phase de production - DataGrandEst","isPartOf":{"@id":"https:\/\/www.datagrandest.fr\/site\/#website"},"datePublished":"2024-04-25T10:44:28+00:00","dateModified":"2026-03-30T08:06:22+00:00","breadcrumb":{"@id":"https:\/\/www.datagrandest.fr\/site\/evenement\/groupe-de-travail-occupation-du-sol-grand-est-prairie-presentation-des-travaux-exploratoire-lancement-de-la-phase-de-production\/#breadcrumb"},"inLanguage":"fr-FR","potentialAction":[{"@type":"ReadAction","target":["https:\/\/www.datagrandest.fr\/site\/evenement\/groupe-de-travail-occupation-du-sol-grand-est-prairie-presentation-des-travaux-exploratoire-lancement-de-la-phase-de-production\/"]}]},{"@type":"BreadcrumbList","@id":"https:\/\/www.datagrandest.fr\/site\/evenement\/groupe-de-travail-occupation-du-sol-grand-est-prairie-presentation-des-travaux-exploratoire-lancement-de-la-phase-de-production\/#breadcrumb","itemListElement":[{"@type":"ListItem","position":1,"name":"Accueil","item":"https:\/\/www.datagrandest.fr\/site\/"},{"@type":"ListItem","position":2,"name":"\u00c9v\u00e9nements","item":"https:\/\/www.datagrandest.fr\/site\/evenement\/"},{"@type":"ListItem","position":3,"name":"GROUPE DE TRAVAIL &#8211; Occupation du sol Grand Est (Prairie) &#8211; Pr\u00e9sentation des travaux exploratoire \u2013 Lancement de la phase de production"}]},{"@type":"WebSite","@id":"https:\/\/www.datagrandest.fr\/site\/#website","url":"https:\/\/www.datagrandest.fr\/site\/","name":"DataGrandEst","description":"","potentialAction":[{"@type":"SearchAction","target":{"@type":"EntryPoint","urlTemplate":"https:\/\/www.datagrandest.fr\/site\/?s={search_term_string}"},"query-input":{"@type":"PropertyValueSpecification","valueRequired":true,"valueName":"search_term_string"}}],"inLanguage":"fr-FR"}]}},"_links":{"self":[{"href":"https:\/\/www.datagrandest.fr\/site\/wp-json\/wp\/v2\/evenement\/1334","targetHints":{"allow":["GET"]}}],"collection":[{"href":"https:\/\/www.datagrandest.fr\/site\/wp-json\/wp\/v2\/evenement"}],"about":[{"href":"https:\/\/www.datagrandest.fr\/site\/wp-json\/wp\/v2\/types\/evenement"}],"version-history":[{"count":3,"href":"https:\/\/www.datagrandest.fr\/site\/wp-json\/wp\/v2\/evenement\/1334\/revisions"}],"predecessor-version":[{"id":5418,"href":"https:\/\/www.datagrandest.fr\/site\/wp-json\/wp\/v2\/evenement\/1334\/revisions\/5418"}],"wp:attachment":[{"href":"https:\/\/www.datagrandest.fr\/site\/wp-json\/wp\/v2\/media?parent=1334"}],"wp:term":[{"taxonomy":"periode","embeddable":true,"href":"https:\/\/www.datagrandest.fr\/site\/wp-json\/wp\/v2\/periode?post=1334"},{"taxonomy":"source","embeddable":true,"href":"https:\/\/www.datagrandest.fr\/site\/wp-json\/wp\/v2\/source?post=1334"},{"taxonomy":"thematique_globale","embeddable":true,"href":"https:\/\/www.datagrandest.fr\/site\/wp-json\/wp\/v2\/thematique_globale?post=1334"},{"taxonomy":"type_evenement","embeddable":true,"href":"https:\/\/www.datagrandest.fr\/site\/wp-json\/wp\/v2\/type_evenement?post=1334"}],"curies":[{"name":"wp","href":"https:\/\/api.w.org\/{rel}","templated":true}]}}