{"id":1338,"date":"2024-02-26T02:25:46","date_gmt":"2024-02-26T01:25:46","guid":{"rendered":"https:\/\/dev.datagrandest.fr\/site\/evenement\/journee-danimation-datagrandest-les-donnees-doccupation-du-sol-ocs\/"},"modified":"2026-03-23T17:35:19","modified_gmt":"2026-03-23T16:35:19","slug":"journee-danimation-datagrandest-les-donnees-doccupation-du-sol-ocs","status":"publish","type":"evenement","link":"https:\/\/www.datagrandest.fr\/site\/evenement\/journee-danimation-datagrandest-les-donnees-doccupation-du-sol-ocs\/","title":{"rendered":"Journ\u00e9e d&rsquo;animation DataGrandEst : Les donn\u00e9es d&rsquo;occupation du sol (OCS)"},"template":"","meta":{"_acf_changed":false,"_relevanssi_hide_post":"","_relevanssi_hide_content":"","_relevanssi_pin_for_all":"","_relevanssi_pin_keywords":"","_relevanssi_unpin_keywords":"","_relevanssi_related_keywords":"","_relevanssi_related_include_ids":"","_relevanssi_related_exclude_ids":"","_relevanssi_related_no_append":"","_relevanssi_related_not_related":"","_relevanssi_related_posts":"","_relevanssi_noindex_reason":""},"periode":[212],"source":[],"thematique_globale":[40],"type_evenement":[146],"class_list":["post-1338","evenement","type-evenement","status-publish","hentry","periode-212","thematique_globale-occupation-du-sol","type_evenement-journee-thematique"],"acf":{"eve_description_courte":"","eve_description_longue":"<h1 class=\"rtecenter\">Les donn\u00e9es d'occupation du sol en Grand Est<\/h1>\r\n<p class=\"rtecenter\"><span style=\"font-size: 18px;\">Le r\u00e9f\u00e9rentiel r\u00e9gional OCS Grand Est au service des territoires<\/span><\/p>\r\n<p class=\"rtecenter\"><strong>____________________<\/strong><\/p>\r\n\r\n<h4 class=\"rtecenter\"><span style=\"font-size: 20px;\">Mardi 15 octobre 2024\u00a0 |\u00a0 De 9h30 \u00e0 16h30<\/span><\/h4>\r\n<h5 class=\"rtecenter\"><span style=\"font-size: 16px;\">Si\u00e8ge du Conseil R\u00e9gional | 1 Place Adrien Zeller | 67000 Strasbourg<\/span><\/h5>\r\n<span style=\"font-size: 16px;\">Depuis juin 2024, les donn\u00e9es du 3\u00b0 mill\u00e9sime de l\u2019OCS Grand Est ainsi qu'une nouvelle palette d'outils et de services sont disponibles sur DataGrandEst.<\/span>\r\n\r\n<span style=\"font-size: 16px;\">Mais en quoi consistent ces donn\u00e9es ? Comment ont-elles \u00e9t\u00e9 produites et qualifi\u00e9es ? Qui peut s'en servir ? De quelle mani\u00e8re et pour quoi faire ? Avec quels outils ? En particulier, comment les utiliser pour r\u00e9pondre \u00e0 des enjeux r\u00e9glementaires nationaux tels que le ZAN dans le cadre de la Loi Climat et R\u00e9silience et aux objectifs r\u00e9gionaux du SRADDET ?<\/span>\r\n\r\n<span style=\"font-size: 16px;\">Pr\u00e9sentation de cas d'usages, retours d'exp\u00e9riences, d\u00e9monstrations interactives... que vous soyez \u00e9lu, chef de service, technicien, charg\u00e9 de mission, data scientist, g\u00e9omaticien ou curieux\u2026 cette journ\u00e9e sera l'occasion de d\u00e9couvrir tout ce que vous avez toujours souhait\u00e9 savoir sur les donn\u00e9es d'occupation du sol sans jamais oser le demander !<\/span>\r\n<div class=\"panel panel-warning\">\r\n<div class=\"panel-heading\">\r\n<h4><span style=\"font-size: 22px;\">Programme\u00a0<\/span><\/h4>\r\n<\/div>\r\n<\/div>\r\n<span style=\"font-size: 16px;\"><strong>09h30<\/strong>\u00a0 |\u00a0\u00a0Accueil des participants autour d'un caf\u00e9<\/span>\r\n\r\n<span style=\"font-size: 16px;\"><strong>10h00<\/strong>\u00a0 |\u00a0\u00a0Mot de bienvenue et introduction de la journ\u00e9e<\/span>\r\n<span style=\"font-size: 16px;\">\u00a0 \u00a0\u00a0\u00a0\u00a0\u00a0\u00a0\u00a0\u00a0\u00a0\u00a0\u00a0\u00a0\u00a0 <em>Eric TSCHUDY (DREAL Grand Est) et Guillaume RYCKELYNCK (R\u00e9gion Grand Est)<\/em><\/span>\r\n\r\n<span style=\"font-size: 16px;\"><strong>10h05<\/strong>\u00a0 |\u00a0\u00a0L'OCS Grand Est : pourquoi, comment ?<\/span>\r\n<ul>\r\n \t<li><span style=\"font-size: 16px;\">Enjeux strat\u00e9giques et historiques\u00a0de la gestion fonci\u00e8re pour les politiques publiques - <em>Philippe MEYOUR (DREAL Grand Est) et Katia CHMIELCZYK (R\u00e9gion Grand Est)<\/em><\/span><\/li>\r\n \t<li><span style=\"font-size: 16px;\">La d\u00e9marche d'occupation du sol en Grand Est <\/span><em><span style=\"font-size: 16px;\">- Marie-Christine SCHOTT (R\u00e9gion Grand Est) et Fran\u00e7ois MATHONNET (DREAL Grand Est)<\/span><\/em><\/li>\r\n<\/ul>\r\n<span style=\"font-size: 16px;\"><strong>10h30<\/strong>\u00a0 |\u00a0\u00a0L'OCS Grand Est : des produits cl\u00e9 en main<\/span>\r\n<ul>\r\n \t<li><span style=\"font-size: 16px;\">Des donn\u00e9es haut de <em>gamme - Xavier CHEIPPE (DREAL Grand Est)<\/em><\/span><\/li>\r\n \t<li><span style=\"font-size: 16px;\">Une palette d'outils et de services pour faciliter les usages <em>- Clara LEVEQUE (OID pour la R\u00e9gion Grand Est)<\/em><\/span><\/li>\r\n<\/ul>\r\n<span style=\"font-size: 16px;\"><strong>11h15<\/strong>\u00a0 |\u00a0\u00a0L'OCS Grand Est : quels usages ?<\/span>\r\n\r\n<span style=\"font-size: 16px;\"><em>Table ronde et \u00e9changes avec la salle :<\/em><\/span>\r\n<ul>\r\n \t<li><span style=\"font-size: 16px;\">La r\u00e9vision du SCOT Sud 54 - <em>Benjamin LAMBERT (Syndicat mixte de la Multipole Nancy Sud Lorraine)<\/em><\/span><\/li>\r\n \t<li><span style=\"font-size: 16px;\">L\u2019observatoire du foncier en Alsace - <em>Pierre-Olivier PECCOZ (Agence d\u2019urbanisme de Strasbourg - ADEUS)<\/em><\/span><\/li>\r\n \t<li><span style=\"font-size: 16px;\">L\u2019imperm\u00e9abilit\u00e9 des petits bassins versants - <em>C\u00e9cile ALPY (Direction D\u00e9partementale des Territoires du Bas-Rhin - DDT 67)<\/em><\/span><\/li>\r\n \t<li><span style=\"font-size: 16px;\">Enrichissement de la Trame Verte et Bleue et ciblage des espaces \u00e0 enjeux <em>-\u00a0Guillaume LIMBACH (PETR Bruche Mossig)<\/em><\/span><\/li>\r\n<\/ul>\r\n<span style=\"font-size: 16px;\"><strong>12h15<\/strong>\u00a0 |\u00a0\u00a0Buffet d\u00e9jeunatoire<\/span>\r\n\r\n<span style=\"font-size: 16px;\"><strong>13h45<\/strong>\u00a0 |\u00a0\u00a0Un apr\u00e8s-midi pour aller plus loin<\/span>\r\n\r\n<span style=\"font-size: 16px;\"><em>Des espaces de pr\u00e9sentation et d'\u00e9changes pour approfondir votre connaissance de l'OCS Grand Est, d\u00e9couvrir les potentiels d'usages et vous permettre de prendre en main les outils et les services propos\u00e9s :<\/em><\/span>\r\n<ul>\r\n \t<li><span style=\"font-size: 16px;\">Pour utiliser les outils et les services : portraits de territoire, consommation d'espace et artificialisation, services en ligne... <\/span>\r\n<em><span style=\"font-size: 16px;\">Eric TSCHUDY (DREAL Grand Est) et Clara LEVEQUE (OID pour la R\u00e9gion Grand Est)<\/span><\/em><\/li>\r\n \t<li><span style=\"font-size: 16px;\">Pour en savoir plus sur les donn\u00e9es : nomenclature et sp\u00e9cifications, correspondance couverture du sol et Loi Climat et R\u00e9silience, outils QGIS...\r\n<em>Xavier CHEIPPE et Nicolas VOLKRINGER (DREAL Grand Est) \/ Jean Pierre RODRIGUEZ (R\u00e9gion Grand Est) et Jean-Marc HANCZYK (DDT de la Marne)<\/em><\/span><\/li>\r\n<\/ul>\r\n<span style=\"font-size: 16px;\"><strong>16h00<\/strong>\u00a0 |\u00a0\u00a0Et demain : la feuille de route de l'OCS Grand Est\r\n<em>\u00a0\u00a0\u00a0\u00a0\u00a0\u00a0\u00a0\u00a0\u00a0\u00a0\u00a0\u00a0\u00a0\u00a0\u00a0 Marie-Christine SCHOTT (R\u00e9gion Grand Est) et Fran\u00e7ois MATHONNET (DREAL Grand Est)<\/em><\/span>\r\n\r\n<span style=\"font-size: 16px;\"><strong>16h25<\/strong>\u00a0 |\u00a0 Synth\u00e8se et conclusion de la journ\u00e9e\u00a0<\/span>\r\n<p class=\"rtecenter\"><\/p>","eve_lieu":"","eve_date":"20241015","eve_date_fin":"20241015","eve_heure_de_debut":"09:30:00","eve_heure_de_fin":"09:30:00","eve_pour_aller_plus_loin":"<h3>Pr\u00e9sentation de la journ\u00e9e<\/h3>\r\nEv\u00e9nement tenu le mardi 15 octobre 2024 \u00e0 Strasbourg.\r\n\r\nDepuis juin 2024, les donn\u00e9es du 3\u00b0 mill\u00e9sime de l\u2019OCS Grand Est ainsi qu'une nouvelle palette d'outils et de services sont disponibles sur DataGrandEst.\r\nMais en quoi consistent ces donn\u00e9es ? Comment ont-elles \u00e9t\u00e9 produites et qualifi\u00e9es ? Qui peut s'en servir ? De quelle mani\u00e8re et pour quoi faire ? Avec quels outils ?\r\nEn particulier, comment les utiliser pour r\u00e9pondre \u00e0 des enjeux r\u00e9glementaires nationaux tels que le Z\u00e9ro Artificialisation Nette (ZAN) dans le cadre de la Loi Climat et R\u00e9silience et aux objectifs r\u00e9gionaux du Sch\u00e9mas r\u00e9gionaux d'am\u00e9nagement, de d\u00e9veloppement durable et d'\u00e9galit\u00e9 des territoires (SRADDET) ?\r\n\r\nCette journ\u00e9e a \u00e9t\u00e9 l'occasion de pr\u00e9sentations de cas d'usages, de retours d'exp\u00e9riences, de d\u00e9monstrations interactives...\r\nUn large public (\u00e9lus, chefs de service, techniciens, charg\u00e9 de missions, data scientists, g\u00e9omaticiens ou simple curieux) a ainsi pu d\u00e9couvrir, au-del\u00e0 des donn\u00e9es d'occupation du sol, une palette d'outils et de services directement utilisables pour r\u00e9pondre aux enjeux des territoires.\r\n\r\n-&gt;\u00a0<a href=\"\/site\/portail\/sites\/default\/files\/dge-animation-jt_ocs-20241015_synthese.pdf\">D\u00e9couvrez la synth\u00e8se de la journ\u00e9e<\/a>\r\n<h3>Les interventions<\/h3>\r\n<strong>L'OCS Grand Est : pourquoi, comment ?<\/strong>\r\n<ul>\r\n \t<li>Enjeux strat\u00e9giques et historiques\u00a0de la gestion fonci\u00e8re pour les politiques publiques\r\n<em>Philippe MEYOUR (DREAL Grand Est) et Katia CHMIELCZYK (R\u00e9gion Grand Est)<\/em>\r\n<a href=\"\/site\/portail\/sites\/default\/files\/1-enjeux-strategie_ocs_pme_kch.pdf\">Lire la pr\u00e9sentation<\/a><\/li>\r\n<\/ul>\r\n<ul>\r\n \t<li>La d\u00e9marche d'occupation du sol en Grand Est\r\n<em>Marie-Christine SCHOTT (R\u00e9gion Grand Est) et Fran\u00e7ois MATHONNET (DREAL Grand Est)<\/em>\r\n<a href=\"\/site\/portail\/sites\/default\/files\/2-demarche_ocs_mcs_fma.pdf\">Lire la pr\u00e9sentation<\/a><\/li>\r\n<\/ul>\r\n<strong>L'OCS Grand Est : des produits cl\u00e9 en main<\/strong>\r\n<ul>\r\n \t<li>Des donn\u00e9es haut de\u00a0<em>gamme\r\nXavier CHEIPPE (DREAL Grand Est)<\/em>\r\n<a href=\"\/site\/portail\/sites\/default\/files\/3-ocs_nomenclature_xch.pdf\">Lire la pr\u00e9sentation<\/a><\/li>\r\n<\/ul>\r\n<ul>\r\n \t<li>Une palette d'outils et de services pour faciliter les usages\r\n<em>Clara LEVEQUE (OID pour la R\u00e9gion Grand Est)<\/em>\r\n<a href=\"\/site\/portail\/sites\/default\/files\/4-ocs_outils_services_cle.pdf\">Lire la pr\u00e9sentation<\/a><\/li>\r\n<\/ul>\r\n<strong>L'OCS Grand Est : quels usages ?<\/strong>\r\n\r\n<em>Table ronde et \u00e9changes avec la salle :<\/em>\r\n<ul>\r\n \t<li>La r\u00e9vision du SCOT Sud 54 -\u00a0<em>Benjamin LAMBERT (Syndicat mixte de la Multipole Nancy Sud Lorraine)<\/em><\/li>\r\n \t<li>L\u2019observatoire du foncier en Alsace -\u00a0<em>Pierre-Olivier PECCOZ (Agence d\u2019urbanisme de Strasbourg - ADEUS)<\/em><\/li>\r\n \t<li>L\u2019imperm\u00e9abilit\u00e9 des petits bassins versants -\u00a0<em>C\u00e9cile ALPY (Direction D\u00e9partementale des Territoires du Bas-Rhin - DDT 67)<\/em><\/li>\r\n \t<li>Enrichissement de la Trame Verte et Bleue et ciblage des espaces \u00e0 enjeux\u00a0<em>-\u00a0Guillaume LIMBACH (PETR Bruche Mossig)<\/em><\/li>\r\n<\/ul>\r\n<a href=\"\/site\/portail\/sites\/default\/files\/5-jtocs_2024-10-15_table_ronde.pdf\">Lire la synth\u00e8se<\/a>\r\n\r\n<strong>Un apr\u00e8s-midi pour aller plus loin<\/strong>\r\n\r\n<em>Des espaces de pr\u00e9sentation et d'\u00e9changes pour approfondir votre connaissance de l'OCS Grand Est, d\u00e9couvrir les potentiels d'usages et vous permettre de prendre en main les outils et les services propos\u00e9s :<\/em>\r\n<ul>\r\n \t<li>Pour utiliser les outils et les services : portraits de territoire, consommation d'espace et artificialisation, services en ligne...\r\n<em>Eric TSCHUDY (DREAL Grand Est) et Clara LEVEQUE (OID pour la R\u00e9gion Grand Est)<\/em>\r\n<a href=\"\/site\/portail\/sites\/default\/files\/6-ocs_ateliers_outils_services_ets_cle.pdf\">Lire la pr\u00e9sentation<\/a><\/li>\r\n<\/ul>\r\n<ul>\r\n \t<li>Pour en savoir plus sur les donn\u00e9es : nomenclature et sp\u00e9cifications, correspondance couverture du sol et Loi Climat et R\u00e9silience\r\n<em>Xavier CHEIPPE (DREAL Grand Est)<\/em>\r\n<a href=\"\/site\/portail\/sites\/default\/files\/7_ocs_atelier_donnees_dreal_ge.pdf\">Lire la pr\u00e9sentation<\/a><\/li>\r\n \t<li>Nomenclature et croisement des donn\u00e9es d'occupation du sol : la mod\u00e9lisation avec l'application QGIS\r\n<em>Nicolas VOLKRINGER (DREAL Grand Est)<\/em>\r\n<a href=\"\/site\/portail\/sites\/default\/files\/8-ocs_qgis_dreal_ge.pdf\">Lire la pr\u00e9sentation<\/a><\/li>\r\n \t<li>Un acc\u00e8s facilit\u00e9 \u00e0 la repr\u00e9sentation des donn\u00e9es avec Postgres\r\n<em>Jean-Marc HANCZYK (DDT de la Marne)<\/em>\r\n<a href=\"\/site\/portail\/sites\/default\/files\/9-ocs_postgre_ddt51.pdf\">Lire la pr\u00e9sentation<\/a><\/li>\r\n<\/ul>\r\n<strong>Conclusion et perspectives de l'OCS Grand Est<\/strong>\r\n<em>Marie-Christine SCHOTT (R\u00e9gion Grand Est) et Fran\u00e7ois MATHONNET (DREAL Grand Est)<\/em>\r\n<h3>Pour en savoir plus<\/h3>\r\n<strong>Quelques sources de donn\u00e9es\u00a0<\/strong>\r\n<ul>\r\n \t<li>Outil permettant l'analyse entre les diff\u00e9rents mill\u00e9simes de l'OCS et les couches du G\u00e9oportail d'urbanisme\r\n<a href=\"https:\/\/www.datagrandest.fr\/tools\/compare\/?L=1&amp;I1=ocs_grand_est_2021&amp;I2=gpu_zonage_rnu&amp;X=3.94001&amp;Y=49.0111&amp;Z=15&amp;O1=1&amp;O2=1\">DuoCarto Grand Est<\/a><\/li>\r\n \t<li>Portail permettant l'analyse et l'\u00e9volution de l'OCS dans la r\u00e9gion Grand Est \u00e0 diff\u00e9rentes \u00e9chelles.\r\n<a href=\"https:\/\/ocs.datagrandest.fr\/explorer\/region\/44\/2010\/2021\/1\">Occupation du sol Grand Est<\/a><\/li>\r\n<\/ul>","eve_animation":true,"glo_image":3688,"glo_intro":"","glo_car_surcharge_titre":"","glo_car_surcharge_lien":""},"yoast_head":"<!-- This site is optimized with the Yoast SEO plugin v27.4 - https:\/\/yoast.com\/product\/yoast-seo-wordpress\/ -->\n<title>Journ\u00e9e d&#039;animation DataGrandEst : Les donn\u00e9es d&#039;occupation du sol (OCS) - DataGrandEst<\/title>\n<meta name=\"robots\" content=\"index, follow, max-snippet:-1, max-image-preview:large, max-video-preview:-1\" \/>\n<link rel=\"canonical\" href=\"https:\/\/www.datagrandest.fr\/site\/evenement\/journee-danimation-datagrandest-les-donnees-doccupation-du-sol-ocs\/\" \/>\n<meta property=\"og:locale\" content=\"fr_FR\" \/>\n<meta property=\"og:type\" content=\"article\" \/>\n<meta property=\"og:title\" content=\"Journ\u00e9e d&#039;animation DataGrandEst : Les donn\u00e9es d&#039;occupation du sol (OCS) - DataGrandEst\" \/>\n<meta property=\"og:url\" content=\"https:\/\/www.datagrandest.fr\/site\/evenement\/journee-danimation-datagrandest-les-donnees-doccupation-du-sol-ocs\/\" \/>\n<meta property=\"og:site_name\" content=\"DataGrandEst\" \/>\n<meta property=\"article:modified_time\" content=\"2026-03-23T16:35:19+00:00\" \/>\n<meta name=\"twitter:card\" content=\"summary_large_image\" \/>\n<meta name=\"twitter:label1\" content=\"Dur\u00e9e de lecture estim\u00e9e\" \/>\n\t<meta name=\"twitter:data1\" content=\"6 minutes\" \/>\n<script type=\"application\/ld+json\" class=\"yoast-schema-graph\">{\"@context\":\"https:\\\/\\\/schema.org\",\"@graph\":[{\"@type\":\"WebPage\",\"@id\":\"https:\\\/\\\/www.datagrandest.fr\\\/site\\\/evenement\\\/journee-danimation-datagrandest-les-donnees-doccupation-du-sol-ocs\\\/\",\"url\":\"https:\\\/\\\/www.datagrandest.fr\\\/site\\\/evenement\\\/journee-danimation-datagrandest-les-donnees-doccupation-du-sol-ocs\\\/\",\"name\":\"Journ\u00e9e d'animation DataGrandEst : Les donn\u00e9es d'occupation du sol (OCS) - DataGrandEst\",\"isPartOf\":{\"@id\":\"https:\\\/\\\/www.datagrandest.fr\\\/site\\\/#website\"},\"datePublished\":\"2024-02-26T01:25:46+00:00\",\"dateModified\":\"2026-03-23T16:35:19+00:00\",\"breadcrumb\":{\"@id\":\"https:\\\/\\\/www.datagrandest.fr\\\/site\\\/evenement\\\/journee-danimation-datagrandest-les-donnees-doccupation-du-sol-ocs\\\/#breadcrumb\"},\"inLanguage\":\"fr-FR\",\"potentialAction\":[{\"@type\":\"ReadAction\",\"target\":[\"https:\\\/\\\/www.datagrandest.fr\\\/site\\\/evenement\\\/journee-danimation-datagrandest-les-donnees-doccupation-du-sol-ocs\\\/\"]}]},{\"@type\":\"BreadcrumbList\",\"@id\":\"https:\\\/\\\/www.datagrandest.fr\\\/site\\\/evenement\\\/journee-danimation-datagrandest-les-donnees-doccupation-du-sol-ocs\\\/#breadcrumb\",\"itemListElement\":[{\"@type\":\"ListItem\",\"position\":1,\"name\":\"Accueil\",\"item\":\"https:\\\/\\\/www.datagrandest.fr\\\/site\\\/\"},{\"@type\":\"ListItem\",\"position\":2,\"name\":\"\u00c9v\u00e9nements\",\"item\":\"https:\\\/\\\/www.datagrandest.fr\\\/site\\\/evenement\\\/\"},{\"@type\":\"ListItem\",\"position\":3,\"name\":\"Journ\u00e9e d&rsquo;animation DataGrandEst : Les donn\u00e9es d&rsquo;occupation du sol (OCS)\"}]},{\"@type\":\"WebSite\",\"@id\":\"https:\\\/\\\/www.datagrandest.fr\\\/site\\\/#website\",\"url\":\"https:\\\/\\\/www.datagrandest.fr\\\/site\\\/\",\"name\":\"DataGrandEst\",\"description\":\"\",\"potentialAction\":[{\"@type\":\"SearchAction\",\"target\":{\"@type\":\"EntryPoint\",\"urlTemplate\":\"https:\\\/\\\/www.datagrandest.fr\\\/site\\\/?s={search_term_string}\"},\"query-input\":{\"@type\":\"PropertyValueSpecification\",\"valueRequired\":true,\"valueName\":\"search_term_string\"}}],\"inLanguage\":\"fr-FR\"}]}<\/script>\n<!-- \/ Yoast SEO plugin. -->","yoast_head_json":{"title":"Journ\u00e9e d'animation DataGrandEst : Les donn\u00e9es d'occupation du sol (OCS) - DataGrandEst","robots":{"index":"index","follow":"follow","max-snippet":"max-snippet:-1","max-image-preview":"max-image-preview:large","max-video-preview":"max-video-preview:-1"},"canonical":"https:\/\/www.datagrandest.fr\/site\/evenement\/journee-danimation-datagrandest-les-donnees-doccupation-du-sol-ocs\/","og_locale":"fr_FR","og_type":"article","og_title":"Journ\u00e9e d'animation DataGrandEst : Les donn\u00e9es d'occupation du sol (OCS) - DataGrandEst","og_url":"https:\/\/www.datagrandest.fr\/site\/evenement\/journee-danimation-datagrandest-les-donnees-doccupation-du-sol-ocs\/","og_site_name":"DataGrandEst","article_modified_time":"2026-03-23T16:35:19+00:00","twitter_card":"summary_large_image","twitter_misc":{"Dur\u00e9e de lecture estim\u00e9e":"6 minutes"},"schema":{"@context":"https:\/\/schema.org","@graph":[{"@type":"WebPage","@id":"https:\/\/www.datagrandest.fr\/site\/evenement\/journee-danimation-datagrandest-les-donnees-doccupation-du-sol-ocs\/","url":"https:\/\/www.datagrandest.fr\/site\/evenement\/journee-danimation-datagrandest-les-donnees-doccupation-du-sol-ocs\/","name":"Journ\u00e9e d'animation DataGrandEst : Les donn\u00e9es d'occupation du sol (OCS) - DataGrandEst","isPartOf":{"@id":"https:\/\/www.datagrandest.fr\/site\/#website"},"datePublished":"2024-02-26T01:25:46+00:00","dateModified":"2026-03-23T16:35:19+00:00","breadcrumb":{"@id":"https:\/\/www.datagrandest.fr\/site\/evenement\/journee-danimation-datagrandest-les-donnees-doccupation-du-sol-ocs\/#breadcrumb"},"inLanguage":"fr-FR","potentialAction":[{"@type":"ReadAction","target":["https:\/\/www.datagrandest.fr\/site\/evenement\/journee-danimation-datagrandest-les-donnees-doccupation-du-sol-ocs\/"]}]},{"@type":"BreadcrumbList","@id":"https:\/\/www.datagrandest.fr\/site\/evenement\/journee-danimation-datagrandest-les-donnees-doccupation-du-sol-ocs\/#breadcrumb","itemListElement":[{"@type":"ListItem","position":1,"name":"Accueil","item":"https:\/\/www.datagrandest.fr\/site\/"},{"@type":"ListItem","position":2,"name":"\u00c9v\u00e9nements","item":"https:\/\/www.datagrandest.fr\/site\/evenement\/"},{"@type":"ListItem","position":3,"name":"Journ\u00e9e d&rsquo;animation DataGrandEst : Les donn\u00e9es d&rsquo;occupation du sol (OCS)"}]},{"@type":"WebSite","@id":"https:\/\/www.datagrandest.fr\/site\/#website","url":"https:\/\/www.datagrandest.fr\/site\/","name":"DataGrandEst","description":"","potentialAction":[{"@type":"SearchAction","target":{"@type":"EntryPoint","urlTemplate":"https:\/\/www.datagrandest.fr\/site\/?s={search_term_string}"},"query-input":{"@type":"PropertyValueSpecification","valueRequired":true,"valueName":"search_term_string"}}],"inLanguage":"fr-FR"}]}},"_links":{"self":[{"href":"https:\/\/www.datagrandest.fr\/site\/wp-json\/wp\/v2\/evenement\/1338","targetHints":{"allow":["GET"]}}],"collection":[{"href":"https:\/\/www.datagrandest.fr\/site\/wp-json\/wp\/v2\/evenement"}],"about":[{"href":"https:\/\/www.datagrandest.fr\/site\/wp-json\/wp\/v2\/types\/evenement"}],"version-history":[{"count":4,"href":"https:\/\/www.datagrandest.fr\/site\/wp-json\/wp\/v2\/evenement\/1338\/revisions"}],"predecessor-version":[{"id":5195,"href":"https:\/\/www.datagrandest.fr\/site\/wp-json\/wp\/v2\/evenement\/1338\/revisions\/5195"}],"wp:attachment":[{"href":"https:\/\/www.datagrandest.fr\/site\/wp-json\/wp\/v2\/media?parent=1338"}],"wp:term":[{"taxonomy":"periode","embeddable":true,"href":"https:\/\/www.datagrandest.fr\/site\/wp-json\/wp\/v2\/periode?post=1338"},{"taxonomy":"source","embeddable":true,"href":"https:\/\/www.datagrandest.fr\/site\/wp-json\/wp\/v2\/source?post=1338"},{"taxonomy":"thematique_globale","embeddable":true,"href":"https:\/\/www.datagrandest.fr\/site\/wp-json\/wp\/v2\/thematique_globale?post=1338"},{"taxonomy":"type_evenement","embeddable":true,"href":"https:\/\/www.datagrandest.fr\/site\/wp-json\/wp\/v2\/type_evenement?post=1338"}],"curies":[{"name":"wp","href":"https:\/\/api.w.org\/{rel}","templated":true}]}}