{"id":1348,"date":"2024-01-16T10:18:10","date_gmt":"2024-01-16T09:18:10","guid":{"rendered":"https:\/\/dev.datagrandest.fr\/site\/evenement\/groupe-de-travail-standardise-tes-donnes-damenagements-cyclables\/"},"modified":"2026-03-30T10:08:40","modified_gmt":"2026-03-30T08:08:40","slug":"groupe-de-travail-standardise-tes-donnes-damenagements-cyclables","status":"publish","type":"evenement","link":"https:\/\/www.datagrandest.fr\/site\/evenement\/groupe-de-travail-standardise-tes-donnes-damenagements-cyclables\/","title":{"rendered":"GROUPE DE TRAVAIL &#8211; Standardise tes donn\u00e9s d&rsquo;am\u00e9nagements cyclables"},"template":"","meta":{"_acf_changed":false,"_relevanssi_hide_post":"","_relevanssi_hide_content":"","_relevanssi_pin_for_all":"","_relevanssi_pin_keywords":"","_relevanssi_unpin_keywords":"","_relevanssi_related_keywords":"","_relevanssi_related_include_ids":"","_relevanssi_related_exclude_ids":"","_relevanssi_related_no_append":"","_relevanssi_related_not_related":"","_relevanssi_related_posts":"","_relevanssi_noindex_reason":""},"periode":[212],"source":[],"thematique_globale":[],"type_evenement":[230],"class_list":["post-1348","evenement","type-evenement","status-publish","hentry","periode-212","type_evenement-groupe-de-travail"],"acf":{"eve_description_courte":"","eve_description_longue":"<h1 class=\"rtecenter\">GROUPE DE TRAVAIL<\/h1>\r\n<h3 class=\"style-editeur rtecenter\">Standardise tes donn\u00e9s d'am\u00e9nagements cyclables<\/h3>\r\n<h3>Date<\/h3>\r\nJeudi 1 f\u00e9vrier 2024\r\n\r\nDe 14h \u00e0 16h\r\n\r\n&nbsp;\r\n<h3>Lieu de l'\u00e9v\u00e9nement<\/h3>\r\nCet \u00e9v\u00e9nement se pr\u00e9sentera sous forme de webinaire et sera diffus\u00e9 via\u00a0l'application Teams :\r\n<h3>Programme<\/h3>\r\nProjet d'ordre du jour :\r\n<ul>\r\n \t<li>Etat des lieux v\u00e9lo Grand Est + Plan r\u00e9gional v\u00e9lo, R\u00e9gion Grand Est (Cl\u00e9ment Bouch\u00e8re, Leopold Shihin)<\/li>\r\n \t<li>Pr\u00e9sentation du futur portail des mobilit\u00e9s, R\u00e9gion Grand Est (Cl\u00e9ment Bouch\u00e8re, Leopold Shihin)<\/li>\r\n \t<li>Retour d\u2019exp\u00e9rience de la CEA sur l'accompagnement des EPCI pour la num\u00e9risation des donn\u00e9es d'am\u00e9nagement cyclable, CEA (Guillaume Lequy)<\/li>\r\n \t<li>Retour sur les tests de mise au standard, (animation - Clara L\u00e9v\u00e9que - Eric Tschudy) \u2022 Prochaines actions \u00e0 mettre en \u0153uvre<\/li>\r\n<\/ul>\r\nPour m\u00e9moire, en derni\u00e8re r\u00e9union, nous vous avions invit\u00e9 \u00e0 tester la mise au standard de la fa\u00e7on suivante :\r\n<ul>\r\n \t<li>Aller sur <a href=\"https:\/\/transport.data.gouv.fr\/datasets\/region\/4?q=&amp;type=bike-way\">https:\/\/transport.data.gouv.fr\/datasets\/region\/4?q=&amp;type=bike-way<\/a><\/li>\r\n \t<li>T\u00e9l\u00e9charger un jeu de donn\u00e9es (Metz ou Strasbourg)<\/li>\r\n \t<li>Comparer vos donn\u00e9es \u00e0 ces derni\u00e8res (tables et g\u00e9om\u00e9tries)<\/li>\r\n \t<li>Tester et valider vos donn\u00e9es sur <a href=\"https:\/\/publier.etalab.studio\">https:\/\/publier.etalab.studio<\/a><\/li>\r\n<\/ul>\r\nFaites-nous un retour de vos tests pour la prochaine r\u00e9union SVP Si vous avez eu le temps de faire ces tests, vous pourrez ainsi nous faire un retour pour cette r\u00e9union.\r\n\r\n&nbsp;\r\n<h3>Rendez-vous manqu\u00e9<\/h3>\r\nConsultez la page \"<a href=\"https:\/\/www.datagrandest.fr\/site\/projet\/standardiser-les-donnees-des-amenagements-cyclables\/\">Standardise tes donn\u00e9es d'am\u00e9nagements cyclables<\/a>\" de notre site pour d\u00e9couvrir toutes les ressources et documents produits par le groupe de travail.","eve_lieu":"","eve_date":"20240201","eve_date_fin":"20240201","eve_heure_de_debut":"14:00:00","eve_heure_de_fin":"16:00:00","eve_pour_aller_plus_loin":"","eve_animation":false,"glo_image":5396,"glo_intro":"","glo_car_surcharge_titre":"","glo_car_surcharge_lien":""},"yoast_head":"<!-- This site is optimized with the Yoast SEO plugin v27.4 - https:\/\/yoast.com\/product\/yoast-seo-wordpress\/ -->\n<title>GROUPE DE TRAVAIL - Standardise tes donn\u00e9s d&#039;am\u00e9nagements cyclables - DataGrandEst<\/title>\n<meta name=\"robots\" content=\"index, follow, max-snippet:-1, max-image-preview:large, max-video-preview:-1\" \/>\n<link rel=\"canonical\" href=\"https:\/\/www.datagrandest.fr\/site\/evenement\/groupe-de-travail-standardise-tes-donnes-damenagements-cyclables\/\" \/>\n<meta property=\"og:locale\" content=\"fr_FR\" \/>\n<meta property=\"og:type\" content=\"article\" \/>\n<meta property=\"og:title\" content=\"GROUPE DE TRAVAIL - Standardise tes donn\u00e9s d&#039;am\u00e9nagements cyclables - DataGrandEst\" \/>\n<meta property=\"og:url\" content=\"https:\/\/www.datagrandest.fr\/site\/evenement\/groupe-de-travail-standardise-tes-donnes-damenagements-cyclables\/\" \/>\n<meta property=\"og:site_name\" content=\"DataGrandEst\" \/>\n<meta property=\"article:modified_time\" content=\"2026-03-30T08:08:40+00:00\" \/>\n<meta name=\"twitter:card\" content=\"summary_large_image\" \/>\n<meta name=\"twitter:label1\" content=\"Dur\u00e9e de lecture estim\u00e9e\" \/>\n\t<meta name=\"twitter:data1\" content=\"2 minutes\" \/>\n<script type=\"application\/ld+json\" class=\"yoast-schema-graph\">{\"@context\":\"https:\\\/\\\/schema.org\",\"@graph\":[{\"@type\":\"WebPage\",\"@id\":\"https:\\\/\\\/www.datagrandest.fr\\\/site\\\/evenement\\\/groupe-de-travail-standardise-tes-donnes-damenagements-cyclables\\\/\",\"url\":\"https:\\\/\\\/www.datagrandest.fr\\\/site\\\/evenement\\\/groupe-de-travail-standardise-tes-donnes-damenagements-cyclables\\\/\",\"name\":\"GROUPE DE TRAVAIL - Standardise tes donn\u00e9s d'am\u00e9nagements cyclables - DataGrandEst\",\"isPartOf\":{\"@id\":\"https:\\\/\\\/www.datagrandest.fr\\\/site\\\/#website\"},\"datePublished\":\"2024-01-16T09:18:10+00:00\",\"dateModified\":\"2026-03-30T08:08:40+00:00\",\"breadcrumb\":{\"@id\":\"https:\\\/\\\/www.datagrandest.fr\\\/site\\\/evenement\\\/groupe-de-travail-standardise-tes-donnes-damenagements-cyclables\\\/#breadcrumb\"},\"inLanguage\":\"fr-FR\",\"potentialAction\":[{\"@type\":\"ReadAction\",\"target\":[\"https:\\\/\\\/www.datagrandest.fr\\\/site\\\/evenement\\\/groupe-de-travail-standardise-tes-donnes-damenagements-cyclables\\\/\"]}]},{\"@type\":\"BreadcrumbList\",\"@id\":\"https:\\\/\\\/www.datagrandest.fr\\\/site\\\/evenement\\\/groupe-de-travail-standardise-tes-donnes-damenagements-cyclables\\\/#breadcrumb\",\"itemListElement\":[{\"@type\":\"ListItem\",\"position\":1,\"name\":\"Accueil\",\"item\":\"https:\\\/\\\/www.datagrandest.fr\\\/site\\\/\"},{\"@type\":\"ListItem\",\"position\":2,\"name\":\"\u00c9v\u00e9nements\",\"item\":\"https:\\\/\\\/www.datagrandest.fr\\\/site\\\/evenement\\\/\"},{\"@type\":\"ListItem\",\"position\":3,\"name\":\"GROUPE DE TRAVAIL &#8211; Standardise tes donn\u00e9s d&rsquo;am\u00e9nagements cyclables\"}]},{\"@type\":\"WebSite\",\"@id\":\"https:\\\/\\\/www.datagrandest.fr\\\/site\\\/#website\",\"url\":\"https:\\\/\\\/www.datagrandest.fr\\\/site\\\/\",\"name\":\"DataGrandEst\",\"description\":\"\",\"potentialAction\":[{\"@type\":\"SearchAction\",\"target\":{\"@type\":\"EntryPoint\",\"urlTemplate\":\"https:\\\/\\\/www.datagrandest.fr\\\/site\\\/?s={search_term_string}\"},\"query-input\":{\"@type\":\"PropertyValueSpecification\",\"valueRequired\":true,\"valueName\":\"search_term_string\"}}],\"inLanguage\":\"fr-FR\"}]}<\/script>\n<!-- \/ Yoast SEO plugin. -->","yoast_head_json":{"title":"GROUPE DE TRAVAIL - Standardise tes donn\u00e9s d'am\u00e9nagements cyclables - DataGrandEst","robots":{"index":"index","follow":"follow","max-snippet":"max-snippet:-1","max-image-preview":"max-image-preview:large","max-video-preview":"max-video-preview:-1"},"canonical":"https:\/\/www.datagrandest.fr\/site\/evenement\/groupe-de-travail-standardise-tes-donnes-damenagements-cyclables\/","og_locale":"fr_FR","og_type":"article","og_title":"GROUPE DE TRAVAIL - Standardise tes donn\u00e9s d'am\u00e9nagements cyclables - DataGrandEst","og_url":"https:\/\/www.datagrandest.fr\/site\/evenement\/groupe-de-travail-standardise-tes-donnes-damenagements-cyclables\/","og_site_name":"DataGrandEst","article_modified_time":"2026-03-30T08:08:40+00:00","twitter_card":"summary_large_image","twitter_misc":{"Dur\u00e9e de lecture estim\u00e9e":"2 minutes"},"schema":{"@context":"https:\/\/schema.org","@graph":[{"@type":"WebPage","@id":"https:\/\/www.datagrandest.fr\/site\/evenement\/groupe-de-travail-standardise-tes-donnes-damenagements-cyclables\/","url":"https:\/\/www.datagrandest.fr\/site\/evenement\/groupe-de-travail-standardise-tes-donnes-damenagements-cyclables\/","name":"GROUPE DE TRAVAIL - Standardise tes donn\u00e9s d'am\u00e9nagements cyclables - DataGrandEst","isPartOf":{"@id":"https:\/\/www.datagrandest.fr\/site\/#website"},"datePublished":"2024-01-16T09:18:10+00:00","dateModified":"2026-03-30T08:08:40+00:00","breadcrumb":{"@id":"https:\/\/www.datagrandest.fr\/site\/evenement\/groupe-de-travail-standardise-tes-donnes-damenagements-cyclables\/#breadcrumb"},"inLanguage":"fr-FR","potentialAction":[{"@type":"ReadAction","target":["https:\/\/www.datagrandest.fr\/site\/evenement\/groupe-de-travail-standardise-tes-donnes-damenagements-cyclables\/"]}]},{"@type":"BreadcrumbList","@id":"https:\/\/www.datagrandest.fr\/site\/evenement\/groupe-de-travail-standardise-tes-donnes-damenagements-cyclables\/#breadcrumb","itemListElement":[{"@type":"ListItem","position":1,"name":"Accueil","item":"https:\/\/www.datagrandest.fr\/site\/"},{"@type":"ListItem","position":2,"name":"\u00c9v\u00e9nements","item":"https:\/\/www.datagrandest.fr\/site\/evenement\/"},{"@type":"ListItem","position":3,"name":"GROUPE DE TRAVAIL &#8211; Standardise tes donn\u00e9s d&rsquo;am\u00e9nagements cyclables"}]},{"@type":"WebSite","@id":"https:\/\/www.datagrandest.fr\/site\/#website","url":"https:\/\/www.datagrandest.fr\/site\/","name":"DataGrandEst","description":"","potentialAction":[{"@type":"SearchAction","target":{"@type":"EntryPoint","urlTemplate":"https:\/\/www.datagrandest.fr\/site\/?s={search_term_string}"},"query-input":{"@type":"PropertyValueSpecification","valueRequired":true,"valueName":"search_term_string"}}],"inLanguage":"fr-FR"}]}},"_links":{"self":[{"href":"https:\/\/www.datagrandest.fr\/site\/wp-json\/wp\/v2\/evenement\/1348","targetHints":{"allow":["GET"]}}],"collection":[{"href":"https:\/\/www.datagrandest.fr\/site\/wp-json\/wp\/v2\/evenement"}],"about":[{"href":"https:\/\/www.datagrandest.fr\/site\/wp-json\/wp\/v2\/types\/evenement"}],"version-history":[{"count":3,"href":"https:\/\/www.datagrandest.fr\/site\/wp-json\/wp\/v2\/evenement\/1348\/revisions"}],"predecessor-version":[{"id":5427,"href":"https:\/\/www.datagrandest.fr\/site\/wp-json\/wp\/v2\/evenement\/1348\/revisions\/5427"}],"wp:attachment":[{"href":"https:\/\/www.datagrandest.fr\/site\/wp-json\/wp\/v2\/media?parent=1348"}],"wp:term":[{"taxonomy":"periode","embeddable":true,"href":"https:\/\/www.datagrandest.fr\/site\/wp-json\/wp\/v2\/periode?post=1348"},{"taxonomy":"source","embeddable":true,"href":"https:\/\/www.datagrandest.fr\/site\/wp-json\/wp\/v2\/source?post=1348"},{"taxonomy":"thematique_globale","embeddable":true,"href":"https:\/\/www.datagrandest.fr\/site\/wp-json\/wp\/v2\/thematique_globale?post=1348"},{"taxonomy":"type_evenement","embeddable":true,"href":"https:\/\/www.datagrandest.fr\/site\/wp-json\/wp\/v2\/type_evenement?post=1348"}],"curies":[{"name":"wp","href":"https:\/\/api.w.org\/{rel}","templated":true}]}}