{"id":1357,"date":"2024-01-04T09:48:34","date_gmt":"2024-01-04T08:48:34","guid":{"rendered":"https:\/\/dev.datagrandest.fr\/site\/evenement\/reporte-journee-departementale-de-la-donnee-dans-laube\/"},"modified":"2026-03-30T10:10:14","modified_gmt":"2026-03-30T08:10:14","slug":"reporte-journee-departementale-de-la-donnee-dans-laube","status":"publish","type":"evenement","link":"https:\/\/www.datagrandest.fr\/site\/evenement\/reporte-journee-departementale-de-la-donnee-dans-laube\/","title":{"rendered":"REPORTE &#8211; Journ\u00e9e d\u00e9partementale de la donn\u00e9e dans l&rsquo;Aube"},"template":"","meta":{"_acf_changed":false,"_relevanssi_hide_post":"","_relevanssi_hide_content":"","_relevanssi_pin_for_all":"","_relevanssi_pin_keywords":"","_relevanssi_unpin_keywords":"","_relevanssi_related_keywords":"","_relevanssi_related_include_ids":"","_relevanssi_related_exclude_ids":"","_relevanssi_related_no_append":"","_relevanssi_related_not_related":"","_relevanssi_related_posts":"","_relevanssi_noindex_reason":""},"periode":[212],"source":[],"thematique_globale":[],"type_evenement":[147],"class_list":["post-1357","evenement","type-evenement","status-publish","hentry","periode-212","type_evenement-animation-territoriale"],"acf":{"eve_description_courte":"","eve_description_longue":"<h1 class=\"rtecenter\">REPORTE<\/h1>\r\n<p class=\"rtecenter\"><span style=\"font-size: 16px;\">En raison des \u00e9lections et du droit de r\u00e9serve des agents de l'Etat, nous nous voyons dans l'obligation de reporter cet \u00e9v\u00e9nement.\r\nNous vous donnons rendez-vous \u00e0 la rentr\u00e9e, la date pr\u00e9cise vous sera communiqu\u00e9e au plus vite <\/span><\/p>\r\n<p class=\"rtecenter\"><strong>____________________<\/strong><\/p>\r\n\r\n<h1 class=\"rtecenter\">Journ\u00e9e d\u00e9partementale de la donn\u00e9e dans l'Aube<\/h1>\r\n<p class=\"rtecenter\"><span style=\"font-size: 16px;\">Des donn\u00e9es pour la connaissance du territoire et l\u2019aide \u00e0 la d\u00e9cision<\/span><\/p>\r\n<p class=\"rtecenter\"><strong>____________________<\/strong><\/p>\r\n\r\n<h4 class=\"rtecenter\">Jeudi 27 juin 2024\u00a0 |\u00a0 De 08h45 \u00e0 16h00\u00a0 |\u00a0 UTT Troyes<\/h4>\r\n&nbsp;\r\n\r\nSant\u00e9, am\u00e9nagement, mobilit\u00e9s, transition \u00e9cologique, tourisme\u2026 Les donn\u00e9es sont d\u00e9sormais essentielles \u00e0 la bonne conduite des politiques publiques. Toutefois connaissez-vous les donn\u00e9es disponibles sur le territoire de l\u2019Aube et savez-vous les mobiliser ? \u00c0 travers diff\u00e9rents retours d\u2019exp\u00e9riences, tables-rondes, d\u00e9monstrations, ateliers pratiques, discussions\u2026 venez d\u00e9couvrir tout le potentiel des donn\u00e9es d\u00e9j\u00e0 disponibles et participer \u00e0 la communaut\u00e9 des acteurs \u00ab data \u00bb pour enrichir votre palette d\u2019outils, vos savoir-faire au service de votre territoire. Que vous soyez \u00e9lu, chef de service, technicien, charg\u00e9 de mission, data scientist, g\u00e9omaticien ou simple utilisateur\u2026 cette journ\u00e9e est pour vous !\r\n\r\nUne journ\u00e9e co-organis\u00e9e par DataGrandEst, la Direction d\u00e9partementale des terroires de l'Aube, le Conseil D\u00e9partemental de l'Aube, Troyes Champagne M\u00e9tropole et l'Universit\u00e9 de Technologie de Troyes.\r\n\r\n&nbsp;\r\n<div class=\"panel panel-warning\">\r\n<div class=\"panel-heading\">\r\n<h4>Programme<\/h4>\r\n<\/div>\r\n<\/div>\r\n&nbsp;\r\n\r\n<strong>08h45<\/strong>\u00a0 |\u00a0\u00a0<strong>Accueil des participants<\/strong>\r\n\r\n&nbsp;\r\n\r\n<strong>09h30<\/strong>\u00a0 |\u00a0\u00a0<strong>Mots de bienvenue par l\u2019UTT, l\u2019\u00c9tat, le D\u00e9partement et Troyes Champagne M\u00e9tropole <\/strong>\r\n\r\n&nbsp;\r\n\r\n<strong>09h50<\/strong>\u00a0 |\u00a0\u00a0<strong>Panorama des donn\u00e9es ouvertes et utiles pour les territoires<\/strong>\r\n<ul>\r\n \t<li><em>Comment mobiliser facilement des donn\u00e9es ? L'exemple des mobilit\u00e9s douces en milieu rural<\/em>\r\nPascal LEJEUNE - Direction d\u00e9partementale des territoires de l'Aube<\/li>\r\n<\/ul>\r\n<ul>\r\n \t<li><em>Entre Open data et closed data, comment trouver le juste milieu ? <\/em><\/li>\r\n<\/ul>\r\n<ul>\r\n \t<li><em>Les apports d\u2019OpenStreetMap pour aider les territoires \u00e0 disposer et am\u00e9liorer des donn\u00e9es sur diverses th\u00e9matiques<\/em>\r\nSt\u00e9phane BRANQUART - Territorio et membre fondateur des Pro d'OSM<\/li>\r\n<\/ul>\r\n&nbsp;\r\n\r\n<strong>10h50<\/strong>\u00a0 |\u00a0 <b>Pause caf\u00e9 et d\u00e9monstrations<\/b>\r\n\r\n&nbsp;\r\n\r\n<strong>11h10<\/strong>\u00a0 |\u00a0 <b>De la connaissance \u00e0 l\u2019action : aller plus loin gr\u00e2ce aux donn\u00e9es<\/b>\r\n<ul>\r\n \t<li><em>De la donn\u00e9e \u00e0 l\u2019action : comment faire ? L\u2019exemple de la sant\u00e9.<\/em>\r\nHichem SNOUSSI - Universit\u00e9 de Technologie de Troyes<\/li>\r\n \t<li><em>De la connaissance \u00e0 l\u2019action : l\u2019exemple du sch\u00e9ma d\u00e9partemental de couverture des risques(SDACR)<\/em>\r\nColonel Maxime KOCH - SDIS de l'Aube<\/li>\r\n \t<li><em>Construire ses donn\u00e9es et ses indicateurs : l\u2019exemple du tourisme<\/em>\r\nChristelle TAILLARDAT - Agence d\u00e9partementale du tourisme de l'Aube<\/li>\r\n<\/ul>\r\n&nbsp;\r\n\r\n<strong>12h10<\/strong>\u00a0 |\u00a0\u00a0<strong>Table-ronde : Quelle strat\u00e9gie en mati\u00e8re de donn\u00e9es au service des politiques publiques dans le d\u00e9partement ? <\/strong>\r\n<ul>\r\n \t<li>Jean-Fran\u00e7ois HOU - Directeur de la Direction d\u00e9partementale des territoires de l'Aube (DDT 10)<\/li>\r\n \t<li>Christelle TAILLARDAT - Directrice de l'Agence d\u00e9partementale du tourisme de l'Aube<\/li>\r\n \t<li>Marc THONON - Directeur g\u00e9n\u00e9ral d'Ok\u00e9nite Animation et pr\u00e9sident de l\u2019association g\u00e9ologie de l\u2019Aube<\/li>\r\n \t<li>Emmanuelle PERROT - Directrice G\u00e9n\u00e9rale Adjointe, p\u00f4le \u00c9quilibre du territoire - Habitat - Politique de la ville - Dispositifs contractuels \u00e0 Troyes Champagne M\u00e9tropole<\/li>\r\n \t<li>Olivier DUQUESNOY - Maire de Saint-Pouange<\/li>\r\n<\/ul>\r\n&nbsp;\r\n\r\n<strong>13h00<\/strong>\u00a0 |\u00a0 <strong>Animation, d\u00e9jeuner et r\u00e9seautage<\/strong>\r\n\r\n&nbsp;\r\n\r\n<strong>14h10\u00a0<\/strong> |\u00a0 <strong>Ateliers en parall\u00e8le\u00a0<\/strong>\r\n\r\nChaque participant pourra assister \u00e0 4 ateliers de 20 minutes chacun.\r\n\r\nS\u00e9ances\u00a0 : 14h10-14h30 \/\/ 14h30-14h50 \/\/ 14h50-15h10 \/\/ 15h10-15h30\r\n\r\n&nbsp;\r\n<ul>\r\n \t<li><em>De la recherche \u00e0 l\u2019action : comment la recherche peut vous aider?<\/em>\r\nAnim\u00e9 par Hichem SNOUSSI - Universit\u00e9 de Technologie de Troyes<\/li>\r\n \t<li><em>DataGrandEst : votre partenaire data<\/em>\r\nAnim\u00e9 par DataGrandEst<\/li>\r\n \t<li><em>Quels tableaux de bord pour construire un projet de territoire ?<\/em>\r\nAnim\u00e9 par Emmanuelle PERROT et Sami-Ramsi CHIBANE - Troyes Champagne M\u00e9tropole<\/li>\r\n \t<li><em>Occupation du sol \u00e0 grande \u00e9chelle : une ressource unique pour vos analyses ZAN<\/em>\r\nAnim\u00e9 par DataGrandEst<\/li>\r\n \t<li><em>Mobilit\u00e9s : pourquoi et comment construire une application ? <\/em>\r\nAnim\u00e9 par Christophe CHENILYER (Direction g\u00e9n\u00e9rale) - TCAT\r\nSandra BRICHET (Direction mobilit\u00e9) et Lisa DUQUESNOY (Mission Planification Mobilit\u00e9s) - Troyes Champagne M\u00e9tropole<\/li>\r\n \t<li><em>Gestion des lacs r\u00e9servoirs : un mod\u00e8le th\u00e9orique adapt\u00e9 au quotidien <\/em>\r\nAnim\u00e9 par Emeline AMBLARD-HENRY, Guillaume BAUDOUX et Philippe RIBOUST - EPTB Grands Lacs<\/li>\r\n<\/ul>\r\n&nbsp;\r\n\r\n<strong>15h30<\/strong>\u00a0 |\u00a0\u00a0<strong>Rapports des ateliers et conclusion<\/strong>\r\n\r\n&nbsp;\r\n\r\n&nbsp;\r\n\r\n&nbsp;\r\n<div class=\"panel panel-warning\">\r\n<div class=\"panel-heading\">\r\n<h4>Se rendre \u00e0 l'\u00e9v\u00e9nement<\/h4>\r\n<\/div>\r\n<\/div>\r\n&nbsp;\r\n\r\n<b>Universit\u00e9 de Technologie de Troyes (UTT)<\/b>\r\n12 Rue Marie Curie\r\n10300 Troyes\r\n\r\n-&gt;\u00a0<a href=\"https:\/\/www.utt.fr\/medias\/fichier\/plan-utt_1529501036289-pdf?ID_FICHE=43431&amp;INLINE=FALSE\">Plan de l'UTT<\/a>\r\n<ul>\r\n \t<li>A pieds : 40 minutes de la gare<\/li>\r\n \t<li>En\u00a0voiture : Parking\u00a0gratuit autour de l'universit\u00e9\r\nUtiliser parking \"Visiteurs\"<\/li>\r\n \t<li>En bus : A partir du centre ville\u00a0prendre la ligne 6 (Direction : Chartreux - Arr\u00eat : Technop\u00f4le)\r\nBus toutes les 15 minutes\r\nCompter 30 minutes pour se rendre\r\n<a href=\"https:\/\/tcat.fr\/\">Horaires de bus\u00a0<\/a><\/li>\r\n \t<li>\u00a0V\u00e9lib : 15 minutes de la gare\r\nBornes disponibles autour de l'universit\u00e9<\/li>\r\n<\/ul>","eve_lieu":"","eve_date":"20240627","eve_date_fin":"20240627","eve_heure_de_debut":"08:45:00","eve_heure_de_fin":"16:00:00","eve_pour_aller_plus_loin":"","eve_animation":false,"glo_image":3688,"glo_intro":"","glo_car_surcharge_titre":"","glo_car_surcharge_lien":""},"yoast_head":"<!-- This site is optimized with the Yoast SEO plugin v27.4 - https:\/\/yoast.com\/product\/yoast-seo-wordpress\/ -->\n<title>REPORTE - Journ\u00e9e d\u00e9partementale de la donn\u00e9e dans l&#039;Aube - DataGrandEst<\/title>\n<meta name=\"robots\" content=\"index, follow, max-snippet:-1, max-image-preview:large, max-video-preview:-1\" \/>\n<link rel=\"canonical\" href=\"https:\/\/www.datagrandest.fr\/site\/evenement\/reporte-journee-departementale-de-la-donnee-dans-laube\/\" \/>\n<meta property=\"og:locale\" content=\"fr_FR\" \/>\n<meta property=\"og:type\" content=\"article\" \/>\n<meta property=\"og:title\" content=\"REPORTE - Journ\u00e9e d\u00e9partementale de la donn\u00e9e dans l&#039;Aube - DataGrandEst\" \/>\n<meta property=\"og:url\" content=\"https:\/\/www.datagrandest.fr\/site\/evenement\/reporte-journee-departementale-de-la-donnee-dans-laube\/\" \/>\n<meta property=\"og:site_name\" content=\"DataGrandEst\" \/>\n<meta property=\"article:modified_time\" content=\"2026-03-30T08:10:14+00:00\" \/>\n<meta name=\"twitter:card\" content=\"summary_large_image\" \/>\n<meta name=\"twitter:label1\" content=\"Dur\u00e9e de lecture estim\u00e9e\" \/>\n\t<meta name=\"twitter:data1\" content=\"4 minutes\" \/>\n<script type=\"application\/ld+json\" class=\"yoast-schema-graph\">{\"@context\":\"https:\\\/\\\/schema.org\",\"@graph\":[{\"@type\":\"WebPage\",\"@id\":\"https:\\\/\\\/www.datagrandest.fr\\\/site\\\/evenement\\\/reporte-journee-departementale-de-la-donnee-dans-laube\\\/\",\"url\":\"https:\\\/\\\/www.datagrandest.fr\\\/site\\\/evenement\\\/reporte-journee-departementale-de-la-donnee-dans-laube\\\/\",\"name\":\"REPORTE - Journ\u00e9e d\u00e9partementale de la donn\u00e9e dans l'Aube - DataGrandEst\",\"isPartOf\":{\"@id\":\"https:\\\/\\\/www.datagrandest.fr\\\/site\\\/#website\"},\"datePublished\":\"2024-01-04T08:48:34+00:00\",\"dateModified\":\"2026-03-30T08:10:14+00:00\",\"breadcrumb\":{\"@id\":\"https:\\\/\\\/www.datagrandest.fr\\\/site\\\/evenement\\\/reporte-journee-departementale-de-la-donnee-dans-laube\\\/#breadcrumb\"},\"inLanguage\":\"fr-FR\",\"potentialAction\":[{\"@type\":\"ReadAction\",\"target\":[\"https:\\\/\\\/www.datagrandest.fr\\\/site\\\/evenement\\\/reporte-journee-departementale-de-la-donnee-dans-laube\\\/\"]}]},{\"@type\":\"BreadcrumbList\",\"@id\":\"https:\\\/\\\/www.datagrandest.fr\\\/site\\\/evenement\\\/reporte-journee-departementale-de-la-donnee-dans-laube\\\/#breadcrumb\",\"itemListElement\":[{\"@type\":\"ListItem\",\"position\":1,\"name\":\"Accueil\",\"item\":\"https:\\\/\\\/www.datagrandest.fr\\\/site\\\/\"},{\"@type\":\"ListItem\",\"position\":2,\"name\":\"\u00c9v\u00e9nements\",\"item\":\"https:\\\/\\\/www.datagrandest.fr\\\/site\\\/evenement\\\/\"},{\"@type\":\"ListItem\",\"position\":3,\"name\":\"REPORTE &#8211; Journ\u00e9e d\u00e9partementale de la donn\u00e9e dans l&rsquo;Aube\"}]},{\"@type\":\"WebSite\",\"@id\":\"https:\\\/\\\/www.datagrandest.fr\\\/site\\\/#website\",\"url\":\"https:\\\/\\\/www.datagrandest.fr\\\/site\\\/\",\"name\":\"DataGrandEst\",\"description\":\"\",\"potentialAction\":[{\"@type\":\"SearchAction\",\"target\":{\"@type\":\"EntryPoint\",\"urlTemplate\":\"https:\\\/\\\/www.datagrandest.fr\\\/site\\\/?s={search_term_string}\"},\"query-input\":{\"@type\":\"PropertyValueSpecification\",\"valueRequired\":true,\"valueName\":\"search_term_string\"}}],\"inLanguage\":\"fr-FR\"}]}<\/script>\n<!-- \/ Yoast SEO plugin. -->","yoast_head_json":{"title":"REPORTE - Journ\u00e9e d\u00e9partementale de la donn\u00e9e dans l'Aube - DataGrandEst","robots":{"index":"index","follow":"follow","max-snippet":"max-snippet:-1","max-image-preview":"max-image-preview:large","max-video-preview":"max-video-preview:-1"},"canonical":"https:\/\/www.datagrandest.fr\/site\/evenement\/reporte-journee-departementale-de-la-donnee-dans-laube\/","og_locale":"fr_FR","og_type":"article","og_title":"REPORTE - Journ\u00e9e d\u00e9partementale de la donn\u00e9e dans l'Aube - DataGrandEst","og_url":"https:\/\/www.datagrandest.fr\/site\/evenement\/reporte-journee-departementale-de-la-donnee-dans-laube\/","og_site_name":"DataGrandEst","article_modified_time":"2026-03-30T08:10:14+00:00","twitter_card":"summary_large_image","twitter_misc":{"Dur\u00e9e de lecture estim\u00e9e":"4 minutes"},"schema":{"@context":"https:\/\/schema.org","@graph":[{"@type":"WebPage","@id":"https:\/\/www.datagrandest.fr\/site\/evenement\/reporte-journee-departementale-de-la-donnee-dans-laube\/","url":"https:\/\/www.datagrandest.fr\/site\/evenement\/reporte-journee-departementale-de-la-donnee-dans-laube\/","name":"REPORTE - Journ\u00e9e d\u00e9partementale de la donn\u00e9e dans l'Aube - DataGrandEst","isPartOf":{"@id":"https:\/\/www.datagrandest.fr\/site\/#website"},"datePublished":"2024-01-04T08:48:34+00:00","dateModified":"2026-03-30T08:10:14+00:00","breadcrumb":{"@id":"https:\/\/www.datagrandest.fr\/site\/evenement\/reporte-journee-departementale-de-la-donnee-dans-laube\/#breadcrumb"},"inLanguage":"fr-FR","potentialAction":[{"@type":"ReadAction","target":["https:\/\/www.datagrandest.fr\/site\/evenement\/reporte-journee-departementale-de-la-donnee-dans-laube\/"]}]},{"@type":"BreadcrumbList","@id":"https:\/\/www.datagrandest.fr\/site\/evenement\/reporte-journee-departementale-de-la-donnee-dans-laube\/#breadcrumb","itemListElement":[{"@type":"ListItem","position":1,"name":"Accueil","item":"https:\/\/www.datagrandest.fr\/site\/"},{"@type":"ListItem","position":2,"name":"\u00c9v\u00e9nements","item":"https:\/\/www.datagrandest.fr\/site\/evenement\/"},{"@type":"ListItem","position":3,"name":"REPORTE &#8211; Journ\u00e9e d\u00e9partementale de la donn\u00e9e dans l&rsquo;Aube"}]},{"@type":"WebSite","@id":"https:\/\/www.datagrandest.fr\/site\/#website","url":"https:\/\/www.datagrandest.fr\/site\/","name":"DataGrandEst","description":"","potentialAction":[{"@type":"SearchAction","target":{"@type":"EntryPoint","urlTemplate":"https:\/\/www.datagrandest.fr\/site\/?s={search_term_string}"},"query-input":{"@type":"PropertyValueSpecification","valueRequired":true,"valueName":"search_term_string"}}],"inLanguage":"fr-FR"}]}},"_links":{"self":[{"href":"https:\/\/www.datagrandest.fr\/site\/wp-json\/wp\/v2\/evenement\/1357","targetHints":{"allow":["GET"]}}],"collection":[{"href":"https:\/\/www.datagrandest.fr\/site\/wp-json\/wp\/v2\/evenement"}],"about":[{"href":"https:\/\/www.datagrandest.fr\/site\/wp-json\/wp\/v2\/types\/evenement"}],"version-history":[{"count":3,"href":"https:\/\/www.datagrandest.fr\/site\/wp-json\/wp\/v2\/evenement\/1357\/revisions"}],"predecessor-version":[{"id":5411,"href":"https:\/\/www.datagrandest.fr\/site\/wp-json\/wp\/v2\/evenement\/1357\/revisions\/5411"}],"wp:attachment":[{"href":"https:\/\/www.datagrandest.fr\/site\/wp-json\/wp\/v2\/media?parent=1357"}],"wp:term":[{"taxonomy":"periode","embeddable":true,"href":"https:\/\/www.datagrandest.fr\/site\/wp-json\/wp\/v2\/periode?post=1357"},{"taxonomy":"source","embeddable":true,"href":"https:\/\/www.datagrandest.fr\/site\/wp-json\/wp\/v2\/source?post=1357"},{"taxonomy":"thematique_globale","embeddable":true,"href":"https:\/\/www.datagrandest.fr\/site\/wp-json\/wp\/v2\/thematique_globale?post=1357"},{"taxonomy":"type_evenement","embeddable":true,"href":"https:\/\/www.datagrandest.fr\/site\/wp-json\/wp\/v2\/type_evenement?post=1357"}],"curies":[{"name":"wp","href":"https:\/\/api.w.org\/{rel}","templated":true}]}}