{"id":1359,"date":"2024-01-04T09:42:23","date_gmt":"2024-01-04T08:42:23","guid":{"rendered":"https:\/\/dev.datagrandest.fr\/site\/evenement\/journee-danimation-datagrandest-les-donnees-des-energies-renouvelables-enr\/"},"modified":"2026-03-30T10:11:17","modified_gmt":"2026-03-30T08:11:17","slug":"journee-danimation-datagrandest-les-donnees-des-energies-renouvelables-enr","status":"publish","type":"evenement","link":"https:\/\/www.datagrandest.fr\/site\/evenement\/journee-danimation-datagrandest-les-donnees-des-energies-renouvelables-enr\/","title":{"rendered":"Journ\u00e9e d&rsquo;animation DataGrandEst : Les donn\u00e9es des \u00e9nergies renouvelables (EnR)"},"template":"","meta":{"_acf_changed":false,"_relevanssi_hide_post":"","_relevanssi_hide_content":"","_relevanssi_pin_for_all":"","_relevanssi_pin_keywords":"","_relevanssi_unpin_keywords":"","_relevanssi_related_keywords":"","_relevanssi_related_include_ids":"","_relevanssi_related_exclude_ids":"","_relevanssi_related_no_append":"","_relevanssi_related_not_related":"","_relevanssi_related_posts":"","_relevanssi_noindex_reason":""},"periode":[212],"source":[],"thematique_globale":[],"type_evenement":[146],"class_list":["post-1359","evenement","type-evenement","status-publish","hentry","periode-212","type_evenement-journee-thematique"],"acf":{"eve_description_courte":"","eve_description_longue":"<h1 class=\"rtecenter\">Energies renouvelables : quelles donn\u00e9es pour piloter leur d\u00e9veloppement en Grand Est ?<\/h1>\r\n<p class=\"rtecenter\"><strong>____________________<\/strong><\/p>\r\n\r\n<h4 class=\"rtecenter\">Jeudi 30 mai 2024\u00a0 |\u00a0 De 9h30 \u00e0 16h00\u00a0 |\u00a0\u00a0Bezannes<\/h4>\r\nLe d\u00e9veloppement des \u00e9nergies renouvelables (ENR) dans nos territoires est une n\u00e9cessit\u00e9 pour r\u00e9pondre aux d\u00e9fis climatiques ainsi qu'aux enjeux de solidarit\u00e9 et de souverainet\u00e9 \u00e9nerg\u00e9tique. D\u00e9finir leur implantation, suivre leur capacit\u00e9 de production, leur part dans notre consommation globale d'\u00e9nergie, ou encore \u00e9valuer leurs potentiels, n\u00e9cessite des donn\u00e9es. Mais o\u00f9 les trouver, comment les qualifier et bien les exploiter ?\r\n\r\nCette journ\u00e9e sera l'occasion de mieux conna\u00eetre l'\u00e9cosyst\u00e8me des donn\u00e9es existantes, de partager des retours d'exp\u00e9rience, de d\u00e9battre des limites actuelles et des solutions \u00e0 envisager pour en faciliter les usages et le suivi.\r\n\r\nLa matin\u00e9e sera consacr\u00e9e \u00e0 la pr\u00e9sentation de diff\u00e9rents portails de donn\u00e9es, r\u00e9gionaux ou nationaux. L'apr\u00e8s-midi, des t\u00e9moignages permettront de questionner les modalit\u00e9s d'usage de ces donn\u00e9es au service des politiques publiques et de recueillir vos besoins et les am\u00e9liorations attendues.\r\n<div class=\"panel panel-warning\">\r\n<div class=\"panel-heading\">\r\n<h4>Programme<\/h4>\r\n<\/div>\r\n<\/div>\r\n<strong>09h30<\/strong>\u00a0 |\u00a0\u00a0Accueil\r\n\r\n<strong>10h00<\/strong>\u00a0 |\u00a0\u00a0Mot de bienvenue\r\n\r\n<strong>10h15<\/strong>\u00a0 |\u00a0\u00a0Panorama des donn\u00e9es et des acteurs\r\n<ul>\r\n \t<li><em>Quelques chiffres cl\u00e9s pour d\u00e9couvrir les donn\u00e9es et projets EnR\u00a0en\u00a0Grand Est<\/em>\r\nSandrine CRESPO -\u00a0DREAL Grand Est\r\nChristine PEPPOLONI - R\u00e9gion Grand Est<\/li>\r\n \t<li><em>Acc\u00e9der aux donn\u00e9es EnR : la 1\u00e8re \u00e9tape pour r\u00e9pondre aux objectifs attendus !<\/em>\r\nFran\u00e7ois MATHONNET - DREAL Grand Est<\/li>\r\n \t<li><em>Tout savoir sur l\u2019outil \"Collecte EnR\"<\/em>\r\nBenoit DESRUMAUX - P\u00f4le National Connaissance ENR - DREAL Grand Est et Minist\u00e8re de la Transition Ecologique\/Ecolab<\/li>\r\n \t<li><em>Les donn\u00e9es des transporteurs et distributeurs d\u2019\u00e9lectricit\u00e9 et de gaz : ODR\u00c9 et Agence ORE<\/em>\r\nSamya CHEMALI - RTE\r\nAude DE\u00a0TOUCHET - Agence ORE\r\nCarole LAFONT - GRT Gaz<\/li>\r\n \t<li><em>Observatoire climat air \u00e9nergie : comment s'approprier les donn\u00e9es EnR du Grand Est ?<\/em>\r\nCharlotte SITZ - ATMO Grand Est<\/li>\r\n \t<li><em>Le portail IGN\/CEREMA des EnR : un outil de connaissance au service des territoires<\/em>\r\nV\u00e9ronique PEREIRA - IGN<\/li>\r\n<\/ul>\r\n<strong>12h15<\/strong>\u00a0 |\u00a0\u00a0Cocktail d\u00e9jeunatoire\r\n\r\n<strong>13h45<\/strong>\u00a0 |\u00a0\u00a0Quelles donn\u00e9es pour \u00e9valuer le potentiel et la production d\u2019\u00e9nergie renouvelable de nos territoires tout en respectant les exigences environnementales ?\r\n<ul>\r\n \t<li>Temps d'\u00e9change sur des cas d'usage avec des t\u00e9moins embl\u00e9matiques vous permettront de partager vos r\u00e9flexions et vos attentes<\/li>\r\n<\/ul>\r\n<strong>15h45<\/strong>\u00a0 |\u00a0 Synth\u00e8se et conclusion de la journ\u00e9e\r\n<div class=\"panel panel-warning\">\r\n<div class=\"panel-heading\">\r\n<h4>Adresse de l'\u00e9v\u00e9nement<\/h4>\r\n<\/div>\r\n<\/div>\r\n<h4><b>Salon Bertacchi<\/b><\/h4>\r\n13 Rue Louis N\u00e9el\u00a0|\u00a051430 Bezannes\r\n\r\nGare TGV Champagne-Ardenne\r\n\r\n<a href=\"https:\/\/www.google.com\/maps\/place\/Bertacchi\/@49.222448,3.9891424,14.71z\/data=!4m5!3m4!1s0x47e975083a68e03f:0x604afc790d0d8b87!8m2!3d49.2222299!4d4.0025758\">Plan d\u2019acc\u00e9s<\/a>\r\n<p class=\"rtecenter\"><\/p>","eve_lieu":"","eve_date":"20240530","eve_date_fin":"20240530","eve_heure_de_debut":"09:00:00","eve_heure_de_fin":"09:00:00","eve_pour_aller_plus_loin":"-&gt;\u00a0<a href=\"\/site\/portail\/sites\/default\/files\/dge-animation-jt_enr-20240530-edl_synthese_v01.pdf\">D\u00e9couvrez la synth\u00e8se de la journ\u00e9e<\/a>\r\n<h3>Les interventions<\/h3>\r\n<strong>Panorama des donn\u00e9es et des acteurs<\/strong>\r\n<ul>\r\n \t<li><em>Quelques chiffres cl\u00e9s pour d\u00e9couvrir les donn\u00e9es et projets EnR en Grand Est<\/em>\r\n-&gt;\u00a0<a href=\"\/site\/portail\/sites\/default\/files\/1_2024_05_30_datage_enr.vf_.pdf\">Lire la pr\u00e9sentation<\/a><\/li>\r\n \t<li><em>Acc\u00e9der aux donn\u00e9es EnR : la 1\u00e8re \u00e9tape pour r\u00e9pondre aux objectifs attendus !<\/em>\r\n-&gt;\u00a0<a href=\"\/site\/portail\/sites\/default\/files\/2_datagrandest_jtenr_intro_acteurs_donnees_frm_20240530.pdf\">Lire la pr\u00e9sentation<\/a><\/li>\r\n \t<li><em>Tout savoir sur l\u2019outil \"Collecte EnR\"<\/em>\r\n-&gt;\u00a0<a href=\"\/site\/portail\/sites\/default\/files\/3-2024-05-30_jt_enr_version_sans_animation2.pdf\">Lire la pr\u00e9sentation<\/a><\/li>\r\n \t<li><em>Les donn\u00e9es des transporteurs et distributeurs d\u2019\u00e9lectricit\u00e9 et de gaz : ODR\u00c9 et Agence ORE<\/em>\r\n-&gt;\u00a0<a href=\"\/site\/portail\/sites\/default\/files\/4_support_odre_agence_ore_30_mai.pdf\">Lire la pr\u00e9sentation<\/a><\/li>\r\n \t<li><em>Observatoire climat air \u00e9nergie : comment s'approprier les donn\u00e9es EnR du Grand Est ?<\/em>\r\n-&gt;\u00a0<a href=\"\/site\/portail\/sites\/default\/files\/5_presentation_observatoire_enr_data_grand_est.pdf\">Lire la pr\u00e9sentation<\/a><\/li>\r\n \t<li><em>Le portail IGN\/CEREMA des EnR : un outil de connaissance au service des territoires<\/em>\r\n-&gt;\u00a0<a href=\"\/site\/portail\/sites\/default\/files\/6_portail_des_enr-exemples_planche_datagrandest_rev0.pdf\">Lire la pr\u00e9sentation<\/a><\/li>\r\n<\/ul>\r\n<strong>Quelles donn\u00e9es pour \u00e9valuer le potentiel et la production d\u2019\u00e9nergie renouvelable de nos territoires tout en respectant les exigences environnementales ?<\/strong>\r\n<ul>\r\n \t<li><em>Paysages et \u00e9nergies : Une d\u00e9marche territoriale partag\u00e9e<\/em>\r\n-&gt; <a href=\"\/site\/portail\/sites\/default\/files\/7_presentation_datage_paysages_energies-2.pdf\">Lire la pr\u00e9sentation<\/a><\/li>\r\n \t<li><em>Un projet de territoire \u00e0 \u00e9nergie positive<\/em>\r\n-&gt;\u00a0<a href=\"\/site\/portail\/sites\/default\/files\/8_ppt_datagrandest_reims_scot_vosges_centrales.pdf\">Lire la pr\u00e9sentation<\/a><\/li>\r\n<\/ul>\r\n<h3>Pour en savoir plus<\/h3>\r\n<strong>Quelques sources de donn\u00e9es\u00a0<\/strong>\r\n\r\n--&gt;\u00a0<a href=\"\/https:\/\/odre.opendatasoft.com\/explore\/dataset\/registre-national-installation-production-stockage-electricite-agrege\/information\/?disjunctive.epci&amp;disjunctive.departement&amp;disjunctive.region&amp;disjunctive.filiere&amp;disjunctive.combustible&amp;disjunctive.combustiblessecondaires&amp;disjunctive.technologie&amp;disjunctive.regime&amp;disjunctive.gestionnaire\">Registre national des installations de production et de stockage d'\u00e9lectricit\u00e9<\/a>\r\n\r\n- RTE et les gestionnaires de r\u00e9seau\r\n--&gt;\u00a0<a href=\"https:\/\/www.statistiques.developpement-durable.gouv.fr\/les-energies-renouvelables?rubrique=21\">Chiffres cl\u00e9s EnR, tableau de bord trimestriel par fili\u00e8re<\/a>\r\n\r\n\u2013 SDES, service statistique du Minist\u00e8re de la Transition \u00c9cologique\r\n\r\n\u2013 Sur la base des registres, compl\u00e9t\u00e9s par des enqu\u00eates et corrig\u00e9s\r\n--&gt; Installation des parcs \u00e9oliens et des mats\r\n\r\n-\u00a0<a href=\"https:\/\/carto2.geo-ide.din.developpement-durable.gouv.fr\/frontoffice\/?map=fec07849-5edb-428a-9c94-48f93394f5f7\">DREAL, d\u2019apr\u00e8s les dossiers en instruction<\/a>\r\n\r\n-\u00a0<a href=\"https:\/\/www.georisques.gouv.fr\/donnees\/bases-de-donnees\/eolien-terrestre\">G\u00e9oRisques (OREOL)<\/a>\r\n--&gt; Observatoires climat air \u00e9nergie r\u00e9gionaux\r\n\r\n\u2013 ATMO, sur la base de sources existantes et compl\u00e9t\u00e9e localement\r\n\r\n\u2013\u00a0<a href=\"https:\/\/observatoire.atmo-grandest.eu\/\">ATMO Grand Est <\/a>\r\n\r\n&nbsp;\r\n\r\n--&gt;\u00a0<a href=\"https:\/\/planification.climat-energie.gouv.fr\/\">Portail cartographique des \u00e9nergies renouvelables\u00a0<\/a>\r\n\r\n--&gt;\u00a0<a href=\"https:\/\/planification.climat-energie.gouv.fr\/\">Portail EnR DGEC (IGN-CEREMA)<\/a>\r\n\r\n\u2013 Potentiel, production, consommation, connaissance du territoire, etc.\r\n\r\n\u2013 Multi-sources : Etat, collectivit\u00e9s, ODRE, etc.\r\n\r\n&nbsp;\r\n\r\n--&gt;\u00a0<a href=\"https:\/\/opendata.agenceore.fr\/pages\/accueil\/\">OPEN DATA GRD<\/a>\r\n\r\n\u2013 Donn\u00e9es des gestionnaires de r\u00e9seaux de distribution\r\n\r\n--&gt;\u00a0<a href=\"https:\/\/opendata.reseaux-energies.fr\/\">Open Data R\u00e9seaux \u00c9nergies (ODR\u00c9)\u00a0<\/a>\r\n\r\n&nbsp;\r\n\r\n--&gt;\u00a0<a href=\"https:\/\/www.grand-est.developpement-durable.gouv.fr\/systeme-d-information-de-l-inventaire-du-r216.html\">SINP (Syst\u00e8me d\u2019Information de l\u2019iNventaire du Patrimoine Naturel)<\/a>\r\n\r\n\u2013 Donn\u00e9es de biodiversit\u00e9 (esp\u00e8ces faune et flore)\r\n\r\n&nbsp;","eve_animation":true,"glo_image":3688,"glo_intro":"","glo_car_surcharge_titre":"","glo_car_surcharge_lien":""},"yoast_head":"<!-- This site is optimized with the Yoast SEO plugin v27.4 - https:\/\/yoast.com\/product\/yoast-seo-wordpress\/ -->\n<title>Journ\u00e9e d&#039;animation DataGrandEst : Les donn\u00e9es des \u00e9nergies renouvelables (EnR) - DataGrandEst<\/title>\n<meta name=\"robots\" content=\"index, follow, max-snippet:-1, max-image-preview:large, max-video-preview:-1\" \/>\n<link rel=\"canonical\" href=\"https:\/\/www.datagrandest.fr\/site\/evenement\/journee-danimation-datagrandest-les-donnees-des-energies-renouvelables-enr\/\" \/>\n<meta property=\"og:locale\" content=\"fr_FR\" \/>\n<meta property=\"og:type\" content=\"article\" \/>\n<meta property=\"og:title\" content=\"Journ\u00e9e d&#039;animation DataGrandEst : Les donn\u00e9es des \u00e9nergies renouvelables (EnR) - DataGrandEst\" \/>\n<meta property=\"og:url\" content=\"https:\/\/www.datagrandest.fr\/site\/evenement\/journee-danimation-datagrandest-les-donnees-des-energies-renouvelables-enr\/\" \/>\n<meta property=\"og:site_name\" content=\"DataGrandEst\" \/>\n<meta property=\"article:modified_time\" content=\"2026-03-30T08:11:17+00:00\" \/>\n<meta name=\"twitter:card\" content=\"summary_large_image\" \/>\n<meta name=\"twitter:label1\" content=\"Dur\u00e9e de lecture estim\u00e9e\" \/>\n\t<meta name=\"twitter:data1\" content=\"4 minutes\" \/>\n<script type=\"application\/ld+json\" class=\"yoast-schema-graph\">{\"@context\":\"https:\\\/\\\/schema.org\",\"@graph\":[{\"@type\":\"WebPage\",\"@id\":\"https:\\\/\\\/www.datagrandest.fr\\\/site\\\/evenement\\\/journee-danimation-datagrandest-les-donnees-des-energies-renouvelables-enr\\\/\",\"url\":\"https:\\\/\\\/www.datagrandest.fr\\\/site\\\/evenement\\\/journee-danimation-datagrandest-les-donnees-des-energies-renouvelables-enr\\\/\",\"name\":\"Journ\u00e9e d'animation DataGrandEst : Les donn\u00e9es des \u00e9nergies renouvelables (EnR) - DataGrandEst\",\"isPartOf\":{\"@id\":\"https:\\\/\\\/www.datagrandest.fr\\\/site\\\/#website\"},\"datePublished\":\"2024-01-04T08:42:23+00:00\",\"dateModified\":\"2026-03-30T08:11:17+00:00\",\"breadcrumb\":{\"@id\":\"https:\\\/\\\/www.datagrandest.fr\\\/site\\\/evenement\\\/journee-danimation-datagrandest-les-donnees-des-energies-renouvelables-enr\\\/#breadcrumb\"},\"inLanguage\":\"fr-FR\",\"potentialAction\":[{\"@type\":\"ReadAction\",\"target\":[\"https:\\\/\\\/www.datagrandest.fr\\\/site\\\/evenement\\\/journee-danimation-datagrandest-les-donnees-des-energies-renouvelables-enr\\\/\"]}]},{\"@type\":\"BreadcrumbList\",\"@id\":\"https:\\\/\\\/www.datagrandest.fr\\\/site\\\/evenement\\\/journee-danimation-datagrandest-les-donnees-des-energies-renouvelables-enr\\\/#breadcrumb\",\"itemListElement\":[{\"@type\":\"ListItem\",\"position\":1,\"name\":\"Accueil\",\"item\":\"https:\\\/\\\/www.datagrandest.fr\\\/site\\\/\"},{\"@type\":\"ListItem\",\"position\":2,\"name\":\"\u00c9v\u00e9nements\",\"item\":\"https:\\\/\\\/www.datagrandest.fr\\\/site\\\/evenement\\\/\"},{\"@type\":\"ListItem\",\"position\":3,\"name\":\"Journ\u00e9e d&rsquo;animation DataGrandEst : Les donn\u00e9es des \u00e9nergies renouvelables (EnR)\"}]},{\"@type\":\"WebSite\",\"@id\":\"https:\\\/\\\/www.datagrandest.fr\\\/site\\\/#website\",\"url\":\"https:\\\/\\\/www.datagrandest.fr\\\/site\\\/\",\"name\":\"DataGrandEst\",\"description\":\"\",\"potentialAction\":[{\"@type\":\"SearchAction\",\"target\":{\"@type\":\"EntryPoint\",\"urlTemplate\":\"https:\\\/\\\/www.datagrandest.fr\\\/site\\\/?s={search_term_string}\"},\"query-input\":{\"@type\":\"PropertyValueSpecification\",\"valueRequired\":true,\"valueName\":\"search_term_string\"}}],\"inLanguage\":\"fr-FR\"}]}<\/script>\n<!-- \/ Yoast SEO plugin. -->","yoast_head_json":{"title":"Journ\u00e9e d'animation DataGrandEst : Les donn\u00e9es des \u00e9nergies renouvelables (EnR) - DataGrandEst","robots":{"index":"index","follow":"follow","max-snippet":"max-snippet:-1","max-image-preview":"max-image-preview:large","max-video-preview":"max-video-preview:-1"},"canonical":"https:\/\/www.datagrandest.fr\/site\/evenement\/journee-danimation-datagrandest-les-donnees-des-energies-renouvelables-enr\/","og_locale":"fr_FR","og_type":"article","og_title":"Journ\u00e9e d'animation DataGrandEst : Les donn\u00e9es des \u00e9nergies renouvelables (EnR) - DataGrandEst","og_url":"https:\/\/www.datagrandest.fr\/site\/evenement\/journee-danimation-datagrandest-les-donnees-des-energies-renouvelables-enr\/","og_site_name":"DataGrandEst","article_modified_time":"2026-03-30T08:11:17+00:00","twitter_card":"summary_large_image","twitter_misc":{"Dur\u00e9e de lecture estim\u00e9e":"4 minutes"},"schema":{"@context":"https:\/\/schema.org","@graph":[{"@type":"WebPage","@id":"https:\/\/www.datagrandest.fr\/site\/evenement\/journee-danimation-datagrandest-les-donnees-des-energies-renouvelables-enr\/","url":"https:\/\/www.datagrandest.fr\/site\/evenement\/journee-danimation-datagrandest-les-donnees-des-energies-renouvelables-enr\/","name":"Journ\u00e9e d'animation DataGrandEst : Les donn\u00e9es des \u00e9nergies renouvelables (EnR) - DataGrandEst","isPartOf":{"@id":"https:\/\/www.datagrandest.fr\/site\/#website"},"datePublished":"2024-01-04T08:42:23+00:00","dateModified":"2026-03-30T08:11:17+00:00","breadcrumb":{"@id":"https:\/\/www.datagrandest.fr\/site\/evenement\/journee-danimation-datagrandest-les-donnees-des-energies-renouvelables-enr\/#breadcrumb"},"inLanguage":"fr-FR","potentialAction":[{"@type":"ReadAction","target":["https:\/\/www.datagrandest.fr\/site\/evenement\/journee-danimation-datagrandest-les-donnees-des-energies-renouvelables-enr\/"]}]},{"@type":"BreadcrumbList","@id":"https:\/\/www.datagrandest.fr\/site\/evenement\/journee-danimation-datagrandest-les-donnees-des-energies-renouvelables-enr\/#breadcrumb","itemListElement":[{"@type":"ListItem","position":1,"name":"Accueil","item":"https:\/\/www.datagrandest.fr\/site\/"},{"@type":"ListItem","position":2,"name":"\u00c9v\u00e9nements","item":"https:\/\/www.datagrandest.fr\/site\/evenement\/"},{"@type":"ListItem","position":3,"name":"Journ\u00e9e d&rsquo;animation DataGrandEst : Les donn\u00e9es des \u00e9nergies renouvelables (EnR)"}]},{"@type":"WebSite","@id":"https:\/\/www.datagrandest.fr\/site\/#website","url":"https:\/\/www.datagrandest.fr\/site\/","name":"DataGrandEst","description":"","potentialAction":[{"@type":"SearchAction","target":{"@type":"EntryPoint","urlTemplate":"https:\/\/www.datagrandest.fr\/site\/?s={search_term_string}"},"query-input":{"@type":"PropertyValueSpecification","valueRequired":true,"valueName":"search_term_string"}}],"inLanguage":"fr-FR"}]}},"_links":{"self":[{"href":"https:\/\/www.datagrandest.fr\/site\/wp-json\/wp\/v2\/evenement\/1359","targetHints":{"allow":["GET"]}}],"collection":[{"href":"https:\/\/www.datagrandest.fr\/site\/wp-json\/wp\/v2\/evenement"}],"about":[{"href":"https:\/\/www.datagrandest.fr\/site\/wp-json\/wp\/v2\/types\/evenement"}],"version-history":[{"count":4,"href":"https:\/\/www.datagrandest.fr\/site\/wp-json\/wp\/v2\/evenement\/1359\/revisions"}],"predecessor-version":[{"id":5417,"href":"https:\/\/www.datagrandest.fr\/site\/wp-json\/wp\/v2\/evenement\/1359\/revisions\/5417"}],"wp:attachment":[{"href":"https:\/\/www.datagrandest.fr\/site\/wp-json\/wp\/v2\/media?parent=1359"}],"wp:term":[{"taxonomy":"periode","embeddable":true,"href":"https:\/\/www.datagrandest.fr\/site\/wp-json\/wp\/v2\/periode?post=1359"},{"taxonomy":"source","embeddable":true,"href":"https:\/\/www.datagrandest.fr\/site\/wp-json\/wp\/v2\/source?post=1359"},{"taxonomy":"thematique_globale","embeddable":true,"href":"https:\/\/www.datagrandest.fr\/site\/wp-json\/wp\/v2\/thematique_globale?post=1359"},{"taxonomy":"type_evenement","embeddable":true,"href":"https:\/\/www.datagrandest.fr\/site\/wp-json\/wp\/v2\/type_evenement?post=1359"}],"curies":[{"name":"wp","href":"https:\/\/api.w.org\/{rel}","templated":true}]}}