{"id":1361,"date":"2024-01-04T09:40:07","date_gmt":"2024-01-04T08:40:07","guid":{"rendered":"https:\/\/dev.datagrandest.fr\/site\/evenement\/journee-juridique-sur-les-donnees\/"},"modified":"2026-03-30T10:12:10","modified_gmt":"2026-03-30T08:12:10","slug":"journee-juridique-sur-les-donnees","status":"publish","type":"evenement","link":"https:\/\/www.datagrandest.fr\/site\/evenement\/journee-juridique-sur-les-donnees\/","title":{"rendered":"Journ\u00e9e juridique sur les donn\u00e9es"},"template":"","meta":{"_acf_changed":false,"_relevanssi_hide_post":"","_relevanssi_hide_content":"","_relevanssi_pin_for_all":"","_relevanssi_pin_keywords":"","_relevanssi_unpin_keywords":"","_relevanssi_related_keywords":"","_relevanssi_related_include_ids":"","_relevanssi_related_exclude_ids":"","_relevanssi_related_no_append":"","_relevanssi_related_not_related":"","_relevanssi_related_posts":"","_relevanssi_noindex_reason":""},"periode":[212],"source":[],"thematique_globale":[],"type_evenement":[146],"class_list":["post-1361","evenement","type-evenement","status-publish","hentry","periode-212","type_evenement-journee-thematique"],"acf":{"eve_description_courte":"","eve_description_longue":"<h1 class=\"rtecenter\">Journ\u00e9e juridique sur les donn\u00e9es<\/h1>\r\n<p class=\"rtecenter\"><span style=\"font-size: 18px;\">Sensibilisation \u00e0 la r\u00e9glementation et service d'appui juridique de DataGrandEst<\/span><\/p>\r\n<p class=\"rtecenter\"><strong>____________________<\/strong><\/p>\r\n\r\n<h4 class=\"rtecenter\">Jeudi 28 mars 2024\u00a0 |\u00a0 De 09h30 \u00e0 16h30\u00a0 | Centre Prouv\u00e9 - Palais des Congr\u00e8s de Nancy<\/h4>\r\nL'importance croissante des donn\u00e9es dans notre soci\u00e9t\u00e9 moderne soul\u00e8ve de multiples questions juridiques et \u00e9thiques qui n\u00e9cessitent une attention particuli\u00e8re. Que ce soit en mati\u00e8re d'open data, de donn\u00e9es produites par les structures publiques, de protection des donn\u00e9es personnelles, etc, la l\u00e9gislation \u00e9volue constamment et il est crucial pour les acteurs impliqu\u00e9s de rester inform\u00e9s et engag\u00e9s.\r\n\r\nDans ce contexte, DataGrandEst a souhait\u00e9 mettre en place une offre de service juridique pour permettre \u00e0 ses membres de d\u00e9velopper une autonomie suffisante face \u00e0 chaque nouvelle situation et de conna\u00eetre les outils et m\u00e9thodes n\u00e9cessaires pour y r\u00e9pondre.\r\n\r\nVous souhaitez d\u00e9couvrir ou approfondir vos connaissances juridiques autour de la donn\u00e9e, et savoir ce que peut vous apporter DataGrandEst sur le sujet ?\r\n\r\nCette journ\u00e9e pourra r\u00e9pondre \u00e0 vos attentes. Le matin, Parme Avocats, qui accompagne la d\u00e9marche, fera une acculturation juridique \u00e0 la donn\u00e9e. L\u2019apr\u00e8s-midi permettra de vous pr\u00e9senter les premi\u00e8res ressources disponibles, puis vous pourrez contribuer lors d'un atelier \u00e0 finaliser l\u2019offre de service juridique que DataGrandEst va proposer.\r\n<div class=\"panel panel-warning\">\r\n<div class=\"panel-heading\">\r\n<h4>Programme<\/h4>\r\n<\/div>\r\n<\/div>\r\n<strong>09h30<\/strong>\u00a0 |\u00a0\u00a0<strong>Accueil des participants<\/strong>\r\n\r\n<strong>10h00<\/strong>\u00a0 |\u00a0\u00a0<strong>Lancement de la journ\u00e9e par DataGrandEst<\/strong>\r\n\r\n<strong>10h15<\/strong>\u00a0 |\u00a0\u00a0<strong>Acculturation au juridique de la donn\u00e9e, Parme Avocats :<\/strong>\r\n<ul>\r\n \t<li><em>Les principales notions clefs relatives aux donn\u00e9es publiques et la r\u00e9glementation<\/em><\/li>\r\n<\/ul>\r\n<ul>\r\n \t<li><em>La r\u00e9glementation relative aux donn\u00e9es personnelles dans le cadre de la commande publique<\/em><\/li>\r\n<\/ul>\r\n<ul>\r\n \t<li><em>La propri\u00e9t\u00e9 de la donn\u00e9e dans les contrats et les diff\u00e9rents cas de figure<\/em><\/li>\r\n<\/ul>\r\n<ul>\r\n \t<li><em>La propri\u00e9t\u00e9 intellectuelle et les droits et enjeux<\/em><\/li>\r\n<\/ul>\r\n<ul>\r\n \t<li><em>La politique de valorisation de la donn\u00e9e, le \u00ab Data Governance Act \u00bb<\/em><\/li>\r\n \t<li><em>Les probl\u00e9matiques de stockage et d\u2019h\u00e9bergement des donn\u00e9es, la cybers\u00e9curit\u00e9 ou encore la \u00ab sobri\u00e9t\u00e9 data \u00bb<\/em><\/li>\r\n<\/ul>\r\n<strong>12h30<\/strong>\u00a0 |\u00a0 <b>Pause d\u00e9jeuner<\/b>\r\n\r\n<strong>13h45<\/strong>\u00a0 |\u00a0 <b>Point d\u2019\u00e9tape sur l\u2019offre de service juridique et pr\u00e9sentation de la Ressourcerie et du Clausier <\/b>\r\n\r\n<strong>14h15<\/strong>\u00a0 |\u00a0 <strong>Ateliers de d\u00e9finition du service juridique \u00e0 la demande<\/strong>\r\n\r\n<strong>15h30\u00a0<\/strong> |\u00a0 <strong>Restitution des ateliers<\/strong>\r\n\r\n<strong>16h15<\/strong>\u00a0 |\u00a0\u00a0<strong>Conclusion et perspectives<\/strong>\r\n\r\n&nbsp;","eve_lieu":"","eve_date":"20240328","eve_date_fin":"20240328","eve_heure_de_debut":"09:30:00","eve_heure_de_fin":"16:30:00","eve_pour_aller_plus_loin":"<h1>Les interventions<\/h1>\r\n<strong>Acculturation au juridique de la donn\u00e9e, Parme Avocats :<\/strong>\r\n<ul>\r\n \t<li><em>Les principales notions clefs relatives aux donn\u00e9es publiques et la r\u00e9glementation<\/em><\/li>\r\n<\/ul>\r\n<ul>\r\n \t<li><em>La r\u00e9glementation relative aux donn\u00e9es personnelles dans le cadre de la commande publique<\/em><\/li>\r\n<\/ul>\r\n<ul>\r\n \t<li><em>La propri\u00e9t\u00e9 de la donn\u00e9e dans les contrats et les diff\u00e9rents cas de figure<\/em><\/li>\r\n<\/ul>\r\n<ul>\r\n \t<li><em>La propri\u00e9t\u00e9 intellectuelle et les droits et enjeux<\/em><\/li>\r\n<\/ul>\r\n<ul>\r\n \t<li><em>La politique de valorisation de la donn\u00e9e, le \u00ab Data Governance Act \u00bb<\/em><\/li>\r\n<\/ul>\r\n<ul>\r\n \t<li><em>Les probl\u00e9matiques de stockage et d\u2019h\u00e9bergement des donn\u00e9es, la cybers\u00e9curit\u00e9 ou encore la \u00ab sobri\u00e9t\u00e9 data \u00bb<\/em><\/li>\r\n<\/ul>\r\n-&gt;\u00a0<a href=\"\/site\/portail\/sites\/default\/files\/parme_seminaire_data_datagrandest-28_mars_2024-vf.pdf\">Lire la pr\u00e9sentation<\/a>\r\n\r\n<b>Point d\u2019\u00e9tape sur l\u2019offre de service juridique et pr\u00e9sentation de la Ressourcerie et du Clausier<\/b>\r\n\r\n-&gt;\u00a0<a href=\"\/site\/portail\/sites\/default\/files\/2024_03_28_datagrandest_atelierseminaire_vf.pdf\">Lire la pr\u00e9sentation<\/a>\r\n\r\n<a href=\"https:\/\/www.datagrandest.fr\/site\/ressources-juridiques\/\">Le contenu de la Ressourcerie est maintenant en ligne<\/a>, celui du clausier le sera tr\u00e8s prochainement sur notre site, sous la rubrique \"Ressources\". Nous vous en informerons par email.\r\n\r\n<strong>Ateliers de d\u00e9finition du service juridique \u00e0 la demande<\/strong>","eve_animation":true,"glo_image":3688,"glo_intro":"","glo_car_surcharge_titre":"","glo_car_surcharge_lien":""},"yoast_head":"<!-- This site is optimized with the Yoast SEO plugin v27.4 - https:\/\/yoast.com\/product\/yoast-seo-wordpress\/ -->\n<title>Journ\u00e9e juridique sur les donn\u00e9es - DataGrandEst<\/title>\n<meta name=\"robots\" content=\"index, follow, max-snippet:-1, max-image-preview:large, max-video-preview:-1\" \/>\n<link rel=\"canonical\" href=\"https:\/\/www.datagrandest.fr\/site\/evenement\/journee-juridique-sur-les-donnees\/\" \/>\n<meta property=\"og:locale\" content=\"fr_FR\" \/>\n<meta property=\"og:type\" content=\"article\" \/>\n<meta property=\"og:title\" content=\"Journ\u00e9e juridique sur les donn\u00e9es - DataGrandEst\" \/>\n<meta property=\"og:url\" content=\"https:\/\/www.datagrandest.fr\/site\/evenement\/journee-juridique-sur-les-donnees\/\" \/>\n<meta property=\"og:site_name\" content=\"DataGrandEst\" \/>\n<meta property=\"article:modified_time\" content=\"2026-03-30T08:12:10+00:00\" \/>\n<meta name=\"twitter:card\" content=\"summary_large_image\" \/>\n<meta name=\"twitter:label1\" content=\"Dur\u00e9e de lecture estim\u00e9e\" \/>\n\t<meta name=\"twitter:data1\" content=\"3 minutes\" \/>\n<script type=\"application\/ld+json\" class=\"yoast-schema-graph\">{\"@context\":\"https:\\\/\\\/schema.org\",\"@graph\":[{\"@type\":\"WebPage\",\"@id\":\"https:\\\/\\\/www.datagrandest.fr\\\/site\\\/evenement\\\/journee-juridique-sur-les-donnees\\\/\",\"url\":\"https:\\\/\\\/www.datagrandest.fr\\\/site\\\/evenement\\\/journee-juridique-sur-les-donnees\\\/\",\"name\":\"Journ\u00e9e juridique sur les donn\u00e9es - DataGrandEst\",\"isPartOf\":{\"@id\":\"https:\\\/\\\/www.datagrandest.fr\\\/site\\\/#website\"},\"datePublished\":\"2024-01-04T08:40:07+00:00\",\"dateModified\":\"2026-03-30T08:12:10+00:00\",\"breadcrumb\":{\"@id\":\"https:\\\/\\\/www.datagrandest.fr\\\/site\\\/evenement\\\/journee-juridique-sur-les-donnees\\\/#breadcrumb\"},\"inLanguage\":\"fr-FR\",\"potentialAction\":[{\"@type\":\"ReadAction\",\"target\":[\"https:\\\/\\\/www.datagrandest.fr\\\/site\\\/evenement\\\/journee-juridique-sur-les-donnees\\\/\"]}]},{\"@type\":\"BreadcrumbList\",\"@id\":\"https:\\\/\\\/www.datagrandest.fr\\\/site\\\/evenement\\\/journee-juridique-sur-les-donnees\\\/#breadcrumb\",\"itemListElement\":[{\"@type\":\"ListItem\",\"position\":1,\"name\":\"Accueil\",\"item\":\"https:\\\/\\\/www.datagrandest.fr\\\/site\\\/\"},{\"@type\":\"ListItem\",\"position\":2,\"name\":\"\u00c9v\u00e9nements\",\"item\":\"https:\\\/\\\/www.datagrandest.fr\\\/site\\\/evenement\\\/\"},{\"@type\":\"ListItem\",\"position\":3,\"name\":\"Journ\u00e9e juridique sur les donn\u00e9es\"}]},{\"@type\":\"WebSite\",\"@id\":\"https:\\\/\\\/www.datagrandest.fr\\\/site\\\/#website\",\"url\":\"https:\\\/\\\/www.datagrandest.fr\\\/site\\\/\",\"name\":\"DataGrandEst\",\"description\":\"\",\"potentialAction\":[{\"@type\":\"SearchAction\",\"target\":{\"@type\":\"EntryPoint\",\"urlTemplate\":\"https:\\\/\\\/www.datagrandest.fr\\\/site\\\/?s={search_term_string}\"},\"query-input\":{\"@type\":\"PropertyValueSpecification\",\"valueRequired\":true,\"valueName\":\"search_term_string\"}}],\"inLanguage\":\"fr-FR\"}]}<\/script>\n<!-- \/ Yoast SEO plugin. -->","yoast_head_json":{"title":"Journ\u00e9e juridique sur les donn\u00e9es - DataGrandEst","robots":{"index":"index","follow":"follow","max-snippet":"max-snippet:-1","max-image-preview":"max-image-preview:large","max-video-preview":"max-video-preview:-1"},"canonical":"https:\/\/www.datagrandest.fr\/site\/evenement\/journee-juridique-sur-les-donnees\/","og_locale":"fr_FR","og_type":"article","og_title":"Journ\u00e9e juridique sur les donn\u00e9es - DataGrandEst","og_url":"https:\/\/www.datagrandest.fr\/site\/evenement\/journee-juridique-sur-les-donnees\/","og_site_name":"DataGrandEst","article_modified_time":"2026-03-30T08:12:10+00:00","twitter_card":"summary_large_image","twitter_misc":{"Dur\u00e9e de lecture estim\u00e9e":"3 minutes"},"schema":{"@context":"https:\/\/schema.org","@graph":[{"@type":"WebPage","@id":"https:\/\/www.datagrandest.fr\/site\/evenement\/journee-juridique-sur-les-donnees\/","url":"https:\/\/www.datagrandest.fr\/site\/evenement\/journee-juridique-sur-les-donnees\/","name":"Journ\u00e9e juridique sur les donn\u00e9es - DataGrandEst","isPartOf":{"@id":"https:\/\/www.datagrandest.fr\/site\/#website"},"datePublished":"2024-01-04T08:40:07+00:00","dateModified":"2026-03-30T08:12:10+00:00","breadcrumb":{"@id":"https:\/\/www.datagrandest.fr\/site\/evenement\/journee-juridique-sur-les-donnees\/#breadcrumb"},"inLanguage":"fr-FR","potentialAction":[{"@type":"ReadAction","target":["https:\/\/www.datagrandest.fr\/site\/evenement\/journee-juridique-sur-les-donnees\/"]}]},{"@type":"BreadcrumbList","@id":"https:\/\/www.datagrandest.fr\/site\/evenement\/journee-juridique-sur-les-donnees\/#breadcrumb","itemListElement":[{"@type":"ListItem","position":1,"name":"Accueil","item":"https:\/\/www.datagrandest.fr\/site\/"},{"@type":"ListItem","position":2,"name":"\u00c9v\u00e9nements","item":"https:\/\/www.datagrandest.fr\/site\/evenement\/"},{"@type":"ListItem","position":3,"name":"Journ\u00e9e juridique sur les donn\u00e9es"}]},{"@type":"WebSite","@id":"https:\/\/www.datagrandest.fr\/site\/#website","url":"https:\/\/www.datagrandest.fr\/site\/","name":"DataGrandEst","description":"","potentialAction":[{"@type":"SearchAction","target":{"@type":"EntryPoint","urlTemplate":"https:\/\/www.datagrandest.fr\/site\/?s={search_term_string}"},"query-input":{"@type":"PropertyValueSpecification","valueRequired":true,"valueName":"search_term_string"}}],"inLanguage":"fr-FR"}]}},"_links":{"self":[{"href":"https:\/\/www.datagrandest.fr\/site\/wp-json\/wp\/v2\/evenement\/1361","targetHints":{"allow":["GET"]}}],"collection":[{"href":"https:\/\/www.datagrandest.fr\/site\/wp-json\/wp\/v2\/evenement"}],"about":[{"href":"https:\/\/www.datagrandest.fr\/site\/wp-json\/wp\/v2\/types\/evenement"}],"version-history":[{"count":4,"href":"https:\/\/www.datagrandest.fr\/site\/wp-json\/wp\/v2\/evenement\/1361\/revisions"}],"predecessor-version":[{"id":5422,"href":"https:\/\/www.datagrandest.fr\/site\/wp-json\/wp\/v2\/evenement\/1361\/revisions\/5422"}],"wp:attachment":[{"href":"https:\/\/www.datagrandest.fr\/site\/wp-json\/wp\/v2\/media?parent=1361"}],"wp:term":[{"taxonomy":"periode","embeddable":true,"href":"https:\/\/www.datagrandest.fr\/site\/wp-json\/wp\/v2\/periode?post=1361"},{"taxonomy":"source","embeddable":true,"href":"https:\/\/www.datagrandest.fr\/site\/wp-json\/wp\/v2\/source?post=1361"},{"taxonomy":"thematique_globale","embeddable":true,"href":"https:\/\/www.datagrandest.fr\/site\/wp-json\/wp\/v2\/thematique_globale?post=1361"},{"taxonomy":"type_evenement","embeddable":true,"href":"https:\/\/www.datagrandest.fr\/site\/wp-json\/wp\/v2\/type_evenement?post=1361"}],"curies":[{"name":"wp","href":"https:\/\/api.w.org\/{rel}","templated":true}]}}