{"id":1366,"date":"2024-01-04T08:45:27","date_gmt":"2024-01-04T07:45:27","guid":{"rendered":"https:\/\/dev.datagrandest.fr\/site\/evenement\/webinaire-la-foret-dans-tous-ses-etats\/"},"modified":"2026-03-30T10:14:03","modified_gmt":"2026-03-30T08:14:03","slug":"webinaire-la-foret-dans-tous-ses-etats","status":"publish","type":"evenement","link":"https:\/\/www.datagrandest.fr\/site\/evenement\/webinaire-la-foret-dans-tous-ses-etats\/","title":{"rendered":"Webinaire &#8211;  La for\u00eat dans tous ses \u00e9tats !"},"template":"","meta":{"_acf_changed":false,"_relevanssi_hide_post":"","_relevanssi_hide_content":"","_relevanssi_pin_for_all":"","_relevanssi_pin_keywords":"","_relevanssi_unpin_keywords":"","_relevanssi_related_keywords":"","_relevanssi_related_include_ids":"","_relevanssi_related_exclude_ids":"","_relevanssi_related_no_append":"","_relevanssi_related_not_related":"","_relevanssi_related_posts":"","_relevanssi_noindex_reason":""},"periode":[212],"source":[],"thematique_globale":[],"type_evenement":[145],"class_list":["post-1366","evenement","type-evenement","status-publish","hentry","periode-212","type_evenement-webinaire"],"acf":{"eve_description_courte":"","eve_description_longue":"<h2 class=\"rtecenter\">La for\u00eat dans tous ses \u00e9tats !<\/h2>\r\n<h3>Date<\/h3>\r\n<span style=\"font-size: 16px;\">Jeudi 6 juin 2024<\/span>\r\n\r\n<span style=\"font-size: 16px;\">De 11h00 \u00e0 12h00<\/span>\r\n<h3>Lieu de l'\u00e9v\u00e8nement<\/h3>\r\n<span style=\"font-size: 16px;\">Cet \u00e9v\u00e9nement se pr\u00e9sentera sous forme de webinaire<\/span>\r\n<h3>Intervenants et sujets<\/h3>\r\nLa for\u00eat est un enjeu majeur en termes de biodiversit\u00e9 et de ressources, dont la vuln\u00e9rabilit\u00e9 a augment\u00e9 ces derni\u00e8res ann\u00e9es en raison du d\u00e9r\u00e8glement climatique. Elle repr\u00e9sente 34 % du territoire du Grand Est. Approfondir sa connaissance gr\u00e2ce aux donn\u00e9es est important.\r\n\r\nCe webinaire, anim\u00e9 par DataGrandEst, donnera la parole \u00e0 des intervenants de l'Institut G\u00e9ographique National (IGN), de l'Office National des For\u00eats (ONF), du Centre National de la Propri\u00e9t\u00e9 Foresti\u00e8re (CNPF) et de la R\u00e9gion, qui vous pr\u00e9senteront des sites et donn\u00e9es de r\u00e9f\u00e9rences et quelques usages des donn\u00e9es foresti\u00e8res, en France et en Grand Est.\r\n\r\n<strong>Intervenants :<\/strong>\r\n<ul>\r\n \t<li>Donn\u00e9es IGN et observation des for\u00eats fran\u00e7aises\r\nAntoine COLIN (IGN)\r\nBenjamin PITON (IGN)<\/li>\r\n \t<li>D\u00e9marche de l\u2019observatoire de la for\u00eat en Grand Est\r\nEnora LERICOLAIS (R\u00e9gion Grand Est)<\/li>\r\n \t<li>Les donn\u00e9es LiDAR \u00e0 l\u2019ONF, exemple de l\u2019utilisation des donn\u00e9es de mod\u00e8les num\u00e9riques d\u2019\u00e9l\u00e9vations et des param\u00e8tres forestiers sur le site du \u00ab Massif Vosgien \u00bb\r\nNicolas DEGARNE (ONF Grand Est)<\/li>\r\n \t<li>Analyse des d\u00e9p\u00e9rissements et de la reconstitution en for\u00eat priv\u00e9e du Grand Est\r\nFiona ALATI (CRPF Grand Est)<\/li>\r\n<\/ul>\r\n&nbsp;","eve_lieu":"","eve_date":"20240606","eve_date_fin":"20240606","eve_heure_de_debut":"11:00:00","eve_heure_de_fin":"12:00:00","eve_pour_aller_plus_loin":"<u>A noter\u00a0<\/u>: les pr\u00e9sentations ci-dessous sont diffus\u00e9es \u00e0 partir de la cha\u00eene\u00a0<strong>YouTube DataGrandEst.<\/strong>\u00a0Si vous rencontrez des difficult\u00e9s pour les visionner, nous vous invitons \u00e0 utiliser les liens mentionn\u00e9s dans la rubrique \"Document (lien) plus bas sur cette page\"\r\n\r\n&nbsp;\r\n<h3>Regarder le webinaire complet<\/h3>\r\n<div class=\"row\">\r\n<div class=\"col-sm-6 col-md-6\">\r\n<div class=\"thumbnail\">\r\n<div class=\"caption\">\r\n<p class=\"rtecenter\"><a href=\"https:\/\/www.youtube.com\/embed\/GnETwIIXJlU\" target=\"_blank\" rel=\"noopener\">T\u00e9l\u00e9charger la vid\u00e9o<\/a><\/p>\r\n\r\n<\/div>\r\n<\/div>\r\n<\/div>\r\n<\/div>\r\n<h3>Ou choisir une vid\u00e9o selon l'intervention<\/h3>\r\n<h4><strong>Donn\u00e9es IGN et observation des for\u00eats fran\u00e7aises<\/strong>\r\n<em>Antoine COLIN (IGN) et Benjamin PITON (IGN)<\/em><\/h4>\r\n<div class=\"row\">\r\n<div class=\"col-sm-6 col-md-6\">\r\n<div class=\"thumbnail\">\r\n<div class=\"caption\">\r\n<p class=\"rtecenter\"><a href=\"https:\/\/www.youtube.com\/embed\/2VFGzGnYoWk\" target=\"_blank\" rel=\"noopener\">T\u00e9l\u00e9charger la vid\u00e9o<\/a><\/p>\r\n\r\n<div class=\"panel panel-primary\">\r\n<div id=\"headingTwo\" class=\"panel-heading\" role=\"tab\">\r\n<h4 class=\"panel-title\"><span class=\"glyphicon glyphicon-chevron-down\">\u00a0<\/span>Est-il possible d'indiquer votre point de vue entre l'utilisation de la BD For\u00eat et OCS GE ?<\/h4>\r\n<\/div>\r\n<div id=\"collapse-difference\" class=\"panel-collapse collapse in\" role=\"tabpanel\" aria-labelledby=\"headingTwo\" aria-expanded=\"true\">\r\n<div class=\"panel-body\">\r\n\r\nL\u2019intervenant ne conna\u00eet pas les donn\u00e9es de l\u2019OCS produites par la R\u00e9gion Grand Est donc il n\u2019est pas en mesure de r\u00e9pondre directement \u00e0 cette question. Par contre, la BD For\u00eat est une donn\u00e9e \u00e0 l\u2019\u00e9chelle nationale donc, c\u2019est possible de faire des calculs et des analyses \u00e0 diff\u00e9rentes \u00e9chelles territoriales. De plus, elle a une richesse attributaire unique concernant les types d\u2019arbre.\r\n\r\n<\/div>\r\n<\/div>\r\n<\/div>\r\n<div class=\"panel panel-primary\">\r\n<div id=\"headingTwo\" class=\"panel-heading\" role=\"tab\">\r\n<h4 class=\"panel-title\"><span class=\"glyphicon glyphicon-chevron-down\">\u00a0<\/span>La pr\u00e9sentation d\u00e9crit des donn\u00e9es environnementales (\u00e9tat sanitaire, biodiversit\u00e9). Quel lien avec les donn\u00e9es de la fili\u00e8re bois (production et ENR) ?<\/h4>\r\n<\/div>\r\n<div id=\"collapse-lien\" class=\"panel-collapse collapse in\" role=\"tabpanel\" aria-labelledby=\"headingTwo\" aria-expanded=\"true\">\r\n<div class=\"panel-body\">\r\n\r\nNous avons fait un focus sur les donn\u00e9es environnementales mais l'\u00e9conomie occupe aussi une bonne place dans l'observatoire national =&gt; production biologique, r\u00e9colte, usage des bois, etc. Ces informations sont trait\u00e9es dans notre club \"ressources bois disponibles\"\r\n<h4><strong>D\u00e9marche de l\u2019observatoire de la for\u00eat en Grand Est<\/strong>\r\n<em>Enora LERICOLAIS (R\u00e9gion Grand Est)<\/em><\/h4>\r\n<div class=\"row\">\r\n<div class=\"col-sm-6 col-md-6\">\r\n<div class=\"thumbnail\">\r\n<div class=\"caption\">\r\n<p class=\"rtecenter\"><a href=\"https:\/\/www.youtube.com\/embed\/2xOD_oxOADc\" target=\"_blank\" rel=\"noopener\">T\u00e9l\u00e9charger la vid\u00e9o<\/a><\/p>\r\n\r\n<\/div>\r\n<\/div>\r\n<\/div>\r\n<\/div>\r\n<div class=\"panel panel-primary\">\r\n<div id=\"headingTwo\" class=\"panel-heading\" role=\"tab\">\r\n<h4 class=\"panel-title\"><span class=\"glyphicon glyphicon-chevron-down\">\u00a0<\/span>La R\u00e9gion envisage-t-elle de compl\u00e9ter la cartographie des for\u00eats anciennes r\u00e9alis\u00e9e \u00e0 partir de la num\u00e9risation des cartes d\u2019\u00e9tat-major en Lorraine et en Alsace ?<\/h4>\r\n<\/div>\r\n<div id=\"collapse-completion\" class=\"panel-collapse collapse in\" role=\"tabpanel\" aria-labelledby=\"headingTwo\" aria-expanded=\"true\">\r\n<div class=\"panel-body\">\r\n\r\nLa r\u00e9gion n\u2019a pas envisag\u00e9 de recourir aux cartes d'Etat-major, mais on note la remarque pour en \u00e9tudier la faisabilit\u00e9\r\n\r\n<\/div>\r\n<\/div>\r\n<\/div>\r\n<div class=\"panel panel-primary\">\r\n<div id=\"headingTwo\" class=\"panel-heading\" role=\"tab\">\r\n<h4 class=\"panel-title\"><span class=\"glyphicon glyphicon-chevron-down\">\u00a0<\/span>Quelles peuvent \u00eatre les besoins et sp\u00e9cificit\u00e9s locaux ? Cette question est li\u00e9e \u00e0 la pr\u00e9sentation de l'observatoire r\u00e9gional o\u00f9 l'on \u00e9voque des sp\u00e9cificit\u00e9s et des besoins locaux.<\/h4>\r\n<\/div>\r\n<div id=\"collapse-specificite\" class=\"panel-collapse collapse in\" role=\"tabpanel\" aria-labelledby=\"headingTwo\" aria-expanded=\"true\">\r\n<div class=\"panel-body\">\r\n\r\nOn peut rappeler que le Grand Est a la particularit\u00e9 d'avoir 56% de for\u00eat publique et 44% de for\u00eat priv\u00e9e, ce qui est une exception en France. La part nationale est plut\u00f4t de 25 % - 75%, respectivement.\r\n<h4><strong>Les donn\u00e9es LiDAR \u00e0 l\u2019ONF, exemple de l\u2019utilisation des donn\u00e9es de mod\u00e8les num\u00e9riques d\u2019\u00e9l\u00e9vations et des param\u00e8tres forestiers sur le site du \u00ab Massif Vosgien<\/strong>\r\n<em>Nicolas DEGARNE (ONF Grand Est)<\/em><\/h4>\r\n<div class=\"row\">\r\n<div class=\"col-sm-6 col-md-6\">\r\n<div class=\"thumbnail\">\r\n<div class=\"caption\">\r\n<p class=\"rtecenter\"><a href=\"https:\/\/www.youtube.com\/embed\/8IleVWz3744\" target=\"_blank\" rel=\"noopener\">T\u00e9l\u00e9charger la vid\u00e9o<\/a><\/p>\r\n\r\n<\/div>\r\n<\/div>\r\n<\/div>\r\n<\/div>\r\n<div class=\"panel panel-primary\">\r\n<div id=\"headingTwo\" class=\"panel-heading\" role=\"tab\">\r\n<h4 class=\"panel-title\"><span class=\"glyphicon glyphicon-chevron-down\">\u00a0<\/span>La plateforme Carmen Carto, sera-t-elle maintenue, ou tous les acc\u00e8s aux donn\u00e9es de l'ONF devront-elles \u00eatre t\u00e9l\u00e9charg\u00e9es depuis une autre adresse ?<\/h4>\r\n<\/div>\r\n<div id=\"collapse-plateforme\" class=\"panel-collapse collapse in\" role=\"tabpanel\" aria-labelledby=\"headingTwo\" aria-expanded=\"true\">\r\n<div class=\"panel-body\">\r\n\r\nUn projet de refonte du portail d'acc\u00e8s aux donn\u00e9es est en cours. En attendant,<a href=\"https:\/\/web.archive.org\/web\/20250417215915\/https:\/\/www.onf.fr\/onf\/connaitre-lonf\/+\/35::opendata-onf.html\">\u00a0les donn\u00e9es en opendata (\u00e0 t\u00e9l\u00e9charger) sont accessibles\u00a0<\/a>via le site Web de l'ONF\r\n\r\n<\/div>\r\n<\/div>\r\n<\/div>\r\n<div class=\"panel panel-primary\">\r\n<div id=\"headingTwo\" class=\"panel-heading\" role=\"tab\">\r\n<h4 class=\"panel-title\"><span class=\"glyphicon glyphicon-chevron-down\">\u00a0<\/span>Quel(s) logiciel(s) utilisez-vous pour le pr\u00e9-traitement des donn\u00e9es LIDAR et notamment le passage du nuage de points aux rasters (MNT, MNS...) ?<\/h4>\r\n<\/div>\r\n<div id=\"collapse-logiciel\" class=\"panel-collapse collapse in\" role=\"tabpanel\" aria-labelledby=\"headingTwo\" aria-expanded=\"true\">\r\n<div class=\"panel-body\">\r\n\r\nLogiciel d\u00e9velopp\u00e9 \u00e0 l\u2019interne : Computree\r\n\r\n<\/div>\r\n<\/div>\r\n<\/div>\r\n<div class=\"panel panel-primary\">\r\n<div id=\"headingTwo\" class=\"panel-heading\" role=\"tab\">\r\n<h4 class=\"panel-title\"><span class=\"glyphicon glyphicon-chevron-down\">\u00a0<\/span>Pr\u00e9sentation de cas d\u2019usages du LIDAR HD pour la planification et la gestion foresti\u00e8re \u2013 ONF (2024)<\/h4>\r\n<\/div>\r\n<div id=\"collapse-youtube\" class=\"panel-collapse collapse in\" role=\"tabpanel\" aria-labelledby=\"headingTwo\" aria-expanded=\"true\">\r\n<div class=\"panel-body\">\r\n\r\nPAge Youtube :\u00a0<a href=\"https:\/\/web.archive.org\/web\/20250417215915\/https:\/\/www.youtube.com\/watch?v=fncH6PCeMmw\">https:\/\/www.youtube.com\/watch?v=fncH6PCeMmw<\/a>\r\n\r\n<\/div>\r\n<h4><strong>Analyse des d\u00e9p\u00e9rissements et de la reconstitution en for\u00eat priv\u00e9e du Grand Est<\/strong>\r\n<em>Fiona ALATI (CRPF Grand Est)<\/em><\/h4>\r\n<div class=\"row\">\r\n<div class=\"col-sm-6 col-md-6\">\r\n<div class=\"thumbnail\">\r\n<div class=\"caption\">\r\n<p class=\"rtecenter\"><a href=\"https:\/\/www.youtube.com\/embed\/BQ-78ASSuT4\" target=\"_blank\" rel=\"noopener\">T\u00e9l\u00e9charger la vid\u00e9o<\/a><\/p>\r\n\r\n<\/div>\r\n<\/div>\r\n<\/div>\r\n<\/div>\r\n<div class=\"panel panel-primary\">\r\n<div id=\"headingTwo\" class=\"panel-heading\" role=\"tab\">\r\n<h4 class=\"panel-title\"><span class=\"glyphicon glyphicon-chevron-down\">\u00a0<\/span>Quelle part du cout total repr\u00e9sente les protections contre le gibier ?<\/h4>\r\n<\/div>\r\n<div id=\"collapse-cout\" class=\"panel-collapse collapse in\" role=\"tabpanel\" aria-labelledby=\"headingTwo\" aria-expanded=\"true\">\r\n<div class=\"panel-body\">\r\n\r\nLe co\u00fbt des protections contre le gibier repr\u00e9sente 17% du co\u00fbt total de la reconstitution, calcul\u00e9e sur bar\u00e8me.\r\n\r\n<\/div>\r\n<\/div>\r\n<\/div>\r\n<div class=\"panel panel-primary\">\r\n<div id=\"headingTwo\" class=\"panel-heading\" role=\"tab\">\r\n<h4 class=\"panel-title\"><span class=\"glyphicon glyphicon-chevron-down\">\u00a0<\/span>Comment s'explique la surrepr\u00e9sentation de reboisements en ch\u00eane sessile et douglas ? Une valorisation \u00e9conomique \u00e0 priori meilleure \u00e0 long terme ? Une meilleure r\u00e9sistance pr\u00e9visible aux s\u00e9cheresses ?<\/h4>\r\n<\/div>\r\n<div id=\"collapse-chene\" class=\"panel-collapse collapse in\" role=\"tabpanel\" aria-labelledby=\"headingTwo\" aria-expanded=\"true\">\r\n<div class=\"panel-body\">\r\n\r\nL'\u00e9tude avait pour vocation de r\u00e9aliser un premier \u00e9tat des lieux de la reconstitution, ces questions n'ont donc pas \u00e9t\u00e9 \u00e9voqu\u00e9es bien qu'elles soient pertinentes.\r\n\r\n<\/div>\r\n<\/div>\r\n<\/div>\r\n<\/div>\r\n<\/div>\r\n<\/div>\r\n<\/div>\r\n<\/div>\r\n<\/div>\r\n<\/div>\r\n<\/div>\r\n<\/div>\r\n<\/div>\r\n<\/div>\r\n<\/div>","eve_animation":true,"glo_image":2472,"glo_intro":"","glo_car_surcharge_titre":"","glo_car_surcharge_lien":""},"yoast_head":"<!-- This site is optimized with the Yoast SEO plugin v27.4 - https:\/\/yoast.com\/product\/yoast-seo-wordpress\/ -->\n<title>Webinaire - La for\u00eat dans tous ses \u00e9tats ! - DataGrandEst<\/title>\n<meta name=\"robots\" content=\"index, follow, max-snippet:-1, max-image-preview:large, max-video-preview:-1\" \/>\n<link rel=\"canonical\" href=\"https:\/\/www.datagrandest.fr\/site\/evenement\/webinaire-la-foret-dans-tous-ses-etats\/\" \/>\n<meta property=\"og:locale\" content=\"fr_FR\" \/>\n<meta property=\"og:type\" content=\"article\" \/>\n<meta property=\"og:title\" content=\"Webinaire - La for\u00eat dans tous ses \u00e9tats ! - DataGrandEst\" \/>\n<meta property=\"og:url\" content=\"https:\/\/www.datagrandest.fr\/site\/evenement\/webinaire-la-foret-dans-tous-ses-etats\/\" \/>\n<meta property=\"og:site_name\" content=\"DataGrandEst\" \/>\n<meta property=\"article:modified_time\" content=\"2026-03-30T08:14:03+00:00\" \/>\n<meta name=\"twitter:card\" content=\"summary_large_image\" \/>\n<meta name=\"twitter:label1\" content=\"Dur\u00e9e de lecture estim\u00e9e\" \/>\n\t<meta name=\"twitter:data1\" content=\"5 minutes\" \/>\n<script type=\"application\/ld+json\" class=\"yoast-schema-graph\">{\"@context\":\"https:\\\/\\\/schema.org\",\"@graph\":[{\"@type\":\"WebPage\",\"@id\":\"https:\\\/\\\/www.datagrandest.fr\\\/site\\\/evenement\\\/webinaire-la-foret-dans-tous-ses-etats\\\/\",\"url\":\"https:\\\/\\\/www.datagrandest.fr\\\/site\\\/evenement\\\/webinaire-la-foret-dans-tous-ses-etats\\\/\",\"name\":\"Webinaire - La for\u00eat dans tous ses \u00e9tats ! - DataGrandEst\",\"isPartOf\":{\"@id\":\"https:\\\/\\\/www.datagrandest.fr\\\/site\\\/#website\"},\"datePublished\":\"2024-01-04T07:45:27+00:00\",\"dateModified\":\"2026-03-30T08:14:03+00:00\",\"breadcrumb\":{\"@id\":\"https:\\\/\\\/www.datagrandest.fr\\\/site\\\/evenement\\\/webinaire-la-foret-dans-tous-ses-etats\\\/#breadcrumb\"},\"inLanguage\":\"fr-FR\",\"potentialAction\":[{\"@type\":\"ReadAction\",\"target\":[\"https:\\\/\\\/www.datagrandest.fr\\\/site\\\/evenement\\\/webinaire-la-foret-dans-tous-ses-etats\\\/\"]}]},{\"@type\":\"BreadcrumbList\",\"@id\":\"https:\\\/\\\/www.datagrandest.fr\\\/site\\\/evenement\\\/webinaire-la-foret-dans-tous-ses-etats\\\/#breadcrumb\",\"itemListElement\":[{\"@type\":\"ListItem\",\"position\":1,\"name\":\"Accueil\",\"item\":\"https:\\\/\\\/www.datagrandest.fr\\\/site\\\/\"},{\"@type\":\"ListItem\",\"position\":2,\"name\":\"\u00c9v\u00e9nements\",\"item\":\"https:\\\/\\\/www.datagrandest.fr\\\/site\\\/evenement\\\/\"},{\"@type\":\"ListItem\",\"position\":3,\"name\":\"Webinaire &#8211; La for\u00eat dans tous ses \u00e9tats !\"}]},{\"@type\":\"WebSite\",\"@id\":\"https:\\\/\\\/www.datagrandest.fr\\\/site\\\/#website\",\"url\":\"https:\\\/\\\/www.datagrandest.fr\\\/site\\\/\",\"name\":\"DataGrandEst\",\"description\":\"\",\"potentialAction\":[{\"@type\":\"SearchAction\",\"target\":{\"@type\":\"EntryPoint\",\"urlTemplate\":\"https:\\\/\\\/www.datagrandest.fr\\\/site\\\/?s={search_term_string}\"},\"query-input\":{\"@type\":\"PropertyValueSpecification\",\"valueRequired\":true,\"valueName\":\"search_term_string\"}}],\"inLanguage\":\"fr-FR\"}]}<\/script>\n<!-- \/ Yoast SEO plugin. -->","yoast_head_json":{"title":"Webinaire - La for\u00eat dans tous ses \u00e9tats ! - DataGrandEst","robots":{"index":"index","follow":"follow","max-snippet":"max-snippet:-1","max-image-preview":"max-image-preview:large","max-video-preview":"max-video-preview:-1"},"canonical":"https:\/\/www.datagrandest.fr\/site\/evenement\/webinaire-la-foret-dans-tous-ses-etats\/","og_locale":"fr_FR","og_type":"article","og_title":"Webinaire - La for\u00eat dans tous ses \u00e9tats ! - DataGrandEst","og_url":"https:\/\/www.datagrandest.fr\/site\/evenement\/webinaire-la-foret-dans-tous-ses-etats\/","og_site_name":"DataGrandEst","article_modified_time":"2026-03-30T08:14:03+00:00","twitter_card":"summary_large_image","twitter_misc":{"Dur\u00e9e de lecture estim\u00e9e":"5 minutes"},"schema":{"@context":"https:\/\/schema.org","@graph":[{"@type":"WebPage","@id":"https:\/\/www.datagrandest.fr\/site\/evenement\/webinaire-la-foret-dans-tous-ses-etats\/","url":"https:\/\/www.datagrandest.fr\/site\/evenement\/webinaire-la-foret-dans-tous-ses-etats\/","name":"Webinaire - La for\u00eat dans tous ses \u00e9tats ! - DataGrandEst","isPartOf":{"@id":"https:\/\/www.datagrandest.fr\/site\/#website"},"datePublished":"2024-01-04T07:45:27+00:00","dateModified":"2026-03-30T08:14:03+00:00","breadcrumb":{"@id":"https:\/\/www.datagrandest.fr\/site\/evenement\/webinaire-la-foret-dans-tous-ses-etats\/#breadcrumb"},"inLanguage":"fr-FR","potentialAction":[{"@type":"ReadAction","target":["https:\/\/www.datagrandest.fr\/site\/evenement\/webinaire-la-foret-dans-tous-ses-etats\/"]}]},{"@type":"BreadcrumbList","@id":"https:\/\/www.datagrandest.fr\/site\/evenement\/webinaire-la-foret-dans-tous-ses-etats\/#breadcrumb","itemListElement":[{"@type":"ListItem","position":1,"name":"Accueil","item":"https:\/\/www.datagrandest.fr\/site\/"},{"@type":"ListItem","position":2,"name":"\u00c9v\u00e9nements","item":"https:\/\/www.datagrandest.fr\/site\/evenement\/"},{"@type":"ListItem","position":3,"name":"Webinaire &#8211; La for\u00eat dans tous ses \u00e9tats !"}]},{"@type":"WebSite","@id":"https:\/\/www.datagrandest.fr\/site\/#website","url":"https:\/\/www.datagrandest.fr\/site\/","name":"DataGrandEst","description":"","potentialAction":[{"@type":"SearchAction","target":{"@type":"EntryPoint","urlTemplate":"https:\/\/www.datagrandest.fr\/site\/?s={search_term_string}"},"query-input":{"@type":"PropertyValueSpecification","valueRequired":true,"valueName":"search_term_string"}}],"inLanguage":"fr-FR"}]}},"_links":{"self":[{"href":"https:\/\/www.datagrandest.fr\/site\/wp-json\/wp\/v2\/evenement\/1366","targetHints":{"allow":["GET"]}}],"collection":[{"href":"https:\/\/www.datagrandest.fr\/site\/wp-json\/wp\/v2\/evenement"}],"about":[{"href":"https:\/\/www.datagrandest.fr\/site\/wp-json\/wp\/v2\/types\/evenement"}],"version-history":[{"count":6,"href":"https:\/\/www.datagrandest.fr\/site\/wp-json\/wp\/v2\/evenement\/1366\/revisions"}],"predecessor-version":[{"id":5416,"href":"https:\/\/www.datagrandest.fr\/site\/wp-json\/wp\/v2\/evenement\/1366\/revisions\/5416"}],"wp:attachment":[{"href":"https:\/\/www.datagrandest.fr\/site\/wp-json\/wp\/v2\/media?parent=1366"}],"wp:term":[{"taxonomy":"periode","embeddable":true,"href":"https:\/\/www.datagrandest.fr\/site\/wp-json\/wp\/v2\/periode?post=1366"},{"taxonomy":"source","embeddable":true,"href":"https:\/\/www.datagrandest.fr\/site\/wp-json\/wp\/v2\/source?post=1366"},{"taxonomy":"thematique_globale","embeddable":true,"href":"https:\/\/www.datagrandest.fr\/site\/wp-json\/wp\/v2\/thematique_globale?post=1366"},{"taxonomy":"type_evenement","embeddable":true,"href":"https:\/\/www.datagrandest.fr\/site\/wp-json\/wp\/v2\/type_evenement?post=1366"}],"curies":[{"name":"wp","href":"https:\/\/api.w.org\/{rel}","templated":true}]}}