{"id":1370,"date":"2024-01-04T08:30:59","date_gmt":"2024-01-04T07:30:59","guid":{"rendered":"https:\/\/dev.datagrandest.fr\/site\/evenement\/webinaire-le-nouveau-portail-datagrandest-quelle-synergie-avec-les-portails-nationaux\/"},"modified":"2026-03-30T10:15:44","modified_gmt":"2026-03-30T08:15:44","slug":"webinaire-le-nouveau-portail-datagrandest-quelle-synergie-avec-les-portails-nationaux","status":"publish","type":"evenement","link":"https:\/\/www.datagrandest.fr\/site\/evenement\/webinaire-le-nouveau-portail-datagrandest-quelle-synergie-avec-les-portails-nationaux\/","title":{"rendered":"Webinaire &#8211; Le nouveau portail DataGrandEst : quelle synergie avec les portails nationaux ?"},"template":"","meta":{"_acf_changed":false,"_relevanssi_hide_post":"","_relevanssi_hide_content":"","_relevanssi_pin_for_all":"","_relevanssi_pin_keywords":"","_relevanssi_unpin_keywords":"","_relevanssi_related_keywords":"","_relevanssi_related_include_ids":"","_relevanssi_related_exclude_ids":"","_relevanssi_related_no_append":"","_relevanssi_related_not_related":"","_relevanssi_related_posts":"","_relevanssi_noindex_reason":""},"periode":[212],"source":[],"thematique_globale":[],"type_evenement":[145],"class_list":["post-1370","evenement","type-evenement","status-publish","hentry","periode-212","type_evenement-webinaire"],"acf":{"eve_description_courte":"","eve_description_longue":"<h2 class=\"rtecenter\">Le nouveau portail DataGrandEst : quelle synergie avec les portails nationaux ?<\/h2>\r\n<h3>Date<\/h3>\r\n<span style=\"font-size: 16px;\">Jeudi 4 juillet 2024<\/span>\r\n\r\n<span style=\"font-size: 16px;\">De 11h00 \u00e0 12h00<\/span>\r\n<h3>Lieu de l'\u00e9v\u00e8nement<\/h3>\r\n<span style=\"font-size: 16px;\">Cet \u00e9v\u00e9nement se pr\u00e9sentera sous forme de webinaire<\/span>\r\n<h3>Intervenants et sujets<\/h3>\r\nLe paysage de la \u00ab data \u00bb est en constante \u00e9volution. Les nouveaut\u00e9s et les attentes am\u00e8nent les acteurs \u00e0 se restructurer et \u00e0 repenser leurs offres pour mieux r\u00e9pondre aux besoins des utilisateurs. Ces \u00e9volutions touchent d\u2019autant les niveaux techniques (IA, 3D, temps r\u00e9el, etc.), organisationnels (France Nation Verte, GrandEst R\u00e9gion Verte, propositions de la mission \u00ab Data et territoires \u00bb - dit \u00ab rapport Gu\u00e9rini \u00bb, etc.) que juridiques (Governance Act, Data Act, AI Act, etc.).\r\n\r\nDans ce contexte, DataGrandEst a mis en place un projet ambitieux de refonte de son portail en 2023, afin de proposer aux adh\u00e9rents des services modernis\u00e9s et adapt\u00e9s \u00e0 leurs attentes, tout en tenant compte des enjeux et de l'\u00e9cosyst\u00e8me national et local.\r\n\r\nO\u00f9 en sommes-nous dans ce projet ? Comment se positionne DataGrandEst vis-\u00e0-vis de la G\u00e9oplateforme nationale et de data.gouv.fr ? Quelles sont les articulations et les synergies entre ces outils et ces d\u00e9marches pour faciliter le partage, la r\u00e9utilisation et la valorisation des donn\u00e9es locales et nationales ?\r\n\r\nAutant de questions auxquelles nous essaierons de r\u00e9pondre lors de ce webinaire, en pr\u00e9sence de repr\u00e9sentants d'Etalab et de l'IGN.\r\n\r\n&nbsp;\r\n<ul>\r\n \t<li><strong>Pr\u00e9sentation de la G\u00e9oplateforme nationale<\/strong>\r\nBeno\u00eet MORANDO (IGN)<\/li>\r\n \t<li><strong>Pr\u00e9sentation de la plateforme <\/strong><a href=\"https:\/\/data.gouv.fr\/\" target=\"_blank\" rel=\"nofollow noopener noreferrer\"><strong>data.gouv.fr<\/strong><\/a>\r\nIntervenant \u00e0 confirmer<\/li>\r\n \t<li><strong>Le nouveau portail DataGrandEst : interface et compl\u00e9mentarit\u00e9 entre le niveau local et national<\/strong>\r\nGuillaume RYCKELYNCK\u00a0(R\u00e9gion Grand Est)<\/li>\r\n<\/ul>\r\n&nbsp;","eve_lieu":"","eve_date":"20240704","eve_date_fin":"20240704","eve_heure_de_debut":"11:00:00","eve_heure_de_fin":"12:00:00","eve_pour_aller_plus_loin":"<u>A noter\u00a0<\/u>: les pr\u00e9sentations ci-dessous sont diffus\u00e9es \u00e0 partir de la cha\u00eene\u00a0<strong>YouTube DataGrandEst.<\/strong>\u00a0Si vous rencontrez des difficult\u00e9s pour les visionner, nous vous invitons \u00e0 utiliser les liens mentionn\u00e9s dans la rubrique \"Document (lien) plus bas sur cette page\"\r\n<h3>Regarder le webinaire complet<\/h3>\r\n<div class=\"row\">\r\n<div class=\"col-sm-6 col-md-6\">\r\n<div class=\"thumbnail\">\r\n<div class=\"caption\">\r\n<p class=\"rtecenter\"><a href=\"https:\/\/www.youtube.com\/embed\/rQykdNZcwDc\" target=\"_blank\" rel=\"noopener\">T\u00e9l\u00e9charger la vid\u00e9o<\/a><\/p>\r\n\r\n<\/div>\r\n<\/div>\r\n<\/div>\r\n<\/div>\r\n<h3>Ou choisir une vid\u00e9o selon l'intervention<\/h3>\r\n<h4><strong>Pr\u00e9sentation de la plateforme data.gouv.fr<\/strong>\r\n<em>Geoffrey ALDEBERT (DINUM)<\/em><\/h4>\r\n<div class=\"row\">\r\n<div class=\"col-sm-6 col-md-6\">\r\n<div class=\"thumbnail\">\r\n<div class=\"caption\">\r\n<p class=\"rtecenter\"><a href=\"https:\/\/www.youtube.com\/embed\/dgiWoTl8ymE\" target=\"_blank\" rel=\"noopener\">T\u00e9l\u00e9charger la vid\u00e9o<\/a><\/p>\r\n\r\n<\/div>\r\n<\/div>\r\n<\/div>\r\n<\/div>\r\n<h4><strong>Pr\u00e9sentation de la G\u00e9oplateforme nationale<\/strong>\r\n<em>Beno\u00eet MORANDO(IGN)<\/em><\/h4>\r\n<div class=\"row\">\r\n<div class=\"col-sm-6 col-md-6\">\r\n<div class=\"thumbnail\">\r\n<div class=\"caption\">\r\n<p class=\"rtecenter\"><a href=\"https:\/\/www.youtube.com\/embed\/IeT4nAhb5W8\" target=\"_blank\" rel=\"noopener\">T\u00e9l\u00e9charger la vid\u00e9o<\/a><\/p>\r\n\r\n<div class=\"panel panel-primary\">\r\n<div id=\"headingTwo\" class=\"panel-heading\" role=\"tab\">\r\n<h4 class=\"panel-title\"><span class=\"glyphicon glyphicon-chevron-down\">\u00a0<\/span>Face aux r\u00e9centes \u00e9volutions et la mise en place de la G\u00e9oplateforme, quel avenir pour le G\u00e9oportail ?<\/h4>\r\n<\/div>\r\n<div id=\"collapse-geoportail\" class=\"panel-collapse collapse in\" role=\"tabpanel\" aria-labelledby=\"headingTwo\" aria-expanded=\"true\">\r\n<div class=\"panel-body\">\r\n\r\nLe G\u00e9oportail continue \u00e0 exister au moins jusqu'\u00e0 la in de l'ann\u00e9e 2024.\r\nCe n'st pas visible pour l'utilisateur, mais une \u00e9volution importante a \u00e9t\u00e9 r\u00e9alis\u00e9e puisque maintenant le Geoportail est branch\u00e9 sur l'infrastructure G\u00e9oplateforme. Tous les service sont \u00e9t\u00e9 migr\u00e9s.\r\nLe G\u00e9oportail dispara\u00eetra quand le site cartes.gouv.fr assurera l'ensemble de l'offre de service du G\u00e9oportail actuel.\r\n\r\n<\/div>\r\n<\/div>\r\n<\/div>\r\n<div class=\"panel panel-primary\">\r\n<div id=\"headingTwo\" class=\"panel-heading\" role=\"tab\">\r\n<h4 class=\"panel-title\"><span class=\"glyphicon glyphicon-chevron-down\">\u00a0<\/span>Depuis le passage du G\u00e9oportail \u00e0 la G\u00e9oplateforme, nous n'arrivons plus \u00e0 faire fonctionner, dans Arcopole Cadastre, les WMS des photos a\u00e9riennes. Avez-vous des pistes pour r\u00e9soudre ce probl\u00e8me ?<\/h4>\r\n<\/div>\r\n<div id=\"collapse-probleme\" class=\"panel-collapse collapse in\" role=\"tabpanel\" aria-labelledby=\"headingTwo\" aria-expanded=\"true\">\r\n<div class=\"panel-body\">\r\n\r\nIl faudrait analyser plus finement le probl\u00e8me afin d\u2019apporter une r\u00e9ponse.\r\nPour les questions de nature technique, n\u2019h\u00e9sitez pas \u00e0 aller sur la communaut\u00e9 \u00ab G\u00e9oplateforme \u00bb de l'espace OSMOSE ou utiliser le formulaire de contact de cartes.gouv.fr.\r\n<h4><strong>Le nouveau portail DataGrandEst : interface et compl\u00e9mentarit\u00e9 entre le niveau local et national<\/strong>\r\n<em>Guillaume RYCKELYNCK (R\u00e9gion Grand Est)<\/em><\/h4>\r\n<div class=\"row\">\r\n<div class=\"col-sm-6 col-md-6\">\r\n<div class=\"thumbnail\">\r\n<div class=\"caption\">\r\n<p class=\"rtecenter\"><a href=\"https:\/\/www.youtube.com\/embed\/pj9NFAZwmqQ\" target=\"_blank\" rel=\"noopener\">T\u00e9l\u00e9charger la vid\u00e9o<\/a><\/p>\r\n\r\n<div class=\"panel panel-primary\">\r\n<div id=\"headingTwo\" class=\"panel-heading\" role=\"tab\">\r\n<h4 class=\"panel-title\"><span class=\"glyphicon glyphicon-chevron-down\">\u00a0<\/span>En tant que collectivit\u00e9, si je cherche une plateforme pour h\u00e9berger mes donn\u00e9es PCRS, dois-je privil\u00e9gier la Geoplateforme (IGN) ou le portail DataGrandEst ?<\/h4>\r\n<\/div>\r\n<div id=\"collapse-youtube\" class=\"panel-collapse collapse in\" role=\"tabpanel\" aria-labelledby=\"headingTwo\" aria-expanded=\"true\">\r\n<div class=\"panel-body\">\r\n\r\nIl est difficile de r\u00e9pondre pr\u00e9cis\u00e9ment \u00e0 cette question. Cela d\u00e9pend entre autre de votre situation et de votre besoin (ex.: g\u00e9n\u00e9ration de flux WMS\/WMTS).\r\nLa G\u00e9oplateforme offre des services d'h\u00e9bergement de donn\u00e9es, tout comme DataGrandEst.\r\nEn effet, dans le cadre de DataGrandEst les adh\u00e9rents peuvent, selon les services attendus, disposer de volumes de stockage relativement importants (plusieurs centaines de Go). Il y a une r\u00e9flexion en cours pour \u00e9largir ce service mutualis\u00e9 sur la future infrastructure avec notamment, le d\u00e9veloppement d'un cloud souverain r\u00e9gional.\r\nA noter que DataGrandEst offre aussi une animation et un accompagnement \u00e0 l'ouverture et \u00e0 la publication des donn\u00e9es.\r\nPour le PCRS, il existe un\u00a0<a href=\"\/site\/portail\/fr\/projets\/pcrs\">groupe de travail r\u00e9gional d\u00e9di\u00e9.<\/a>\r\n\r\n<\/div>\r\n<\/div>\r\n<\/div>\r\n<div class=\"panel panel-primary\">\r\n<div id=\"headingTwo\" class=\"panel-heading\" role=\"tab\">\r\n<h4 class=\"panel-title\"><span class=\"glyphicon glyphicon-chevron-down\">\u00a0<\/span>Quelles seront les possibilit\u00e9s de moissonnage de la future plateforme DataGrandEst ?<\/h4>\r\n<\/div>\r\n<div id=\"collapse-cout\" class=\"panel-collapse collapse in\" role=\"tabpanel\" aria-labelledby=\"headingTwo\" aria-expanded=\"true\">\r\n<div class=\"panel-body\">\r\n\r\nLa future plateforme DataGrandEst reprendra \u00e0 minima les fonctionnalit\u00e9s de la plateforme actuelles.\r\nConcernant le moissonnage, il sera possible de moissonner les portails locaux et nationaux interop\u00e9rables dans les formats standards, notamment DCAT\/DCAT-AP, GEO-DCAT\/GEO-DCAT-AP et\/ou CSW (Inspire).\r\nL'un des objectif de la plateforme est de faciliter la publication unique des donn\u00e9es. Elle permettra donc (comme c\u2019est le cas sur la plateforme actuelle) le moissonnage du catalogue d\u2019un adh\u00e9rent par data.gouv.fr, dans son organisation.\r\n\r\n<\/div>\r\n<\/div>\r\n<\/div>\r\n<\/div>\r\n<\/div>\r\n<\/div>\r\n<\/div>\r\n<\/div>\r\n<\/div>\r\n<\/div>\r\n<\/div>\r\n<\/div>\r\n<\/div>\r\n<\/div>","eve_animation":true,"glo_image":2472,"glo_intro":"","glo_car_surcharge_titre":"","glo_car_surcharge_lien":""},"yoast_head":"<!-- This site is optimized with the Yoast SEO plugin v27.4 - https:\/\/yoast.com\/product\/yoast-seo-wordpress\/ -->\n<title>Webinaire - Le nouveau portail DataGrandEst : quelle synergie avec les portails nationaux ? - DataGrandEst<\/title>\n<meta name=\"robots\" content=\"index, follow, max-snippet:-1, max-image-preview:large, max-video-preview:-1\" \/>\n<link rel=\"canonical\" href=\"https:\/\/www.datagrandest.fr\/site\/evenement\/webinaire-le-nouveau-portail-datagrandest-quelle-synergie-avec-les-portails-nationaux\/\" \/>\n<meta property=\"og:locale\" content=\"fr_FR\" \/>\n<meta property=\"og:type\" content=\"article\" \/>\n<meta property=\"og:title\" content=\"Webinaire - Le nouveau portail DataGrandEst : quelle synergie avec les portails nationaux ? - DataGrandEst\" \/>\n<meta property=\"og:url\" content=\"https:\/\/www.datagrandest.fr\/site\/evenement\/webinaire-le-nouveau-portail-datagrandest-quelle-synergie-avec-les-portails-nationaux\/\" \/>\n<meta property=\"og:site_name\" content=\"DataGrandEst\" \/>\n<meta property=\"article:modified_time\" content=\"2026-03-30T08:15:44+00:00\" \/>\n<meta name=\"twitter:card\" content=\"summary_large_image\" \/>\n<meta name=\"twitter:label1\" content=\"Dur\u00e9e de lecture estim\u00e9e\" \/>\n\t<meta name=\"twitter:data1\" content=\"4 minutes\" \/>\n<script type=\"application\/ld+json\" class=\"yoast-schema-graph\">{\"@context\":\"https:\\\/\\\/schema.org\",\"@graph\":[{\"@type\":\"WebPage\",\"@id\":\"https:\\\/\\\/www.datagrandest.fr\\\/site\\\/evenement\\\/webinaire-le-nouveau-portail-datagrandest-quelle-synergie-avec-les-portails-nationaux\\\/\",\"url\":\"https:\\\/\\\/www.datagrandest.fr\\\/site\\\/evenement\\\/webinaire-le-nouveau-portail-datagrandest-quelle-synergie-avec-les-portails-nationaux\\\/\",\"name\":\"Webinaire - Le nouveau portail DataGrandEst : quelle synergie avec les portails nationaux ? - DataGrandEst\",\"isPartOf\":{\"@id\":\"https:\\\/\\\/www.datagrandest.fr\\\/site\\\/#website\"},\"datePublished\":\"2024-01-04T07:30:59+00:00\",\"dateModified\":\"2026-03-30T08:15:44+00:00\",\"breadcrumb\":{\"@id\":\"https:\\\/\\\/www.datagrandest.fr\\\/site\\\/evenement\\\/webinaire-le-nouveau-portail-datagrandest-quelle-synergie-avec-les-portails-nationaux\\\/#breadcrumb\"},\"inLanguage\":\"fr-FR\",\"potentialAction\":[{\"@type\":\"ReadAction\",\"target\":[\"https:\\\/\\\/www.datagrandest.fr\\\/site\\\/evenement\\\/webinaire-le-nouveau-portail-datagrandest-quelle-synergie-avec-les-portails-nationaux\\\/\"]}]},{\"@type\":\"BreadcrumbList\",\"@id\":\"https:\\\/\\\/www.datagrandest.fr\\\/site\\\/evenement\\\/webinaire-le-nouveau-portail-datagrandest-quelle-synergie-avec-les-portails-nationaux\\\/#breadcrumb\",\"itemListElement\":[{\"@type\":\"ListItem\",\"position\":1,\"name\":\"Accueil\",\"item\":\"https:\\\/\\\/www.datagrandest.fr\\\/site\\\/\"},{\"@type\":\"ListItem\",\"position\":2,\"name\":\"\u00c9v\u00e9nements\",\"item\":\"https:\\\/\\\/www.datagrandest.fr\\\/site\\\/evenement\\\/\"},{\"@type\":\"ListItem\",\"position\":3,\"name\":\"Webinaire &#8211; Le nouveau portail DataGrandEst : quelle synergie avec les portails nationaux ?\"}]},{\"@type\":\"WebSite\",\"@id\":\"https:\\\/\\\/www.datagrandest.fr\\\/site\\\/#website\",\"url\":\"https:\\\/\\\/www.datagrandest.fr\\\/site\\\/\",\"name\":\"DataGrandEst\",\"description\":\"\",\"potentialAction\":[{\"@type\":\"SearchAction\",\"target\":{\"@type\":\"EntryPoint\",\"urlTemplate\":\"https:\\\/\\\/www.datagrandest.fr\\\/site\\\/?s={search_term_string}\"},\"query-input\":{\"@type\":\"PropertyValueSpecification\",\"valueRequired\":true,\"valueName\":\"search_term_string\"}}],\"inLanguage\":\"fr-FR\"}]}<\/script>\n<!-- \/ Yoast SEO plugin. -->","yoast_head_json":{"title":"Webinaire - Le nouveau portail DataGrandEst : quelle synergie avec les portails nationaux ? - DataGrandEst","robots":{"index":"index","follow":"follow","max-snippet":"max-snippet:-1","max-image-preview":"max-image-preview:large","max-video-preview":"max-video-preview:-1"},"canonical":"https:\/\/www.datagrandest.fr\/site\/evenement\/webinaire-le-nouveau-portail-datagrandest-quelle-synergie-avec-les-portails-nationaux\/","og_locale":"fr_FR","og_type":"article","og_title":"Webinaire - Le nouveau portail DataGrandEst : quelle synergie avec les portails nationaux ? - DataGrandEst","og_url":"https:\/\/www.datagrandest.fr\/site\/evenement\/webinaire-le-nouveau-portail-datagrandest-quelle-synergie-avec-les-portails-nationaux\/","og_site_name":"DataGrandEst","article_modified_time":"2026-03-30T08:15:44+00:00","twitter_card":"summary_large_image","twitter_misc":{"Dur\u00e9e de lecture estim\u00e9e":"4 minutes"},"schema":{"@context":"https:\/\/schema.org","@graph":[{"@type":"WebPage","@id":"https:\/\/www.datagrandest.fr\/site\/evenement\/webinaire-le-nouveau-portail-datagrandest-quelle-synergie-avec-les-portails-nationaux\/","url":"https:\/\/www.datagrandest.fr\/site\/evenement\/webinaire-le-nouveau-portail-datagrandest-quelle-synergie-avec-les-portails-nationaux\/","name":"Webinaire - Le nouveau portail DataGrandEst : quelle synergie avec les portails nationaux ? - DataGrandEst","isPartOf":{"@id":"https:\/\/www.datagrandest.fr\/site\/#website"},"datePublished":"2024-01-04T07:30:59+00:00","dateModified":"2026-03-30T08:15:44+00:00","breadcrumb":{"@id":"https:\/\/www.datagrandest.fr\/site\/evenement\/webinaire-le-nouveau-portail-datagrandest-quelle-synergie-avec-les-portails-nationaux\/#breadcrumb"},"inLanguage":"fr-FR","potentialAction":[{"@type":"ReadAction","target":["https:\/\/www.datagrandest.fr\/site\/evenement\/webinaire-le-nouveau-portail-datagrandest-quelle-synergie-avec-les-portails-nationaux\/"]}]},{"@type":"BreadcrumbList","@id":"https:\/\/www.datagrandest.fr\/site\/evenement\/webinaire-le-nouveau-portail-datagrandest-quelle-synergie-avec-les-portails-nationaux\/#breadcrumb","itemListElement":[{"@type":"ListItem","position":1,"name":"Accueil","item":"https:\/\/www.datagrandest.fr\/site\/"},{"@type":"ListItem","position":2,"name":"\u00c9v\u00e9nements","item":"https:\/\/www.datagrandest.fr\/site\/evenement\/"},{"@type":"ListItem","position":3,"name":"Webinaire &#8211; Le nouveau portail DataGrandEst : quelle synergie avec les portails nationaux ?"}]},{"@type":"WebSite","@id":"https:\/\/www.datagrandest.fr\/site\/#website","url":"https:\/\/www.datagrandest.fr\/site\/","name":"DataGrandEst","description":"","potentialAction":[{"@type":"SearchAction","target":{"@type":"EntryPoint","urlTemplate":"https:\/\/www.datagrandest.fr\/site\/?s={search_term_string}"},"query-input":{"@type":"PropertyValueSpecification","valueRequired":true,"valueName":"search_term_string"}}],"inLanguage":"fr-FR"}]}},"_links":{"self":[{"href":"https:\/\/www.datagrandest.fr\/site\/wp-json\/wp\/v2\/evenement\/1370","targetHints":{"allow":["GET"]}}],"collection":[{"href":"https:\/\/www.datagrandest.fr\/site\/wp-json\/wp\/v2\/evenement"}],"about":[{"href":"https:\/\/www.datagrandest.fr\/site\/wp-json\/wp\/v2\/types\/evenement"}],"version-history":[{"count":5,"href":"https:\/\/www.datagrandest.fr\/site\/wp-json\/wp\/v2\/evenement\/1370\/revisions"}],"predecessor-version":[{"id":5410,"href":"https:\/\/www.datagrandest.fr\/site\/wp-json\/wp\/v2\/evenement\/1370\/revisions\/5410"}],"wp:attachment":[{"href":"https:\/\/www.datagrandest.fr\/site\/wp-json\/wp\/v2\/media?parent=1370"}],"wp:term":[{"taxonomy":"periode","embeddable":true,"href":"https:\/\/www.datagrandest.fr\/site\/wp-json\/wp\/v2\/periode?post=1370"},{"taxonomy":"source","embeddable":true,"href":"https:\/\/www.datagrandest.fr\/site\/wp-json\/wp\/v2\/source?post=1370"},{"taxonomy":"thematique_globale","embeddable":true,"href":"https:\/\/www.datagrandest.fr\/site\/wp-json\/wp\/v2\/thematique_globale?post=1370"},{"taxonomy":"type_evenement","embeddable":true,"href":"https:\/\/www.datagrandest.fr\/site\/wp-json\/wp\/v2\/type_evenement?post=1370"}],"curies":[{"name":"wp","href":"https:\/\/api.w.org\/{rel}","templated":true}]}}