{"id":1372,"date":"2024-01-04T08:20:07","date_gmt":"2024-01-04T07:20:07","guid":{"rendered":"https:\/\/dev.datagrandest.fr\/site\/evenement\/webinaire-ia-et-data-dans-les-territoires-de-quoi-parle-t-on\/"},"modified":"2026-03-30T10:16:23","modified_gmt":"2026-03-30T08:16:23","slug":"webinaire-ia-et-data-dans-les-territoires-de-quoi-parle-t-on","status":"publish","type":"evenement","link":"https:\/\/www.datagrandest.fr\/site\/evenement\/webinaire-ia-et-data-dans-les-territoires-de-quoi-parle-t-on\/","title":{"rendered":"Webinaire &#8211; IA et data dans les territoires : de quoi parle-t-on ?"},"template":"","meta":{"_acf_changed":false,"_relevanssi_hide_post":"","_relevanssi_hide_content":"","_relevanssi_pin_for_all":"","_relevanssi_pin_keywords":"","_relevanssi_unpin_keywords":"","_relevanssi_related_keywords":"","_relevanssi_related_include_ids":"","_relevanssi_related_exclude_ids":"","_relevanssi_related_no_append":"","_relevanssi_related_not_related":"","_relevanssi_related_posts":"","_relevanssi_noindex_reason":""},"periode":[212],"source":[],"thematique_globale":[],"type_evenement":[145],"class_list":["post-1372","evenement","type-evenement","status-publish","hentry","periode-212","type_evenement-webinaire"],"acf":{"eve_description_courte":"","eve_description_longue":"<h3 class=\"rtecenter\">IA et data dans les territoires : de quoi parle-t-on ?<\/h3>\r\n<h3>Date<\/h3>\r\n<span style=\"font-size: 16px;\">Jeudi 18 avril 2024<\/span>\r\n\r\n<span style=\"font-size: 16px;\">De 10h30 \u00e0 12h00<\/span>\r\n<h3>Lieu de l'\u00e9v\u00e8nement<\/h3>\r\n<span style=\"font-size: 16px;\">Cet \u00e9v\u00e9nement se pr\u00e9sentera sous forme de webinaire<\/span>\r\n<h3>Intervenants et sujets<\/h3>\r\nLa g\u00e9n\u00e9ration n\u00e9e apr\u00e8s l\u2019an 2000 n\u2019imagine pas un monde avec un t\u00e9l\u00e9phone fixe, un minitel ou encore une connexion internet \u00e0 quelques kilobits par seconde (kbps). La r\u00e9volution num\u00e9rique que nous vivons touche tous les secteurs \u00e9conomiques et de nombreuses disciplines.\r\n\r\nLes d\u00e9veloppements de l\u2019Intelligence Artificielle (IA), en particulier le \u00ab big data \u00bb et le \u00ab deep learning \u00bb permettent \u00e0 la machine de surpasser l\u2019op\u00e9rateur humain pour certaines op\u00e9rations. Le d\u00e9veloppement du cloud, des objets connect\u00e9s ou encore de la 5G laissent pr\u00e9sager que le volume total des donn\u00e9es cr\u00e9\u00e9es dans le monde devrait atteindre 175 zettaoctets (175 milliards de teraoctets) en 2025. L\u2019innovation est avant tout une innovation d\u2019usage (individuel ou collectif) et une innovation de mod\u00e8le. L\u2019IA est en train de transformer le monde de l\u2019entreprise et du \"travail\", notamment avec les derni\u00e8res \u00e9volutions autour des IA g\u00e9n\u00e9ratives. Elles requestionnent nos fonctionnements en permettant d'optimiser certaines t\u00e2ches, souvent \u00e0 faible valeur ajout\u00e9e.\r\n\r\nDe quoi parle-t-on exactement ? Comment l'IA tend aujourd'hui \u00e0 impacter les politiques publiques ? Que pourrait-elle apporter demain \u00e0 nos organismes ? Comment la prendre en compte et initier des d\u00e9marches adapt\u00e9es au sein de nos structures ?\r\n\r\n&nbsp;\r\n<ul>\r\n \t<li>\u00ab Apr\u00e8s la folie ChatGPT, quels usages de l\u2019IA au service des politiques publiques en 2024 ? \u00bb\r\nJacques PRIOL (Pr\u00e9sident du cabinet CIVITEO, Pr\u00e9sident de l\u2019Observatoire Data Public Expert associ\u00e9 aupr\u00e8s du Partenariat mondial pour l\u2019intelligence artificielle. )<\/li>\r\n \t<li>\u00ab Comment la R\u00e9gion Grand Est s\u2019empare de l\u2019IA pour r\u00e9pondre \u00e0 ses missions de service public ? \u00bb\r\nCl\u00e9ment CAMBON (D\u00e9l\u00e9gu\u00e9 \u00e0 l'Innovation et \u00e0 la Modernisation de l'Action\u00a0Publique - DIMAP)<\/li>\r\n<\/ul>\r\n&nbsp;","eve_lieu":"","eve_date":"20240418","eve_date_fin":"20240418","eve_heure_de_debut":"10:30:00","eve_heure_de_fin":"12:00:00","eve_pour_aller_plus_loin":"<u>A noter\u00a0<\/u>: les pr\u00e9sentations ci-dessous sont diffus\u00e9es \u00e0 partir de la cha\u00eene\u00a0<strong>YouTube DataGrandEst.<\/strong>\u00a0Si vous rencontrez des difficult\u00e9s pour les visionner, nous vous invitons \u00e0 utiliser les liens mentionn\u00e9s dans la rubrique \"Document (lien) plus bas sur cette page\"\r\n\r\n&nbsp;\r\n<h3>Regarder le webinaire complet<\/h3>\r\n<div class=\"row\">\r\n<div class=\"col-sm-6 col-md-6\">\r\n<div class=\"thumbnail\">\r\n<div class=\"caption\">\r\n<p class=\"rtecenter\"><a href=\"https:\/\/www.youtube.com\/embed\/kb1C40hEFHY\" target=\"_blank\" rel=\"noopener\">T\u00e9l\u00e9charger la vid\u00e9o<\/a><\/p>\r\n\r\n<\/div>\r\n<\/div>\r\n<\/div>\r\n<\/div>\r\n<h3>Ou choisir une vid\u00e9o selon l'intervention<\/h3>\r\n<h4><strong>Apr\u00e8s la folie ChatGPT, quels usages de l\u2019IA au service des politiques publiques en 2024 ?<\/strong>\r\n<em>Jacques PRIOL (Pr\u00e9sident du cabinet CIVITEO, Pr\u00e9sident de l\u2019Observatoire Data Public Expert associ\u00e9 aupr\u00e8s du Partenariat mondial pour l\u2019intelligence artificielle)<\/em><\/h4>\r\n<div class=\"row\">\r\n<div class=\"col-sm-6 col-md-6\">\r\n<div class=\"thumbnail\">\r\n<div class=\"caption\">\r\n<p class=\"rtecenter\"><a href=\"https:\/\/www.youtube.com\/embed\/-1x8Wgaunuw\" target=\"_blank\" rel=\"noopener\">T\u00e9l\u00e9charger la vid\u00e9o<\/a><\/p>\r\n\r\n<\/div>\r\n<\/div>\r\n<\/div>\r\n<\/div>\r\nJacques Priol pr\u00e9sente les utilisations actuelles de l\u2019Intelligence Artificielle (IA) dans le secteur public et les notions \u00e0 connaitre en 2024. Il aborde les questions qui se posent notamment en lien avec la protection des donn\u00e9es, les droits d\u2019auteurs, l\u2019empreinte \u00e9cologique ou les erreurs qu\u2019il faut comprendre et int\u00e9grer (ex : cas des faux positifs Vs la plue-value g\u00e9n\u00e9r\u00e9e). La France \u0153uvre pour l\u2019utilisation de l\u2019IA dans un contexte cadr\u00e9, tra\u00e7able, \u00e9thique et respectueux (sont abord\u00e9s l'IA act, l\u2019exemple d'Ekitia et demain peut-\u00eatre un futur label IA frugal). Vous retrouverez dans cet expos\u00e9 diff\u00e9rents exemples d\u2019utilisations concr\u00e8tes dans les collectivit\u00e9s fran\u00e7aises. En 2024, accompagnant l\u2019arriv\u00e9e massive de l\u2019IA g\u00e9n\u00e9rative (et ses outils capables de simuler des formes d\u2019expression, des textes, des photos et des vid\u00e9os avec beaucoup de vraisemblance), un foisonnement de projets sont recens\u00e9s sur les domaines de l\u2019environnement de l\u2019eau, de l\u2019\u00e9nergie, de l\u2019am\u00e9nagement du patrimoine ou encore de la gestion des d\u00e9chets. L\u2019accent est port\u00e9 sur la donn\u00e9e et son importance dans les usages, les outils et les cha\u00eenes de traitement.\r\n<div class=\"panel panel-primary\">\r\n<div id=\"headingTwo\" class=\"panel-heading\" role=\"tab\">\r\n<h4 class=\"panel-title\"><span class=\"glyphicon glyphicon-chevron-down\">\u00a0<\/span>IA et protection de la propri\u00e9t\u00e9 intellectuelle ? Un sujet ?<\/h4>\r\n<\/div>\r\n<div id=\"collapse-proprio\" class=\"panel-collapse collapse in\" role=\"tabpanel\" aria-labelledby=\"headingTwo\" aria-expanded=\"true\">\r\n<div class=\"panel-body\">\r\n\r\nC'est une question cl\u00e9 qui est au c\u0153ur d'un certain nombre de contentieux et de proc\u00e8s qui se pr\u00e9parent aux \u00c9tats-Unis, notamment sous l'impulsion d'artistes et d'ayants droits. Ils essaient d'inverser la charge de la preuve en demandant aux concepteurs des IA de prouver que les r\u00e9sultats ne s'appuient pas, au moins en partie, sur des \u0153uvres dont ils d\u00e9tiennent des droits.\r\nL'\u00e9quation ainsi pos\u00e9e semble insoluble \u00e0 ce stade.\r\nC'est aussi un sujet au c\u0153ur de la pol\u00e9mique sur la position fran\u00e7aise concernant les n\u00e9gociations de l'IA Act europ\u00e9en. Il y a une dissonance entre la position habituelle de la France sur \u00ab l'exception culturelle \u00e0 la fran\u00e7aise \u00bb et les enjeux li\u00e9s au d\u00e9veloppement des IA europ\u00e9ennes. En d\u2019autres termes, faut-il privil\u00e9gier la protection des droits et la r\u00e9gulation, ou lib\u00e9rer plus fortement l'innovation ?\r\n\r\n<\/div>\r\n<\/div>\r\n<\/div>\r\n<div class=\"panel panel-primary\">\r\n<div id=\"headingTwo\" class=\"panel-heading\" role=\"tab\">\r\n<h4 class=\"panel-title\"><span class=\"glyphicon glyphicon-chevron-down\">\u00a0<\/span>Peut-on concilier IA et protection des donn\u00e9es personnelles? quels impacts?<\/h4>\r\n<\/div>\r\n<div id=\"collapse-protectiondonnees\" class=\"panel-collapse collapse in\" role=\"tabpanel\" aria-labelledby=\"headingTwo\" aria-expanded=\"true\">\r\n<div class=\"panel-body\">\r\n\r\nOn sait qu'un jeu de donn\u00e9es, m\u00eame anonymis\u00e9, s'il est crois\u00e9 avec d'autres donn\u00e9es peut permettre de la r\u00e9-identification. C'est le r\u00f4le notamment des DPO de veiller \u00e0 ce que cela n'arrive pas.\r\nL'IA ajoute de la complexit\u00e9 dans le traitement de nos donn\u00e9es. Deux points essentiels :\r\n<ul>\r\n \t<li>Pour contextualiser une demande, l'IA peut potentiellement utiliser des donn\u00e9es et informations (personnelles) de l'utilisateurs \/ agent public.<\/li>\r\n \t<li>Pour r\u00e9pondre \u00e0 des probl\u00e8mes de plus en plus complexes, on va utiliser des volumes de donn\u00e9es de plus en plus important avec un risque accrus de r\u00e9-identification par l'IA lors de la manipulation de ces informations. Ce sujet est par exemple au c\u0153ur de la manipulation des informations et de l'utilisation de l'IA pour la pr\u00e9vention en mati\u00e8re de sant\u00e9.<\/li>\r\n \t<li>C'est pourquoi, par exemple, les citoyens r\u00e9unis \u00e0 Montpellier il y a quelques semaines pour travailler sur les usages de l'IA ont identifi\u00e9s 2 conditions \u00e0 son utilisation : le service public n'alimente pas l'IA par de la donn\u00e9e personnelle (uniquement \u00ab robustement anonymis\u00e9e \u00bb) et quand ils ont recours \u00e0 l'IA, les pouvoirs publics fasse syst\u00e9matiquement une \u00e9tude d'impact sur les risques et cons\u00e9quences possibles. Cela est d\u2019ailleurs pr\u00e9vu par le RGPD.\r\nA cette occasion, il a \u00e9t\u00e9 indiqu\u00e9 par la CNIL que l'on ne pouvait pas certifier \u00e0 100% que les IA et les LLM notamment sont en conformit\u00e9 avec le RGPD.<\/li>\r\n<\/ul>\r\n<\/div>\r\n<\/div>\r\n<\/div>\r\n<div class=\"panel panel-primary\">\r\n<div id=\"headingTwo\" class=\"panel-heading\" role=\"tab\">\r\n<h4 class=\"panel-title\"><span class=\"glyphicon glyphicon-chevron-down\">\u00a0<\/span>Existe-t-il un sourcing des solutions IA souveraines, de confiance pour les collectivit\u00e9s ?<\/h4>\r\n<\/div>\r\n<div id=\"collapse-sourcing\" class=\"panel-collapse collapse in\" role=\"tabpanel\" aria-labelledby=\"headingTwo\" aria-expanded=\"true\">\r\n<div class=\"panel-body\">\r\n\r\nA ce jour il n'existe pas, \u00e0 priori, de sourcing des IA souveraines. Des entreprises fran\u00e7aises d\u00e9veloppement des solutions et certaines sont mises \u00e0 l'honneur dans les m\u00e9dias (ex.: dans le cadre des jeux olympiques).\r\nDe l\u00e0 \u00e0 dire que ces solutions sont souveraines c'est une vrai question\u2026\r\nComment qualifier la nature souveraine de l'IA ? Par exemple si une entreprise fran\u00e7aise qui d\u00e9veloppe et propose une IA de gestion de l'\u00e9clairage public qui a \u00e9t\u00e9 entrain\u00e9e sur des donn\u00e9es de villes am\u00e9ricaines, est-elle r\u00e9ellement souveraine ?\r\nDe m\u00eame, en mati\u00e8re de vid\u00e9o surveillance, si les syst\u00e8mes embarqu\u00e9s ont \u00e9t\u00e9 entrain\u00e9s dans des villes chinoises, peut-on parler d'IA souveraine, quand bien m\u00eame c'est une entreprise fran\u00e7aise qui utilise un algorithme qui aura b\u00e9n\u00e9fici\u00e9 d'un \u00ab fine tunning \u00bb et d'un r\u00e9apprentissage local ?\r\nCe sont des sujets qui ne sont pas simples. La souverainet\u00e9 c'est \u00e0 la fois le code (et sa licence - l'open source par exemple peu repr\u00e9senter une forme de souverainet\u00e9), les algorithmes, les donn\u00e9es, le mod\u00e8le \u00e9conomique, etc.\r\n\r\n<\/div>\r\n<\/div>\r\n<\/div>\r\n<div class=\"panel panel-primary\">\r\n<div id=\"headingTwo\" class=\"panel-heading\" role=\"tab\">\r\n<h4 class=\"panel-title\"><span class=\"glyphicon glyphicon-chevron-down\">\u00a0<\/span>Existe-t-il des syst\u00e8mes de labellisation des IA en terme de risques, de confiance, d'usage, etc. ?<\/h4>\r\n<\/div>\r\n<div id=\"collapse-labellisation\" class=\"panel-collapse collapse in\" role=\"tabpanel\" aria-labelledby=\"headingTwo\" aria-expanded=\"true\">\r\n<div class=\"panel-body\">\r\n\r\nC'est un sujet important, car chaque collectivit\u00e9 ne peut pas contr\u00f4ler et v\u00e9rifier chaque solution, sachant qu'actuellement, l'offre augmente tr\u00e8s rapidement.\r\nAujourd'hui, il y a quelques labels d'IA de confiance qui existent, destin\u00e9s notamment au monde industriel ou de la sant\u00e9. Concernant la sph\u00e8re territoriale, il y a un label mis en place par Ekitia sur la data et l'IA qui repose sur un certain nombre de v\u00e9rifications r\u00e9alis\u00e9es par un auditeur externe ind\u00e9pendant. Il y a 5 programmes qui ont \u00e9t\u00e9 lab\u00e9lis\u00e9s \u00e0 titre exp\u00e9rimental, dont l'IA de la R\u00e9gion Occitanie sur la formation professionnelle et les demandeurs d'emplois.\r\nCe type de d\u00e9marche va donc sans doute se d\u00e9velopper rapidement. Il y aura par exemple des labels de type \u00ab IA frugale \u00bb (moins consommatrice possible d'\u00e9nergie) qui devraient apparaitre dans les mois \u00e0 venir.\r\n\r\n<\/div>\r\n<\/div>\r\n<\/div>\r\n<div class=\"panel panel-primary\">\r\n<div id=\"headingTwo\" class=\"panel-heading\" role=\"tab\">\r\n<h4 class=\"panel-title\"><span class=\"glyphicon glyphicon-chevron-down\">\u00a0<\/span>Le propre de l\u2019IA est d\u2019utiliser de grands volumes de donn\u00e9es pour son apprentissage et son \u00ab fine tunning \u00bb. Comment fait-on d\u00e8s lors de l\u2019IA dite \u00ab frugale \u00bb ?<\/h4>\r\n<\/div>\r\n<div id=\"collapse-frugalite\" class=\"panel-collapse collapse in\" role=\"tabpanel\" aria-labelledby=\"headingTwo\" aria-expanded=\"true\">\r\n<div class=\"panel-body\">\r\n\r\nLe sujet de l'IA frugale est avant tout une question d'optimisation de l'utilisation des ressources pour disposer d'un r\u00e9sultat correct et r\u00e9pondant au besoin.\r\nLimiter l'apprentissage \u00e0 des donn\u00e9es, utiles, locales, repr\u00e9sentatives de l'usage attendu est une piste. Cela peut par ailleurs renforcer le caract\u00e8re souverain de la solution utilis\u00e9e. Cependant, les travaux sur l'IA frugale ne sont qu'\u00e0 leur d\u00e9but.\r\n\r\n<\/div>\r\n<\/div>\r\n<\/div>\r\n<div class=\"panel panel-primary\">\r\n<div id=\"headingTwo\" class=\"panel-heading\" role=\"tab\">\r\n<h4 class=\"panel-title\"><span class=\"glyphicon glyphicon-chevron-down\">\u00a0<\/span>Quels sont les outils disponibles pour mesurer l'empreinte environnementale ou les co\u00fbts\/b\u00e9n\u00e9fices du recours aux syst\u00e8mes d'IA dans un contexte territorial ?<\/h4>\r\n<\/div>\r\n<div id=\"collapse-environnement\" class=\"panel-collapse collapse in\" role=\"tabpanel\" aria-labelledby=\"headingTwo\" aria-expanded=\"true\">\r\n<div class=\"panel-body\">\r\n\r\nC\u2019est un point important car le Minist\u00e8re de la transition \u00e9cologique a lanc\u00e9 des appels \u00e0 projets pour construire des d\u00e9monstrateur d'IA territoriale au service des transitions. Or, il exige qu'il y ait une mesure qui soit r\u00e9alis\u00e9e sur l'impact environnemental des usages de l'IA.\r\nDes outils existent. Par exemple, l'ADEME a mis un en place une solution il n'y a pas tr\u00e8s longtemps. Pour sa part, jusqu\u2019\u00e0 pr\u00e9sent, le Minist\u00e8re utilise \u00ab Green Algorithms \u00bb pour mesurer l'empreinte carbone des processus d'apprentissage et d'utilisation des algorithmes.\r\nCela reste pour le moment des outils relativement sophistiqu\u00e9s, mais qui vont se d\u00e9mocratiser.\r\nIl est \u00e0 noter que faire fonctionner une IA localement sur une quantit\u00e9 mesur\u00e9e de donn\u00e9es peut \u00eatre beaucoup moins impactant environnementalement (quelque grammes ou kilogrammes de CO2) que faire tourner des IA avec du Big Data sur des super calculateurs situ\u00e9s outre-Atlantique (quelques tonnes de CO2).\r\nL'empreinte carbone et la consommation \u00e9nerg\u00e9tique des IA n'est pas quelque chose d'anodin. C'est un r\u00e9el enjeu pour les collectivit\u00e9s si on g\u00e9n\u00e9ralise ces outils. La question des IA frugales est un sujet d\u2019avenir.\r\n\r\n<\/div>\r\n<\/div>\r\n<\/div>\r\n<div class=\"panel panel-primary\">\r\n<div id=\"headingTwo\" class=\"panel-heading\" role=\"tab\">\r\n<h4 class=\"panel-title\"><span class=\"glyphicon glyphicon-chevron-down\">\u00a0<\/span>Quels sont les LLM mis \u00e0 disposition des collectivit\u00e9s par l'Etat ?<\/h4>\r\n<\/div>\r\n<div id=\"collapse-LLM\" class=\"panel-collapse collapse in\" role=\"tabpanel\" aria-labelledby=\"headingTwo\" aria-expanded=\"true\">\r\n<div class=\"panel-body\">\r\n\r\nPlusieurs projets sont port\u00e9s par la DINUM au niveau national, notamment le projet \u00ab Albert \u00bb, sorte de Chat GPT entrain\u00e9 par et pour les administrations. Il est d\u00e9clin\u00e9 aujourd'hui dans des versions op\u00e9rationnelles \u00e0 l'Assembl\u00e9e Nationale et dans des universit\u00e9s. Quelques collectivit\u00e9s l'utilisent aussi en test.\r\nCes outils reposent sur des corpus d'entrainement souverains. Les moteurs par contre sont vari\u00e9s. Certains utilisent la solution propos\u00e9e la soci\u00e9t\u00e9 fran\u00e7aise Mistral qui avec des moyens financiers bien moins importants, vise \u00e0 concurrencer les g\u00e9ants du secteur.\r\nCes outils existent et sont accessibles modulo une prise en main relativement experte. Il est fort probable que d'ici quelques mois il existera de nouvelles d\u00e9clinaisons de ces solutions r\u00e9-entrain\u00e9es avec des donn\u00e9es sp\u00e9cifiques pour r\u00e9pondre aux besoins locaux.\r\n\r\n<\/div>\r\n<\/div>\r\n<\/div>\r\n<div class=\"panel panel-primary\">\r\n<div id=\"headingTwo\" class=\"panel-heading\" role=\"tab\">\r\n<h4 class=\"panel-title\"><span class=\"glyphicon glyphicon-chevron-down\">\u00a0<\/span>La grille d'analyse et d'\u00e9valuation des impacts de l'IA pr\u00e9sent\u00e9e est-elle document\u00e9e et disponible ?<\/h4>\r\n<\/div>\r\n<div id=\"collapse-grille\" class=\"panel-collapse collapse in\" role=\"tabpanel\" aria-labelledby=\"headingTwo\" aria-expanded=\"true\">\r\n<div class=\"panel-body\">\r\n\r\nCette grille sera prochainement disponible, au moins en partie, via une publication r\u00e9alis\u00e9e ces derni\u00e8res semaines pour\u00a0<a href=\"https:\/\/www.obvia.ca\/\" target=\"_blank\" rel=\"noopener\">l'Observatoire international du num\u00e9rique et de l'IA\u00a0<\/a>.\r\nElle a \u00e9t\u00e9 pr\u00e9sent\u00e9e notamment lors d\u2019une restitution scientifique en d\u00e9but d\u2019ann\u00e9e \u00e0 l\u2019\u00c9cole Normale Sup\u00e9rieure (<a href=\"https:\/\/www.obvia.ca\/ressources\/entre-gouvernance-des-donnees-et-intelligence-artificielle-quelle-place-pour-la-poursuite-de-linteret-general\">Voir la vid\u00e9o<\/a>).\r\n\r\n<\/div>\r\n<\/div>\r\n<\/div>\r\n<div class=\"panel panel-primary\">\r\n<div id=\"headingTwo\" class=\"panel-heading\" role=\"tab\">\r\n<h4 class=\"panel-title\"><span class=\"glyphicon glyphicon-chevron-down\">\u00a0<\/span>Pouvez-vous mettre \u00e0 disposition le lien vers l'exp\u00e9rimentation de la r\u00e9gion Occitanie au sujet du recours \u00e0 l'IA pour l'analyse des besoins en comp\u00e9tences et la d\u00e9clinaison en achat de formation pour demandeurs d'emplois ?<\/h4>\r\n<\/div>\r\n<div id=\"collapse-occitanie\" class=\"panel-collapse collapse in\" role=\"tabpanel\" aria-labelledby=\"headingTwo\" aria-expanded=\"true\">\r\n<div class=\"panel-body\">\r\n\r\nQuelques informations sont disponibles sur\u00a0<a href=\"https:\/\/www.extranet-acteurs-competences.emploi.gouv.fr\/jcms\/p1_75330\/fr\/occitanie-ia\">https:\/\/www.extranet-acteurs-competences.emploi.gouv.fr\/jcms\/p1_75330\/fr\/occitanie-ia<\/a>\u00a0et\u00a0<a href=\"https:\/\/pfm.occitanie-ia.laregion.fr\/accueil\">https:\/\/pfm.occitanie-ia.laregion.fr\/accueil<\/a>.\r\nPour tout compl\u00e9ment d'information, nous vous invitons \u00e0 contacter directement la R\u00e9gion Occitanie.\r\n\r\n<\/div>\r\n<\/div>\r\n<\/div>\r\n<div class=\"panel panel-primary\">\r\n<div id=\"headingTwo\" class=\"panel-heading\" role=\"tab\">\r\n<h4 class=\"panel-title\"><span class=\"glyphicon glyphicon-chevron-down\">\u00a0<\/span>Peut-on disposer de la r\u00e9f\u00e9rence de l'IA utilis\u00e9e pour le cas d'usage sur le gaspillage alimentaire ?<\/h4>\r\n<\/div>\r\n<div id=\"collapse-gaspillage\" class=\"panel-collapse collapse in\" role=\"tabpanel\" aria-labelledby=\"headingTwo\" aria-expanded=\"true\">\r\n<div class=\"panel-body\">\r\n\r\nLa M\u00e9tropole de Nantes a \u00e9t\u00e9 l'une des premi\u00e8res collectivit\u00e9s \u00e0 travailler sur\u00a0<a href=\"https:\/\/metropole.nantes.fr\/actualites\/2020\/services-administratifs\/intelligence-restauration-scolai\">ce sujet.<\/a>\r\nCet algorithme a ensuite \u00e9t\u00e9 repris par d'autres collectivit\u00e9s territoriales comme Toulouse M\u00e9tropole.\r\n\r\n<\/div>\r\n<\/div>\r\n<\/div>\r\n<div class=\"panel panel-primary\">\r\n<div id=\"headingTwo\" class=\"panel-heading\" role=\"tab\">\r\n<h4 class=\"panel-title\"><span class=\"glyphicon glyphicon-chevron-down\">\u00a0<\/span>Pouvez-vous nous indiquer des solutions IA pour l'analyse de la voirie et du stationnement ?<\/h4>\r\n<\/div>\r\n<div id=\"collapse-voirie\" class=\"panel-collapse collapse in\" role=\"tabpanel\" aria-labelledby=\"headingTwo\" aria-expanded=\"true\">\r\n<div class=\"panel-body\">\r\n\r\nIl y a diff\u00e9rentes entreprises qui propose ce type de service.\r\nOn peut citer par exemple une filiale du groupe La Poste : \u00ab Geoptis \u00bb.\r\nA noter aussi que Grand Paris Seine Ouest (GPSO) a mis en place en 2022 un partenariat avec Vialytics, Neovia et le Cerema sur ce sujet. Le D\u00e9partement de la Haute Garonne a \u00e9galement r\u00e9alis\u00e9 des tests pour la gestion de ses routes.\r\n\r\n<\/div>\r\n<\/div>\r\n<\/div>\r\n<div class=\"panel panel-primary\">\r\n<div id=\"headingTwo\" class=\"panel-heading\" role=\"tab\">\r\n<h4 class=\"panel-title\"><span class=\"glyphicon glyphicon-chevron-down\">\u00a0<\/span>Il n'y a aucun cas d'usage pr\u00e9sent\u00e9 dans le domaine de l'\u00e9ducation, pourquoi ?<\/h4>\r\n<\/div>\r\n<div id=\"collapse-education\" class=\"panel-collapse collapse in\" role=\"tabpanel\" aria-labelledby=\"headingTwo\" aria-expanded=\"true\">\r\n<div class=\"panel-body\">\r\n\r\nLa slide r\u00e9capitulative pr\u00e9sent\u00e9e par Jacques PRIOL s'appuie principalement sur des cas d'usage port\u00e9s par des collectivit\u00e9s. Or, ces derni\u00e8res interviennent principalement en p\u00e9riph\u00e9rie du th\u00e8me de l'\u00e9ducation. C\u2019est d\u2019ailleurs un sujet extr\u00eamement sensible, politique et d\u00e9battu. Certaines entreprises envisagent gr\u00e2ce l'IA de proposer des corpus d'apprentissage qui pourraient remettre en cause, voire remplacer certaines formes d'enseignements. Ce sont des sujets qui font pol\u00e9mique et pose aujourd'hui des questions fondamentales sur les contenus et les syst\u00e8mes d'apprentissage.\r\nC'est la raison pour laquelle l'\u00c9ducation Nationale allemande a fait d\u00e9sinstaller Microsoft Office 365 de l'ensemble des postes la concernant. C\u2019est une approche d\u00e9fensive. Par contre, dans les pays ou le syst\u00e8me \u00e9ducatif est peu d\u00e9velopp\u00e9 et structur\u00e9, certains fondent de grands espoirs sur l'IA pour d\u00e9velopper l\u2019\u00e9ducation de la population.\r\n\r\n<\/div>\r\n<\/div>\r\n<\/div>\r\n<div class=\"panel panel-primary\">\r\n<div id=\"headingTwo\" class=\"panel-heading\" role=\"tab\">\r\n<h4 class=\"panel-title\">A la diapositive n\u00b021 de la pr\u00e9sentation de Jacques PRIOL, est-ce que ce sont 27% des 181 collectivit\u00e9s qui ont r\u00e9pondu \u00e0 l'enqu\u00eate ou 27 % des collectivit\u00e9s fran\u00e7aises qui ont d\u00e9j\u00e0 utilis\u00e9 ou test\u00e9 l'IA ?<\/h4>\r\n<\/div>\r\n<div id=\"collapse-diapo21\" class=\"panel-collapse collapse in\" role=\"tabpanel\" aria-labelledby=\"headingTwo\" aria-expanded=\"true\">\r\n<div class=\"panel-body\">\r\n\r\nIl s'agit ici des collectivit\u00e9s ayant r\u00e9pondu \u00e0 l'enqu\u00eate Data Publica en 2023. Ce qui est notable c'est surtout la progression de 12% sur un an entre 2022 et 2023.\r\n<h4><strong>Comment la R\u00e9gion Grand Est s\u2019empare de l\u2019IA pour r\u00e9pondre \u00e0 ses missions de service public ?<\/strong>\r\n<em>Cl\u00e9ment CAMBON (D\u00e9l\u00e9gu\u00e9 \u00e0 l'Innovation et \u00e0 la Modernisation de l'Action Publique - DIMAP)<\/em><\/h4>\r\n<div class=\"row\">\r\n<div class=\"col-sm-6 col-md-6\">\r\n<div class=\"thumbnail\">\r\n<div class=\"caption\">\r\n<p class=\"rtecenter\"><a href=\"https:\/\/www.youtube.com\/embed\/hL6TRLT9u8w\" target=\"_blank\" rel=\"noopener\">T\u00e9l\u00e9charger la vid\u00e9o<\/a><\/p>\r\n\r\n<\/div>\r\n<\/div>\r\n<\/div>\r\n<\/div>\r\nCl\u00e9ment Chambon pr\u00e9sente dans son intervention l\u2019approche de l\u2019IA \u00e0 la R\u00e9gion Grand Est. Le mot d\u2019ordre est \u00ab accompagn\u00e9 le changement plut\u00f4t que le subir \u00bb. Fort des constats, la strat\u00e9gie actuelle cible en premier deux objectifs : l\u2019accompagnement des utilisateurs et la dataculturation. Des exp\u00e9rimentations sont aussi r\u00e9alis\u00e9es en suivant des protocoles sp\u00e9cifiques. Ils sont cibl\u00e9s sur des cas d\u2019usage ayant le potentiel de passer \u00e0 l\u2019\u00e9chelle. De nombreux agents commencent \u00e0 s\u2019emparer des outils disponibles : Accompagn\u00e9s et form\u00e9s, ils deviennent alors des ambassadeurs IA dans la collectivit\u00e9. La R\u00e9gion se positionne donc dans une dynamique pro-active, que cela soit dans le d\u00e9veloppement de projets, dans la formation, dans l\u2019accompagnement au changement ou dans l\u2019anticipation de la massification des outils disponibles. Il rappelle, comme Jacques Priol, que les donn\u00e9es sont la composante essentielle en IA : Et dans ce contexte, Data Grand Est est le catalyseur pivot en devenir.\r\n<div class=\"panel panel-primary\">\r\n<div id=\"headingTwo\" class=\"panel-heading\" role=\"tab\">\r\n<h4 class=\"panel-title\"><span class=\"glyphicon glyphicon-chevron-down\">\u00a0<\/span>Pouvez-vous, donner des exemples concrets d'exp\u00e9rimentations r\u00e9alis\u00e9es \u00e0 la R\u00e9gion Grand Est ?<\/h4>\r\n<\/div>\r\n<div id=\"collapse-experimentation\" class=\"panel-collapse collapse in\" role=\"tabpanel\" aria-labelledby=\"headingTwo\" aria-expanded=\"true\">\r\n<div class=\"panel-body\">\r\n\r\nDes travaux ont \u00e9t\u00e9 conduits sur du \u00ab sourcing RH \u00bb, sur l'utilisation des donn\u00e9es de la R\u00e9gion et de P\u00f4le Emploi pour identifier les besoins de formations et de les localiser, afin de construire des formations en ad\u00e9quation avec les profils des demandeurs d'emploi.\r\nLa R\u00e9gion a aussi travaill\u00e9 sur des usages interne autour de la production et gestion de notes pour les \u00e9lus, ou sur la gestion du support informatique.\r\n\r\n<\/div>\r\n<\/div>\r\n<\/div>\r\n<div class=\"panel panel-primary\">\r\n<div id=\"headingTwo\" class=\"panel-heading\" role=\"tab\">\r\n<h4 class=\"panel-title\"><span class=\"glyphicon glyphicon-chevron-down\">\u00a0<\/span>D\u2019apr\u00e8s la pr\u00e9sentation faite par Cl\u00e9ment CAMBON, la strat\u00e9gie IA r\u00e9gionale est pour le moment essentiellement tourn\u00e9e vers l'interne. Est-ce que des d\u00e9marches sont \u00e9galement pr\u00e9vues vers l'externe pour soutenir l'innovation et contribuer \u00e0 structurer la fili\u00e8re (entreprises, labos, universit\u00e9s) ou m\u00eame accompagner les collectivit\u00e9s de Grand Est, voir les habitants via de la m\u00e9diation \u00e0 l'IA ? Quels cas d'usage \u00ab data \/ IA \u00bb pourraient \u00eatre exp\u00e9riment\u00e9s directement par DataGrandEst dans le cadre de ses missions ?<\/h4>\r\n<\/div>\r\n<div id=\"collapse-externe\" class=\"panel-collapse collapse in\" role=\"tabpanel\" aria-labelledby=\"headingTwo\" aria-expanded=\"true\">\r\n<div class=\"panel-body\">\r\n\r\nLa d\u00e9marche pr\u00e9sent\u00e9e ici concerne en effet la strat\u00e9gie de transformation interne \u00e0 la R\u00e9gion en mati\u00e8re d'IA.\r\nLe lien data et IA fait partie des enjeux d'\u00e9volution de DataGrandEst, mais \u00e9galement des questionnements. Ce webinaire est en quelque sorte une premi\u00e8re sur le chemin du r\u00f4le qu'aura \u00e0 jouer DataGrandEst sur ce sujet. Aujourd'hui on est tr\u00e8s centr\u00e9 sur la data et on va poursuivre sur cette voie avec l'\u00e9volution de la plateforme dans les mois \u00e0 venir, mais les sujets d'IA sont intrins\u00e8quement li\u00e9s \u00e0 la data, C'est peut-\u00eatre la prochaine grande \u00e9tape d'\u00e9volution de DataGrandEst pour mieux accompagner les territoires.\r\nA noter aussi qu'au sein de la R\u00e9gion, une Direction accompagne la transformation num\u00e9rique sur les territoires. L'IA fait partie des sujets actuellement discut\u00e9s dans cette d\u00e9marche. Enfin, on peut citer le\u00a0<a href=\"https:\/\/www.grandest.fr\/actualites\/plan-ia-grand-est-vers-une-vallee-europeenne-de-lintelligence-artificielle\/\" target=\"_blank\" rel=\"noopener\">\u00ab Plan IA \u00bb\u00a0<\/a>mis en place en 2020 par la R\u00e9gion (Voir aussi :\u00a0<a href=\"https:\/\/www.grandest.fr\/vos-aides-regionales\/aide-aux-entreprises-primo-utilisatrices-dintelligence-artificielle\/\">https:\/\/www.grandest.fr\/vos-aides-regionales\/aide-aux-entreprises-primo-utilisatrices-dint...<\/a>).\r\n\r\n<\/div>\r\n<\/div>\r\n<\/div>\r\n<div class=\"panel panel-primary\">\r\n<div id=\"headingTwo\" class=\"panel-heading\" role=\"tab\">\r\n<h4 class=\"panel-title\"><span class=\"glyphicon glyphicon-chevron-down\">\u00a0<\/span>Une communication interne \u00e0 la R\u00e9gion Grand Est et des r\u00e8gles d'usage sont-elles d\u00e9j\u00e0 \u00e9tablies afin que chacun sache comment utiliser l'IA ?<\/h4>\r\n<\/div>\r\n<div id=\"collapse-regle\" class=\"panel-collapse collapse in\" role=\"tabpanel\" aria-labelledby=\"headingTwo\" aria-expanded=\"true\">\r\n<div class=\"panel-body\">\r\n\r\nL'objectif, dans les prochains mois, est de cr\u00e9er un \u00ab cadre \u00bb (ex. charte) autour de l'IA et de le diffuser pour accompagner le changement. La formation fait aussi partie des actions essentielles pour faciliter l'appropriation de l'IA et am\u00e9liorer son usage.\r\n\r\n<\/div>\r\n<\/div>\r\n<\/div>\r\n<div class=\"panel panel-primary\">\r\n<div id=\"headingTwo\" class=\"panel-heading\" role=\"tab\">\r\n<h4 class=\"panel-title\"><span class=\"glyphicon glyphicon-chevron-down\">\u00a0<\/span>Pouvez-vous communiquer le calendrier et les modalit\u00e9s de d\u00e9ploiement de cette exp\u00e9rimentation dans la collectivit\u00e9 ?<\/h4>\r\n<\/div>\r\n<div id=\"collapse-calendrier\" class=\"panel-collapse collapse in\" role=\"tabpanel\" aria-labelledby=\"headingTwo\" aria-expanded=\"true\">\r\n<div class=\"panel-body\">\r\n\r\nCes \u00e9l\u00e9ments seront transmis en interne \u00e0 la R\u00e9gion en temps utile \u00e0 l'ensemble des agents de la collectivit\u00e9. Pour toute demande de pr\u00e9cision, n\u2019h\u00e9sitez pas \u00e0 contacter Anne HEUPEL (DIMAP).\r\n\r\n<\/div>\r\n<\/div>\r\n<\/div>\r\n<div class=\"panel panel-primary\">\r\n<div id=\"headingTwo\" class=\"panel-heading\" role=\"tab\">\r\n<h4 class=\"panel-title\"><span class=\"glyphicon glyphicon-chevron-down\">\u00a0<\/span>Les contenus augment\u00e9s avec de l'IA par les \u00ab IAventuriers \u00bb sont-ils identifi\u00e9s en tant que tel ?<\/h4>\r\n<\/div>\r\n<div id=\"collapse-contenu\" class=\"panel-collapse collapse in\" role=\"tabpanel\" aria-labelledby=\"headingTwo\" aria-expanded=\"true\">\r\n<div class=\"panel-body\">\r\n\r\nA ce jour, la d\u00e9marche se met en place. Si des r\u00e9sultats issus de l'IA sont utilis\u00e9s, ils seront naturellement identifi\u00e9s selon le cadre et les r\u00e8gles \u00e9tablis au sein de la collectivit\u00e9 en accord avec les bonnes pratiques et conditions l\u00e9gales d\u2019usage de l\u2019IA.\r\n\r\n<\/div>\r\n<\/div>\r\n<\/div>\r\n<div class=\"panel panel-primary\">\r\n<div id=\"headingTwo\" class=\"panel-heading\" role=\"tab\">\r\n<h4 class=\"panel-title\"><span class=\"glyphicon glyphicon-chevron-down\">\u00a0<\/span>Y aura-t-il des webinaires de formation \u00e0 l'utilisation de l'IA ?<\/h4>\r\n<\/div>\r\n<div id=\"collapse-formation\" class=\"panel-collapse collapse in\" role=\"tabpanel\" aria-labelledby=\"headingTwo\" aria-expanded=\"true\">\r\n<div class=\"panel-body\">\r\n\r\nOui, l'objectif est d'accompagner les usages. Il est n\u00e9cessaire aujourd'hui de s'approprier ces outils pour ne pas subir le changement qui est en train de s\u2019op\u00e9rer et qui sera de toute fa\u00e7on in\u00e9vitable au sein de notre soci\u00e9t\u00e9.\r\nCertaines \u00e9tudes montrent que 50% des gens qui utilisent de l'IA g\u00e9n\u00e9rative ne le d\u00e9clare pas \u00e0 leur employeur (secteur public et priv\u00e9 confondu). Pour r\u00e9duire ce taux, une piste est de former les personnes concern\u00e9es et les faire monter en comp\u00e9tence plut\u00f4t que de les contraindre ou d'interdire.\r\nC'est aussi l'occasion de les former sur le sujet de la donn\u00e9e : qu'est-ce que l'on peut communiquer ou non ? Pourquoi ? Comment ? etc.\r\n\r\n<\/div>\r\n<\/div>\r\n<\/div>\r\n<div class=\"panel panel-primary\">\r\n<div id=\"headingTwo\" class=\"panel-heading\" role=\"tab\">\r\n<h4 class=\"panel-title\"><span class=\"glyphicon glyphicon-chevron-down\">\u00a0<\/span>Avez-vous aussi, en interne \u00e0 la R\u00e9gion, des actions en direction des \u00e9lus ?<\/h4>\r\n<\/div>\r\n<div id=\"collapse-elus\" class=\"panel-collapse collapse in\" role=\"tabpanel\" aria-labelledby=\"headingTwo\" aria-expanded=\"true\">\r\n<div class=\"panel-body\">\r\n\r\nOui, des d\u00e9marches d'acculturation sont \u00e9galement pr\u00e9vues aupr\u00e8s des \u00e9lus. Le programme et les actions \u00e0 mettre en \u0153uvre sont en cours de d\u00e9finition et discussion.\r\nCertains \u00e9lus sont d\u00e9j\u00e0 sensibilis\u00e9s, mais il y a un vrai enjeu \u00e0 \u00e9largir ces d\u00e9marches \u00e0 l'ensemble des d\u00e9cideurs de la collectivit\u00e9, autant sur l'IA que sur la data. Une prise de conscience est n\u00e9cessaire sur les impacts de ces \u00e9volutions car elles vont fortement transformer le service public dans les ann\u00e9es \u00e0 venir.\r\n\r\n<\/div>\r\n<\/div>\r\n<\/div>\r\n<div class=\"panel panel-primary\">\r\n<div id=\"headingTwo\" class=\"panel-heading\" role=\"tab\">\r\n<h4 class=\"panel-title\"><span class=\"glyphicon glyphicon-chevron-down\">\u00a0<\/span>Comment faire pour int\u00e9grer la communaut\u00e9 des \u00ab IAventuriers \u00bb au sein de la r\u00e9gion Grand Est et devenir ambassadeur de l'IA ?<\/h4>\r\n<\/div>\r\n<div id=\"collapse-ambassadeurs\" class=\"panel-collapse collapse in\" role=\"tabpanel\" aria-labelledby=\"headingTwo\" aria-expanded=\"true\">\r\n<div class=\"panel-body\">\r\n\r\nLes agents de la R\u00e9gion Grand Est qui souhaitent int\u00e9grer la communaut\u00e9 des \u00ab\u202fIAventuriers\u202f\u00bb peuvent contacter directement en interne Anne HEUPEL ou Cl\u00e9ment CAMBON de la DIMAP.\r\n\r\n<\/div>\r\n<\/div>\r\n<\/div>\r\n<\/div>\r\n<\/div>\r\n<\/div>","eve_animation":true,"glo_image":2472,"glo_intro":"","glo_car_surcharge_titre":"","glo_car_surcharge_lien":""},"yoast_head":"<!-- This site is optimized with the Yoast SEO plugin v27.4 - https:\/\/yoast.com\/product\/yoast-seo-wordpress\/ -->\n<title>Webinaire - IA et data dans les territoires : de quoi parle-t-on ? - DataGrandEst<\/title>\n<meta name=\"robots\" content=\"index, follow, max-snippet:-1, max-image-preview:large, max-video-preview:-1\" \/>\n<link rel=\"canonical\" href=\"https:\/\/www.datagrandest.fr\/site\/evenement\/webinaire-ia-et-data-dans-les-territoires-de-quoi-parle-t-on\/\" \/>\n<meta property=\"og:locale\" content=\"fr_FR\" \/>\n<meta property=\"og:type\" content=\"article\" \/>\n<meta property=\"og:title\" content=\"Webinaire - IA et data dans les territoires : de quoi parle-t-on ? - DataGrandEst\" \/>\n<meta property=\"og:url\" content=\"https:\/\/www.datagrandest.fr\/site\/evenement\/webinaire-ia-et-data-dans-les-territoires-de-quoi-parle-t-on\/\" \/>\n<meta property=\"og:site_name\" content=\"DataGrandEst\" \/>\n<meta property=\"article:modified_time\" content=\"2026-03-30T08:16:23+00:00\" \/>\n<meta name=\"twitter:card\" content=\"summary_large_image\" \/>\n<meta name=\"twitter:label1\" content=\"Dur\u00e9e de lecture estim\u00e9e\" \/>\n\t<meta name=\"twitter:data1\" content=\"16 minutes\" \/>\n<script type=\"application\/ld+json\" class=\"yoast-schema-graph\">{\"@context\":\"https:\\\/\\\/schema.org\",\"@graph\":[{\"@type\":\"WebPage\",\"@id\":\"https:\\\/\\\/www.datagrandest.fr\\\/site\\\/evenement\\\/webinaire-ia-et-data-dans-les-territoires-de-quoi-parle-t-on\\\/\",\"url\":\"https:\\\/\\\/www.datagrandest.fr\\\/site\\\/evenement\\\/webinaire-ia-et-data-dans-les-territoires-de-quoi-parle-t-on\\\/\",\"name\":\"Webinaire - IA et data dans les territoires : de quoi parle-t-on ? - DataGrandEst\",\"isPartOf\":{\"@id\":\"https:\\\/\\\/www.datagrandest.fr\\\/site\\\/#website\"},\"datePublished\":\"2024-01-04T07:20:07+00:00\",\"dateModified\":\"2026-03-30T08:16:23+00:00\",\"breadcrumb\":{\"@id\":\"https:\\\/\\\/www.datagrandest.fr\\\/site\\\/evenement\\\/webinaire-ia-et-data-dans-les-territoires-de-quoi-parle-t-on\\\/#breadcrumb\"},\"inLanguage\":\"fr-FR\",\"potentialAction\":[{\"@type\":\"ReadAction\",\"target\":[\"https:\\\/\\\/www.datagrandest.fr\\\/site\\\/evenement\\\/webinaire-ia-et-data-dans-les-territoires-de-quoi-parle-t-on\\\/\"]}]},{\"@type\":\"BreadcrumbList\",\"@id\":\"https:\\\/\\\/www.datagrandest.fr\\\/site\\\/evenement\\\/webinaire-ia-et-data-dans-les-territoires-de-quoi-parle-t-on\\\/#breadcrumb\",\"itemListElement\":[{\"@type\":\"ListItem\",\"position\":1,\"name\":\"Accueil\",\"item\":\"https:\\\/\\\/www.datagrandest.fr\\\/site\\\/\"},{\"@type\":\"ListItem\",\"position\":2,\"name\":\"\u00c9v\u00e9nements\",\"item\":\"https:\\\/\\\/www.datagrandest.fr\\\/site\\\/evenement\\\/\"},{\"@type\":\"ListItem\",\"position\":3,\"name\":\"Webinaire &#8211; IA et data dans les territoires : de quoi parle-t-on ?\"}]},{\"@type\":\"WebSite\",\"@id\":\"https:\\\/\\\/www.datagrandest.fr\\\/site\\\/#website\",\"url\":\"https:\\\/\\\/www.datagrandest.fr\\\/site\\\/\",\"name\":\"DataGrandEst\",\"description\":\"\",\"potentialAction\":[{\"@type\":\"SearchAction\",\"target\":{\"@type\":\"EntryPoint\",\"urlTemplate\":\"https:\\\/\\\/www.datagrandest.fr\\\/site\\\/?s={search_term_string}\"},\"query-input\":{\"@type\":\"PropertyValueSpecification\",\"valueRequired\":true,\"valueName\":\"search_term_string\"}}],\"inLanguage\":\"fr-FR\"}]}<\/script>\n<!-- \/ Yoast SEO plugin. -->","yoast_head_json":{"title":"Webinaire - IA et data dans les territoires : de quoi parle-t-on ? - DataGrandEst","robots":{"index":"index","follow":"follow","max-snippet":"max-snippet:-1","max-image-preview":"max-image-preview:large","max-video-preview":"max-video-preview:-1"},"canonical":"https:\/\/www.datagrandest.fr\/site\/evenement\/webinaire-ia-et-data-dans-les-territoires-de-quoi-parle-t-on\/","og_locale":"fr_FR","og_type":"article","og_title":"Webinaire - IA et data dans les territoires : de quoi parle-t-on ? - DataGrandEst","og_url":"https:\/\/www.datagrandest.fr\/site\/evenement\/webinaire-ia-et-data-dans-les-territoires-de-quoi-parle-t-on\/","og_site_name":"DataGrandEst","article_modified_time":"2026-03-30T08:16:23+00:00","twitter_card":"summary_large_image","twitter_misc":{"Dur\u00e9e de lecture estim\u00e9e":"16 minutes"},"schema":{"@context":"https:\/\/schema.org","@graph":[{"@type":"WebPage","@id":"https:\/\/www.datagrandest.fr\/site\/evenement\/webinaire-ia-et-data-dans-les-territoires-de-quoi-parle-t-on\/","url":"https:\/\/www.datagrandest.fr\/site\/evenement\/webinaire-ia-et-data-dans-les-territoires-de-quoi-parle-t-on\/","name":"Webinaire - IA et data dans les territoires : de quoi parle-t-on ? - DataGrandEst","isPartOf":{"@id":"https:\/\/www.datagrandest.fr\/site\/#website"},"datePublished":"2024-01-04T07:20:07+00:00","dateModified":"2026-03-30T08:16:23+00:00","breadcrumb":{"@id":"https:\/\/www.datagrandest.fr\/site\/evenement\/webinaire-ia-et-data-dans-les-territoires-de-quoi-parle-t-on\/#breadcrumb"},"inLanguage":"fr-FR","potentialAction":[{"@type":"ReadAction","target":["https:\/\/www.datagrandest.fr\/site\/evenement\/webinaire-ia-et-data-dans-les-territoires-de-quoi-parle-t-on\/"]}]},{"@type":"BreadcrumbList","@id":"https:\/\/www.datagrandest.fr\/site\/evenement\/webinaire-ia-et-data-dans-les-territoires-de-quoi-parle-t-on\/#breadcrumb","itemListElement":[{"@type":"ListItem","position":1,"name":"Accueil","item":"https:\/\/www.datagrandest.fr\/site\/"},{"@type":"ListItem","position":2,"name":"\u00c9v\u00e9nements","item":"https:\/\/www.datagrandest.fr\/site\/evenement\/"},{"@type":"ListItem","position":3,"name":"Webinaire &#8211; IA et data dans les territoires : de quoi parle-t-on ?"}]},{"@type":"WebSite","@id":"https:\/\/www.datagrandest.fr\/site\/#website","url":"https:\/\/www.datagrandest.fr\/site\/","name":"DataGrandEst","description":"","potentialAction":[{"@type":"SearchAction","target":{"@type":"EntryPoint","urlTemplate":"https:\/\/www.datagrandest.fr\/site\/?s={search_term_string}"},"query-input":{"@type":"PropertyValueSpecification","valueRequired":true,"valueName":"search_term_string"}}],"inLanguage":"fr-FR"}]}},"_links":{"self":[{"href":"https:\/\/www.datagrandest.fr\/site\/wp-json\/wp\/v2\/evenement\/1372","targetHints":{"allow":["GET"]}}],"collection":[{"href":"https:\/\/www.datagrandest.fr\/site\/wp-json\/wp\/v2\/evenement"}],"about":[{"href":"https:\/\/www.datagrandest.fr\/site\/wp-json\/wp\/v2\/types\/evenement"}],"version-history":[{"count":4,"href":"https:\/\/www.datagrandest.fr\/site\/wp-json\/wp\/v2\/evenement\/1372\/revisions"}],"predecessor-version":[{"id":5421,"href":"https:\/\/www.datagrandest.fr\/site\/wp-json\/wp\/v2\/evenement\/1372\/revisions\/5421"}],"wp:attachment":[{"href":"https:\/\/www.datagrandest.fr\/site\/wp-json\/wp\/v2\/media?parent=1372"}],"wp:term":[{"taxonomy":"periode","embeddable":true,"href":"https:\/\/www.datagrandest.fr\/site\/wp-json\/wp\/v2\/periode?post=1372"},{"taxonomy":"source","embeddable":true,"href":"https:\/\/www.datagrandest.fr\/site\/wp-json\/wp\/v2\/source?post=1372"},{"taxonomy":"thematique_globale","embeddable":true,"href":"https:\/\/www.datagrandest.fr\/site\/wp-json\/wp\/v2\/thematique_globale?post=1372"},{"taxonomy":"type_evenement","embeddable":true,"href":"https:\/\/www.datagrandest.fr\/site\/wp-json\/wp\/v2\/type_evenement?post=1372"}],"curies":[{"name":"wp","href":"https:\/\/api.w.org\/{rel}","templated":true}]}}