{"id":1378,"date":"2023-10-31T09:05:07","date_gmt":"2023-10-31T08:05:07","guid":{"rendered":"https:\/\/dev.datagrandest.fr\/site\/evenement\/journee-de-la-datavisualisation\/"},"modified":"2026-03-30T10:19:08","modified_gmt":"2026-03-30T08:19:08","slug":"journee-de-la-datavisualisation","status":"publish","type":"evenement","link":"https:\/\/www.datagrandest.fr\/site\/evenement\/journee-de-la-datavisualisation\/","title":{"rendered":"Journ\u00e9e de la datavisualisation"},"template":"","meta":{"_acf_changed":false,"_relevanssi_hide_post":"","_relevanssi_hide_content":"","_relevanssi_pin_for_all":"","_relevanssi_pin_keywords":"","_relevanssi_unpin_keywords":"","_relevanssi_related_keywords":"","_relevanssi_related_include_ids":"","_relevanssi_related_exclude_ids":"","_relevanssi_related_no_append":"","_relevanssi_related_not_related":"","_relevanssi_related_posts":"","_relevanssi_noindex_reason":""},"periode":[211],"source":[],"thematique_globale":[],"type_evenement":[146],"class_list":["post-1378","evenement","type-evenement","status-publish","hentry","periode-211","type_evenement-journee-thematique"],"acf":{"eve_description_courte":"","eve_description_longue":"<h1 class=\"rtecenter\">Journ\u00e9e de la datavisualisation<\/h1>\r\n<p class=\"rtecenter\"><span style=\"font-size: 16px;\">Initiation et C\u00e9r\u00e9monie de remise des prix du concours de datavisualisation<\/span><\/p>\r\n<p class=\"rtecenter\"><strong>____________________<\/strong><\/p>\r\n\r\n<h4 class=\"rtecenter\">Mercredi 13 d\u00e9cembre 2023\u00a0 |\u00a0 De 09h30 \u00e0 16h00<\/h4>\r\n<h5 class=\"rtecenter\">Si\u00e8ge de la R\u00e9gion Grand Est |\u00a0 1 Place Adrien Zeller\u00a0 | 67000 Strasbourg<\/h5>\r\n&nbsp;\r\n\r\n&nbsp;\r\n\r\nLes donn\u00e9es \u00e0 la port\u00e9e de tous, voil\u00e0 un vrai sujet casse-t\u00eate. \u00c0 l\u2019\u00e8re du pilotage par la donn\u00e9e ou pour bien transmettre la connaissance d'un territoire, il importe de proposer de belles exp\u00e9riences de lecture, des graphiques et des cartes adapt\u00e9s \u00e0 son lectorat.\r\nFaire parler les donn\u00e9es est donc un enjeu et s\u2019assurer d\u2019envoyer les bons messages est essentiel !\r\nDans cet esprit, nous vous proposons de vous sensibiliser \u00e0 la datavisualisation avec \u00c9ric Mauvi\u00e8re, passionn\u00e9 et fin p\u00e9dagogue, sp\u00e9cialiste de la s\u00e9miologie graphique, pour nous en rappeler les fondamentaux.\r\nApr\u00e8s le repas viendra le grand moment de la remise des prix du 1er concours de datavisualisation, en Grand Est, valorisant des donn\u00e9es sur le tourisme dans la r\u00e9gion. Cette c\u00e9r\u00e9monie se d\u00e9roulera en pr\u00e9sence d\u2019\u00e9lus r\u00e9gionaux et se conclura par un go\u00fbter de No\u00ebl.\r\nQue vous soyez d\u00e9butant, pratiquant ou \u00ab pro \u00bb de la data et de la datavisualisation, rejoignez-nous, cette journ\u00e9e est ouverte \u00e0 tous les publics !\r\n\r\n&nbsp;\r\n<div class=\"panel panel-warning\">\r\n<div class=\"panel-heading\">\r\n<h4>Programme<\/h4>\r\n<\/div>\r\n<\/div>\r\n&nbsp;\r\n\r\n&nbsp;\r\n\r\n<strong>09h30<\/strong>\u00a0 |\u00a0\u00a0<strong>Accueil des participants<\/strong>\r\n\r\n&nbsp;\r\n\r\n<strong>10h00<\/strong>\u00a0 |\u00a0\u00a0<strong>DataGrandEst et la datavisualisation<\/strong>\r\n<ul>\r\n \t<li>Guillaume RYCKELYNCK - R\u00e9gion Grand Est<\/li>\r\n<\/ul>\r\n&nbsp;\r\n\r\n<strong>10h30<\/strong>\u00a0 |\u00a0 <b>Datavisualisation, qu\u00e9zako ?<\/b>\r\n<ul>\r\n \t<li><em>D\u00e9couverte \u00e0 travers quelques exemples<\/em>\r\nEric MAUVI\u00c8RE- Expert en s\u00e9miologie graphique - Icem7<\/li>\r\n<\/ul>\r\n&nbsp;\r\n\r\n<strong>11h00<\/strong>\u00a0 |\u00a0 <b>Fresque cartographique en r\u00e9gion Grand Est<\/b>\r\n<ul>\r\n \t<li><em>Les repr\u00e9sentations de Strasbourg au fil du temps<\/em>\r\nOlivier BANASZAK - Chef du service G\u00e9omatique et Connaissance des Territoires \u2013 Eurom\u00e9tropole de Strasbourg<\/li>\r\n<\/ul>\r\n&nbsp;\r\n\r\n<strong>11h30<\/strong>\u00a0 |\u00a0\u00a0<strong>Faire parler les donn\u00e9es c\u2019est important mais pas n\u2019importe comment<\/strong>\r\n<ul>\r\n \t<li><em>Quelques r\u00e8gles simples pour progresser tr\u00e8s rapidement<\/em>\r\nEric MAUVI\u00c8RE - Expert en s\u00e9miologie graphique - Icem7<\/li>\r\n<\/ul>\r\n&nbsp;\r\n\r\n<strong>12h00<\/strong>\u00a0 |\u00a0 <strong>Comment faire de la dataviz avec nos outils d'hier, d'aujourd'hui et de demain ?<\/strong>\r\n<ul>\r\n \t<li><em>Le point de vue des experts<\/em>\r\nOlivier BANASZAK - Chef du service G\u00e9omatique et Connaissance des Territoires \u2013 Eurom\u00e9tropole de Strasbourg\r\nAnne-Christine BRONNER - Ing\u00e9nieure cartographe - Laboratoire SAGE, CNRS-Universit\u00e9 de Strasbourg\r\nEric MAUVI\u00c8RE - Expert en s\u00e9miologie graphique - Icem7\r\nAlain ROAN - Expert en datavisualisation, technologies web et formateur<\/li>\r\n<\/ul>\r\n&nbsp;\r\n\r\n<strong>12h30<\/strong>\u00a0 |\u00a0 <strong>D\u00e9jeuner et r\u00e9seautage<\/strong>\r\n\r\n&nbsp;\r\n\r\n<strong>14h00\u00a0<\/strong> |\u00a0 <strong>C\u00e9r\u00e9monie de remise des prix du concours de datavisualisation<\/strong>\r\n<ul>\r\n \t<li><em>Pr\u00e9sentation du r\u00e9glement, de la notation, du jeu de donn\u00e9es, du jury, des statistiques et des prix offerts<\/em><\/li>\r\n \t<li><em>Pitch des projets soumis<\/em><\/li>\r\n \t<li><em>Remise des prix en pr\u00e9sence d'\u00e9lus r\u00e9gionaux (Ir\u00e8ne WEISS et Odile UHLRICH-MALLET) <\/em><\/li>\r\n<\/ul>\r\n&nbsp;\r\n\r\n<strong>15h30\u00a0<\/strong> |\u00a0 <strong>Bilan de la journ\u00e9e et conclusion<\/strong>\r\n\r\n&nbsp;\r\n\r\n<strong>15h40\u00a0<\/strong> |\u00a0 <strong>Go\u00fbter de No\u00ebl <\/strong>\r\n\r\n&nbsp;","eve_lieu":"","eve_date":"20231213","eve_date_fin":"20231213","eve_heure_de_debut":"09:00:00","eve_heure_de_fin":"09:00:00","eve_pour_aller_plus_loin":"","eve_animation":false,"glo_image":3688,"glo_intro":"","glo_car_surcharge_titre":"","glo_car_surcharge_lien":""},"yoast_head":"<!-- This site is optimized with the Yoast SEO plugin v27.4 - https:\/\/yoast.com\/product\/yoast-seo-wordpress\/ -->\n<title>Journ\u00e9e de la datavisualisation - DataGrandEst<\/title>\n<meta name=\"robots\" content=\"index, follow, max-snippet:-1, max-image-preview:large, max-video-preview:-1\" \/>\n<link rel=\"canonical\" href=\"https:\/\/www.datagrandest.fr\/site\/evenement\/journee-de-la-datavisualisation\/\" \/>\n<meta property=\"og:locale\" content=\"fr_FR\" \/>\n<meta property=\"og:type\" content=\"article\" \/>\n<meta property=\"og:title\" content=\"Journ\u00e9e de la datavisualisation - DataGrandEst\" \/>\n<meta property=\"og:url\" content=\"https:\/\/www.datagrandest.fr\/site\/evenement\/journee-de-la-datavisualisation\/\" \/>\n<meta property=\"og:site_name\" content=\"DataGrandEst\" \/>\n<meta property=\"article:modified_time\" content=\"2026-03-30T08:19:08+00:00\" \/>\n<meta name=\"twitter:card\" content=\"summary_large_image\" \/>\n<meta name=\"twitter:label1\" content=\"Dur\u00e9e de lecture estim\u00e9e\" \/>\n\t<meta name=\"twitter:data1\" content=\"3 minutes\" \/>\n<script type=\"application\/ld+json\" class=\"yoast-schema-graph\">{\"@context\":\"https:\\\/\\\/schema.org\",\"@graph\":[{\"@type\":\"WebPage\",\"@id\":\"https:\\\/\\\/www.datagrandest.fr\\\/site\\\/evenement\\\/journee-de-la-datavisualisation\\\/\",\"url\":\"https:\\\/\\\/www.datagrandest.fr\\\/site\\\/evenement\\\/journee-de-la-datavisualisation\\\/\",\"name\":\"Journ\u00e9e de la datavisualisation - DataGrandEst\",\"isPartOf\":{\"@id\":\"https:\\\/\\\/www.datagrandest.fr\\\/site\\\/#website\"},\"datePublished\":\"2023-10-31T08:05:07+00:00\",\"dateModified\":\"2026-03-30T08:19:08+00:00\",\"breadcrumb\":{\"@id\":\"https:\\\/\\\/www.datagrandest.fr\\\/site\\\/evenement\\\/journee-de-la-datavisualisation\\\/#breadcrumb\"},\"inLanguage\":\"fr-FR\",\"potentialAction\":[{\"@type\":\"ReadAction\",\"target\":[\"https:\\\/\\\/www.datagrandest.fr\\\/site\\\/evenement\\\/journee-de-la-datavisualisation\\\/\"]}]},{\"@type\":\"BreadcrumbList\",\"@id\":\"https:\\\/\\\/www.datagrandest.fr\\\/site\\\/evenement\\\/journee-de-la-datavisualisation\\\/#breadcrumb\",\"itemListElement\":[{\"@type\":\"ListItem\",\"position\":1,\"name\":\"Accueil\",\"item\":\"https:\\\/\\\/www.datagrandest.fr\\\/site\\\/\"},{\"@type\":\"ListItem\",\"position\":2,\"name\":\"\u00c9v\u00e9nements\",\"item\":\"https:\\\/\\\/www.datagrandest.fr\\\/site\\\/evenement\\\/\"},{\"@type\":\"ListItem\",\"position\":3,\"name\":\"Journ\u00e9e de la datavisualisation\"}]},{\"@type\":\"WebSite\",\"@id\":\"https:\\\/\\\/www.datagrandest.fr\\\/site\\\/#website\",\"url\":\"https:\\\/\\\/www.datagrandest.fr\\\/site\\\/\",\"name\":\"DataGrandEst\",\"description\":\"\",\"potentialAction\":[{\"@type\":\"SearchAction\",\"target\":{\"@type\":\"EntryPoint\",\"urlTemplate\":\"https:\\\/\\\/www.datagrandest.fr\\\/site\\\/?s={search_term_string}\"},\"query-input\":{\"@type\":\"PropertyValueSpecification\",\"valueRequired\":true,\"valueName\":\"search_term_string\"}}],\"inLanguage\":\"fr-FR\"}]}<\/script>\n<!-- \/ Yoast SEO plugin. -->","yoast_head_json":{"title":"Journ\u00e9e de la datavisualisation - DataGrandEst","robots":{"index":"index","follow":"follow","max-snippet":"max-snippet:-1","max-image-preview":"max-image-preview:large","max-video-preview":"max-video-preview:-1"},"canonical":"https:\/\/www.datagrandest.fr\/site\/evenement\/journee-de-la-datavisualisation\/","og_locale":"fr_FR","og_type":"article","og_title":"Journ\u00e9e de la datavisualisation - DataGrandEst","og_url":"https:\/\/www.datagrandest.fr\/site\/evenement\/journee-de-la-datavisualisation\/","og_site_name":"DataGrandEst","article_modified_time":"2026-03-30T08:19:08+00:00","twitter_card":"summary_large_image","twitter_misc":{"Dur\u00e9e de lecture estim\u00e9e":"3 minutes"},"schema":{"@context":"https:\/\/schema.org","@graph":[{"@type":"WebPage","@id":"https:\/\/www.datagrandest.fr\/site\/evenement\/journee-de-la-datavisualisation\/","url":"https:\/\/www.datagrandest.fr\/site\/evenement\/journee-de-la-datavisualisation\/","name":"Journ\u00e9e de la datavisualisation - DataGrandEst","isPartOf":{"@id":"https:\/\/www.datagrandest.fr\/site\/#website"},"datePublished":"2023-10-31T08:05:07+00:00","dateModified":"2026-03-30T08:19:08+00:00","breadcrumb":{"@id":"https:\/\/www.datagrandest.fr\/site\/evenement\/journee-de-la-datavisualisation\/#breadcrumb"},"inLanguage":"fr-FR","potentialAction":[{"@type":"ReadAction","target":["https:\/\/www.datagrandest.fr\/site\/evenement\/journee-de-la-datavisualisation\/"]}]},{"@type":"BreadcrumbList","@id":"https:\/\/www.datagrandest.fr\/site\/evenement\/journee-de-la-datavisualisation\/#breadcrumb","itemListElement":[{"@type":"ListItem","position":1,"name":"Accueil","item":"https:\/\/www.datagrandest.fr\/site\/"},{"@type":"ListItem","position":2,"name":"\u00c9v\u00e9nements","item":"https:\/\/www.datagrandest.fr\/site\/evenement\/"},{"@type":"ListItem","position":3,"name":"Journ\u00e9e de la datavisualisation"}]},{"@type":"WebSite","@id":"https:\/\/www.datagrandest.fr\/site\/#website","url":"https:\/\/www.datagrandest.fr\/site\/","name":"DataGrandEst","description":"","potentialAction":[{"@type":"SearchAction","target":{"@type":"EntryPoint","urlTemplate":"https:\/\/www.datagrandest.fr\/site\/?s={search_term_string}"},"query-input":{"@type":"PropertyValueSpecification","valueRequired":true,"valueName":"search_term_string"}}],"inLanguage":"fr-FR"}]}},"_links":{"self":[{"href":"https:\/\/www.datagrandest.fr\/site\/wp-json\/wp\/v2\/evenement\/1378","targetHints":{"allow":["GET"]}}],"collection":[{"href":"https:\/\/www.datagrandest.fr\/site\/wp-json\/wp\/v2\/evenement"}],"about":[{"href":"https:\/\/www.datagrandest.fr\/site\/wp-json\/wp\/v2\/types\/evenement"}],"version-history":[{"count":3,"href":"https:\/\/www.datagrandest.fr\/site\/wp-json\/wp\/v2\/evenement\/1378\/revisions"}],"predecessor-version":[{"id":5431,"href":"https:\/\/www.datagrandest.fr\/site\/wp-json\/wp\/v2\/evenement\/1378\/revisions\/5431"}],"wp:attachment":[{"href":"https:\/\/www.datagrandest.fr\/site\/wp-json\/wp\/v2\/media?parent=1378"}],"wp:term":[{"taxonomy":"periode","embeddable":true,"href":"https:\/\/www.datagrandest.fr\/site\/wp-json\/wp\/v2\/periode?post=1378"},{"taxonomy":"source","embeddable":true,"href":"https:\/\/www.datagrandest.fr\/site\/wp-json\/wp\/v2\/source?post=1378"},{"taxonomy":"thematique_globale","embeddable":true,"href":"https:\/\/www.datagrandest.fr\/site\/wp-json\/wp\/v2\/thematique_globale?post=1378"},{"taxonomy":"type_evenement","embeddable":true,"href":"https:\/\/www.datagrandest.fr\/site\/wp-json\/wp\/v2\/type_evenement?post=1378"}],"curies":[{"name":"wp","href":"https:\/\/api.w.org\/{rel}","templated":true}]}}