{"id":1394,"date":"2023-09-12T08:31:06","date_gmt":"2023-09-12T06:31:06","guid":{"rendered":"https:\/\/dev.datagrandest.fr\/site\/evenement\/webinaire-les-plateformes-open-data-locales\/"},"modified":"2026-03-30T10:24:43","modified_gmt":"2026-03-30T08:24:43","slug":"webinaire-les-plateformes-open-data-locales","status":"publish","type":"evenement","link":"https:\/\/www.datagrandest.fr\/site\/evenement\/webinaire-les-plateformes-open-data-locales\/","title":{"rendered":"Webinaire &#8211; Les plateformes open data locales"},"template":"","meta":{"_acf_changed":false,"_relevanssi_hide_post":"","_relevanssi_hide_content":"","_relevanssi_pin_for_all":"","_relevanssi_pin_keywords":"","_relevanssi_unpin_keywords":"","_relevanssi_related_keywords":"","_relevanssi_related_include_ids":"","_relevanssi_related_exclude_ids":"","_relevanssi_related_no_append":"","_relevanssi_related_not_related":"","_relevanssi_related_posts":"","_relevanssi_noindex_reason":""},"periode":[211],"source":[],"thematique_globale":[],"type_evenement":[145],"class_list":["post-1394","evenement","type-evenement","status-publish","hentry","periode-211","type_evenement-webinaire"],"acf":{"eve_description_courte":"","eve_description_longue":"<h2 class=\"rtecenter\">Open data : Pourquoi et comment les acteurs locaux ouvrent leurs donn\u00e9es ?<\/h2>\r\n<h3>Date<\/h3>\r\n<span style=\"font-size: 16px;\">Jeudi 5 octobre 2023<\/span>\r\n\r\n<span style=\"font-size: 16px;\">De 11h00 \u00e0 12h00<\/span>\r\n<h3>Lieu de l'\u00e9v\u00e8nement<\/h3>\r\n<span style=\"font-size: 16px;\">Cet \u00e9v\u00e9nement se pr\u00e9sentera sous forme de webinaire<\/span>\r\n<h3>Intervenants et sujets<\/h3>\r\nLa loi pour R\u00e9publique Num\u00e9rique du 7 octobre 2016 instaure le principe de l'open data par d\u00e9faut pour les donn\u00e9es publiques. Ainsi, l'ensemble des organismes, quel que soit leur statut, doit partager, dans un format facilement r\u00e9utilisable et dans le respect de la r\u00e9glementation (ex.: RGPD), les donn\u00e9es qu'ils produisent dans le cadre de leurs missions de service publique.\r\nCertaines structures, notamment des collectivit\u00e9s, ont donc fait le choix de mettre en place des catalogues de donn\u00e9es pour rendre accessibles \u00e0 tous ces informations (entreprises, citoyens, etc.).\r\nDerri\u00e8re cette multitude de plateformes se cache une richesse et un tr\u00e9sor, cependant, certains y voient aussi le signe d'une cacophonie suppl\u00e9mentaire dans le paysage de la data...\r\nComment s'y retrouver ? Quels avantages et quelles limites ? Quelle coordination et compl\u00e9mentarit\u00e9 entre plateformes ?\r\nAutant de questions auxquelles nous allons essayer de r\u00e9pondre \u00e0 travers quelques exemples d'open data local.\r\n<ul>\r\n \t<li><strong>Pr\u00e9sentation de la d\u00e9marche et de la plateforme open data de l'Eurom\u00e9tropole de Strasbourg<\/strong>\r\nLuc FROMM (Eurom\u00e9tropole de Strasbourg)<\/li>\r\n \t<li><strong>Pr\u00e9sentation de la d\u00e9marche et de la plateforme open data du d\u00e9partement de Meurthe et Moselle<\/strong>\r\nHerv\u00e9 VITOUX (Conseil d\u00e9partemental de Meurthe et Moselle)<\/li>\r\n \t<li><strong>Et DataGrandEst dans tout cela : comment peut-on vous aider \u00e0 ouvrir vos donn\u00e9es ?<\/strong>\r\nGuillaume RYCKELYNCK (R\u00e9gion Grand Est)<\/li>\r\n<\/ul>","eve_lieu":"","eve_date":"20231005","eve_date_fin":"20231005","eve_heure_de_debut":"11:00:00","eve_heure_de_fin":"12:00:00","eve_pour_aller_plus_loin":"La prise en compte et la protection de l\u2019environnement sont aujourd\u2019hui des \u00e9l\u00e9ments essentiels, notamment dans la mise en \u0153uvre des politiques publiques, dans les projets d\u2019am\u00e9nagement et d\u2019urbanisme, etc. Cependant, la recherche et l\u2019acc\u00e8s \u00e0 des donn\u00e9es de r\u00e9f\u00e9rence fiables en mati\u00e8re de nature et biodiversit\u00e9 restent encore peu connus.\r\n\r\nC\u2019est pourquoi, l\u2019Etat et la R\u00e9gion, dans le cadre de G\u00e9oGrandEst, ont organis\u00e9 le 7 septembre 2020, de 10h00 \u00e0 12h00, un webinaire consacr\u00e9 aux donn\u00e9es actuellement disponibles et accessibles en mati\u00e8re de nature et biodiversit\u00e9 : zones Natura 2000, ZNIEFF, R\u00e9serves Naturelles, SRADDET... ainsi qu\u2019aux d\u00e9marches en cours pour faciliter leur acc\u00e8s \u00e0 court et moyen termes.\r\n\r\n&nbsp;\r\n\r\nLes interventions :\r\n<ul>\r\n \t<li>Biodiversit\u00e9: quelles donn\u00e9es et quels acteurs ? - Manon ZEYER LINDEN (DREAL Grand Est)<\/li>\r\n \t<li>L\u2019acc\u00e8s aux donn\u00e9es nature - Eric TSCHUDY (DREAL Grand Est)<\/li>\r\n<\/ul>\r\nLa Trame Verte et Bleue: utilisation et production de donn\u00e9es\r\n<ul>\r\n \t<li>La Trame Verte et Bleue : le contexte national et local - Estelle PROANO (R\u00e9gion Grand Est)<\/li>\r\n \t<li>D\u00e9finition d\u2019une Trame Verte et Bleue locale - Pauline BARRIER (PETR du Pays de la D\u00e9odatie)<\/li>\r\n<\/ul>\r\nSINP et ORB: o\u00f9 en est on ?\r\n<ul>\r\n \t<li>Le Syst\u00e8me d\u2019Information sur la Nature et les Paysages - Manon ZEYER LINDEN (DREAL Grand Est)<\/li>\r\n \t<li>L\u2019Observatoire Grand Est de la Biodiversit\u00e9 - St\u00e9phanie KAEMPF (R\u00e9gion Grand Est)<\/li>\r\n<\/ul>\r\nEt G\u00e9oGrandEst dans tous \u00e7a ?\r\n<ul>\r\n \t<li>L\u2019Occupation du Sol Grand Est \u00e0 Grande Echelle (OCSGE2) - Amandine HAMM (R\u00e9gion Grand Est)<\/li>\r\n \t<li>Un plugin pour acc\u00e9der plus facilement aux donn\u00e9es - Antoine RICHARD (R\u00e9gion Grand Est)<\/li>\r\n<\/ul>\r\n<u>A noter\u00a0<\/u>: les pr\u00e9sentations ci-dessous sont diffus\u00e9es \u00e0 partir de la cha\u00eene\u00a0<strong>YouTube G\u00e9oGrandEst.<\/strong>\u00a0Si vous rencontrez des difficult\u00e9s pour les visionner, nous vous invitons \u00e0 utiliser les liens mentionn\u00e9s dans la rubrique \"<strong>Document\u00a0(lien)<\/strong>\"\r\n\r\n&nbsp;\r\n\r\nBiodiversit\u00e9: quelles donn\u00e9es et quels acteurs ? -\u00a0<strong>Manon ZEYER LINDEN (DREAL Grand Est)<\/strong>\r\n\r\n<a href=\"https:\/\/www.youtube.com\/embed\/pxDW86Ev9uI?rel=0\">Vid\u00e9o<\/a>\r\n\r\nL\u2019acc\u00e8s aux donn\u00e9es nature -\u00a0<strong>Eric TSCHUDY (DREAL Grand Est)<\/strong>\r\n\r\n<a href=\"https:\/\/www.youtube.com\/embed\/9pE-VP5nbog?rel=0\">Vid\u00e9o<\/a>\r\n\r\nLa Trame Verte et Bleue : le contexte national et local -\u00a0<strong>Estelle PROANO (R\u00e9gion Grand Est)<\/strong>\r\n\r\n<a href=\"https:\/\/www.youtube.com\/embed\/C4kstxdly-8?rel=0\">Vid\u00e9o<\/a>\r\n\r\nD\u00e9finition d\u2019une Trame Verte et Bleue locale -\u00a0<strong>Pauline BARRIER (PETR du Pays de la D\u00e9odatie)<\/strong>\r\n\r\n<a href=\"https:\/\/www.youtube.com\/embed\/R5B2dBJF2Mg?rel=0\">Vid\u00e9o<\/a>\r\n\r\nLe Syst\u00e8me d\u2019Information sur la Nature et les Paysages (SINP) -\u00a0<strong>Manon ZEYER LINDEN (DREAL Grand Est)<\/strong>\r\n\r\n<a href=\"https:\/\/www.youtube.com\/embed\/YONV_ksoIng?rel=0\">Vid\u00e9o<\/a>\r\n\r\nL\u2019Observatoire Grand Est de la Biodiversit\u00e9 (ORB) -\u00a0<strong>St\u00e9phanie KAEMPF (R\u00e9gion Grand Est)<\/strong>\r\n\r\n<a href=\"https:\/\/www.youtube.com\/embed\/nlzCBddgsco?rel=0\">Vid\u00e9o<\/a>\r\n\r\nL\u2019Occupation du Sol Grand Est \u00e0 Grande Echelle (OCSGE2) -\u00a0<strong>Amandine HAMM (R\u00e9gion Grand Est)<\/strong>\r\n\r\n<a href=\"https:\/\/www.youtube.com\/embed\/ypH1uyP3a7s?rel=0\">Vid\u00e9o<\/a>\r\n\r\nUn plugin G\u00e9oGrandEst pour QGIS pour acc\u00e9der plus facilement aux donn\u00e9es -\u00a0<strong>Antoine RICHARD (R\u00e9gion Grand Est)<\/strong>\r\n\r\n<a href=\"https:\/\/www.youtube.com\/embed\/3SvuOI7H0jA?rel=0\">Vid\u00e9o<\/a>\r\n<div class=\"field field-name-field-version field-type-text field-label-inline clearfix\">\r\n<div class=\"field-label\">Version finale : (07\/09\/2020)<\/div>\r\n<\/div>\r\n<div class=\"field field-name-field-type-doc field-type-text field-label-inline clearfix\">\r\n<div class=\"field-label\">Format : PDF, MP4<\/div>\r\n<\/div>\r\n<div class=\"field field-name-field-url-doc field-type-link-field field-label-inline clearfix\">\r\n<div class=\"field-label\">Document (lien):<\/div>\r\n<div class=\"field-items\">\r\n<div class=\"field-item even\"><a href=\"https:\/\/www.datagrandest.fr\/public\/webinar\/webinar2\/GGE_Webinar2_1_DonneesNatureBiodiversite_DREAL_Manon-ZeyerLinden.mp4\" target=\"_blank\" rel=\"noopener\">Vid\u00e9o 1 Biodiversit\u00e9: quelles donn\u00e9es et quels acteurs ? (Manon ZEYER LINDEN - DREAL Grand Est)<\/a><\/div>\r\n<div class=\"field-item odd\"><a href=\"https:\/\/www.datagrandest.fr\/public\/webinar\/webinar2\/GGE_Webinar2_2_AccesDonnesNature_DREAL_EricTschudy.mp4\" target=\"_blank\" rel=\"noopener\">Vid\u00e9o 2 L\u2019acc\u00e8s aux donn\u00e9es nature (Eric TSCHUDY - DREAL Grand Est)<\/a><\/div>\r\n<div class=\"field-item even\"><a href=\"https:\/\/www.datagrandest.fr\/public\/webinar\/webinar2\/GGE_Webinar2_3.1_PolitiqueTVB_Region_EstelleProano.mp4\" target=\"_blank\" rel=\"noopener\">Vid\u00e9o 3.1 La Trame Verte et Bleue: Le contexte national et local (Estelle PROANO - R\u00e9gion Grand Est)<\/a><\/div>\r\n<div class=\"field-item odd\"><a href=\"https:\/\/www.datagrandest.fr\/public\/webinar\/webinar2\/GGE_Webinar2_3.2_TVB_PETR-Deodatie_PaulineBarrier.mp4\" target=\"_blank\" rel=\"noopener\">Vid\u00e9o 3.2 La Trame Verte et Bleue: D\u00e9finition d'une Trame Verte et Bleue locale (Pauline BARRIER - PETR du Pays de la D\u00e9odatie)<\/a><\/div>\r\n<div class=\"field-item even\"><a title=\"Vid\u00e9o 4.1 &quot;Le Syst\u00e8me d\u2019Information sur la Nature et les Paysages (Manon ZEYER LINDEN - DREAL Grand Est)\" href=\"https:\/\/www.datagrandest.fr\/public\/webinar\/webinar2\/GGE_Webinar2_4.1_SINP_DREAL_Manon-ZeyerLinden.mp4\" target=\"_blank\" rel=\"noopener\">Vid\u00e9o 4.1 Le Syst\u00e8me d\u2019Information sur la Nature et les Paysages (Manon ZEYER LINDEN - DREAL Grand Est)<\/a><\/div>\r\n<div class=\"field-item odd\"><a href=\"https:\/\/www.datagrandest.fr\/public\/webinar\/webinar2\/GGE_Webinar2_4.2_ORB_Region_StephanieKaempf.mp4\" target=\"_blank\" rel=\"noopener\">Vid\u00e9o 4.2 L\u2019Observatoire Grand Est de la Biodiversit\u00e9 (St\u00e9phanie KAEMPF - R\u00e9gion Grand Est)<\/a><\/div>\r\n<div class=\"field-item even\"><a href=\"https:\/\/www.datagrandest.fr\/public\/webinar\/webinar2\/GGE_Webinar2_5.1_OCSGE2_Region_AmandineHamm.mp4\" target=\"_blank\" rel=\"noopener\">Vid\u00e9o 5.1 L'Occupation du sol Grand Est \u00e0 Grande Echelle - OCSGE2 (Amandine HAMM - R\u00e9gion Grand Est)<\/a><\/div>\r\n<div class=\"field-item odd\"><a href=\"https:\/\/www.datagrandest.fr\/public\/webinar\/webinar2\/GGE_Webinar2_5.2_PluginQGIS_Region_AntoineRichard.mp4\" target=\"_blank\" rel=\"noopener\">Vid\u00e9o 5.2 Un plugin pour acc\u00e9der plus facilement aux donn\u00e9es (Antoine RICHARD - R\u00e9gion Grand Est)<\/a><\/div>\r\n<\/div>\r\n<\/div>\r\n<div class=\"field field-name-field-type-ressources field-type-taxonomy-term-reference field-label-inline clearfix\">\r\n<div class=\"field-label\">Type de ressources : Animation<\/div>\r\n<\/div>","eve_animation":true,"glo_image":1291,"glo_intro":"","glo_car_surcharge_titre":"","glo_car_surcharge_lien":""},"yoast_head":"<!-- This site is optimized with the Yoast SEO plugin v27.4 - https:\/\/yoast.com\/product\/yoast-seo-wordpress\/ -->\n<title>Webinaire - Les plateformes open data locales - DataGrandEst<\/title>\n<meta name=\"robots\" content=\"index, follow, max-snippet:-1, max-image-preview:large, max-video-preview:-1\" \/>\n<link rel=\"canonical\" href=\"https:\/\/www.datagrandest.fr\/site\/evenement\/webinaire-les-plateformes-open-data-locales\/\" \/>\n<meta property=\"og:locale\" content=\"fr_FR\" \/>\n<meta property=\"og:type\" content=\"article\" \/>\n<meta property=\"og:title\" content=\"Webinaire - Les plateformes open data locales - DataGrandEst\" \/>\n<meta property=\"og:url\" content=\"https:\/\/www.datagrandest.fr\/site\/evenement\/webinaire-les-plateformes-open-data-locales\/\" \/>\n<meta property=\"og:site_name\" content=\"DataGrandEst\" \/>\n<meta property=\"article:modified_time\" content=\"2026-03-30T08:24:43+00:00\" \/>\n<meta name=\"twitter:card\" content=\"summary_large_image\" \/>\n<meta name=\"twitter:label1\" content=\"Dur\u00e9e de lecture estim\u00e9e\" \/>\n\t<meta name=\"twitter:data1\" content=\"5 minutes\" \/>\n<script type=\"application\/ld+json\" class=\"yoast-schema-graph\">{\"@context\":\"https:\\\/\\\/schema.org\",\"@graph\":[{\"@type\":\"WebPage\",\"@id\":\"https:\\\/\\\/www.datagrandest.fr\\\/site\\\/evenement\\\/webinaire-les-plateformes-open-data-locales\\\/\",\"url\":\"https:\\\/\\\/www.datagrandest.fr\\\/site\\\/evenement\\\/webinaire-les-plateformes-open-data-locales\\\/\",\"name\":\"Webinaire - Les plateformes open data locales - DataGrandEst\",\"isPartOf\":{\"@id\":\"https:\\\/\\\/www.datagrandest.fr\\\/site\\\/#website\"},\"datePublished\":\"2023-09-12T06:31:06+00:00\",\"dateModified\":\"2026-03-30T08:24:43+00:00\",\"breadcrumb\":{\"@id\":\"https:\\\/\\\/www.datagrandest.fr\\\/site\\\/evenement\\\/webinaire-les-plateformes-open-data-locales\\\/#breadcrumb\"},\"inLanguage\":\"fr-FR\",\"potentialAction\":[{\"@type\":\"ReadAction\",\"target\":[\"https:\\\/\\\/www.datagrandest.fr\\\/site\\\/evenement\\\/webinaire-les-plateformes-open-data-locales\\\/\"]}]},{\"@type\":\"BreadcrumbList\",\"@id\":\"https:\\\/\\\/www.datagrandest.fr\\\/site\\\/evenement\\\/webinaire-les-plateformes-open-data-locales\\\/#breadcrumb\",\"itemListElement\":[{\"@type\":\"ListItem\",\"position\":1,\"name\":\"Accueil\",\"item\":\"https:\\\/\\\/www.datagrandest.fr\\\/site\\\/\"},{\"@type\":\"ListItem\",\"position\":2,\"name\":\"\u00c9v\u00e9nements\",\"item\":\"https:\\\/\\\/www.datagrandest.fr\\\/site\\\/evenement\\\/\"},{\"@type\":\"ListItem\",\"position\":3,\"name\":\"Webinaire &#8211; Les plateformes open data locales\"}]},{\"@type\":\"WebSite\",\"@id\":\"https:\\\/\\\/www.datagrandest.fr\\\/site\\\/#website\",\"url\":\"https:\\\/\\\/www.datagrandest.fr\\\/site\\\/\",\"name\":\"DataGrandEst\",\"description\":\"\",\"potentialAction\":[{\"@type\":\"SearchAction\",\"target\":{\"@type\":\"EntryPoint\",\"urlTemplate\":\"https:\\\/\\\/www.datagrandest.fr\\\/site\\\/?s={search_term_string}\"},\"query-input\":{\"@type\":\"PropertyValueSpecification\",\"valueRequired\":true,\"valueName\":\"search_term_string\"}}],\"inLanguage\":\"fr-FR\"}]}<\/script>\n<!-- \/ Yoast SEO plugin. -->","yoast_head_json":{"title":"Webinaire - Les plateformes open data locales - DataGrandEst","robots":{"index":"index","follow":"follow","max-snippet":"max-snippet:-1","max-image-preview":"max-image-preview:large","max-video-preview":"max-video-preview:-1"},"canonical":"https:\/\/www.datagrandest.fr\/site\/evenement\/webinaire-les-plateformes-open-data-locales\/","og_locale":"fr_FR","og_type":"article","og_title":"Webinaire - Les plateformes open data locales - DataGrandEst","og_url":"https:\/\/www.datagrandest.fr\/site\/evenement\/webinaire-les-plateformes-open-data-locales\/","og_site_name":"DataGrandEst","article_modified_time":"2026-03-30T08:24:43+00:00","twitter_card":"summary_large_image","twitter_misc":{"Dur\u00e9e de lecture estim\u00e9e":"5 minutes"},"schema":{"@context":"https:\/\/schema.org","@graph":[{"@type":"WebPage","@id":"https:\/\/www.datagrandest.fr\/site\/evenement\/webinaire-les-plateformes-open-data-locales\/","url":"https:\/\/www.datagrandest.fr\/site\/evenement\/webinaire-les-plateformes-open-data-locales\/","name":"Webinaire - Les plateformes open data locales - DataGrandEst","isPartOf":{"@id":"https:\/\/www.datagrandest.fr\/site\/#website"},"datePublished":"2023-09-12T06:31:06+00:00","dateModified":"2026-03-30T08:24:43+00:00","breadcrumb":{"@id":"https:\/\/www.datagrandest.fr\/site\/evenement\/webinaire-les-plateformes-open-data-locales\/#breadcrumb"},"inLanguage":"fr-FR","potentialAction":[{"@type":"ReadAction","target":["https:\/\/www.datagrandest.fr\/site\/evenement\/webinaire-les-plateformes-open-data-locales\/"]}]},{"@type":"BreadcrumbList","@id":"https:\/\/www.datagrandest.fr\/site\/evenement\/webinaire-les-plateformes-open-data-locales\/#breadcrumb","itemListElement":[{"@type":"ListItem","position":1,"name":"Accueil","item":"https:\/\/www.datagrandest.fr\/site\/"},{"@type":"ListItem","position":2,"name":"\u00c9v\u00e9nements","item":"https:\/\/www.datagrandest.fr\/site\/evenement\/"},{"@type":"ListItem","position":3,"name":"Webinaire &#8211; Les plateformes open data locales"}]},{"@type":"WebSite","@id":"https:\/\/www.datagrandest.fr\/site\/#website","url":"https:\/\/www.datagrandest.fr\/site\/","name":"DataGrandEst","description":"","potentialAction":[{"@type":"SearchAction","target":{"@type":"EntryPoint","urlTemplate":"https:\/\/www.datagrandest.fr\/site\/?s={search_term_string}"},"query-input":{"@type":"PropertyValueSpecification","valueRequired":true,"valueName":"search_term_string"}}],"inLanguage":"fr-FR"}]}},"_links":{"self":[{"href":"https:\/\/www.datagrandest.fr\/site\/wp-json\/wp\/v2\/evenement\/1394","targetHints":{"allow":["GET"]}}],"collection":[{"href":"https:\/\/www.datagrandest.fr\/site\/wp-json\/wp\/v2\/evenement"}],"about":[{"href":"https:\/\/www.datagrandest.fr\/site\/wp-json\/wp\/v2\/types\/evenement"}],"version-history":[{"count":4,"href":"https:\/\/www.datagrandest.fr\/site\/wp-json\/wp\/v2\/evenement\/1394\/revisions"}],"predecessor-version":[{"id":4003,"href":"https:\/\/www.datagrandest.fr\/site\/wp-json\/wp\/v2\/evenement\/1394\/revisions\/4003"}],"wp:attachment":[{"href":"https:\/\/www.datagrandest.fr\/site\/wp-json\/wp\/v2\/media?parent=1394"}],"wp:term":[{"taxonomy":"periode","embeddable":true,"href":"https:\/\/www.datagrandest.fr\/site\/wp-json\/wp\/v2\/periode?post=1394"},{"taxonomy":"source","embeddable":true,"href":"https:\/\/www.datagrandest.fr\/site\/wp-json\/wp\/v2\/source?post=1394"},{"taxonomy":"thematique_globale","embeddable":true,"href":"https:\/\/www.datagrandest.fr\/site\/wp-json\/wp\/v2\/thematique_globale?post=1394"},{"taxonomy":"type_evenement","embeddable":true,"href":"https:\/\/www.datagrandest.fr\/site\/wp-json\/wp\/v2\/type_evenement?post=1394"}],"curies":[{"name":"wp","href":"https:\/\/api.w.org\/{rel}","templated":true}]}}