{"id":1401,"date":"2023-07-19T09:08:59","date_gmt":"2023-07-19T07:08:59","guid":{"rendered":"https:\/\/dev.datagrandest.fr\/site\/evenement\/journee-de-la-donnee-en-meurthe-et-moselle\/"},"modified":"2026-03-30T10:28:00","modified_gmt":"2026-03-30T08:28:00","slug":"journee-de-la-donnee-en-meurthe-et-moselle","status":"publish","type":"evenement","link":"https:\/\/www.datagrandest.fr\/site\/evenement\/journee-de-la-donnee-en-meurthe-et-moselle\/","title":{"rendered":"Journ\u00e9e de la donn\u00e9e en Meurthe et Moselle"},"template":"","meta":{"_acf_changed":false,"_relevanssi_hide_post":"","_relevanssi_hide_content":"","_relevanssi_pin_for_all":"","_relevanssi_pin_keywords":"","_relevanssi_unpin_keywords":"","_relevanssi_related_keywords":"","_relevanssi_related_include_ids":"","_relevanssi_related_exclude_ids":"","_relevanssi_related_no_append":"","_relevanssi_related_not_related":"","_relevanssi_related_posts":"","_relevanssi_noindex_reason":""},"periode":[211],"source":[],"thematique_globale":[],"type_evenement":[146],"class_list":["post-1401","evenement","type-evenement","status-publish","hentry","periode-211","type_evenement-journee-thematique"],"acf":{"eve_description_courte":"","eve_description_longue":"<h1 class=\"rtecenter\">Journ\u00e9e de la donn\u00e9e en Meurthe et Moselle<\/h1>\r\n<p class=\"rtecenter\"><span style=\"font-size: 16px;\">\u00c0 la d\u00e9couverte des donn\u00e9es mobilisables pour la connaissance du territoire et l\u2019aide \u00e0 la d\u00e9cision<\/span><\/p>\r\n<p class=\"rtecenter\"><strong>____________________<\/strong><\/p>\r\n\r\n<h4 class=\"rtecenter\">Mardi 17 octobre 2023\u00a0 |\u00a0 De 09h00 \u00e0 16h00<\/h4>\r\n<h5 class=\"rtecenter\">Conseil d\u00e9partemental de la Meurthe et Moselle |\u00a0 48, Esplanade Jacques Baudot\u00a0 | 54000 Nancy<\/h5>\r\nUrbanisme, am\u00e9nagement, transition \u00e9cologique\u2026 Les donn\u00e9es sont d\u00e9sormais essentielles \u00e0 la bonne conduite des politiques publiques. Toutefois connaissez-vous les donn\u00e9es disponibles sur le territoire de Meurthe et Moselle et savez-vous les mobiliser ? \u00c0 travers diff\u00e9rents retours d\u2019exp\u00e9riences, d\u00e9monstrations, discussions\u2026 venez d\u00e9couvrir tout le potentiel des donn\u00e9es d\u00e9j\u00e0 disponibles et participer \u00e0 la communaut\u00e9 des acteurs \u00ab data \u00bb pour enrichir votre palette d\u2019outils, vos savoir-faire au service de votre territoire. Que vous soyez \u00e9lu, chef de service, technicien, charg\u00e9 de mission, data scientist, g\u00e9omaticien ou simple utilisateur\u2026 cette journ\u00e9e est pour vous !\r\n<div class=\"panel panel-warning\">\r\n<div class=\"panel-heading\">\r\n<h4>Programme<\/h4>\r\n<\/div>\r\n<\/div>\r\n<strong>09h00<\/strong>\u00a0 |\u00a0\u00a0<strong>Accueil des participants<\/strong>\r\n\r\n<strong>09h30<\/strong>\u00a0 |\u00a0\u00a0<strong>Lancement de la journ\u00e9e : Mot de bienvenue<\/strong>\r\n<ul>\r\n \t<li>Audrey Bardot, Vice-Pr\u00e9sidente du conseil d\u00e9partemental, d\u00e9l\u00e9gu\u00e9e aux infrastructures et aux mobilit\u00e9s<\/li>\r\n \t<li>Emmanuel Tirtaine, Directeur d\u00e9partemental des territoires<\/li>\r\n<\/ul>\r\n<strong>09h50<\/strong>\u00a0 |\u00a0\u00a0<strong>Panorama des donn\u00e9es ouvertes et utiles pour les territoires<\/strong>\r\n<ul>\r\n \t<li><em>\u00c0 la d\u00e9couverte de quelques portails, tr\u00e8s utiles pour r\u00e9aliser des portraits de territoires <\/em>\r\nXavier MARLY - Direction D\u00e9partementale des Territoires (DDT 54)<\/li>\r\n<\/ul>\r\n<ul>\r\n \t<li><em>Le territoire en photos et en 3D : une mine d\u2019informations<\/em>\r\nChristophe SCHILTZ - Europe vue du Ciel\r\nClaire BARDOT - Grand Nancy<\/li>\r\n \t<li><em>Inconnu \u00e0 cette adresse ? Plus pour longtemps gr\u00e2ce aux bases adresses nationale et locales<\/em>\r\nJules SAUR - Beta.gouv<\/li>\r\n<\/ul>\r\n<strong>11h00<\/strong>\u00a0 |\u00a0 <b>Pause caf\u00e9<\/b>\r\n\r\n<strong>11h20<\/strong>\u00a0 |\u00a0 <b>De la connaissance \u00e0 l\u2019action : aller plus loin gr\u00e2ce aux donn\u00e9es<\/b>\r\n<ul>\r\n \t<li><em>Changement climatique : Quand les donn\u00e9es permettent de comprendre la maladie du Fr\u00eane li\u00e9e aux fortes temp\u00e9ratures<\/em>\r\nCoralie FRITSCH -\u00a0INRIA<\/li>\r\n<\/ul>\r\n<ul>\r\n \t<li><em>Le syst\u00e8me d\u2019information g\u00e9ographique au service du patrimoine d\u00e9partemental avec l\u2019aide de tous, l\u2019exemple de l\u2019eau<\/em>\r\nChlo\u00e9e PATA et Herv\u00e9 VITOUX - Conseil d\u00e9partemental de Meurthe et Moselle (CD54)<\/li>\r\n \t<li><em>A la d\u00e9couverte du PASST : le portail sur l\u2019Acc\u00e8s aux Soins et \u00e0 la Sant\u00e9 dans les Territoires<\/em>\r\nMamadou KEITA - SCALEN et Julien SCHMITZ - AGAPE<\/li>\r\n<\/ul>\r\n<strong>12h20<\/strong>\u00a0 |\u00a0\u00a0<strong>DataGrandEst, votre partenaire donn\u00e9es<\/strong>\r\n\r\nDynamique mise en \u0153uvre par l\u2019\u00c9tat et la R\u00e9gion Grand Est pour d\u00e9velopper la coop\u00e9ration r\u00e9gionale en mati\u00e8re de production, de partage et de valorisation de donn\u00e9es.\r\nDataGrandEst est \u00e0 votre service : quels sont ses principes de fonctionnement et que peut vous apporter cette dynamique ? R\u00e9ponses pratiques.\r\n<ul>\r\n \t<li>Pr\u00e9sent\u00e9 par :\u00a0Guillaume RYCKELYNCK \u2013 R\u00e9gion Grand Est et Eric TSCHUDY - DREAL<\/li>\r\n<\/ul>\r\n<strong>12h30<\/strong>\u00a0 |\u00a0 <strong>Animation, d\u00e9jeuner et r\u00e9seautage<\/strong>\r\n\r\n<strong>14h15\u00a0<\/strong> |\u00a0 <strong>2 ateliers en parrall\u00e8le\u00a0<\/strong>\r\n<ul>\r\n \t<li><em>Atelier 1 : Comment monter et animer un observatoire ?<\/em>\r\nAtelier anim\u00e9 par : Caroline PRIOU et Benjamin FRANCHOT - Conseil d\u00e9partemental de Meurthe et Moselle (CD54)\r\nAvec : Julien SCHMITZ - AGAPE\r\nMamadou KEITA - SCALEN\r\nS\u00e9bastien GUEUGNEAU et Eric SABOT - OFB<\/li>\r\n \t<li><em>Atelier 2 : Occupation du sol : un r\u00e9f\u00e9rentiel de donn\u00e9es unique et des indicateurs au service des grands enjeux de la ma\u00eetrise fonci\u00e8re<\/em>\r\nAtelier anim\u00e9 par : Isabelle DIDIERJEAN - R\u00e9gion Grand Est\r\nAvec : Guillaume RYCKELYNCK et Marie Christine SCHOTT \u2013 R\u00e9gion Grand Est<\/li>\r\n<\/ul>\r\n<strong>15h30<\/strong>\u00a0 |\u00a0\u00a0<strong>Rapports des ateliers et conclusion<\/strong>\r\n\r\n&nbsp;","eve_lieu":"","eve_date":"20231017","eve_date_fin":"20231017","eve_heure_de_debut":"09:00:00","eve_heure_de_fin":"09:00:00","eve_pour_aller_plus_loin":"<h1>Les interventions<\/h1>\r\n<strong>Panorama des donn\u00e9es ouvertes et utiles pour les territoires<\/strong>\r\n<ul>\r\n \t<li><em>\u00c0 la d\u00e9couverte de quelques portails, tr\u00e8s utiles pour r\u00e9aliser des portraits de territoires<\/em>\r\nXavier MARLY - Direction D\u00e9partementale des Territoires (DDT 54)\r\n-&gt;\u00a0<a href=\"\/site\/portail\/sites\/default\/files\/jd54_xmarly.pdf\">Lire la pr\u00e9sentation<\/a><\/li>\r\n<\/ul>\r\n<ul>\r\n \t<li><em>Le territoire en photos et en 3D : une mine d\u2019informations<\/em>\r\nChristophe SCHILTZ - Europe vue du Ciel\r\nClaire BARDOT - Grand Nancy\r\n-&gt;\u00a0<a href=\"\/site\/portail\/sites\/default\/files\/dge-54-evdc.pdf\">Lire la pr\u00e9sentation d'Europe vue du ciel<\/a>\r\n-&gt;\u00a0<a href=\"\/site\/portail\/sites\/default\/files\/dge-54-vues-immersives.pdf\">Lire la pr\u00e9sentation de Grand Nancy<\/a><\/li>\r\n<\/ul>\r\n<ul>\r\n \t<li><em>Inconnu \u00e0 cette adresse ? Plus pour longtemps gr\u00e2ce aux bases adresses nationale et locales<\/em>\r\nJules SAUR - Beta.gouv\r\n-&gt;\u00a0<a href=\"\/site\/portail\/sites\/default\/files\/dge54-ban-saur.pdf\">Lire la pr\u00e9sentation<\/a><\/li>\r\n<\/ul>\r\n&nbsp;\r\n\r\n<strong>De la connaissance \u00e0 l\u2019action : aller plus loin gr\u00e2ce aux donn\u00e9es<\/strong>\r\n<ul>\r\n \t<li><em>Changement climatique : Quand les donn\u00e9es permettent de comprendre la maladie du Fr\u00eane li\u00e9e aux fortes temp\u00e9ratures<\/em>\r\nCoralie FRITSCH -\u00a0INRIA\r\n-&gt;\u00a0<a href=\"\/site\/portail\/sites\/default\/files\/dge-54-chalarose.pdf\">Lire la pr\u00e9sentation<\/a><\/li>\r\n<\/ul>\r\n<ul>\r\n \t<li><em>Le syst\u00e8me d\u2019information g\u00e9ographique au service du patrimoine d\u00e9partemental avec l\u2019aide de tous, l\u2019exemple de l\u2019eau<\/em>\r\nChlo\u00e9e PATA et Herv\u00e9 VITOUX - Conseil d\u00e9partemental de Meurthe et Moselle (CD54)\r\n-&gt;\u00a0<a href=\"\/site\/portail\/sites\/default\/files\/dge54-pata-vitoux.pdf\">Lire la pr\u00e9sentation<\/a><\/li>\r\n<\/ul>\r\n<ul>\r\n \t<li><em>A la d\u00e9couverte du PASST : le portail sur l\u2019Acc\u00e8s aux Soins et \u00e0 la Sant\u00e9 dans les Territoires<\/em>\r\nMamadou KEITA - SCALEN et Julien SCHMITZ - AGAPE\r\n-&gt;\u00a0<a href=\"\/site\/portail\/sites\/default\/files\/dge_54_scalen_passt_17_10_2023_passt_emeuse.pdf\">Lire la pr\u00e9sentation<\/a><\/li>\r\n<\/ul>\r\n&nbsp;\r\n\r\n<strong>DataGrandEst, votre partenaire donn\u00e9es<\/strong>\r\n\r\nDynamique mise en \u0153uvre par l\u2019\u00c9tat et la R\u00e9gion Grand Est pour d\u00e9velopper la coop\u00e9ration r\u00e9gionale en mati\u00e8re de production, de partage et de valorisation de donn\u00e9es.\r\nDataGrandEst est \u00e0 votre service : quels sont ses principes de fonctionnement et que peut vous apporter cette dynamique ? R\u00e9ponses pratiques.\r\nPr\u00e9sent\u00e9 par :\u00a0Guillaume RYCKELYNCK \u2013 R\u00e9gion Grand Est et Eric TSCHUDY - DREAL\r\n-&gt;\u00a0<a href=\"\/site\/portail\/sites\/default\/files\/dge-54-datagrandest.pdf\">Lire la pr\u00e9sentation<\/a>\r\n\r\n<strong>\u00a0<\/strong>\r\n\r\n<strong>Animation et r\u00e9seautage<\/strong>\r\n\r\nQuestion de l'animation : Selon vous, et compte tenu des freins que vous rencontrez au quotidien, quels sont les 3 principaux enjeux en mati\u00e8re de donn\u00e9es au service des politiques publiques dans les prochaines ann\u00e9es en Meurthe et Moselle ?\r\n-&gt;\u00a0<a href=\"\/site\/portail\/sites\/default\/files\/dge-54-cr-animation-dejeuner.pdf\">Lire la synth\u00e8se des r\u00e9ponses<\/a>\r\n\r\n<strong>\u00a0<\/strong>\r\n\r\n<strong>Ateliers en parall\u00e8le\u00a0<\/strong>\r\n<ul>\r\n \t<li><em>Atelier 1 : Comment monter et animer un observatoire ?<\/em>\r\nAtelier anim\u00e9 par : Caroline PRIOU et Benjamin FRANCHOT - Conseil d\u00e9partemental de Meurthe et Moselle (CD54)\r\nAvec : Julien SCHMITZ - AGAPE\r\nMamadou KEITA - SCALEN\r\nS\u00e9bastien GUEUGNEAU et Eric SABOT - OFB\r\n-&gt;\u00a0<a href=\"\/site\/portail\/sites\/default\/files\/dge-54-pm-obs-biodiv-agences-urba.pdf\">L'observatoire comme collectif de travail<\/a>\r\n-&gt;\u00a0<a href=\"\/site\/portail\/sites\/default\/files\/ppt_cd54.pdf\">Le r\u00f4le des observatoires au D\u00e9partement<\/a>\r\n-&gt;\u00a0<a href=\"\/site\/portail\/sites\/default\/files\/ofb_-_presentation_onde_-_journee_de_la_donnee.pdf\">L\u2019observatoire national des \u00e9tiages<\/a><\/li>\r\n<\/ul>\r\n<ul>\r\n \t<li><em>Atelier 2 : Occupation du sol : un r\u00e9f\u00e9rentiel de donn\u00e9es unique et des indicateurs au service des grands enjeux de la ma\u00eetrise fonci\u00e8re<\/em>\r\nAtelier anim\u00e9 par : Isabelle DIDIERJEAN - R\u00e9gion Grand Est\r\nAvec : Guillaume RYCKELYNCK et Marie Christine SCHOTT \u2013 R\u00e9gion Grand Est\r\n-&gt;\u00a0<a href=\"\/site\/portail\/sites\/default\/files\/dge_journee_meurtemoselle_54_20231017_ocs_intro.pdf\">Lire la pr\u00e9sentation<\/a><\/li>\r\n<\/ul>","eve_animation":true,"glo_image":922,"glo_intro":"","glo_car_surcharge_titre":"","glo_car_surcharge_lien":""},"yoast_head":"<!-- This site is optimized with the Yoast SEO plugin v27.4 - https:\/\/yoast.com\/product\/yoast-seo-wordpress\/ -->\n<title>Journ\u00e9e de la donn\u00e9e en Meurthe et Moselle - DataGrandEst<\/title>\n<meta name=\"robots\" content=\"index, follow, max-snippet:-1, max-image-preview:large, max-video-preview:-1\" \/>\n<link rel=\"canonical\" href=\"https:\/\/www.datagrandest.fr\/site\/evenement\/journee-de-la-donnee-en-meurthe-et-moselle\/\" \/>\n<meta property=\"og:locale\" content=\"fr_FR\" \/>\n<meta property=\"og:type\" content=\"article\" \/>\n<meta property=\"og:title\" content=\"Journ\u00e9e de la donn\u00e9e en Meurthe et Moselle - DataGrandEst\" \/>\n<meta property=\"og:url\" content=\"https:\/\/www.datagrandest.fr\/site\/evenement\/journee-de-la-donnee-en-meurthe-et-moselle\/\" \/>\n<meta property=\"og:site_name\" content=\"DataGrandEst\" \/>\n<meta property=\"article:modified_time\" content=\"2026-03-30T08:28:00+00:00\" \/>\n<meta name=\"twitter:card\" content=\"summary_large_image\" \/>\n<meta name=\"twitter:label1\" content=\"Dur\u00e9e de lecture estim\u00e9e\" \/>\n\t<meta name=\"twitter:data1\" content=\"5 minutes\" \/>\n<script type=\"application\/ld+json\" class=\"yoast-schema-graph\">{\"@context\":\"https:\\\/\\\/schema.org\",\"@graph\":[{\"@type\":\"WebPage\",\"@id\":\"https:\\\/\\\/www.datagrandest.fr\\\/site\\\/evenement\\\/journee-de-la-donnee-en-meurthe-et-moselle\\\/\",\"url\":\"https:\\\/\\\/www.datagrandest.fr\\\/site\\\/evenement\\\/journee-de-la-donnee-en-meurthe-et-moselle\\\/\",\"name\":\"Journ\u00e9e de la donn\u00e9e en Meurthe et Moselle - DataGrandEst\",\"isPartOf\":{\"@id\":\"https:\\\/\\\/www.datagrandest.fr\\\/site\\\/#website\"},\"datePublished\":\"2023-07-19T07:08:59+00:00\",\"dateModified\":\"2026-03-30T08:28:00+00:00\",\"breadcrumb\":{\"@id\":\"https:\\\/\\\/www.datagrandest.fr\\\/site\\\/evenement\\\/journee-de-la-donnee-en-meurthe-et-moselle\\\/#breadcrumb\"},\"inLanguage\":\"fr-FR\",\"potentialAction\":[{\"@type\":\"ReadAction\",\"target\":[\"https:\\\/\\\/www.datagrandest.fr\\\/site\\\/evenement\\\/journee-de-la-donnee-en-meurthe-et-moselle\\\/\"]}]},{\"@type\":\"BreadcrumbList\",\"@id\":\"https:\\\/\\\/www.datagrandest.fr\\\/site\\\/evenement\\\/journee-de-la-donnee-en-meurthe-et-moselle\\\/#breadcrumb\",\"itemListElement\":[{\"@type\":\"ListItem\",\"position\":1,\"name\":\"Accueil\",\"item\":\"https:\\\/\\\/www.datagrandest.fr\\\/site\\\/\"},{\"@type\":\"ListItem\",\"position\":2,\"name\":\"\u00c9v\u00e9nements\",\"item\":\"https:\\\/\\\/www.datagrandest.fr\\\/site\\\/evenement\\\/\"},{\"@type\":\"ListItem\",\"position\":3,\"name\":\"Journ\u00e9e de la donn\u00e9e en Meurthe et Moselle\"}]},{\"@type\":\"WebSite\",\"@id\":\"https:\\\/\\\/www.datagrandest.fr\\\/site\\\/#website\",\"url\":\"https:\\\/\\\/www.datagrandest.fr\\\/site\\\/\",\"name\":\"DataGrandEst\",\"description\":\"\",\"potentialAction\":[{\"@type\":\"SearchAction\",\"target\":{\"@type\":\"EntryPoint\",\"urlTemplate\":\"https:\\\/\\\/www.datagrandest.fr\\\/site\\\/?s={search_term_string}\"},\"query-input\":{\"@type\":\"PropertyValueSpecification\",\"valueRequired\":true,\"valueName\":\"search_term_string\"}}],\"inLanguage\":\"fr-FR\"}]}<\/script>\n<!-- \/ Yoast SEO plugin. -->","yoast_head_json":{"title":"Journ\u00e9e de la donn\u00e9e en Meurthe et Moselle - DataGrandEst","robots":{"index":"index","follow":"follow","max-snippet":"max-snippet:-1","max-image-preview":"max-image-preview:large","max-video-preview":"max-video-preview:-1"},"canonical":"https:\/\/www.datagrandest.fr\/site\/evenement\/journee-de-la-donnee-en-meurthe-et-moselle\/","og_locale":"fr_FR","og_type":"article","og_title":"Journ\u00e9e de la donn\u00e9e en Meurthe et Moselle - DataGrandEst","og_url":"https:\/\/www.datagrandest.fr\/site\/evenement\/journee-de-la-donnee-en-meurthe-et-moselle\/","og_site_name":"DataGrandEst","article_modified_time":"2026-03-30T08:28:00+00:00","twitter_card":"summary_large_image","twitter_misc":{"Dur\u00e9e de lecture estim\u00e9e":"5 minutes"},"schema":{"@context":"https:\/\/schema.org","@graph":[{"@type":"WebPage","@id":"https:\/\/www.datagrandest.fr\/site\/evenement\/journee-de-la-donnee-en-meurthe-et-moselle\/","url":"https:\/\/www.datagrandest.fr\/site\/evenement\/journee-de-la-donnee-en-meurthe-et-moselle\/","name":"Journ\u00e9e de la donn\u00e9e en Meurthe et Moselle - DataGrandEst","isPartOf":{"@id":"https:\/\/www.datagrandest.fr\/site\/#website"},"datePublished":"2023-07-19T07:08:59+00:00","dateModified":"2026-03-30T08:28:00+00:00","breadcrumb":{"@id":"https:\/\/www.datagrandest.fr\/site\/evenement\/journee-de-la-donnee-en-meurthe-et-moselle\/#breadcrumb"},"inLanguage":"fr-FR","potentialAction":[{"@type":"ReadAction","target":["https:\/\/www.datagrandest.fr\/site\/evenement\/journee-de-la-donnee-en-meurthe-et-moselle\/"]}]},{"@type":"BreadcrumbList","@id":"https:\/\/www.datagrandest.fr\/site\/evenement\/journee-de-la-donnee-en-meurthe-et-moselle\/#breadcrumb","itemListElement":[{"@type":"ListItem","position":1,"name":"Accueil","item":"https:\/\/www.datagrandest.fr\/site\/"},{"@type":"ListItem","position":2,"name":"\u00c9v\u00e9nements","item":"https:\/\/www.datagrandest.fr\/site\/evenement\/"},{"@type":"ListItem","position":3,"name":"Journ\u00e9e de la donn\u00e9e en Meurthe et Moselle"}]},{"@type":"WebSite","@id":"https:\/\/www.datagrandest.fr\/site\/#website","url":"https:\/\/www.datagrandest.fr\/site\/","name":"DataGrandEst","description":"","potentialAction":[{"@type":"SearchAction","target":{"@type":"EntryPoint","urlTemplate":"https:\/\/www.datagrandest.fr\/site\/?s={search_term_string}"},"query-input":{"@type":"PropertyValueSpecification","valueRequired":true,"valueName":"search_term_string"}}],"inLanguage":"fr-FR"}]}},"_links":{"self":[{"href":"https:\/\/www.datagrandest.fr\/site\/wp-json\/wp\/v2\/evenement\/1401","targetHints":{"allow":["GET"]}}],"collection":[{"href":"https:\/\/www.datagrandest.fr\/site\/wp-json\/wp\/v2\/evenement"}],"about":[{"href":"https:\/\/www.datagrandest.fr\/site\/wp-json\/wp\/v2\/types\/evenement"}],"version-history":[{"count":3,"href":"https:\/\/www.datagrandest.fr\/site\/wp-json\/wp\/v2\/evenement\/1401\/revisions"}],"predecessor-version":[{"id":4001,"href":"https:\/\/www.datagrandest.fr\/site\/wp-json\/wp\/v2\/evenement\/1401\/revisions\/4001"}],"wp:attachment":[{"href":"https:\/\/www.datagrandest.fr\/site\/wp-json\/wp\/v2\/media?parent=1401"}],"wp:term":[{"taxonomy":"periode","embeddable":true,"href":"https:\/\/www.datagrandest.fr\/site\/wp-json\/wp\/v2\/periode?post=1401"},{"taxonomy":"source","embeddable":true,"href":"https:\/\/www.datagrandest.fr\/site\/wp-json\/wp\/v2\/source?post=1401"},{"taxonomy":"thematique_globale","embeddable":true,"href":"https:\/\/www.datagrandest.fr\/site\/wp-json\/wp\/v2\/thematique_globale?post=1401"},{"taxonomy":"type_evenement","embeddable":true,"href":"https:\/\/www.datagrandest.fr\/site\/wp-json\/wp\/v2\/type_evenement?post=1401"}],"curies":[{"name":"wp","href":"https:\/\/api.w.org\/{rel}","templated":true}]}}