{"id":1413,"date":"2023-06-05T01:07:33","date_gmt":"2023-06-04T23:07:33","guid":{"rendered":"https:\/\/dev.datagrandest.fr\/site\/evenement\/webinaire-2026-approche-le-plan-de-corps-de-rue-simplifie-pourquoi-comment-par-qui\/"},"modified":"2026-03-30T10:32:08","modified_gmt":"2026-03-30T08:32:08","slug":"webinaire-2026-approche-le-plan-de-corps-de-rue-simplifie-pourquoi-comment-par-qui","status":"publish","type":"evenement","link":"https:\/\/www.datagrandest.fr\/site\/evenement\/webinaire-2026-approche-le-plan-de-corps-de-rue-simplifie-pourquoi-comment-par-qui\/","title":{"rendered":"Webinaire &#8211; 2026 approche : le Plan de Corps de Rue Simplifi\u00e9, pourquoi, comment, par qui ?"},"template":"","meta":{"_acf_changed":false,"_relevanssi_hide_post":"","_relevanssi_hide_content":"","_relevanssi_pin_for_all":"","_relevanssi_pin_keywords":"","_relevanssi_unpin_keywords":"","_relevanssi_related_keywords":"","_relevanssi_related_include_ids":"","_relevanssi_related_exclude_ids":"","_relevanssi_related_no_append":"","_relevanssi_related_not_related":"","_relevanssi_related_posts":"","_relevanssi_noindex_reason":""},"periode":[211],"source":[],"thematique_globale":[46],"type_evenement":[145],"class_list":["post-1413","evenement","type-evenement","status-publish","hentry","periode-211","thematique_globale-pcrs","type_evenement-webinaire"],"acf":{"eve_description_courte":"","eve_description_longue":"<h3 class=\"rtecenter\">2026 approche : le Plan de Corps de Rue Simplifi\u00e9,\r\npourquoi, comment, par qui ?<\/h3>\r\n<h3>Date<\/h3>\r\n<span style=\"font-size: 16px;\">Jeudi 6 juillet 2023<\/span>\r\n\r\n<span style=\"font-size: 16px;\">De 11h00 \u00e0 12h00<\/span>\r\n<h3>Lieu de l'\u00e9v\u00e8nement<\/h3>\r\n<span style=\"font-size: 16px;\">Cet \u00e9v\u00e9nement se pr\u00e9sentera sous forme de webinaire<\/span>\r\n<h3>Intervenants et sujets<\/h3>\r\nLe sujet du \"Plan Corps de Rue Simplifi\u00e9\" ou PCRS tire essentiellement son origine de la r\u00e9forme anti-endommagement des r\u00e9seaux (DT\/DICT), entr\u00e9e en vigueur le 1er juillet 2012. Pour cela, les maitres d\u2019ouvrages de ces travaux (d\u00e9clarants) doivent demander aux exploitants de leur communiquer un plan de ces r\u00e9seaux, en s\u2019appuyant sur un fond de plan d\u00e9fini comme \"le meilleur lever r\u00e9gulier \u00e0 grande \u00e9chelle disponible, \u00e9tabli et mis \u00e0 jour par l\u2019autorit\u00e9 publique locale comp\u00e9tente\". De quoi parle-t-on ? Quelles sont les obligations ? Comment respecter l'\u00e9ch\u00e9ance de 2026 ?\r\n\r\nO\u00f9 en sommes-nous dans le Grand Est aujourd'hui ? Que peut vous apporter DataGrandEst ?\r\n\r\nAutant de questions auxquelles nous allons essayer de r\u00e9pondre au cours de ce webinaire.\r\n<ul>\r\n \t<li><strong>PCRS, de quoi parle-t-on ? Une obligation pour qui ? Quelles \u00e9ch\u00e9ances ?<\/strong>\r\nFran\u00e7ois LACOMBE (ANCT)<\/li>\r\n \t<li><strong>Au-del\u00e0 de la s\u00e9curisation des r\u00e9seaux, quels autres usages possibles du PCRS ?<\/strong>\r\nChristophe DEIS (Communaut\u00e9 de communes Hanau - La Petite Pierre)<\/li>\r\n \t<li><strong>DataGrandEst : un r\u00e9seau d'acteurs, des ressources et des financements pour votre projet PCRS<\/strong>\r\nJean-Michel JEAUGEY\u200b (SDED 52)<\/li>\r\n<\/ul>\r\n&nbsp;","eve_lieu":"","eve_date":"20230706","eve_date_fin":"20230706","eve_heure_de_debut":"11:00:00","eve_heure_de_fin":"12:00:00","eve_pour_aller_plus_loin":"<u>A noter\u00a0<\/u>: les pr\u00e9sentations ci-dessous sont diffus\u00e9es \u00e0 partir de la cha\u00eene\u00a0<strong>YouTube DataGrandEst.<\/strong>\u00a0Si vous rencontrez des difficult\u00e9s pour les visionner, nous vous invitons \u00e0 utiliser les liens mentionn\u00e9s dans la rubrique \"Document (lien) plus bas sur cette page\"\r\n\r\n&nbsp;\r\n<h3>Regarder le webinaire complet<\/h3>\r\n<a href=\"https:\/\/www.youtube.com\/embed\/uVL9Q_wjGSE\">Webinaire complet\u00a0<\/a>\r\n<h3>Ou choisir une vid\u00e9o selon l'intervention<\/h3>\r\n<h4><strong>PCRS, de quoi parle-t-on ? Une obligation pour qui ? Quelles \u00e9ch\u00e9ances ?<\/strong>\r\n<em>Fran\u00e7ois LACOMBE (ANCT)<\/em><\/h4>\r\n<div class=\"row\">\r\n<div class=\"col-sm-6 col-md-6\">\r\n<div class=\"thumbnail\">\r\n<div class=\"caption\">\r\n<p class=\"rtecenter\"><a href=\"https:\/\/www.datagrandest.fr\/public\/webinar\/webinaire_20230706\/WEBINAIRE_PCRS_ANCT.mp4\" target=\"_blank\" rel=\"noopener\">T\u00e9l\u00e9charger la vid\u00e9o<\/a><\/p>\r\n\r\n<\/div>\r\n<\/div>\r\n<\/div>\r\n<\/div>\r\nIl a s'agit de pr\u00e9senter l'\u00e9cosyst\u00e8me du PCRS en commen\u00e7ant par ses \u00e9l\u00e9ments fondateurs : la r\u00e9glementation anti-endommagement de 2012.\r\nLe Plan Corps de Rue simplifi\u00e9 est un fond de plan qui ne comporte pas de cheminement de r\u00e9seaux, uniquement le corps de rue. Il se pr\u00e9sente sous deux formes : image et vectoriel ayant chacune leurs forces et faiblesse. L'ANCT a cr\u00e9\u00e9 une startup d\u2019\u00c9tat munies de comp\u00e9tences r\u00e9parties entre technique et animation afin de pouvoir outiller les porteurs de projets PCRS.\r\nLe premier semestre 2023 a permis de finaliser la cr\u00e9ation d'un\u00a0<a href=\"https:\/\/pcrs.beta.gouv.fr\/suivi-pcrs\">syst\u00e8me de suivi des projets\u00a0<\/a>en cours, \u00e0 la main des territoires qui sont autonomes pour d\u00e9clarer les diff\u00e9rentes phases de leurs projets. Les donn\u00e9es issues de ce suivi sont publi\u00e9es en ligne \u00e0 la disposition de tous.\r\nD'autres r\u00e9flexions sont en cours pour consolider le financement des projets \u00e0 l'\u00e9chelle nationale et impliquer davantage d'acteurs. Des propositions ont \u00e9t\u00e9 faites en fin de printemps et seront compl\u00e9t\u00e9es dans le courant de l'automne.\r\nL'\u00e9quipe est joignable par mail ou bien sur\u00a0<a href=\"https:\/\/forum.pcrs.beta.gouv.fr\/\">le forum national d\u00e9di\u00e9<\/a>\r\n\r\nTravaux de la startup d\u2019Etat (ANCT) :\r\n<ul>\r\n \t<li><a href=\"https:\/\/pcrs.beta.gouv.fr\/\" target=\"_blank\" rel=\"noopener\">Site web<\/a><\/li>\r\n \t<li><a href=\"https:\/\/forum.pcrs.beta.gouv.fr\/\" target=\"_blank\" rel=\"noopener\">Forum<\/a><\/li>\r\n \t<li><a href=\"https:\/\/docs.pcrs.beta.gouv.fr\/\" target=\"_blank\" rel=\"noopener\">Documentation<\/a><\/li>\r\n \t<li><a href=\"https:\/\/pcrs.beta.gouv.fr\/suivi-pcrs\" target=\"_blank\" rel=\"noopener\">Suivi<\/a><\/li>\r\n \t<li><a href=\"https:\/\/www.data.gouv.fr\/fr\/organizations\/pcrs-beta-gouv-fr\/\" target=\"_blank\" rel=\"noopener\">Donn\u00e9es brutes du suivi<\/a><\/li>\r\n<\/ul>\r\n<h4><strong>Au-del\u00e0 de la s\u00e9curisation des r\u00e9seaux, quels autres usages possibles du PCRS ?<\/strong>\r\n<em>Christophe DEIS (Communaut\u00e9 de communes Hanau - La Petite Pierre)<\/em><\/h4>\r\n<div class=\"row\">\r\n<div class=\"col-sm-6 col-md-6\">\r\n<div class=\"thumbnail\">\r\n<div class=\"caption\">\r\n<p class=\"rtecenter\"><a href=\"https:\/\/www.datagrandest.fr\/public\/webinar\/webinaire_20230706\/WEBINAIRE_PCRS_Usages_possibles.mp4\" target=\"_blank\" rel=\"noopener\">T\u00e9l\u00e9charger la vid\u00e9o<\/a><\/p>\r\n\r\n<\/div>\r\n<\/div>\r\n<\/div>\r\n<\/div>\r\nEn Alsace 4 collectivit\u00e9s ont un PCRS termin\u00e9 dont 3 avec des villes importantes : Strasbourg, Colmar et Haguenau\r\nLa Communaut\u00e9 de Communes Hanau \u2013 La Petite Pierre est un territoire rural avec 2 petites villes \u00ab centres \u00bb pour seulement 26 000 habitants au total.\r\nLe\u00a0<b>choix du PCRS Raster\u00a0<\/b>a \u00e9t\u00e9 pris pour avoir une visualisation optimale de l\u2019ensemble des \u00e9l\u00e9ments composant notre territoire sur une orthophotographie avec un calage des objets de mani\u00e8re tr\u00e8s pr\u00e9cise gr\u00e2ce \u00e0 une r\u00e9solution de 1 pixel = 5 cm.\r\nIl a \u00e9t\u00e9 r\u00e9alis\u00e9 en mars de 2022 par L\u2019Europe Vue du Ciel, p\u00e9riode \u00e0 laquelle le couvert v\u00e9g\u00e9tal est peu important, ce qui nous permet une meilleure visibilit\u00e9 des \u00e9l\u00e9ments de voirie et d\u2019\u00e9clairage public notamment, 2 comp\u00e9tences primordiales de la communaut\u00e9 de communes.\r\nPlusieurs usages sont faits de cette orthophotographie :\r\n<ul>\r\n \t<li>\r\n<ol>\r\n \t<li>1) En\u00a0<b>compl\u00e9ment de la g\u00e9od\u00e9tection<\/b>\u00a0du r\u00e9seau d\u2019\u00e9clairage public en classe A<\/li>\r\n<\/ol>\r\n<ol>\r\n \t<li>2) Renouvellement des baux de chasse avec s\u00e9lection\/modification\/suppression de parcelles pour\u00a0<b>d\u00e9limitation des zones de chasse<\/b><\/li>\r\n<\/ol>\r\n<ol>\r\n \t<li>3)\u00a0<b>Cartographie de la voirie class\u00e9e\u00a0<\/b>avec d\u00e9limitation pr\u00e9cise des d\u00e9buts et fin de voie<\/li>\r\n<\/ol>\r\n<ol>\r\n \t<li>4)\u00a0<b>Cat\u00e9gorisation de l\u2019\u00e9tat des voiries\u00a0<\/b>avec localisation exacte des r\u00e9novations \u00e0 pr\u00e9voir<\/li>\r\n<\/ol>\r\n<\/li>\r\n<\/ul>\r\nA l\u2019avenir ce PCRS nous aidera aussi \u00e0 avoir une cartographie pr\u00e9cise de notre prochaine comp\u00e9tence en eau et assainissement, avec aussi pourquoi pas une mise \u00e0 jour encore plus fine sur certains secteurs cl\u00e9s et l\u00e0 o\u00f9 des travaux ont \u00e9t\u00e9 effectu\u00e9s depuis la premi\u00e8re prise de photos.\r\n<h4><strong>DataGrandEst : un r\u00e9seau d'acteurs, des ressources et des financements pour votre projet PCRS<\/strong>\r\n<em>Jean-Michel JEAUGEY\u200b (SDED 52)<\/em><\/h4>\r\n<div class=\"row\">\r\n<div class=\"col-sm-6 col-md-6\">\r\n<div class=\"thumbnail\">\r\n<div class=\"caption\">\r\n<p class=\"rtecenter\"><a href=\"https:\/\/www.datagrandest.fr\/public\/webinar\/webinaire_20230706\/WEBINAIRE_PCRS_DataGrandEst_financements.mp4\" target=\"_blank\" rel=\"noopener\">T\u00e9l\u00e9charger la vid\u00e9o<\/a><\/p>\r\n\r\n<\/div>\r\n<\/div>\r\n<\/div>\r\n<\/div>\r\nJean-Michel pr\u00e9sente les travaux port\u00e9s par le groupe de travail (GT) d\u00e9di\u00e9 pour le PCRS au sein de DataGrandEst (\u00e0 l\u2019\u00e9poque G\u00e9oGrandEst). En 2018, le GT a r\u00e9alis\u00e9 un questionnaire pour capter les attentes et les besoins des acteurs pour : savoir par o\u00f9 commencer un projet PCRS, initier un \u00e9tat lieux sur l\u2019avancement, partager des exp\u00e9riences et des ressources (cahier des charges, documentation nationale, sp\u00e9cifications), mettre en relations les porteurs de projets.\r\nAujourd\u2019hui, ce GT se r\u00e9unit tous les 6 mois pour :\r\n<ul>\r\n \t<li>Pratiquer un tour de table (15 \u00e0 20 participants r\u00e9guliers) o\u00f9 chacun expose l\u2019avancement de son projet\/de ses r\u00e9flexions,<\/li>\r\n \t<li>Faire progresser les services de DataGrandEst (stockage, diffusion, h\u00e9bergement, financement\u2026)<\/li>\r\n \t<li>Partager des retours d\u2019exp\u00e9riences d\u00e9taill\u00e9s (Grand Est, ou autre, offre de service priv\u00e9, OSM, actualit\u00e9s nationales\u2026)<\/li>\r\n<\/ul>\r\nTous les travaux de ce GT sont accessibles (carte d\u2019avancement des projets, plaquette de sensibilisation...)\u00a0<a href=\"https:\/\/ryckelynck.info\/datagrandest.fr\/DGE%20Drupal\/www.datagrandest.fr\/portail\/fr\/projets\/pcrs-v2.html\">sur le site de DataGrandEst<\/a>\r\n\r\n&nbsp;\r\n<h3>FAQ<\/h3>\r\n<div class=\"panel panel-primary\">\r\n<div id=\"headingOne\" class=\"panel-heading\" role=\"tab\">\r\n<h4 class=\"panel-title\"><span class=\"glyphicon glyphicon-chevron-down\">\u00a0<\/span>Avez-vous d'autres exemples d'usage du PCRS (hors d\u00e9clarations de travaux) ?<\/h4>\r\n<\/div>\r\n<div id=\"collapse-exemple\" class=\"panel-collapse collapse in\" role=\"tabpanel\" aria-labelledby=\"headingOne\" aria-expanded=\"true\">\r\n<div class=\"panel-body\">\r\n\r\nVoir ici pour\u00a0<a href=\"https:\/\/docs.pcrs.beta.gouv.fr\/usages\/accessibilite-de-la-voirie\">d'autres exemples<\/a>\r\n\r\n<\/div>\r\n<\/div>\r\n<\/div>\r\n<div class=\"panel panel-primary\">\r\n<div id=\"headingTwo\" class=\"panel-heading\" role=\"tab\">\r\n<h4 class=\"panel-title\"><span class=\"glyphicon glyphicon-chevron-down\">\u00a0<\/span>Serait-il possible d'acc\u00e9der facilement par un flux \u00e0 l'ensemble des PCRS disponibles en Grand-Est (au moins ceux en open-data) ?<\/h4>\r\n<\/div>\r\n<div id=\"collapse-flux\" class=\"panel-collapse collapse in\" role=\"tabpanel\" aria-labelledby=\"headingTwo\" aria-expanded=\"true\">\r\n<div class=\"panel-body\">\r\n\r\nActuellement non, mais cela pourrait \u00eatre envisag\u00e9 avec la future plateforme DataGrandEst. Par ailleurs, la diffusion des PCRS Raster et Vecteur en open data est pr\u00e9vue sur la Geoplateforme de l'IGN.\r\n\r\n<\/div>\r\n<\/div>\r\n<\/div>\r\n<div class=\"panel panel-primary\">\r\n<div id=\"headingTwo\" class=\"panel-heading\" role=\"tab\">\r\n<h4 class=\"panel-title\"><span class=\"glyphicon glyphicon-chevron-down\">\u00a0<\/span>Comment communiquez-vous entre les membres du GT PCRS (DGE) entre deux r\u00e9unions semestrielles ?<\/h4>\r\n<\/div>\r\n<div id=\"collapse-communication\" class=\"panel-collapse collapse in\" role=\"tabpanel\" aria-labelledby=\"headingTwo\" aria-expanded=\"true\">\r\n<div class=\"panel-body\">\r\n\r\nIl est possible de contacter l\u2019animateur du GT au sein de DGE (recrutement en cours), ou de communiquer avec et entre les membres du GT en \u00e9crivant \u00e0\u00a0<a href=\"mailto:pcrs@datagrandest.fr\">pcrs@datagrandest.fr<\/a>.\r\n\r\n<\/div>\r\n<\/div>\r\n<\/div>\r\n<div class=\"panel panel-primary\">\r\n<div id=\"headingTwo\" class=\"panel-heading\" role=\"tab\">\r\n<h4 class=\"panel-title\"><span class=\"glyphicon glyphicon-chevron-down\">\u00a0<\/span>Comment consulter les orthophotos tr\u00e8s haute r\u00e9solution (THR) des collectivit\u00e9s qui en disposent pour leur PCRS ?<\/h4>\r\n<\/div>\r\n<div id=\"collapse-ortho\" class=\"panel-collapse collapse in\" role=\"tabpanel\" aria-labelledby=\"headingTwo\" aria-expanded=\"true\">\r\n<div class=\"panel-body\">\r\n\r\nPar exemple pour Metz, les m\u00e9tadonn\u00e9es sont\u00a0<a href=\"https:\/\/www.datagrandest.fr\/data4citizen\/visualisation\/information\/?id=metzmetropole_fdp_ort_2022_5cm_79278b0234a86c4e765c3e4808a0f5f7\">ici<\/a>, et les donn\u00e9es peuvent \u00eatre consult\u00e9es\u00a0<a href=\"https:\/\/www.datagrandest.fr\/mapstore\/#\/?actions=[%7B%22type%22:%22CATALOG:ADD_LAYERS_FROM_CATALOGS%22,%22layers%22:[%22fdp_ort_2022_5cm%22],%22sources%22:[%7B%22type%22:%22WMS%22,%22url%22:%22https:\/\/maps.eurometropolemetz.eu\/wms%22%7D]%7D]\">ici<\/a>.\r\n\r\n<\/div>\r\n<\/div>\r\n<\/div>\r\n<div class=\"panel panel-primary\">\r\n<div id=\"headingTwo\" class=\"panel-heading\" role=\"tab\">\r\n<h4 class=\"panel-title\"><span class=\"glyphicon glyphicon-chevron-down\">\u00a0<\/span>Dans le cas de la Communaut\u00e9 de communes Hanau - La Petite Pierre, le budget de 40 000 \u20ac c'est le co\u00fbt de l'image et du poste ?<\/h4>\r\n<\/div>\r\n<div id=\"collapse-CCHPP\" class=\"panel-collapse collapse in\" role=\"tabpanel\" aria-labelledby=\"headingTwo\" aria-expanded=\"true\">\r\n<div class=\"panel-body\">\r\n\r\nC\u2019est le co\u00fbt de toute l'op\u00e9ration, du calage du vol \u00e0 la remise de l'ortho et des images obliques. D\u2019autres \u00e9l\u00e9ments chiffr\u00e9s sont pr\u00e9sent\u00e9s pour le Loiret\u00a0<a href=\"https:\/\/storymaps.arcgis.com\/stories\/ffc866cf36e740309768663da77e3bdd\">ici\u00a0<\/a>:\r\n\r\n<\/div>\r\n<\/div>\r\n<\/div>\r\n<div class=\"panel panel-primary\">\r\n<div id=\"headingTwo\" class=\"panel-heading\" role=\"tab\">\r\n<h4 class=\"panel-title\"><span class=\"glyphicon glyphicon-chevron-down\">\u00a0<\/span>Si je comprends bien le PCRS c'est uniquement de l'analyse sur ortho gr\u00e2ce \u00e0 une image plus pr\u00e9cise ?<\/h4>\r\n<\/div>\r\n<div id=\"collapse-comparaison\" class=\"panel-collapse collapse in\" role=\"tabpanel\" aria-labelledby=\"headingTwo\" aria-expanded=\"true\">\r\n<div class=\"panel-body\">\r\n\r\nOui, le PCRS (image) est un fond de plan, on peut y positionner des choses gr\u00e2ce \u00e0 diff\u00e9rentes techniques ou bien faire de l'analyse m\u00e9tier, selon le besoin. Mais un PCRS n'est pas forc\u00e9ment une orthophoto, \u00e7a peut \u00eatre un plan vectoriel aussi. L'avantage de l'ortho c\u2019est qu\u2019elle permet de visualiser facilement o\u00f9 nous nous situons et dans les zones sans obstacles elle pr\u00e9sente l\u2019int\u00e9gralit\u00e9 de l\u2019environnement alors que le PCRS vecteur s\u00e9lectionne les objets extraits du nuage de points.\r\n\r\n<\/div>\r\n<\/div>\r\n<\/div>\r\n<div class=\"panel panel-primary\">\r\n<div id=\"headingTwo\" class=\"panel-heading\" role=\"tab\">\r\n<h4 class=\"panel-title\"><span class=\"glyphicon glyphicon-chevron-down\">\u00a0<\/span>Pour les mises \u00e0 jour (par exemple la cr\u00e9ation d'un lotissement), comment prenez-vous en charge les modifications pour les gestionnaires du PCRS ?<\/h4>\r\n<\/div>\r\n<div id=\"collapse-MAJ\" class=\"panel-collapse collapse in\" role=\"tabpanel\" aria-labelledby=\"headingTwo\" aria-expanded=\"true\">\r\n<div class=\"panel-body\">\r\n\r\nPour les cr\u00e9ations de lotissement ou modification de chauss\u00e9e par exemple les plans qui nous sont fournis d\u00e9finiront les emprises \u00e0 mettre \u00e0 jour.\r\n\r\n<\/div>\r\n<\/div>\r\n<\/div>\r\n<div class=\"panel panel-primary\">\r\n<div id=\"headingTwo\" class=\"panel-heading\" role=\"tab\">\r\n<h4 class=\"panel-title\"><span class=\"glyphicon glyphicon-chevron-down\">\u00a0<\/span>O\u00f9 peut-on trouver des informations sur les donn\u00e9es PCRS disponibles ?<\/h4>\r\n<\/div>\r\n<div id=\"collapse-infos\" class=\"panel-collapse collapse in\" role=\"tabpanel\" aria-labelledby=\"headingTwo\" aria-expanded=\"true\">\r\n<div class=\"panel-body\">\r\n\r\nA l\u2019\u00e9chelle de Grand-Est, il y a une carte\u00a0<a href=\"https:\/\/ryckelynck.info\/datagrandest.fr\/DGE%20Drupal\/www.datagrandest.fr\/portail\/fr\/projets\/pcrs-v2.html\">ici<\/a>\r\n\r\nA l\u2019\u00e9chelle de la m\u00e9tropole, il y a une carte\u00a0<a href=\"https:\/\/geoservices.ign.fr\/pcrs\">ici<\/a>\r\n\r\nA l\u2019\u00e9chelle de la France, il y a une carte\u00a0<a href=\"https:\/\/ryckelynck.info\/datagrandest.fr\/DGE%20Drupal\/www.datagrandest.fr\/portail\/fr\/projets\/pcrs-v2.html\">ici<\/a>\r\n\r\n<\/div>\r\n<\/div>\r\n<\/div>\r\n<div class=\"panel panel-primary\">\r\n<div id=\"headingTwo\" class=\"panel-heading\" role=\"tab\">\r\n<h4 class=\"panel-title\"><span class=\"glyphicon glyphicon-chevron-down\">\u00a0<\/span>Existe-t-il un int\u00e9r\u00eat \u00e0 am\u00e9liorer la r\u00e9solution au-del\u00e0 de 5 cm, pour une orthophoto ?<\/h4>\r\n<\/div>\r\n<div id=\"collapse-resolution\" class=\"panel-collapse collapse in\" role=\"tabpanel\" aria-labelledby=\"headingTwo\" aria-expanded=\"true\">\r\n<div class=\"panel-body\">\r\n\r\nla CA du Cotentin a r\u00e9alis\u00e9 une couverture du centre de Cherbourg en 2015 \u00e0 la r\u00e9solution de 3,5 cm. Cette r\u00e9solution n'apporte pas une r\u00e9elle plus-value au regard du surcout. Plus d\u2019information\u00a0<a href=\"https:\/\/pcrs.beta.gouv.fr\/blog\/lexperience-de-la-communaute-dagglomeration-du-cotentin-sur-le-pcrs\">ici\u00a0<\/a>:\r\n\r\n<\/div>\r\n<\/div>\r\n<\/div>\r\n<div class=\"panel panel-primary\">\r\n<div id=\"headingTwo\" class=\"panel-heading\" role=\"tab\">\r\n<h4 class=\"panel-title\"><span class=\"glyphicon glyphicon-chevron-down\">\u00a0<\/span>En Meurthe-et-Moselle, hormis la M\u00e9tropole du Grand Nancy et le Bassin de Pompey, c'est le \"grand\" vide. Comment savoir s'il y a d'autres acteurs impliqu\u00e9s?<\/h4>\r\n<\/div>\r\n<div id=\"collapse-acteursMM\" class=\"panel-collapse collapse in\" role=\"tabpanel\" aria-labelledby=\"headingTwo\" aria-expanded=\"true\">\r\n<div class=\"panel-body\">\r\n\r\nLes travaux du groupe de travail au sein de DGE rendent compte de l'\u00e9tat des lieux en Grand Est :\u00a0<a href=\"https:\/\/ryckelynck.info\/datagrandest.fr\/DGE%20Drupal\/www.datagrandest.fr\/portail\/fr\/projets\/pcrs-v2.html\">https:\/\/www.datagrandest.fr\/portail\/fr\/projets\/pcrs<\/a>\r\n\r\n<\/div>\r\n<\/div>\r\n<\/div>\r\n<div class=\"panel panel-primary\">\r\n<div id=\"headingTwo\" class=\"panel-heading\" role=\"tab\">\r\n<h4 class=\"panel-title\"><span class=\"glyphicon glyphicon-chevron-down\">\u00a0<\/span>Quand on clique sur https:\/\/pcrs.beta.gouv.fr\/suivi-pcrs puis sur m\u00e9tropole de Metz c'est bleu et on ne peut pas zoomer. Quel est le lien pour voir le PCRS ?<\/h4>\r\n<\/div>\r\n<div id=\"collapse-metz\" class=\"panel-collapse collapse in\" role=\"tabpanel\" aria-labelledby=\"headingTwo\" aria-expanded=\"true\">\r\n<div class=\"panel-body\">\r\n\r\nPour l'instant, cette carte ne montre que l'emprise du projet. Nous avons bien pour ambition de montrer le PCRS mais ce sont des travaux en cours. Surtout : il faut que le PCRS soit publi\u00e9 en opendata et diffus\u00e9 publiquement d'abord.\r\n\r\n<\/div>\r\n<\/div>\r\n<\/div>","eve_animation":true,"glo_image":1291,"glo_intro":"","glo_car_surcharge_titre":"","glo_car_surcharge_lien":""},"yoast_head":"<!-- This site is optimized with the Yoast SEO plugin v27.4 - https:\/\/yoast.com\/product\/yoast-seo-wordpress\/ -->\n<title>Webinaire - 2026 approche : le Plan de Corps de Rue Simplifi\u00e9, pourquoi, comment, par qui ? - DataGrandEst<\/title>\n<meta name=\"robots\" content=\"index, follow, max-snippet:-1, max-image-preview:large, max-video-preview:-1\" \/>\n<link rel=\"canonical\" href=\"https:\/\/www.datagrandest.fr\/site\/evenement\/webinaire-2026-approche-le-plan-de-corps-de-rue-simplifie-pourquoi-comment-par-qui\/\" \/>\n<meta property=\"og:locale\" content=\"fr_FR\" \/>\n<meta property=\"og:type\" content=\"article\" \/>\n<meta property=\"og:title\" content=\"Webinaire - 2026 approche : le Plan de Corps de Rue Simplifi\u00e9, pourquoi, comment, par qui ? - DataGrandEst\" \/>\n<meta property=\"og:url\" content=\"https:\/\/www.datagrandest.fr\/site\/evenement\/webinaire-2026-approche-le-plan-de-corps-de-rue-simplifie-pourquoi-comment-par-qui\/\" \/>\n<meta property=\"og:site_name\" content=\"DataGrandEst\" \/>\n<meta property=\"article:modified_time\" content=\"2026-03-30T08:32:08+00:00\" \/>\n<meta name=\"twitter:card\" content=\"summary_large_image\" \/>\n<meta name=\"twitter:label1\" content=\"Dur\u00e9e de lecture estim\u00e9e\" \/>\n\t<meta name=\"twitter:data1\" content=\"8 minutes\" \/>\n<script type=\"application\/ld+json\" class=\"yoast-schema-graph\">{\"@context\":\"https:\\\/\\\/schema.org\",\"@graph\":[{\"@type\":\"WebPage\",\"@id\":\"https:\\\/\\\/www.datagrandest.fr\\\/site\\\/evenement\\\/webinaire-2026-approche-le-plan-de-corps-de-rue-simplifie-pourquoi-comment-par-qui\\\/\",\"url\":\"https:\\\/\\\/www.datagrandest.fr\\\/site\\\/evenement\\\/webinaire-2026-approche-le-plan-de-corps-de-rue-simplifie-pourquoi-comment-par-qui\\\/\",\"name\":\"Webinaire - 2026 approche : le Plan de Corps de Rue Simplifi\u00e9, pourquoi, comment, par qui ? - DataGrandEst\",\"isPartOf\":{\"@id\":\"https:\\\/\\\/www.datagrandest.fr\\\/site\\\/#website\"},\"datePublished\":\"2023-06-04T23:07:33+00:00\",\"dateModified\":\"2026-03-30T08:32:08+00:00\",\"breadcrumb\":{\"@id\":\"https:\\\/\\\/www.datagrandest.fr\\\/site\\\/evenement\\\/webinaire-2026-approche-le-plan-de-corps-de-rue-simplifie-pourquoi-comment-par-qui\\\/#breadcrumb\"},\"inLanguage\":\"fr-FR\",\"potentialAction\":[{\"@type\":\"ReadAction\",\"target\":[\"https:\\\/\\\/www.datagrandest.fr\\\/site\\\/evenement\\\/webinaire-2026-approche-le-plan-de-corps-de-rue-simplifie-pourquoi-comment-par-qui\\\/\"]}]},{\"@type\":\"BreadcrumbList\",\"@id\":\"https:\\\/\\\/www.datagrandest.fr\\\/site\\\/evenement\\\/webinaire-2026-approche-le-plan-de-corps-de-rue-simplifie-pourquoi-comment-par-qui\\\/#breadcrumb\",\"itemListElement\":[{\"@type\":\"ListItem\",\"position\":1,\"name\":\"Accueil\",\"item\":\"https:\\\/\\\/www.datagrandest.fr\\\/site\\\/\"},{\"@type\":\"ListItem\",\"position\":2,\"name\":\"\u00c9v\u00e9nements\",\"item\":\"https:\\\/\\\/www.datagrandest.fr\\\/site\\\/evenement\\\/\"},{\"@type\":\"ListItem\",\"position\":3,\"name\":\"Webinaire &#8211; 2026 approche : le Plan de Corps de Rue Simplifi\u00e9, pourquoi, comment, par qui ?\"}]},{\"@type\":\"WebSite\",\"@id\":\"https:\\\/\\\/www.datagrandest.fr\\\/site\\\/#website\",\"url\":\"https:\\\/\\\/www.datagrandest.fr\\\/site\\\/\",\"name\":\"DataGrandEst\",\"description\":\"\",\"potentialAction\":[{\"@type\":\"SearchAction\",\"target\":{\"@type\":\"EntryPoint\",\"urlTemplate\":\"https:\\\/\\\/www.datagrandest.fr\\\/site\\\/?s={search_term_string}\"},\"query-input\":{\"@type\":\"PropertyValueSpecification\",\"valueRequired\":true,\"valueName\":\"search_term_string\"}}],\"inLanguage\":\"fr-FR\"}]}<\/script>\n<!-- \/ Yoast SEO plugin. -->","yoast_head_json":{"title":"Webinaire - 2026 approche : le Plan de Corps de Rue Simplifi\u00e9, pourquoi, comment, par qui ? - DataGrandEst","robots":{"index":"index","follow":"follow","max-snippet":"max-snippet:-1","max-image-preview":"max-image-preview:large","max-video-preview":"max-video-preview:-1"},"canonical":"https:\/\/www.datagrandest.fr\/site\/evenement\/webinaire-2026-approche-le-plan-de-corps-de-rue-simplifie-pourquoi-comment-par-qui\/","og_locale":"fr_FR","og_type":"article","og_title":"Webinaire - 2026 approche : le Plan de Corps de Rue Simplifi\u00e9, pourquoi, comment, par qui ? - DataGrandEst","og_url":"https:\/\/www.datagrandest.fr\/site\/evenement\/webinaire-2026-approche-le-plan-de-corps-de-rue-simplifie-pourquoi-comment-par-qui\/","og_site_name":"DataGrandEst","article_modified_time":"2026-03-30T08:32:08+00:00","twitter_card":"summary_large_image","twitter_misc":{"Dur\u00e9e de lecture estim\u00e9e":"8 minutes"},"schema":{"@context":"https:\/\/schema.org","@graph":[{"@type":"WebPage","@id":"https:\/\/www.datagrandest.fr\/site\/evenement\/webinaire-2026-approche-le-plan-de-corps-de-rue-simplifie-pourquoi-comment-par-qui\/","url":"https:\/\/www.datagrandest.fr\/site\/evenement\/webinaire-2026-approche-le-plan-de-corps-de-rue-simplifie-pourquoi-comment-par-qui\/","name":"Webinaire - 2026 approche : le Plan de Corps de Rue Simplifi\u00e9, pourquoi, comment, par qui ? - DataGrandEst","isPartOf":{"@id":"https:\/\/www.datagrandest.fr\/site\/#website"},"datePublished":"2023-06-04T23:07:33+00:00","dateModified":"2026-03-30T08:32:08+00:00","breadcrumb":{"@id":"https:\/\/www.datagrandest.fr\/site\/evenement\/webinaire-2026-approche-le-plan-de-corps-de-rue-simplifie-pourquoi-comment-par-qui\/#breadcrumb"},"inLanguage":"fr-FR","potentialAction":[{"@type":"ReadAction","target":["https:\/\/www.datagrandest.fr\/site\/evenement\/webinaire-2026-approche-le-plan-de-corps-de-rue-simplifie-pourquoi-comment-par-qui\/"]}]},{"@type":"BreadcrumbList","@id":"https:\/\/www.datagrandest.fr\/site\/evenement\/webinaire-2026-approche-le-plan-de-corps-de-rue-simplifie-pourquoi-comment-par-qui\/#breadcrumb","itemListElement":[{"@type":"ListItem","position":1,"name":"Accueil","item":"https:\/\/www.datagrandest.fr\/site\/"},{"@type":"ListItem","position":2,"name":"\u00c9v\u00e9nements","item":"https:\/\/www.datagrandest.fr\/site\/evenement\/"},{"@type":"ListItem","position":3,"name":"Webinaire &#8211; 2026 approche : le Plan de Corps de Rue Simplifi\u00e9, pourquoi, comment, par qui ?"}]},{"@type":"WebSite","@id":"https:\/\/www.datagrandest.fr\/site\/#website","url":"https:\/\/www.datagrandest.fr\/site\/","name":"DataGrandEst","description":"","potentialAction":[{"@type":"SearchAction","target":{"@type":"EntryPoint","urlTemplate":"https:\/\/www.datagrandest.fr\/site\/?s={search_term_string}"},"query-input":{"@type":"PropertyValueSpecification","valueRequired":true,"valueName":"search_term_string"}}],"inLanguage":"fr-FR"}]}},"_links":{"self":[{"href":"https:\/\/www.datagrandest.fr\/site\/wp-json\/wp\/v2\/evenement\/1413","targetHints":{"allow":["GET"]}}],"collection":[{"href":"https:\/\/www.datagrandest.fr\/site\/wp-json\/wp\/v2\/evenement"}],"about":[{"href":"https:\/\/www.datagrandest.fr\/site\/wp-json\/wp\/v2\/types\/evenement"}],"version-history":[{"count":4,"href":"https:\/\/www.datagrandest.fr\/site\/wp-json\/wp\/v2\/evenement\/1413\/revisions"}],"predecessor-version":[{"id":3994,"href":"https:\/\/www.datagrandest.fr\/site\/wp-json\/wp\/v2\/evenement\/1413\/revisions\/3994"}],"wp:attachment":[{"href":"https:\/\/www.datagrandest.fr\/site\/wp-json\/wp\/v2\/media?parent=1413"}],"wp:term":[{"taxonomy":"periode","embeddable":true,"href":"https:\/\/www.datagrandest.fr\/site\/wp-json\/wp\/v2\/periode?post=1413"},{"taxonomy":"source","embeddable":true,"href":"https:\/\/www.datagrandest.fr\/site\/wp-json\/wp\/v2\/source?post=1413"},{"taxonomy":"thematique_globale","embeddable":true,"href":"https:\/\/www.datagrandest.fr\/site\/wp-json\/wp\/v2\/thematique_globale?post=1413"},{"taxonomy":"type_evenement","embeddable":true,"href":"https:\/\/www.datagrandest.fr\/site\/wp-json\/wp\/v2\/type_evenement?post=1413"}],"curies":[{"name":"wp","href":"https:\/\/api.w.org\/{rel}","templated":true}]}}