{"id":1464,"date":"2022-12-13T03:29:14","date_gmt":"2022-12-13T02:29:14","guid":{"rendered":"https:\/\/dev.datagrandest.fr\/site\/evenement\/webinaire-lacquisition-de-donnees-par-drones\/"},"modified":"2026-03-30T10:52:35","modified_gmt":"2026-03-30T08:52:35","slug":"webinaire-lacquisition-de-donnees-par-drones","status":"publish","type":"evenement","link":"https:\/\/www.datagrandest.fr\/site\/evenement\/webinaire-lacquisition-de-donnees-par-drones\/","title":{"rendered":"Webinaire : L\u2019acquisition de donn\u00e9es par drones"},"template":"","meta":{"_acf_changed":false,"_relevanssi_hide_post":"","_relevanssi_hide_content":"","_relevanssi_pin_for_all":"","_relevanssi_pin_keywords":"","_relevanssi_unpin_keywords":"","_relevanssi_related_keywords":"","_relevanssi_related_include_ids":"","_relevanssi_related_exclude_ids":"","_relevanssi_related_no_append":"","_relevanssi_related_not_related":"","_relevanssi_related_posts":"","_relevanssi_noindex_reason":""},"periode":[210],"source":[],"thematique_globale":[],"type_evenement":[145],"class_list":["post-1464","evenement","type-evenement","status-publish","hentry","periode-210","type_evenement-webinaire"],"acf":{"eve_description_courte":"","eve_description_longue":"<h2 class=\"rtecenter\">Webinaire : L\u2019acquisition de donn\u00e9es par drones<\/h2>\r\n<h3>Date<\/h3>\r\n<span style=\"font-size: 16px;\">Jeudi 6 avril 2022<\/span>\r\n\r\n<span style=\"font-size: 16px;\">De 11h00 \u00e0 12h00<\/span>\r\n<h3>Lieu de l'\u00e9v\u00e8nement<\/h3>\r\n<span style=\"font-size: 16px;\">Cet \u00e9v\u00e9nement se pr\u00e9sentera sous forme de webinaire<\/span>\r\n<h3>Intervenants et sujets<\/h3>\r\n<ul>\r\n \t<li style=\"list-style-type: none;\">\r\n<ul>\r\n \t<li><b>D\u00e9marche de mise en place (acquisition, formation) et mont\u00e9e en charge<\/b>\r\nBruno NICOLLE\r\nResponsable du service Int\u00e9gration logicielle &amp; G\u00e9omatique\r\nD\u00e9partement de la Meuse<\/li>\r\n<\/ul>\r\n<\/li>\r\n \t<li style=\"list-style-type: none;\">\r\n<ul>\r\n \t<li><b>Retour sur 15 ans d\u2019usages des drones (orthophoto, cimeti\u00e8res, voirie)<\/b>\r\nJean-Michel JEAUGEY\r\nDirecteur des syst\u00e8mes d\u2019information\r\nSyndicat D\u00e9partemental d\u2019Energies et des D\u00e9chets de la Haute-Marne<\/li>\r\n<\/ul>\r\n<\/li>\r\n \t<li><b>L\u2019expertise r\u00e8glementaire et cas d\u2019usage en arch\u00e9ologie<\/b>\r\nJohann MAUJEAN\r\nService Arch\u00e9ologie Pr\u00e9ventif \/ Arch\u00e9ologue\r\nEurom\u00e9tropole de Metz<\/li>\r\n<\/ul>","eve_lieu":"","eve_date":"20230406","eve_date_fin":"20230406","eve_heure_de_debut":"11:00:00","eve_heure_de_fin":"12:00:00","eve_pour_aller_plus_loin":"<u>A noter\u00a0<\/u>: les pr\u00e9sentations ci-dessous sont diffus\u00e9es \u00e0 partir de la cha\u00eene\u00a0<strong>YouTube DataGrandEst.<\/strong>\u00a0Si vous rencontrez des difficult\u00e9s pour les visionner, nous vous invitons \u00e0 utiliser les liens mentionn\u00e9s dans la rubrique \"Document (lien) plus bas sur cette page\"\r\n<h3>Regarder le webinaire complet<\/h3>\r\n<a href=\"https:\/\/www.youtube.com\/embed\/d38kBEr9_N8\">T\u00e9l\u00e9charger la vid\u00e9o<\/a>\r\n<h3>Ou choisir une vid\u00e9o selon l'intervention<\/h3>\r\n<h4><strong>D\u00e9marche de mise en place (acquisition, formation) et mont\u00e9e en charge<\/strong>\r\n<em>M. Bruno NICOLLE et Laure BARBIER - Responsable et chef de projet SIG au service Int\u00e9gration logicielle &amp; G\u00e9omatique, Direction des syst\u00e8mes d\u2019information au D\u00e9partement de la Meuse<\/em><\/h4>\r\n<div class=\"row\">\r\n<div class=\"col-sm-6 col-md-6\">\r\n<div class=\"thumbnail\">\r\n<div class=\"caption\">\r\n<p class=\"rtecenter\"><a href=\"https:\/\/www.youtube.com\/embed\/6vc1ih9hvzA\" target=\"_blank\" rel=\"noopener\">T\u00e9l\u00e9charger la vid\u00e9o<\/a><\/p>\r\n\r\n<\/div>\r\n<\/div>\r\n<\/div>\r\n<\/div>\r\nM. Nicolle pr\u00e9sente la phase de mise en \u0153uvre d\u2019une offre de service par drone avec les aspects organisationnels, les couts, les choix techniques, etc. Pouss\u00e9 par de nombreux sujets tels que les b\u00e2timents, la d\u00e9perdition \u00e9nerg\u00e9tique, le suivi des arbres, l\u2019inspection de structures sur un maillage, le suivi de travaux ou encore de la communication pour valoriser les actions et un besoin de pr\u00e9cision, le Conseil d\u00e9partemental de la Meuse a port\u00e9 son choix sur la marque DJI pour son acquisition.\r\n\r\nLes aspects financiers montrent que, sans entrer dans le champ concurrentiel du march\u00e9, l\u2019acquisition de drone a permis une autonomie compl\u00e8te sur les donn\u00e9es et un retour sur investissement rapidement atteint.\r\n\r\nM. Nicolle partage le parcours pour devenir t\u00e9l\u00e9pilote et l\u2019organisation d\u2019une mission. Assez complexe, la phase amont n\u00e9cessite une pr\u00e9paration minutieuse (sc\u00e9nario, cartographie, contraintes, m\u00e9t\u00e9o\u2026) et des d\u00e9marches administratives (d\u00e9claration pr\u00e9fecture, protocole d\u2019accord\u2026). Le vol est aussi cadenc\u00e9 avec pr\u00e9cision ensuivant une check-list.\r\n<h4><strong>Retour sur 15 ans d\u2019usages des drones (orthophoto, cimeti\u00e8res, voirie)<\/strong>\r\n<em>M. Jean-Michel JEAUGEY : Directeur des syst\u00e8mes d\u2019information SDED 52 et Responsable du Service SIG Communaut\u00e9 d\u2019Agglom\u00e9ration de Chaumont<\/em><\/h4>\r\n<div class=\"row\">\r\n<div class=\"col-sm-6 col-md-6\">\r\n<div class=\"thumbnail\">\r\n<div class=\"caption\">\r\n<p class=\"rtecenter\"><a href=\"https:\/\/www.youtube.com\/embed\/dYNhO9GoyRA\" target=\"_blank\" rel=\"noopener\">T\u00e9l\u00e9charger la vid\u00e9o<\/a><\/p>\r\n\r\n<\/div>\r\n<\/div>\r\n<\/div>\r\n<\/div>\r\nUtilisateur expert des drones depuis plus de 15 ans, Jean-Michel JEAUGEY partage dans ce webinaire son expertise. Au SDED, ce sont les drones qui ont \u00e9t\u00e9 retenus pour l\u2019acquisition de donn\u00e9es dans le cadre initial de la gestion des cimeti\u00e8res, et du suivi des centre d\u2019enfouissement. D\u2019autres sujets ont rapidement suivi. L\u2019\u00e9quipe \u00ab drone \u00bb pr\u00e9sent\u00e9e, dispose de plusieurs mod\u00e8les de drone : EBBE RTK et Phantom 4. Les drones pr\u00e9sent\u00e9s ont divers avantages et inconv\u00e9nients mais se compl\u00e8tent bien.\r\n\r\nUn exemple est pr\u00e9sent\u00e9 sur un cimeti\u00e8re : les prises de vues doivent vraiment \u00eatre proches et se couvrir pour avoir de la haute pr\u00e9cision. Sur 8 minutes, 180 photos sont r\u00e9alis\u00e9es sur un petit cimeti\u00e8re. Le drone fait tout seul, le param\u00e9trage est automatique pour le cas d\u2019une orthophotographie. Le traitement des donn\u00e9es est ensuite r\u00e9alis\u00e9. Il est possible de constater que parfois, il manque des photos sur certaines zones \u00e0 cause du vent ou autre. Le MNE est r\u00e9alis\u00e9. La pr\u00e9cision reste impressionnante : \u00e0 5 cm pr\u00e8s on peut voir la diff\u00e9rence de quelques centim\u00e8tres de hauteur.\r\n\r\nA la fin l\u2019orthophotographie est r\u00e9alis\u00e9e, et l\u2019ensemble permet de voir une reconstitution 3D de la zone. La vid\u00e9o et le MNS donne un r\u00e9sultat de bonne qualit\u00e9 r\u00e9ellement un bon r\u00e9sultat. Les zones sans images sont un peu pix\u00e9lis\u00e9es mais il y quand m\u00eame la qualit\u00e9 reste pr\u00e9sente. La reconstitution 3D est tr\u00e8s belles (m\u00eame sans des prises de vues verticales des fa\u00e7ades). Pour r\u00e9duire la pix\u00e9lisation, il est possible de voler \u00eatre plus bas.\r\n\r\nLe logiciel utilis\u00e9 permet aussi de mesurer les hauteurs et distance. Il est possible de naviguer dans la vue et les photos et augmenter l\u2019analyse.\r\n\r\nL\u2019\u00e9clairage public est \u00e9galement relev\u00e9 en RTK, la rectification est d\u2019excellente qualit\u00e9. Ce r\u00e9sultat est constatable gr\u00e2ce \u00e0 la superposition cartographique sur le SIG avec des donn\u00e9es hautes pr\u00e9cisions.\r\n<h4><strong>L\u2019expertise r\u00e8glementaire et cas d\u2019usage en arch\u00e9ologie<\/strong>\r\n<em>M. Johann MAUJEAN : Arch\u00e9ologue dans le Service Arch\u00e9ologie Pr\u00e9ventif de la Direction du Mus\u00e9e et de l\u2019Arch\u00e9ologie de l\u2019Eurom\u00e9tropole de Metz<\/em><\/h4>\r\n<div class=\"row\">\r\n<div class=\"col-sm-6 col-md-6\">\r\n<div class=\"thumbnail\">\r\n<div class=\"caption\">\r\n<p class=\"rtecenter\"><a href=\"https:\/\/www.youtube.com\/embed\/IXFSMB7Woo0\" target=\"_blank\" rel=\"noopener\">T\u00e9l\u00e9charger la vid\u00e9o<\/a><\/p>\r\n\r\n<\/div>\r\n<\/div>\r\n<\/div>\r\n<\/div>\r\nL\u2019\u00e9quipe \u00ab drone \u00bb pr\u00e9sent\u00e9e, existante depuis 2018, est actuellement compos\u00e9e de 5 pilotes et appareils (Phantom 4 et DJI). Les drones pr\u00e9sent\u00e9s ont divers avantages et inconv\u00e9nients mais se compl\u00e8tent bien. Grace \u00e0 une cam\u00e9ra thermique et une dans le spectre visible, la diversit\u00e9 des acquisitions et traitements possibles est bien pr\u00e9sente.\r\n\r\nM. Maujean rappelle toutes les d\u00e9marches administratives. Sur chaque sc\u00e9nario des r\u00e8gles s\u2019appliquent par type d\u2019appareil et par type de zones. Il est \u00e0 noter que le site du G\u00e9oportail pr\u00e9sentes toutes les zones autoris\u00e9es et part type de zones (ex : des a\u00e9roport assez particulier). La carte OACI (destin\u00e9s aux pilotes avions et ULM) recense tout ce qui est li\u00e9 \u00e0 l\u2019a\u00e9rien. Il est aussi conseill\u00e9 de se rendre sur le site de l\u2019a\u00e9ronautique et la f\u00e9d\u00e9ration de l\u2019ULM. Les liens sont indiqu\u00e9s dans le support de pr\u00e9sentation pour compl\u00e9ment.\r\n\r\nDe nouveaux standards europ\u00e9ens sont attendus d\u00e8s 2024. Les r\u00e8gles fran\u00e7aises seront un peu \u00ab assouplies \u00bb par rapport \u00e0 l\u2019existant en vigueur.\r\n\r\nEn arch\u00e9ologie, les prises de vue sont r\u00e9alis\u00e9es, pour disposer de photo sur des fouilles ou des ch\u00e2teaux par exemple, mais aussi pour de la vulgarisation scientifique. La photogramm\u00e9trie est utilis\u00e9e (zenith + point de r\u00e9f\u00e9rence et redressement des photos ou enregistrement en dessin). Des mod\u00e9lisation 3D sont ainsi r\u00e9alis\u00e9es. Elles peuvent \u00eatre coupl\u00e9es \u00e0 d\u2019autres images (mix des photos drones et terrain) dans Metashape. Le rendu est assez exceptionnel : les d\u00e9tails sont visibles sur la vid\u00e9o.\r\n\r\nLes drones ont un bel avenir. Par exemple, les drones habit\u00e9s font partis des essais en cours : en France, l\u2019id\u00e9e est de le mettre en place sur les JO 2025. La mise en place de drones zones pour d\u00e9collage\/atterrissage est d\u00e9j\u00e0 en cours de r\u00e9alisation. Le Royaume unis, l\u2019Australie ou encore le japon sont des pays ou la livraison en drone se pratique.\r\n<h3>FAQ<\/h3>\r\n<div class=\"panel panel-primary\">\r\n<div id=\"headingOne\" class=\"panel-heading\" role=\"tab\">\r\n<h4 class=\"panel-title\"><span class=\"glyphicon glyphicon-chevron-down\">\u00a0<\/span>Une marque chinoise : quel prix pour une marque europ\u00e9enne \u00e0 capacit\u00e9s \u00e9quivalentes ? (en pensant aux controverses autour des ordiphones Huawei, et des applications comme Tik Tok, chinois)<\/h4>\r\n<\/div>\r\n<div id=\"collapse-marque\" class=\"panel-collapse collapse in\" role=\"tabpanel\" aria-labelledby=\"headingOne\" aria-expanded=\"true\">\r\n<div class=\"panel-body\">\r\n\r\nDJI est le leader du march\u00e9 des drones le plus r\u00e9pondu.\r\n\r\nRemarque participant : Pour information, il existe une marque fran\u00e7aise : PARROT. Le FBI, le NCIS, l\u2019Arm\u00e9e Am\u00e9ricaine, l\u2019Arm\u00e9e Britannique ont choisi d\u2019utiliser des drones Parrot. Conforme RGPD.\r\n\r\n<\/div>\r\n<\/div>\r\n<\/div>\r\n<div class=\"panel panel-primary\">\r\n<div id=\"headingTwo\" class=\"panel-heading\" role=\"tab\">\r\n<h4 class=\"panel-title\"><span class=\"glyphicon glyphicon-chevron-down\">\u00a0<\/span>Avez-vous \u00e9t\u00e9 guid\u00e9s pour choisir le bon mod\u00e8le de drone par rapport \u00e0 vos besoins ?<\/h4>\r\n<\/div>\r\n<div id=\"collapse-aide\" class=\"panel-collapse collapse in\" role=\"tabpanel\" aria-labelledby=\"headingTwo\" aria-expanded=\"true\">\r\n<div class=\"panel-body\">\r\n\r\nOui, un conseill\u00e9 les a orient\u00e9s leur choix en fonction de leurs attentes et de leur niveau.\r\n\r\n<\/div>\r\n<\/div>\r\n<\/div>\r\n<div class=\"panel panel-primary\">\r\n<div id=\"headingTwo\" class=\"panel-heading\" role=\"tab\">\r\n<h4 class=\"panel-title\"><span class=\"glyphicon glyphicon-chevron-down\">\u00a0<\/span>Quelle est la dur\u00e9e de vol d'un drone de ce type avec la batterie charg\u00e9e \u00e0 bloc ?<\/h4>\r\n<\/div>\r\n<div id=\"collapse-duree\" class=\"panel-collapse collapse in\" role=\"tabpanel\" aria-labelledby=\"headingTwo\" aria-expanded=\"true\">\r\n<div class=\"panel-body\">\r\n\r\nDur\u00e9e de vol : 45 minutes mais cela d\u00e9pend des divers facteurs (sc\u00e9narios, m\u00e9t\u00e9o\u2026).\r\n\r\n<\/div>\r\n<\/div>\r\n<\/div>\r\n<div class=\"panel panel-primary\">\r\n<div id=\"headingTwo\" class=\"panel-heading\" role=\"tab\">\r\n<h4 class=\"panel-title\"><span class=\"glyphicon glyphicon-chevron-down\">\u00a0<\/span>Les zones d'enfouissement sont des zone historiques ou actuelles. Si elles sont actuelles, ce sont des d\u00e9chets inertes ? si oui! pourquoi v\u00e9rifier les digues?<\/h4>\r\n<\/div>\r\n<div id=\"collapse-enfouissement\" class=\"panel-collapse collapse in\" role=\"tabpanel\" aria-labelledby=\"headingTwo\" aria-expanded=\"true\">\r\n<div class=\"panel-body\">\r\n\r\nLes zones doivent \u00eatre surveill\u00e9es lorsqu\u2019elles sont en activit\u00e9 et dans leurs \u00e9volutions.\r\n\r\n<\/div>\r\n<\/div>\r\n<\/div>\r\n<div class=\"panel panel-primary\">\r\n<div id=\"headingTwo\" class=\"panel-heading\" role=\"tab\">\r\n<h4 class=\"panel-title\"><span class=\"glyphicon glyphicon-chevron-down\">\u00a0<\/span>Pensez-vous que ces ortho photos peuvent constituer une alternative aux images raster, par exemple ? Est-il possible d'ajouter des coordonn\u00e9es g\u00e9ographiques lors d'une prise de vue, ou cela se fait a posteriori ?<\/h4>\r\n<\/div>\r\n<div id=\"collapse-alternative\" class=\"panel-collapse collapse in\" role=\"tabpanel\" aria-labelledby=\"headingTwo\" aria-expanded=\"true\">\r\n<div class=\"panel-body\">\r\n\r\nOui, les missions drones permettent de r\u00e9aliser des orthophotos (directement g\u00e9or\u00e9f\u00e9renc\u00e9e). Les drones sont g\u00e9olocalis\u00e9es et la pr\u00e9cision est de haute r\u00e9solution. Les drones sont RTK donc localis\u00e9s tr\u00e8s pr\u00e9cis\u00e9ment.\r\n\r\n<\/div>\r\n<\/div>\r\n<\/div>\r\n<div class=\"panel panel-primary\">\r\n<div id=\"headingTwo\" class=\"panel-heading\" role=\"tab\">\r\n<h4 class=\"panel-title\"><span class=\"glyphicon glyphicon-chevron-down\">\u00a0<\/span>Est-ce que pour utiliser le mode RTK avec l'eBee, c'est possible d'utiliser un r\u00e9seau NTRIP comme par exemple Orpheon? ou bien me faut-il ma propre base pour faire les corrections des coordonn\u00e9es ?<\/h4>\r\n<\/div>\r\n<div id=\"collapse-rtk\" class=\"panel-collapse collapse in\" role=\"tabpanel\" aria-labelledby=\"headingTwo\" aria-expanded=\"true\">\r\n<div class=\"panel-body\">\r\n\r\nLes corrections sont r\u00e9alis\u00e9es directement via le logiciel.\r\n\r\n<\/div>\r\n<\/div>\r\n<\/div>\r\n<div class=\"panel panel-primary\">\r\n<div id=\"headingTwo\" class=\"panel-heading\" role=\"tab\">\r\n<h4 class=\"panel-title\"><span class=\"glyphicon glyphicon-chevron-down\">\u00a0<\/span>Avec quel mat\u00e9riel g\u00e9n\u00e9rez-vous ces MNT. Proc, ram, carte graph ?<\/h4>\r\n<\/div>\r\n<div id=\"collapse-materiel\" class=\"panel-collapse collapse in\" role=\"tabpanel\" aria-labelledby=\"headingTwo\" aria-expanded=\"true\">\r\n<div class=\"panel-body\">\r\n\r\nPix4D permet de r\u00e9aliser les traitements et le travail est r\u00e9alis\u00e9 sur des PC standard\r\n\r\n<\/div>\r\n<\/div>\r\n<\/div>\r\n<div class=\"panel panel-primary\">\r\n<div id=\"headingTwo\" class=\"panel-heading\" role=\"tab\">\r\n<h4 class=\"panel-title\"><span class=\"glyphicon glyphicon-chevron-down\">\u00a0<\/span>Quel usage du thermique dans l'arch\u00e9ologie ?<\/h4>\r\n<\/div>\r\n<div id=\"collapse-thermique\" class=\"panel-collapse collapse in\" role=\"tabpanel\" aria-labelledby=\"headingTwo\" aria-expanded=\"true\">\r\n<div class=\"panel-body\">\r\n\r\nLa cam\u00e9ra thermique tr\u00e8s utiles pour la r\u00e9novation et le lidar est - tr\u00e8s cher - et tr\u00e8s attrayant pour la micro-topologie. Ces techniques permettent de retrouver des sites m\u00eame sous de la v\u00e9g\u00e9tation.\r\n\r\nDans l\u2019arch\u00e9ologie : les zones creus\u00e9es captent plus d\u2019humidit\u00e9 donc r\u00e9pondent diff\u00e9remment d\u2019autres zones (murs par exemple). Des recherches\/essais sont toujours en cours pour progresser dans ce domaine.\r\n\r\n<\/div>\r\n<\/div>\r\n<\/div>\r\n<div class=\"panel panel-primary\">\r\n<div id=\"headingTwo\" class=\"panel-heading\" role=\"tab\">\r\n<h4 class=\"panel-title\"><span class=\"glyphicon glyphicon-chevron-down\">\u00a0<\/span>Est-ce que ces donn\u00e9es ont vocation \u00e0 \u00eatre publi\u00e9es en Open Data, ou sont-elles r\u00e9serv\u00e9es aux institutions publiques ?<\/h4>\r\n<\/div>\r\n<div id=\"collapse-Opendata\" class=\"panel-collapse collapse in\" role=\"tabpanel\" aria-labelledby=\"headingTwo\" aria-expanded=\"true\">\r\n<div class=\"panel-body\">\r\n\r\nLes donn\u00e9es sont mises en commun sur un site mais des contraintes existent selon des zones sensibles.\r\n\r\n<\/div>\r\n<\/div>\r\n<\/div>\r\n<div class=\"panel panel-primary\">\r\n<div id=\"headingTwo\" class=\"panel-heading\" role=\"tab\">\r\n<h4 class=\"panel-title\"><span class=\"glyphicon glyphicon-chevron-down\">\u00a0<\/span>Question de n\u00e9ophyte : Cela pourrait \u00eatre utilisable pour cartographier les infrastructures de canalisation enterr\u00e9e ?<\/h4>\r\n<\/div>\r\n<div id=\"collapse-canalisation\" class=\"panel-collapse collapse in\" role=\"tabpanel\" aria-labelledby=\"headingTwo\" aria-expanded=\"true\">\r\n<div class=\"panel-body\">\r\n\r\nPour les canalisations entr\u00e9es, cela reste th\u00e9orique mais c\u2019est possible en lien avec la temp\u00e9rature.\r\n\r\n<\/div>\r\n<\/div>\r\n<\/div>\r\n<div class=\"panel panel-primary\">\r\n<div id=\"headingTwo\" class=\"panel-heading\" role=\"tab\">\r\n<h4 class=\"panel-title\"><span class=\"glyphicon glyphicon-chevron-down\">\u00a0<\/span>Peut-on survoler un domaine priv\u00e9 ?<\/h4>\r\n<\/div>\r\n<div id=\"collapse-private\" class=\"panel-collapse collapse in\" role=\"tabpanel\" aria-labelledby=\"headingTwo\" aria-expanded=\"true\">\r\n<div class=\"panel-body\">\r\n\r\nLa captation d\u2019image sur le domaine public est autoris\u00e9e mais elle est interdite sur le domaine priv\u00e9. Le ciel appartient \u00e0 tout le monde mais il y a le respect de la zone. La r\u00e8gle est stricte, on ne peut pas prendre de photo ni produire de nuisance dans le domaine priv\u00e9. La CNIL et les Pr\u00e9fectures sont tr\u00e8s vigilantes sur le sujet. Si des photos inappropri\u00e9es sont identifi\u00e9es il peut y avoir des sanctions. Autre exemple dans les zones Natura 2000, le bruit de certains drones peut \u00eatre g\u00eanant pour les esp\u00e8ces, il est tout simplement interdit.\r\n\r\n<\/div>\r\n<\/div>\r\n<\/div>","eve_animation":true,"glo_image":1291,"glo_intro":"","glo_car_surcharge_titre":"","glo_car_surcharge_lien":""},"yoast_head":"<!-- This site is optimized with the Yoast SEO plugin v27.4 - https:\/\/yoast.com\/product\/yoast-seo-wordpress\/ -->\n<title>Webinaire : L\u2019acquisition de donn\u00e9es par drones - DataGrandEst<\/title>\n<meta name=\"robots\" content=\"index, follow, max-snippet:-1, max-image-preview:large, max-video-preview:-1\" \/>\n<link rel=\"canonical\" href=\"https:\/\/www.datagrandest.fr\/site\/evenement\/webinaire-lacquisition-de-donnees-par-drones\/\" \/>\n<meta property=\"og:locale\" content=\"fr_FR\" \/>\n<meta property=\"og:type\" content=\"article\" \/>\n<meta property=\"og:title\" content=\"Webinaire : L\u2019acquisition de donn\u00e9es par drones - DataGrandEst\" \/>\n<meta property=\"og:url\" content=\"https:\/\/www.datagrandest.fr\/site\/evenement\/webinaire-lacquisition-de-donnees-par-drones\/\" \/>\n<meta property=\"og:site_name\" content=\"DataGrandEst\" \/>\n<meta property=\"article:modified_time\" content=\"2026-03-30T08:52:35+00:00\" \/>\n<meta name=\"twitter:card\" content=\"summary_large_image\" \/>\n<meta name=\"twitter:label1\" content=\"Dur\u00e9e de lecture estim\u00e9e\" \/>\n\t<meta name=\"twitter:data1\" content=\"9 minutes\" \/>\n<script type=\"application\/ld+json\" class=\"yoast-schema-graph\">{\"@context\":\"https:\\\/\\\/schema.org\",\"@graph\":[{\"@type\":\"WebPage\",\"@id\":\"https:\\\/\\\/www.datagrandest.fr\\\/site\\\/evenement\\\/webinaire-lacquisition-de-donnees-par-drones\\\/\",\"url\":\"https:\\\/\\\/www.datagrandest.fr\\\/site\\\/evenement\\\/webinaire-lacquisition-de-donnees-par-drones\\\/\",\"name\":\"Webinaire : L\u2019acquisition de donn\u00e9es par drones - DataGrandEst\",\"isPartOf\":{\"@id\":\"https:\\\/\\\/www.datagrandest.fr\\\/site\\\/#website\"},\"datePublished\":\"2022-12-13T02:29:14+00:00\",\"dateModified\":\"2026-03-30T08:52:35+00:00\",\"breadcrumb\":{\"@id\":\"https:\\\/\\\/www.datagrandest.fr\\\/site\\\/evenement\\\/webinaire-lacquisition-de-donnees-par-drones\\\/#breadcrumb\"},\"inLanguage\":\"fr-FR\",\"potentialAction\":[{\"@type\":\"ReadAction\",\"target\":[\"https:\\\/\\\/www.datagrandest.fr\\\/site\\\/evenement\\\/webinaire-lacquisition-de-donnees-par-drones\\\/\"]}]},{\"@type\":\"BreadcrumbList\",\"@id\":\"https:\\\/\\\/www.datagrandest.fr\\\/site\\\/evenement\\\/webinaire-lacquisition-de-donnees-par-drones\\\/#breadcrumb\",\"itemListElement\":[{\"@type\":\"ListItem\",\"position\":1,\"name\":\"Accueil\",\"item\":\"https:\\\/\\\/www.datagrandest.fr\\\/site\\\/\"},{\"@type\":\"ListItem\",\"position\":2,\"name\":\"\u00c9v\u00e9nements\",\"item\":\"https:\\\/\\\/www.datagrandest.fr\\\/site\\\/evenement\\\/\"},{\"@type\":\"ListItem\",\"position\":3,\"name\":\"Webinaire : L\u2019acquisition de donn\u00e9es par drones\"}]},{\"@type\":\"WebSite\",\"@id\":\"https:\\\/\\\/www.datagrandest.fr\\\/site\\\/#website\",\"url\":\"https:\\\/\\\/www.datagrandest.fr\\\/site\\\/\",\"name\":\"DataGrandEst\",\"description\":\"\",\"potentialAction\":[{\"@type\":\"SearchAction\",\"target\":{\"@type\":\"EntryPoint\",\"urlTemplate\":\"https:\\\/\\\/www.datagrandest.fr\\\/site\\\/?s={search_term_string}\"},\"query-input\":{\"@type\":\"PropertyValueSpecification\",\"valueRequired\":true,\"valueName\":\"search_term_string\"}}],\"inLanguage\":\"fr-FR\"}]}<\/script>\n<!-- \/ Yoast SEO plugin. -->","yoast_head_json":{"title":"Webinaire : L\u2019acquisition de donn\u00e9es par drones - DataGrandEst","robots":{"index":"index","follow":"follow","max-snippet":"max-snippet:-1","max-image-preview":"max-image-preview:large","max-video-preview":"max-video-preview:-1"},"canonical":"https:\/\/www.datagrandest.fr\/site\/evenement\/webinaire-lacquisition-de-donnees-par-drones\/","og_locale":"fr_FR","og_type":"article","og_title":"Webinaire : L\u2019acquisition de donn\u00e9es par drones - DataGrandEst","og_url":"https:\/\/www.datagrandest.fr\/site\/evenement\/webinaire-lacquisition-de-donnees-par-drones\/","og_site_name":"DataGrandEst","article_modified_time":"2026-03-30T08:52:35+00:00","twitter_card":"summary_large_image","twitter_misc":{"Dur\u00e9e de lecture estim\u00e9e":"9 minutes"},"schema":{"@context":"https:\/\/schema.org","@graph":[{"@type":"WebPage","@id":"https:\/\/www.datagrandest.fr\/site\/evenement\/webinaire-lacquisition-de-donnees-par-drones\/","url":"https:\/\/www.datagrandest.fr\/site\/evenement\/webinaire-lacquisition-de-donnees-par-drones\/","name":"Webinaire : L\u2019acquisition de donn\u00e9es par drones - DataGrandEst","isPartOf":{"@id":"https:\/\/www.datagrandest.fr\/site\/#website"},"datePublished":"2022-12-13T02:29:14+00:00","dateModified":"2026-03-30T08:52:35+00:00","breadcrumb":{"@id":"https:\/\/www.datagrandest.fr\/site\/evenement\/webinaire-lacquisition-de-donnees-par-drones\/#breadcrumb"},"inLanguage":"fr-FR","potentialAction":[{"@type":"ReadAction","target":["https:\/\/www.datagrandest.fr\/site\/evenement\/webinaire-lacquisition-de-donnees-par-drones\/"]}]},{"@type":"BreadcrumbList","@id":"https:\/\/www.datagrandest.fr\/site\/evenement\/webinaire-lacquisition-de-donnees-par-drones\/#breadcrumb","itemListElement":[{"@type":"ListItem","position":1,"name":"Accueil","item":"https:\/\/www.datagrandest.fr\/site\/"},{"@type":"ListItem","position":2,"name":"\u00c9v\u00e9nements","item":"https:\/\/www.datagrandest.fr\/site\/evenement\/"},{"@type":"ListItem","position":3,"name":"Webinaire : L\u2019acquisition de donn\u00e9es par drones"}]},{"@type":"WebSite","@id":"https:\/\/www.datagrandest.fr\/site\/#website","url":"https:\/\/www.datagrandest.fr\/site\/","name":"DataGrandEst","description":"","potentialAction":[{"@type":"SearchAction","target":{"@type":"EntryPoint","urlTemplate":"https:\/\/www.datagrandest.fr\/site\/?s={search_term_string}"},"query-input":{"@type":"PropertyValueSpecification","valueRequired":true,"valueName":"search_term_string"}}],"inLanguage":"fr-FR"}]}},"_links":{"self":[{"href":"https:\/\/www.datagrandest.fr\/site\/wp-json\/wp\/v2\/evenement\/1464","targetHints":{"allow":["GET"]}}],"collection":[{"href":"https:\/\/www.datagrandest.fr\/site\/wp-json\/wp\/v2\/evenement"}],"about":[{"href":"https:\/\/www.datagrandest.fr\/site\/wp-json\/wp\/v2\/types\/evenement"}],"version-history":[{"count":3,"href":"https:\/\/www.datagrandest.fr\/site\/wp-json\/wp\/v2\/evenement\/1464\/revisions"}],"predecessor-version":[{"id":3971,"href":"https:\/\/www.datagrandest.fr\/site\/wp-json\/wp\/v2\/evenement\/1464\/revisions\/3971"}],"wp:attachment":[{"href":"https:\/\/www.datagrandest.fr\/site\/wp-json\/wp\/v2\/media?parent=1464"}],"wp:term":[{"taxonomy":"periode","embeddable":true,"href":"https:\/\/www.datagrandest.fr\/site\/wp-json\/wp\/v2\/periode?post=1464"},{"taxonomy":"source","embeddable":true,"href":"https:\/\/www.datagrandest.fr\/site\/wp-json\/wp\/v2\/source?post=1464"},{"taxonomy":"thematique_globale","embeddable":true,"href":"https:\/\/www.datagrandest.fr\/site\/wp-json\/wp\/v2\/thematique_globale?post=1464"},{"taxonomy":"type_evenement","embeddable":true,"href":"https:\/\/www.datagrandest.fr\/site\/wp-json\/wp\/v2\/type_evenement?post=1464"}],"curies":[{"name":"wp","href":"https:\/\/api.w.org\/{rel}","templated":true}]}}