{"id":1466,"date":"2022-12-13T03:25:34","date_gmt":"2022-12-13T02:25:34","guid":{"rendered":"https:\/\/dev.datagrandest.fr\/site\/evenement\/journee-departementale-des-donnees-des-vosges\/"},"modified":"2026-03-30T10:53:30","modified_gmt":"2026-03-30T08:53:30","slug":"journee-departementale-des-donnees-des-vosges","status":"publish","type":"evenement","link":"https:\/\/www.datagrandest.fr\/site\/evenement\/journee-departementale-des-donnees-des-vosges\/","title":{"rendered":"Journ\u00e9e d\u00e9partementale des donn\u00e9es des Vosges"},"template":"","meta":{"_acf_changed":false,"_relevanssi_hide_post":"","_relevanssi_hide_content":"","_relevanssi_pin_for_all":"","_relevanssi_pin_keywords":"","_relevanssi_unpin_keywords":"","_relevanssi_related_keywords":"","_relevanssi_related_include_ids":"","_relevanssi_related_exclude_ids":"","_relevanssi_related_no_append":"","_relevanssi_related_not_related":"","_relevanssi_related_posts":"","_relevanssi_noindex_reason":""},"periode":[211],"source":[],"thematique_globale":[],"type_evenement":[146],"class_list":["post-1466","evenement","type-evenement","status-publish","hentry","periode-211","type_evenement-journee-thematique"],"acf":{"eve_description_courte":"","eve_description_longue":"<h1 class=\"rtecenter\">Journ\u00e9e Vosgienne de la donn\u00e9e<\/h1>\r\n<p class=\"rtecenter\"><span style=\"font-size: 16px;\">Des donn\u00e9es pour la connaissance du territoire et l'aide \u00e0 la d\u00e9cision<\/span><\/p>\r\n<p class=\"rtecenter\"><strong>____________________<\/strong><\/p>\r\n\r\n<h4 class=\"rtecenter\">Mardi 13 juin 2023\u00a0 |\u00a0 De 09h30 \u00e0 16h00<\/h4>\r\n<h5 class=\"rtecenter\">Conseil d\u00e9partemental des Vosges\u00a0 |\u00a0 8 Rue de la Pr\u00e9fecture\u00a0 | 88000 Epinal<\/h5>\r\nMobilit\u00e9s, d\u00e9mographie, \u00e9conomie, environnement... les donn\u00e9es sont essentielles \u00e0 la bonne conduite des politiques publiques. Mais connaissez-vous les donn\u00e9es disponibles sur le territoire vosgien et savez-vous les mobiliser ? \u00c0 travers diff\u00e9rents retours d\u2019exp\u00e9riences, d\u00e9monstrations, discussions\u2026 participez \u00e0 la communaut\u00e9 des acteurs \u00ab data \u00bb des Vosges pour enrichir votre palette d\u2019outils, vos savoir-faire au service de votre territoire.\r\n<div class=\"panel panel-warning\">\r\n<div class=\"panel-heading\">\r\n<h4>Programme pr\u00e9visionnel<\/h4>\r\n<\/div>\r\n<\/div>\r\n<strong>09h30<\/strong>\u00a0 |\u00a0\u00a0<strong>Accueil<\/strong>\r\n\r\n<strong>10h00<\/strong>\u00a0 |\u00a0\u00a0<strong>Lancement de la journ\u00e9e : Mot de bienvenue<\/strong>\r\nJ\u00e9r\u00f4me Mathieu - Vice-Pr\u00e9sident d\u00e9l\u00e9gu\u00e9 \u00e0 la Communication et aux Usages du Num\u00e9rique \u2013 Conseil D\u00e9partemental des Vosges\r\n\r\n<strong>10h15<\/strong>\u00a0 |\u00a0\u00a0<strong>Quelles donn\u00e9es pour d\u00e9crire son territoire et son \u00e9volution ? Retours d\u2019exp\u00e9riences<\/strong>\r\n<ul>\r\n \t<li><em>Faites connaissance avec votre territoire sous l\u2019angle des donn\u00e9es !<\/em>\r\nEmmanuel Garbe - Direction D\u00e9partementale des Territoires (DDT 88)\r\nPanorama des diff\u00e9rents portails et donn\u00e9es accessibles pour constituer des portraits de territoire (G\u00e9oportail, INSEE, ANCT, etc.).\r\n-&gt; <a href=\"\/site\/wp-content\/uploads\/2025\/11\/2023_jvd_panorama_differents_portails.pdf\">Lire la pr\u00e9sentation<\/a><\/li>\r\n \t<li><em>Le cadastre, une ressource indispensable<\/em>\r\nDavid Laurent - Conseil d\u00e9partemental des Vosges (CD 88)\r\nQuelques utilisations des donn\u00e9es cadastrales, vers une plateforme de mise \u00e0 disposition des donn\u00e9es MAJIC.\r\n-&gt; <a href=\"\/site\/wp-content\/uploads\/2025\/11\/2023_jvd_cadastre.pdf\">Lire la pr\u00e9sentation<\/a><\/li>\r\n \t<li><em>Territoires \u00e0 la loupe : l'int\u00e9r\u00eat des photographies a\u00e9riennes, Lidar HD<\/em>\r\nProsper Rakotovao - Communaut\u00e9 d'agglom\u00e9ration d'Epinal\r\nGr\u00e2ce \u00e0 la d\u00e9marche de la CAE (en partenariat avec Enedis, Suez et SDEV88), des images et donn\u00e9es \u00e0 tr\u00e8s haute r\u00e9solution du territoire sont disponibles. Quels usages pour ces donn\u00e9es ?<\/li>\r\n \t<li><em>Pourtant, que la for\u00eat est belle... quels outils pour la pr\u00e9server ?<\/em>\r\nGwenael Menguy (SDIS 88) et G\u00e9rard Blin (IGN)\r\nPr\u00e9sentation de la BD foresti\u00e8re, importance des donn\u00e9es pour mieux conna\u00eetre la for\u00eat et la prot\u00e9ger contre les incendies.\r\n-&gt; <a href=\"\/site\/wp-content\/uploads\/2025\/11\/2023_jvd_bd_foret.pdf\">Lire la pr\u00e9sentation<\/a><\/li>\r\n \t<li><em>Ici, on vient comme on peut... comment contribuer \u00e0 une meilleure connaissance des solutions de mobilit\u00e9 durable ?<\/em>\r\nTristan Boursico - R\u00e9gion Grand Est\r\nPourquoi et comment alimenter la plateforme FLUO\u00a0?\r\n-&gt; <a href=\"\/site\/wp-content\/uploads\/2025\/11\/2023_jvd_mobilite_fluo.pdf\">Lire la pr\u00e9sentation<\/a><\/li>\r\n \t<li><em>Inconnu \u00e0 cette adresse ? Plus pour longtemps gr\u00e2ce aux bases adresses nationale et locales<\/em>\r\nJules Saur - Beta.gouv\r\nPr\u00e9sentation des Bases Adresses Locales (BAL) et de la Base Adresses Nationale (BAN), et des outils pour les alimenter<\/li>\r\n<\/ul>\r\n<strong>12h15<\/strong>\u00a0 |\u00a0\u00a0<strong>DataGrandEst, votre partenaire donn\u00e9es<\/strong>\r\n\r\nDynamique mise en \u0153uvre par l\u2019\u00c9tat et la R\u00e9gion Grand Est pour d\u00e9velopper la coop\u00e9ration r\u00e9gionale en mati\u00e8re de production, de partage et de valorisation de donn\u00e9es.\r\nDataGrandEst est \u00e0 votre service : quels sont ses principes de fonctionnement et que peut vous apporter cette dynamique ? R\u00e9ponses pratiques.\r\n-&gt; <a href=\"\/site\/wp-content\/uploads\/2025\/11\/2023_jvd_datagrandest.pdf\">Lire la pr\u00e9sentation<\/a>\r\n\r\n<strong>12h40<\/strong>\u00a0 |\u00a0\u00a0<strong>D\u00e9jeuner, animations et d\u00e9monstrations<\/strong>\r\n\r\n<strong>14h00\u00a0<\/strong> |\u00a0 <strong>2 ateliers en parall\u00e8le<\/strong>\r\n<ul>\r\n \t<li>Des donn\u00e9es pour am\u00e9nager et piloter vos territoires !Atelier anim\u00e9 par Eric Tschudy, DREAL Grand Est\r\nAvec J\u00e9r\u00f4me St\u00e9fanka, Carole Tanazacq - Conseil D\u00e9partemental des Vosges (CD 88)\r\nProsper Rakotovao - Communaut\u00e9 d\u2019Agglom\u00e9ration d\u2019\u00c9pinal\r\n=&gt; Ateliers pratiques sur les tableaux de bord d\u00e9cisionnels et la data visualisation : de quoi vous aider \u00e0 faire vos premiers pas.<\/li>\r\n \t<li>Occupation du sol : un\u00a0r\u00e9f\u00e9rentiel de donn\u00e9es unique et des indicateurs\u00a0au service des grands enjeux de la ma\u00eetrise fonci\u00e8reAtelier anim\u00e9 par Marie Christine Schott - R\u00e9gion Grand Est\r\nAvec Guillaume Ryckelynck, coordinateur DataGrandEst \u2013 R\u00e9gion Grand Est\r\n=&gt; D\u00e9couvrez les indicateurs et chiffres cl\u00e9s sur la consommation de vos espaces, ainsi que des outils simples pour les consulter !<\/li>\r\n<\/ul>\r\n<strong>15h30<\/strong>\u00a0 |\u00a0\u00a0<strong>Rapports des ateliers et conclusion<\/strong>","eve_lieu":"","eve_date":"20230613","eve_date_fin":"20230613","eve_heure_de_debut":"09:30:00","eve_heure_de_fin":"09:30:00","eve_pour_aller_plus_loin":"","eve_animation":true,"glo_image":922,"glo_intro":"","glo_car_surcharge_titre":"","glo_car_surcharge_lien":""},"yoast_head":"<!-- This site is optimized with the Yoast SEO plugin v27.4 - https:\/\/yoast.com\/product\/yoast-seo-wordpress\/ -->\n<title>Journ\u00e9e d\u00e9partementale des donn\u00e9es des Vosges - DataGrandEst<\/title>\n<meta name=\"robots\" content=\"index, follow, max-snippet:-1, max-image-preview:large, max-video-preview:-1\" \/>\n<link rel=\"canonical\" href=\"https:\/\/www.datagrandest.fr\/site\/evenement\/journee-departementale-des-donnees-des-vosges\/\" \/>\n<meta property=\"og:locale\" content=\"fr_FR\" \/>\n<meta property=\"og:type\" content=\"article\" \/>\n<meta property=\"og:title\" content=\"Journ\u00e9e d\u00e9partementale des donn\u00e9es des Vosges - DataGrandEst\" \/>\n<meta property=\"og:url\" content=\"https:\/\/www.datagrandest.fr\/site\/evenement\/journee-departementale-des-donnees-des-vosges\/\" \/>\n<meta property=\"og:site_name\" content=\"DataGrandEst\" \/>\n<meta property=\"article:modified_time\" content=\"2026-03-30T08:53:30+00:00\" \/>\n<meta name=\"twitter:card\" content=\"summary_large_image\" \/>\n<meta name=\"twitter:label1\" content=\"Dur\u00e9e de lecture estim\u00e9e\" \/>\n\t<meta name=\"twitter:data1\" content=\"4 minutes\" \/>\n<script type=\"application\/ld+json\" class=\"yoast-schema-graph\">{\"@context\":\"https:\\\/\\\/schema.org\",\"@graph\":[{\"@type\":\"WebPage\",\"@id\":\"https:\\\/\\\/www.datagrandest.fr\\\/site\\\/evenement\\\/journee-departementale-des-donnees-des-vosges\\\/\",\"url\":\"https:\\\/\\\/www.datagrandest.fr\\\/site\\\/evenement\\\/journee-departementale-des-donnees-des-vosges\\\/\",\"name\":\"Journ\u00e9e d\u00e9partementale des donn\u00e9es des Vosges - DataGrandEst\",\"isPartOf\":{\"@id\":\"https:\\\/\\\/www.datagrandest.fr\\\/site\\\/#website\"},\"datePublished\":\"2022-12-13T02:25:34+00:00\",\"dateModified\":\"2026-03-30T08:53:30+00:00\",\"breadcrumb\":{\"@id\":\"https:\\\/\\\/www.datagrandest.fr\\\/site\\\/evenement\\\/journee-departementale-des-donnees-des-vosges\\\/#breadcrumb\"},\"inLanguage\":\"fr-FR\",\"potentialAction\":[{\"@type\":\"ReadAction\",\"target\":[\"https:\\\/\\\/www.datagrandest.fr\\\/site\\\/evenement\\\/journee-departementale-des-donnees-des-vosges\\\/\"]}]},{\"@type\":\"BreadcrumbList\",\"@id\":\"https:\\\/\\\/www.datagrandest.fr\\\/site\\\/evenement\\\/journee-departementale-des-donnees-des-vosges\\\/#breadcrumb\",\"itemListElement\":[{\"@type\":\"ListItem\",\"position\":1,\"name\":\"Accueil\",\"item\":\"https:\\\/\\\/www.datagrandest.fr\\\/site\\\/\"},{\"@type\":\"ListItem\",\"position\":2,\"name\":\"\u00c9v\u00e9nements\",\"item\":\"https:\\\/\\\/www.datagrandest.fr\\\/site\\\/evenement\\\/\"},{\"@type\":\"ListItem\",\"position\":3,\"name\":\"Journ\u00e9e d\u00e9partementale des donn\u00e9es des Vosges\"}]},{\"@type\":\"WebSite\",\"@id\":\"https:\\\/\\\/www.datagrandest.fr\\\/site\\\/#website\",\"url\":\"https:\\\/\\\/www.datagrandest.fr\\\/site\\\/\",\"name\":\"DataGrandEst\",\"description\":\"\",\"potentialAction\":[{\"@type\":\"SearchAction\",\"target\":{\"@type\":\"EntryPoint\",\"urlTemplate\":\"https:\\\/\\\/www.datagrandest.fr\\\/site\\\/?s={search_term_string}\"},\"query-input\":{\"@type\":\"PropertyValueSpecification\",\"valueRequired\":true,\"valueName\":\"search_term_string\"}}],\"inLanguage\":\"fr-FR\"}]}<\/script>\n<!-- \/ Yoast SEO plugin. -->","yoast_head_json":{"title":"Journ\u00e9e d\u00e9partementale des donn\u00e9es des Vosges - DataGrandEst","robots":{"index":"index","follow":"follow","max-snippet":"max-snippet:-1","max-image-preview":"max-image-preview:large","max-video-preview":"max-video-preview:-1"},"canonical":"https:\/\/www.datagrandest.fr\/site\/evenement\/journee-departementale-des-donnees-des-vosges\/","og_locale":"fr_FR","og_type":"article","og_title":"Journ\u00e9e d\u00e9partementale des donn\u00e9es des Vosges - DataGrandEst","og_url":"https:\/\/www.datagrandest.fr\/site\/evenement\/journee-departementale-des-donnees-des-vosges\/","og_site_name":"DataGrandEst","article_modified_time":"2026-03-30T08:53:30+00:00","twitter_card":"summary_large_image","twitter_misc":{"Dur\u00e9e de lecture estim\u00e9e":"4 minutes"},"schema":{"@context":"https:\/\/schema.org","@graph":[{"@type":"WebPage","@id":"https:\/\/www.datagrandest.fr\/site\/evenement\/journee-departementale-des-donnees-des-vosges\/","url":"https:\/\/www.datagrandest.fr\/site\/evenement\/journee-departementale-des-donnees-des-vosges\/","name":"Journ\u00e9e d\u00e9partementale des donn\u00e9es des Vosges - DataGrandEst","isPartOf":{"@id":"https:\/\/www.datagrandest.fr\/site\/#website"},"datePublished":"2022-12-13T02:25:34+00:00","dateModified":"2026-03-30T08:53:30+00:00","breadcrumb":{"@id":"https:\/\/www.datagrandest.fr\/site\/evenement\/journee-departementale-des-donnees-des-vosges\/#breadcrumb"},"inLanguage":"fr-FR","potentialAction":[{"@type":"ReadAction","target":["https:\/\/www.datagrandest.fr\/site\/evenement\/journee-departementale-des-donnees-des-vosges\/"]}]},{"@type":"BreadcrumbList","@id":"https:\/\/www.datagrandest.fr\/site\/evenement\/journee-departementale-des-donnees-des-vosges\/#breadcrumb","itemListElement":[{"@type":"ListItem","position":1,"name":"Accueil","item":"https:\/\/www.datagrandest.fr\/site\/"},{"@type":"ListItem","position":2,"name":"\u00c9v\u00e9nements","item":"https:\/\/www.datagrandest.fr\/site\/evenement\/"},{"@type":"ListItem","position":3,"name":"Journ\u00e9e d\u00e9partementale des donn\u00e9es des Vosges"}]},{"@type":"WebSite","@id":"https:\/\/www.datagrandest.fr\/site\/#website","url":"https:\/\/www.datagrandest.fr\/site\/","name":"DataGrandEst","description":"","potentialAction":[{"@type":"SearchAction","target":{"@type":"EntryPoint","urlTemplate":"https:\/\/www.datagrandest.fr\/site\/?s={search_term_string}"},"query-input":{"@type":"PropertyValueSpecification","valueRequired":true,"valueName":"search_term_string"}}],"inLanguage":"fr-FR"}]}},"_links":{"self":[{"href":"https:\/\/www.datagrandest.fr\/site\/wp-json\/wp\/v2\/evenement\/1466","targetHints":{"allow":["GET"]}}],"collection":[{"href":"https:\/\/www.datagrandest.fr\/site\/wp-json\/wp\/v2\/evenement"}],"about":[{"href":"https:\/\/www.datagrandest.fr\/site\/wp-json\/wp\/v2\/types\/evenement"}],"version-history":[{"count":3,"href":"https:\/\/www.datagrandest.fr\/site\/wp-json\/wp\/v2\/evenement\/1466\/revisions"}],"predecessor-version":[{"id":3970,"href":"https:\/\/www.datagrandest.fr\/site\/wp-json\/wp\/v2\/evenement\/1466\/revisions\/3970"}],"wp:attachment":[{"href":"https:\/\/www.datagrandest.fr\/site\/wp-json\/wp\/v2\/media?parent=1466"}],"wp:term":[{"taxonomy":"periode","embeddable":true,"href":"https:\/\/www.datagrandest.fr\/site\/wp-json\/wp\/v2\/periode?post=1466"},{"taxonomy":"source","embeddable":true,"href":"https:\/\/www.datagrandest.fr\/site\/wp-json\/wp\/v2\/source?post=1466"},{"taxonomy":"thematique_globale","embeddable":true,"href":"https:\/\/www.datagrandest.fr\/site\/wp-json\/wp\/v2\/thematique_globale?post=1466"},{"taxonomy":"type_evenement","embeddable":true,"href":"https:\/\/www.datagrandest.fr\/site\/wp-json\/wp\/v2\/type_evenement?post=1466"}],"curies":[{"name":"wp","href":"https:\/\/api.w.org\/{rel}","templated":true}]}}