{"id":1475,"date":"2022-12-13T02:58:30","date_gmt":"2022-12-13T01:58:30","guid":{"rendered":"https:\/\/dev.datagrandest.fr\/site\/evenement\/webinaire-tout-savoir-sur-les-adresses-dans-ma-collectivite\/"},"modified":"2026-04-16T14:17:05","modified_gmt":"2026-04-16T12:17:05","slug":"webinaire-tout-savoir-sur-les-adresses-dans-ma-collectivite","status":"publish","type":"evenement","link":"https:\/\/www.datagrandest.fr\/site\/evenement\/webinaire-tout-savoir-sur-les-adresses-dans-ma-collectivite\/","title":{"rendered":"Webinaire : Tout savoir sur les adresses dans ma collectivit\u00e9 !"},"template":"","meta":{"_acf_changed":false,"_relevanssi_hide_post":"","_relevanssi_hide_content":"","_relevanssi_pin_for_all":"","_relevanssi_pin_keywords":"","_relevanssi_unpin_keywords":"","_relevanssi_related_keywords":"","_relevanssi_related_include_ids":"","_relevanssi_related_exclude_ids":"","_relevanssi_related_no_append":"","_relevanssi_related_not_related":"","_relevanssi_related_posts":"","_relevanssi_noindex_reason":""},"periode":[210],"source":[],"thematique_globale":[],"type_evenement":[145],"class_list":["post-1475","evenement","type-evenement","status-publish","hentry","periode-210","type_evenement-webinaire"],"acf":{"eve_description_courte":"","eve_description_longue":"<h3 class=\"rtecenter\">Tout savoir sur les adresses dans ma collectivit\u00e9 !<\/h3>\r\n<h3>Date<\/h3>\r\n<span style=\"font-size: 16px;\">Jeudi 2 f\u00e9vrier 2022<\/span>\r\n\r\n<span style=\"font-size: 16px;\">De 11h00 \u00e0 12h00<\/span>\r\n<h3>Lieu de l'\u00e9v\u00e8nement<\/h3>\r\n<span style=\"font-size: 16px;\">Cet \u00e9v\u00e9nement se pr\u00e9sentera sous forme de webinaire<\/span>\r\n<h3>Programme<\/h3>\r\nDepuis 2022, les communes et leurs EPCI sont de nouveau au centre des enjeux pour produire, mettre \u00e0 jour, et diffuser leurs donn\u00e9es relatives aux adresses (processus d'adressage). La loi 3DS (21 f\u00e9vrier 2022) indique clairement que le conseil municipal est en charge des d\u00e9nominations des voies et lieux-dits et de leur num\u00e9rotation. C\u2019est une obligation pour toutes les communes.\r\n\r\nO\u00f9 en sommes-nous dans le Grand-Est aujourd'hui ? Quelles ressources documentaires et quels outils sont disponibles pour faciliter ce processus d'adressage ? Quel appui pour les petites communes ? Que peut vous apporter DataGrandEst ?\r\n\r\nAutant de questions auxquelles nous allons essayer de r\u00e9pondre au cours de ce webinaire.\r\n<ul>\r\n \t<li>Pr\u00e9sentation de la Base Adresse Nationale (BAN) et de ses usages - <strong>Olivier DEITEL (DINUM)<\/strong><\/li>\r\n \t<li>Le Programme BAL (Base Adresse Locale), accompagner les communes dans l'adressage - <strong>Jules SAUR (ANCT)<\/strong><\/li>\r\n \t<li>Publier sa Base Adresse Locale : la Communaut\u00e9 de Communes de la R\u00e9gion de Molsheim-Mutzig accompagne ses 18 communes membres - <strong>K\u00e9vin DABERT (Communaut\u00e9 de communes de Molsheim-Mutzig)<\/strong><\/li>\r\n<\/ul>","eve_lieu":"","eve_date":"20230202","eve_date_fin":"20230202","eve_heure_de_debut":"11:00:00","eve_heure_de_fin":"12:00:00","eve_pour_aller_plus_loin":"<u>A noter\u00a0<\/u>: les pr\u00e9sentations ci-dessous sont diffus\u00e9es \u00e0 partir de la cha\u00eene YouTube DataGrandEst. Si vous rencontrez des difficult\u00e9s pour les visionner, nous vous invitons \u00e0 utiliser les liens \"T\u00e9l\u00e9charger la vid\u00e9o\".\r\n<h3>Regarder le webinaire complet<\/h3>\r\n<div class=\"row\">\r\n<div class=\"col-sm-6 col-md-6\">\r\n<div class=\"thumbnail\">\r\n<div class=\"caption\">\r\n<p class=\"rtecenter\"><a href=\"https:\/\/www.youtube.com\/embed\/EBDaeq_7YFY\">Webinaire complet<\/a><\/p>\r\n\r\n<\/div>\r\n<\/div>\r\n<\/div>\r\n<\/div>\r\n<h3>Ou choisir une vid\u00e9o selon l'intervention<\/h3>\r\n<div class=\"row\">\r\n<div class=\"col-sm-6 col-md-6\">\r\n<div class=\"thumbnail\">\r\n<div class=\"caption\">\r\n<p class=\"rtecenter\">Pr\u00e9sentation de la Base Adresse Nationale (BAN) et de ses usages\r\n<strong>Olivier DELTEIL - DINUM<\/strong><\/p>\r\n\r\n<\/div>\r\n<div class=\"caption\">\r\n<p class=\"rtecenter\"><a href=\"https:\/\/www.youtube.com\/embed\/s7YiJttIpv0\" target=\"_blank\" rel=\"noopener\">T\u00e9l\u00e9charger la vid\u00e9o<\/a><\/p>\r\n\r\n<\/div>\r\n<\/div>\r\n<\/div>\r\n<div class=\"col-sm-6 col-md-6\">\r\n<div class=\"thumbnail\">\r\n<div class=\"caption\">\r\n<p class=\"rtecenter\">Le Programme BAL (Base Adresse Locale), accompagner les communes dans l'adressage\r\n<strong>Jules SAUR - ANCT<\/strong><\/p>\r\n\r\n<\/div>\r\n<div class=\"caption\">\r\n<p class=\"rtecenter\"><a href=\"https:\/\/www.youtube.com\/embed\/U3Dfp0XVS_4\" target=\"_blank\" rel=\"noopener\">T\u00e9l\u00e9charger la vid\u00e9o<\/a><\/p>\r\n\r\n<\/div>\r\n<\/div>\r\n<\/div>\r\n<\/div>\r\n<div class=\"row\">\r\n<div class=\"col-sm-6 col-md-6\">\r\n<div class=\"thumbnail\">\r\n<div class=\"caption\">\r\n<p class=\"rtecenter\">Publier sa Base Adresse Locale : la Communaut\u00e9 de Communes de la R\u00e9gion de Molsheim-Mutzig accompagne ses 18 communes membres\r\n<strong>K\u00e9vin DABERT - Communaut\u00e9 de communes de Molsheim-Mutzig<\/strong><\/p>\r\n\r\n<\/div>\r\n<div class=\"caption\">\r\n<p class=\"rtecenter\"><a href=\"https:\/\/www.youtube.com\/embed\/7qEODYW9JFg\" target=\"_blank\" rel=\"noopener\">T\u00e9l\u00e9charger la vid\u00e9o<\/a><\/p>\r\n\r\n<h3>FAQ<\/h3>\r\n<div class=\"panel panel-primary\">\r\n<div id=\"headingOne\" class=\"panel-heading\" role=\"tab\">\r\n<h4 class=\"panel-title\"><span class=\"glyphicon glyphicon-chevron-down\">\u00a0<\/span>Les points d'adresses de ma commune issus du Guichet Adresses sont certifi\u00e9s mais non issus de BAL et apparaissent en vert dans l'explorateur BAL. Est-ce normal ?<\/h4>\r\n<\/div>\r\n<div id=\"collapse-guichet\" class=\"panel-collapse collapse in\" role=\"tabpanel\" aria-labelledby=\"headingOne\" aria-expanded=\"true\">\r\n<div class=\"panel-body\">\r\n\r\nLes adresses provenant du Guichet Adresses ont \u00e9t\u00e9 import\u00e9es dans la BAN certifi\u00e9es car elles proviennent d'un travail avec les communes. Cela ne remplace pas la publication de la BAL (obligation li\u00e9e \u00e0 la loi 3DS). Si vous souhaitez obtenir les adresses du Guichet toutes seules comme point de d\u00e9part de la BAL, n'h\u00e9sitez pas \u00e0 contacter :\u00a0<a href=\"mailto:adresse@data.gouv.fr\">adresse@data.gouv.fr<\/a>\r\n\r\n<\/div>\r\n<\/div>\r\n<\/div>\r\n<div class=\"panel panel-primary\">\r\n<div id=\"headingTwo\" class=\"panel-heading\" role=\"tab\">\r\n<h4 class=\"panel-title\"><span class=\"glyphicon glyphicon-chevron-down\">\u00a0<\/span>Au niveau national, avez-vous pr\u00e9vu de re-contacter les entreprises (Google, Waze, G\u00e9ovelo - ils se basent sur Google\u2026) pour qu'ils mettent \u00e0 jours leur bases de donn\u00e9es ?<\/h4>\r\n<\/div>\r\n<div id=\"collapse-contactpourMAJ\" class=\"panel-collapse collapse in\" role=\"tabpanel\" aria-labelledby=\"headingTwo\" aria-expanded=\"true\">\r\n<div class=\"panel-body\">\r\n\r\nNous sommes en contact avec eux et les \u00e9changeons r\u00e9guli\u00e8rement pour connaitre leurs feuilles de route de mise \u00e0 jour. Nous communiquons sur le sujet \u00e0 travers de notre infolettre mensuelle.\r\n\r\n<\/div>\r\n<\/div>\r\n<\/div>\r\n<div class=\"panel panel-primary\">\r\n<div id=\"headingTwo\" class=\"panel-heading\" role=\"tab\">\r\n<h4 class=\"panel-title\"><span class=\"glyphicon glyphicon-chevron-down\">\u00a0<\/span>Ma commune est en p\u00e9riode de recensement et n'a pas de BAL, cela aurait pu \u00eatre l'occasion de contribuer \u00e0 la BAL. Qu'en pensez-vous ?\r\nA noter que cela ne parait cependant pas simple car l'adresse figurant sur l'enveloppe du recensement n'est pas correcte...<\/h4>\r\n<\/div>\r\n<div id=\"collapse-recensement\" class=\"panel-collapse collapse in\" role=\"tabpanel\" aria-labelledby=\"headingTwo\" aria-expanded=\"true\">\r\n<div class=\"panel-body\">\r\n\r\nPour pouvoir vous r\u00e9pondre il nous faudrait savoir combien il y a d'habitants dans votre commune.\r\nN'h\u00e9sitez pas \u00e0 contacter :\u00a0<a href=\"mailto:adresse@data.gouv.fr\">adresse@data.gouv.fr<\/a>\u00a0pour corriger toute erreur d'adresse.\r\n\r\n<\/div>\r\n<\/div>\r\n<\/div>\r\n<div class=\"panel panel-primary\">\r\n<div id=\"headingTwo\" class=\"panel-heading\" role=\"tab\">\r\n<h4 class=\"panel-title\"><span class=\"glyphicon glyphicon-chevron-down\">\u00a0<\/span>Comment se fait-il que des op\u00e9rateurs de t\u00e9l\u00e9com aient cr\u00e9\u00e9s des adresses dans la BAN pour des communes sans BAL ?<\/h4>\r\n<\/div>\r\n<div id=\"collapse-telecom\" class=\"panel-collapse collapse in\" role=\"tabpanel\" aria-labelledby=\"headingTwo\" aria-expanded=\"true\">\r\n<div class=\"panel-body\">\r\n\r\nAujourd'hui les BAL ne couvrent pas toutes les France. Cet assemblage par d\u00e9faut permet de proposer des adresses quand il n'y a pas de BAL. Il permet \u00e9galement un point de d\u00e9part pour la BAL pour les communes au lieu de partir de z\u00e9ro.\r\nD\u00e8s qu'une BAL est publi\u00e9e elle devient la source unique d'adresse dans la BAN (et remplace l'assemblage).\r\nPlus d'infos par\u00a0<a href=\"https:\/\/adresse.data.gouv.fr\/donnees-nationales\" target=\"_blank\" rel=\"noopener\">ici<\/a>\r\n\r\n<\/div>\r\n<\/div>\r\n<\/div>\r\n<div class=\"panel panel-primary\">\r\n<div id=\"headingTwo\" class=\"panel-heading\" role=\"tab\">\r\n<h4 class=\"panel-title\"><span class=\"glyphicon glyphicon-chevron-down\">\u00a0<\/span>Pouvez-vous nous en dire plus sur l'identifiant unique en cours d'\u00e9laboration ?<\/h4>\r\n<\/div>\r\n<div id=\"collapse-identifiant\" class=\"panel-collapse collapse in\" role=\"tabpanel\" aria-labelledby=\"headingTwo\" aria-expanded=\"true\">\r\n<div class=\"panel-body\">\r\n\r\nUn identifiant unique et stable est en cours d'\u00e9laboration. Il ne sera plus d\u00e9pendant d'identifiant tier (aujourd'hui le code Rivoli). Un \"Adresse-Lab\", \u00e9v\u00e9nement d'information et d'\u00e9change avec les parties prenantes producteurs et utilisateurs, est programm\u00e9 le 14 f\u00e9vrier prochain.\u00a0<a href=\"https:\/\/adresse.data.gouv.fr\/evenements\" target=\"_blank\" rel=\"noopener\">Vous inscrire<\/a>\r\n\r\n<\/div>\r\n<\/div>\r\n<\/div>\r\n<div class=\"panel panel-primary\">\r\n<div id=\"headingTwo\" class=\"panel-heading\" role=\"tab\">\r\n<h4 class=\"panel-title\"><span class=\"glyphicon glyphicon-chevron-down\">\u00a0<\/span>OComment acc\u00e9der \u00e0 un \u00e9tat des lieux des BAL sur un p\u00e9rim\u00e8tre particulier ?<\/h4>\r\n<\/div>\r\n<div id=\"collapse-etatlieux\" class=\"panel-collapse collapse in\" role=\"tabpanel\" aria-labelledby=\"headingTwo\" aria-expanded=\"true\">\r\n<div class=\"panel-body\">\r\n\r\nLe bilan national est consultable\u00a0<a href=\"https:\/\/adresse.data.gouv.fr\/deploiement-bal\" target=\"_blank\" rel=\"noopener\">ici.<\/a>\r\nIl existe aussi une autre carte, qui montre les BAL faites avec Mes Adresses :<a href=\"https:\/\/mes-adresses.data.gouv.fr\/dashboard\/departement\/68\" target=\"_blank\" rel=\"noopener\">\u00a0par exemple sur le Haut-Rhin :<\/a>\r\n\r\n<\/div>\r\n<\/div>\r\n<\/div>\r\n<div class=\"panel panel-primary\">\r\n<div id=\"headingTwo\" class=\"panel-heading\" role=\"tab\">\r\n<h4 class=\"panel-title\"><span class=\"glyphicon glyphicon-chevron-down\">\u00a0<\/span>La commune a la bonne adresse, tous les outils du gouvernement sont justes mais les livreurs, amis, polices, autres services se basent sur Google Maps, Waze, Geovelo... qui sont tous faux ! Que faire ?<\/h4>\r\n<\/div>\r\n<div id=\"collapse-mauvaiseadressegoogle\" class=\"panel-collapse collapse in\" role=\"tabpanel\" aria-labelledby=\"headingTwo\" aria-expanded=\"true\">\r\n<div class=\"panel-body\">\r\n\r\nLe plus simple est de contacter directement l'adresse :\u00a0<a href=\"mailto:adresse@data.gouv.fr\">adresse@data.gouv.fr<\/a>\r\n\r\n<\/div>\r\n<\/div>\r\n<\/div>\r\n<div class=\"panel panel-primary\">\r\n<div id=\"headingTwo\" class=\"panel-heading\" role=\"tab\">\r\n<h4 class=\"panel-title\"><span class=\"glyphicon glyphicon-chevron-down\">\u00a0<\/span>Comment cr\u00e9er une nouvelle rue et une adresse sachant que je n'ai pas le code rivoli de la rue apr\u00e8s d\u00e9lib\u00e9ration du conseil municipal ?<\/h4>\r\n<\/div>\r\n<div id=\"collapse-nouvelleadresse\" class=\"panel-collapse collapse in\" role=\"tabpanel\" aria-labelledby=\"headingTwo\" aria-expanded=\"true\">\r\n<div class=\"panel-body\">\r\n\r\nIl n'est pas n\u00e9cessaire de connaitre le code rivoli pour cr\u00e9er une nouvelle voie. Le code Rivoli est une comp\u00e9tence de la DGFiP et non de la commune.\u00a0<a href=\"https:\/\/aitf-sig-topo.github.io\/voies-adresses\/files\/AITF_SIG_Topo_Format_Base_Adresse_Locale_v1.3.pdf\" target=\"_blank\" rel=\"noopener\">Voir la r\u00e9f\u00e9rence du format BAL,<\/a>\u00a0page 9.\r\n\r\n<\/div>\r\n<\/div>\r\n<\/div>\r\n<div class=\"panel panel-primary\">\r\n<div id=\"headingTwo\" class=\"panel-heading\" role=\"tab\">\r\n<h4 class=\"panel-title\"><span class=\"glyphicon glyphicon-chevron-down\">\u00a0<\/span>La num\u00e9rotation m\u00e9trique n'est-elle pas dor\u00e9navant pr\u00e9conis\u00e9e pour la mise en oeuvre de nouvelles adresses li\u00e9es \u00e0 des divisions de terrain par exemple ?<\/h4>\r\n<\/div>\r\n<div id=\"collapse-numerotation\" class=\"panel-collapse collapse in\" role=\"tabpanel\" aria-labelledby=\"headingTwo\" aria-expanded=\"true\">\r\n<div class=\"panel-body\">\r\n\r\nLa num\u00e9rotation m\u00e9trique peut \u00eatre pertinente sur les voies o\u00f9 les maisons sont tr\u00e8s espac\u00e9es entre elles pour permettre de toujours avoir des num\u00e9ros de disponibles et \u00e9viter trop de suffixes (bis, ter, a, b, c, ..). Autrement, il est conseill\u00e9 de garder la num\u00e9rotation classique pour ne pas perturber l'existant. Cf :\u00a0<a href=\"https:\/\/guide-bonnes-pratiques.adresse.data.gouv.fr\/gestion-des-positions\/principales-positions-de-numeros-en-numerotation-metrique\" target=\"_blank\" rel=\"noopener\">Guide des bonnes pratiques.<\/a>\r\n\r\n<\/div>\r\n<\/div>\r\n<\/div>\r\n<div class=\"panel panel-primary\">\r\n<div id=\"headingTwo\" class=\"panel-heading\" role=\"tab\">\r\n<h4 class=\"panel-title\"><span class=\"glyphicon glyphicon-chevron-down\">\u00a0<\/span>Serait-il possible de publier une carte de l'\u00e9tat du d\u00e9ploiement avec les DOM ?<\/h4>\r\n<\/div>\r\n<div id=\"collapse-dom\" class=\"panel-collapse collapse in\" role=\"tabpanel\" aria-labelledby=\"headingTwo\" aria-expanded=\"true\">\r\n<div class=\"panel-body\">\r\n\r\nLes DOM sont d\u00e9j\u00e0 pr\u00e9sents sur\u00a0<a href=\"https:\/\/mes-adresses.data.gouv.fr\/dashboard\/departement\/972\" target=\"_blank\" rel=\"noopener\">mes-adresses.data.gouv.fr\u00a0<\/a>(m\u00eame si pas tout \u00e0 fait visible au premier abord)\r\n\r\n<\/div>\r\n<\/div>\r\n<\/div>\r\n<div class=\"panel panel-primary\">\r\n<div id=\"headingTwo\" class=\"panel-heading\" role=\"tab\">\r\n<h4 class=\"panel-title\"><span class=\"glyphicon glyphicon-chevron-down\">\u00a0<\/span>Est-il possible de modifier une adresse lors de la cr\u00e9ation de la BAL, lorsqu'il y a eu une erreur de saisie dans la d\u00e9nomination de rue ?<\/h4>\r\n<\/div>\r\n<div id=\"collapse-modifieradresse\" class=\"panel-collapse collapse in\" role=\"tabpanel\" aria-labelledby=\"headingTwo\" aria-expanded=\"true\">\r\n<div class=\"panel-body\">\r\n\r\nLa BAL peut \u00eatre modifi\u00e9e \u00e0 tout moment, m\u00eame apr\u00e8s la publication et la certification.\r\n\r\n<\/div>\r\n<\/div>\r\n<\/div>\r\n<div class=\"panel panel-primary\">\r\n<div id=\"headingTwo\" class=\"panel-heading\" role=\"tab\">\r\n<h4 class=\"panel-title\"><span class=\"glyphicon glyphicon-chevron-down\">\u00a0<\/span>La position g\u00e9ographique d'une adresse doit-elle \u00eatre au centre du batiment ou a une autre position (ex.: porte d'entr\u00e9e, trottoir, etc.) ?<\/h4>\r\n<\/div>\r\n<div id=\"collapse-positiongeo\" class=\"panel-collapse collapse in\" role=\"tabpanel\" aria-labelledby=\"headingTwo\" aria-expanded=\"true\">\r\n<div class=\"panel-body\">\r\n\r\nLa position par d\u00e9fault est l'entr\u00e9 au niveau de l'acc\u00e8s \u00e0 la rue (s\u00e9paration publique\/priv\u00e9), mais la commune dispose de beaucoup de libert\u00e9 pour adapter son adressage aux contraintes locales. Il y a autant de mani\u00e8re d'adresser que de communes en France. L'id\u00e9e c'est que la BAL servent avant tout les int\u00e9r\u00eats des administr\u00e9s de la commune. Plusieurs positionnement peuvent \u00eatre ajout\u00e9s pour une m\u00eame adresse.\r\n\r\n<\/div>\r\n<\/div>\r\n<\/div>\r\n<div class=\"panel panel-primary\">\r\n<div id=\"headingTwo\" class=\"panel-heading\" role=\"tab\">\r\n<h4 class=\"panel-title\"><span class=\"glyphicon glyphicon-chevron-down\">\u00a0<\/span>Sous reserve de signature de\u00a0la Charte de la Base Adresse Locale\u00a0, est qu'un EPCI peut verser des BAL dans la BAN pour le compte des communes sans validation des communes (code \u00e0 saisir envoy\u00e9 \u00e0 l'email g\u00e9n\u00e9rique de la commune).<\/h4>\r\n<\/div>\r\n<div id=\"collapse-EPCI\" class=\"panel-collapse collapse in\" role=\"tabpanel\" aria-labelledby=\"headingTwo\" aria-expanded=\"true\">\r\n<div class=\"panel-body\">\r\n\r\nUn EPCI peut tout \u00e0 fait publier pour le compte des communes. Il faut simplement que les communes soient au courant que l'adressage est d\u00e9l\u00e9gu\u00e9 dans la pratique. Pour publier \u00e0 leur place nous demandons \u00e0 l'EPCI de rejoindre la Charte pour simplifier la gouvernance de la BAL (c'est aussi une communaut\u00e9 de partage autour de l'adresse).\r\n\r\n<\/div>\r\n<\/div>\r\n<\/div>\r\n<div class=\"panel panel-primary\">\r\n<div id=\"headingTwo\" class=\"panel-heading\" role=\"tab\">\r\n<h4 class=\"panel-title\"><a class=\"\" role=\"button\" href=\"https:\/\/web.archive.org\/web\/20250714061906\/https:\/\/www.datagrandest.fr\/portail\/fr\/ressources\/tout-savoir-sur-adresses-dans-ma-collectivite#collapse-temoignage\" aria-controls=\"collapse-temoignage\" aria-expanded=\"true\" data-parent=\"#accordion\" data-toggle=\"collapse\"><span class=\"glyphicon glyphicon-chevron-down\">\u00a0<\/span><\/a>Ce t\u00e9moignage\u00a0m'interroge : un \u00e9lu devrait avoir connaissance des adresses attribu\u00e9es dans sa commune sans avoir \u00e0 les v\u00e9rifier sur le terrain, je me trompe ?<\/h4>\r\n<\/div>\r\n<div id=\"collapse-temoignage\" class=\"panel-collapse collapse in\" role=\"tabpanel\" aria-labelledby=\"headingTwo\" aria-expanded=\"true\">\r\n<div class=\"panel-body\">\r\n\r\nPour le d\u00e9ploiement de la fibre, certains op\u00e9rateurs ont fait le travail de saisie des adresses \u00e0 la place des communes. Donc les communes doivent certifier les donn\u00e9es produites or, seule la commune peut certifier les adresses cr\u00e9\u00e9es par un tiers. Un travail de v\u00e9rification sur le terrain s'impose dans le cas o\u00f9 il n'existe pas d'autre moyens, notamment par exeple pour les \u00e9lus nouvellement arriv\u00e9s.\r\n\r\n<\/div>\r\n<\/div>\r\n<\/div>\r\n<div class=\"panel panel-primary\">\r\n<div id=\"headingTwo\" class=\"panel-heading\" role=\"tab\">\r\n<h4 class=\"panel-title\"><span class=\"glyphicon glyphicon-chevron-down\">\u00a0<\/span>Actuellement combien de communes ont \u00e9tabli leur BAL ?<\/h4>\r\n<\/div>\r\n<div id=\"collapse-nbcommuneBAL\" class=\"panel-collapse collapse in\" role=\"tabpanel\" aria-labelledby=\"headingTwo\" aria-expanded=\"true\">\r\n<div class=\"panel-body\">\r\n\r\nEn date du 02 f\u00e9vrier 2023, il y a 10 678 communes.\u00a0<a href=\"https:\/\/adresse.data.gouv.fr\/deploiement-bal\" target=\"_blank\" rel=\"noopener\">Suivre le d\u00e9ploiment.<\/a>\r\n\r\n<\/div>\r\n<\/div>\r\n<\/div>\r\n<div class=\"panel panel-primary\">\r\n<div id=\"headingTwo\" class=\"panel-heading\" role=\"tab\">\r\n<h4 class=\"panel-title\"><span class=\"glyphicon glyphicon-chevron-down\">\u00a0<\/span>Quelle est la d\u00e9finition technique actuelle d'une \"adresse\" : quelle est la structure et les formats retenus pour la BAN ?<\/h4>\r\n<\/div>\r\n<div id=\"collapse-definition\" class=\"panel-collapse collapse in\" role=\"tabpanel\" aria-labelledby=\"headingTwo\" aria-expanded=\"true\">\r\n<div class=\"panel-body\">\r\n\r\nC'est le format\u00a0<a href=\"https:\/\/doc.adresse.data.gouv.fr\/mettre-a-jour-sa-base-adresse-locale\/le-format-base-adresse-locale\" target=\"_blank\" rel=\"noopener\">Base Adresse Locale (BAL 1.3)<\/a>\u00a0qui est utilis\u00e9 pour la BAN.\r\n\r\n<\/div>\r\n<\/div>\r\n<\/div>\r\n<div class=\"panel panel-primary\">\r\n<div id=\"headingTwo\" class=\"panel-heading\" role=\"tab\">\r\n<h4 class=\"panel-title\"><span class=\"glyphicon glyphicon-chevron-down\">\u00a0<\/span>La BAN est-elle toujours fournie avec les donn\u00e9es de la BD TOPO ? C'\u00e9tait encore le cas \u00e0 l'\u00e9t\u00e9 2022, mais les adresses n'apparaissent plus dans la livraison de la BD Topo de l'IGN en janvier 2023.<\/h4>\r\n<\/div>\r\n<div id=\"collapse-bdtopo\" class=\"panel-collapse collapse in\" role=\"tabpanel\" aria-labelledby=\"headingTwo\" aria-expanded=\"true\">\r\n<div class=\"panel-body\">\r\n\r\nEn effet,\u00a0<a href=\"https:\/\/geoservices.ign.fr\/actualites\/2022-10-06-ban\" target=\"_blank\" rel=\"noopener\">les adresses ne sont actuellement plus livr\u00e9es<\/a>\u00a0dans la BDTopo.\r\n\r\n<\/div>\r\n<\/div>\r\n<\/div>\r\n<div class=\"panel panel-primary\">\r\n<div id=\"headingTwo\" class=\"panel-heading\" role=\"tab\">\r\n<h4 class=\"panel-title\"><span class=\"glyphicon glyphicon-chevron-down\">\u00a0<\/span>Au niveau de la cartographie sur adresse.data.gouv.fr, comment faut-il comprendre l'information sur la certification ? S'agit-il du fait qu'une commune est reconnue \"officiellement\" comme contributrice, ou bien s'agit-il de la validation du travail r\u00e9alis\u00e9 sur le terrain (ou non) en pr\u00e9cisant que les adresses ont \u00e9t\u00e9 r\u00e9ellement v\u00e9rifi\u00e9es ?<\/h4>\r\n<\/div>\r\n<div id=\"collapse-certification\" class=\"panel-collapse collapse in\" role=\"tabpanel\" aria-labelledby=\"headingTwo\" aria-expanded=\"true\">\r\n<div class=\"panel-body\">\r\n\r\nLa certification corresond \u00e0 la capacit\u00e9 pour la commune d'indiquer aux utilisateurs de la BAN que les adresses de sa Base Adresse Locale sont bien conforme \u00e0 la r\u00e9alit\u00e9.\r\n\r\n<\/div>\r\n<\/div>\r\n<\/div>\r\n<\/div>\r\n<\/div>\r\n<\/div>\r\n<\/div>","eve_animation":true,"glo_image":1291,"glo_intro":"","glo_car_surcharge_titre":"","glo_car_surcharge_lien":""},"yoast_head":"<!-- This site is optimized with the Yoast SEO plugin v27.4 - https:\/\/yoast.com\/product\/yoast-seo-wordpress\/ -->\n<title>Webinaire : Tout savoir sur les adresses dans ma collectivit\u00e9 ! - DataGrandEst<\/title>\n<meta name=\"robots\" content=\"index, follow, max-snippet:-1, max-image-preview:large, max-video-preview:-1\" \/>\n<link rel=\"canonical\" href=\"https:\/\/www.datagrandest.fr\/site\/evenement\/webinaire-tout-savoir-sur-les-adresses-dans-ma-collectivite\/\" \/>\n<meta property=\"og:locale\" content=\"fr_FR\" \/>\n<meta property=\"og:type\" content=\"article\" \/>\n<meta property=\"og:title\" content=\"Webinaire : Tout savoir sur les adresses dans ma collectivit\u00e9 ! - DataGrandEst\" \/>\n<meta property=\"og:url\" content=\"https:\/\/www.datagrandest.fr\/site\/evenement\/webinaire-tout-savoir-sur-les-adresses-dans-ma-collectivite\/\" \/>\n<meta property=\"og:site_name\" content=\"DataGrandEst\" \/>\n<meta property=\"article:modified_time\" content=\"2026-04-16T12:17:05+00:00\" \/>\n<meta name=\"twitter:card\" content=\"summary_large_image\" \/>\n<meta name=\"twitter:label1\" content=\"Dur\u00e9e de lecture estim\u00e9e\" \/>\n\t<meta name=\"twitter:data1\" content=\"8 minutes\" \/>\n<script type=\"application\/ld+json\" class=\"yoast-schema-graph\">{\"@context\":\"https:\\\/\\\/schema.org\",\"@graph\":[{\"@type\":\"WebPage\",\"@id\":\"https:\\\/\\\/www.datagrandest.fr\\\/site\\\/evenement\\\/webinaire-tout-savoir-sur-les-adresses-dans-ma-collectivite\\\/\",\"url\":\"https:\\\/\\\/www.datagrandest.fr\\\/site\\\/evenement\\\/webinaire-tout-savoir-sur-les-adresses-dans-ma-collectivite\\\/\",\"name\":\"Webinaire : Tout savoir sur les adresses dans ma collectivit\u00e9 ! - DataGrandEst\",\"isPartOf\":{\"@id\":\"https:\\\/\\\/www.datagrandest.fr\\\/site\\\/#website\"},\"datePublished\":\"2022-12-13T01:58:30+00:00\",\"dateModified\":\"2026-04-16T12:17:05+00:00\",\"breadcrumb\":{\"@id\":\"https:\\\/\\\/www.datagrandest.fr\\\/site\\\/evenement\\\/webinaire-tout-savoir-sur-les-adresses-dans-ma-collectivite\\\/#breadcrumb\"},\"inLanguage\":\"fr-FR\",\"potentialAction\":[{\"@type\":\"ReadAction\",\"target\":[\"https:\\\/\\\/www.datagrandest.fr\\\/site\\\/evenement\\\/webinaire-tout-savoir-sur-les-adresses-dans-ma-collectivite\\\/\"]}]},{\"@type\":\"BreadcrumbList\",\"@id\":\"https:\\\/\\\/www.datagrandest.fr\\\/site\\\/evenement\\\/webinaire-tout-savoir-sur-les-adresses-dans-ma-collectivite\\\/#breadcrumb\",\"itemListElement\":[{\"@type\":\"ListItem\",\"position\":1,\"name\":\"Accueil\",\"item\":\"https:\\\/\\\/www.datagrandest.fr\\\/site\\\/\"},{\"@type\":\"ListItem\",\"position\":2,\"name\":\"\u00c9v\u00e9nements\",\"item\":\"https:\\\/\\\/www.datagrandest.fr\\\/site\\\/evenement\\\/\"},{\"@type\":\"ListItem\",\"position\":3,\"name\":\"Webinaire : Tout savoir sur les adresses dans ma collectivit\u00e9 !\"}]},{\"@type\":\"WebSite\",\"@id\":\"https:\\\/\\\/www.datagrandest.fr\\\/site\\\/#website\",\"url\":\"https:\\\/\\\/www.datagrandest.fr\\\/site\\\/\",\"name\":\"DataGrandEst\",\"description\":\"\",\"potentialAction\":[{\"@type\":\"SearchAction\",\"target\":{\"@type\":\"EntryPoint\",\"urlTemplate\":\"https:\\\/\\\/www.datagrandest.fr\\\/site\\\/?s={search_term_string}\"},\"query-input\":{\"@type\":\"PropertyValueSpecification\",\"valueRequired\":true,\"valueName\":\"search_term_string\"}}],\"inLanguage\":\"fr-FR\"}]}<\/script>\n<!-- \/ Yoast SEO plugin. -->","yoast_head_json":{"title":"Webinaire : Tout savoir sur les adresses dans ma collectivit\u00e9 ! - DataGrandEst","robots":{"index":"index","follow":"follow","max-snippet":"max-snippet:-1","max-image-preview":"max-image-preview:large","max-video-preview":"max-video-preview:-1"},"canonical":"https:\/\/www.datagrandest.fr\/site\/evenement\/webinaire-tout-savoir-sur-les-adresses-dans-ma-collectivite\/","og_locale":"fr_FR","og_type":"article","og_title":"Webinaire : Tout savoir sur les adresses dans ma collectivit\u00e9 ! - DataGrandEst","og_url":"https:\/\/www.datagrandest.fr\/site\/evenement\/webinaire-tout-savoir-sur-les-adresses-dans-ma-collectivite\/","og_site_name":"DataGrandEst","article_modified_time":"2026-04-16T12:17:05+00:00","twitter_card":"summary_large_image","twitter_misc":{"Dur\u00e9e de lecture estim\u00e9e":"8 minutes"},"schema":{"@context":"https:\/\/schema.org","@graph":[{"@type":"WebPage","@id":"https:\/\/www.datagrandest.fr\/site\/evenement\/webinaire-tout-savoir-sur-les-adresses-dans-ma-collectivite\/","url":"https:\/\/www.datagrandest.fr\/site\/evenement\/webinaire-tout-savoir-sur-les-adresses-dans-ma-collectivite\/","name":"Webinaire : Tout savoir sur les adresses dans ma collectivit\u00e9 ! - DataGrandEst","isPartOf":{"@id":"https:\/\/www.datagrandest.fr\/site\/#website"},"datePublished":"2022-12-13T01:58:30+00:00","dateModified":"2026-04-16T12:17:05+00:00","breadcrumb":{"@id":"https:\/\/www.datagrandest.fr\/site\/evenement\/webinaire-tout-savoir-sur-les-adresses-dans-ma-collectivite\/#breadcrumb"},"inLanguage":"fr-FR","potentialAction":[{"@type":"ReadAction","target":["https:\/\/www.datagrandest.fr\/site\/evenement\/webinaire-tout-savoir-sur-les-adresses-dans-ma-collectivite\/"]}]},{"@type":"BreadcrumbList","@id":"https:\/\/www.datagrandest.fr\/site\/evenement\/webinaire-tout-savoir-sur-les-adresses-dans-ma-collectivite\/#breadcrumb","itemListElement":[{"@type":"ListItem","position":1,"name":"Accueil","item":"https:\/\/www.datagrandest.fr\/site\/"},{"@type":"ListItem","position":2,"name":"\u00c9v\u00e9nements","item":"https:\/\/www.datagrandest.fr\/site\/evenement\/"},{"@type":"ListItem","position":3,"name":"Webinaire : Tout savoir sur les adresses dans ma collectivit\u00e9 !"}]},{"@type":"WebSite","@id":"https:\/\/www.datagrandest.fr\/site\/#website","url":"https:\/\/www.datagrandest.fr\/site\/","name":"DataGrandEst","description":"","potentialAction":[{"@type":"SearchAction","target":{"@type":"EntryPoint","urlTemplate":"https:\/\/www.datagrandest.fr\/site\/?s={search_term_string}"},"query-input":{"@type":"PropertyValueSpecification","valueRequired":true,"valueName":"search_term_string"}}],"inLanguage":"fr-FR"}]}},"_links":{"self":[{"href":"https:\/\/www.datagrandest.fr\/site\/wp-json\/wp\/v2\/evenement\/1475","targetHints":{"allow":["GET"]}}],"collection":[{"href":"https:\/\/www.datagrandest.fr\/site\/wp-json\/wp\/v2\/evenement"}],"about":[{"href":"https:\/\/www.datagrandest.fr\/site\/wp-json\/wp\/v2\/types\/evenement"}],"version-history":[{"count":5,"href":"https:\/\/www.datagrandest.fr\/site\/wp-json\/wp\/v2\/evenement\/1475\/revisions"}],"predecessor-version":[{"id":5605,"href":"https:\/\/www.datagrandest.fr\/site\/wp-json\/wp\/v2\/evenement\/1475\/revisions\/5605"}],"wp:attachment":[{"href":"https:\/\/www.datagrandest.fr\/site\/wp-json\/wp\/v2\/media?parent=1475"}],"wp:term":[{"taxonomy":"periode","embeddable":true,"href":"https:\/\/www.datagrandest.fr\/site\/wp-json\/wp\/v2\/periode?post=1475"},{"taxonomy":"source","embeddable":true,"href":"https:\/\/www.datagrandest.fr\/site\/wp-json\/wp\/v2\/source?post=1475"},{"taxonomy":"thematique_globale","embeddable":true,"href":"https:\/\/www.datagrandest.fr\/site\/wp-json\/wp\/v2\/thematique_globale?post=1475"},{"taxonomy":"type_evenement","embeddable":true,"href":"https:\/\/www.datagrandest.fr\/site\/wp-json\/wp\/v2\/type_evenement?post=1475"}],"curies":[{"name":"wp","href":"https:\/\/api.w.org\/{rel}","templated":true}]}}