{"id":1501,"date":"2022-07-08T12:36:35","date_gmt":"2022-07-08T10:36:35","guid":{"rendered":"https:\/\/dev.datagrandest.fr\/site\/evenement\/rencontres-regionales-de-la-donnee-du-grand-est-2\/"},"modified":"2026-03-30T11:04:09","modified_gmt":"2026-03-30T09:04:09","slug":"rencontres-regionales-de-la-donnee-du-grand-est-2","status":"publish","type":"evenement","link":"https:\/\/www.datagrandest.fr\/site\/evenement\/rencontres-regionales-de-la-donnee-du-grand-est-2\/","title":{"rendered":"Rencontres r\u00e9gionales de la donn\u00e9e du Grand Est"},"template":"","meta":{"_acf_changed":false,"_relevanssi_hide_post":"","_relevanssi_hide_content":"","_relevanssi_pin_for_all":"","_relevanssi_pin_keywords":"","_relevanssi_unpin_keywords":"","_relevanssi_related_keywords":"","_relevanssi_related_include_ids":"","_relevanssi_related_exclude_ids":"","_relevanssi_related_no_append":"","_relevanssi_related_not_related":"","_relevanssi_related_posts":"","_relevanssi_noindex_reason":""},"periode":[210],"source":[],"thematique_globale":[],"type_evenement":[147],"class_list":["post-1501","evenement","type-evenement","status-publish","hentry","periode-210","type_evenement-animation-territoriale"],"acf":{"eve_description_courte":"","eve_description_longue":"<h1 class=\"rtecenter\">RENCONTRES R\u00c9GIONALES\r\nDE LA DONN\u00c9E DU GRAND EST<\/h1>\r\n<h3 class=\"rtecenter\">Comment piloter par la donn\u00e9e nos territoires en qu\u00eate de sobri\u00e9t\u00e9 ?<\/h3>\r\n<p class=\"rtecenter\"><strong>____________________<\/strong><\/p>\r\n\r\n<h4 class=\"rtecenter\">Mardi 29 novembre 2022\u00a0 |\u00a0 De 09H00\u00a0 \u00e0\u00a0 16H30 | Strasbourg<\/h4>\r\nPlac\u00e9es sous <strong>le th\u00e8me de la sobri\u00e9t\u00e9<\/strong>, les \u00ab Rencontres r\u00e9gionales de la donn\u00e9e du Grand Est \u00bb, proposent un large panel de retours d\u2019exp\u00e9rience, d\u00e9bats, d\u00e9monstrations, ateliers pratiques sur <strong>la donn\u00e9e au service des politiques publiques<\/strong>.\r\n\r\nSur nos territoires, quelles donn\u00e9es mobiliser et avec quels outils pour assurer une meilleure sobri\u00e9t\u00e9 \u00e9nerg\u00e9tique ? instaurer une gestion harmonieuse de l'am\u00e9nagement ? d\u00e9velopper des mobilit\u00e9s vertueuses et propres ?...\r\n\r\nPour aborder ces sujets, \u00e9changer entre \u00e9lus et d\u00e9cideurs, discuter avec les experts et partager nos bonnes pratiques, <strong>rendez-vous le 29 novembre au Palais des Congr\u00e8s de Strasbourg<\/strong>.\r\n<div class=\"panel panel-warning\">\r\n<div class=\"panel-heading\">\r\n<h4>Programme<\/h4>\r\n<\/div>\r\n<\/div>\r\n<strong>09h00<\/strong>\u00a0 |\u00a0\u00a0<strong>Accueil<\/strong>\r\n<strong>09h30<\/strong>\u00a0 |\u00a0 <strong>Le mot de bienvenue des repr\u00e9sentants de l'\u00c9tat et de la R\u00e9gion<\/strong>\r\n<ul>\r\n \t<li>Ir\u00e8ne WEISS, Conseill\u00e8re r\u00e9gionale du Grand Est, Vice-pr\u00e9sidente de la commission Enseignement sup\u00e9rieur, recherche et innovation<\/li>\r\n \t<li>Nicolas DOMANGE, SGARE adjoint en charge des politiques publiques,\u00a0Pr\u00e9fecture de la r\u00e9gion Grand Est<\/li>\r\n<\/ul>\r\n<strong>09h45<\/strong>\u00a0 |\u00a0\u00a0<strong>Table ronde - Et si la sobri\u00e9t\u00e9 \u00e9nerg\u00e9tique passait par la donn\u00e9e ? Comprendre, anticiper, accompagner gr\u00e2ce \u00e0 la donn\u00e9e<\/strong>\r\n<ul>\r\n \t<li>J\u00e9r\u00f4me KLEIN, Pr\u00e9sident de la Communaut\u00e9 de communes du Pays du Santois et Vice-pr\u00e9sident du Syndicat D\u00e9partemental d'Energie de Meurthe-et-Moselle<\/li>\r\n \t<li>Patrick RISSER, Pr\u00e9sident de la Communaut\u00e9 de communes du Pays Haut Val d\u2019Alzette<\/li>\r\n \t<li>Aude DE TOUCHET, Directrice de projet \u00e0 l\u2019Agence ORE (Op\u00e9rateurs de R\u00e9seaux d\u2019\u00c9nergie)<\/li>\r\n \t<li>Caroline ZORN, Vice-pr\u00e9sidente de l\u2019Eurom\u00e9tropole de Strasbourg en charge de l\u2019Enseignement sup\u00e9rieur, de la recherche, de la vie \u00e9tudiante et de la m\u00e9tropole num\u00e9rique et innovante<\/li>\r\n<\/ul>\r\n<strong>10h30<\/strong>\u00a0 |\u00a0\u00a0<strong>Intervention de Jean ROTTNER, Pr\u00e9sident de la R\u00e9gion Grand Est\u00a0<\/strong>\r\n\r\n<strong style=\"font-size: 1.2rem;\">10h45<\/strong>\u00a0 |\u00a0\u00a0<a href=\"\/site\/wp-content\/uploads\/2025\/11\/journee_donnee_programme_presentation_dge.pdf\"><strong>DataGrandEst : construisons ensemble le service public de la donn\u00e9e du Grand Est !<\/strong><\/a>\r\n<ul>\r\n \t<li>Eric TSCHUDY, Adjoint au chef de p\u00f4le SIG \u00e0 la DREAL Grand Est<\/li>\r\n \t<li>Guillaume RYCKELYNCK, Chef de projet donn\u00e9es \u00e0 la R\u00e9gion Grand Est<\/li>\r\n<\/ul>\r\n<strong style=\"font-size: 1.2rem;\">11h15<\/strong><span style=\"font-size: 1.2rem;\">\u00a0 |\u00a0\u00a0<\/span><strong style=\"font-size: 1.2rem;\">Table ronde - Sobri\u00e9t\u00e9 Fonci\u00e8re : comment piloter l\u2019am\u00e9nagement de nos territoires en s\u2019appuyant sur les bonnes donn\u00e9es ?<\/strong>\r\n<ul>\r\n \t<li>C\u00e9cile ALPY, Responsable d'unit\u00e9 \u00e0 la Direction D\u00e9partementale des Territoires du Bas-Rhin (DDT 67)<\/li>\r\n \t<li>Odile BEGORRE-MAIRE, Vice-pr\u00e9sidente de la Multipole de Nancy Sud Lorraine en charge de la r\u00e9vision du SCoT<\/li>\r\n \t<li>Pierre LAPLANE, Directeur g\u00e9n\u00e9ral de l'Agence d'urbanisme de Strasbourg Rhin sup\u00e9rieur\u00a0(ADEUS)<\/li>\r\n \t<li>S\u00e9bastien AGAMENNONE, Directeur Territorial \u00e0 l\u2019\u00c9tablissement Public Foncier du Grand Est (EPFGE)<\/li>\r\n \t<li>Florian MARCZAK, Directeur de la Coh\u00e9sion des Territoires de la R\u00e9gion Grand Est<\/li>\r\n<\/ul>\r\n<strong>12h00<\/strong>\u00a0 |\u00a0<a href=\"\/site\/wp-content\/uploads\/2025\/11\/journee_donnee_programme_presentation_julien_didry.pdf\">\u00a0<strong>Pr\u00e9sentation inspirante - Du rural \u00e0 la vision d\u00e9partementale : parcours d\u2019un \u00e9lu qui a su mettre le num\u00e9rique au service des territoires<\/strong><\/a>\r\n<ul>\r\n \t<li>Julien DIDRY, Vice-pr\u00e9sident de l\u2019Agglom\u00e9ration du Grand Verdun et Vice-pr\u00e9sident du Conseil d\u00e9partemental de la Meuse, en charge du num\u00e9rique<\/li>\r\n<\/ul>\r\n<strong><strong>12h30<\/strong>\u00a0 |\u00a0\u00a0<strong>Cocktail d\u00e9jeunatoire<\/strong>\r\n<\/strong>\r\n\r\n<strong><strong>14h00<\/strong>\u00a0 |\u00a0\u00a0<strong>D\u00e9couvrez le parcours des donn\u00e9es, les services et ressources \u00e0 votre disposition dans nos kiosques th\u00e9matiques<\/strong> <\/strong>\r\n\r\n<a href=\"\/site\/wp-content\/uploads\/2025\/11\/fg_kiosques_datagrandest_fonciere.jpg\"><strong><strong>Sobri\u00e9t\u00e9 fonci\u00e8re : plus de data et moins de b\u00e9ton !<\/strong> <\/strong><\/a>\r\n<ul>\r\n \t<li>L\u2019observatoire du foncier et \u00e9volution des territoires (OFET)\r\nPierre-Olivier PECCOZ, Chef de projet \u00e0 l\u2019ADEUS\r\nPierre DE CADENET, Responsable Informatique - Chef de projet \u00e0 l\u2019ADEUS<\/li>\r\n \t<li><a href=\"\/site\/fr\/projets\/occupation-du-sol\">L\u2019occupation du sol \u00e0 Grand \u00c9chelle en Grand Est<\/a>\r\nAmandine HAMM, Cheffe de projet \u00e0 la R\u00e9gion Grand Est<\/li>\r\n \t<li>L\u2019observatoire des friches en Lorraine\r\nArnaud BUISSON-DELANDRE, Responsable du service Syst\u00e8me d\u2019Information et Etudes G\u00e9n\u00e9rales \u00e0 l\u2019Etablissement Public Foncier de Grand Est (EPFGE)\r\nQuentin CHIPOT, G\u00e9omaticien \u00e0 l\u2019Etablissement Public Foncier de Grand Est (EPFGE)\r\nDamien LEV\u00c9, Chef de projet - Projets urbains \u00e0 l\u2019AGURAM<\/li>\r\n<\/ul>\r\n<a href=\"\/site\/wp-content\/uploads\/2025\/11\/fg_kiosques_datagrandest_energetique.jpg\"><strong><strong>Sobri\u00e9t\u00e9 \u00e9nerg\u00e9tique : des donn\u00e9es pour \u00e9clairer nos projets !\u00a0<\/strong> <\/strong><\/a>\r\n<ul>\r\n \t<li>Les donn\u00e9es relatives aux \u00e9nergies renouvelables\r\nGilles BAUDSON, Chef d\u2019agence D\u00e9veloppement de l\u2019attractivit\u00e9 des territoires \u00e0 ENEDIS<\/li>\r\n \t<li>L\u2019\u00e9clairage intelligent\r\nPatrick RISSER, Pr\u00e9sident de la Communaut\u00e9 de communes du Pays Haut Val d\u2019Alzette<\/li>\r\n \t<li>Le potentiel solaire des toitures des lyc\u00e9es de la R\u00e9gion\r\nMickael VADIN, Chef de projet \u00e0 la R\u00e9gion Grand Est<\/li>\r\n \t<li>RenovAct, une m\u00e9thodologie pour dynamiser la r\u00e9novation \u00e9nerg\u00e9tique des logements \u00e0 l\u2019\u00e9chelle d\u2019un territoire.\r\nArmelle LAJAUNIE, Charg\u00e9e de mission strat\u00e9gie habitat \u00e0 la DREAL Grand Est<\/li>\r\n<\/ul>\r\n<a href=\"\/site\/wp-content\/uploads\/2025\/11\/fg_kiosques_datagrandest_mobilite.jpg\"><strong><strong>Sobri\u00e9t\u00e9 mobilit\u00e9 : en route vers une mobilit\u00e9 durable !\u00a0<\/strong> <\/strong><\/a>\r\n<ul>\r\n \t<li><a href=\"\/site\/wp-content\/uploads\/2025\/11\/rrdge2022-mobdur-taux_occupation_parking_covoiturage.pdf\">Utilisation de l'IA pour mesurer le taux de remplissage d'un parking de covoiturage<\/a>\r\nLionel Viutti, Chef d'unit\u00e9 innovations, Collectivit\u00e9 Europ\u00e9enne d'Alsace<\/li>\r\n \t<li><a href=\"https:\/\/www.grand-est.developpement-durable.gouv.fr\/l-outil-portrait-mobilite-a19915.html\">Conna\u00eetre son territoire pour s'orienter vers une\u00a0 mobilit\u00e9 durable : l'outil portrait mobilit\u00e9<\/a>\r\nThierry ZORN, Charg\u00e9 d'\u00e9tudes \u00e0 la DREAL Grand Est\r\nFlorent VALAT, Chef de projet \u00e0 la DREAL Grand Est<\/li>\r\n \t<li><a href=\"\/site\/wp-content\/uploads\/2025\/11\/datagrandest_22_11_29_georhena_chainons_manquant.pdf\">Cha\u00eenons cyclables manquants : GeoRhena au service de la mobilit\u00e9 transfrontali\u00e8re\u00a0<\/a>\r\nSt\u00e9phane RITZENTHALER G\u00e9omaticien \u00e0 la Collectivit\u00e9 europ\u00e9enne d'Alsace\r\nLionel Kinderstuth, Chef de projet\u00a0\u00e0 la Collectivit\u00e9 europ\u00e9enne d'Alsace<\/li>\r\n<\/ul>\r\n<a href=\"\/site\/wp-content\/uploads\/2025\/11\/fg_kiosques_datagrandest_numerique.jpg\"><strong><strong>Sobri\u00e9t\u00e9 num\u00e9rique : limitons l\u2019impact de nos donn\u00e9es !<\/strong> <\/strong><\/a>\r\n<ul>\r\n \t<li><a href=\"\/site\/wp-content\/uploads\/2025\/11\/rrd-2022_k4-s3_datagrandest.pdf\">DataGrandEst: la mutualisation et l'ouverture des donn\u00e9es comme levier \u00e0 la sobri\u00e9t\u00e9 num\u00e9rique au niveau local<\/a>\r\nGuillaume RYCKELYNCK, Chef de projet donn\u00e9es - Coordinateur DataGrandEst \u00e0 la R\u00e9gion Grand Est<\/li>\r\n \t<li><a href=\"\/site\/wp-content\/uploads\/2025\/11\/rrd-2022_k4-s1_numerique_responsable.pdf\">Vers un num\u00e9rique plus responsable<\/a>\r\nC\u00e9line THIEL-BRAVO, Charg\u00e9e de mission Participation citoyenne et prospective \u00e0 la DREAL Grand Est<\/li>\r\n \t<li><a href=\"\/site\/wp-content\/uploads\/2025\/11\/rrd-2022_k4-s2_greendata.pdf\">Le projet Green Data: 10 bonnes pratiques pour un impact environnemental maitris\u00e9 des donn\u00e9es ouvertes<\/a>\r\nMatthieu BRIENT, Chef de projet \u00e0 OpenDataFrance<\/li>\r\n<\/ul>\r\n<strong>\u00a0 <\/strong>\r\n\r\n<strong><strong>16h00\u00a0<\/strong> |\u00a0\u00a0<strong>Et une synth\u00e8se pour une conclusion en toute originalit\u00e9 !<\/strong> <\/strong>\r\n<ul>\r\n \t<li><a href=\"\/site\/wp-content\/uploads\/2025\/11\/fresque_fg_datagrandest_20221129.jpg\">Fresque graphique\u00a0<\/a><\/li>\r\n \t<li><a href=\"\/site\/wp-content\/uploads\/2025\/11\/animation_dge_jr291122_synthese_v01.pdf\">Compte rendu de la journ\u00e9e\u00a0<\/a><\/li>\r\n<\/ul>\r\n<p style=\"margin-top: 10px; margin-bottom: 10px;\"><strong>\u00a0\u00a0<\/strong><\/p>\r\n\r\n<div class=\"panel panel-warning\">\r\n<div class=\"panel-heading\">\r\n<h4><strong>Adresse de l'\u00e9v\u00e9nement<\/strong><\/h4>\r\n<\/div>\r\n<\/div>\r\nPalais de la musique et des congr\u00e8s\r\n\r\nPlace de Bordeaux\u00a0|\u00a067000 Strasbourg\r\n\r\n<strong>Accueil : Entr\u00e9e Erasme\u00a0 <\/strong>\r\n\r\nAccessible depuis la gare par le bus H\r\n\r\n<strong>\u00a0<\/strong><strong>S\u00e9curit\u00e9 sanitaire<\/strong>\r\n<div class=\"row\">\r\n<div class=\"col-sm-6 col-md-4\" style=\"padding: 0 15px 0 15px;\">\r\n<div class=\"thumbnail\">\r\n<div class=\"caption\" style=\"heigh: 50px;\">\r\n<p class=\"rtecenter\"><strong>Le port du masque est conseill\u00e9 tout au long de la journ\u00e9e.<\/strong><\/p>\r\n\r\n<\/div>\r\n<\/div>\r\n<\/div>\r\n<\/div>","eve_lieu":"","eve_date":"20221129","eve_date_fin":"20221129","eve_heure_de_debut":"09:00:00","eve_heure_de_fin":"09:00:00","eve_pour_aller_plus_loin":"<p class=\"rtejustify\"><a href=\"\/site\/portail\/sites\/default\/files\/animation_dge_jr291122_synthese_v01.pdf\" target=\"_blank\" rel=\"noopener\"><strong>D\u00e9couvrez le compte rendu complet de la journ\u00e9e<\/strong><\/a><\/p>\r\n\r\n<table>\r\n<tbody>\r\n<tr>\r\n<td><img src=\"https:\/\/web.archive.org\/web\/20250523012817im_\/https:\/\/www.datagrandest.fr\/portail\/sites\/default\/files\/peopole.jpg\" alt=\"\" \/><\/td>\r\n<td>\r\n<h5><strong>La donn\u00e9e au c\u0153ur des enjeux des territoires<\/strong><\/h5>\r\n<p class=\"rtejustify\">Durant la matin\u00e9e se sont tenues 2 tables rondes\u00a0qui ont permis de\u00a0<strong>r\u00e9pondre \u00e0 de nombreuses questions sur la place des donn\u00e9es dans le pilotage des politiques publiques<\/strong>, notamment en termes d\u2019\u00e9conomies d\u2019\u00e9nergies et de la consommation de foncier.<\/p>\r\n<p class=\"rtejustify\">A cette occasion, les intervenants ont rappel\u00e9 le\u00a0<strong>besoin de standardiser les donn\u00e9es afin d\u2019en avoir la m\u00eame compr\u00e9hension, sans oublier leur actualisation<\/strong>.<\/p>\r\n<\/td>\r\n<\/tr>\r\n<tr>\r\n<td><img src=\"https:\/\/web.archive.org\/web\/20250523012817im_\/https:\/\/www.datagrandest.fr\/portail\/sites\/default\/files\/president.jpg\" alt=\"\" width=\"342\" height=\"256\" \/><\/td>\r\n<td>\r\n<h5><strong>\u00ab\u00a0La donn\u00e9e, c\u2019est politique\u00a0\u00bb<\/strong><\/h5>\r\n<p class=\"rtejustify\">A la question \u00ab\u00a0selon vous, la donn\u00e9e est-elle un sujet technique ou politique\u00a0?\u00a0\u00bb Jean ROTTNER, Pr\u00e9sident de la R\u00e9gion Grand Est, a r\u00e9pondu\u00a0<strong>sans h\u00e9siter\u00a0: \"politique\u00a0!\".<\/strong>\u00a0Il a rappel\u00e9 aux \u00e9lus et d\u00e9cideurs que la donn\u00e9e permet de prendre des\u00a0<strong>d\u00e9cisions politiques au plus pr\u00e8s des besoins des citoyens<\/strong>\u00a0et qu\u2019il est donc imp\u00e9ratif de\u00a0<strong>poursuivre les efforts engag\u00e9s dans la mutualisation et leur valorisation<\/strong>.<\/p>\r\n<\/td>\r\n<\/tr>\r\n<tr>\r\n<td><img src=\"https:\/\/web.archive.org\/web\/20250523012817im_\/https:\/\/www.datagrandest.fr\/portail\/sites\/default\/files\/julien_didry.png\" alt=\"\" width=\"342\" height=\"293\" \/><\/td>\r\n<td>\r\n<h5><strong>\u00ab\u00a0La Meuse, the place to be\u00a0!\u00a0\u00bb\u00a0<\/strong><\/h5>\r\n<p class=\"rtejustify\">L\u2019intervention dynamique et inspirante de Julien DIDRY, Vice-Pr\u00e9sident du D\u00e9partement de la Meuse, a permis d\u2019appuyer les propos des intervenants pr\u00e9c\u00e9dents avec\u00a0<strong>des exemples concrets de projets num\u00e9riques mis en place\u00a0<\/strong>au service du d\u00e9veloppement \u00e9conomique et social d\u2019un territoire tel que :\u00a0<strong>le tourisme en r\u00e9alit\u00e9 augment\u00e9, salle de coworking, t\u00e9l\u00e9m\u00e9decine, etc<\/strong>.\u00a0Grace \u00e0 ces actions, la commune rurale de\u00a0<strong>Bras-sur-Meuse\u00a0est ainsi devenue un territoire attractif et le village le plus connect\u00e9 de France !<\/strong><\/p>\r\n<\/td>\r\n<\/tr>\r\n<tr>\r\n<td><img src=\"https:\/\/web.archive.org\/web\/20250523012817im_\/https:\/\/www.datagrandest.fr\/portail\/sites\/default\/files\/kiosque.jpg\" alt=\"\" width=\"343\" height=\"258\" \/><\/td>\r\n<td>\r\n<h5><strong>Un parcours de la donn\u00e9e en 4 kiosques<\/strong><\/h5>\r\n<p class=\"rtejustify\">L\u2019apr\u00e8s-midi les participants ont pu d\u00e9couvrir\u00a0<strong>4 kiosques th\u00e9matiques:\u00a0foncier, num\u00e9rique, mobilit\u00e9 et \u00e9nerg\u00e9tique\u00a0dans lesquels 12 acteurs du territoire ont pr\u00e9sent\u00e9 des donn\u00e9es, outils, et cas concrets r\u00e9pondant\u00a0aux enjeux de sobri\u00e9t\u00e9.<\/strong>\u00a0Ce moment d\u2019\u00e9changes a aussi permis d\u2019\u00e9largir et consolider le r\u00e9seau DataGrandEst.<\/p>\r\n<strong>\u00a0<\/strong><\/td>\r\n<\/tr>\r\n<\/tbody>\r\n<\/table>\r\n&nbsp;\r\n<h5 class=\"rtejustify\">Les participants ont ainsi pu, au cours de cet \u00e9v\u00e9nement, aiguiser leur connaissance sur le potentiel des donn\u00e9es au service des territoires et de la sobri\u00e9t\u00e9, partager leurs retours d\u2019exp\u00e9rience, \u00e9changer leurs points de vue, avant de rentrer riche d\u2019id\u00e9es et de projets \u00e0 mettre en \u0153uvre, chacun \u00e0 son niveau, tout\u00a0<strong>en s\u2019appuyant sur les services d\u00e9ploy\u00e9s par DataGrandEst !\u00a0<\/strong><a href=\"\/site\/portail\/fr\/agenda\/rencontres-regionales-donnee-du-grand-est-0\" target=\"_blank\" rel=\"noopener\">Retrouvez le compte rendu de la journ\u00e9e et les pr\u00e9sentations directement en ligne.<\/a>\u00a0Nous vous donnons dores et d\u00e9j\u00e0\u00a0<strong>rendez-vous en 2023 pour les prochaines animations DataGrandEst<\/strong>\u00a0et les \u00ab<strong>\u00a03\u00e8mes Rencontres r\u00e9gionales de la donn\u00e9e en Grand Est \u00bb, les 13 et 14 septembre \u00e0 Reims, \u00e0 l\u2019occasion des G\u00e9oDataDays .<\/strong><\/h5>","eve_animation":true,"glo_image":922,"glo_intro":"","glo_car_surcharge_titre":"","glo_car_surcharge_lien":""},"yoast_head":"<!-- This site is optimized with the Yoast SEO plugin v27.4 - https:\/\/yoast.com\/product\/yoast-seo-wordpress\/ -->\n<title>Rencontres r\u00e9gionales de la donn\u00e9e du Grand Est - DataGrandEst<\/title>\n<meta name=\"robots\" content=\"index, follow, max-snippet:-1, max-image-preview:large, max-video-preview:-1\" \/>\n<link rel=\"canonical\" href=\"https:\/\/www.datagrandest.fr\/site\/evenement\/rencontres-regionales-de-la-donnee-du-grand-est-2\/\" \/>\n<meta property=\"og:locale\" content=\"fr_FR\" \/>\n<meta property=\"og:type\" content=\"article\" \/>\n<meta property=\"og:title\" content=\"Rencontres r\u00e9gionales de la donn\u00e9e du Grand Est - DataGrandEst\" \/>\n<meta property=\"og:url\" content=\"https:\/\/www.datagrandest.fr\/site\/evenement\/rencontres-regionales-de-la-donnee-du-grand-est-2\/\" \/>\n<meta property=\"og:site_name\" content=\"DataGrandEst\" \/>\n<meta property=\"article:modified_time\" content=\"2026-03-30T09:04:09+00:00\" \/>\n<meta name=\"twitter:card\" content=\"summary_large_image\" \/>\n<meta name=\"twitter:label1\" content=\"Dur\u00e9e de lecture estim\u00e9e\" \/>\n\t<meta name=\"twitter:data1\" content=\"8 minutes\" \/>\n<script type=\"application\/ld+json\" class=\"yoast-schema-graph\">{\"@context\":\"https:\\\/\\\/schema.org\",\"@graph\":[{\"@type\":\"WebPage\",\"@id\":\"https:\\\/\\\/www.datagrandest.fr\\\/site\\\/evenement\\\/rencontres-regionales-de-la-donnee-du-grand-est-2\\\/\",\"url\":\"https:\\\/\\\/www.datagrandest.fr\\\/site\\\/evenement\\\/rencontres-regionales-de-la-donnee-du-grand-est-2\\\/\",\"name\":\"Rencontres r\u00e9gionales de la donn\u00e9e du Grand Est - DataGrandEst\",\"isPartOf\":{\"@id\":\"https:\\\/\\\/www.datagrandest.fr\\\/site\\\/#website\"},\"datePublished\":\"2022-07-08T10:36:35+00:00\",\"dateModified\":\"2026-03-30T09:04:09+00:00\",\"breadcrumb\":{\"@id\":\"https:\\\/\\\/www.datagrandest.fr\\\/site\\\/evenement\\\/rencontres-regionales-de-la-donnee-du-grand-est-2\\\/#breadcrumb\"},\"inLanguage\":\"fr-FR\",\"potentialAction\":[{\"@type\":\"ReadAction\",\"target\":[\"https:\\\/\\\/www.datagrandest.fr\\\/site\\\/evenement\\\/rencontres-regionales-de-la-donnee-du-grand-est-2\\\/\"]}]},{\"@type\":\"BreadcrumbList\",\"@id\":\"https:\\\/\\\/www.datagrandest.fr\\\/site\\\/evenement\\\/rencontres-regionales-de-la-donnee-du-grand-est-2\\\/#breadcrumb\",\"itemListElement\":[{\"@type\":\"ListItem\",\"position\":1,\"name\":\"Accueil\",\"item\":\"https:\\\/\\\/www.datagrandest.fr\\\/site\\\/\"},{\"@type\":\"ListItem\",\"position\":2,\"name\":\"\u00c9v\u00e9nements\",\"item\":\"https:\\\/\\\/www.datagrandest.fr\\\/site\\\/evenement\\\/\"},{\"@type\":\"ListItem\",\"position\":3,\"name\":\"Rencontres r\u00e9gionales de la donn\u00e9e du Grand Est\"}]},{\"@type\":\"WebSite\",\"@id\":\"https:\\\/\\\/www.datagrandest.fr\\\/site\\\/#website\",\"url\":\"https:\\\/\\\/www.datagrandest.fr\\\/site\\\/\",\"name\":\"DataGrandEst\",\"description\":\"\",\"potentialAction\":[{\"@type\":\"SearchAction\",\"target\":{\"@type\":\"EntryPoint\",\"urlTemplate\":\"https:\\\/\\\/www.datagrandest.fr\\\/site\\\/?s={search_term_string}\"},\"query-input\":{\"@type\":\"PropertyValueSpecification\",\"valueRequired\":true,\"valueName\":\"search_term_string\"}}],\"inLanguage\":\"fr-FR\"}]}<\/script>\n<!-- \/ Yoast SEO plugin. -->","yoast_head_json":{"title":"Rencontres r\u00e9gionales de la donn\u00e9e du Grand Est - DataGrandEst","robots":{"index":"index","follow":"follow","max-snippet":"max-snippet:-1","max-image-preview":"max-image-preview:large","max-video-preview":"max-video-preview:-1"},"canonical":"https:\/\/www.datagrandest.fr\/site\/evenement\/rencontres-regionales-de-la-donnee-du-grand-est-2\/","og_locale":"fr_FR","og_type":"article","og_title":"Rencontres r\u00e9gionales de la donn\u00e9e du Grand Est - DataGrandEst","og_url":"https:\/\/www.datagrandest.fr\/site\/evenement\/rencontres-regionales-de-la-donnee-du-grand-est-2\/","og_site_name":"DataGrandEst","article_modified_time":"2026-03-30T09:04:09+00:00","twitter_card":"summary_large_image","twitter_misc":{"Dur\u00e9e de lecture estim\u00e9e":"8 minutes"},"schema":{"@context":"https:\/\/schema.org","@graph":[{"@type":"WebPage","@id":"https:\/\/www.datagrandest.fr\/site\/evenement\/rencontres-regionales-de-la-donnee-du-grand-est-2\/","url":"https:\/\/www.datagrandest.fr\/site\/evenement\/rencontres-regionales-de-la-donnee-du-grand-est-2\/","name":"Rencontres r\u00e9gionales de la donn\u00e9e du Grand Est - DataGrandEst","isPartOf":{"@id":"https:\/\/www.datagrandest.fr\/site\/#website"},"datePublished":"2022-07-08T10:36:35+00:00","dateModified":"2026-03-30T09:04:09+00:00","breadcrumb":{"@id":"https:\/\/www.datagrandest.fr\/site\/evenement\/rencontres-regionales-de-la-donnee-du-grand-est-2\/#breadcrumb"},"inLanguage":"fr-FR","potentialAction":[{"@type":"ReadAction","target":["https:\/\/www.datagrandest.fr\/site\/evenement\/rencontres-regionales-de-la-donnee-du-grand-est-2\/"]}]},{"@type":"BreadcrumbList","@id":"https:\/\/www.datagrandest.fr\/site\/evenement\/rencontres-regionales-de-la-donnee-du-grand-est-2\/#breadcrumb","itemListElement":[{"@type":"ListItem","position":1,"name":"Accueil","item":"https:\/\/www.datagrandest.fr\/site\/"},{"@type":"ListItem","position":2,"name":"\u00c9v\u00e9nements","item":"https:\/\/www.datagrandest.fr\/site\/evenement\/"},{"@type":"ListItem","position":3,"name":"Rencontres r\u00e9gionales de la donn\u00e9e du Grand Est"}]},{"@type":"WebSite","@id":"https:\/\/www.datagrandest.fr\/site\/#website","url":"https:\/\/www.datagrandest.fr\/site\/","name":"DataGrandEst","description":"","potentialAction":[{"@type":"SearchAction","target":{"@type":"EntryPoint","urlTemplate":"https:\/\/www.datagrandest.fr\/site\/?s={search_term_string}"},"query-input":{"@type":"PropertyValueSpecification","valueRequired":true,"valueName":"search_term_string"}}],"inLanguage":"fr-FR"}]}},"_links":{"self":[{"href":"https:\/\/www.datagrandest.fr\/site\/wp-json\/wp\/v2\/evenement\/1501","targetHints":{"allow":["GET"]}}],"collection":[{"href":"https:\/\/www.datagrandest.fr\/site\/wp-json\/wp\/v2\/evenement"}],"about":[{"href":"https:\/\/www.datagrandest.fr\/site\/wp-json\/wp\/v2\/types\/evenement"}],"version-history":[{"count":3,"href":"https:\/\/www.datagrandest.fr\/site\/wp-json\/wp\/v2\/evenement\/1501\/revisions"}],"predecessor-version":[{"id":3955,"href":"https:\/\/www.datagrandest.fr\/site\/wp-json\/wp\/v2\/evenement\/1501\/revisions\/3955"}],"wp:attachment":[{"href":"https:\/\/www.datagrandest.fr\/site\/wp-json\/wp\/v2\/media?parent=1501"}],"wp:term":[{"taxonomy":"periode","embeddable":true,"href":"https:\/\/www.datagrandest.fr\/site\/wp-json\/wp\/v2\/periode?post=1501"},{"taxonomy":"source","embeddable":true,"href":"https:\/\/www.datagrandest.fr\/site\/wp-json\/wp\/v2\/source?post=1501"},{"taxonomy":"thematique_globale","embeddable":true,"href":"https:\/\/www.datagrandest.fr\/site\/wp-json\/wp\/v2\/thematique_globale?post=1501"},{"taxonomy":"type_evenement","embeddable":true,"href":"https:\/\/www.datagrandest.fr\/site\/wp-json\/wp\/v2\/type_evenement?post=1501"}],"curies":[{"name":"wp","href":"https:\/\/api.w.org\/{rel}","templated":true}]}}