{"id":1515,"date":"2022-07-08T12:33:54","date_gmt":"2022-07-08T10:33:54","guid":{"rendered":"https:\/\/dev.datagrandest.fr\/site\/evenement\/journee-departementale-des-donnees-de-la-marne\/"},"modified":"2026-04-29T16:46:49","modified_gmt":"2026-04-29T14:46:49","slug":"journee-departementale-des-donnees-de-la-marne","status":"publish","type":"evenement","link":"https:\/\/www.datagrandest.fr\/site\/evenement\/journee-departementale-des-donnees-de-la-marne\/","title":{"rendered":"Journ\u00e9e d\u00e9partementale des donn\u00e9es de la Marne"},"template":"","meta":{"_acf_changed":false,"_relevanssi_hide_post":"","_relevanssi_hide_content":"","_relevanssi_pin_for_all":"","_relevanssi_pin_keywords":"","_relevanssi_unpin_keywords":"","_relevanssi_related_keywords":"","_relevanssi_related_include_ids":"","_relevanssi_related_exclude_ids":"","_relevanssi_related_no_append":"","_relevanssi_related_not_related":"","_relevanssi_related_posts":"","_relevanssi_noindex_reason":""},"periode":[210],"source":[],"thematique_globale":[],"type_evenement":[147],"class_list":["post-1515","evenement","type-evenement","status-publish","hentry","periode-210","type_evenement-animation-territoriale"],"acf":{"eve_description_courte":"","eve_description_longue":"<h1 class=\"rtecenter\">Journ\u00e9e D\u00e9partementale\r\ndes donn\u00e9es de la Marne<\/h1>\r\n<p class=\"rtecenter\"><span style=\"font-size: 16px;\">Des donn\u00e9es pour la connaissance du territoire et l'aide \u00e0 la d\u00e9cision<\/span><\/p>\r\n<p class=\"rtecenter\"><strong>____________________<\/strong><\/p>\r\n\r\n<h4 class=\"rtecenter\">Mardi 08 novembre 2022\u00a0 |\u00a0 De 09h30 \u00e0 16h00\u00a0 |\u00a0Ch\u00e2lons-en-Champagne<\/h4>\r\n<table style=\"border-collapse: collapse; width: 100%;\" border=\"0\">\r\n<tbody>\r\n<tr>\r\n<td style=\"width: 55.1899%;\" rowspan=\"2\"><img src=\"\/site\/wp-content\/uploads\/2025\/11\/20221108_113259.jpg\" alt=\"\" width=\"443\" height=\"332\" \/><\/td>\r\n<td style=\"width: 44.8101%;\"><img src=\"\/site\/wp-content\/uploads\/2025\/11\/20221108_140841.jpg\" alt=\"\" width=\"217\" height=\"163\" \/><\/td>\r\n<\/tr>\r\n<tr>\r\n<td style=\"width: 44.8101%;\"><img src=\"\/site\/wp-content\/uploads\/2025\/11\/20221108_140915.jpg\" alt=\"\" width=\"218\" height=\"164\" \/><\/td>\r\n<\/tr>\r\n<\/tbody>\r\n<\/table>\r\nLa journ\u00e9e d\u00e9partementale de la Marne s'est d\u00e9roul\u00e9e le 8 novembre au Conseil r\u00e9gional \u00e0 Chalons-en-Champagne et a accueilli 40 personnes venues de tout le d\u00e9partement. Retrouvez les liens vers l\u2019ensemble des supports:\r\n<ul>\r\n \t<li><a href=\"\/site\/wp-content\/uploads\/2025\/11\/dge-marne-presentations.pdf\" target=\"_blank\" rel=\"noopener\">Pr\u00e9sentation de la matin\u00e9e<\/a><\/li>\r\n \t<li><a href=\"\/site\/wp-content\/uploads\/2025\/11\/jt51_atelier1_publication_v1.1.pdf\" target=\"_blank\" rel=\"noopener\">Atelier \"Ouvrir ses donn\u00e9es : suivez le guide !\"<\/a><\/li>\r\n \t<li><a href=\"\/site\/wp-content\/uploads\/2025\/11\/dge_journee_marne_20221108_ocs_intro.pdf\" target=\"_blank\" rel=\"noopener\">Atelier \"Aller plus loin avec l'occupation du sol \u00e0 Grande Echelle du Grand Est (OCS GE2)\"<\/a><\/li>\r\n<\/ul>\r\n<div class=\"panel panel-warning\">\r\n<div class=\"panel-heading\">\r\n<h4>Programme<\/h4>\r\n<\/div>\r\n<\/div>\r\nLes donn\u00e9es sont essentielles \u00e0 la bonne conduite des politiques publiques. Mais connaissez-vous les donn\u00e9es disponibles sur le territoire marnais et savez-vous les mobiliser ? \u00c0 travers diff\u00e9rents retours d\u2019exp\u00e9riences, d\u00e9monstrations, discussions\u2026 participez \u00e0 la communaut\u00e9 des acteurs \u00ab data \u00bb de la Marne pour enrichir votre palette d\u2019outils, vos savoir-faire au service de votre territoire.\r\n\r\n&nbsp;\r\n\r\n<strong>09h30<\/strong>\u00a0 |\u00a0\u00a0<strong>Accueil<\/strong>\r\n\r\n<strong>10h00<\/strong>\u00a0 |\u00a0\u00a0<strong>Lancement de la journ\u00e9e par la R\u00e9gion Grand Est et la DREAL<\/strong>\r\n\r\n<strong>10h15<\/strong>\u00a0 |\u00a0\u00a0<strong>Quelles donn\u00e9es pour d\u00e9crire son territoire et son \u00e9volution ? Retours d\u2019exp\u00e9riences<\/strong>\r\n<ul>\r\n \t<li><em><a href=\"\/site\/wp-content\/uploads\/2025\/11\/dge-marne-presentations.pdf#page=5\" target=\"_blank\" rel=\"noopener\">Faites connaissance avec votre territoire sous l\u2019angle des donn\u00e9es ! Sandra GRAMMATICO et Christine LEFEVRE, DDT 5<\/a><\/em>\r\nSandra GRAMMATICO et Christine LEFEVRE, DDT 51\r\nDe nombreuses donn\u00e9es sont en ligne, chiffres et cartes : elles sont facilement exploitables pour assister les \u00e9lus dans leurs d \u00e9cisions, sans ma\u00eetriser de comp\u00e9tence particuli\u00e8re en mati\u00e8re de donn\u00e9es..<\/li>\r\n \t<li><em><a href=\"\/site\/wp-content\/uploads\/2025\/11\/dge-marne-presentations.pdf#page=21\" target=\"_blank\" rel=\"noopener\">Des donn\u00e9es environnementales pour l'am\u00e9nagement du territoire<\/a><\/em>\r\nMarie-Laure RING, Conseil D\u00e9partemental de la Marne\r\nEspaces naturels prot\u00e9g\u00e9s, infrastructures EnR, hydrographie, occupation du sol, g\u00e9ologie\u2026 Ces donn\u00e9es OpenData, issues de diff\u00e9rentes sources, sont compil\u00e9es dans une application cartographique intranet par le service d\u2019information g\u00e9ographique du Conseil D\u00e9partemental de la Marne, \u00e0 destination de ses services charg\u00e9s d\u2019\u00e9tudes dans les domaines de l\u2019environnement et de l\u2019am\u00e9nagement du territoire.<\/li>\r\n \t<li><em><a href=\"\/site\/wp-content\/uploads\/2025\/11\/dge-marne-presentations.pdf#page=23\" target=\"_blank\" rel=\"noopener\">Bases adresses\u00a0: du local au national, une organisation au service de tous<\/a><\/em>\r\nAriane ROSE et Jules SAUR, Base Adresse Nationale\r\nQuels sont les enjeux d\u2019une base adresse nationale et comment la constituer \u00e0 partir des bases constitu\u00e9es localement par les communes. Retours sur quelques retours d\u2019exp\u00e9rience et pr\u00e9sentation des d\u00e9marches en cours dans la Marne.<\/li>\r\n \t<li><em><a href=\"\/site\/wp-content\/uploads\/2025\/11\/dge-marne-presentations.pdf#page=34\" target=\"_blank\" rel=\"noopener\">Num\u00e9riser, partager, r\u00e9utiliser\u00a0: le cas des infrastructures cyclables dans la Marne<\/a><\/em>\r\nPierre LABADIE, Agence de D\u00e9veloppement Touristique de la Marne\r\nRetour d\u2018exp\u00e9rience autour de la num\u00e9risation et de la publication des pistes cyclables dans le d\u00e9partement avec l\u2019aide d\u2019OpenStreetMap et de G\u00e9ov\u00e9lo.<\/li>\r\n \t<li><em><a href=\"\/site\/wp-content\/uploads\/2025\/11\/dge-marne-presentations.pdf#page=43\" target=\"_blank\" rel=\"noopener\">Avec l\u2019INSEE\u00a0: des statistiques locales \u00e0 port\u00e9e de clic<\/a><\/em>\r\nTour d\u2019horizon de l\u2019ensemble des statistiques publiques disponibles en open data et auxquelles les collectivit\u00e9s peuvent acc\u00e9der pour enrichir leurs portraits de territoires.<\/li>\r\n \t<li><em><a href=\"\/site\/wp-content\/uploads\/2025\/11\/dge-marne-presentations.pdf#page=56\" target=\"_blank\" rel=\"noopener\">Des donn\u00e9es socles en open data : focus sur la BD Topo et le nouveau programme Lidar<\/a><\/em>\r\nSamuel HOOGE et \u00c9liane ROOS, IGN\r\nPr\u00e9sentation de deux r\u00e9f\u00e9rentiels g\u00e9ographique utiles \u00e0 tous : une base de donn\u00e9es d\u00e9crivant le d\u00e9partement \u00e0 l\u2019\u00e9chelle m\u00e9trique, qui \u00e9volue gr\u00e2ce aux contributions des acteurs locaux, et pr\u00e9sentation du programme national Lidar d\u00e9taill\u00e9 pour une vision renouvel\u00e9e du relief.<\/li>\r\n<\/ul>\r\n<strong>12h00<\/strong>\u00a0 |\u00a0\u00a0<a href=\"\/site\/wp-content\/uploads\/2025\/11\/dge-marne-presentations.pdf#page=77\" target=\"_blank\" rel=\"noopener\"><strong>DataGrandEst, votre infrastructure de mutualisation, en pratique<\/strong><\/a>\r\n\r\nDynamique mise en \u0153uvre par l\u2019\u00c9tat et la R\u00e9gion Grand Est pour d\u00e9velopper la coop\u00e9ration r\u00e9gionale en mati\u00e8re de production, de partage et de valorisation de donn\u00e9e, DataGrandEst est \u00e0 votre service. Quels sont ses principes de fonctionnement DataGrandEst et que peut vous apporter cette dynamique ? R\u00e9ponses pratiques.\r\n<strong>12h30<\/strong>\u00a0 |\u00a0\u00a0<strong>D\u00e9jeuner offert<\/strong>\r\n\r\n<strong>14h00\u00a0<\/strong> |\u00a0 <strong>2 Ateliers en parall\u00e8le<\/strong>\r\n\r\n&nbsp;\r\n<ul>\r\n \t<li><em><a href=\"\/site\/wp-content\/uploads\/2025\/11\/jt51_atelier1_publication_v1.1.pdf\" target=\"_blank\" rel=\"noopener\">Ouvrir ses donn\u00e9es :\u00a0suivez le guide !<\/a><\/em>\r\nPourquoi mais surtout comment ouvrir ses donn\u00e9es sans y passer trop de temps ? L'\u00e9quipe DataGrandEst vous guide pas \u00e0 pas en prenant des exemples tels que les donn\u00e9es budg\u00e9taires.<\/li>\r\n<\/ul>\r\n<a href=\"https:\/\/www.datagrandest.fr\/public\/webinar\/webinar_20221109\/prepa_donnees.mp4\" target=\"_blank\" rel=\"noopener\">Vid\u00e9o \"Pr\u00e9parer ses donn\u00e9es pour les publier sur DataGrandEst\"<\/a>\r\n<a href=\"https:\/\/www.datagrandest.fr\/public\/webinar\/webinar_20221109\/publier_donnees.mp4\" target=\"_blank\" rel=\"noopener\">Vid\u00e9o \"Publier ses donn\u00e9es sur DataGrandEst\"<\/a>\r\n<ul>\r\n \t<li><em><a href=\"\/site\/wp-content\/uploads\/2025\/11\/dge_journee_marne_20221108_ocs_intro.pdf\" target=\"_blank\" rel=\"noopener\">Aller plus loin avec l'occupation du sol \u00e0 Grande Echelle du Grand Est (OCS GE2)<\/a><\/em>\r\nRetours d'exp\u00e9riences et d\u00e9monstrations pratiques afin de faire connaissance et d'exploiter l'occupation du sol \u00e0\u00a0grande Echelle du Grand Est, une mine d'information exceptionnelle pour d\u00e9crire et suivre l'\u00e9volution du d\u00e9partement.\r\n<strong><a href=\"https:\/\/www.datagrandest.fr\/site\/projet\/suivre-loccupation-du-sol-regional\/\" target=\"_blank\" rel=\"noopener\">Retouvez toutes les informations OCS sur cette page.<\/a><\/strong><\/li>\r\n<\/ul>\r\n<strong>15h30<\/strong>\u00a0 |\u00a0\u00a0<strong>Rapports des ateliers et conclusion<\/strong>\r\n\r\n&nbsp;","eve_lieu":"","eve_date":"20221108","eve_date_fin":"20221108","eve_heure_de_debut":"09:30:00","eve_heure_de_fin":"09:30:00","eve_pour_aller_plus_loin":"","eve_animation":true,"glo_image":922,"glo_intro":"","glo_car_surcharge_titre":"","glo_car_surcharge_lien":""},"yoast_head":"<!-- This site is optimized with the Yoast SEO plugin v27.4 - https:\/\/yoast.com\/product\/yoast-seo-wordpress\/ -->\n<title>Journ\u00e9e d\u00e9partementale des donn\u00e9es de la Marne - DataGrandEst<\/title>\n<meta name=\"robots\" content=\"index, follow, max-snippet:-1, max-image-preview:large, max-video-preview:-1\" \/>\n<link rel=\"canonical\" href=\"https:\/\/www.datagrandest.fr\/site\/evenement\/journee-departementale-des-donnees-de-la-marne\/\" \/>\n<meta property=\"og:locale\" content=\"fr_FR\" \/>\n<meta property=\"og:type\" content=\"article\" \/>\n<meta property=\"og:title\" content=\"Journ\u00e9e d\u00e9partementale des donn\u00e9es de la Marne - DataGrandEst\" \/>\n<meta property=\"og:url\" content=\"https:\/\/www.datagrandest.fr\/site\/evenement\/journee-departementale-des-donnees-de-la-marne\/\" \/>\n<meta property=\"og:site_name\" content=\"DataGrandEst\" \/>\n<meta property=\"article:modified_time\" content=\"2026-04-29T14:46:49+00:00\" \/>\n<meta name=\"twitter:card\" content=\"summary_large_image\" \/>\n<meta name=\"twitter:label1\" content=\"Dur\u00e9e de lecture estim\u00e9e\" \/>\n\t<meta name=\"twitter:data1\" content=\"5 minutes\" \/>\n<script type=\"application\/ld+json\" class=\"yoast-schema-graph\">{\"@context\":\"https:\\\/\\\/schema.org\",\"@graph\":[{\"@type\":\"WebPage\",\"@id\":\"https:\\\/\\\/www.datagrandest.fr\\\/site\\\/evenement\\\/journee-departementale-des-donnees-de-la-marne\\\/\",\"url\":\"https:\\\/\\\/www.datagrandest.fr\\\/site\\\/evenement\\\/journee-departementale-des-donnees-de-la-marne\\\/\",\"name\":\"Journ\u00e9e d\u00e9partementale des donn\u00e9es de la Marne - DataGrandEst\",\"isPartOf\":{\"@id\":\"https:\\\/\\\/www.datagrandest.fr\\\/site\\\/#website\"},\"datePublished\":\"2022-07-08T10:33:54+00:00\",\"dateModified\":\"2026-04-29T14:46:49+00:00\",\"breadcrumb\":{\"@id\":\"https:\\\/\\\/www.datagrandest.fr\\\/site\\\/evenement\\\/journee-departementale-des-donnees-de-la-marne\\\/#breadcrumb\"},\"inLanguage\":\"fr-FR\",\"potentialAction\":[{\"@type\":\"ReadAction\",\"target\":[\"https:\\\/\\\/www.datagrandest.fr\\\/site\\\/evenement\\\/journee-departementale-des-donnees-de-la-marne\\\/\"]}]},{\"@type\":\"BreadcrumbList\",\"@id\":\"https:\\\/\\\/www.datagrandest.fr\\\/site\\\/evenement\\\/journee-departementale-des-donnees-de-la-marne\\\/#breadcrumb\",\"itemListElement\":[{\"@type\":\"ListItem\",\"position\":1,\"name\":\"Accueil\",\"item\":\"https:\\\/\\\/www.datagrandest.fr\\\/site\\\/\"},{\"@type\":\"ListItem\",\"position\":2,\"name\":\"\u00c9v\u00e9nements\",\"item\":\"https:\\\/\\\/www.datagrandest.fr\\\/site\\\/evenement\\\/\"},{\"@type\":\"ListItem\",\"position\":3,\"name\":\"Journ\u00e9e d\u00e9partementale des donn\u00e9es de la Marne\"}]},{\"@type\":\"WebSite\",\"@id\":\"https:\\\/\\\/www.datagrandest.fr\\\/site\\\/#website\",\"url\":\"https:\\\/\\\/www.datagrandest.fr\\\/site\\\/\",\"name\":\"DataGrandEst\",\"description\":\"\",\"potentialAction\":[{\"@type\":\"SearchAction\",\"target\":{\"@type\":\"EntryPoint\",\"urlTemplate\":\"https:\\\/\\\/www.datagrandest.fr\\\/site\\\/?s={search_term_string}\"},\"query-input\":{\"@type\":\"PropertyValueSpecification\",\"valueRequired\":true,\"valueName\":\"search_term_string\"}}],\"inLanguage\":\"fr-FR\"}]}<\/script>\n<!-- \/ Yoast SEO plugin. -->","yoast_head_json":{"title":"Journ\u00e9e d\u00e9partementale des donn\u00e9es de la Marne - DataGrandEst","robots":{"index":"index","follow":"follow","max-snippet":"max-snippet:-1","max-image-preview":"max-image-preview:large","max-video-preview":"max-video-preview:-1"},"canonical":"https:\/\/www.datagrandest.fr\/site\/evenement\/journee-departementale-des-donnees-de-la-marne\/","og_locale":"fr_FR","og_type":"article","og_title":"Journ\u00e9e d\u00e9partementale des donn\u00e9es de la Marne - DataGrandEst","og_url":"https:\/\/www.datagrandest.fr\/site\/evenement\/journee-departementale-des-donnees-de-la-marne\/","og_site_name":"DataGrandEst","article_modified_time":"2026-04-29T14:46:49+00:00","twitter_card":"summary_large_image","twitter_misc":{"Dur\u00e9e de lecture estim\u00e9e":"5 minutes"},"schema":{"@context":"https:\/\/schema.org","@graph":[{"@type":"WebPage","@id":"https:\/\/www.datagrandest.fr\/site\/evenement\/journee-departementale-des-donnees-de-la-marne\/","url":"https:\/\/www.datagrandest.fr\/site\/evenement\/journee-departementale-des-donnees-de-la-marne\/","name":"Journ\u00e9e d\u00e9partementale des donn\u00e9es de la Marne - DataGrandEst","isPartOf":{"@id":"https:\/\/www.datagrandest.fr\/site\/#website"},"datePublished":"2022-07-08T10:33:54+00:00","dateModified":"2026-04-29T14:46:49+00:00","breadcrumb":{"@id":"https:\/\/www.datagrandest.fr\/site\/evenement\/journee-departementale-des-donnees-de-la-marne\/#breadcrumb"},"inLanguage":"fr-FR","potentialAction":[{"@type":"ReadAction","target":["https:\/\/www.datagrandest.fr\/site\/evenement\/journee-departementale-des-donnees-de-la-marne\/"]}]},{"@type":"BreadcrumbList","@id":"https:\/\/www.datagrandest.fr\/site\/evenement\/journee-departementale-des-donnees-de-la-marne\/#breadcrumb","itemListElement":[{"@type":"ListItem","position":1,"name":"Accueil","item":"https:\/\/www.datagrandest.fr\/site\/"},{"@type":"ListItem","position":2,"name":"\u00c9v\u00e9nements","item":"https:\/\/www.datagrandest.fr\/site\/evenement\/"},{"@type":"ListItem","position":3,"name":"Journ\u00e9e d\u00e9partementale des donn\u00e9es de la Marne"}]},{"@type":"WebSite","@id":"https:\/\/www.datagrandest.fr\/site\/#website","url":"https:\/\/www.datagrandest.fr\/site\/","name":"DataGrandEst","description":"","potentialAction":[{"@type":"SearchAction","target":{"@type":"EntryPoint","urlTemplate":"https:\/\/www.datagrandest.fr\/site\/?s={search_term_string}"},"query-input":{"@type":"PropertyValueSpecification","valueRequired":true,"valueName":"search_term_string"}}],"inLanguage":"fr-FR"}]}},"_links":{"self":[{"href":"https:\/\/www.datagrandest.fr\/site\/wp-json\/wp\/v2\/evenement\/1515","targetHints":{"allow":["GET"]}}],"collection":[{"href":"https:\/\/www.datagrandest.fr\/site\/wp-json\/wp\/v2\/evenement"}],"about":[{"href":"https:\/\/www.datagrandest.fr\/site\/wp-json\/wp\/v2\/types\/evenement"}],"version-history":[{"count":4,"href":"https:\/\/www.datagrandest.fr\/site\/wp-json\/wp\/v2\/evenement\/1515\/revisions"}],"predecessor-version":[{"id":5646,"href":"https:\/\/www.datagrandest.fr\/site\/wp-json\/wp\/v2\/evenement\/1515\/revisions\/5646"}],"wp:attachment":[{"href":"https:\/\/www.datagrandest.fr\/site\/wp-json\/wp\/v2\/media?parent=1515"}],"wp:term":[{"taxonomy":"periode","embeddable":true,"href":"https:\/\/www.datagrandest.fr\/site\/wp-json\/wp\/v2\/periode?post=1515"},{"taxonomy":"source","embeddable":true,"href":"https:\/\/www.datagrandest.fr\/site\/wp-json\/wp\/v2\/source?post=1515"},{"taxonomy":"thematique_globale","embeddable":true,"href":"https:\/\/www.datagrandest.fr\/site\/wp-json\/wp\/v2\/thematique_globale?post=1515"},{"taxonomy":"type_evenement","embeddable":true,"href":"https:\/\/www.datagrandest.fr\/site\/wp-json\/wp\/v2\/type_evenement?post=1515"}],"curies":[{"name":"wp","href":"https:\/\/api.w.org\/{rel}","templated":true}]}}