{"id":1530,"date":"2022-07-08T12:28:50","date_gmt":"2022-07-08T10:28:50","guid":{"rendered":"https:\/\/dev.datagrandest.fr\/site\/evenement\/rencontre-sig-du-grand-est-organisee-par-leurope-vue-du-ciel-2\/"},"modified":"2026-03-30T11:05:59","modified_gmt":"2026-03-30T09:05:59","slug":"rencontre-sig-du-grand-est-organisee-par-leurope-vue-du-ciel-2","status":"publish","type":"evenement","link":"https:\/\/www.datagrandest.fr\/site\/evenement\/rencontre-sig-du-grand-est-organisee-par-leurope-vue-du-ciel-2\/","title":{"rendered":"Rencontre SIG du Grand Est organis\u00e9e par l&rsquo;Europe Vue du Ciel"},"template":"","meta":{"_acf_changed":false,"_relevanssi_hide_post":"","_relevanssi_hide_content":"","_relevanssi_pin_for_all":"","_relevanssi_pin_keywords":"","_relevanssi_unpin_keywords":"","_relevanssi_related_keywords":"","_relevanssi_related_include_ids":"","_relevanssi_related_exclude_ids":"","_relevanssi_related_no_append":"","_relevanssi_related_not_related":"","_relevanssi_related_posts":"","_relevanssi_noindex_reason":""},"periode":[210],"source":[],"thematique_globale":[],"type_evenement":[149],"class_list":["post-1530","evenement","type-evenement","status-publish","hentry","periode-210","type_evenement-rencontres-regionales"],"acf":{"eve_description_courte":"","eve_description_longue":"<h1>DataGrandEst pr\u00e9sent \u00e0 la 4e Rencontre SIG organis\u00e9e par l'Europe Vue Du Ciel<\/h1>\r\n<h3><\/h3>\r\n<h3>Date<\/h3>\r\nVendredi 30 septembre 2022\r\n\r\nA partir de 9h00\r\n\r\n&nbsp;\r\n<h3>Lieu de l'\u00e9venement<\/h3>\r\nL'Europe Vue du ciel\r\n\r\nA\u00e9rodrome de Chambley\r\n\r\nBoulevard Antoine de Saint-Exup\u00e9ry\r\n\r\n54470 Hag\u00e9ville\r\n\r\n&nbsp;\r\n<h3>Th\u00e9matique<\/h3>\r\nFavoriser l\u2019\u00e9change d\u2019id\u00e9es entre des g\u00e9omaticiens et partager des solutions pour r\u00e9pondre au mieux aux besoins en cartographie num\u00e9rique.\r\n\r\n&nbsp;\r\n\r\n&nbsp;\r\n\r\n&nbsp;\r\n<p class=\"rtecenter\"><\/p>\r\n&nbsp;\r\n\r\n&nbsp;","eve_lieu":"a\u00e9rodrome de Chambley","eve_date":"20220930","eve_date_fin":"20220930","eve_heure_de_debut":"09:00:00","eve_heure_de_fin":"09:00:00","eve_pour_aller_plus_loin":"","eve_animation":false,"glo_image":922,"glo_intro":"","glo_car_surcharge_titre":"","glo_car_surcharge_lien":""},"yoast_head":"<!-- This site is optimized with the Yoast SEO plugin v27.4 - https:\/\/yoast.com\/product\/yoast-seo-wordpress\/ -->\n<title>Rencontre SIG du Grand Est organis\u00e9e par l&#039;Europe Vue du Ciel - DataGrandEst<\/title>\n<meta name=\"robots\" content=\"index, follow, max-snippet:-1, max-image-preview:large, max-video-preview:-1\" \/>\n<link rel=\"canonical\" href=\"https:\/\/www.datagrandest.fr\/site\/evenement\/rencontre-sig-du-grand-est-organisee-par-leurope-vue-du-ciel-2\/\" \/>\n<meta property=\"og:locale\" content=\"fr_FR\" \/>\n<meta property=\"og:type\" content=\"article\" \/>\n<meta property=\"og:title\" content=\"Rencontre SIG du Grand Est organis\u00e9e par l&#039;Europe Vue du Ciel - DataGrandEst\" \/>\n<meta property=\"og:url\" content=\"https:\/\/www.datagrandest.fr\/site\/evenement\/rencontre-sig-du-grand-est-organisee-par-leurope-vue-du-ciel-2\/\" \/>\n<meta property=\"og:site_name\" content=\"DataGrandEst\" \/>\n<meta property=\"article:modified_time\" content=\"2026-03-30T09:05:59+00:00\" \/>\n<meta name=\"twitter:card\" content=\"summary_large_image\" \/>\n<meta name=\"twitter:label1\" content=\"Dur\u00e9e de lecture estim\u00e9e\" \/>\n\t<meta name=\"twitter:data1\" content=\"1 minute\" \/>\n<script type=\"application\/ld+json\" class=\"yoast-schema-graph\">{\"@context\":\"https:\\\/\\\/schema.org\",\"@graph\":[{\"@type\":\"WebPage\",\"@id\":\"https:\\\/\\\/www.datagrandest.fr\\\/site\\\/evenement\\\/rencontre-sig-du-grand-est-organisee-par-leurope-vue-du-ciel-2\\\/\",\"url\":\"https:\\\/\\\/www.datagrandest.fr\\\/site\\\/evenement\\\/rencontre-sig-du-grand-est-organisee-par-leurope-vue-du-ciel-2\\\/\",\"name\":\"Rencontre SIG du Grand Est organis\u00e9e par l'Europe Vue du Ciel - DataGrandEst\",\"isPartOf\":{\"@id\":\"https:\\\/\\\/www.datagrandest.fr\\\/site\\\/#website\"},\"datePublished\":\"2022-07-08T10:28:50+00:00\",\"dateModified\":\"2026-03-30T09:05:59+00:00\",\"breadcrumb\":{\"@id\":\"https:\\\/\\\/www.datagrandest.fr\\\/site\\\/evenement\\\/rencontre-sig-du-grand-est-organisee-par-leurope-vue-du-ciel-2\\\/#breadcrumb\"},\"inLanguage\":\"fr-FR\",\"potentialAction\":[{\"@type\":\"ReadAction\",\"target\":[\"https:\\\/\\\/www.datagrandest.fr\\\/site\\\/evenement\\\/rencontre-sig-du-grand-est-organisee-par-leurope-vue-du-ciel-2\\\/\"]}]},{\"@type\":\"BreadcrumbList\",\"@id\":\"https:\\\/\\\/www.datagrandest.fr\\\/site\\\/evenement\\\/rencontre-sig-du-grand-est-organisee-par-leurope-vue-du-ciel-2\\\/#breadcrumb\",\"itemListElement\":[{\"@type\":\"ListItem\",\"position\":1,\"name\":\"Accueil\",\"item\":\"https:\\\/\\\/www.datagrandest.fr\\\/site\\\/\"},{\"@type\":\"ListItem\",\"position\":2,\"name\":\"\u00c9v\u00e9nements\",\"item\":\"https:\\\/\\\/www.datagrandest.fr\\\/site\\\/evenement\\\/\"},{\"@type\":\"ListItem\",\"position\":3,\"name\":\"Rencontre SIG du Grand Est organis\u00e9e par l&rsquo;Europe Vue du Ciel\"}]},{\"@type\":\"WebSite\",\"@id\":\"https:\\\/\\\/www.datagrandest.fr\\\/site\\\/#website\",\"url\":\"https:\\\/\\\/www.datagrandest.fr\\\/site\\\/\",\"name\":\"DataGrandEst\",\"description\":\"\",\"potentialAction\":[{\"@type\":\"SearchAction\",\"target\":{\"@type\":\"EntryPoint\",\"urlTemplate\":\"https:\\\/\\\/www.datagrandest.fr\\\/site\\\/?s={search_term_string}\"},\"query-input\":{\"@type\":\"PropertyValueSpecification\",\"valueRequired\":true,\"valueName\":\"search_term_string\"}}],\"inLanguage\":\"fr-FR\"}]}<\/script>\n<!-- \/ Yoast SEO plugin. -->","yoast_head_json":{"title":"Rencontre SIG du Grand Est organis\u00e9e par l'Europe Vue du Ciel - DataGrandEst","robots":{"index":"index","follow":"follow","max-snippet":"max-snippet:-1","max-image-preview":"max-image-preview:large","max-video-preview":"max-video-preview:-1"},"canonical":"https:\/\/www.datagrandest.fr\/site\/evenement\/rencontre-sig-du-grand-est-organisee-par-leurope-vue-du-ciel-2\/","og_locale":"fr_FR","og_type":"article","og_title":"Rencontre SIG du Grand Est organis\u00e9e par l'Europe Vue du Ciel - DataGrandEst","og_url":"https:\/\/www.datagrandest.fr\/site\/evenement\/rencontre-sig-du-grand-est-organisee-par-leurope-vue-du-ciel-2\/","og_site_name":"DataGrandEst","article_modified_time":"2026-03-30T09:05:59+00:00","twitter_card":"summary_large_image","twitter_misc":{"Dur\u00e9e de lecture estim\u00e9e":"1 minute"},"schema":{"@context":"https:\/\/schema.org","@graph":[{"@type":"WebPage","@id":"https:\/\/www.datagrandest.fr\/site\/evenement\/rencontre-sig-du-grand-est-organisee-par-leurope-vue-du-ciel-2\/","url":"https:\/\/www.datagrandest.fr\/site\/evenement\/rencontre-sig-du-grand-est-organisee-par-leurope-vue-du-ciel-2\/","name":"Rencontre SIG du Grand Est organis\u00e9e par l'Europe Vue du Ciel - DataGrandEst","isPartOf":{"@id":"https:\/\/www.datagrandest.fr\/site\/#website"},"datePublished":"2022-07-08T10:28:50+00:00","dateModified":"2026-03-30T09:05:59+00:00","breadcrumb":{"@id":"https:\/\/www.datagrandest.fr\/site\/evenement\/rencontre-sig-du-grand-est-organisee-par-leurope-vue-du-ciel-2\/#breadcrumb"},"inLanguage":"fr-FR","potentialAction":[{"@type":"ReadAction","target":["https:\/\/www.datagrandest.fr\/site\/evenement\/rencontre-sig-du-grand-est-organisee-par-leurope-vue-du-ciel-2\/"]}]},{"@type":"BreadcrumbList","@id":"https:\/\/www.datagrandest.fr\/site\/evenement\/rencontre-sig-du-grand-est-organisee-par-leurope-vue-du-ciel-2\/#breadcrumb","itemListElement":[{"@type":"ListItem","position":1,"name":"Accueil","item":"https:\/\/www.datagrandest.fr\/site\/"},{"@type":"ListItem","position":2,"name":"\u00c9v\u00e9nements","item":"https:\/\/www.datagrandest.fr\/site\/evenement\/"},{"@type":"ListItem","position":3,"name":"Rencontre SIG du Grand Est organis\u00e9e par l&rsquo;Europe Vue du Ciel"}]},{"@type":"WebSite","@id":"https:\/\/www.datagrandest.fr\/site\/#website","url":"https:\/\/www.datagrandest.fr\/site\/","name":"DataGrandEst","description":"","potentialAction":[{"@type":"SearchAction","target":{"@type":"EntryPoint","urlTemplate":"https:\/\/www.datagrandest.fr\/site\/?s={search_term_string}"},"query-input":{"@type":"PropertyValueSpecification","valueRequired":true,"valueName":"search_term_string"}}],"inLanguage":"fr-FR"}]}},"_links":{"self":[{"href":"https:\/\/www.datagrandest.fr\/site\/wp-json\/wp\/v2\/evenement\/1530","targetHints":{"allow":["GET"]}}],"collection":[{"href":"https:\/\/www.datagrandest.fr\/site\/wp-json\/wp\/v2\/evenement"}],"about":[{"href":"https:\/\/www.datagrandest.fr\/site\/wp-json\/wp\/v2\/types\/evenement"}],"version-history":[{"count":1,"href":"https:\/\/www.datagrandest.fr\/site\/wp-json\/wp\/v2\/evenement\/1530\/revisions"}],"predecessor-version":[{"id":1531,"href":"https:\/\/www.datagrandest.fr\/site\/wp-json\/wp\/v2\/evenement\/1530\/revisions\/1531"}],"wp:attachment":[{"href":"https:\/\/www.datagrandest.fr\/site\/wp-json\/wp\/v2\/media?parent=1530"}],"wp:term":[{"taxonomy":"periode","embeddable":true,"href":"https:\/\/www.datagrandest.fr\/site\/wp-json\/wp\/v2\/periode?post=1530"},{"taxonomy":"source","embeddable":true,"href":"https:\/\/www.datagrandest.fr\/site\/wp-json\/wp\/v2\/source?post=1530"},{"taxonomy":"thematique_globale","embeddable":true,"href":"https:\/\/www.datagrandest.fr\/site\/wp-json\/wp\/v2\/thematique_globale?post=1530"},{"taxonomy":"type_evenement","embeddable":true,"href":"https:\/\/www.datagrandest.fr\/site\/wp-json\/wp\/v2\/type_evenement?post=1530"}],"curies":[{"name":"wp","href":"https:\/\/api.w.org\/{rel}","templated":true}]}}