{"id":1535,"date":"2022-07-08T12:14:25","date_gmt":"2022-07-08T10:14:25","guid":{"rendered":"https:\/\/dev.datagrandest.fr\/site\/evenement\/journee-danimation-datagrandest-cap-sur-la-mobilite\/"},"modified":"2026-03-30T11:07:09","modified_gmt":"2026-03-30T09:07:09","slug":"journee-danimation-datagrandest-cap-sur-la-mobilite","status":"publish","type":"evenement","link":"https:\/\/www.datagrandest.fr\/site\/evenement\/journee-danimation-datagrandest-cap-sur-la-mobilite\/","title":{"rendered":"Journ\u00e9e d&rsquo;animation DataGrandEst : Cap sur la mobilit\u00e9"},"template":"","meta":{"_acf_changed":false,"_relevanssi_hide_post":"","_relevanssi_hide_content":"","_relevanssi_pin_for_all":"","_relevanssi_pin_keywords":"","_relevanssi_unpin_keywords":"","_relevanssi_related_keywords":"","_relevanssi_related_include_ids":"","_relevanssi_related_exclude_ids":"","_relevanssi_related_no_append":"","_relevanssi_related_not_related":"","_relevanssi_related_posts":"","_relevanssi_noindex_reason":""},"periode":[210],"source":[],"thematique_globale":[],"type_evenement":[146],"class_list":["post-1535","evenement","type-evenement","status-publish","hentry","periode-210","type_evenement-journee-thematique"],"acf":{"eve_description_courte":"","eve_description_longue":"<h1 class=\"rtecenter\">CAP SUR LA MOBILIT\u00c9<\/h1>\r\n<p class=\"rtecenter\"><strong>____________________<\/strong><\/p>\r\n\r\n<h4 class=\"rtecenter\">Jeudi 22 septembre 2022\u00a0 |\u00a0 De 9h30 \u00e0 16h00\u00a0 |\u00a0 Bezannes<\/h4>\r\n<div class=\"panel panel-warning\">\r\n<div class=\"panel-heading\">\r\n<h4>Programme<\/h4>\r\n<\/div>\r\n<\/div>\r\n<strong>09h30<\/strong>\u00a0 |\u00a0\u00a0Accueil\r\n\r\n<strong>10h00<\/strong>\u00a0 |\u00a0\u00a0Panorama des donn\u00e9es et des acteurs\r\n\r\n<strong>Introduction par les services de l'Etat de la R\u00e9gion<\/strong>\r\nIrene WEISS, Vice Pr\u00e9sidente de la Commission Enseignement Sup\u00e9rieur, Recherche et Innovation de la R\u00e9gion Grand Est, et\r\nIsabelle KAUFFMANN, cheffe du service d\u00e9veloppement durbale et connaissance de la DREAL Grand Est\r\n<ul>\r\n \t<li><strong>Des AOT aux AOM : quelles nouvelles comp\u00e9tences pour quelles \u00e9volutions r\u00e9glementaires ?<\/strong>\r\nEtienne CHERMETTE, Charg\u00e9 de mission D\u00e9placements, DREAL Grand Est<\/li>\r\n \t<li><strong>Pr\u00e9sentation du SIM fluo et du calculateur d\u2019itin\u00e9raires multimodal<\/strong>\r\nTristan BOURSICO, INTERMOD Grand Est<\/li>\r\n \t<li><strong>Les enjeux li\u00e9s \u00e0 l\u2019accessibilit\u00e9 et \u00e0 la politique g\u00e9n\u00e9rale de standardisation des donn\u00e9es de transports<\/strong>\r\nMuriel LARROUY, Charg\u00e9e de mission \u00e0 la d\u00e9l\u00e9gation minist\u00e9rielle \u00e0 l'accessibilit\u00e9<\/li>\r\n \t<li><strong>La Mobilit\u00e9 dans le Grand Reims<\/strong>\r\nCarine ALAVANT, Directrice adjointe Mobilit\u00e9s et Transports du Grand Reims\r\nElodie Monnet, Chef de projet SIG du Grand Reims<\/li>\r\n<\/ul>\r\n<strong>12h15<\/strong>\u00a0 |\u00a0\u00a0Cocktail d\u00e9jeunatoire\r\n\r\n<strong>13h45<\/strong>\u00a0 |\u00a0\u00a0Pr\u00e9sentation de cas d'usage\r\n<ul>\r\n \t<li><strong>Mulhouse Alsace Agglom\u00e9ration, un territoire pionnier des Maas\u00a0<\/strong>\r\nLaura Brun, Directeur Mobilit\u00e9s et Transports, Mulhouse Alsace Agglom\u00e9ration<\/li>\r\n \t<li><strong>Focus sur la d\u00e9marche de l\u2019Eurom\u00e9tropole de Metz pour standardiser ses donn\u00e9es cyclables<\/strong>\r\nMiryad ALI, Responsable de l'ouverture de donn\u00e9es sur transport.data.gouv.fr\r\nFabien COMMEAUX et Thomas MONTAGNE, Plateforme V\u00e9lo et Territoire Christophe PREVOST, Conseiller d\u00e9l\u00e9gu\u00e9 au Plan V\u00e9lo de l\u2019Eurom\u00e9tropole de Metz Emilie ESSERT, Charg\u00e9e de mission \u00e9comobilit\u00e9, Eurom\u00e9tropole de Metz Bastien FERRETTI, Charg\u00e9 de mission mobilit\u00e9, Agence d\u2019urbanisme de METZ<\/li>\r\n<\/ul>\r\n<strong>15h15\u00a0<\/strong> |\u00a0\u00a0 Le r\u00f4le de DataGrandEst\r\n<ul>\r\n \t<li><strong>Enjeux des pistes cyclables en r\u00e9gion Grand Est : Mise en place d\u2019un groupe de travail<\/strong>\r\nAntoine RICHARD, R\u00e9gion Grand Est<\/li>\r\n \t<li><strong>Comment DataGrandEst peut contribuer \u00e0 la diffusion des donn\u00e9es de la mobilit\u00e9 ?<\/strong>\r\nGuillaume RYCKELINK, R\u00e9gion Grand Est<\/li>\r\n \t<li><strong>Conclusion de la journ\u00e9e<\/strong>\r\nMarie-Christine SCHOTT, Cheffe de mission Pilotage et Data, R\u00e9gion Grand Est\r\nFran\u00e7ois MATHONNET, Pilote de la Mission Donn\u00e9e \u2013 DREAL Grand Est<\/li>\r\n<\/ul>\r\n<p style=\"margin-top: 10px; margin-bottom: 10px;\"><strong>16h30<\/strong>\u00a0 |\u00a0\u00a0Fin de journ\u00e9e<\/p>\r\n&nbsp;\r\n<div class=\"panel panel-warning\">\r\n<div class=\"panel-heading\">\r\n<h4>Adresse de l'\u00e9v\u00e9nement<\/h4>\r\n<\/div>\r\n<\/div>\r\n<h4><b>Salon Bertacchi<\/b><\/h4>\r\n13 Rue Louis N\u00e9el\u00a0|\u00a051430 Bezannes\r\n\r\nGare TGV Champagne-Ardenne\r\n\r\n<a href=\"https:\/\/www.google.com\/maps\/place\/Bertacchi\/@49.222448,3.9891424,14.71z\/data=!4m5!3m4!1s0x47e975083a68e03f:0x604afc790d0d8b87!8m2!3d49.2222299!4d4.0025758\">Plan d\u2019acc\u00e9s<\/a>\r\n\r\n&nbsp;\r\n<div class=\"panel panel-warning\">\r\n<div class=\"panel-heading\">\r\n<h4>S\u00e9curit\u00e9 sanitaire<\/h4>\r\n<\/div>\r\n<\/div>\r\n<div class=\"row\">\r\n<div class=\"col-sm-6 col-md-4\" style=\"padding: 0 15px 0 15px;\">\r\n<div class=\"thumbnail\">\r\n<div class=\"caption\" style=\"heigh: 50px;\">\r\n<p class=\"rtecenter\">Le port du masque est conseill\u00e9 tout au long de la journ\u00e9e.<\/p>\r\n\r\n<\/div>\r\n<\/div>\r\n<\/div>\r\n<\/div>","eve_lieu":"","eve_date":"20220922","eve_date_fin":"20220922","eve_heure_de_debut":"09:00:00","eve_heure_de_fin":"09:00:00","eve_pour_aller_plus_loin":"<h3>Pr\u00e9sentation de la journ\u00e9e d'animation<\/h3>\r\nLes enjeux de la mobilit\u00e9 nous concernent tous !\r\n\r\nEn s\u2019inscrivant dans la\u00a0<strong>Semaine Europ\u00e9enne de la Mobilit\u00e9 2022<\/strong>, DataGrandEst souhaite r\u00e9unir les acteurs sur le th\u00e8me de la mobilit\u00e9 lors d\u2019une journ\u00e9e qui se d\u00e9roulera sur un point intermodal \u00e0 proximit\u00e9 de la Gare TGV Champagne-Ardenne de Bezannes !\r\n\r\nLes modes et besoins de d\u00e9placements \u00e9voluent, de nouveaux cadres r\u00e8glementaires \u00e9mergent et il est essentiel de d\u00e9ployer des services adapt\u00e9s aux citoyens. Au c\u0153ur de cette analyse, notre capacit\u00e9 \u00e0 mobiliser les bonnes donn\u00e9es, y acc\u00e9der, les partager et les r\u00e9utiliser \u00e0 bon escient !\r\n\r\n&nbsp;\r\n\r\n<a href=\"\/site\/portail\/fr\/system\/files\/document\/2022-10\/ja_dge-synthese.pdf\" target=\"_blank\" rel=\"noopener\"><strong>D\u00e9couvrez la synth\u00e8se de la journ\u00e9e<\/strong><\/a>\r\n\r\n<strong>Acc\u00e9dez aux principales donn\u00e9es de Mobilit\u00e9 sur DataGrandEst<\/strong>\r\n<ul>\r\n \t<li><a href=\"https:\/\/www.datagrandest.fr\/data4citizen?facet.field=%22organization%22,%22tags%22,%22themes%22,%22features%22%5D&amp;rows=12&amp;start=0&amp;q=text:covoiturage\" target=\"_blank\" rel=\"noopener\"><strong>Covoiturage<\/strong><\/a><\/li>\r\n \t<li><a href=\"https:\/\/www.datagrandest.fr\/data4citizen?facet.field=%5B%22organization%22,%22tags%22,%22themes%22,%22features%22%5D&amp;rows=12&amp;start=0&amp;q=text:irve\" target=\"_blank\" rel=\"noopener\"><strong>IRVE<\/strong><\/a><\/li>\r\n \t<li><a href=\"https:\/\/www.datagrandest.fr\/data4citizen?facet.field=%5B%22organization%22,%22tags%22,%22themes%22,%22features%22%5D&amp;rows=12&amp;start=0&amp;q=text:fluo\" target=\"_blank\" rel=\"noopener\"><strong>FLUO<\/strong><\/a><\/li>\r\n \t<li><a href=\"https:\/\/www.datagrandest.fr\/data4citizen?facet.field=%22organization%22,%22tags%22,%22themes%22,%22features%22%5D&amp;rows=12&amp;start=0&amp;q=text:cyclable\" target=\"_blank\" rel=\"noopener\"><strong>Donn\u00e9es cyclables<\/strong><\/a><\/li>\r\n \t<li><a href=\"https:\/\/www.datagrandest.fr\/data4citizen\/visualisation\/information\/?id=voitures-particulieres-immatriculees-par-commune-et-par-type-de-recharge\" target=\"_blank\" rel=\"noopener\"><strong>Immatriculation de v\u00e9hicules par communes<\/strong><\/a><\/li>\r\n<\/ul>\r\n&nbsp;\r\n<h3>Les interventions<\/h3>\r\n<strong>Panorama des donn\u00e9es et des acteurs<\/strong>\r\n<ul>\r\n \t<li><a href=\"\/site\/portail\/fr\/system\/files\/document\/2022-10\/2_journee_donnees_20220922.pdf\" target=\"_blank\" rel=\"noopener\"><strong>Actualit\u00e9s r\u00e8glementaire et obligation ouverture des donn\u00e9s accessibilit\u00e9 et mobilit\u00e9<\/strong><\/a>\r\nEtienne CHERMETTE, Charg\u00e9 de mission D\u00e9placements, DREAL Grand Est<\/li>\r\n \t<li><a href=\"\/site\/portail\/fr\/system\/files\/document\/2022-10\/3_presentation_fluo_-_datagrandest_mobilites_vfinale_2.pdf\" target=\"_blank\" rel=\"noopener\"><strong>Les donn\u00e9es du SIM fluo<\/strong><\/a>\r\nTristan BOURSICO, Service Transports\/Mobilit\u00e9 de la R\u00e9gion Grand Est<\/li>\r\n \t<li><a href=\"\/site\/portail\/fr\/system\/files\/document\/2022-10\/4_2022_09_22_pres_dma_access_data_gd_est_v0.pdf\" target=\"_blank\" rel=\"noopener\"><strong>Les enjeux li\u00e9s \u00e0 l\u2019accessibilit\u00e9 politique g\u00e9n\u00e9rale de standardisation des donn\u00e9es de transports<\/strong><\/a>\r\nMuriel LARROUY, Charg\u00e9e de mission \u00e0 la d\u00e9l\u00e9gation minist\u00e9rielle \u00e0 l'accessibilit\u00e9<\/li>\r\n \t<li><a href=\"\/site\/portail\/fr\/system\/files\/document\/2022-10\/5_20220922_jourmob_datage_prescugr.pdf\" target=\"_blank\" rel=\"noopener\"><strong>Pr\u00e9sentation de la Base de donn\u00e9es SIG et focus sur la th\u00e9matique V\u00e9lo<\/strong><\/a>\r\nElodie MONNET, Chef de projet SIG et\r\nCarine ALAVANT, Directrice adjointe de la Direction Mobilit\u00e9s en Transports du Grand Reims<\/li>\r\n<\/ul>\r\n<strong>Pr\u00e9sentation de cas d'usage inspirants<\/strong>\r\n<ul>\r\n \t<li><a href=\"\/site\/portail\/fr\/system\/files\/document\/2022-10\/6_compte_mobilite_journee_mobilite_datagrandest.pdf\" target=\"_blank\" rel=\"noopener\"><strong>Le Compte Mobilit\u00e9, la solution M2A qui simplifie tous vos d\u00e9placemets<\/strong><\/a>\r\nLaura BRUN, Responsable mat\u00e9riel roulant, infrastructures et syst\u00e8mes, Mulhouse Alsace Agglom\u00e9ration<\/li>\r\n<\/ul>\r\n<strong>Grand Angle sur les donn\u00e9es cyclables :\r\nStandardisation et nouveaux services aux usagers ; retour d\u2019exp\u00e9rience de l\u2019Eurom\u00e9tropole de Metz.<\/strong>\r\n<ul>\r\n \t<li><a href=\"\/site\/portail\/fr\/system\/files\/document\/2022-10\/7_vttdg_presentation_masque.pdf\" target=\"_blank\" rel=\"noopener\"><strong>Data V\u00e9lo, des mod\u00e8les de donn\u00e9es et des outils \u00e0 destination des collectivit\u00e9s<\/strong><\/a>\r\nMiryad ALI, Responsable de l'ouverture de donn\u00e9es sur transport.data.gouv.fr et\r\nFabien COMMEAUX, G\u00e9omaticien, V\u00e9lo et Territoire<\/li>\r\n \t<li><a href=\"\/site\/portail\/fr\/system\/files\/document\/2022-10\/8_220922_journee_data_ge_aguram_emm_02.pdf\" target=\"_blank\" rel=\"noopener\"><strong>Des donn\u00e9es standardis\u00e9es pour une plateforme des am\u00e9nagements cyclables<\/strong><\/a>\r\nChristophe PREVOST, Conseiller d\u00e9l\u00e9gu\u00e9 au Plan V\u00e9lo de l\u2019Eurom\u00e9tropole de Metz\r\nEmilie ESSERT, Charg\u00e9 de mission \u00e9comobilit\u00e9, Eurom\u00e9tropole de Metz\r\nBastien FERRETTI, Charg\u00e9 de mission mobilit\u00e9, Agence d\u2019urbanisme de Metz<\/li>\r\n<\/ul>\r\n<strong>Le r\u00f4le de DataGrandEst<\/strong>\r\n<ul>\r\n \t<li><a href=\"\/site\/portail\/fr\/system\/files\/document\/2022-10\/1_dge_animation_2022-09-22_jt_mobilites_v02.pdf\"><strong>Mise en place d'un\u00a0groupe de travail \"Am\u00e9nagements cyclables\"<\/strong><\/a><\/li>\r\n \t<li><strong>La stat\u00e9gie DataGrandEst, \u00e9tat des lieux des outils et donn\u00e9es disponibles<\/strong><\/li>\r\n<\/ul>\r\n<h3>Un groupe de travail sur les donn\u00e9es relatives aux am\u00e9nagements cyclables.<\/h3>\r\nSi les donn\u00e9es des am\u00e9nagements cyclables vous int\u00e9resse, rejoignez le groupe de travail d\u00e9di\u00e9 et collaborez au niveau r\u00e9gional !","eve_animation":true,"glo_image":922,"glo_intro":"","glo_car_surcharge_titre":"","glo_car_surcharge_lien":""},"yoast_head":"<!-- This site is optimized with the Yoast SEO plugin v27.4 - https:\/\/yoast.com\/product\/yoast-seo-wordpress\/ -->\n<title>Journ\u00e9e d&#039;animation DataGrandEst : Cap sur la mobilit\u00e9 - DataGrandEst<\/title>\n<meta name=\"robots\" content=\"index, follow, max-snippet:-1, max-image-preview:large, max-video-preview:-1\" \/>\n<link rel=\"canonical\" href=\"https:\/\/www.datagrandest.fr\/site\/evenement\/journee-danimation-datagrandest-cap-sur-la-mobilite\/\" \/>\n<meta property=\"og:locale\" content=\"fr_FR\" \/>\n<meta property=\"og:type\" content=\"article\" \/>\n<meta property=\"og:title\" content=\"Journ\u00e9e d&#039;animation DataGrandEst : Cap sur la mobilit\u00e9 - DataGrandEst\" \/>\n<meta property=\"og:url\" content=\"https:\/\/www.datagrandest.fr\/site\/evenement\/journee-danimation-datagrandest-cap-sur-la-mobilite\/\" \/>\n<meta property=\"og:site_name\" content=\"DataGrandEst\" \/>\n<meta property=\"article:modified_time\" content=\"2026-03-30T09:07:09+00:00\" \/>\n<meta name=\"twitter:card\" content=\"summary_large_image\" \/>\n<meta name=\"twitter:label1\" content=\"Dur\u00e9e de lecture estim\u00e9e\" \/>\n\t<meta name=\"twitter:data1\" content=\"4 minutes\" \/>\n<script type=\"application\/ld+json\" class=\"yoast-schema-graph\">{\"@context\":\"https:\\\/\\\/schema.org\",\"@graph\":[{\"@type\":\"WebPage\",\"@id\":\"https:\\\/\\\/www.datagrandest.fr\\\/site\\\/evenement\\\/journee-danimation-datagrandest-cap-sur-la-mobilite\\\/\",\"url\":\"https:\\\/\\\/www.datagrandest.fr\\\/site\\\/evenement\\\/journee-danimation-datagrandest-cap-sur-la-mobilite\\\/\",\"name\":\"Journ\u00e9e d'animation DataGrandEst : Cap sur la mobilit\u00e9 - DataGrandEst\",\"isPartOf\":{\"@id\":\"https:\\\/\\\/www.datagrandest.fr\\\/site\\\/#website\"},\"datePublished\":\"2022-07-08T10:14:25+00:00\",\"dateModified\":\"2026-03-30T09:07:09+00:00\",\"breadcrumb\":{\"@id\":\"https:\\\/\\\/www.datagrandest.fr\\\/site\\\/evenement\\\/journee-danimation-datagrandest-cap-sur-la-mobilite\\\/#breadcrumb\"},\"inLanguage\":\"fr-FR\",\"potentialAction\":[{\"@type\":\"ReadAction\",\"target\":[\"https:\\\/\\\/www.datagrandest.fr\\\/site\\\/evenement\\\/journee-danimation-datagrandest-cap-sur-la-mobilite\\\/\"]}]},{\"@type\":\"BreadcrumbList\",\"@id\":\"https:\\\/\\\/www.datagrandest.fr\\\/site\\\/evenement\\\/journee-danimation-datagrandest-cap-sur-la-mobilite\\\/#breadcrumb\",\"itemListElement\":[{\"@type\":\"ListItem\",\"position\":1,\"name\":\"Accueil\",\"item\":\"https:\\\/\\\/www.datagrandest.fr\\\/site\\\/\"},{\"@type\":\"ListItem\",\"position\":2,\"name\":\"\u00c9v\u00e9nements\",\"item\":\"https:\\\/\\\/www.datagrandest.fr\\\/site\\\/evenement\\\/\"},{\"@type\":\"ListItem\",\"position\":3,\"name\":\"Journ\u00e9e d&rsquo;animation DataGrandEst : Cap sur la mobilit\u00e9\"}]},{\"@type\":\"WebSite\",\"@id\":\"https:\\\/\\\/www.datagrandest.fr\\\/site\\\/#website\",\"url\":\"https:\\\/\\\/www.datagrandest.fr\\\/site\\\/\",\"name\":\"DataGrandEst\",\"description\":\"\",\"potentialAction\":[{\"@type\":\"SearchAction\",\"target\":{\"@type\":\"EntryPoint\",\"urlTemplate\":\"https:\\\/\\\/www.datagrandest.fr\\\/site\\\/?s={search_term_string}\"},\"query-input\":{\"@type\":\"PropertyValueSpecification\",\"valueRequired\":true,\"valueName\":\"search_term_string\"}}],\"inLanguage\":\"fr-FR\"}]}<\/script>\n<!-- \/ Yoast SEO plugin. -->","yoast_head_json":{"title":"Journ\u00e9e d'animation DataGrandEst : Cap sur la mobilit\u00e9 - DataGrandEst","robots":{"index":"index","follow":"follow","max-snippet":"max-snippet:-1","max-image-preview":"max-image-preview:large","max-video-preview":"max-video-preview:-1"},"canonical":"https:\/\/www.datagrandest.fr\/site\/evenement\/journee-danimation-datagrandest-cap-sur-la-mobilite\/","og_locale":"fr_FR","og_type":"article","og_title":"Journ\u00e9e d'animation DataGrandEst : Cap sur la mobilit\u00e9 - DataGrandEst","og_url":"https:\/\/www.datagrandest.fr\/site\/evenement\/journee-danimation-datagrandest-cap-sur-la-mobilite\/","og_site_name":"DataGrandEst","article_modified_time":"2026-03-30T09:07:09+00:00","twitter_card":"summary_large_image","twitter_misc":{"Dur\u00e9e de lecture estim\u00e9e":"4 minutes"},"schema":{"@context":"https:\/\/schema.org","@graph":[{"@type":"WebPage","@id":"https:\/\/www.datagrandest.fr\/site\/evenement\/journee-danimation-datagrandest-cap-sur-la-mobilite\/","url":"https:\/\/www.datagrandest.fr\/site\/evenement\/journee-danimation-datagrandest-cap-sur-la-mobilite\/","name":"Journ\u00e9e d'animation DataGrandEst : Cap sur la mobilit\u00e9 - DataGrandEst","isPartOf":{"@id":"https:\/\/www.datagrandest.fr\/site\/#website"},"datePublished":"2022-07-08T10:14:25+00:00","dateModified":"2026-03-30T09:07:09+00:00","breadcrumb":{"@id":"https:\/\/www.datagrandest.fr\/site\/evenement\/journee-danimation-datagrandest-cap-sur-la-mobilite\/#breadcrumb"},"inLanguage":"fr-FR","potentialAction":[{"@type":"ReadAction","target":["https:\/\/www.datagrandest.fr\/site\/evenement\/journee-danimation-datagrandest-cap-sur-la-mobilite\/"]}]},{"@type":"BreadcrumbList","@id":"https:\/\/www.datagrandest.fr\/site\/evenement\/journee-danimation-datagrandest-cap-sur-la-mobilite\/#breadcrumb","itemListElement":[{"@type":"ListItem","position":1,"name":"Accueil","item":"https:\/\/www.datagrandest.fr\/site\/"},{"@type":"ListItem","position":2,"name":"\u00c9v\u00e9nements","item":"https:\/\/www.datagrandest.fr\/site\/evenement\/"},{"@type":"ListItem","position":3,"name":"Journ\u00e9e d&rsquo;animation DataGrandEst : Cap sur la mobilit\u00e9"}]},{"@type":"WebSite","@id":"https:\/\/www.datagrandest.fr\/site\/#website","url":"https:\/\/www.datagrandest.fr\/site\/","name":"DataGrandEst","description":"","potentialAction":[{"@type":"SearchAction","target":{"@type":"EntryPoint","urlTemplate":"https:\/\/www.datagrandest.fr\/site\/?s={search_term_string}"},"query-input":{"@type":"PropertyValueSpecification","valueRequired":true,"valueName":"search_term_string"}}],"inLanguage":"fr-FR"}]}},"_links":{"self":[{"href":"https:\/\/www.datagrandest.fr\/site\/wp-json\/wp\/v2\/evenement\/1535","targetHints":{"allow":["GET"]}}],"collection":[{"href":"https:\/\/www.datagrandest.fr\/site\/wp-json\/wp\/v2\/evenement"}],"about":[{"href":"https:\/\/www.datagrandest.fr\/site\/wp-json\/wp\/v2\/types\/evenement"}],"version-history":[{"count":3,"href":"https:\/\/www.datagrandest.fr\/site\/wp-json\/wp\/v2\/evenement\/1535\/revisions"}],"predecessor-version":[{"id":3949,"href":"https:\/\/www.datagrandest.fr\/site\/wp-json\/wp\/v2\/evenement\/1535\/revisions\/3949"}],"wp:attachment":[{"href":"https:\/\/www.datagrandest.fr\/site\/wp-json\/wp\/v2\/media?parent=1535"}],"wp:term":[{"taxonomy":"periode","embeddable":true,"href":"https:\/\/www.datagrandest.fr\/site\/wp-json\/wp\/v2\/periode?post=1535"},{"taxonomy":"source","embeddable":true,"href":"https:\/\/www.datagrandest.fr\/site\/wp-json\/wp\/v2\/source?post=1535"},{"taxonomy":"thematique_globale","embeddable":true,"href":"https:\/\/www.datagrandest.fr\/site\/wp-json\/wp\/v2\/thematique_globale?post=1535"},{"taxonomy":"type_evenement","embeddable":true,"href":"https:\/\/www.datagrandest.fr\/site\/wp-json\/wp\/v2\/type_evenement?post=1535"}],"curies":[{"name":"wp","href":"https:\/\/api.w.org\/{rel}","templated":true}]}}