{"id":1537,"date":"2022-07-08T11:58:11","date_gmt":"2022-07-08T09:58:11","guid":{"rendered":"https:\/\/dev.datagrandest.fr\/site\/evenement\/webinaire-les-donnees-daccessibilite\/"},"modified":"2026-03-30T11:07:40","modified_gmt":"2026-03-30T09:07:40","slug":"webinaire-les-donnees-daccessibilite","status":"publish","type":"evenement","link":"https:\/\/www.datagrandest.fr\/site\/evenement\/webinaire-les-donnees-daccessibilite\/","title":{"rendered":"Webinaire : Les donn\u00e9es d&rsquo;accessibilit\u00e9"},"template":"","meta":{"_acf_changed":false,"_relevanssi_hide_post":"","_relevanssi_hide_content":"","_relevanssi_pin_for_all":"","_relevanssi_pin_keywords":"","_relevanssi_unpin_keywords":"","_relevanssi_related_keywords":"","_relevanssi_related_include_ids":"","_relevanssi_related_exclude_ids":"","_relevanssi_related_no_append":"","_relevanssi_related_not_related":"","_relevanssi_related_posts":"","_relevanssi_noindex_reason":""},"periode":[210],"source":[],"thematique_globale":[],"type_evenement":[145],"class_list":["post-1537","evenement","type-evenement","status-publish","hentry","periode-210","type_evenement-webinaire"],"acf":{"eve_description_courte":"","eve_description_longue":"<h2 class=\"rtecenter\">Les donn\u00e9es d'accessibilit\u00e9<\/h2>\r\n<h3>Date<\/h3>\r\nJeudi 03 novembre 2022\r\n\r\nDe 11h00 \u00e0 12h00\r\n<h3>Lieu de l'\u00e9v\u00e8nement<\/h3>\r\nCet \u00e9v\u00e9nement se pr\u00e9sentera sous forme de webinaire\r\n<h3>Programme<\/h3>\r\n<ul>\r\n \t<li>Pr\u00e9sentation d'ACCESLIBRE : la plateforme publique collaborative de l'accessibilit\u00e9 des ERP\r\n<i>Julia Zucker | Charg\u00e9e de mission accessibilit\u00e9 du cadre b\u00e2ti aupr\u00e8s de la d\u00e9l\u00e9gu\u00e9e minist\u00e9rielle \u00e0 l'accessibilit\u00e9<\/i><\/li>\r\n \t<li>Suivi des Etablissements Recevant du Public \u00e0 la DDT de l\u2019Aube\r\n<i>Thomas LAPIERRE\u00a0| Responsable Service Habitat et Construction Durable<\/i><\/li>\r\n \t<li>Elaboration du Plan d'Accessibilit\u00e9 de la Voirie et de l'Espace Public\r\n<i>Marc PETER | Adjoint au chef de service - Direction des espaces publics et naturels - Eurom\u00e9tropole de Strasbourg<\/i><\/li>\r\n<\/ul>\r\n<b>\u00a0 <\/b><b>\u00a0 <\/b>","eve_lieu":"","eve_date":"20221103","eve_date_fin":"20221103","eve_heure_de_debut":"11:00:00","eve_heure_de_fin":"11:00:00","eve_pour_aller_plus_loin":"<ul>\r\n \t<li><strong>Pr\u00e9sentation d'ACCESLIBRE : la plateforme publique collaborative de l'accessibilit\u00e9 des ERP<\/strong>\r\n<i>Julia Zucker | Charg\u00e9e de mission accessibilit\u00e9 du cadre b\u00e2ti aupr\u00e8s de la d\u00e9l\u00e9gu\u00e9e minist\u00e9rielle \u00e0 l'accessibilit\u00e9<\/i><\/li>\r\n<\/ul>\r\n<a href=\"https:\/\/www.youtube.com\/embed\/WGrUPfoj2YY\">T\u00e9l\u00e9charger la vid\u00e9o<\/a>\r\n\r\n<a href=\"https:\/\/www.datagrandest.fr\/public\/webinar\/webinar-20221103\/MTE_Plateforme_AccesLibre.mp4\" target=\"_blank\" rel=\"noopener\">Vid\u00e9o de pr\u00e9sentation d'Acc\u00e9sLibre par la D\u00e9l\u00e9gation Minist\u00e9rielle \u00e0 l'Accessibilit\u00e9<\/a>\r\n\r\n<a href=\"\/site\/portail\/sites\/default\/files\/20065_acceslibrea4_flyer-a5.pdf\" target=\"_blank\" rel=\"noopener\">Flyer de pr\u00e9sentation d'Acc\u00e9sLibre<\/a>\r\n\r\n<a href=\"\/site\/portail\/fr\/system\/files\/document\/2022-11\/1_dge_webinaire10_20221103_accessibilite_acceslibre.pdf\" target=\"_blank\" rel=\"noopener\">Support de Pr\u00e9sentation du w\u00e9binaire<\/a>\r\n\r\n\u00ab<a href=\"https:\/\/web.archive.org\/web\/20250428130419\/https:\/\/acceslibre.beta.gouv.fr\/\">AccesLibre<\/a>\u00bb, est une start-up d\u2019\u00c9tat incub\u00e9e par la Fabrique num\u00e9rique de l\u2019\u00c9tat Beta.gouv. Lanc\u00e9e d\u00e9but 2020, elle fait partie des r\u00e9ponses apport\u00e9es par l\u2019\u00c9tat pour les 22 millions (et plus) de personnes concern\u00e9es par l\u2019accessibilit\u00e9. Elle compl\u00e8te la Loi d\u2019Orientation des Mobilit\u00e9s (LOM) et le dispositif en vigueur depuis 2015 (Programme de mise en accessibilit\u00e9) et va plus loin que le registre public d\u2019accessibilit\u00e9. \u00ab\u202fAccesLibre\u202f\u00bb est un outil de collecte et de r\u00e9utilisation des donn\u00e9es qui a comme objectif d\u2019enclencher un mouvement global de collecte des donn\u00e9es sur l\u2019accessibilit\u00e9 des ERP qui aujourd\u2019hui font d\u00e9faut (m\u00eame sur les plates-formes des gros acteurs du num\u00e9rique). La plate-forme \u00ab\u202fAccesLibre \u00bb est align\u00e9 au standard existant sur les ERP et les usagers peuvent saisir des donn\u00e9es d\u2019accessibilit\u00e9. Ces informations sont d\u2019int\u00e9r\u00eat g\u00e9n\u00e9ral et donc en open data. Les ambitions de r\u00e9utilisation sont un usage num\u00e9rique intensifi\u00e9 et de proposer des donn\u00e9es sur l\u2019ensemble de la cha\u00eene des d\u00e9placements pour les personnes en situation de handicap.\r\n<ul>\r\n \t<li><strong>Suivi des Etablissements Recevant du Public \u00e0 la DDT de l\u2019Aube<\/strong>\r\n<i>Thomas LAPIERRE | Responsable Service Habitat et Construction Durable<\/i><\/li>\r\n<\/ul>\r\n<a href=\"https:\/\/www.youtube.com\/embed\/v_q0Vxkc2oA\">T\u00e9l\u00e9charger la vid\u00e9o<\/a>\r\n\r\n<a href=\"\/site\/portail\/fr\/system\/files\/document\/2022-11\/2_dge_webinaire10_20221103_accessibilite_erp_ddt10.pdf\" target=\"_blank\" rel=\"noopener\">Support de Pr\u00e9sentation du w\u00e9binaire<\/a>\r\n\r\n<a href=\"https:\/\/www.datagrandest.fr\/public\/webinar\/webinar-20221103\/webinaire_accessibilite_partie3_ERP_ThomasLAPIERRE_compress.mp4\" target=\"_blank\" rel=\"noopener\">Vid\u00e9o de pr\u00e9sentation sur le serveur<\/a>\r\n\r\nLe constat exprim\u00e9 par M. Lapierre et par la DDT de l\u2019Aube est que le suivi de l\u2019avancement des mises en conformit\u00e9 de l\u2019accessibilit\u00e9 des b\u00e2timents au niveau des communes est un chantier complexe \u00e0 suivre. La DDT de l\u2019Aube a mis en place un tableau d\u2019enregistrement des travaux d\u00e8s que ce dernier concerne un \u00c9tablissement Recevant du Public (ERP). Chaque nouvelle autorisation d\u00e9pos\u00e9e vient compl\u00e9ter le tableau. La mise \u00e0 jour est r\u00e9alis\u00e9e mensuellement \u00e0 la suite de la pr\u00e9sentation \u00e0 la commission de validation de la r\u00e9alisation. La DDT demande \u00e9galement une attestation sur l\u2019honneur d\u2019accessibilit\u00e9 et l\u2019attestation de r\u00e9alisation des travaux (fin de chantier). Malgr\u00e9 ce dispositif, une partie des informations restent inaccessibles\u202f: Les donn\u00e9es concernant les travaux dans le domaine priv\u00e9 ne sont pas remont\u00e9es via ce circuit.\r\n<ul>\r\n \t<li><strong>Elaboration du Plan d'Accessibilit\u00e9 de la Voirie et de l'Espace Public<\/strong>\r\n<i>Marc PETER | Adjoint au chef de service - Direction des espaces publics et naturels - Eurom\u00e9tropole de Strasbourg<\/i><\/li>\r\n<\/ul>\r\n<a href=\"https:\/\/www.youtube.com\/embed\/2gkLaiCfW60\">T\u00e9l\u00e9charger la vid\u00e9o<\/a>\r\n\r\n<a href=\"\/site\/portail\/fr\/system\/files\/document\/2022-11\/2_dge_webinaire10_20221103_accessibilite_erp_ddt10.pdf\" target=\"_blank\" rel=\"noopener\">Support de Pr\u00e9sentation du w\u00e9binaire<\/a>\r\n\r\n<a href=\"https:\/\/www.datagrandest.fr\/public\/webinar\/webinar-20221103\/webinaire_accessibilite_partie3_ERP_ThomasLAPIERRE_compress.mp4\" target=\"_blank\" rel=\"noopener\">Vid\u00e9o de pr\u00e9sentation sur le serveur<\/a>\r\n\r\nL\u2019Eurom\u00e9tropole de Strasbourg a initi\u00e9, il y a maintenant plus de 10 ans, l\u2019\u00e9laboration d\u2019un Plan d\u2019Accessibilit\u00e9 de l\u2019Espace Public (PAVE) pour r\u00e9pondre aux besoins de d\u00e9placements des habitants de son territoire. Le premier objectif \u00e9tait de dresser une liste exhaustive des anomalies constat\u00e9es sur la voirie avec une nomenclature sur la base de l\u2019Arr\u00eat\u00e9 communautaire du 28 Avril 2009. Les anomalies ont \u00e9t\u00e9 class\u00e9s par type et un chiffrage estimatif a \u00e9t\u00e9 r\u00e9alis\u00e9 et associ\u00e9 \u00e0 chacun. Rapidement, la pr\u00e9cision impos\u00e9e par l\u2019Arr\u00eat\u00e9 (oui\/non) est apparue insuffisante. Pour pallier, la pr\u00e9cision a \u00e9t\u00e9 affin\u00e9e et un degr\u00e9 de classement de praticabilit\u00e9 a \u00e9t\u00e9 ajout\u00e9. Apr\u00e8s le travail de lever terrain sur les 28 communes avec p\u00e9riph\u00e9riques de type Magellan, 60 000 anomalies sur tout le territoire d\u2019int\u00e9r\u00eat ont rejoint la base de donn\u00e9es. Cette derni\u00e8re est mise \u00e0 jour lorsque des communes sont int\u00e9gr\u00e9es au p\u00e9rim\u00e8tre m\u00e9tropolitain ou quand des anomalies sont corrig\u00e9es sur le terrain par des travaux de mise en conformit\u00e9.\r\n\r\n<u>A noter\u00a0<\/u>: les pr\u00e9sentations ci-dessous sont diffus\u00e9es \u00e0 partir de la cha\u00eene\u00a0<strong>YouTube DataGrandEst.<\/strong>\u00a0Si vous rencontrez des difficult\u00e9s pour les visionner, nous vous invitons \u00e0 utiliser les liens mentionn\u00e9s dans la rubrique \"Document (lien) plus bas sur cette page\"\r\n\r\n&nbsp;\r\n<h3>Regarder le webinaire complet<\/h3>\r\n<a href=\"https:\/\/www.youtube.com\/embed\/kD8V2FGQUGE\">Webinair complet<\/a>\r\n\r\n<a href=\"\/site\/portail\/sites\/default\/files\/rge_animationdge_20221103_faq.pdf\" target=\"_blank\" rel=\"noopener\">Foire aux Questions<\/a>\r\n<div class=\"field field-name-body field-type-text-with-summary field-label-hidden\">\r\n<div class=\"field-items\">\r\n<div class=\"field-item even\">\r\n\r\n&nbsp;\r\n\r\n<\/div>\r\n<\/div>\r\n<\/div>\r\n<div class=\"field field-name-field-url-doc field-type-link-field field-label-inline clearfix\">\r\n<div class=\"field-label\">Document (lien):<\/div>\r\n<div class=\"field-items\">\r\n<div class=\"field-item even\"><a href=\"https:\/\/www.datagrandest.fr\/public\/webinar\/webinar-20221103\/webinaire_accessibilite_partie1_COMPLET_compress.mp4\" target=\"_blank\" rel=\"noopener\">Les donn\u00e9es d'Accessibilit\u00e9 (webinaire complet)<\/a><\/div>\r\n<div class=\"field-item odd\"><a href=\"https:\/\/www.datagrandest.fr\/public\/webinar\/webinar-20221103\/webinaire_accessibilite_partie2_ACCESSLIBRE_JuliaZUCKER_compress.mp4\" target=\"_blank\" rel=\"noopener\">Pr\u00e9sentation d'ACCESLIBRE : la plateforme publique collaborative de l'accessibilit\u00e9 des ERP<\/a><\/div>\r\n<div class=\"field-item even\"><a href=\"https:\/\/www.datagrandest.fr\/public\/webinar\/webinar-20221103\/webinaire_accessibilite_partie3_ERP_ThomasLAPIERRE_compress.mp4\" target=\"_blank\" rel=\"noopener\">Suivi des Etablissements Recevant du Public \u00e0 la DDT de l\u2019Aube<\/a><\/div>\r\n<div class=\"field-item odd\"><a href=\"https:\/\/www.datagrandest.fr\/public\/webinar\/webinar-20221103\/webinaire_accessibilite_partie4_PAVE_MarcPETER_compress.mp4\" target=\"_blank\" rel=\"noopener\">Elaboration du Plan d'Accessibilit\u00e9 de la Voirie et de l'Espace Public<\/a><\/div>\r\n<div class=\"field-item even\"><a href=\"\/site\/portail\/sites\/default\/files\/rge_animationdge_20221103_faq.pdf\" target=\"_blank\" rel=\"noopener\">Foire aux Questions sur ce Webinaire<\/a><\/div>\r\n<\/div>\r\n<\/div>\r\n<div class=\"field field-name-field-file-doc field-type-file field-label-inline clearfix\">\r\n<div class=\"field-label\">Document (fichiers):<\/div>\r\n<div class=\"field-items\">\r\n<div class=\"field-item even\"><span class=\"file\"><a href=\"\/site\/portail\/fr\/system\/files\/document\/2022-11\/1_dge_webinaire10_20221103_accessibilite_acceslibre.pdf\" type=\"application\/pdf; length=2849079\">1_dge_webinaire10_20221103_accessibilite_acceslibre.pdf<\/a><\/span><\/div>\r\n<div class=\"field-item odd\"><span class=\"file\"><a href=\"hhttps:\/\/www.datagrandest.fr\/portail\/fr\/system\/files\/document\/2022-11\/2_dge_webinaire10_20221103_accessibilite_erp_ddt10.pdf\" type=\"application\/pdf; length=595897\">2_dge_webinaire10_20221103_accessibilite_erp_ddt10.pdf<\/a><\/span><\/div>\r\n<div class=\"field-item even\"><span class=\"file\"><a href=\"\/site\/portail\/fr\/system\/files\/document\/2022-11\/elaboration_pave_ems_0.pdf\" type=\"application\/pdf; length=2429036\">elaboration_pave_ems.pdf<\/a><\/span><\/div>\r\n<\/div>\r\n<\/div>","eve_animation":true,"glo_image":1291,"glo_intro":"","glo_car_surcharge_titre":"","glo_car_surcharge_lien":""},"yoast_head":"<!-- This site is optimized with the Yoast SEO plugin v27.4 - https:\/\/yoast.com\/product\/yoast-seo-wordpress\/ -->\n<title>Webinaire : Les donn\u00e9es d&#039;accessibilit\u00e9 - DataGrandEst<\/title>\n<meta name=\"robots\" content=\"index, follow, max-snippet:-1, max-image-preview:large, max-video-preview:-1\" \/>\n<link rel=\"canonical\" href=\"https:\/\/www.datagrandest.fr\/site\/evenement\/webinaire-les-donnees-daccessibilite\/\" \/>\n<meta property=\"og:locale\" content=\"fr_FR\" \/>\n<meta property=\"og:type\" content=\"article\" \/>\n<meta property=\"og:title\" content=\"Webinaire : Les donn\u00e9es d&#039;accessibilit\u00e9 - DataGrandEst\" \/>\n<meta property=\"og:url\" content=\"https:\/\/www.datagrandest.fr\/site\/evenement\/webinaire-les-donnees-daccessibilite\/\" \/>\n<meta property=\"og:site_name\" content=\"DataGrandEst\" \/>\n<meta property=\"article:modified_time\" content=\"2026-03-30T09:07:40+00:00\" \/>\n<meta name=\"twitter:card\" content=\"summary_large_image\" \/>\n<meta name=\"twitter:label1\" content=\"Dur\u00e9e de lecture estim\u00e9e\" \/>\n\t<meta name=\"twitter:data1\" content=\"5 minutes\" \/>\n<script type=\"application\/ld+json\" class=\"yoast-schema-graph\">{\"@context\":\"https:\\\/\\\/schema.org\",\"@graph\":[{\"@type\":\"WebPage\",\"@id\":\"https:\\\/\\\/www.datagrandest.fr\\\/site\\\/evenement\\\/webinaire-les-donnees-daccessibilite\\\/\",\"url\":\"https:\\\/\\\/www.datagrandest.fr\\\/site\\\/evenement\\\/webinaire-les-donnees-daccessibilite\\\/\",\"name\":\"Webinaire : Les donn\u00e9es d'accessibilit\u00e9 - DataGrandEst\",\"isPartOf\":{\"@id\":\"https:\\\/\\\/www.datagrandest.fr\\\/site\\\/#website\"},\"datePublished\":\"2022-07-08T09:58:11+00:00\",\"dateModified\":\"2026-03-30T09:07:40+00:00\",\"breadcrumb\":{\"@id\":\"https:\\\/\\\/www.datagrandest.fr\\\/site\\\/evenement\\\/webinaire-les-donnees-daccessibilite\\\/#breadcrumb\"},\"inLanguage\":\"fr-FR\",\"potentialAction\":[{\"@type\":\"ReadAction\",\"target\":[\"https:\\\/\\\/www.datagrandest.fr\\\/site\\\/evenement\\\/webinaire-les-donnees-daccessibilite\\\/\"]}]},{\"@type\":\"BreadcrumbList\",\"@id\":\"https:\\\/\\\/www.datagrandest.fr\\\/site\\\/evenement\\\/webinaire-les-donnees-daccessibilite\\\/#breadcrumb\",\"itemListElement\":[{\"@type\":\"ListItem\",\"position\":1,\"name\":\"Accueil\",\"item\":\"https:\\\/\\\/www.datagrandest.fr\\\/site\\\/\"},{\"@type\":\"ListItem\",\"position\":2,\"name\":\"\u00c9v\u00e9nements\",\"item\":\"https:\\\/\\\/www.datagrandest.fr\\\/site\\\/evenement\\\/\"},{\"@type\":\"ListItem\",\"position\":3,\"name\":\"Webinaire : Les donn\u00e9es d&rsquo;accessibilit\u00e9\"}]},{\"@type\":\"WebSite\",\"@id\":\"https:\\\/\\\/www.datagrandest.fr\\\/site\\\/#website\",\"url\":\"https:\\\/\\\/www.datagrandest.fr\\\/site\\\/\",\"name\":\"DataGrandEst\",\"description\":\"\",\"potentialAction\":[{\"@type\":\"SearchAction\",\"target\":{\"@type\":\"EntryPoint\",\"urlTemplate\":\"https:\\\/\\\/www.datagrandest.fr\\\/site\\\/?s={search_term_string}\"},\"query-input\":{\"@type\":\"PropertyValueSpecification\",\"valueRequired\":true,\"valueName\":\"search_term_string\"}}],\"inLanguage\":\"fr-FR\"}]}<\/script>\n<!-- \/ Yoast SEO plugin. -->","yoast_head_json":{"title":"Webinaire : Les donn\u00e9es d'accessibilit\u00e9 - DataGrandEst","robots":{"index":"index","follow":"follow","max-snippet":"max-snippet:-1","max-image-preview":"max-image-preview:large","max-video-preview":"max-video-preview:-1"},"canonical":"https:\/\/www.datagrandest.fr\/site\/evenement\/webinaire-les-donnees-daccessibilite\/","og_locale":"fr_FR","og_type":"article","og_title":"Webinaire : Les donn\u00e9es d'accessibilit\u00e9 - DataGrandEst","og_url":"https:\/\/www.datagrandest.fr\/site\/evenement\/webinaire-les-donnees-daccessibilite\/","og_site_name":"DataGrandEst","article_modified_time":"2026-03-30T09:07:40+00:00","twitter_card":"summary_large_image","twitter_misc":{"Dur\u00e9e de lecture estim\u00e9e":"5 minutes"},"schema":{"@context":"https:\/\/schema.org","@graph":[{"@type":"WebPage","@id":"https:\/\/www.datagrandest.fr\/site\/evenement\/webinaire-les-donnees-daccessibilite\/","url":"https:\/\/www.datagrandest.fr\/site\/evenement\/webinaire-les-donnees-daccessibilite\/","name":"Webinaire : Les donn\u00e9es d'accessibilit\u00e9 - DataGrandEst","isPartOf":{"@id":"https:\/\/www.datagrandest.fr\/site\/#website"},"datePublished":"2022-07-08T09:58:11+00:00","dateModified":"2026-03-30T09:07:40+00:00","breadcrumb":{"@id":"https:\/\/www.datagrandest.fr\/site\/evenement\/webinaire-les-donnees-daccessibilite\/#breadcrumb"},"inLanguage":"fr-FR","potentialAction":[{"@type":"ReadAction","target":["https:\/\/www.datagrandest.fr\/site\/evenement\/webinaire-les-donnees-daccessibilite\/"]}]},{"@type":"BreadcrumbList","@id":"https:\/\/www.datagrandest.fr\/site\/evenement\/webinaire-les-donnees-daccessibilite\/#breadcrumb","itemListElement":[{"@type":"ListItem","position":1,"name":"Accueil","item":"https:\/\/www.datagrandest.fr\/site\/"},{"@type":"ListItem","position":2,"name":"\u00c9v\u00e9nements","item":"https:\/\/www.datagrandest.fr\/site\/evenement\/"},{"@type":"ListItem","position":3,"name":"Webinaire : Les donn\u00e9es d&rsquo;accessibilit\u00e9"}]},{"@type":"WebSite","@id":"https:\/\/www.datagrandest.fr\/site\/#website","url":"https:\/\/www.datagrandest.fr\/site\/","name":"DataGrandEst","description":"","potentialAction":[{"@type":"SearchAction","target":{"@type":"EntryPoint","urlTemplate":"https:\/\/www.datagrandest.fr\/site\/?s={search_term_string}"},"query-input":{"@type":"PropertyValueSpecification","valueRequired":true,"valueName":"search_term_string"}}],"inLanguage":"fr-FR"}]}},"_links":{"self":[{"href":"https:\/\/www.datagrandest.fr\/site\/wp-json\/wp\/v2\/evenement\/1537","targetHints":{"allow":["GET"]}}],"collection":[{"href":"https:\/\/www.datagrandest.fr\/site\/wp-json\/wp\/v2\/evenement"}],"about":[{"href":"https:\/\/www.datagrandest.fr\/site\/wp-json\/wp\/v2\/types\/evenement"}],"version-history":[{"count":3,"href":"https:\/\/www.datagrandest.fr\/site\/wp-json\/wp\/v2\/evenement\/1537\/revisions"}],"predecessor-version":[{"id":3948,"href":"https:\/\/www.datagrandest.fr\/site\/wp-json\/wp\/v2\/evenement\/1537\/revisions\/3948"}],"wp:attachment":[{"href":"https:\/\/www.datagrandest.fr\/site\/wp-json\/wp\/v2\/media?parent=1537"}],"wp:term":[{"taxonomy":"periode","embeddable":true,"href":"https:\/\/www.datagrandest.fr\/site\/wp-json\/wp\/v2\/periode?post=1537"},{"taxonomy":"source","embeddable":true,"href":"https:\/\/www.datagrandest.fr\/site\/wp-json\/wp\/v2\/source?post=1537"},{"taxonomy":"thematique_globale","embeddable":true,"href":"https:\/\/www.datagrandest.fr\/site\/wp-json\/wp\/v2\/thematique_globale?post=1537"},{"taxonomy":"type_evenement","embeddable":true,"href":"https:\/\/www.datagrandest.fr\/site\/wp-json\/wp\/v2\/type_evenement?post=1537"}],"curies":[{"name":"wp","href":"https:\/\/api.w.org\/{rel}","templated":true}]}}