{"id":1558,"date":"2022-04-06T09:47:30","date_gmt":"2022-04-06T07:47:30","guid":{"rendered":"https:\/\/dev.datagrandest.fr\/site\/evenement\/webinaire-a-la-decouverte-de-la-datavisualisation-utilisation-et-valorisation-de-la-donnee-et-outils\/"},"modified":"2026-03-30T11:13:33","modified_gmt":"2026-03-30T09:13:33","slug":"webinaire-a-la-decouverte-de-la-datavisualisation-utilisation-et-valorisation-de-la-donnee-et-outils","status":"publish","type":"evenement","link":"https:\/\/www.datagrandest.fr\/site\/evenement\/webinaire-a-la-decouverte-de-la-datavisualisation-utilisation-et-valorisation-de-la-donnee-et-outils\/","title":{"rendered":"Webinaire : \u00c0 la d\u00e9couverte de la datavisualisation : utilisation et valorisation de la donn\u00e9e et outils"},"template":"","meta":{"_acf_changed":false,"_relevanssi_hide_post":"","_relevanssi_hide_content":"","_relevanssi_pin_for_all":"","_relevanssi_pin_keywords":"","_relevanssi_unpin_keywords":"","_relevanssi_related_keywords":"","_relevanssi_related_include_ids":"","_relevanssi_related_exclude_ids":"","_relevanssi_related_no_append":"","_relevanssi_related_not_related":"","_relevanssi_related_posts":"","_relevanssi_noindex_reason":""},"periode":[210],"source":[],"thematique_globale":[],"type_evenement":[145],"class_list":["post-1558","evenement","type-evenement","status-publish","hentry","periode-210","type_evenement-webinaire"],"acf":{"eve_description_courte":"","eve_description_longue":"<h2 class=\"rtecenter\">\u00c0 la d\u00e9couverte de la datavisualisation :\r\nUtilisation et valorisation de la donn\u00e9e et outils !<\/h2>\r\n<h3>Date<\/h3>\r\nJeudi 05 mai 2022\r\n\r\nDe 11h00 \u00e0 12h00\r\n<h3>Lieu de l'\u00e9v\u00e8nement<\/h3>\r\nCet \u00e9v\u00e9nement se pr\u00e9sentera sous forme de webinaire\r\n<h3>Intervenants<\/h3>\r\n<ul>\r\n \t<li>Rapha\u00ebl da Silva (Analyste de donn\u00e9es et journaliste)<\/li>\r\n \t<li>Aude de Touchet (Directrice de projets - Agence ORE)<\/li>\r\n \t<li>Julien Guerard (Dreal Grand Est)<\/li>\r\n<\/ul>\r\n<h3>Plus d'infos<\/h3>\r\nAu cours de ce webinaire, vous d\u00e9couvrirez :\r\n<ul>\r\n \t<li>La datavisualisation dans notre quotidien.<\/li>\r\n \t<li>Cas d'usage\r\n<ul>\r\n \t<li>La\u00a0data-visualisation : un outil journalistique essentiel<\/li>\r\n \t<li>Vers la d\u00e9mocratisation des donn\u00e9es d'energie : le pouvoir de la datavisualisation<\/li>\r\n<\/ul>\r\n<\/li>\r\n \t<li>DataGrandEst vous aide dans votre dataviz<\/li>\r\n<\/ul>\r\n&nbsp;","eve_lieu":"","eve_date":"20220505","eve_date_fin":"20220505","eve_heure_de_debut":"11:00:00","eve_heure_de_fin":"11:00:00","eve_pour_aller_plus_loin":"<u>A noter\u00a0<\/u>: les pr\u00e9sentations ci-dessous sont diffus\u00e9es \u00e0 partir de la cha\u00eene\u00a0<strong>YouTube G\u00e9oGrandEst.<\/strong>\u00a0Si vous rencontrez des difficult\u00e9s pour les visionner, nous vous invitons \u00e0 utiliser les liens mentionn\u00e9s dans la rubrique \"Document (lien) plus bas sur cette page\"\r\n\r\n&nbsp;\r\n<h3>Regarder le webinaire complet<\/h3>\r\n<a href=\"https:\/\/www.youtube.com\/embed\/Pbt2m3PuwtQ?list=PLlVi3J_ys0lt9q3nKxOsUu0UNi0X_22DV\">Webinaire complet<\/a>\r\n<h3>Ou choisir une vid\u00e9o selon l'intervention<\/h3>\r\nLa data-visualisation dans notre quotidien\r\n<strong>Julien Guerard (SGARE Grand Est)<\/strong>\r\n\r\n<a href=\"https:\/\/www.youtube.com\/embed\/tyYNbzaxqmk?list=PLlVi3J_ys0lt9q3nKxOsUu0UNi0X_22DV\">T\u00e9l\u00e9charger la vid\u00e9o<\/a>\r\n\r\nLa data-visualisation : un outil journalistique essentiel\r\n<strong>Rapha\u00ebl da Silva (Analyste de donn\u00e9es et journaliste \u00e0 Rue 89)<\/strong>\r\n\r\n<a href=\"https:\/\/www.youtube.com\/embed\/VivhllSbfAg?list=PLlVi3J_ys0lt9q3nKxOsUu0UNi0X_22DV\">T\u00e9l\u00e9charger ma vid\u00e9o<\/a>\r\n\r\nVers la d\u00e9mocratisation des donn\u00e9es d'\u00e9nergie : le pouvoir de la data-visualisation\r\n<strong>Aude de Touchet (Directrice de projets - Agence ORE)<\/strong>\r\n\r\n<a href=\"https:\/\/www.youtube.com\/embed\/Hgn0dwVXtc0?list=PLlVi3J_ys0lt9q3nKxOsUu0UNi0X_22DV\">T\u00e9l\u00e9charger la vid\u00e9o<\/a>\r\n\r\nPour vous lancer : DataGrandest vous aide dans votre dataviz\r\n<strong>Marie S\u00e9gol\u00e8ne Sertorius (R\u00e9gion Grand Est)<\/strong>\r\n\r\n<a href=\"https:\/\/www.youtube.com\/embed\/x5IC8fXFNRA?list=PLlVi3J_ys0lt9q3nKxOsUu0UNi0X_22DV\">T\u00e9l\u00e9charger la vid\u00e9o<\/a>\r\n<div class=\"field-label\">Document (lien):<\/div>\r\n<div class=\"field-items\">\r\n<div class=\"field-item even\"><a href=\"https:\/\/www.datagrandest.fr\/public\/webinar\/webinar_20220506\/WEBINAIRE_DATAVISUALISATION_A%20la%20decouverte%20de%20la%20dataviz_Compresse.mp4\" target=\"_blank\" rel=\"noopener\">A la d\u00e9couverte de la data-visualisation : utilisation et valorisation de la donn\u00e9e et outils (Webinaire complet)<\/a><\/div>\r\n<div class=\"field-item odd\"><a href=\"https:\/\/www.datagrandest.fr\/public\/webinar\/webinar_20220506\/WEBINAIRE_DATAVISUALISATION_La%20dataviz%20au%20quotidien.mp4\" target=\"_blank\" rel=\"noopener\">La data-visualisation dans notre quotidien (Vid\u00e9o)<\/a><\/div>\r\n<div class=\"field-item even\"><a href=\"https:\/\/www.datagrandest.fr\/public\/webinar\/webinar_20220506\/WEBINAIRE_DATAVISUALISATION_La%20dataviz%20dans%20le%20journalisme.mp4\" target=\"_blank\" rel=\"noopener\">La data-visualisation : un outil journalistique essentiel (Vid\u00e9o)<\/a><\/div>\r\n<div class=\"field-item odd\"><a href=\"https:\/\/www.datagrandest.fr\/public\/webinar\/webinar_20220506\/WEBINAIRE_DATAVISUALISATION_La%20dataviz%20et%20les%20donnees%20d'energie.mp4\" target=\"_blank\" rel=\"noopener\">Vers la d\u00e9mocratisation des donn\u00e9es d'\u00e9nergie : le pouvoir de la data-visualisation (Vid\u00e9o)<\/a><\/div>\r\n<div class=\"field-item even\"><a href=\"https:\/\/www.datagrandest.fr\/public\/webinar\/webinar_20220506\/WEBINAIRE_DATAVISUALISATION_DGE%20et%20votre%20dataviz.mp4\" target=\"_blank\" rel=\"noopener\">Pour vous lancer : DataGrandest vous aide dans votre dataviz (Vid\u00e9o)<\/a><\/div>\r\n<\/div>\r\n&nbsp;","eve_animation":true,"glo_image":1291,"glo_intro":"","glo_car_surcharge_titre":"","glo_car_surcharge_lien":""},"yoast_head":"<!-- This site is optimized with the Yoast SEO plugin v27.4 - https:\/\/yoast.com\/product\/yoast-seo-wordpress\/ -->\n<title>Webinaire : \u00c0 la d\u00e9couverte de la datavisualisation : utilisation et valorisation de la donn\u00e9e et outils - DataGrandEst<\/title>\n<meta name=\"robots\" content=\"index, follow, max-snippet:-1, max-image-preview:large, max-video-preview:-1\" \/>\n<link rel=\"canonical\" href=\"https:\/\/www.datagrandest.fr\/site\/evenement\/webinaire-a-la-decouverte-de-la-datavisualisation-utilisation-et-valorisation-de-la-donnee-et-outils\/\" \/>\n<meta property=\"og:locale\" content=\"fr_FR\" \/>\n<meta property=\"og:type\" content=\"article\" \/>\n<meta property=\"og:title\" content=\"Webinaire : \u00c0 la d\u00e9couverte de la datavisualisation : utilisation et valorisation de la donn\u00e9e et outils - DataGrandEst\" \/>\n<meta property=\"og:url\" content=\"https:\/\/www.datagrandest.fr\/site\/evenement\/webinaire-a-la-decouverte-de-la-datavisualisation-utilisation-et-valorisation-de-la-donnee-et-outils\/\" \/>\n<meta property=\"og:site_name\" content=\"DataGrandEst\" \/>\n<meta property=\"article:modified_time\" content=\"2026-03-30T09:13:33+00:00\" \/>\n<meta name=\"twitter:card\" content=\"summary_large_image\" \/>\n<meta name=\"twitter:label1\" content=\"Dur\u00e9e de lecture estim\u00e9e\" \/>\n\t<meta name=\"twitter:data1\" content=\"2 minutes\" \/>\n<script type=\"application\/ld+json\" class=\"yoast-schema-graph\">{\"@context\":\"https:\\\/\\\/schema.org\",\"@graph\":[{\"@type\":\"WebPage\",\"@id\":\"https:\\\/\\\/www.datagrandest.fr\\\/site\\\/evenement\\\/webinaire-a-la-decouverte-de-la-datavisualisation-utilisation-et-valorisation-de-la-donnee-et-outils\\\/\",\"url\":\"https:\\\/\\\/www.datagrandest.fr\\\/site\\\/evenement\\\/webinaire-a-la-decouverte-de-la-datavisualisation-utilisation-et-valorisation-de-la-donnee-et-outils\\\/\",\"name\":\"Webinaire : \u00c0 la d\u00e9couverte de la datavisualisation : utilisation et valorisation de la donn\u00e9e et outils - DataGrandEst\",\"isPartOf\":{\"@id\":\"https:\\\/\\\/www.datagrandest.fr\\\/site\\\/#website\"},\"datePublished\":\"2022-04-06T07:47:30+00:00\",\"dateModified\":\"2026-03-30T09:13:33+00:00\",\"breadcrumb\":{\"@id\":\"https:\\\/\\\/www.datagrandest.fr\\\/site\\\/evenement\\\/webinaire-a-la-decouverte-de-la-datavisualisation-utilisation-et-valorisation-de-la-donnee-et-outils\\\/#breadcrumb\"},\"inLanguage\":\"fr-FR\",\"potentialAction\":[{\"@type\":\"ReadAction\",\"target\":[\"https:\\\/\\\/www.datagrandest.fr\\\/site\\\/evenement\\\/webinaire-a-la-decouverte-de-la-datavisualisation-utilisation-et-valorisation-de-la-donnee-et-outils\\\/\"]}]},{\"@type\":\"BreadcrumbList\",\"@id\":\"https:\\\/\\\/www.datagrandest.fr\\\/site\\\/evenement\\\/webinaire-a-la-decouverte-de-la-datavisualisation-utilisation-et-valorisation-de-la-donnee-et-outils\\\/#breadcrumb\",\"itemListElement\":[{\"@type\":\"ListItem\",\"position\":1,\"name\":\"Accueil\",\"item\":\"https:\\\/\\\/www.datagrandest.fr\\\/site\\\/\"},{\"@type\":\"ListItem\",\"position\":2,\"name\":\"\u00c9v\u00e9nements\",\"item\":\"https:\\\/\\\/www.datagrandest.fr\\\/site\\\/evenement\\\/\"},{\"@type\":\"ListItem\",\"position\":3,\"name\":\"Webinaire : \u00c0 la d\u00e9couverte de la datavisualisation : utilisation et valorisation de la donn\u00e9e et outils\"}]},{\"@type\":\"WebSite\",\"@id\":\"https:\\\/\\\/www.datagrandest.fr\\\/site\\\/#website\",\"url\":\"https:\\\/\\\/www.datagrandest.fr\\\/site\\\/\",\"name\":\"DataGrandEst\",\"description\":\"\",\"potentialAction\":[{\"@type\":\"SearchAction\",\"target\":{\"@type\":\"EntryPoint\",\"urlTemplate\":\"https:\\\/\\\/www.datagrandest.fr\\\/site\\\/?s={search_term_string}\"},\"query-input\":{\"@type\":\"PropertyValueSpecification\",\"valueRequired\":true,\"valueName\":\"search_term_string\"}}],\"inLanguage\":\"fr-FR\"}]}<\/script>\n<!-- \/ Yoast SEO plugin. -->","yoast_head_json":{"title":"Webinaire : \u00c0 la d\u00e9couverte de la datavisualisation : utilisation et valorisation de la donn\u00e9e et outils - DataGrandEst","robots":{"index":"index","follow":"follow","max-snippet":"max-snippet:-1","max-image-preview":"max-image-preview:large","max-video-preview":"max-video-preview:-1"},"canonical":"https:\/\/www.datagrandest.fr\/site\/evenement\/webinaire-a-la-decouverte-de-la-datavisualisation-utilisation-et-valorisation-de-la-donnee-et-outils\/","og_locale":"fr_FR","og_type":"article","og_title":"Webinaire : \u00c0 la d\u00e9couverte de la datavisualisation : utilisation et valorisation de la donn\u00e9e et outils - DataGrandEst","og_url":"https:\/\/www.datagrandest.fr\/site\/evenement\/webinaire-a-la-decouverte-de-la-datavisualisation-utilisation-et-valorisation-de-la-donnee-et-outils\/","og_site_name":"DataGrandEst","article_modified_time":"2026-03-30T09:13:33+00:00","twitter_card":"summary_large_image","twitter_misc":{"Dur\u00e9e de lecture estim\u00e9e":"2 minutes"},"schema":{"@context":"https:\/\/schema.org","@graph":[{"@type":"WebPage","@id":"https:\/\/www.datagrandest.fr\/site\/evenement\/webinaire-a-la-decouverte-de-la-datavisualisation-utilisation-et-valorisation-de-la-donnee-et-outils\/","url":"https:\/\/www.datagrandest.fr\/site\/evenement\/webinaire-a-la-decouverte-de-la-datavisualisation-utilisation-et-valorisation-de-la-donnee-et-outils\/","name":"Webinaire : \u00c0 la d\u00e9couverte de la datavisualisation : utilisation et valorisation de la donn\u00e9e et outils - DataGrandEst","isPartOf":{"@id":"https:\/\/www.datagrandest.fr\/site\/#website"},"datePublished":"2022-04-06T07:47:30+00:00","dateModified":"2026-03-30T09:13:33+00:00","breadcrumb":{"@id":"https:\/\/www.datagrandest.fr\/site\/evenement\/webinaire-a-la-decouverte-de-la-datavisualisation-utilisation-et-valorisation-de-la-donnee-et-outils\/#breadcrumb"},"inLanguage":"fr-FR","potentialAction":[{"@type":"ReadAction","target":["https:\/\/www.datagrandest.fr\/site\/evenement\/webinaire-a-la-decouverte-de-la-datavisualisation-utilisation-et-valorisation-de-la-donnee-et-outils\/"]}]},{"@type":"BreadcrumbList","@id":"https:\/\/www.datagrandest.fr\/site\/evenement\/webinaire-a-la-decouverte-de-la-datavisualisation-utilisation-et-valorisation-de-la-donnee-et-outils\/#breadcrumb","itemListElement":[{"@type":"ListItem","position":1,"name":"Accueil","item":"https:\/\/www.datagrandest.fr\/site\/"},{"@type":"ListItem","position":2,"name":"\u00c9v\u00e9nements","item":"https:\/\/www.datagrandest.fr\/site\/evenement\/"},{"@type":"ListItem","position":3,"name":"Webinaire : \u00c0 la d\u00e9couverte de la datavisualisation : utilisation et valorisation de la donn\u00e9e et outils"}]},{"@type":"WebSite","@id":"https:\/\/www.datagrandest.fr\/site\/#website","url":"https:\/\/www.datagrandest.fr\/site\/","name":"DataGrandEst","description":"","potentialAction":[{"@type":"SearchAction","target":{"@type":"EntryPoint","urlTemplate":"https:\/\/www.datagrandest.fr\/site\/?s={search_term_string}"},"query-input":{"@type":"PropertyValueSpecification","valueRequired":true,"valueName":"search_term_string"}}],"inLanguage":"fr-FR"}]}},"_links":{"self":[{"href":"https:\/\/www.datagrandest.fr\/site\/wp-json\/wp\/v2\/evenement\/1558","targetHints":{"allow":["GET"]}}],"collection":[{"href":"https:\/\/www.datagrandest.fr\/site\/wp-json\/wp\/v2\/evenement"}],"about":[{"href":"https:\/\/www.datagrandest.fr\/site\/wp-json\/wp\/v2\/types\/evenement"}],"version-history":[{"count":3,"href":"https:\/\/www.datagrandest.fr\/site\/wp-json\/wp\/v2\/evenement\/1558\/revisions"}],"predecessor-version":[{"id":3938,"href":"https:\/\/www.datagrandest.fr\/site\/wp-json\/wp\/v2\/evenement\/1558\/revisions\/3938"}],"wp:attachment":[{"href":"https:\/\/www.datagrandest.fr\/site\/wp-json\/wp\/v2\/media?parent=1558"}],"wp:term":[{"taxonomy":"periode","embeddable":true,"href":"https:\/\/www.datagrandest.fr\/site\/wp-json\/wp\/v2\/periode?post=1558"},{"taxonomy":"source","embeddable":true,"href":"https:\/\/www.datagrandest.fr\/site\/wp-json\/wp\/v2\/source?post=1558"},{"taxonomy":"thematique_globale","embeddable":true,"href":"https:\/\/www.datagrandest.fr\/site\/wp-json\/wp\/v2\/thematique_globale?post=1558"},{"taxonomy":"type_evenement","embeddable":true,"href":"https:\/\/www.datagrandest.fr\/site\/wp-json\/wp\/v2\/type_evenement?post=1558"}],"curies":[{"name":"wp","href":"https:\/\/api.w.org\/{rel}","templated":true}]}}