{"id":1564,"date":"2022-03-25T09:59:00","date_gmt":"2022-03-25T08:59:00","guid":{"rendered":"https:\/\/dev.datagrandest.fr\/site\/evenement\/journee-danimation-datagrandest-les-donnees-socio-demo-economiques-a-lappui-des-politiques-publiques\/"},"modified":"2026-03-30T11:15:34","modified_gmt":"2026-03-30T09:15:34","slug":"journee-danimation-datagrandest-les-donnees-socio-demo-economiques-a-lappui-des-politiques-publiques","status":"publish","type":"evenement","link":"https:\/\/www.datagrandest.fr\/site\/evenement\/journee-danimation-datagrandest-les-donnees-socio-demo-economiques-a-lappui-des-politiques-publiques\/","title":{"rendered":"Journ\u00e9e d&rsquo;animation DataGrandEst : Les donn\u00e9es socio-d\u00e9mo-\u00e9conomiques \u00e0 l&rsquo;appui des politiques publiques"},"template":"","meta":{"_acf_changed":false,"_relevanssi_hide_post":"","_relevanssi_hide_content":"","_relevanssi_pin_for_all":"","_relevanssi_pin_keywords":"","_relevanssi_unpin_keywords":"","_relevanssi_related_keywords":"","_relevanssi_related_include_ids":"","_relevanssi_related_exclude_ids":"","_relevanssi_related_no_append":"","_relevanssi_related_not_related":"","_relevanssi_related_posts":"","_relevanssi_noindex_reason":""},"periode":[210],"source":[],"thematique_globale":[],"type_evenement":[146],"class_list":["post-1564","evenement","type-evenement","status-publish","hentry","periode-210","type_evenement-journee-thematique"],"acf":{"eve_description_courte":"","eve_description_longue":"<h1 class=\"rtecenter\">LES DONN\u00c9ES SOCIO-D\u00c9MO-\u00c9CONOMIQUES\r\n\u00c0 L'APPUI DES POLITIQUES PUBLIQUES<\/h1>\r\n<h3 class=\"rtecenter\"><strong>D\u00e9couvrez les donn\u00e9es et les usages\u00a0<\/strong><\/h3>\r\n<p class=\"rtecenter\"><strong>____________________<\/strong><\/p>\r\n\r\n<h4 class=\"rtecenter\">Lundi 09 mai 2022\u00a0 |\u00a0 De 9h30 \u00e0 16h30\u00a0 |\u00a0 Metz<\/h4>\r\n<div class=\"panel panel-warning\">\r\n<div class=\"panel-heading\">\r\n<h4>Programme<\/h4>\r\n<\/div>\r\n<\/div>\r\n<strong>09h30\u00a0 |\u00a0 <\/strong>Accueil\r\n\r\n<strong>10h00\u00a0 |\u00a0 <\/strong>Panorama des donn\u00e9es et des acteurs\r\n<ul>\r\n \t<li><strong>Quelles sont les donn\u00e9es utilis\u00e9es en agence\u00a0d\u2019urbanisme dans les observatoires et les \u00e9tudes ?<\/strong>\r\nMamadou KEITA, Charg\u00e9 d\u2019\u00e9tudes Observation sociod\u00e9mographiques - Agence d\u2019urbanisme de Nancy-SCALEN<\/li>\r\n \t<li><strong>L'offre de\u00a0donn\u00e9es sociod\u00e9mographiques de l'INSEE<\/strong><\/li>\r\n \t<li>Yves FRYDEL, <span style=\"font-size: 11pt;\"><span style=\"font-size: 10.0pt;\"><span style=\"color: black;\">Responsable de la division m\u00e9thodologie, cartographie et valorisation des sources<\/span><\/span><\/span> - Direction R\u00e9gionale de l'INSEE Grand Est<\/li>\r\n \t<li><strong>L\u2019observatoire des fragilit\u00e9s : une plateforme d\u2019aide \u00e0 la d\u00e9cision<\/strong>\r\nAnyssa CLEMENS, Charg\u00e9e d\u2019\u00e9tudes et Bruno GOETHALS, Responsable SI - CARSAT Alsace Moselle<\/li>\r\n \t<li><strong>L\u2019observatoire du commerce et de la consommation \u00e0 l\u2019\u00e9chelle du Grand Est<\/strong>\r\nVANEL J\u00e9r\u00f4me, Direction des \u00e9tudes - CCI Moselle<\/li>\r\n<\/ul>\r\n<strong>12h30\u00a0 |\u00a0\u00a0<\/strong>Cocktail d\u00e9jeunatoire\r\n\r\n<strong>13h30\u00a0 |\u00a0 <\/strong>Pr\u00e9sentation de cas d'usage\r\n<ul>\r\n \t<li><strong>DECIDATA : Pr\u00e9sentation de la dynamique r\u00e9gionale en Bourgogne-Franche-Comt\u00e9<\/strong>\r\nDavid BAC, Coordinateur du P\u00f4le Intelligence \u00c9conomique et Territoriale - Agence \u00c9conomique R\u00e9gionale de Bourgogne-Franche-Comt\u00e9<\/li>\r\n \t<li><strong>L\u2019exploitation des donn\u00e9es au service de l\u2019observation du tourisme en Grand Est<\/strong>\r\nBenoit GANGNEUX, Directeur DATA et Observatoire - Agence R\u00e9gionale du Tourisme Grand Est<\/li>\r\n \t<li><strong>Une dataviz pour suivre la conjoncture r\u00e9gionale en temps de crise (et au-del\u00e0)<\/strong>\r\nSylvain BIANCO, Chef de projet DATA - R\u00e9gion Grand Est<\/li>\r\n<\/ul>\r\n<strong>15h30\u00a0 |\u00a0 <\/strong>Le r\u00f4le de DataGrandEst\r\n<ul>\r\n \t<li><strong>Lancement du groupe de travail \"Produire\" d\u00e9di\u00e9 aux donn\u00e9es nationales d\u2019int\u00e9r\u00eat local<\/strong><\/li>\r\n \t<li><strong>Appel \u00e0 contributions\/participation pour l\u2019am\u00e9lioration des outils, donn\u00e9es, services rendusl<\/strong><\/li>\r\n<\/ul>\r\n<strong>16h30\u00a0 |\u00a0\u00a0<\/strong>Fin de la journ\u00e9e\r\n\r\n&nbsp;\r\n<div class=\"panel panel-warning\">\r\n<div class=\"panel-heading\">\r\n<h4>Adresse de l'\u00e9v\u00e9nement<\/h4>\r\n<\/div>\r\n<\/div>\r\n<h4>H\u00f4tel de R\u00e9gion Grand Est<\/h4>\r\n1 Pl. Gabriel Hocquard\r\n\r\n57 000 Metz\r\n<div class=\"panel panel-warning\">\r\n<div class=\"panel-heading\">\r\n<h4>S\u00e9curit\u00e9 sanitaire<\/h4>\r\n<\/div>\r\n<\/div>\r\n<div class=\"row\">\r\n<div class=\"col-sm-6 col-md-4\" style=\"padding: 0 15px 0 15px;\">\r\n<div class=\"thumbnail\">\r\n<div class=\"caption\" style=\"heigh: 50px;\">\r\n<p class=\"rtecenter\">Le port du masque est conseill\u00e9 tout au long de la journ\u00e9e.<\/p>\r\n\r\n<\/div>\r\n<\/div>\r\n<\/div>\r\n<\/div>","eve_lieu":"","eve_date":"20220509","eve_date_fin":"20220509","eve_heure_de_debut":"09:30:00","eve_heure_de_fin":"09:30:00","eve_pour_aller_plus_loin":"<img src=\"https:\/\/web.archive.org\/web\/20250428113022im_\/https:\/\/www.datagrandest.fr\/portail\/fr\/system\/files\/document\/2022-10\/panorama_donnee_sde.png\" width=\"60%\" height=\"60%\" \/>\r\n<h3>Objectifs de la journ\u00e9e d'animation<\/h3>\r\n<ul>\r\n \t<li>Explorer des th\u00e9matiques peu abord\u00e9es jusqu\u2019\u00e0 pr\u00e9sent mais qui sont d\u2019une importance majeure telle que les donn\u00e9es socio-\u00e9co-d\u00e9mographiques<\/li>\r\n \t<li>Enrichir la plateforme r\u00e9gionale DataGrandEst avec de nouveaux services, de nouvelles donn\u00e9es utiles au plus grand nombre<\/li>\r\n \t<li>Faire circuler les savoirs, les bonnes pratiques, les \u00e9changes entre acteurs dans un objectifs d\u2019am\u00e9lioration des services rendus aux populations<\/li>\r\n \t<li>\u00c9tendre le r\u00e9seau de partenaires de DataGrandEst<\/li>\r\n \t<li>Et aussi de profiter de moment conviviaux pour se retrouver et \u00e9changer les uns avec les autres.<\/li>\r\n<\/ul>\r\n&nbsp;\r\n<h3>Les interventions<\/h3>\r\n<strong>Panorama des donn\u00e9es et des acteurs<\/strong>\r\n<ul>\r\n \t<li><strong>Quelles sont les donn\u00e9es utilis\u00e9es en agence\u00a0d\u2019urbanisme dans les observatoires et les \u00e9tudes ?<\/strong>\r\nMamadou KEITA, Charg\u00e9 d\u2019\u00e9tudes Observation sociod\u00e9mographiques - Agence d\u2019urbanisme de Nancy-SCALEN<\/li>\r\n \t<li><strong>L'offre de\u00a0donn\u00e9es sociod\u00e9mographiques de l'INSEE<\/strong>\r\nYves FRYDEL, Responsable de la division m\u00e9thodologie, cartographie et valorisation des sources - Direction R\u00e9gionale de l'INSEE Grand Est<\/li>\r\n \t<li><strong>L\u2019observatoire des fragilit\u00e9s : une plateforme d\u2019aide \u00e0 la d\u00e9cision<\/strong>\r\nAnyssa CLEMENS, Charg\u00e9e d\u2019\u00e9tudes et Bruno GOETHALS, Responsable SI - CARSAT Alsace Moselle<\/li>\r\n \t<li><strong>L\u2019observatoire du commerce et de la consommation \u00e0 l\u2019\u00e9chelle du Grand Est<\/strong>\r\nVANEL J\u00e9r\u00f4me, Direction des \u00e9tudes - CCI Moselle<\/li>\r\n<\/ul>\r\n&nbsp;\r\n\r\n<strong>Pr\u00e9sentation de cas d'usage<\/strong>\r\n<ul>\r\n \t<li><strong>DECIDATA : Pr\u00e9sentation de la dynamique r\u00e9gionale en Bourgogne-Franche-Comt\u00e9<\/strong>\r\nDavid BAC, Coordinateur du P\u00f4le Intelligence \u00c9conomique et Territoriale - Agence \u00c9conomique R\u00e9gionale de Bourgogne-Franche-Comt\u00e9<\/li>\r\n \t<li><strong>L\u2019exploitation des donn\u00e9es au service de l\u2019observation du tourisme en Grand Est<\/strong>\r\nBenoit GANGNEUX, Directeur DATA et Observatoire - Agence R\u00e9gionale du Tourisme Grand Est<\/li>\r\n \t<li><strong>Une dataviz pour suivre la conjoncture r\u00e9gionale en temps de crise (et au-del\u00e0)<\/strong>\r\nSylvain BIANCO, Chef de projet DATA - R\u00e9gion Grand Est<\/li>\r\n<\/ul>\r\n&nbsp;\r\n\r\n<strong>Le r\u00f4le de DataGrandEst<\/strong>\r\n<ul>\r\n \t<li><a href=\"\/site\/portail\/sites\/default\/files\/0_dge_ja_sde_09052022_datagrandest.pdf\">La stat\u00e9gie DataGrandEst, \u00e9tat des lieux des outils et donn\u00e9es disponibles et pr\u00e9sentation de l'outil COTER<\/a><\/li>\r\n \t<li>Mise en place d'un\u00a0groupe de travail \"Produire\" d\u00e9di\u00e9 aux donn\u00e9es nationales d\u2019int\u00e9r\u00eat local<\/li>\r\n<\/ul>\r\n&nbsp;\r\n\r\n&nbsp;\r\n<h3>Un groupe de travail pour d\u00e9velopper les donn\u00e9es socio-d\u00e9mo-\u00e9conomiques<\/h3>\r\nSi les donn\u00e9es socio-d\u00e9mo-\u00e9conomiques vous int\u00e9resse, rejoignez le groupe de travail d\u00e9di\u00e9 et collaborez au niveau r\u00e9gional !","eve_animation":true,"glo_image":922,"glo_intro":"","glo_car_surcharge_titre":"","glo_car_surcharge_lien":""},"yoast_head":"<!-- This site is optimized with the Yoast SEO plugin v27.4 - https:\/\/yoast.com\/product\/yoast-seo-wordpress\/ -->\n<title>Journ\u00e9e d&#039;animation DataGrandEst : Les donn\u00e9es socio-d\u00e9mo-\u00e9conomiques \u00e0 l&#039;appui des politiques publiques - DataGrandEst<\/title>\n<meta name=\"robots\" content=\"index, follow, max-snippet:-1, max-image-preview:large, max-video-preview:-1\" \/>\n<link rel=\"canonical\" href=\"https:\/\/www.datagrandest.fr\/site\/evenement\/journee-danimation-datagrandest-les-donnees-socio-demo-economiques-a-lappui-des-politiques-publiques\/\" \/>\n<meta property=\"og:locale\" content=\"fr_FR\" \/>\n<meta property=\"og:type\" content=\"article\" \/>\n<meta property=\"og:title\" content=\"Journ\u00e9e d&#039;animation DataGrandEst : Les donn\u00e9es socio-d\u00e9mo-\u00e9conomiques \u00e0 l&#039;appui des politiques publiques - DataGrandEst\" \/>\n<meta property=\"og:url\" content=\"https:\/\/www.datagrandest.fr\/site\/evenement\/journee-danimation-datagrandest-les-donnees-socio-demo-economiques-a-lappui-des-politiques-publiques\/\" \/>\n<meta property=\"og:site_name\" content=\"DataGrandEst\" \/>\n<meta property=\"article:modified_time\" content=\"2026-03-30T09:15:34+00:00\" \/>\n<meta name=\"twitter:card\" content=\"summary_large_image\" \/>\n<meta name=\"twitter:label1\" content=\"Dur\u00e9e de lecture estim\u00e9e\" \/>\n\t<meta name=\"twitter:data1\" content=\"4 minutes\" \/>\n<script type=\"application\/ld+json\" class=\"yoast-schema-graph\">{\"@context\":\"https:\\\/\\\/schema.org\",\"@graph\":[{\"@type\":\"WebPage\",\"@id\":\"https:\\\/\\\/www.datagrandest.fr\\\/site\\\/evenement\\\/journee-danimation-datagrandest-les-donnees-socio-demo-economiques-a-lappui-des-politiques-publiques\\\/\",\"url\":\"https:\\\/\\\/www.datagrandest.fr\\\/site\\\/evenement\\\/journee-danimation-datagrandest-les-donnees-socio-demo-economiques-a-lappui-des-politiques-publiques\\\/\",\"name\":\"Journ\u00e9e d'animation DataGrandEst : Les donn\u00e9es socio-d\u00e9mo-\u00e9conomiques \u00e0 l'appui des politiques publiques - DataGrandEst\",\"isPartOf\":{\"@id\":\"https:\\\/\\\/www.datagrandest.fr\\\/site\\\/#website\"},\"datePublished\":\"2022-03-25T08:59:00+00:00\",\"dateModified\":\"2026-03-30T09:15:34+00:00\",\"breadcrumb\":{\"@id\":\"https:\\\/\\\/www.datagrandest.fr\\\/site\\\/evenement\\\/journee-danimation-datagrandest-les-donnees-socio-demo-economiques-a-lappui-des-politiques-publiques\\\/#breadcrumb\"},\"inLanguage\":\"fr-FR\",\"potentialAction\":[{\"@type\":\"ReadAction\",\"target\":[\"https:\\\/\\\/www.datagrandest.fr\\\/site\\\/evenement\\\/journee-danimation-datagrandest-les-donnees-socio-demo-economiques-a-lappui-des-politiques-publiques\\\/\"]}]},{\"@type\":\"BreadcrumbList\",\"@id\":\"https:\\\/\\\/www.datagrandest.fr\\\/site\\\/evenement\\\/journee-danimation-datagrandest-les-donnees-socio-demo-economiques-a-lappui-des-politiques-publiques\\\/#breadcrumb\",\"itemListElement\":[{\"@type\":\"ListItem\",\"position\":1,\"name\":\"Accueil\",\"item\":\"https:\\\/\\\/www.datagrandest.fr\\\/site\\\/\"},{\"@type\":\"ListItem\",\"position\":2,\"name\":\"\u00c9v\u00e9nements\",\"item\":\"https:\\\/\\\/www.datagrandest.fr\\\/site\\\/evenement\\\/\"},{\"@type\":\"ListItem\",\"position\":3,\"name\":\"Journ\u00e9e d&rsquo;animation DataGrandEst : Les donn\u00e9es socio-d\u00e9mo-\u00e9conomiques \u00e0 l&rsquo;appui des politiques publiques\"}]},{\"@type\":\"WebSite\",\"@id\":\"https:\\\/\\\/www.datagrandest.fr\\\/site\\\/#website\",\"url\":\"https:\\\/\\\/www.datagrandest.fr\\\/site\\\/\",\"name\":\"DataGrandEst\",\"description\":\"\",\"potentialAction\":[{\"@type\":\"SearchAction\",\"target\":{\"@type\":\"EntryPoint\",\"urlTemplate\":\"https:\\\/\\\/www.datagrandest.fr\\\/site\\\/?s={search_term_string}\"},\"query-input\":{\"@type\":\"PropertyValueSpecification\",\"valueRequired\":true,\"valueName\":\"search_term_string\"}}],\"inLanguage\":\"fr-FR\"}]}<\/script>\n<!-- \/ Yoast SEO plugin. -->","yoast_head_json":{"title":"Journ\u00e9e d'animation DataGrandEst : Les donn\u00e9es socio-d\u00e9mo-\u00e9conomiques \u00e0 l'appui des politiques publiques - DataGrandEst","robots":{"index":"index","follow":"follow","max-snippet":"max-snippet:-1","max-image-preview":"max-image-preview:large","max-video-preview":"max-video-preview:-1"},"canonical":"https:\/\/www.datagrandest.fr\/site\/evenement\/journee-danimation-datagrandest-les-donnees-socio-demo-economiques-a-lappui-des-politiques-publiques\/","og_locale":"fr_FR","og_type":"article","og_title":"Journ\u00e9e d'animation DataGrandEst : Les donn\u00e9es socio-d\u00e9mo-\u00e9conomiques \u00e0 l'appui des politiques publiques - DataGrandEst","og_url":"https:\/\/www.datagrandest.fr\/site\/evenement\/journee-danimation-datagrandest-les-donnees-socio-demo-economiques-a-lappui-des-politiques-publiques\/","og_site_name":"DataGrandEst","article_modified_time":"2026-03-30T09:15:34+00:00","twitter_card":"summary_large_image","twitter_misc":{"Dur\u00e9e de lecture estim\u00e9e":"4 minutes"},"schema":{"@context":"https:\/\/schema.org","@graph":[{"@type":"WebPage","@id":"https:\/\/www.datagrandest.fr\/site\/evenement\/journee-danimation-datagrandest-les-donnees-socio-demo-economiques-a-lappui-des-politiques-publiques\/","url":"https:\/\/www.datagrandest.fr\/site\/evenement\/journee-danimation-datagrandest-les-donnees-socio-demo-economiques-a-lappui-des-politiques-publiques\/","name":"Journ\u00e9e d'animation DataGrandEst : Les donn\u00e9es socio-d\u00e9mo-\u00e9conomiques \u00e0 l'appui des politiques publiques - DataGrandEst","isPartOf":{"@id":"https:\/\/www.datagrandest.fr\/site\/#website"},"datePublished":"2022-03-25T08:59:00+00:00","dateModified":"2026-03-30T09:15:34+00:00","breadcrumb":{"@id":"https:\/\/www.datagrandest.fr\/site\/evenement\/journee-danimation-datagrandest-les-donnees-socio-demo-economiques-a-lappui-des-politiques-publiques\/#breadcrumb"},"inLanguage":"fr-FR","potentialAction":[{"@type":"ReadAction","target":["https:\/\/www.datagrandest.fr\/site\/evenement\/journee-danimation-datagrandest-les-donnees-socio-demo-economiques-a-lappui-des-politiques-publiques\/"]}]},{"@type":"BreadcrumbList","@id":"https:\/\/www.datagrandest.fr\/site\/evenement\/journee-danimation-datagrandest-les-donnees-socio-demo-economiques-a-lappui-des-politiques-publiques\/#breadcrumb","itemListElement":[{"@type":"ListItem","position":1,"name":"Accueil","item":"https:\/\/www.datagrandest.fr\/site\/"},{"@type":"ListItem","position":2,"name":"\u00c9v\u00e9nements","item":"https:\/\/www.datagrandest.fr\/site\/evenement\/"},{"@type":"ListItem","position":3,"name":"Journ\u00e9e d&rsquo;animation DataGrandEst : Les donn\u00e9es socio-d\u00e9mo-\u00e9conomiques \u00e0 l&rsquo;appui des politiques publiques"}]},{"@type":"WebSite","@id":"https:\/\/www.datagrandest.fr\/site\/#website","url":"https:\/\/www.datagrandest.fr\/site\/","name":"DataGrandEst","description":"","potentialAction":[{"@type":"SearchAction","target":{"@type":"EntryPoint","urlTemplate":"https:\/\/www.datagrandest.fr\/site\/?s={search_term_string}"},"query-input":{"@type":"PropertyValueSpecification","valueRequired":true,"valueName":"search_term_string"}}],"inLanguage":"fr-FR"}]}},"_links":{"self":[{"href":"https:\/\/www.datagrandest.fr\/site\/wp-json\/wp\/v2\/evenement\/1564","targetHints":{"allow":["GET"]}}],"collection":[{"href":"https:\/\/www.datagrandest.fr\/site\/wp-json\/wp\/v2\/evenement"}],"about":[{"href":"https:\/\/www.datagrandest.fr\/site\/wp-json\/wp\/v2\/types\/evenement"}],"version-history":[{"count":3,"href":"https:\/\/www.datagrandest.fr\/site\/wp-json\/wp\/v2\/evenement\/1564\/revisions"}],"predecessor-version":[{"id":3935,"href":"https:\/\/www.datagrandest.fr\/site\/wp-json\/wp\/v2\/evenement\/1564\/revisions\/3935"}],"wp:attachment":[{"href":"https:\/\/www.datagrandest.fr\/site\/wp-json\/wp\/v2\/media?parent=1564"}],"wp:term":[{"taxonomy":"periode","embeddable":true,"href":"https:\/\/www.datagrandest.fr\/site\/wp-json\/wp\/v2\/periode?post=1564"},{"taxonomy":"source","embeddable":true,"href":"https:\/\/www.datagrandest.fr\/site\/wp-json\/wp\/v2\/source?post=1564"},{"taxonomy":"thematique_globale","embeddable":true,"href":"https:\/\/www.datagrandest.fr\/site\/wp-json\/wp\/v2\/thematique_globale?post=1564"},{"taxonomy":"type_evenement","embeddable":true,"href":"https:\/\/www.datagrandest.fr\/site\/wp-json\/wp\/v2\/type_evenement?post=1564"}],"curies":[{"name":"wp","href":"https:\/\/api.w.org\/{rel}","templated":true}]}}