{"id":1584,"date":"2021-10-11T09:13:53","date_gmt":"2021-10-11T07:13:53","guid":{"rendered":"https:\/\/dev.datagrandest.fr\/site\/evenement\/artificialisation-et-consommation-de-lespace-outils-de-mesure-et-elements-de-reflexion\/"},"modified":"2026-03-30T11:31:10","modified_gmt":"2026-03-30T09:31:10","slug":"artificialisation-et-consommation-de-lespace-outils-de-mesure-et-elements-de-reflexion","status":"publish","type":"evenement","link":"https:\/\/www.datagrandest.fr\/site\/evenement\/artificialisation-et-consommation-de-lespace-outils-de-mesure-et-elements-de-reflexion\/","title":{"rendered":"Artificialisation et consommation de l\u2019espace : outils de mesure et \u00e9l\u00e9ments de r\u00e9flexion"},"template":"","meta":{"_acf_changed":false,"_relevanssi_hide_post":"","_relevanssi_hide_content":"","_relevanssi_pin_for_all":"","_relevanssi_pin_keywords":"","_relevanssi_unpin_keywords":"","_relevanssi_related_keywords":"","_relevanssi_related_include_ids":"","_relevanssi_related_exclude_ids":"","_relevanssi_related_no_append":"","_relevanssi_related_not_related":"","_relevanssi_related_posts":"","_relevanssi_noindex_reason":""},"periode":[209],"source":[],"thematique_globale":[],"type_evenement":[230],"class_list":["post-1584","evenement","type-evenement","status-publish","hentry","periode-209","type_evenement-groupe-de-travail"],"acf":{"eve_description_courte":"","eve_description_longue":"<h1 class=\"rtecenter\"><a target=\"_blank\" rel=\"noopener\"><img style=\"width: 98%;\" src=\"\/site\/wp-content\/uploads\/2025\/11\/agenda_evenement_gt_banniere.jpg\" alt=\"\" \/><\/a>GROUPE TECHNIQUE<\/h1>\r\n<h3 class=\"style-editeur rtecenter\">Artificialisation et consommation de l\u2019espace : outils de mesure et \u00e9l\u00e9ments de r\u00e9flexion<\/h3>\r\n<h3>Date<\/h3>\r\nVendredi 22 octobre 2021\r\n\r\nDe 14h00 \u00e0 16h00\r\n<h3>Lieu de l'\u00e9v\u00e8nement<\/h3>\r\nCet \u00e9v\u00e9nement se pr\u00e9sentera sous forme de webinaire et sera diffus\u00e9 via\u00a0l'application Teams\r\n<h3>Intervenants<\/h3>\r\n<ul>\r\n \t<li>Beno\u00eet Leplomb,<\/li>\r\n \t<li>Clara Lev\u00eaque,<\/li>\r\n \t<li>Xavier Cheippe<\/li>\r\n<\/ul>\r\n<h3>Th\u00e9matique<\/h3>\r\nG\u00e9oGrandEst et la Plateforme r\u00e9gionale du foncier et de l'am\u00e9nagement durable vous proposent une r\u00e9union commune des GT BD OCS GE2 et Observation locale pour \u00e9changer sur les outils d'observation du foncier.\r\n\r\n1\/ Introduction \u2013 10\u2019\r\n\r\n2\/ Principe ZAN introduit par la loi : quels outils pour l\u2019observer ? 20\u2019\r\n\r\n3\/ Exemples d\u2019outils et d\u2019applications \u2013 60\u2019\r\n<ul>\r\n \t<li>Tache artificialis\u00e9e \u2013 30\u2019\r\n<ul class=\"rteindent1\">\r\n \t<li>Pr\u00e9sentation \u2013 15\u2019<\/li>\r\n \t<li>Enjeux d\u00e9j\u00e0 identifi\u00e9s \u20135\u2019<\/li>\r\n \t<li>\u00c9changes sur les autres enjeux \u2013 10\u2019<\/li>\r\n<\/ul>\r\n<\/li>\r\n \t<li>Retours d\u2019exp\u00e9riences sur les usages et croisement de donn\u00e9es - 30'<\/li>\r\n<\/ul>\r\n3\/ La place des plateformes \u2013 10\u2019\r\n<h3>Rendez-vous manqu\u00e9<\/h3>\r\nConsultez la page \"<a href=\"https:\/\/www.datagrandest.fr\/site\/projet\/suivre-loccupation-du-sol-regional\/\">Occupation du sol \u00e0 Grand Echelle en r\u00e9gion Grand Est<\/a>\" de notre site pour d\u00e9couvrir toutes les vid\u00e9os, guides et pr\u00e9sentations des formations et animations donn\u00e9es sur ce sujet !","eve_lieu":"","eve_date":"20211022","eve_date_fin":"20211022","eve_heure_de_debut":"14:00:00","eve_heure_de_fin":"14:00:00","eve_pour_aller_plus_loin":"","eve_animation":false,"glo_image":929,"glo_intro":"","glo_car_surcharge_titre":"","glo_car_surcharge_lien":""},"yoast_head":"<!-- This site is optimized with the Yoast SEO plugin v27.4 - https:\/\/yoast.com\/product\/yoast-seo-wordpress\/ -->\n<title>Artificialisation et consommation de l\u2019espace : outils de mesure et \u00e9l\u00e9ments de r\u00e9flexion - DataGrandEst<\/title>\n<meta name=\"robots\" content=\"index, follow, max-snippet:-1, max-image-preview:large, max-video-preview:-1\" \/>\n<link rel=\"canonical\" href=\"https:\/\/www.datagrandest.fr\/site\/evenement\/artificialisation-et-consommation-de-lespace-outils-de-mesure-et-elements-de-reflexion\/\" \/>\n<meta property=\"og:locale\" content=\"fr_FR\" \/>\n<meta property=\"og:type\" content=\"article\" \/>\n<meta property=\"og:title\" content=\"Artificialisation et consommation de l\u2019espace : outils de mesure et \u00e9l\u00e9ments de r\u00e9flexion - DataGrandEst\" \/>\n<meta property=\"og:url\" content=\"https:\/\/www.datagrandest.fr\/site\/evenement\/artificialisation-et-consommation-de-lespace-outils-de-mesure-et-elements-de-reflexion\/\" \/>\n<meta property=\"og:site_name\" content=\"DataGrandEst\" \/>\n<meta property=\"article:modified_time\" content=\"2026-03-30T09:31:10+00:00\" \/>\n<meta name=\"twitter:card\" content=\"summary_large_image\" \/>\n<meta name=\"twitter:label1\" content=\"Dur\u00e9e de lecture estim\u00e9e\" \/>\n\t<meta name=\"twitter:data1\" content=\"2 minutes\" \/>\n<script type=\"application\/ld+json\" class=\"yoast-schema-graph\">{\"@context\":\"https:\\\/\\\/schema.org\",\"@graph\":[{\"@type\":\"WebPage\",\"@id\":\"https:\\\/\\\/www.datagrandest.fr\\\/site\\\/evenement\\\/artificialisation-et-consommation-de-lespace-outils-de-mesure-et-elements-de-reflexion\\\/\",\"url\":\"https:\\\/\\\/www.datagrandest.fr\\\/site\\\/evenement\\\/artificialisation-et-consommation-de-lespace-outils-de-mesure-et-elements-de-reflexion\\\/\",\"name\":\"Artificialisation et consommation de l\u2019espace : outils de mesure et \u00e9l\u00e9ments de r\u00e9flexion - DataGrandEst\",\"isPartOf\":{\"@id\":\"https:\\\/\\\/www.datagrandest.fr\\\/site\\\/#website\"},\"datePublished\":\"2021-10-11T07:13:53+00:00\",\"dateModified\":\"2026-03-30T09:31:10+00:00\",\"breadcrumb\":{\"@id\":\"https:\\\/\\\/www.datagrandest.fr\\\/site\\\/evenement\\\/artificialisation-et-consommation-de-lespace-outils-de-mesure-et-elements-de-reflexion\\\/#breadcrumb\"},\"inLanguage\":\"fr-FR\",\"potentialAction\":[{\"@type\":\"ReadAction\",\"target\":[\"https:\\\/\\\/www.datagrandest.fr\\\/site\\\/evenement\\\/artificialisation-et-consommation-de-lespace-outils-de-mesure-et-elements-de-reflexion\\\/\"]}]},{\"@type\":\"BreadcrumbList\",\"@id\":\"https:\\\/\\\/www.datagrandest.fr\\\/site\\\/evenement\\\/artificialisation-et-consommation-de-lespace-outils-de-mesure-et-elements-de-reflexion\\\/#breadcrumb\",\"itemListElement\":[{\"@type\":\"ListItem\",\"position\":1,\"name\":\"Accueil\",\"item\":\"https:\\\/\\\/www.datagrandest.fr\\\/site\\\/\"},{\"@type\":\"ListItem\",\"position\":2,\"name\":\"\u00c9v\u00e9nements\",\"item\":\"https:\\\/\\\/www.datagrandest.fr\\\/site\\\/evenement\\\/\"},{\"@type\":\"ListItem\",\"position\":3,\"name\":\"Artificialisation et consommation de l\u2019espace : outils de mesure et \u00e9l\u00e9ments de r\u00e9flexion\"}]},{\"@type\":\"WebSite\",\"@id\":\"https:\\\/\\\/www.datagrandest.fr\\\/site\\\/#website\",\"url\":\"https:\\\/\\\/www.datagrandest.fr\\\/site\\\/\",\"name\":\"DataGrandEst\",\"description\":\"\",\"potentialAction\":[{\"@type\":\"SearchAction\",\"target\":{\"@type\":\"EntryPoint\",\"urlTemplate\":\"https:\\\/\\\/www.datagrandest.fr\\\/site\\\/?s={search_term_string}\"},\"query-input\":{\"@type\":\"PropertyValueSpecification\",\"valueRequired\":true,\"valueName\":\"search_term_string\"}}],\"inLanguage\":\"fr-FR\"}]}<\/script>\n<!-- \/ Yoast SEO plugin. -->","yoast_head_json":{"title":"Artificialisation et consommation de l\u2019espace : outils de mesure et \u00e9l\u00e9ments de r\u00e9flexion - DataGrandEst","robots":{"index":"index","follow":"follow","max-snippet":"max-snippet:-1","max-image-preview":"max-image-preview:large","max-video-preview":"max-video-preview:-1"},"canonical":"https:\/\/www.datagrandest.fr\/site\/evenement\/artificialisation-et-consommation-de-lespace-outils-de-mesure-et-elements-de-reflexion\/","og_locale":"fr_FR","og_type":"article","og_title":"Artificialisation et consommation de l\u2019espace : outils de mesure et \u00e9l\u00e9ments de r\u00e9flexion - DataGrandEst","og_url":"https:\/\/www.datagrandest.fr\/site\/evenement\/artificialisation-et-consommation-de-lespace-outils-de-mesure-et-elements-de-reflexion\/","og_site_name":"DataGrandEst","article_modified_time":"2026-03-30T09:31:10+00:00","twitter_card":"summary_large_image","twitter_misc":{"Dur\u00e9e de lecture estim\u00e9e":"2 minutes"},"schema":{"@context":"https:\/\/schema.org","@graph":[{"@type":"WebPage","@id":"https:\/\/www.datagrandest.fr\/site\/evenement\/artificialisation-et-consommation-de-lespace-outils-de-mesure-et-elements-de-reflexion\/","url":"https:\/\/www.datagrandest.fr\/site\/evenement\/artificialisation-et-consommation-de-lespace-outils-de-mesure-et-elements-de-reflexion\/","name":"Artificialisation et consommation de l\u2019espace : outils de mesure et \u00e9l\u00e9ments de r\u00e9flexion - DataGrandEst","isPartOf":{"@id":"https:\/\/www.datagrandest.fr\/site\/#website"},"datePublished":"2021-10-11T07:13:53+00:00","dateModified":"2026-03-30T09:31:10+00:00","breadcrumb":{"@id":"https:\/\/www.datagrandest.fr\/site\/evenement\/artificialisation-et-consommation-de-lespace-outils-de-mesure-et-elements-de-reflexion\/#breadcrumb"},"inLanguage":"fr-FR","potentialAction":[{"@type":"ReadAction","target":["https:\/\/www.datagrandest.fr\/site\/evenement\/artificialisation-et-consommation-de-lespace-outils-de-mesure-et-elements-de-reflexion\/"]}]},{"@type":"BreadcrumbList","@id":"https:\/\/www.datagrandest.fr\/site\/evenement\/artificialisation-et-consommation-de-lespace-outils-de-mesure-et-elements-de-reflexion\/#breadcrumb","itemListElement":[{"@type":"ListItem","position":1,"name":"Accueil","item":"https:\/\/www.datagrandest.fr\/site\/"},{"@type":"ListItem","position":2,"name":"\u00c9v\u00e9nements","item":"https:\/\/www.datagrandest.fr\/site\/evenement\/"},{"@type":"ListItem","position":3,"name":"Artificialisation et consommation de l\u2019espace : outils de mesure et \u00e9l\u00e9ments de r\u00e9flexion"}]},{"@type":"WebSite","@id":"https:\/\/www.datagrandest.fr\/site\/#website","url":"https:\/\/www.datagrandest.fr\/site\/","name":"DataGrandEst","description":"","potentialAction":[{"@type":"SearchAction","target":{"@type":"EntryPoint","urlTemplate":"https:\/\/www.datagrandest.fr\/site\/?s={search_term_string}"},"query-input":{"@type":"PropertyValueSpecification","valueRequired":true,"valueName":"search_term_string"}}],"inLanguage":"fr-FR"}]}},"_links":{"self":[{"href":"https:\/\/www.datagrandest.fr\/site\/wp-json\/wp\/v2\/evenement\/1584","targetHints":{"allow":["GET"]}}],"collection":[{"href":"https:\/\/www.datagrandest.fr\/site\/wp-json\/wp\/v2\/evenement"}],"about":[{"href":"https:\/\/www.datagrandest.fr\/site\/wp-json\/wp\/v2\/types\/evenement"}],"version-history":[{"count":2,"href":"https:\/\/www.datagrandest.fr\/site\/wp-json\/wp\/v2\/evenement\/1584\/revisions"}],"predecessor-version":[{"id":3926,"href":"https:\/\/www.datagrandest.fr\/site\/wp-json\/wp\/v2\/evenement\/1584\/revisions\/3926"}],"wp:attachment":[{"href":"https:\/\/www.datagrandest.fr\/site\/wp-json\/wp\/v2\/media?parent=1584"}],"wp:term":[{"taxonomy":"periode","embeddable":true,"href":"https:\/\/www.datagrandest.fr\/site\/wp-json\/wp\/v2\/periode?post=1584"},{"taxonomy":"source","embeddable":true,"href":"https:\/\/www.datagrandest.fr\/site\/wp-json\/wp\/v2\/source?post=1584"},{"taxonomy":"thematique_globale","embeddable":true,"href":"https:\/\/www.datagrandest.fr\/site\/wp-json\/wp\/v2\/thematique_globale?post=1584"},{"taxonomy":"type_evenement","embeddable":true,"href":"https:\/\/www.datagrandest.fr\/site\/wp-json\/wp\/v2\/type_evenement?post=1584"}],"curies":[{"name":"wp","href":"https:\/\/api.w.org\/{rel}","templated":true}]}}