{"id":1593,"date":"2021-06-22T06:35:25","date_gmt":"2021-06-22T04:35:25","guid":{"rendered":"https:\/\/dev.datagrandest.fr\/site\/evenement\/prise-2-occupation-du-sol-a-grande-echelle-de-la-region-grand-est-presentation-des-nouveaux-services\/"},"modified":"2026-03-30T11:35:56","modified_gmt":"2026-03-30T09:35:56","slug":"prise-2-occupation-du-sol-a-grande-echelle-de-la-region-grand-est-presentation-des-nouveaux-services","status":"publish","type":"evenement","link":"https:\/\/www.datagrandest.fr\/site\/evenement\/prise-2-occupation-du-sol-a-grande-echelle-de-la-region-grand-est-presentation-des-nouveaux-services\/","title":{"rendered":"Prise 2 &#8211; Occupation du Sol \u00e0 Grande \u00c9chelle de la r\u00e9gion Grand Est &#8211; Pr\u00e9sentation des nouveaux services"},"template":"","meta":{"_acf_changed":false,"_relevanssi_hide_post":"","_relevanssi_hide_content":"","_relevanssi_pin_for_all":"","_relevanssi_pin_keywords":"","_relevanssi_unpin_keywords":"","_relevanssi_related_keywords":"","_relevanssi_related_include_ids":"","_relevanssi_related_exclude_ids":"","_relevanssi_related_no_append":"","_relevanssi_related_not_related":"","_relevanssi_related_posts":"","_relevanssi_noindex_reason":""},"periode":[209],"source":[],"thematique_globale":[],"type_evenement":[145],"class_list":["post-1593","evenement","type-evenement","status-publish","hentry","periode-209","type_evenement-webinaire"],"acf":{"eve_description_courte":"","eve_description_longue":"<h2 class=\"rtecenter\"><a target=\"_blank\" rel=\"noopener\"><img style=\"width: 98%;\" src=\"\/site\/wp-content\/uploads\/2025\/11\/agenda_evenement_banniere.jpg\" alt=\"\" \/><\/a>Occupation du Sol \u00e0 Grande \u00c9chelle de la r\u00e9gion Grand Est<\/h2>\r\n<h2 class=\"rtecenter\">Pr\u00e9sentation des nouveaux services (prise 2)<\/h2>\r\n<h3>Date<\/h3>\r\nJeudi 24\u00a0juin 2021\r\n\r\nDe 11h30 \u00e0 12h00\r\n<h3>Lieu de l'\u00e9v\u00e8nement<\/h3>\r\nCet \u00e9v\u00e9nement se pr\u00e9senter sous forme de webinaire et sera diffus\u00e9 via\u00a0l'application Teams\r\n<h3>Intervenante<\/h3>\r\nClara Lev\u00eaque\r\n<h3>Th\u00e9matique<\/h3>\r\n<p style=\"text-align: justify;\"><span style=\"font-size: 12pt;\"><span style=\"font-family: Calibri,sans-serif;\"><span style=\"color: black;\">L\u2019occupation du sol (OCS) grande \u00e9chelle est un <b>r\u00e9f\u00e9rentiel cartographique<\/b> primordial pour la gestion et l\u2019am\u00e9nagement des territoires. Elle permet de r\u00e9aliser de l\u2019observation, du suivi, de la pr\u00e9vention et de la protection qu\u2019elle soit humaine, environnementale, ou patrimoniale. L\u2019OCS est une r\u00e9f\u00e9rence <b>incontournable<\/b> pour la mise en \u0153uvre de <b>politiques publiques durables<\/b>, coh\u00e9rentes et efficaces, et une composante indispensable aux outils <b>d\u2019aide \u00e0 la d\u00e9cision<\/b>, d\u2019analyse et de suivi de la consommation des espaces.<\/span><\/span><\/span><\/p>\r\n<p style=\"text-align: justify;\"><span style=\"font-size: 12pt;\"><span style=\"font-family: Calibri,sans-serif;\"><span style=\"color: black;\">Compte-tenu des <b>enjeux r\u00e8glementaires<\/b> <b>nationaux<\/b> (loi Grenelle I et II, LMA, ALUR, loi pour la reconqu\u00eate de la biodiversit\u00e9, de la nature et du paysage de 2016, loi SRU densification urbaine, objectif ZAN du plan biodiversit\u00e9, loi Climat et R\u00e9silience\u2026) et des objectifs r\u00e9gionaux du SRADDET, les acteurs du Grand Est se sont <b>mobilis\u00e9s pour co-construire<\/b> un ensemble de produits de r\u00e9f\u00e9rence permettant d\u2019appr\u00e9hender les tendances de la consommation des espaces sur leur territoire.<\/span><\/span><\/span><\/p>\r\n<p style=\"text-align: justify;\"><span style=\"font-size: 12pt;\"><span style=\"font-family: Calibri,sans-serif;\"><span style=\"color: black;\">Cette pr\u00e9sentation vous permettra de d\u00e9couvrir la <b>palette de services<\/b>, d\u2019outils de valorisation et des produits disponibles sur G\u00e9oGrandEst ainsi que d\u2019<b>ouvrir<\/b> les \u00e9changes sur les <b>besoins<\/b> et les <b>cas d\u2019usages<\/b>.<\/span><\/span><\/span><\/p>\r\n\r\n<h3>Rendez-vous manqu\u00e9<\/h3>\r\nConsultez la page \"<a href=\"https:\/\/www.datagrandest.fr\/site\/projet\/suivre-loccupation-du-sol-regional\/\">Occupation du sol \u00e0 Grand Echelle en r\u00e9gion Grand Est<\/a>\" de notre site pour d\u00e9couvrir toutes les vid\u00e9os, guides et pr\u00e9sentations des formations et animations donn\u00e9es sur ce sujet !","eve_lieu":"","eve_date":"20210624","eve_date_fin":"20210624","eve_heure_de_debut":"11:30:00","eve_heure_de_fin":"11:30:00","eve_pour_aller_plus_loin":"","eve_animation":false,"glo_image":922,"glo_intro":"","glo_car_surcharge_titre":"","glo_car_surcharge_lien":""},"yoast_head":"<!-- This site is optimized with the Yoast SEO plugin v27.4 - https:\/\/yoast.com\/product\/yoast-seo-wordpress\/ -->\n<title>Prise 2 - Occupation du Sol \u00e0 Grande \u00c9chelle de la r\u00e9gion Grand Est - Pr\u00e9sentation des nouveaux services - DataGrandEst<\/title>\n<meta name=\"robots\" content=\"index, follow, max-snippet:-1, max-image-preview:large, max-video-preview:-1\" \/>\n<link rel=\"canonical\" href=\"https:\/\/www.datagrandest.fr\/site\/evenement\/prise-2-occupation-du-sol-a-grande-echelle-de-la-region-grand-est-presentation-des-nouveaux-services\/\" \/>\n<meta property=\"og:locale\" content=\"fr_FR\" \/>\n<meta property=\"og:type\" content=\"article\" \/>\n<meta property=\"og:title\" content=\"Prise 2 - Occupation du Sol \u00e0 Grande \u00c9chelle de la r\u00e9gion Grand Est - Pr\u00e9sentation des nouveaux services - DataGrandEst\" \/>\n<meta property=\"og:url\" content=\"https:\/\/www.datagrandest.fr\/site\/evenement\/prise-2-occupation-du-sol-a-grande-echelle-de-la-region-grand-est-presentation-des-nouveaux-services\/\" \/>\n<meta property=\"og:site_name\" content=\"DataGrandEst\" \/>\n<meta property=\"article:modified_time\" content=\"2026-03-30T09:35:56+00:00\" \/>\n<meta name=\"twitter:card\" content=\"summary_large_image\" \/>\n<meta name=\"twitter:label1\" content=\"Dur\u00e9e de lecture estim\u00e9e\" \/>\n\t<meta name=\"twitter:data1\" content=\"2 minutes\" \/>\n<script type=\"application\/ld+json\" class=\"yoast-schema-graph\">{\"@context\":\"https:\\\/\\\/schema.org\",\"@graph\":[{\"@type\":\"WebPage\",\"@id\":\"https:\\\/\\\/www.datagrandest.fr\\\/site\\\/evenement\\\/prise-2-occupation-du-sol-a-grande-echelle-de-la-region-grand-est-presentation-des-nouveaux-services\\\/\",\"url\":\"https:\\\/\\\/www.datagrandest.fr\\\/site\\\/evenement\\\/prise-2-occupation-du-sol-a-grande-echelle-de-la-region-grand-est-presentation-des-nouveaux-services\\\/\",\"name\":\"Prise 2 - Occupation du Sol \u00e0 Grande \u00c9chelle de la r\u00e9gion Grand Est - Pr\u00e9sentation des nouveaux services - DataGrandEst\",\"isPartOf\":{\"@id\":\"https:\\\/\\\/www.datagrandest.fr\\\/site\\\/#website\"},\"datePublished\":\"2021-06-22T04:35:25+00:00\",\"dateModified\":\"2026-03-30T09:35:56+00:00\",\"breadcrumb\":{\"@id\":\"https:\\\/\\\/www.datagrandest.fr\\\/site\\\/evenement\\\/prise-2-occupation-du-sol-a-grande-echelle-de-la-region-grand-est-presentation-des-nouveaux-services\\\/#breadcrumb\"},\"inLanguage\":\"fr-FR\",\"potentialAction\":[{\"@type\":\"ReadAction\",\"target\":[\"https:\\\/\\\/www.datagrandest.fr\\\/site\\\/evenement\\\/prise-2-occupation-du-sol-a-grande-echelle-de-la-region-grand-est-presentation-des-nouveaux-services\\\/\"]}]},{\"@type\":\"BreadcrumbList\",\"@id\":\"https:\\\/\\\/www.datagrandest.fr\\\/site\\\/evenement\\\/prise-2-occupation-du-sol-a-grande-echelle-de-la-region-grand-est-presentation-des-nouveaux-services\\\/#breadcrumb\",\"itemListElement\":[{\"@type\":\"ListItem\",\"position\":1,\"name\":\"Accueil\",\"item\":\"https:\\\/\\\/www.datagrandest.fr\\\/site\\\/\"},{\"@type\":\"ListItem\",\"position\":2,\"name\":\"\u00c9v\u00e9nements\",\"item\":\"https:\\\/\\\/www.datagrandest.fr\\\/site\\\/evenement\\\/\"},{\"@type\":\"ListItem\",\"position\":3,\"name\":\"Prise 2 &#8211; Occupation du Sol \u00e0 Grande \u00c9chelle de la r\u00e9gion Grand Est &#8211; Pr\u00e9sentation des nouveaux services\"}]},{\"@type\":\"WebSite\",\"@id\":\"https:\\\/\\\/www.datagrandest.fr\\\/site\\\/#website\",\"url\":\"https:\\\/\\\/www.datagrandest.fr\\\/site\\\/\",\"name\":\"DataGrandEst\",\"description\":\"\",\"potentialAction\":[{\"@type\":\"SearchAction\",\"target\":{\"@type\":\"EntryPoint\",\"urlTemplate\":\"https:\\\/\\\/www.datagrandest.fr\\\/site\\\/?s={search_term_string}\"},\"query-input\":{\"@type\":\"PropertyValueSpecification\",\"valueRequired\":true,\"valueName\":\"search_term_string\"}}],\"inLanguage\":\"fr-FR\"}]}<\/script>\n<!-- \/ Yoast SEO plugin. -->","yoast_head_json":{"title":"Prise 2 - Occupation du Sol \u00e0 Grande \u00c9chelle de la r\u00e9gion Grand Est - Pr\u00e9sentation des nouveaux services - DataGrandEst","robots":{"index":"index","follow":"follow","max-snippet":"max-snippet:-1","max-image-preview":"max-image-preview:large","max-video-preview":"max-video-preview:-1"},"canonical":"https:\/\/www.datagrandest.fr\/site\/evenement\/prise-2-occupation-du-sol-a-grande-echelle-de-la-region-grand-est-presentation-des-nouveaux-services\/","og_locale":"fr_FR","og_type":"article","og_title":"Prise 2 - Occupation du Sol \u00e0 Grande \u00c9chelle de la r\u00e9gion Grand Est - Pr\u00e9sentation des nouveaux services - DataGrandEst","og_url":"https:\/\/www.datagrandest.fr\/site\/evenement\/prise-2-occupation-du-sol-a-grande-echelle-de-la-region-grand-est-presentation-des-nouveaux-services\/","og_site_name":"DataGrandEst","article_modified_time":"2026-03-30T09:35:56+00:00","twitter_card":"summary_large_image","twitter_misc":{"Dur\u00e9e de lecture estim\u00e9e":"2 minutes"},"schema":{"@context":"https:\/\/schema.org","@graph":[{"@type":"WebPage","@id":"https:\/\/www.datagrandest.fr\/site\/evenement\/prise-2-occupation-du-sol-a-grande-echelle-de-la-region-grand-est-presentation-des-nouveaux-services\/","url":"https:\/\/www.datagrandest.fr\/site\/evenement\/prise-2-occupation-du-sol-a-grande-echelle-de-la-region-grand-est-presentation-des-nouveaux-services\/","name":"Prise 2 - Occupation du Sol \u00e0 Grande \u00c9chelle de la r\u00e9gion Grand Est - Pr\u00e9sentation des nouveaux services - DataGrandEst","isPartOf":{"@id":"https:\/\/www.datagrandest.fr\/site\/#website"},"datePublished":"2021-06-22T04:35:25+00:00","dateModified":"2026-03-30T09:35:56+00:00","breadcrumb":{"@id":"https:\/\/www.datagrandest.fr\/site\/evenement\/prise-2-occupation-du-sol-a-grande-echelle-de-la-region-grand-est-presentation-des-nouveaux-services\/#breadcrumb"},"inLanguage":"fr-FR","potentialAction":[{"@type":"ReadAction","target":["https:\/\/www.datagrandest.fr\/site\/evenement\/prise-2-occupation-du-sol-a-grande-echelle-de-la-region-grand-est-presentation-des-nouveaux-services\/"]}]},{"@type":"BreadcrumbList","@id":"https:\/\/www.datagrandest.fr\/site\/evenement\/prise-2-occupation-du-sol-a-grande-echelle-de-la-region-grand-est-presentation-des-nouveaux-services\/#breadcrumb","itemListElement":[{"@type":"ListItem","position":1,"name":"Accueil","item":"https:\/\/www.datagrandest.fr\/site\/"},{"@type":"ListItem","position":2,"name":"\u00c9v\u00e9nements","item":"https:\/\/www.datagrandest.fr\/site\/evenement\/"},{"@type":"ListItem","position":3,"name":"Prise 2 &#8211; Occupation du Sol \u00e0 Grande \u00c9chelle de la r\u00e9gion Grand Est &#8211; Pr\u00e9sentation des nouveaux services"}]},{"@type":"WebSite","@id":"https:\/\/www.datagrandest.fr\/site\/#website","url":"https:\/\/www.datagrandest.fr\/site\/","name":"DataGrandEst","description":"","potentialAction":[{"@type":"SearchAction","target":{"@type":"EntryPoint","urlTemplate":"https:\/\/www.datagrandest.fr\/site\/?s={search_term_string}"},"query-input":{"@type":"PropertyValueSpecification","valueRequired":true,"valueName":"search_term_string"}}],"inLanguage":"fr-FR"}]}},"_links":{"self":[{"href":"https:\/\/www.datagrandest.fr\/site\/wp-json\/wp\/v2\/evenement\/1593","targetHints":{"allow":["GET"]}}],"collection":[{"href":"https:\/\/www.datagrandest.fr\/site\/wp-json\/wp\/v2\/evenement"}],"about":[{"href":"https:\/\/www.datagrandest.fr\/site\/wp-json\/wp\/v2\/types\/evenement"}],"version-history":[{"count":2,"href":"https:\/\/www.datagrandest.fr\/site\/wp-json\/wp\/v2\/evenement\/1593\/revisions"}],"predecessor-version":[{"id":3922,"href":"https:\/\/www.datagrandest.fr\/site\/wp-json\/wp\/v2\/evenement\/1593\/revisions\/3922"}],"wp:attachment":[{"href":"https:\/\/www.datagrandest.fr\/site\/wp-json\/wp\/v2\/media?parent=1593"}],"wp:term":[{"taxonomy":"periode","embeddable":true,"href":"https:\/\/www.datagrandest.fr\/site\/wp-json\/wp\/v2\/periode?post=1593"},{"taxonomy":"source","embeddable":true,"href":"https:\/\/www.datagrandest.fr\/site\/wp-json\/wp\/v2\/source?post=1593"},{"taxonomy":"thematique_globale","embeddable":true,"href":"https:\/\/www.datagrandest.fr\/site\/wp-json\/wp\/v2\/thematique_globale?post=1593"},{"taxonomy":"type_evenement","embeddable":true,"href":"https:\/\/www.datagrandest.fr\/site\/wp-json\/wp\/v2\/type_evenement?post=1593"}],"curies":[{"name":"wp","href":"https:\/\/api.w.org\/{rel}","templated":true}]}}