{"id":1597,"date":"2021-06-18T11:57:28","date_gmt":"2021-06-18T09:57:28","guid":{"rendered":"https:\/\/dev.datagrandest.fr\/site\/evenement\/rencontres-regionales-de-la-donnee-du-grand-est-3\/"},"modified":"2026-03-30T11:36:51","modified_gmt":"2026-03-30T09:36:51","slug":"rencontres-regionales-de-la-donnee-du-grand-est-3","status":"publish","type":"evenement","link":"https:\/\/www.datagrandest.fr\/site\/evenement\/rencontres-regionales-de-la-donnee-du-grand-est-3\/","title":{"rendered":"Rencontres r\u00e9gionales de la donn\u00e9e du Grand Est"},"template":"","meta":{"_acf_changed":false,"_relevanssi_hide_post":"","_relevanssi_hide_content":"","_relevanssi_pin_for_all":"","_relevanssi_pin_keywords":"","_relevanssi_unpin_keywords":"","_relevanssi_related_keywords":"","_relevanssi_related_include_ids":"","_relevanssi_related_exclude_ids":"","_relevanssi_related_no_append":"","_relevanssi_related_not_related":"","_relevanssi_related_posts":"","_relevanssi_noindex_reason":""},"periode":[209],"source":[],"thematique_globale":[],"type_evenement":[147],"class_list":["post-1597","evenement","type-evenement","status-publish","hentry","periode-209","type_evenement-animation-territoriale"],"acf":{"eve_description_courte":"","eve_description_longue":"<h2 class=\"rtecenter\"><a target=\"_blank\" rel=\"noopener\"><img style=\"width: 70%;\" src=\"\/site\/portail\/sites\/default\/files\/journee_data_save_the_date_v2.jpg%0A\" alt=\"\" \/><\/a>Programme de la journ\u00e9e<\/h2>\r\n<strong>08h45\u00a0 |\u00a0 <\/strong>Accueil et r\u00e9seautage\r\n\r\n<strong>09h30\u00a0 |\u00a0 <\/strong>Mot d\u2019accueil des repr\u00e9sentants de l'Etat et de la\u00a0R\u00e9gion\r\n\r\n<strong>09h45\u00a0 |\u00a0 <\/strong>Conf\u00e9rences : Sur la route de la donn\u00e9e, de l'Occitanie \u00e0 Montr\u00e9al\r\n<ul>\r\n \t<li>Bertrand Monthubert, Directeur d\u2019Ekitia Occitanie, Pr\u00e9sident d\u2019Open IG et Pr\u00e9sident du Conseil National de l\u2019Information G\u00e9ographique<\/li>\r\n \t<li>S\u00e9bastien Georges, R\u00e9dacteur en chef de l\u2019Est R\u00e9publicain<\/li>\r\n \t<li>V\u00e9ronique Dufort, Data Chief Officer de la ville de Montr\u00e9al (capsule)<\/li>\r\n<\/ul>\r\n<strong>10h40\u00a0 |\u00a0 <\/strong>Table Ronde\u00a0:\u00ab Comment favoriser l\u2019usage des donn\u00e9es au service de l\u2019int\u00e9r\u00eat g\u00e9n\u00e9ral ? \u00bb\r\n<ul>\r\n \t<li>Claire Ancel, Conseill\u00e8re communautaire d\u00e9l\u00e9gu\u00e9e au num\u00e9rique, Eurom\u00e9tropole de Metz,<\/li>\r\n \t<li>Bertrand Monthubert, Directeur d\u2019Ekitia Occitanie, Pr\u00e9sident d\u2019Open IG Occitanie et du CNIG<\/li>\r\n \t<li>Yosr Kbairi, Sous-Pr\u00e9f\u00e8te \u00e0 la Relance, SGARE Grand Est<\/li>\r\n \t<li>Maximin Charpentier, Pr\u00e9sident de la Chambre R\u00e9gionale d\u2019Agriculture (\u00e0 confirmer)<\/li>\r\n \t<li>Driss Ait-Mani, Chief Technical Officer, PRIESM \u2013 projet Predict\u2019Est<\/li>\r\n<\/ul>\r\n<strong>11h40\u00a0 |\u00a0 <\/strong>O\u00f9 en sommes-nous en terme d'opendata en Grand Est ?\r\n\r\n<strong>12h00\u00a0 |\u00a0 <\/strong>Pr\u00e9sentation de DataGrandEst et perspectives\r\n\r\n<strong>12h30\u00a0 |\u00a0 <\/strong>Conf\u00e9rence de presse\r\n\r\n<strong>12h30\u00a0 |\u00a0\u00a0<\/strong>Cocktail d\u00e9jeunatoire\r\n\r\n<strong>14h00\u00a0 |\u00a0\u00a0<\/strong>Ateliers : Concr\u00e8tement DataGrandEst !\r\n<ul>\r\n \t<li>Piloter - La data, c'est mon dada<\/li>\r\n \t<li>Partager - Sur la route de l'open data<\/li>\r\n \t<li>Produire - L'amour est dans la donn\u00e9e<\/li>\r\n \t<li>Valoriser - Donn\u00e9es : en quelques clics, \u00e7a claque<\/li>\r\n<\/ul>\r\n<strong>16h00\u00a0 |\u00a0\u00a0<\/strong>Synth\u00e8se et conclusion de la journ\u00e9e\r\n<ul>\r\n \t<li>Isabelle Kauffmann, la Chef du service Connaissance et D\u00e9veloppement Durable \u00e0 la DREAL Grand Est<\/li>\r\n \t<li>Cl\u00e9ment Cambon, le D\u00e9l\u00e9gu\u00e9 \u00e0 l\u2019Innovation et \u00e0 la Modernisation de l\u2019Action Publique \u00e0 la R\u00e9gion Grand Est<\/li>\r\n<\/ul>\r\n<strong>16h30\u00a0 |\u00a0\u00a0<\/strong>Fin de la journ\u00e9e\r\n\r\n&nbsp;\r\n<div class=\"panel panel-warning\">\r\n<div class=\"panel-heading\">\r\n<h4>S\u00e9curit\u00e9 sanitaire<\/h4>\r\n<\/div>\r\n<\/div>\r\n<div class=\"row\">\r\n<div class=\"col-sm-6 col-md-4\" style=\"padding: 0 15px 0 15px;\">\r\n<div class=\"thumbnail\">\r\n\r\n<img style=\"height: 150px;\" src=\"\/site\/wp-content\/uploads\/2025\/11\/cercles_pass_sanitaire.png\" alt=\"...\" \/>\r\n<div class=\"caption\">\r\n<p class=\"rtecenter\" style=\"heigh: 50px;\">La pr\u00e9sentation du pass sanitaire ou d'un test PCR n\u00e9gatif sera obligatoire pour assister \u00e0 l'\u00e9v\u00e9nement.<\/p>\r\n\r\n<\/div>\r\n<\/div>\r\n<\/div>\r\n<div class=\"col-sm-6 col-md-4\" style=\"padding: 0 15px 0 15px;\">\r\n<div class=\"thumbnail\">\r\n\r\n<img style=\"height: 150px;\" src=\"\/site\/wp-content\/uploads\/2025\/11\/cercles_masque.png\" alt=\"...\" \/>\r\n<div class=\"caption\" style=\"heigh: 50px;\">\r\n<p class=\"rtecenter\">Le port du masque sera obligatoire tout au long de la journ\u00e9e.<\/p>\r\n\r\n<\/div>\r\n<\/div>\r\n<\/div>\r\n<\/div>\r\n&nbsp;\r\n<div class=\"panel panel-warning\">\r\n<div class=\"panel-heading\">\r\n<h4>Se rendre \u00e0 BLIIIDA<\/h4>\r\n<\/div>\r\n<\/div>\r\n<h4>Adresse de l'\u00e9v\u00e9nement<\/h4>\r\n<strong>BLIIIDA<\/strong>\r\n7 avenue de Blida\r\n57000 Metz\r\n<h4>A partir de la gare<\/h4>\r\nA la descente du train, gare de Metz, prendre la sortie menant rue Vauban\/place du G\u00e9n\u00e9ral de Gaulle\r\n<table>\r\n<tbody>\r\n<tr>\r\n<td><\/td>\r\n<td>\r\n<p class=\"rteindent1\"><strong>Taxis de Metz<\/strong>\r\nTel : 03 87 56 91 92<\/p>\r\n<\/td>\r\n<\/tr>\r\n<\/tbody>\r\n<\/table>\r\n&nbsp;\r\n<table>\r\n<tbody>\r\n<tr>\r\n<td><\/td>\r\n<td>\r\n<p class=\"rteindent1\"><strong>Ligne 3 vers Woippy<\/strong>\r\nRemonter la rue Fran\u00e7ois de Curel (en face de la gare)\r\nDescendre \u00e0 l\u2019arr\u00eat \u00ab Rimport \u00bb\r\nTraverser le pont Des Grilles\r\nTourner \u00e0 droite et continuer tout droit sur 200 m\u00e8tres environ.<\/p>\r\n&nbsp;<\/td>\r\n<\/tr>\r\n<\/tbody>\r\n<\/table>\r\n&nbsp;\r\n<table>\r\n<tbody>\r\n<tr>\r\n<td><\/td>\r\n<td>\r\n<p class=\"rteindent1\"><strong>A pied (environ 30 minutes)<\/strong>\r\nPrendre le boulevard Jean XXIII\r\nTraverser le pont Des Grilles\r\nTourner \u00e0 droite et continuer tout droit sur 200 m\u00e8tres environ.<\/p>\r\n&nbsp;<\/td>\r\n<\/tr>\r\n<\/tbody>\r\n<\/table>\r\n<h4>A partir de l'autoroute<\/h4>\r\n<table>\r\n<tbody>\r\n<tr>\r\n<td><\/td>\r\n<td>\r\n<p class=\"rteindent1\"><strong>En voiture<\/strong>\r\nPrendre la sortie 33 (Pontifroy) autoroute A31<\/p>\r\n&nbsp;<\/td>\r\n<\/tr>\r\n<\/tbody>\r\n<\/table>\r\n&nbsp;","eve_lieu":"","eve_date":"20211116","eve_date_fin":"20211116","eve_heure_de_debut":"09:00:00","eve_heure_de_fin":"09:00:00","eve_pour_aller_plus_loin":"","eve_animation":true,"glo_image":922,"glo_intro":"","glo_car_surcharge_titre":"","glo_car_surcharge_lien":""},"yoast_head":"<!-- This site is optimized with the Yoast SEO plugin v27.4 - https:\/\/yoast.com\/product\/yoast-seo-wordpress\/ -->\n<title>Rencontres r\u00e9gionales de la donn\u00e9e du Grand Est - DataGrandEst<\/title>\n<meta name=\"robots\" content=\"index, follow, max-snippet:-1, max-image-preview:large, max-video-preview:-1\" \/>\n<link rel=\"canonical\" href=\"https:\/\/www.datagrandest.fr\/site\/evenement\/rencontres-regionales-de-la-donnee-du-grand-est-3\/\" \/>\n<meta property=\"og:locale\" content=\"fr_FR\" \/>\n<meta property=\"og:type\" content=\"article\" \/>\n<meta property=\"og:title\" content=\"Rencontres r\u00e9gionales de la donn\u00e9e du Grand Est - DataGrandEst\" \/>\n<meta property=\"og:url\" content=\"https:\/\/www.datagrandest.fr\/site\/evenement\/rencontres-regionales-de-la-donnee-du-grand-est-3\/\" \/>\n<meta property=\"og:site_name\" content=\"DataGrandEst\" \/>\n<meta property=\"article:modified_time\" content=\"2026-03-30T09:36:51+00:00\" \/>\n<meta name=\"twitter:card\" content=\"summary_large_image\" \/>\n<meta name=\"twitter:label1\" content=\"Dur\u00e9e de lecture estim\u00e9e\" \/>\n\t<meta name=\"twitter:data1\" content=\"3 minutes\" \/>\n<script type=\"application\/ld+json\" class=\"yoast-schema-graph\">{\"@context\":\"https:\\\/\\\/schema.org\",\"@graph\":[{\"@type\":\"WebPage\",\"@id\":\"https:\\\/\\\/www.datagrandest.fr\\\/site\\\/evenement\\\/rencontres-regionales-de-la-donnee-du-grand-est-3\\\/\",\"url\":\"https:\\\/\\\/www.datagrandest.fr\\\/site\\\/evenement\\\/rencontres-regionales-de-la-donnee-du-grand-est-3\\\/\",\"name\":\"Rencontres r\u00e9gionales de la donn\u00e9e du Grand Est - DataGrandEst\",\"isPartOf\":{\"@id\":\"https:\\\/\\\/www.datagrandest.fr\\\/site\\\/#website\"},\"datePublished\":\"2021-06-18T09:57:28+00:00\",\"dateModified\":\"2026-03-30T09:36:51+00:00\",\"breadcrumb\":{\"@id\":\"https:\\\/\\\/www.datagrandest.fr\\\/site\\\/evenement\\\/rencontres-regionales-de-la-donnee-du-grand-est-3\\\/#breadcrumb\"},\"inLanguage\":\"fr-FR\",\"potentialAction\":[{\"@type\":\"ReadAction\",\"target\":[\"https:\\\/\\\/www.datagrandest.fr\\\/site\\\/evenement\\\/rencontres-regionales-de-la-donnee-du-grand-est-3\\\/\"]}]},{\"@type\":\"BreadcrumbList\",\"@id\":\"https:\\\/\\\/www.datagrandest.fr\\\/site\\\/evenement\\\/rencontres-regionales-de-la-donnee-du-grand-est-3\\\/#breadcrumb\",\"itemListElement\":[{\"@type\":\"ListItem\",\"position\":1,\"name\":\"Accueil\",\"item\":\"https:\\\/\\\/www.datagrandest.fr\\\/site\\\/\"},{\"@type\":\"ListItem\",\"position\":2,\"name\":\"\u00c9v\u00e9nements\",\"item\":\"https:\\\/\\\/www.datagrandest.fr\\\/site\\\/evenement\\\/\"},{\"@type\":\"ListItem\",\"position\":3,\"name\":\"Rencontres r\u00e9gionales de la donn\u00e9e du Grand Est\"}]},{\"@type\":\"WebSite\",\"@id\":\"https:\\\/\\\/www.datagrandest.fr\\\/site\\\/#website\",\"url\":\"https:\\\/\\\/www.datagrandest.fr\\\/site\\\/\",\"name\":\"DataGrandEst\",\"description\":\"\",\"potentialAction\":[{\"@type\":\"SearchAction\",\"target\":{\"@type\":\"EntryPoint\",\"urlTemplate\":\"https:\\\/\\\/www.datagrandest.fr\\\/site\\\/?s={search_term_string}\"},\"query-input\":{\"@type\":\"PropertyValueSpecification\",\"valueRequired\":true,\"valueName\":\"search_term_string\"}}],\"inLanguage\":\"fr-FR\"}]}<\/script>\n<!-- \/ Yoast SEO plugin. -->","yoast_head_json":{"title":"Rencontres r\u00e9gionales de la donn\u00e9e du Grand Est - DataGrandEst","robots":{"index":"index","follow":"follow","max-snippet":"max-snippet:-1","max-image-preview":"max-image-preview:large","max-video-preview":"max-video-preview:-1"},"canonical":"https:\/\/www.datagrandest.fr\/site\/evenement\/rencontres-regionales-de-la-donnee-du-grand-est-3\/","og_locale":"fr_FR","og_type":"article","og_title":"Rencontres r\u00e9gionales de la donn\u00e9e du Grand Est - DataGrandEst","og_url":"https:\/\/www.datagrandest.fr\/site\/evenement\/rencontres-regionales-de-la-donnee-du-grand-est-3\/","og_site_name":"DataGrandEst","article_modified_time":"2026-03-30T09:36:51+00:00","twitter_card":"summary_large_image","twitter_misc":{"Dur\u00e9e de lecture estim\u00e9e":"3 minutes"},"schema":{"@context":"https:\/\/schema.org","@graph":[{"@type":"WebPage","@id":"https:\/\/www.datagrandest.fr\/site\/evenement\/rencontres-regionales-de-la-donnee-du-grand-est-3\/","url":"https:\/\/www.datagrandest.fr\/site\/evenement\/rencontres-regionales-de-la-donnee-du-grand-est-3\/","name":"Rencontres r\u00e9gionales de la donn\u00e9e du Grand Est - DataGrandEst","isPartOf":{"@id":"https:\/\/www.datagrandest.fr\/site\/#website"},"datePublished":"2021-06-18T09:57:28+00:00","dateModified":"2026-03-30T09:36:51+00:00","breadcrumb":{"@id":"https:\/\/www.datagrandest.fr\/site\/evenement\/rencontres-regionales-de-la-donnee-du-grand-est-3\/#breadcrumb"},"inLanguage":"fr-FR","potentialAction":[{"@type":"ReadAction","target":["https:\/\/www.datagrandest.fr\/site\/evenement\/rencontres-regionales-de-la-donnee-du-grand-est-3\/"]}]},{"@type":"BreadcrumbList","@id":"https:\/\/www.datagrandest.fr\/site\/evenement\/rencontres-regionales-de-la-donnee-du-grand-est-3\/#breadcrumb","itemListElement":[{"@type":"ListItem","position":1,"name":"Accueil","item":"https:\/\/www.datagrandest.fr\/site\/"},{"@type":"ListItem","position":2,"name":"\u00c9v\u00e9nements","item":"https:\/\/www.datagrandest.fr\/site\/evenement\/"},{"@type":"ListItem","position":3,"name":"Rencontres r\u00e9gionales de la donn\u00e9e du Grand Est"}]},{"@type":"WebSite","@id":"https:\/\/www.datagrandest.fr\/site\/#website","url":"https:\/\/www.datagrandest.fr\/site\/","name":"DataGrandEst","description":"","potentialAction":[{"@type":"SearchAction","target":{"@type":"EntryPoint","urlTemplate":"https:\/\/www.datagrandest.fr\/site\/?s={search_term_string}"},"query-input":{"@type":"PropertyValueSpecification","valueRequired":true,"valueName":"search_term_string"}}],"inLanguage":"fr-FR"}]}},"_links":{"self":[{"href":"https:\/\/www.datagrandest.fr\/site\/wp-json\/wp\/v2\/evenement\/1597","targetHints":{"allow":["GET"]}}],"collection":[{"href":"https:\/\/www.datagrandest.fr\/site\/wp-json\/wp\/v2\/evenement"}],"about":[{"href":"https:\/\/www.datagrandest.fr\/site\/wp-json\/wp\/v2\/types\/evenement"}],"version-history":[{"count":4,"href":"https:\/\/www.datagrandest.fr\/site\/wp-json\/wp\/v2\/evenement\/1597\/revisions"}],"predecessor-version":[{"id":3921,"href":"https:\/\/www.datagrandest.fr\/site\/wp-json\/wp\/v2\/evenement\/1597\/revisions\/3921"}],"wp:attachment":[{"href":"https:\/\/www.datagrandest.fr\/site\/wp-json\/wp\/v2\/media?parent=1597"}],"wp:term":[{"taxonomy":"periode","embeddable":true,"href":"https:\/\/www.datagrandest.fr\/site\/wp-json\/wp\/v2\/periode?post=1597"},{"taxonomy":"source","embeddable":true,"href":"https:\/\/www.datagrandest.fr\/site\/wp-json\/wp\/v2\/source?post=1597"},{"taxonomy":"thematique_globale","embeddable":true,"href":"https:\/\/www.datagrandest.fr\/site\/wp-json\/wp\/v2\/thematique_globale?post=1597"},{"taxonomy":"type_evenement","embeddable":true,"href":"https:\/\/www.datagrandest.fr\/site\/wp-json\/wp\/v2\/type_evenement?post=1597"}],"curies":[{"name":"wp","href":"https:\/\/api.w.org\/{rel}","templated":true}]}}