{"id":1600,"date":"2021-06-15T08:20:20","date_gmt":"2021-06-15T06:20:20","guid":{"rendered":"https:\/\/dev.datagrandest.fr\/site\/evenement\/geograndest-present-au-web-seminaire-mesure-de-la-consommation-despace-un-referentiel-commun-pour-quels-defis-et-enjeux-des-territoires\/"},"modified":"2026-03-30T11:37:20","modified_gmt":"2026-03-30T09:37:20","slug":"geograndest-present-au-web-seminaire-mesure-de-la-consommation-despace-un-referentiel-commun-pour-quels-defis-et-enjeux-des-territoires","status":"publish","type":"evenement","link":"https:\/\/www.datagrandest.fr\/site\/evenement\/geograndest-present-au-web-seminaire-mesure-de-la-consommation-despace-un-referentiel-commun-pour-quels-defis-et-enjeux-des-territoires\/","title":{"rendered":"G\u00e9oGrandEst pr\u00e9sent au web-s\u00e9minaire \u00ab\u00a0Mesure de la consommation d\u2019espace un r\u00e9f\u00e9rentiel commun pour quels d\u00e9fis et enjeux de(s) territoire(s)\u00a0\u00bb"},"template":"","meta":{"_acf_changed":false,"_relevanssi_hide_post":"","_relevanssi_hide_content":"","_relevanssi_pin_for_all":"","_relevanssi_pin_keywords":"","_relevanssi_unpin_keywords":"","_relevanssi_related_keywords":"","_relevanssi_related_include_ids":"","_relevanssi_related_exclude_ids":"","_relevanssi_related_no_append":"","_relevanssi_related_not_related":"","_relevanssi_related_posts":"","_relevanssi_noindex_reason":""},"periode":[209],"source":[],"thematique_globale":[],"type_evenement":[145],"class_list":["post-1600","evenement","type-evenement","status-publish","hentry","periode-209","type_evenement-webinaire"],"acf":{"eve_description_courte":"","eve_description_longue":"<h2 class=\"rtecenter\"><a target=\"_blank\" rel=\"noopener\"><img style=\"width: 98%;\" src=\"\/site\/wp-content\/uploads\/2025\/11\/agenda_evenement_banniere.jpg\" alt=\"\" \/><\/a>G\u00e9oGrandEst pr\u00e9sent au web-s\u00e9minaire \"Mesure de la consommation d\u2019espace un r\u00e9f\u00e9rentiel commun\r\npour quels d\u00e9fis et enjeux de(s) territoire(s)\"<\/h2>\r\n<h3>Date<\/h3>\r\nVendredi 24 juin 2021\r\n<h3>Lieu de l'\u00e9venement<\/h3>\r\nCet \u00e9v\u00e9nement se pr\u00e9senter sous forme de webinaire\r\n<h3>Intervenant<\/h3>\r\nMarie-Christine SCHOTT (Cheffe\u00a0de service G\u00e9oGrandEst)\r\n\r\nClara Lev\u00eaque (Consultante G\u00e9oGrandEst)\r\n<h3>Th\u00e9matique<\/h3>\r\nCe s\u00e9minaire a pour objectif de comprendre :\r\n<ul>\r\n \t<li>les\u00a0usages et m\u00e9thodologies d\u00e9velopp\u00e9s par les territoires de Provence-Alpes-C\u00f4te d\u2019Azurpour meusrer la consommation d\u2019espace.<\/li>\r\n \t<li>les besoins et attentes des territoires dans la perspective des nouveaux enjeux de la mesure de la consommation d\u2019espace pos\u00e9s par la r\u00e9cente actualit\u00e9 r\u00e9glementaire (objectifs ZAN et Projet de Loi Climat et R\u00e9silience) et les orientations d\u2019am\u00e9nagement du territoire r\u00e9gional<\/li>\r\n<\/ul>\r\nUne journ\u00e9e en deux temps :\r\n<ul>\r\n \t<li>Matin : partage sur\u00a0les\u00a0diff\u00e9rents usages et m\u00e9thodologies de mesures de la consommation d\u2019espace actuels\u00a0des diff\u00e9rents territoires de projets de la r\u00e9gion<\/li>\r\n \t<li>Apr\u00e8s-midi : Table ronde avec participation de plusieurs repr\u00e9sentants d\u2019autres r\u00e9gions de France (Occitanie, Grand-Est, Hauts de France, Normandie) et du Minist\u00e8re (DGALN)<\/li>\r\n<\/ul>\r\n<h3>Rendez-vous manqu\u00e9<\/h3>\r\nConsultez la page \"<a href=\"https:\/\/www.datagrandest.fr\/site\/projet\/suivre-loccupation-du-sol-regional\/\">Occupation du sol \u00e0 Grand Echelle en r\u00e9gion Grand Est<\/a>\" de notre site pour d\u00e9couvrir toutes les vid\u00e9os, guides et pr\u00e9sentations des formations et animations donn\u00e9es sur ce sujet !","eve_lieu":"","eve_date":"20210624","eve_date_fin":"20210624","eve_heure_de_debut":"08:00:00","eve_heure_de_fin":"08:00:00","eve_pour_aller_plus_loin":"","eve_animation":false,"glo_image":922,"glo_intro":"","glo_car_surcharge_titre":"","glo_car_surcharge_lien":""},"yoast_head":"<!-- This site is optimized with the Yoast SEO plugin v27.4 - https:\/\/yoast.com\/product\/yoast-seo-wordpress\/ -->\n<title>G\u00e9oGrandEst pr\u00e9sent au web-s\u00e9minaire &quot;Mesure de la consommation d\u2019espace un r\u00e9f\u00e9rentiel commun pour quels d\u00e9fis et enjeux de(s) territoire(s)&quot; - DataGrandEst<\/title>\n<meta name=\"robots\" content=\"index, follow, max-snippet:-1, max-image-preview:large, max-video-preview:-1\" \/>\n<link rel=\"canonical\" href=\"https:\/\/www.datagrandest.fr\/site\/evenement\/geograndest-present-au-web-seminaire-mesure-de-la-consommation-despace-un-referentiel-commun-pour-quels-defis-et-enjeux-des-territoires\/\" \/>\n<meta property=\"og:locale\" content=\"fr_FR\" \/>\n<meta property=\"og:type\" content=\"article\" \/>\n<meta property=\"og:title\" content=\"G\u00e9oGrandEst pr\u00e9sent au web-s\u00e9minaire &quot;Mesure de la consommation d\u2019espace un r\u00e9f\u00e9rentiel commun pour quels d\u00e9fis et enjeux de(s) territoire(s)&quot; - DataGrandEst\" \/>\n<meta property=\"og:url\" content=\"https:\/\/www.datagrandest.fr\/site\/evenement\/geograndest-present-au-web-seminaire-mesure-de-la-consommation-despace-un-referentiel-commun-pour-quels-defis-et-enjeux-des-territoires\/\" \/>\n<meta property=\"og:site_name\" content=\"DataGrandEst\" \/>\n<meta property=\"article:modified_time\" content=\"2026-03-30T09:37:20+00:00\" \/>\n<meta name=\"twitter:card\" content=\"summary_large_image\" \/>\n<meta name=\"twitter:label1\" content=\"Dur\u00e9e de lecture estim\u00e9e\" \/>\n\t<meta name=\"twitter:data1\" content=\"2 minutes\" \/>\n<script type=\"application\/ld+json\" class=\"yoast-schema-graph\">{\"@context\":\"https:\\\/\\\/schema.org\",\"@graph\":[{\"@type\":\"WebPage\",\"@id\":\"https:\\\/\\\/www.datagrandest.fr\\\/site\\\/evenement\\\/geograndest-present-au-web-seminaire-mesure-de-la-consommation-despace-un-referentiel-commun-pour-quels-defis-et-enjeux-des-territoires\\\/\",\"url\":\"https:\\\/\\\/www.datagrandest.fr\\\/site\\\/evenement\\\/geograndest-present-au-web-seminaire-mesure-de-la-consommation-despace-un-referentiel-commun-pour-quels-defis-et-enjeux-des-territoires\\\/\",\"name\":\"G\u00e9oGrandEst pr\u00e9sent au web-s\u00e9minaire \\\"Mesure de la consommation d\u2019espace un r\u00e9f\u00e9rentiel commun pour quels d\u00e9fis et enjeux de(s) territoire(s)\\\" - DataGrandEst\",\"isPartOf\":{\"@id\":\"https:\\\/\\\/www.datagrandest.fr\\\/site\\\/#website\"},\"datePublished\":\"2021-06-15T06:20:20+00:00\",\"dateModified\":\"2026-03-30T09:37:20+00:00\",\"breadcrumb\":{\"@id\":\"https:\\\/\\\/www.datagrandest.fr\\\/site\\\/evenement\\\/geograndest-present-au-web-seminaire-mesure-de-la-consommation-despace-un-referentiel-commun-pour-quels-defis-et-enjeux-des-territoires\\\/#breadcrumb\"},\"inLanguage\":\"fr-FR\",\"potentialAction\":[{\"@type\":\"ReadAction\",\"target\":[\"https:\\\/\\\/www.datagrandest.fr\\\/site\\\/evenement\\\/geograndest-present-au-web-seminaire-mesure-de-la-consommation-despace-un-referentiel-commun-pour-quels-defis-et-enjeux-des-territoires\\\/\"]}]},{\"@type\":\"BreadcrumbList\",\"@id\":\"https:\\\/\\\/www.datagrandest.fr\\\/site\\\/evenement\\\/geograndest-present-au-web-seminaire-mesure-de-la-consommation-despace-un-referentiel-commun-pour-quels-defis-et-enjeux-des-territoires\\\/#breadcrumb\",\"itemListElement\":[{\"@type\":\"ListItem\",\"position\":1,\"name\":\"Accueil\",\"item\":\"https:\\\/\\\/www.datagrandest.fr\\\/site\\\/\"},{\"@type\":\"ListItem\",\"position\":2,\"name\":\"\u00c9v\u00e9nements\",\"item\":\"https:\\\/\\\/www.datagrandest.fr\\\/site\\\/evenement\\\/\"},{\"@type\":\"ListItem\",\"position\":3,\"name\":\"G\u00e9oGrandEst pr\u00e9sent au web-s\u00e9minaire \u00ab\u00a0Mesure de la consommation d\u2019espace un r\u00e9f\u00e9rentiel commun pour quels d\u00e9fis et enjeux de(s) territoire(s)\u00a0\u00bb\"}]},{\"@type\":\"WebSite\",\"@id\":\"https:\\\/\\\/www.datagrandest.fr\\\/site\\\/#website\",\"url\":\"https:\\\/\\\/www.datagrandest.fr\\\/site\\\/\",\"name\":\"DataGrandEst\",\"description\":\"\",\"potentialAction\":[{\"@type\":\"SearchAction\",\"target\":{\"@type\":\"EntryPoint\",\"urlTemplate\":\"https:\\\/\\\/www.datagrandest.fr\\\/site\\\/?s={search_term_string}\"},\"query-input\":{\"@type\":\"PropertyValueSpecification\",\"valueRequired\":true,\"valueName\":\"search_term_string\"}}],\"inLanguage\":\"fr-FR\"}]}<\/script>\n<!-- \/ Yoast SEO plugin. -->","yoast_head_json":{"title":"G\u00e9oGrandEst pr\u00e9sent au web-s\u00e9minaire \"Mesure de la consommation d\u2019espace un r\u00e9f\u00e9rentiel commun pour quels d\u00e9fis et enjeux de(s) territoire(s)\" - DataGrandEst","robots":{"index":"index","follow":"follow","max-snippet":"max-snippet:-1","max-image-preview":"max-image-preview:large","max-video-preview":"max-video-preview:-1"},"canonical":"https:\/\/www.datagrandest.fr\/site\/evenement\/geograndest-present-au-web-seminaire-mesure-de-la-consommation-despace-un-referentiel-commun-pour-quels-defis-et-enjeux-des-territoires\/","og_locale":"fr_FR","og_type":"article","og_title":"G\u00e9oGrandEst pr\u00e9sent au web-s\u00e9minaire \"Mesure de la consommation d\u2019espace un r\u00e9f\u00e9rentiel commun pour quels d\u00e9fis et enjeux de(s) territoire(s)\" - DataGrandEst","og_url":"https:\/\/www.datagrandest.fr\/site\/evenement\/geograndest-present-au-web-seminaire-mesure-de-la-consommation-despace-un-referentiel-commun-pour-quels-defis-et-enjeux-des-territoires\/","og_site_name":"DataGrandEst","article_modified_time":"2026-03-30T09:37:20+00:00","twitter_card":"summary_large_image","twitter_misc":{"Dur\u00e9e de lecture estim\u00e9e":"2 minutes"},"schema":{"@context":"https:\/\/schema.org","@graph":[{"@type":"WebPage","@id":"https:\/\/www.datagrandest.fr\/site\/evenement\/geograndest-present-au-web-seminaire-mesure-de-la-consommation-despace-un-referentiel-commun-pour-quels-defis-et-enjeux-des-territoires\/","url":"https:\/\/www.datagrandest.fr\/site\/evenement\/geograndest-present-au-web-seminaire-mesure-de-la-consommation-despace-un-referentiel-commun-pour-quels-defis-et-enjeux-des-territoires\/","name":"G\u00e9oGrandEst pr\u00e9sent au web-s\u00e9minaire \"Mesure de la consommation d\u2019espace un r\u00e9f\u00e9rentiel commun pour quels d\u00e9fis et enjeux de(s) territoire(s)\" - DataGrandEst","isPartOf":{"@id":"https:\/\/www.datagrandest.fr\/site\/#website"},"datePublished":"2021-06-15T06:20:20+00:00","dateModified":"2026-03-30T09:37:20+00:00","breadcrumb":{"@id":"https:\/\/www.datagrandest.fr\/site\/evenement\/geograndest-present-au-web-seminaire-mesure-de-la-consommation-despace-un-referentiel-commun-pour-quels-defis-et-enjeux-des-territoires\/#breadcrumb"},"inLanguage":"fr-FR","potentialAction":[{"@type":"ReadAction","target":["https:\/\/www.datagrandest.fr\/site\/evenement\/geograndest-present-au-web-seminaire-mesure-de-la-consommation-despace-un-referentiel-commun-pour-quels-defis-et-enjeux-des-territoires\/"]}]},{"@type":"BreadcrumbList","@id":"https:\/\/www.datagrandest.fr\/site\/evenement\/geograndest-present-au-web-seminaire-mesure-de-la-consommation-despace-un-referentiel-commun-pour-quels-defis-et-enjeux-des-territoires\/#breadcrumb","itemListElement":[{"@type":"ListItem","position":1,"name":"Accueil","item":"https:\/\/www.datagrandest.fr\/site\/"},{"@type":"ListItem","position":2,"name":"\u00c9v\u00e9nements","item":"https:\/\/www.datagrandest.fr\/site\/evenement\/"},{"@type":"ListItem","position":3,"name":"G\u00e9oGrandEst pr\u00e9sent au web-s\u00e9minaire \u00ab\u00a0Mesure de la consommation d\u2019espace un r\u00e9f\u00e9rentiel commun pour quels d\u00e9fis et enjeux de(s) territoire(s)\u00a0\u00bb"}]},{"@type":"WebSite","@id":"https:\/\/www.datagrandest.fr\/site\/#website","url":"https:\/\/www.datagrandest.fr\/site\/","name":"DataGrandEst","description":"","potentialAction":[{"@type":"SearchAction","target":{"@type":"EntryPoint","urlTemplate":"https:\/\/www.datagrandest.fr\/site\/?s={search_term_string}"},"query-input":{"@type":"PropertyValueSpecification","valueRequired":true,"valueName":"search_term_string"}}],"inLanguage":"fr-FR"}]}},"_links":{"self":[{"href":"https:\/\/www.datagrandest.fr\/site\/wp-json\/wp\/v2\/evenement\/1600","targetHints":{"allow":["GET"]}}],"collection":[{"href":"https:\/\/www.datagrandest.fr\/site\/wp-json\/wp\/v2\/evenement"}],"about":[{"href":"https:\/\/www.datagrandest.fr\/site\/wp-json\/wp\/v2\/types\/evenement"}],"version-history":[{"count":2,"href":"https:\/\/www.datagrandest.fr\/site\/wp-json\/wp\/v2\/evenement\/1600\/revisions"}],"predecessor-version":[{"id":3920,"href":"https:\/\/www.datagrandest.fr\/site\/wp-json\/wp\/v2\/evenement\/1600\/revisions\/3920"}],"wp:attachment":[{"href":"https:\/\/www.datagrandest.fr\/site\/wp-json\/wp\/v2\/media?parent=1600"}],"wp:term":[{"taxonomy":"periode","embeddable":true,"href":"https:\/\/www.datagrandest.fr\/site\/wp-json\/wp\/v2\/periode?post=1600"},{"taxonomy":"source","embeddable":true,"href":"https:\/\/www.datagrandest.fr\/site\/wp-json\/wp\/v2\/source?post=1600"},{"taxonomy":"thematique_globale","embeddable":true,"href":"https:\/\/www.datagrandest.fr\/site\/wp-json\/wp\/v2\/thematique_globale?post=1600"},{"taxonomy":"type_evenement","embeddable":true,"href":"https:\/\/www.datagrandest.fr\/site\/wp-json\/wp\/v2\/type_evenement?post=1600"}],"curies":[{"name":"wp","href":"https:\/\/api.w.org\/{rel}","templated":true}]}}