{"id":1612,"date":"2021-05-18T04:04:29","date_gmt":"2021-05-18T02:04:29","guid":{"rendered":"https:\/\/dev.datagrandest.fr\/site\/evenement\/partage-des-methodes-et-objectifs-de-valorisation-des-donnees-doccupation-du-sol\/"},"modified":"2026-03-30T11:41:07","modified_gmt":"2026-03-30T09:41:07","slug":"partage-des-methodes-et-objectifs-de-valorisation-des-donnees-doccupation-du-sol","status":"publish","type":"evenement","link":"https:\/\/www.datagrandest.fr\/site\/evenement\/partage-des-methodes-et-objectifs-de-valorisation-des-donnees-doccupation-du-sol\/","title":{"rendered":"Partage des m\u00e9thodes et objectifs de valorisation des donn\u00e9es d\u2019occupation du sol"},"template":"","meta":{"_acf_changed":false,"_relevanssi_hide_post":"","_relevanssi_hide_content":"","_relevanssi_pin_for_all":"","_relevanssi_pin_keywords":"","_relevanssi_unpin_keywords":"","_relevanssi_related_keywords":"","_relevanssi_related_include_ids":"","_relevanssi_related_exclude_ids":"","_relevanssi_related_no_append":"","_relevanssi_related_not_related":"","_relevanssi_related_posts":"","_relevanssi_noindex_reason":""},"periode":[209],"source":[],"thematique_globale":[],"type_evenement":[145],"class_list":["post-1612","evenement","type-evenement","status-publish","hentry","periode-209","type_evenement-webinaire"],"acf":{"eve_description_courte":"","eve_description_longue":"<h2 class=\"rtecenter\"><a target=\"_blank\" rel=\"noopener\"><img style=\"width: 98%;\" src=\"\/site\/wp-content\/uploads\/2025\/11\/agenda_evenement_banniere.jpg\" alt=\"\" \/><\/a>PARTAGE DES METHODES ET OBJECTIFS DE VALORISATION DES DONNEES D'OCCUPATION DU SOL<\/h2>\r\n<h3>Date<\/h3>\r\nJeudi 27\u00a0mai de 14 \u00e0 16h\r\n<h3>Lieu de l'\u00e9v\u00e8nement<\/h3>\r\nCet \u00e9v\u00e9nement se pr\u00e9senter sous forme de webinaire et sera diffus\u00e9 via\u00a0l'application Teams\r\n<h3>Informations sur l'\u00e9v\u00e8nement<\/h3>\r\nCe groupe de travail\u00a0sera commun avec le groupe de travail\u00a0\"Observation Locale\" dans l\u2019objectif de partager les m\u00e9thodes et objectifs de valorisation des donn\u00e9es d\u2019occupation du sol.\r\n\r\nA l\u2019ordre du jour sera abord\u00e9 :\r\n<ul>\r\n \t<li>Les nouveaux services d\u2019exploitation de la BDOCS Grand Est pour l\u2019observation locale du foncier - DREAL, R\u00e9gion<\/li>\r\n \t<li>Identification et pr\u00e9sentation des emprises d\u2019activit\u00e9s \u00e0 partir de la BDOCS \u2013 DREAL, R\u00e9gion<\/li>\r\n \t<li>Exemples de potentiels d\u2019usages en milieu urbain et naturel de la BDOCS comme outil de r\u00e9f\u00e9rence<\/li>\r\n \t<li>Observation du foncier comme outil d\u2019animation d\u2019un SCoT \u2013 SCoT des Vosges Centrales<\/li>\r\n<\/ul>\r\n<h3>Rendez-vous manqu\u00e9<\/h3>\r\nConsultez la page \"<a href=\"https:\/\/www.datagrandest.fr\/site\/projet\/suivre-loccupation-du-sol-regional\/\">Occupation du sol \u00e0 Grand Echelle en r\u00e9gion Grand Est<\/a>\" de notre site pour d\u00e9couvrir toutes les vid\u00e9os, guides et pr\u00e9sentations des formations et animations donn\u00e9es sur ce sujet !","eve_lieu":"","eve_date":"20210527","eve_date_fin":"20210527","eve_heure_de_debut":"14:00:00","eve_heure_de_fin":"14:00:00","eve_pour_aller_plus_loin":"","eve_animation":false,"glo_image":929,"glo_intro":"","glo_car_surcharge_titre":"","glo_car_surcharge_lien":""},"yoast_head":"<!-- This site is optimized with the Yoast SEO plugin v27.4 - https:\/\/yoast.com\/product\/yoast-seo-wordpress\/ -->\n<title>Partage des m\u00e9thodes et objectifs de valorisation des donn\u00e9es d\u2019occupation du sol - DataGrandEst<\/title>\n<meta name=\"robots\" content=\"index, follow, max-snippet:-1, max-image-preview:large, max-video-preview:-1\" \/>\n<link rel=\"canonical\" href=\"https:\/\/www.datagrandest.fr\/site\/evenement\/partage-des-methodes-et-objectifs-de-valorisation-des-donnees-doccupation-du-sol\/\" \/>\n<meta property=\"og:locale\" content=\"fr_FR\" \/>\n<meta property=\"og:type\" content=\"article\" \/>\n<meta property=\"og:title\" content=\"Partage des m\u00e9thodes et objectifs de valorisation des donn\u00e9es d\u2019occupation du sol - DataGrandEst\" \/>\n<meta property=\"og:url\" content=\"https:\/\/www.datagrandest.fr\/site\/evenement\/partage-des-methodes-et-objectifs-de-valorisation-des-donnees-doccupation-du-sol\/\" \/>\n<meta property=\"og:site_name\" content=\"DataGrandEst\" \/>\n<meta property=\"article:modified_time\" content=\"2026-03-30T09:41:07+00:00\" \/>\n<meta name=\"twitter:card\" content=\"summary_large_image\" \/>\n<meta name=\"twitter:label1\" content=\"Dur\u00e9e de lecture estim\u00e9e\" \/>\n\t<meta name=\"twitter:data1\" content=\"2 minutes\" \/>\n<script type=\"application\/ld+json\" class=\"yoast-schema-graph\">{\"@context\":\"https:\\\/\\\/schema.org\",\"@graph\":[{\"@type\":\"WebPage\",\"@id\":\"https:\\\/\\\/www.datagrandest.fr\\\/site\\\/evenement\\\/partage-des-methodes-et-objectifs-de-valorisation-des-donnees-doccupation-du-sol\\\/\",\"url\":\"https:\\\/\\\/www.datagrandest.fr\\\/site\\\/evenement\\\/partage-des-methodes-et-objectifs-de-valorisation-des-donnees-doccupation-du-sol\\\/\",\"name\":\"Partage des m\u00e9thodes et objectifs de valorisation des donn\u00e9es d\u2019occupation du sol - DataGrandEst\",\"isPartOf\":{\"@id\":\"https:\\\/\\\/www.datagrandest.fr\\\/site\\\/#website\"},\"datePublished\":\"2021-05-18T02:04:29+00:00\",\"dateModified\":\"2026-03-30T09:41:07+00:00\",\"breadcrumb\":{\"@id\":\"https:\\\/\\\/www.datagrandest.fr\\\/site\\\/evenement\\\/partage-des-methodes-et-objectifs-de-valorisation-des-donnees-doccupation-du-sol\\\/#breadcrumb\"},\"inLanguage\":\"fr-FR\",\"potentialAction\":[{\"@type\":\"ReadAction\",\"target\":[\"https:\\\/\\\/www.datagrandest.fr\\\/site\\\/evenement\\\/partage-des-methodes-et-objectifs-de-valorisation-des-donnees-doccupation-du-sol\\\/\"]}]},{\"@type\":\"BreadcrumbList\",\"@id\":\"https:\\\/\\\/www.datagrandest.fr\\\/site\\\/evenement\\\/partage-des-methodes-et-objectifs-de-valorisation-des-donnees-doccupation-du-sol\\\/#breadcrumb\",\"itemListElement\":[{\"@type\":\"ListItem\",\"position\":1,\"name\":\"Accueil\",\"item\":\"https:\\\/\\\/www.datagrandest.fr\\\/site\\\/\"},{\"@type\":\"ListItem\",\"position\":2,\"name\":\"\u00c9v\u00e9nements\",\"item\":\"https:\\\/\\\/www.datagrandest.fr\\\/site\\\/evenement\\\/\"},{\"@type\":\"ListItem\",\"position\":3,\"name\":\"Partage des m\u00e9thodes et objectifs de valorisation des donn\u00e9es d\u2019occupation du sol\"}]},{\"@type\":\"WebSite\",\"@id\":\"https:\\\/\\\/www.datagrandest.fr\\\/site\\\/#website\",\"url\":\"https:\\\/\\\/www.datagrandest.fr\\\/site\\\/\",\"name\":\"DataGrandEst\",\"description\":\"\",\"potentialAction\":[{\"@type\":\"SearchAction\",\"target\":{\"@type\":\"EntryPoint\",\"urlTemplate\":\"https:\\\/\\\/www.datagrandest.fr\\\/site\\\/?s={search_term_string}\"},\"query-input\":{\"@type\":\"PropertyValueSpecification\",\"valueRequired\":true,\"valueName\":\"search_term_string\"}}],\"inLanguage\":\"fr-FR\"}]}<\/script>\n<!-- \/ Yoast SEO plugin. -->","yoast_head_json":{"title":"Partage des m\u00e9thodes et objectifs de valorisation des donn\u00e9es d\u2019occupation du sol - DataGrandEst","robots":{"index":"index","follow":"follow","max-snippet":"max-snippet:-1","max-image-preview":"max-image-preview:large","max-video-preview":"max-video-preview:-1"},"canonical":"https:\/\/www.datagrandest.fr\/site\/evenement\/partage-des-methodes-et-objectifs-de-valorisation-des-donnees-doccupation-du-sol\/","og_locale":"fr_FR","og_type":"article","og_title":"Partage des m\u00e9thodes et objectifs de valorisation des donn\u00e9es d\u2019occupation du sol - DataGrandEst","og_url":"https:\/\/www.datagrandest.fr\/site\/evenement\/partage-des-methodes-et-objectifs-de-valorisation-des-donnees-doccupation-du-sol\/","og_site_name":"DataGrandEst","article_modified_time":"2026-03-30T09:41:07+00:00","twitter_card":"summary_large_image","twitter_misc":{"Dur\u00e9e de lecture estim\u00e9e":"2 minutes"},"schema":{"@context":"https:\/\/schema.org","@graph":[{"@type":"WebPage","@id":"https:\/\/www.datagrandest.fr\/site\/evenement\/partage-des-methodes-et-objectifs-de-valorisation-des-donnees-doccupation-du-sol\/","url":"https:\/\/www.datagrandest.fr\/site\/evenement\/partage-des-methodes-et-objectifs-de-valorisation-des-donnees-doccupation-du-sol\/","name":"Partage des m\u00e9thodes et objectifs de valorisation des donn\u00e9es d\u2019occupation du sol - DataGrandEst","isPartOf":{"@id":"https:\/\/www.datagrandest.fr\/site\/#website"},"datePublished":"2021-05-18T02:04:29+00:00","dateModified":"2026-03-30T09:41:07+00:00","breadcrumb":{"@id":"https:\/\/www.datagrandest.fr\/site\/evenement\/partage-des-methodes-et-objectifs-de-valorisation-des-donnees-doccupation-du-sol\/#breadcrumb"},"inLanguage":"fr-FR","potentialAction":[{"@type":"ReadAction","target":["https:\/\/www.datagrandest.fr\/site\/evenement\/partage-des-methodes-et-objectifs-de-valorisation-des-donnees-doccupation-du-sol\/"]}]},{"@type":"BreadcrumbList","@id":"https:\/\/www.datagrandest.fr\/site\/evenement\/partage-des-methodes-et-objectifs-de-valorisation-des-donnees-doccupation-du-sol\/#breadcrumb","itemListElement":[{"@type":"ListItem","position":1,"name":"Accueil","item":"https:\/\/www.datagrandest.fr\/site\/"},{"@type":"ListItem","position":2,"name":"\u00c9v\u00e9nements","item":"https:\/\/www.datagrandest.fr\/site\/evenement\/"},{"@type":"ListItem","position":3,"name":"Partage des m\u00e9thodes et objectifs de valorisation des donn\u00e9es d\u2019occupation du sol"}]},{"@type":"WebSite","@id":"https:\/\/www.datagrandest.fr\/site\/#website","url":"https:\/\/www.datagrandest.fr\/site\/","name":"DataGrandEst","description":"","potentialAction":[{"@type":"SearchAction","target":{"@type":"EntryPoint","urlTemplate":"https:\/\/www.datagrandest.fr\/site\/?s={search_term_string}"},"query-input":{"@type":"PropertyValueSpecification","valueRequired":true,"valueName":"search_term_string"}}],"inLanguage":"fr-FR"}]}},"_links":{"self":[{"href":"https:\/\/www.datagrandest.fr\/site\/wp-json\/wp\/v2\/evenement\/1612","targetHints":{"allow":["GET"]}}],"collection":[{"href":"https:\/\/www.datagrandest.fr\/site\/wp-json\/wp\/v2\/evenement"}],"about":[{"href":"https:\/\/www.datagrandest.fr\/site\/wp-json\/wp\/v2\/types\/evenement"}],"version-history":[{"count":2,"href":"https:\/\/www.datagrandest.fr\/site\/wp-json\/wp\/v2\/evenement\/1612\/revisions"}],"predecessor-version":[{"id":3914,"href":"https:\/\/www.datagrandest.fr\/site\/wp-json\/wp\/v2\/evenement\/1612\/revisions\/3914"}],"wp:attachment":[{"href":"https:\/\/www.datagrandest.fr\/site\/wp-json\/wp\/v2\/media?parent=1612"}],"wp:term":[{"taxonomy":"periode","embeddable":true,"href":"https:\/\/www.datagrandest.fr\/site\/wp-json\/wp\/v2\/periode?post=1612"},{"taxonomy":"source","embeddable":true,"href":"https:\/\/www.datagrandest.fr\/site\/wp-json\/wp\/v2\/source?post=1612"},{"taxonomy":"thematique_globale","embeddable":true,"href":"https:\/\/www.datagrandest.fr\/site\/wp-json\/wp\/v2\/thematique_globale?post=1612"},{"taxonomy":"type_evenement","embeddable":true,"href":"https:\/\/www.datagrandest.fr\/site\/wp-json\/wp\/v2\/type_evenement?post=1612"}],"curies":[{"name":"wp","href":"https:\/\/api.w.org\/{rel}","templated":true}]}}