{"id":2474,"date":"2025-11-19T16:54:52","date_gmt":"2025-11-19T15:54:52","guid":{"rendered":"https:\/\/www.datagrandest.fr\/site\/?post_type=evenement&#038;p=2474"},"modified":"2026-03-23T17:39:25","modified_gmt":"2026-03-23T16:39:25","slug":"decouvrez-les-chiffres-cles-et-les-tendances-en-grand-est-proposees-par-linsee","status":"publish","type":"evenement","link":"https:\/\/www.datagrandest.fr\/site\/evenement\/decouvrez-les-chiffres-cles-et-les-tendances-en-grand-est-proposees-par-linsee\/","title":{"rendered":"INSEE &#8211; Acc\u00e9der aux services : quels enjeux pour les territoires et les habitants ?"},"template":"","meta":{"_acf_changed":false,"_relevanssi_hide_post":"","_relevanssi_hide_content":"","_relevanssi_pin_for_all":"","_relevanssi_pin_keywords":"","_relevanssi_unpin_keywords":"","_relevanssi_related_keywords":"","_relevanssi_related_include_ids":"","_relevanssi_related_exclude_ids":"","_relevanssi_related_no_append":"","_relevanssi_related_not_related":"","_relevanssi_related_posts":"","_relevanssi_noindex_reason":""},"periode":[214],"source":[],"thematique_globale":[],"type_evenement":[145],"class_list":["post-2474","evenement","type-evenement","status-publish","hentry","periode-214","type_evenement-webinaire"],"acf":{"eve_description_courte":"Les chiffres cl\u00e9s et les tendances en Grand Est propos\u00e9es par l\u2019INSEE","eve_description_longue":"<em>Rendez-vous d\u00e9sormais incontournable, ce webinaire sp\u00e9cial de 1h30 coorganis\u00e9 avec les \u00ab Caf\u00e9s de la data \u00bb de la R\u00e9gion Grand Est a permis de d\u00e9couvrir les derni\u00e8res \u00e9tudes et actualit\u00e9s de l'INSEE.<\/em>\r\n\r\nEn Grand Est, <strong>l\u2019acc\u00e8s aux services est un levier cl\u00e9 de l\u2019attractivit\u00e9 des territoires<\/strong> et du bien-\u00eatre des habitants.\r\nQuelles options et quels choix de formation pour les bacheliers du Grand Est ? Quelle est la r\u00e9alit\u00e9 de la couverture num\u00e9rique dans la r\u00e9gion ? Comment se structure l\u2019offre de soins, et quels sont les d\u00e9fis pour l\u2019acc\u00e8s aux m\u00e9decins g\u00e9n\u00e9ralistes ?\r\n\r\nAu cours de ce webinaire, organis\u00e9 dans le cadre de la d\u00e9marche partenariale DataGrandEst, <strong>l\u2019Insee nous a invit\u00e9 \u00e0 d\u00e9couvrir les r\u00e9sultats de quatre \u00e9tudes publi\u00e9es en 2025.<\/strong> \u00c0 travers des donn\u00e9es chiffr\u00e9es et des analyses territorialis\u00e9es, cet \u00e9v\u00e9nement a \u00e9t\u00e9 l\u2019occasion d\u2019\u00e9changer sur les disparit\u00e9s territoriales d\u2019acc\u00e8s aux services essentiels, illustr\u00e9es par les exemples de l\u2019acc\u00e8s aux formations sup\u00e9rieures, aux professionnels de sant\u00e9 et aux infrastructures num\u00e9riques.\r\n\r\nQue vous soyez \u00e9lu local, acteur socio-\u00e9conomique ou citoyen, d\u00e9couvrez ci-dessous le travail d'experts sur des enjeux concrets et des dynamiques qui fa\u00e7onnent le quotidien des habitants de la r\u00e9gion.\r\n\r\n&nbsp;\r\n<h3>Programme<\/h3>\r\n<strong>L'offre de soins en Grand Est :<\/strong>\r\n<ul>\r\n \t<li>Dans le Grand Est, un quart des habitants des espaces ruraux sont \u00e9loign\u00e9s d\u2019un professionnel de sant\u00e9 - Perrine Kauffmann\r\nLien vers l'\u00e9tude : <a href=\"https:\/\/www.insee.fr\/fr\/statistiques\/8638904\">Insee Analyses Grand Est n\u00b0199, septembre 2025<\/a><\/li>\r\n \t<li>Dans le Grand Est, des g\u00e9n\u00e9ralistes proches des habitants, mais peu disponibles et de plus en plus \u00e2g\u00e9s - Sylvain Juliachs\r\nLien vers l'\u00e9tude :\u00a0<a href=\"https:\/\/www.insee.fr\/fr\/statistiques\/8640423\">Insee Analyses Grand Est n\u00b0200, septembre 2025<\/a><\/li>\r\n<\/ul>\r\n<p style=\"text-align: left;\"><em><a class=\"btn btn-orange\" href=\"https:\/\/www.datagrandest.fr\/site\/wp-content\/uploads\/2025\/11\/cafe-de-la-data1-offre-de-soins.pdf\" target=\"_blank\" rel=\"noopener\">Support de pr\u00e9sentation<\/a>\r\n<\/em><\/p>\r\n&nbsp;\r\n\r\n<strong>Autres \u00e9tudes incontournables :<\/strong>\r\n<ul>\r\n \t<li style=\"text-align: left;\">Acc\u00e8s au tr\u00e8s haut d\u00e9bit dans le Grand Est : une fracture qui se r\u00e9sorbe - Baptiste Descamps\r\nLien vers l'\u00e9tude : <a href=\"https:\/\/www.insee.fr\/fr\/statistiques\/8650854\">Insee Analyses Grand Est n\u00b0202, octobre 2025<\/a><\/li>\r\n<\/ul>\r\n<p style=\"text-align: left;\"><em><em><a class=\"btn btn-orange\" href=\"https:\/\/www.datagrandest.fr\/site\/wp-content\/uploads\/2025\/11\/cafe-de-la-data2-acces-haut-debit.pdf\" target=\"_blank\" rel=\"noopener\">Support de pr\u00e9sentation<\/a><\/em><\/em><\/p>\r\n\r\n<ul>\r\n \t<li>Dans le Grand Est, un bachelier sur cinq demande une formation dans l\u2019enseignement sup\u00e9rieur en dehors de la r\u00e9gion - Julia Hedoux\r\nLien vers l'\u00e9tude : <a href=\"https:\/\/www.insee.fr\/fr\/statistiques\/8728656\">Insee Analyses Grand Est n\u00b0209, janvier 2026<\/a><\/li>\r\n<\/ul>\r\n<p style=\"text-align: left;\"><em><a class=\"btn btn-orange\" href=\"https:\/\/www.datagrandest.fr\/site\/wp-content\/uploads\/2025\/11\/cafe-de-la-data3-formation.pdf\" target=\"_blank\" rel=\"noopener\">Support de pr\u00e9sentation<\/a><\/em><\/p>\r\n&nbsp;\r\n<h3>Replay de l'\u00e9v\u00e9nement<\/h3>\r\n[embed width=\"600\"]https:\/\/www.youtube.com\/watch?v=GypoRn6XEnc[\/embed]\r\n\r\n<a class=\"btn btn-yellow\" href=\"https:\/\/www.datagrandest.fr\/public\/webinar\/webinar_20260205\/DGE_Webinaire_20260205_INSEE_compress.mp4\" target=\"_blank\" rel=\"noopener\">Lien direct vers la vid\u00e9o (mp4)<\/a>\r\n\r\n&nbsp;\r\n<h3>FAQ<\/h3>\r\n<h4>Pourquoi datagrandest ne publie-t-il pas ses webinaires sur la plateforme, fran\u00e7aise, dailymotion ?<\/h4>\r\nBonjour, le choix historique a \u00e9t\u00e9 fait de publier sur Youtube.\r\nLes webinaires sont en libre t\u00e9l\u00e9chargement sur le site DataGrandEst. Nh\u00e9sitez pas \u00e0 republier les replays sur DailyMotion. Nous pouvons cr\u00e9er une page d\u00e9di\u00e9e \u00e0 DataGrandEst et vous donner les droits de gestion si vous le souhaitez.\r\n<h4>Pourra-t-on avoir le diaporama ?<\/h4>\r\nBonjour, oui l'ensemble des supports seront publi\u00e9s sur la page de l'\u00e9v\u00e9nement sur le site DataGrandEst, tout comme le replay. Nous mettrons \u00e9galement le lien vers les \u00e9tudes publi\u00e9es sur le site de l'INSEE.\r\n<h4>Pour les temps de trajet et d'acc\u00e8s \u00e0 un professionnel de sant\u00e9 comprend-t-il les offres transfrontali\u00e8res (Belgique, Lux, Allemagne ou Suisse)?<\/h4>\r\nNon nous avons utilis\u00e9 uniquement des sources fran\u00e7aises.\r\n<h4>Est-ce que vous avez la liste de ces 33 communes concern\u00e9es (sous-dot\u00e9es toutes professions) ?<\/h4>\r\nLes donn\u00e9es \u00e0 la commune sont dans l\u2019onglet \u00ab\u00a0figure 4\u00a0\u00bb\u00a0: https:\/\/www.insee.fr\/fr\/statistiques\/8638904\r\n<h4>les donn\u00e9es sont-elles accessibles \u00e0 l'\u00e9chelle de l'EPCI sur le site de l'INSEE? R\u00e9cup\u00e9rables via Melodi? Sinon, est-il possible de donner le lien?<\/h4>\r\nBonjour, vous retrouverez l'\u00e9tude pr\u00e9sent\u00e9e et les donn\u00e9es correspondantes en ligne : https:\/\/www.insee.fr\/fr\/statistiques\/8638904\r\n<h4>Question de Vincent Leridez (chat)\r\nBonjour, comment cette m\u00e9thode de l'indicateur APL s'articule-t-il avec les r\u00e9f\u00e9rences (zones sous-denses, ZAC, ZIP) de l'ARS ou de la CPAM ?<\/h4>\r\nL\u2019APL fait partie des indicateurs utilis\u00e9s par les ARS\u00a0: https:\/\/sante.gouv.fr\/professionnels\/se-former-s-installer-exercer\/les-zones-sous-denses-en-offre-de-soins\/zonage-medecin\r\n<h4>Vieillissement : sur la carte, l'arrondissement de Bar sur Aube dans l'Aube n'apparait pas renseign\u00e9. d\u00e9faut de donn\u00e9es ?<\/h4>\r\nNon c\u2019est qu\u2019il est colori\u00e9 dans la couleur la plus claire de la l\u00e9gende.\r\n<h4>Dans les d\u00e9partements frontaliers du Luxembourg, et compte tenu des r\u00e8gles de la S\u00e9curit\u00e9 Sociale fran\u00e7aise, des patients fran\u00e7ais peuvent-ils consulter des m\u00e9decins au Luxembourg, et esp\u00e9rer se faire rembourser ?<\/h4>\r\nLes travailleurs frontaliers ou leur famille affili\u00e9s \u00e0 la s\u00e9curit\u00e9 sociale luxembourgeoise peuvent consulter au Luxembourg mais ce recours aux soins reste assez limit\u00e9\u00a0: https:\/\/igss.gouvernement.lu\/fr\/publications\/apercus-et-cahiers\/apercus\/apercu28.html. Pour les personnes non affili\u00e9es \u00e0 la S\u00e9curit\u00e9 Sociale Luxembourgeoise nous n\u2019avons pas de donn\u00e9es.\r\n<h4>Bonjour, dans vos chiffres est ce que vous tenez compte de la r\u00e9forme des \u00e9tudes de sant\u00e9? En effet, il y a une ann\u00e9e de plus pour devenir m\u00e9decin g\u00e9n\u00e9raliste, donc aucun m\u00e9decin g\u00e9n\u00e9raliste de sortira de la fac en septembre 2026 soit pr\u00e8s de 3800 g\u00e9neralistes.<\/h4>\r\nnous avons pris comme champ uniquement les m\u00e9decins en activit\u00e9 ayant ouvert leur cabinet.\r\n<h4>Sait-on s'il y a une diff\u00e9rence entre professionnels et particuliers ? A-t-on les donn\u00e9es pour \u00e9tudier ce type de distinction ?<\/h4>\r\nNon\u00a0: les donn\u00e9es de l\u2019Arcep ne permettent pas de distinguer les logements des locaux \u00e0 usage professionnels.\r\n<h4>Est-ce que l'\u00e9tude concerne tous types de locaux confondus (particuliers, professionnels, etc.) ?<\/h4>\r\nIdem\r\n<h4>Au del\u00e0 de la couverture, quelles statistiques d'usage<\/h4>\r\nL\u2019\u00e9tude pr\u00e9sent\u00e9e vise \u00e0 mesurer le d\u00e9ploiement des infrastructure num\u00e9riques, en lien avec des politiques publiques comme le Plan France Tr\u00e8s Haut D\u00e9bit ou le New Deal Mobile. Ces politiques visent \u00e0 donner acc\u00e8s \u00e0 la population \u00e0 une couverture num\u00e9rique de bon niveau. Chacun est ensuite libre d\u2019utiliser ou non les infrastructures d\u00e9ploy\u00e9es. D\u2019autres indicateurs, notamment d\u2019usage sont disponibles sur le site de l\u2019Arcep\r\n<h4>Pour faire le lien entre l'offre de soins et la possibilit\u00e9 de t\u00e9l\u00e9services de m\u00e9decine, avez-vous envisag\u00e9 de croiser les 2 services num\u00e9riques \/ possibilit\u00e9 de t\u00e9l\u00e9m\u00e9decine ?<\/h4>\r\nCette probl\u00e9matique n\u2019a pas \u00e9t\u00e9 abord\u00e9e sp\u00e9cifiquement. La t\u00e9l\u00e9m\u00e9decine, les d\u00e9marches administratives ou le t\u00e9l\u00e9travail sont autant d\u2019exemples qui montrent l\u2019importance d\u2019un bon acc\u00e8s aux infrastructures num\u00e9riques.\r\n<h4>Pourquoi ne pas avoir utilis\u00e9 le revenu plut\u00f4t que l'origine sociale pour caract\u00e9riser le caract\u00e8re \"favoris\u00e9\" des familles d'origine des bacheliers ? Est-ce que cela aurait chang\u00e9 sensiblement les r\u00e9sultats ?<\/h4>\r\nLa source Parcoursup ne permet pas de conna\u00eetre les revenus des familles mais on peut conna\u00eetre leur profession. En utilisant l\u2019origine sociale, cela permet d\u2019ins\u00e9rer dans la cat\u00e9gorie \u00ab\u00a0Tr\u00e8s favoris\u00e9e\u00a0\u00bb les enfants de professeurs et d\u2019instituteurs, souvent plus inform\u00e9s et soutenus dans leur parcours scolaire. L\u2019origine sociale est cependant souvent li\u00e9 aux revenus.\r\n<h4>A-t-on des chiffres sur les formations post-bac transfrontali\u00e8res ? Si oui, quelle est la part des bacheliers qui \"sortent de France\" pour la suite de leurs \u00e9tudes ?<\/h4>\r\nLa source Parcoursup ne permet pas d\u2019\u00e9tudier cela car elle ne concerne que les \u00e9l\u00e8ves \u00e9tudiant en France.\r\n<h4>A-t-on une id\u00e9e de la mani\u00e8re dont on fixe les \u00e9tudiants dans le Grand Est en sortie d'\u00e9tude ?\r\nCe que Marie-Christine veut savoir (elle me corrigera sinon) c'est si les bacheliers hors Grand Est qui arrivent dans le Grand Est pour leurs \u00e9tudes sups y restent pour entrer sur le march\u00e9 du travail ?<\/h4>\r\nLa source Parcoursup ne permet pas d\u2019\u00e9tudier cela car elle ne concerne que les \u00e9l\u00e8ves sortis du bac.\r\n<h4>Oui et est-ce que ceux qui partent hors r\u00e9gion reviennent apr\u00e8s ?<\/h4>\r\nLa source Parcoursup ne permet pas d\u2019\u00e9tudier cela car elle ne concerne que les \u00e9l\u00e8ves sortis du bac.\r\n<h4>Concernant l\u2019offre de soins, des donn\u00e9es sont-elles disponibles \u00e0 l\u2019\u00e9chelle des EPCI ?<\/h4>\r\nIl est possible de faire les calculs (moyenne pond\u00e9r\u00e9e) \u00e0 partir des donn\u00e9es de la Drees. Le lien est\u00a0: https:\/\/data.drees.solidarites-sante.gouv.fr\/explore\/dataset\/530_l-accessibilite-potentielle-localisee-apl\/information\/","eve_lieu":"Webinaire (LiveStorm)","eve_date":"20260205","eve_date_fin":"20260205","eve_heure_de_debut":"10:30:00","eve_heure_de_fin":"12:00:00","eve_pour_aller_plus_loin":"","eve_animation":true,"glo_image":2472,"glo_intro":"","glo_car_surcharge_titre":"","glo_car_surcharge_lien":""},"yoast_head":"<!-- This site is optimized with the Yoast SEO plugin v27.4 - https:\/\/yoast.com\/product\/yoast-seo-wordpress\/ -->\n<title>INSEE - Acc\u00e9der aux services : quels enjeux pour les territoires et les habitants ? - DataGrandEst<\/title>\n<meta name=\"robots\" content=\"index, follow, max-snippet:-1, max-image-preview:large, max-video-preview:-1\" \/>\n<link rel=\"canonical\" href=\"https:\/\/www.datagrandest.fr\/site\/evenement\/decouvrez-les-chiffres-cles-et-les-tendances-en-grand-est-proposees-par-linsee\/\" \/>\n<meta property=\"og:locale\" content=\"fr_FR\" \/>\n<meta property=\"og:type\" content=\"article\" \/>\n<meta property=\"og:title\" content=\"INSEE - Acc\u00e9der aux services : quels enjeux pour les territoires et les habitants ? - DataGrandEst\" \/>\n<meta property=\"og:url\" content=\"https:\/\/www.datagrandest.fr\/site\/evenement\/decouvrez-les-chiffres-cles-et-les-tendances-en-grand-est-proposees-par-linsee\/\" \/>\n<meta property=\"og:site_name\" content=\"DataGrandEst\" \/>\n<meta property=\"article:modified_time\" content=\"2026-03-23T16:39:25+00:00\" \/>\n<meta name=\"twitter:card\" content=\"summary_large_image\" \/>\n<meta name=\"twitter:label1\" content=\"Dur\u00e9e de lecture estim\u00e9e\" \/>\n\t<meta name=\"twitter:data1\" content=\"7 minutes\" \/>\n<script type=\"application\/ld+json\" class=\"yoast-schema-graph\">{\"@context\":\"https:\\\/\\\/schema.org\",\"@graph\":[{\"@type\":\"WebPage\",\"@id\":\"https:\\\/\\\/www.datagrandest.fr\\\/site\\\/evenement\\\/decouvrez-les-chiffres-cles-et-les-tendances-en-grand-est-proposees-par-linsee\\\/\",\"url\":\"https:\\\/\\\/www.datagrandest.fr\\\/site\\\/evenement\\\/decouvrez-les-chiffres-cles-et-les-tendances-en-grand-est-proposees-par-linsee\\\/\",\"name\":\"INSEE - Acc\u00e9der aux services : quels enjeux pour les territoires et les habitants ? - DataGrandEst\",\"isPartOf\":{\"@id\":\"https:\\\/\\\/www.datagrandest.fr\\\/site\\\/#website\"},\"datePublished\":\"2025-11-19T15:54:52+00:00\",\"dateModified\":\"2026-03-23T16:39:25+00:00\",\"breadcrumb\":{\"@id\":\"https:\\\/\\\/www.datagrandest.fr\\\/site\\\/evenement\\\/decouvrez-les-chiffres-cles-et-les-tendances-en-grand-est-proposees-par-linsee\\\/#breadcrumb\"},\"inLanguage\":\"fr-FR\",\"potentialAction\":[{\"@type\":\"ReadAction\",\"target\":[\"https:\\\/\\\/www.datagrandest.fr\\\/site\\\/evenement\\\/decouvrez-les-chiffres-cles-et-les-tendances-en-grand-est-proposees-par-linsee\\\/\"]}]},{\"@type\":\"BreadcrumbList\",\"@id\":\"https:\\\/\\\/www.datagrandest.fr\\\/site\\\/evenement\\\/decouvrez-les-chiffres-cles-et-les-tendances-en-grand-est-proposees-par-linsee\\\/#breadcrumb\",\"itemListElement\":[{\"@type\":\"ListItem\",\"position\":1,\"name\":\"Accueil\",\"item\":\"https:\\\/\\\/www.datagrandest.fr\\\/site\\\/\"},{\"@type\":\"ListItem\",\"position\":2,\"name\":\"\u00c9v\u00e9nements\",\"item\":\"https:\\\/\\\/www.datagrandest.fr\\\/site\\\/evenement\\\/\"},{\"@type\":\"ListItem\",\"position\":3,\"name\":\"INSEE &#8211; Acc\u00e9der aux services : quels enjeux pour les territoires et les habitants ?\"}]},{\"@type\":\"WebSite\",\"@id\":\"https:\\\/\\\/www.datagrandest.fr\\\/site\\\/#website\",\"url\":\"https:\\\/\\\/www.datagrandest.fr\\\/site\\\/\",\"name\":\"DataGrandEst\",\"description\":\"\",\"potentialAction\":[{\"@type\":\"SearchAction\",\"target\":{\"@type\":\"EntryPoint\",\"urlTemplate\":\"https:\\\/\\\/www.datagrandest.fr\\\/site\\\/?s={search_term_string}\"},\"query-input\":{\"@type\":\"PropertyValueSpecification\",\"valueRequired\":true,\"valueName\":\"search_term_string\"}}],\"inLanguage\":\"fr-FR\"}]}<\/script>\n<!-- \/ Yoast SEO plugin. -->","yoast_head_json":{"title":"INSEE - Acc\u00e9der aux services : quels enjeux pour les territoires et les habitants ? - DataGrandEst","robots":{"index":"index","follow":"follow","max-snippet":"max-snippet:-1","max-image-preview":"max-image-preview:large","max-video-preview":"max-video-preview:-1"},"canonical":"https:\/\/www.datagrandest.fr\/site\/evenement\/decouvrez-les-chiffres-cles-et-les-tendances-en-grand-est-proposees-par-linsee\/","og_locale":"fr_FR","og_type":"article","og_title":"INSEE - Acc\u00e9der aux services : quels enjeux pour les territoires et les habitants ? - DataGrandEst","og_url":"https:\/\/www.datagrandest.fr\/site\/evenement\/decouvrez-les-chiffres-cles-et-les-tendances-en-grand-est-proposees-par-linsee\/","og_site_name":"DataGrandEst","article_modified_time":"2026-03-23T16:39:25+00:00","twitter_card":"summary_large_image","twitter_misc":{"Dur\u00e9e de lecture estim\u00e9e":"7 minutes"},"schema":{"@context":"https:\/\/schema.org","@graph":[{"@type":"WebPage","@id":"https:\/\/www.datagrandest.fr\/site\/evenement\/decouvrez-les-chiffres-cles-et-les-tendances-en-grand-est-proposees-par-linsee\/","url":"https:\/\/www.datagrandest.fr\/site\/evenement\/decouvrez-les-chiffres-cles-et-les-tendances-en-grand-est-proposees-par-linsee\/","name":"INSEE - Acc\u00e9der aux services : quels enjeux pour les territoires et les habitants ? - DataGrandEst","isPartOf":{"@id":"https:\/\/www.datagrandest.fr\/site\/#website"},"datePublished":"2025-11-19T15:54:52+00:00","dateModified":"2026-03-23T16:39:25+00:00","breadcrumb":{"@id":"https:\/\/www.datagrandest.fr\/site\/evenement\/decouvrez-les-chiffres-cles-et-les-tendances-en-grand-est-proposees-par-linsee\/#breadcrumb"},"inLanguage":"fr-FR","potentialAction":[{"@type":"ReadAction","target":["https:\/\/www.datagrandest.fr\/site\/evenement\/decouvrez-les-chiffres-cles-et-les-tendances-en-grand-est-proposees-par-linsee\/"]}]},{"@type":"BreadcrumbList","@id":"https:\/\/www.datagrandest.fr\/site\/evenement\/decouvrez-les-chiffres-cles-et-les-tendances-en-grand-est-proposees-par-linsee\/#breadcrumb","itemListElement":[{"@type":"ListItem","position":1,"name":"Accueil","item":"https:\/\/www.datagrandest.fr\/site\/"},{"@type":"ListItem","position":2,"name":"\u00c9v\u00e9nements","item":"https:\/\/www.datagrandest.fr\/site\/evenement\/"},{"@type":"ListItem","position":3,"name":"INSEE &#8211; Acc\u00e9der aux services : quels enjeux pour les territoires et les habitants ?"}]},{"@type":"WebSite","@id":"https:\/\/www.datagrandest.fr\/site\/#website","url":"https:\/\/www.datagrandest.fr\/site\/","name":"DataGrandEst","description":"","potentialAction":[{"@type":"SearchAction","target":{"@type":"EntryPoint","urlTemplate":"https:\/\/www.datagrandest.fr\/site\/?s={search_term_string}"},"query-input":{"@type":"PropertyValueSpecification","valueRequired":true,"valueName":"search_term_string"}}],"inLanguage":"fr-FR"}]}},"_links":{"self":[{"href":"https:\/\/www.datagrandest.fr\/site\/wp-json\/wp\/v2\/evenement\/2474","targetHints":{"allow":["GET"]}}],"collection":[{"href":"https:\/\/www.datagrandest.fr\/site\/wp-json\/wp\/v2\/evenement"}],"about":[{"href":"https:\/\/www.datagrandest.fr\/site\/wp-json\/wp\/v2\/types\/evenement"}],"version-history":[{"count":11,"href":"https:\/\/www.datagrandest.fr\/site\/wp-json\/wp\/v2\/evenement\/2474\/revisions"}],"predecessor-version":[{"id":5200,"href":"https:\/\/www.datagrandest.fr\/site\/wp-json\/wp\/v2\/evenement\/2474\/revisions\/5200"}],"wp:attachment":[{"href":"https:\/\/www.datagrandest.fr\/site\/wp-json\/wp\/v2\/media?parent=2474"}],"wp:term":[{"taxonomy":"periode","embeddable":true,"href":"https:\/\/www.datagrandest.fr\/site\/wp-json\/wp\/v2\/periode?post=2474"},{"taxonomy":"source","embeddable":true,"href":"https:\/\/www.datagrandest.fr\/site\/wp-json\/wp\/v2\/source?post=2474"},{"taxonomy":"thematique_globale","embeddable":true,"href":"https:\/\/www.datagrandest.fr\/site\/wp-json\/wp\/v2\/thematique_globale?post=2474"},{"taxonomy":"type_evenement","embeddable":true,"href":"https:\/\/www.datagrandest.fr\/site\/wp-json\/wp\/v2\/type_evenement?post=2474"}],"curies":[{"name":"wp","href":"https:\/\/api.w.org\/{rel}","templated":true}]}}