{"id":3523,"date":"2026-01-11T06:22:35","date_gmt":"2026-01-11T05:22:35","guid":{"rendered":"https:\/\/www.datagrandest.fr\/site\/?post_type=evenement&#038;p=3523"},"modified":"2026-03-30T09:42:54","modified_gmt":"2026-03-30T07:42:54","slug":"soutien-financier-a-lacquisition-production-et-partage-de-donnees","status":"publish","type":"evenement","link":"https:\/\/www.datagrandest.fr\/site\/evenement\/soutien-financier-a-lacquisition-production-et-partage-de-donnees\/","title":{"rendered":"Soutien financier \u00e0 l\u2019acquisition, production et partage de donn\u00e9es"},"template":"","meta":{"_acf_changed":false,"_relevanssi_hide_post":"","_relevanssi_hide_content":"","_relevanssi_pin_for_all":"","_relevanssi_pin_keywords":"","_relevanssi_unpin_keywords":"","_relevanssi_related_keywords":"","_relevanssi_related_include_ids":"","_relevanssi_related_exclude_ids":"","_relevanssi_related_no_append":"","_relevanssi_related_not_related":"","_relevanssi_related_posts":"","_relevanssi_noindex_reason":""},"periode":[210],"source":[],"thematique_globale":[],"type_evenement":[145],"class_list":["post-3523","evenement","type-evenement","status-publish","hentry","periode-210","type_evenement-webinaire"],"acf":{"eve_description_courte":"Le 11 Avril 2022","eve_description_longue":"Ce webinaire explique la strat\u00e9gie de DataGrandEst pour dynamiser la production de donn\u00e9es gr\u00e2ce au soutien financier FEDER, ainsi que les crit\u00e8res d'\u00e9ligibilit\u00e9 des projets et la proc\u00e9dure pour soumettre vos dossiers.\r\n\r\nIntervenants\r\n<ul>\r\n \t<li>Antoine Richard (R\u00e9gion Grand Est)<\/li>\r\n \t<li>Guillaume Ryckelynck (R\u00e9gion Grand Est)<\/li>\r\n \t<li>Marie Chanal (R\u00e9gion Grand Est)<\/li>\r\n \t<li>Thomas Carbon et Marc Schneider (F\u00e9d\u00e9ration D\u00e9partementale Energies des Ardennes)<\/li>\r\n \t<li>Jean-Yves Lacaugiraud\u00a0(Syndicat Intercommunal d'Energies de la Marne)<\/li>\r\n<\/ul>\r\n&nbsp;\r\n\r\n<u>A noter\u00a0<\/u>: les pr\u00e9sentations ci-dessous sont diffus\u00e9es \u00e0 partir de la cha\u00eene\u00a0<strong>YouTube G\u00e9oGrandEst.<\/strong>\u00a0Si vous rencontrez des difficult\u00e9s pour les visionner, nous vous invitons \u00e0 utiliser les liens mentionn\u00e9s dans la rubrique \"Document (lien) plus bas sur cette page\"\r\n\r\n&nbsp;","eve_lieu":"","eve_date":"20210108","eve_date_fin":"20210108","eve_heure_de_debut":"","eve_heure_de_fin":"","eve_pour_aller_plus_loin":"<h3>Regarder le webinaire complet<\/h3>\r\n<a href=\"https:\/\/www.youtube.com\/embed\/qVuojHDwbmA?rel=0\">Vid\u00e9o<\/a>\r\n<h3>Ou choisir une vid\u00e9o selon l'intervention<\/h3>\r\nPr\u00e9sentation et proc\u00e9dure du dispositif d\u2019aide au financement de donn\u00e9es\r\n<strong>Antoine Richard (R\u00e9gion Grand Est)<\/strong>\r\n\r\n<a href=\"https:\/\/www.youtube.com\/embed\/R43ocLGA44Y?rel=0\">Vid\u00e9o<\/a>\r\n\r\nExemple de sollicitation du fond FEDER par le SIEM51 pour la r\u00e9alisation d'un PCRS d\u00e9partemental\r\n<strong>Jean-Yves Lacaugiraud (Syndicat Intercommunal d'Energies de la Marne)<\/strong>\r\n\r\n<a href=\"https:\/\/www.youtube.com\/embed\/xA5ogC5rakA?rel=0\">Vid\u00e9o<\/a>\r\n\r\nExemple de sollicitation du fond FEDER par la FDEA pour le g\u00e9or\u00e9f\u00e9rencement des r\u00e9seaux en classe A <strong>Thomas Carbon et Marc Schneider (F\u00e9d\u00e9ration D\u00e9partementale Energies des Ardennes)<\/strong>\r\n\r\n<a href=\"https:\/\/www.youtube.com\/embed\/oY16p94Y340?rel=0\">Vid\u00e9o<\/a>\r\n<div class=\"field-label\">Document (lien):<\/div>\r\n<div class=\"field-items\">\r\n<div class=\"field-item even\"><a href=\"https:\/\/www.datagrandest.fr\/public\/webinar\/webinar-20220407\/WEBINAIRE_FEDER_Complet.mp4\" target=\"_blank\" rel=\"noopener\">Aide financi\u00e8re pour dynamiser la production de donn\u00e9es ouvertes (Webinaire complet))<\/a><\/div>\r\n<div class=\"field-item odd\"><a href=\"https:\/\/www.datagrandest.fr\/public\/webinar\/webinar-20220407\/1-DGE_Webinaire_20220407_FEDER_ARI.mp4\" target=\"_blank\" rel=\"noopener\">Pr\u00e9sentation et proc\u00e9dure du dispositif d\u2019aide au financement de donn\u00e9es (Vid\u00e9o)<\/a><\/div>\r\n<div class=\"field-item even\"><a href=\"https:\/\/www.datagrandest.fr\/public\/webinar\/webinar-20220407\/2_DGE_Webinaire_20220422_SIEM51_V2.mp4\" target=\"_blank\" rel=\"noopener\">Exemple de sollicitation du fond FEDER par le SIEM51 pour la r\u00e9alisation d'un PCRS d\u00e9partemental (Vid\u00e9o)<\/a><\/div>\r\n<div class=\"field-item odd\"><a href=\"https:\/\/www.datagrandest.fr\/public\/webinar\/webinar-20220407\/3_DGE_Webinaire_20220422_FDEA08.mp4\" target=\"_blank\" rel=\"noopener\">Exemple de sollicitation du fond FEDER par la FDEA pour le g\u00e9or\u00e9f\u00e9rencement des r\u00e9seaux en classe A (Vid\u00e9o)<\/a><\/div>\r\n<\/div>","eve_animation":true,"glo_image":"","glo_intro":"","glo_car_surcharge_titre":"","glo_car_surcharge_lien":""},"yoast_head":"<!-- This site is optimized with the Yoast SEO plugin v27.4 - https:\/\/yoast.com\/product\/yoast-seo-wordpress\/ -->\n<title>Soutien financier \u00e0 l\u2019acquisition, production et partage de donn\u00e9es - DataGrandEst<\/title>\n<meta name=\"robots\" content=\"index, follow, max-snippet:-1, max-image-preview:large, max-video-preview:-1\" \/>\n<link rel=\"canonical\" href=\"https:\/\/www.datagrandest.fr\/site\/evenement\/soutien-financier-a-lacquisition-production-et-partage-de-donnees\/\" \/>\n<meta property=\"og:locale\" content=\"fr_FR\" \/>\n<meta property=\"og:type\" content=\"article\" \/>\n<meta property=\"og:title\" content=\"Soutien financier \u00e0 l\u2019acquisition, production et partage de donn\u00e9es - DataGrandEst\" \/>\n<meta property=\"og:url\" content=\"https:\/\/www.datagrandest.fr\/site\/evenement\/soutien-financier-a-lacquisition-production-et-partage-de-donnees\/\" \/>\n<meta property=\"og:site_name\" content=\"DataGrandEst\" \/>\n<meta property=\"article:modified_time\" content=\"2026-03-30T07:42:54+00:00\" \/>\n<meta name=\"twitter:card\" content=\"summary_large_image\" \/>\n<meta name=\"twitter:label1\" content=\"Dur\u00e9e de lecture estim\u00e9e\" \/>\n\t<meta name=\"twitter:data1\" content=\"2 minutes\" \/>\n<script type=\"application\/ld+json\" class=\"yoast-schema-graph\">{\"@context\":\"https:\\\/\\\/schema.org\",\"@graph\":[{\"@type\":\"WebPage\",\"@id\":\"https:\\\/\\\/www.datagrandest.fr\\\/site\\\/evenement\\\/soutien-financier-a-lacquisition-production-et-partage-de-donnees\\\/\",\"url\":\"https:\\\/\\\/www.datagrandest.fr\\\/site\\\/evenement\\\/soutien-financier-a-lacquisition-production-et-partage-de-donnees\\\/\",\"name\":\"Soutien financier \u00e0 l\u2019acquisition, production et partage de donn\u00e9es - DataGrandEst\",\"isPartOf\":{\"@id\":\"https:\\\/\\\/www.datagrandest.fr\\\/site\\\/#website\"},\"datePublished\":\"2026-01-11T05:22:35+00:00\",\"dateModified\":\"2026-03-30T07:42:54+00:00\",\"breadcrumb\":{\"@id\":\"https:\\\/\\\/www.datagrandest.fr\\\/site\\\/evenement\\\/soutien-financier-a-lacquisition-production-et-partage-de-donnees\\\/#breadcrumb\"},\"inLanguage\":\"fr-FR\",\"potentialAction\":[{\"@type\":\"ReadAction\",\"target\":[\"https:\\\/\\\/www.datagrandest.fr\\\/site\\\/evenement\\\/soutien-financier-a-lacquisition-production-et-partage-de-donnees\\\/\"]}]},{\"@type\":\"BreadcrumbList\",\"@id\":\"https:\\\/\\\/www.datagrandest.fr\\\/site\\\/evenement\\\/soutien-financier-a-lacquisition-production-et-partage-de-donnees\\\/#breadcrumb\",\"itemListElement\":[{\"@type\":\"ListItem\",\"position\":1,\"name\":\"Accueil\",\"item\":\"https:\\\/\\\/www.datagrandest.fr\\\/site\\\/\"},{\"@type\":\"ListItem\",\"position\":2,\"name\":\"\u00c9v\u00e9nements\",\"item\":\"https:\\\/\\\/www.datagrandest.fr\\\/site\\\/evenement\\\/\"},{\"@type\":\"ListItem\",\"position\":3,\"name\":\"Soutien financier \u00e0 l\u2019acquisition, production et partage de donn\u00e9es\"}]},{\"@type\":\"WebSite\",\"@id\":\"https:\\\/\\\/www.datagrandest.fr\\\/site\\\/#website\",\"url\":\"https:\\\/\\\/www.datagrandest.fr\\\/site\\\/\",\"name\":\"DataGrandEst\",\"description\":\"\",\"potentialAction\":[{\"@type\":\"SearchAction\",\"target\":{\"@type\":\"EntryPoint\",\"urlTemplate\":\"https:\\\/\\\/www.datagrandest.fr\\\/site\\\/?s={search_term_string}\"},\"query-input\":{\"@type\":\"PropertyValueSpecification\",\"valueRequired\":true,\"valueName\":\"search_term_string\"}}],\"inLanguage\":\"fr-FR\"}]}<\/script>\n<!-- \/ Yoast SEO plugin. -->","yoast_head_json":{"title":"Soutien financier \u00e0 l\u2019acquisition, production et partage de donn\u00e9es - DataGrandEst","robots":{"index":"index","follow":"follow","max-snippet":"max-snippet:-1","max-image-preview":"max-image-preview:large","max-video-preview":"max-video-preview:-1"},"canonical":"https:\/\/www.datagrandest.fr\/site\/evenement\/soutien-financier-a-lacquisition-production-et-partage-de-donnees\/","og_locale":"fr_FR","og_type":"article","og_title":"Soutien financier \u00e0 l\u2019acquisition, production et partage de donn\u00e9es - DataGrandEst","og_url":"https:\/\/www.datagrandest.fr\/site\/evenement\/soutien-financier-a-lacquisition-production-et-partage-de-donnees\/","og_site_name":"DataGrandEst","article_modified_time":"2026-03-30T07:42:54+00:00","twitter_card":"summary_large_image","twitter_misc":{"Dur\u00e9e de lecture estim\u00e9e":"2 minutes"},"schema":{"@context":"https:\/\/schema.org","@graph":[{"@type":"WebPage","@id":"https:\/\/www.datagrandest.fr\/site\/evenement\/soutien-financier-a-lacquisition-production-et-partage-de-donnees\/","url":"https:\/\/www.datagrandest.fr\/site\/evenement\/soutien-financier-a-lacquisition-production-et-partage-de-donnees\/","name":"Soutien financier \u00e0 l\u2019acquisition, production et partage de donn\u00e9es - DataGrandEst","isPartOf":{"@id":"https:\/\/www.datagrandest.fr\/site\/#website"},"datePublished":"2026-01-11T05:22:35+00:00","dateModified":"2026-03-30T07:42:54+00:00","breadcrumb":{"@id":"https:\/\/www.datagrandest.fr\/site\/evenement\/soutien-financier-a-lacquisition-production-et-partage-de-donnees\/#breadcrumb"},"inLanguage":"fr-FR","potentialAction":[{"@type":"ReadAction","target":["https:\/\/www.datagrandest.fr\/site\/evenement\/soutien-financier-a-lacquisition-production-et-partage-de-donnees\/"]}]},{"@type":"BreadcrumbList","@id":"https:\/\/www.datagrandest.fr\/site\/evenement\/soutien-financier-a-lacquisition-production-et-partage-de-donnees\/#breadcrumb","itemListElement":[{"@type":"ListItem","position":1,"name":"Accueil","item":"https:\/\/www.datagrandest.fr\/site\/"},{"@type":"ListItem","position":2,"name":"\u00c9v\u00e9nements","item":"https:\/\/www.datagrandest.fr\/site\/evenement\/"},{"@type":"ListItem","position":3,"name":"Soutien financier \u00e0 l\u2019acquisition, production et partage de donn\u00e9es"}]},{"@type":"WebSite","@id":"https:\/\/www.datagrandest.fr\/site\/#website","url":"https:\/\/www.datagrandest.fr\/site\/","name":"DataGrandEst","description":"","potentialAction":[{"@type":"SearchAction","target":{"@type":"EntryPoint","urlTemplate":"https:\/\/www.datagrandest.fr\/site\/?s={search_term_string}"},"query-input":{"@type":"PropertyValueSpecification","valueRequired":true,"valueName":"search_term_string"}}],"inLanguage":"fr-FR"}]}},"_links":{"self":[{"href":"https:\/\/www.datagrandest.fr\/site\/wp-json\/wp\/v2\/evenement\/3523","targetHints":{"allow":["GET"]}}],"collection":[{"href":"https:\/\/www.datagrandest.fr\/site\/wp-json\/wp\/v2\/evenement"}],"about":[{"href":"https:\/\/www.datagrandest.fr\/site\/wp-json\/wp\/v2\/types\/evenement"}],"version-history":[{"count":1,"href":"https:\/\/www.datagrandest.fr\/site\/wp-json\/wp\/v2\/evenement\/3523\/revisions"}],"predecessor-version":[{"id":3524,"href":"https:\/\/www.datagrandest.fr\/site\/wp-json\/wp\/v2\/evenement\/3523\/revisions\/3524"}],"wp:attachment":[{"href":"https:\/\/www.datagrandest.fr\/site\/wp-json\/wp\/v2\/media?parent=3523"}],"wp:term":[{"taxonomy":"periode","embeddable":true,"href":"https:\/\/www.datagrandest.fr\/site\/wp-json\/wp\/v2\/periode?post=3523"},{"taxonomy":"source","embeddable":true,"href":"https:\/\/www.datagrandest.fr\/site\/wp-json\/wp\/v2\/source?post=3523"},{"taxonomy":"thematique_globale","embeddable":true,"href":"https:\/\/www.datagrandest.fr\/site\/wp-json\/wp\/v2\/thematique_globale?post=3523"},{"taxonomy":"type_evenement","embeddable":true,"href":"https:\/\/www.datagrandest.fr\/site\/wp-json\/wp\/v2\/type_evenement?post=3523"}],"curies":[{"name":"wp","href":"https:\/\/api.w.org\/{rel}","templated":true}]}}